{"id":23499,"date":"2022-12-23T13:15:16","date_gmt":"2022-12-23T12:15:16","guid":{"rendered":"https:\/\/rinconeducativo.org\/?post_type=re_visita&#038;p=23499"},"modified":"2025-01-09T12:39:38","modified_gmt":"2025-01-09T11:39:38","slug":"visita-virtual-instituto-tecnologico-energias-renovables-espana","status":"publish","type":"re_visita","link":"https:\/\/rinconeducativo.org\/es\/visitas\/visita-virtual-instituto-tecnologico-energias-renovables-espana\/","title":{"rendered":"Visita Virtual: Instituto Tecnol\u00f3gico y de Energ\u00edas Renovables (Espa\u00f1a)"},"content":{"rendered":"\n<p>El <a href=\"https:\/\/www.iter.es\/\" target=\"_blank\" rel=\"noreferrer noopener\">Instituto Tecnol\u00f3gico y de Energ\u00edas Renovables (ITER)<\/a> es un centro de investigaci\u00f3n sobre energ\u00edas renovables, ingenier\u00eda, telecomunciaciones, medio ambiente y gen\u00f3mica.<\/p>\n\n\n\n<p>En su visita virtual, se puede ver:<\/p>\n\n\n\n<ul class=\"wp-block-list\">\n<li><strong>Laboratoiro de Fotovoltaica<\/strong><\/li>\n\n\n\n<li><strong>Paseo de Energ\u00edas Renovables<\/strong>: Instalaci\u00f3n divulgativa cuyo objetivo fundamental es dar a conocer al p\u00fablico las energ\u00edas renovables y conceptos relacionados con ellas, tales como el ahorro energ\u00e9tico y la utilizaci\u00f3n racional de recursos, todo ello amparado en el entorno que proporciona el complejo de instalaciones del ITER.<\/li>\n<\/ul>\n\n\n<div class=\"wp-block-image\">\n<figure class=\"aligncenter size-full\"><img loading=\"lazy\" decoding=\"async\" width=\"1100\" height=\"500\" src=\"https:\/\/rinconeducativo.org\/wp-content\/uploads\/2023\/09\/Instituto_EERR_Espana.jpg\" alt=\"\" class=\"wp-image-26942\" srcset=\"https:\/\/rinconeducativo.org\/wp-content\/uploads\/2023\/09\/Instituto_EERR_Espana.jpg 1100w, https:\/\/rinconeducativo.org\/wp-content\/uploads\/2023\/09\/Instituto_EERR_Espana-500x227.jpg 500w, https:\/\/rinconeducativo.org\/wp-content\/uploads\/2023\/09\/Instituto_EERR_Espana-768x349.jpg 768w\" sizes=\"auto, (max-width: 1100px) 100vw, 1100px\" \/><\/figure>\n<\/div>\n\n\n<h2 class=\"wp-block-heading\">Visita<\/h2>\n\n\n\n<p>Hay dos opciones, una es solicitar una visita personalizada y otra realizada de forma independiente:<\/p>\n\n\n\n<ol class=\"wp-block-list\">\n<li><strong>Visita personalizada<\/strong>:<\/li>\n<\/ol>\n\n\n\n<ul class=\"wp-block-list\">\n<li>Gratuita<\/li>\n\n\n\n<li>Guiadas<\/li>\n\n\n\n<li>Duraci\u00f3n: 1h<\/li>\n\n\n\n<li>Plataforma utilizada: Google Meet<\/li>\n\n\n\n<li>Requerimientos: Ordenador con aduio y v\u00eddeo y conexi\u00f3n a internet<\/li>\n\n\n\n<li>Para grupos educativos a partir de 5\u00ba de primaria<\/li>\n\n\n\n<li>N\u00famero m\u00e1ximo de visitantes por grupo: 50 personas<\/li>\n\n\n\n<li>Horario: Lunesa a Viernes, de 9.45h a 12.00h (se puede adaptar horario previa consulta).<\/li>\n\n\n\n<li><a href=\"https:\/\/www.iter.es\/wp-content\/uploads\/2019\/04\/mapa-iter-2.pdf\" target=\"_blank\" rel=\"noreferrer noopener\">Mapa de las instalaciones<\/a><\/li>\n\n\n\n<li><a href=\"https:\/\/www.iter.es\/wp-content\/uploads\/2015\/12\/caracteristicas-de-la-visita.pdf\" target=\"_blank\" rel=\"noreferrer noopener\">Caracter\u00edsticas de las visitas<\/a><\/li>\n<\/ul>\n\n\n\n<p><strong>2. Visita individual<\/strong>:<\/p>\n\n\n\n<p><strong>Paseo de Energ\u00edas Renovables: <\/strong>Este tour virtual ha sido desarrollado en el marco del&nbsp;<a href=\"https:\/\/www.iter.es\/portfolio-items\/sosturmac\/\" target=\"_blank\" rel=\"noreferrer noopener\">proyecto SOSTURMAC<\/a>, co-financiado por el Programa de Cooperaci\u00f3n Territorial Interreg Madeira-Azores-Canarias (MAC) 2014-2020 (1\u00aa Convocatoria). Eje Prioritario 4 \u2013 Conservar y Proteger.<\/p>\n\n\n\n<figure class=\"wp-block-image size-full\"><a href=\"https:\/\/www.iter.es\/tour-virtual\/\" target=\"_blank\" rel=\"noreferrer noopener\"><img loading=\"lazy\" decoding=\"async\" width=\"1200\" height=\"695\" src=\"https:\/\/rinconeducativo.org\/wp-content\/uploads\/2022\/12\/Virtual_Iter_Renovables.jpg\" alt=\"\" class=\"wp-image-23502\" srcset=\"https:\/\/rinconeducativo.org\/wp-content\/uploads\/2022\/12\/Virtual_Iter_Renovables.jpg 1200w, https:\/\/rinconeducativo.org\/wp-content\/uploads\/2022\/12\/Virtual_Iter_Renovables-500x290.jpg 500w, https:\/\/rinconeducativo.org\/wp-content\/uploads\/2022\/12\/Virtual_Iter_Renovables-768x445.jpg 768w\" sizes=\"auto, (max-width: 1200px) 100vw, 1200px\" \/><\/a><\/figure>\n\n\n\n<p><strong>Laboratorio de Fotovoltaica o SiCell Lab<\/strong>: Es una infraestructura cient\u00edfico-tecnol\u00f3gica de vanguardia concebida para contribuir al desarrollo y fortalecimiento de nuevas t\u00e9cnicas de fabricaci\u00f3n de c\u00e9lulas fotovoltaicas basadas en silicio cristalino y nuevos materiales.<\/p>\n\n\n\n<p>Visita esta infraestructura cient\u00edfico-t\u00e9cnica del ITER gracias a esta herramienta did\u00e1ctica virtual desarrollada en el marco del proyecto MACLAB-PV \u201cMejora de capacidades e infraestructuras de I+D+i en el sector de las energ\u00edas renovables y la eficiencia energ\u00e9tica de Canarias y Senegal\u201d, co-financiado por el Programa INTERREG MAC 2014-2020.<\/p>\n\n\n\n<figure class=\"wp-block-image size-full\"><a href=\"https:\/\/www.iter.es\/tour-virtual\/\" target=\"_blank\" rel=\"noreferrer noopener\"><img loading=\"lazy\" decoding=\"async\" width=\"1200\" height=\"694\" src=\"https:\/\/rinconeducativo.org\/wp-content\/uploads\/2022\/12\/Virtual_Lab_Iter_Renovables.jpg\" alt=\"\" class=\"wp-image-23504\" srcset=\"https:\/\/rinconeducativo.org\/wp-content\/uploads\/2022\/12\/Virtual_Lab_Iter_Renovables.jpg 1200w, https:\/\/rinconeducativo.org\/wp-content\/uploads\/2022\/12\/Virtual_Lab_Iter_Renovables-500x289.jpg 500w, https:\/\/rinconeducativo.org\/wp-content\/uploads\/2022\/12\/Virtual_Lab_Iter_Renovables-768x444.jpg 768w\" sizes=\"auto, (max-width: 1200px) 100vw, 1200px\" \/><\/a><\/figure>\n\n\n\n<h2 class=\"wp-block-heading\">C\u00f3mo realizar la visita<\/h2>\n\n\n\n<p>En caso de una visita personalizada, debe ponerse en contacto con los responsables a trav\u00e9s del correo electr\u00f3nico: visitas@iter.es o reservar la visita en el siguiente <a href=\"https:\/\/www.iter.es\/visitas\/\" target=\"_blank\" rel=\"noreferrer noopener\">calendario<\/a>.<\/p>\n\n\n\n<p>Para m\u00e1s informaci\u00f3n: <a href=\"https:\/\/www.iter.es\/visitas\/\" target=\"_blank\" rel=\"noreferrer noopener\">ITER<\/a><\/p>\n\n\n\n<h2 class=\"wp-block-heading\">Localizaci\u00f3n<\/h2>\n\n\n\n<p>Instituto Tecnol\u00f3gico y de Energ\u00edas Renovables \u2013 ITER S.A.<br>Pol\u00edgono Industrial de Granadilla, s\/n<br>38600 \u2013 Granadilla de Abona<br>Santa Cruz de Tenerife \u2013 Espa\u00f1a<br>&nbsp;(+34) 922-747-700<br>&nbsp;(+34) 922-747-701<br>&nbsp;<a>se.reti@noisufid<\/a><\/p>\n","protected":false},"excerpt":{"rendered":"<p>Instituto Tecnol\u00f3gico y de Energ\u00edas Renovables (ITER) en Espa\u00f1a<\/p>\n","protected":false},"author":1088,"featured_media":26942,"template":"","meta":{"_acf_changed":false},"tags":[5987],"provincia":[8265],"tipo_instalacion":[7079,7918],"tipo_visita":[7242,7243],"class_list":["post-23499","re_visita","type-re_visita","status-publish","has-post-thumbnail","hentry","tag-energia-renovable","provincia-islas-canarias","tipo_instalacion-centros-de-informacion","tipo_instalacion-instalaciones-cientificas","tipo_visita-presencial","tipo_visita-virtual"],"acf":[],"yoast_head":"<!-- This site is optimized with the Yoast SEO plugin v26.8 - https:\/\/yoast.com\/product\/yoast-seo-wordpress\/ -->\n<title>Visita Virtual: Instituto Tecnol\u00f3gico y de Energ\u00edas Renovables (Espa\u00f1a) - Rinc\u00f3n educativo<\/title>\n<meta name=\"robots\" content=\"index, follow, max-snippet:-1, max-image-preview:large, max-video-preview:-1\" \/>\n<link rel=\"canonical\" href=\"https:\/\/rinconeducativo.org\/es\/visitas\/visita-virtual-instituto-tecnologico-energias-renovables-espana\/\" \/>\n<meta property=\"og:locale\" content=\"es_ES\" \/>\n<meta property=\"og:type\" content=\"article\" \/>\n<meta property=\"og:title\" content=\"Visita Virtual: Instituto Tecnol\u00f3gico y de Energ\u00edas Renovables (Espa\u00f1a) - Rinc\u00f3n educativo\" \/>\n<meta property=\"og:description\" content=\"Instituto Tecnol\u00f3gico y de Energ\u00edas Renovables (ITER) en Espa\u00f1a\" \/>\n<meta property=\"og:url\" content=\"https:\/\/rinconeducativo.org\/es\/visitas\/visita-virtual-instituto-tecnologico-energias-renovables-espana\/\" \/>\n<meta property=\"og:site_name\" content=\"Rinc\u00f3n educativo\" \/>\n<meta property=\"article:modified_time\" content=\"2025-01-09T11:39:38+00:00\" \/>\n<meta property=\"og:image\" content=\"https:\/\/rinconeducativo.org\/wp-content\/uploads\/2023\/09\/Instituto_EERR_Espana.jpg\" \/>\n\t<meta property=\"og:image:width\" content=\"1100\" \/>\n\t<meta property=\"og:image:height\" content=\"500\" \/>\n\t<meta property=\"og:image:type\" content=\"image\/jpeg\" \/>\n<meta name=\"twitter:card\" content=\"summary_large_image\" \/>\n<script type=\"application\/ld+json\" class=\"yoast-schema-graph\">{\"@context\":\"https:\/\/schema.org\",\"@graph\":[{\"@type\":\"WebPage\",\"@id\":\"https:\/\/rinconeducativo.org\/es\/visitas\/visita-virtual-instituto-tecnologico-energias-renovables-espana\/\",\"url\":\"https:\/\/rinconeducativo.org\/es\/visitas\/visita-virtual-instituto-tecnologico-energias-renovables-espana\/\",\"name\":\"Visita Virtual: Instituto Tecnol\u00f3gico y de Energ\u00edas Renovables (Espa\u00f1a) - Rinc\u00f3n educativo\",\"isPartOf\":{\"@id\":\"https:\/\/rinconeducativo.org\/es\/#website\"},\"primaryImageOfPage\":{\"@id\":\"https:\/\/rinconeducativo.org\/es\/visitas\/visita-virtual-instituto-tecnologico-energias-renovables-espana\/#primaryimage\"},\"image\":{\"@id\":\"https:\/\/rinconeducativo.org\/es\/visitas\/visita-virtual-instituto-tecnologico-energias-renovables-espana\/#primaryimage\"},\"thumbnailUrl\":\"https:\/\/rinconeducativo.org\/wp-content\/uploads\/2023\/09\/Instituto_EERR_Espana.jpg\",\"datePublished\":\"2022-12-23T12:15:16+00:00\",\"dateModified\":\"2025-01-09T11:39:38+00:00\",\"breadcrumb\":{\"@id\":\"https:\/\/rinconeducativo.org\/es\/visitas\/visita-virtual-instituto-tecnologico-energias-renovables-espana\/#breadcrumb\"},\"inLanguage\":\"es\",\"potentialAction\":[{\"@type\":\"ReadAction\",\"target\":[\"https:\/\/rinconeducativo.org\/es\/visitas\/visita-virtual-instituto-tecnologico-energias-renovables-espana\/\"]}]},{\"@type\":\"ImageObject\",\"inLanguage\":\"es\",\"@id\":\"https:\/\/rinconeducativo.org\/es\/visitas\/visita-virtual-instituto-tecnologico-energias-renovables-espana\/#primaryimage\",\"url\":\"https:\/\/rinconeducativo.org\/wp-content\/uploads\/2023\/09\/Instituto_EERR_Espana.jpg\",\"contentUrl\":\"https:\/\/rinconeducativo.org\/wp-content\/uploads\/2023\/09\/Instituto_EERR_Espana.jpg\",\"width\":1100,\"height\":500,\"caption\":\"Instituto Tecnol\u00f3gico de Energ\u00edas Renovables (ITER), Espa\u00f1a\"},{\"@type\":\"BreadcrumbList\",\"@id\":\"https:\/\/rinconeducativo.org\/es\/visitas\/visita-virtual-instituto-tecnologico-energias-renovables-espana\/#breadcrumb\",\"itemListElement\":[{\"@type\":\"ListItem\",\"position\":1,\"name\":\"Portada\",\"item\":\"https:\/\/rinconeducativo.org\/es\/\"},{\"@type\":\"ListItem\",\"position\":2,\"name\":\"Visits\",\"item\":\"https:\/\/rinconeducativo.org\/en\/visits\/\"},{\"@type\":\"ListItem\",\"position\":3,\"name\":\"Visita Virtual: Instituto Tecnol\u00f3gico y de Energ\u00edas Renovables (Espa\u00f1a)\"}]},{\"@type\":\"WebSite\",\"@id\":\"https:\/\/rinconeducativo.org\/es\/#website\",\"url\":\"https:\/\/rinconeducativo.org\/es\/\",\"name\":\"Rinc\u00f3n educativo\",\"description\":\"Un proyecto del Foro Nuclear\",\"potentialAction\":[{\"@type\":\"SearchAction\",\"target\":{\"@type\":\"EntryPoint\",\"urlTemplate\":\"https:\/\/rinconeducativo.org\/es\/?s={search_term_string}\"},\"query-input\":{\"@type\":\"PropertyValueSpecification\",\"valueRequired\":true,\"valueName\":\"search_term_string\"}}],\"inLanguage\":\"es\"}]}<\/script>\n<!-- \/ Yoast SEO plugin. -->","yoast_head_json":{"title":"Visita Virtual: Instituto Tecnol\u00f3gico y de Energ\u00edas Renovables (Espa\u00f1a) - Rinc\u00f3n educativo","robots":{"index":"index","follow":"follow","max-snippet":"max-snippet:-1","max-image-preview":"max-image-preview:large","max-video-preview":"max-video-preview:-1"},"canonical":"https:\/\/rinconeducativo.org\/es\/visitas\/visita-virtual-instituto-tecnologico-energias-renovables-espana\/","og_locale":"es_ES","og_type":"article","og_title":"Visita Virtual: Instituto Tecnol\u00f3gico y de Energ\u00edas Renovables (Espa\u00f1a) - Rinc\u00f3n educativo","og_description":"Instituto Tecnol\u00f3gico y de Energ\u00edas Renovables (ITER) en Espa\u00f1a","og_url":"https:\/\/rinconeducativo.org\/es\/visitas\/visita-virtual-instituto-tecnologico-energias-renovables-espana\/","og_site_name":"Rinc\u00f3n educativo","article_modified_time":"2025-01-09T11:39:38+00:00","og_image":[{"width":1100,"height":500,"url":"https:\/\/rinconeducativo.org\/wp-content\/uploads\/2023\/09\/Instituto_EERR_Espana.jpg","type":"image\/jpeg"}],"twitter_card":"summary_large_image","schema":{"@context":"https:\/\/schema.org","@graph":[{"@type":"WebPage","@id":"https:\/\/rinconeducativo.org\/es\/visitas\/visita-virtual-instituto-tecnologico-energias-renovables-espana\/","url":"https:\/\/rinconeducativo.org\/es\/visitas\/visita-virtual-instituto-tecnologico-energias-renovables-espana\/","name":"Visita Virtual: Instituto Tecnol\u00f3gico y de Energ\u00edas Renovables (Espa\u00f1a) - Rinc\u00f3n educativo","isPartOf":{"@id":"https:\/\/rinconeducativo.org\/es\/#website"},"primaryImageOfPage":{"@id":"https:\/\/rinconeducativo.org\/es\/visitas\/visita-virtual-instituto-tecnologico-energias-renovables-espana\/#primaryimage"},"image":{"@id":"https:\/\/rinconeducativo.org\/es\/visitas\/visita-virtual-instituto-tecnologico-energias-renovables-espana\/#primaryimage"},"thumbnailUrl":"https:\/\/rinconeducativo.org\/wp-content\/uploads\/2023\/09\/Instituto_EERR_Espana.jpg","datePublished":"2022-12-23T12:15:16+00:00","dateModified":"2025-01-09T11:39:38+00:00","breadcrumb":{"@id":"https:\/\/rinconeducativo.org\/es\/visitas\/visita-virtual-instituto-tecnologico-energias-renovables-espana\/#breadcrumb"},"inLanguage":"es","potentialAction":[{"@type":"ReadAction","target":["https:\/\/rinconeducativo.org\/es\/visitas\/visita-virtual-instituto-tecnologico-energias-renovables-espana\/"]}]},{"@type":"ImageObject","inLanguage":"es","@id":"https:\/\/rinconeducativo.org\/es\/visitas\/visita-virtual-instituto-tecnologico-energias-renovables-espana\/#primaryimage","url":"https:\/\/rinconeducativo.org\/wp-content\/uploads\/2023\/09\/Instituto_EERR_Espana.jpg","contentUrl":"https:\/\/rinconeducativo.org\/wp-content\/uploads\/2023\/09\/Instituto_EERR_Espana.jpg","width":1100,"height":500,"caption":"Instituto Tecnol\u00f3gico de Energ\u00edas Renovables (ITER), Espa\u00f1a"},{"@type":"BreadcrumbList","@id":"https:\/\/rinconeducativo.org\/es\/visitas\/visita-virtual-instituto-tecnologico-energias-renovables-espana\/#breadcrumb","itemListElement":[{"@type":"ListItem","position":1,"name":"Portada","item":"https:\/\/rinconeducativo.org\/es\/"},{"@type":"ListItem","position":2,"name":"Visits","item":"https:\/\/rinconeducativo.org\/en\/visits\/"},{"@type":"ListItem","position":3,"name":"Visita Virtual: Instituto Tecnol\u00f3gico y de Energ\u00edas Renovables (Espa\u00f1a)"}]},{"@type":"WebSite","@id":"https:\/\/rinconeducativo.org\/es\/#website","url":"https:\/\/rinconeducativo.org\/es\/","name":"Rinc\u00f3n educativo","description":"Un proyecto del Foro Nuclear","potentialAction":[{"@type":"SearchAction","target":{"@type":"EntryPoint","urlTemplate":"https:\/\/rinconeducativo.org\/es\/?s={search_term_string}"},"query-input":{"@type":"PropertyValueSpecification","valueRequired":true,"valueName":"search_term_string"}}],"inLanguage":"es"}]}},"_links":{"self":[{"href":"https:\/\/rinconeducativo.org\/es\/wp-json\/wp\/v2\/re_visita\/23499","targetHints":{"allow":["GET"]}}],"collection":[{"href":"https:\/\/rinconeducativo.org\/es\/wp-json\/wp\/v2\/re_visita"}],"about":[{"href":"https:\/\/rinconeducativo.org\/es\/wp-json\/wp\/v2\/types\/re_visita"}],"author":[{"embeddable":true,"href":"https:\/\/rinconeducativo.org\/es\/wp-json\/wp\/v2\/users\/1088"}],"wp:featuredmedia":[{"embeddable":true,"href":"https:\/\/rinconeducativo.org\/es\/wp-json\/wp\/v2\/media\/26942"}],"wp:attachment":[{"href":"https:\/\/rinconeducativo.org\/es\/wp-json\/wp\/v2\/media?parent=23499"}],"wp:term":[{"taxonomy":"post_tag","embeddable":true,"href":"https:\/\/rinconeducativo.org\/es\/wp-json\/wp\/v2\/tags?post=23499"},{"taxonomy":"provincia","embeddable":true,"href":"https:\/\/rinconeducativo.org\/es\/wp-json\/wp\/v2\/provincia?post=23499"},{"taxonomy":"tipo_instalacion","embeddable":true,"href":"https:\/\/rinconeducativo.org\/es\/wp-json\/wp\/v2\/tipo_instalacion?post=23499"},{"taxonomy":"tipo_visita","embeddable":true,"href":"https:\/\/rinconeducativo.org\/es\/wp-json\/wp\/v2\/tipo_visita?post=23499"}],"curies":[{"name":"wp","href":"https:\/\/api.w.org\/{rel}","templated":true}]}}