{"id":22146,"date":"2022-11-24T10:55:18","date_gmt":"2022-11-24T09:55:18","guid":{"rendered":"https:\/\/rinconeducativo.org\/?post_type=re_visita&#038;p=22146"},"modified":"2025-01-09T12:41:34","modified_gmt":"2025-01-09T11:41:34","slug":"visita-presencial-espacio-enresa-jose-cabrera","status":"publish","type":"re_visita","link":"https:\/\/rinconeducativo.org\/es\/visitas\/visita-presencial-espacio-enresa-jose-cabrera\/","title":{"rendered":"Visita Presencial: Espacio Enresa Jos\u00e9 Cabrera (Espa\u00f1a)"},"content":{"rendered":"\n<p>Los espacios Enresa son centros interactivos en los que se informa de una manera cient\u00edfica pero asequible. Est\u00e1n abiertos a todo tipo de p\u00fablico, aunque sus contenidos est\u00e1n especialmente adaptados para la comunidad de estudiantes. La informaci\u00f3n se presenta en paneles, maquetas y audiovisuales que buscan la participaci\u00f3n del visitante. Adem\u00e1s, las visitas est\u00e1n en todo momento acompa\u00f1adas por personal especializado que resolver\u00e1 todas sus dudas.<\/p>\n\n\n\n<p>Son gratuitos y est\u00e1n abiertos durante todo el a\u00f1o. El \u00fanico requisito es realizar una reserva previa, puesto que las visitas se realizan de manera programada.<\/p>\n\n\n\n<p>Se trata de un espacio temporal ubicado en la central nuclear Jos\u00e9 Cabrera, cuyo desmantelamiento Enresa acomete en la actualidad. Creado para informar a la sociedad acerca de las diferentes fases del proceso, permanecer\u00e1 abierto el tiempo que dure el proyecto.<\/p>\n\n\n\n<p>La exposici\u00f3n muestra la experiencia previa de Enresa en materia de desmantelamiento, las diferentes fases por las que pasar\u00e1 el proyecto y la situaci\u00f3n actual del mismo. Concebido como un desmantelamiento en directo, este centro de informaci\u00f3n funciona como una ventana abierta al visitante. Cuenta con una \"sala de control\" virtual desde la que se pueden visualizar los trabajos en curso.<\/p>\n\n\n<div class=\"wp-block-image\">\n<figure class=\"aligncenter size-full\"><img loading=\"lazy\" decoding=\"async\" width=\"600\" height=\"300\" src=\"https:\/\/rinconeducativo.org\/wp-content\/uploads\/2022\/11\/Espacio_zorita_Enresa.jpg\" alt=\"\" class=\"wp-image-22150\" srcset=\"https:\/\/rinconeducativo.org\/wp-content\/uploads\/2022\/11\/Espacio_zorita_Enresa.jpg 600w, https:\/\/rinconeducativo.org\/wp-content\/uploads\/2022\/11\/Espacio_zorita_Enresa-500x250.jpg 500w\" sizes=\"auto, (max-width: 600px) 100vw, 600px\" \/><\/figure>\n<\/div>\n\n\n<h2 class=\"wp-block-heading\">C\u00f3mo realizar la visita<\/h2>\n\n\n\n<p>Para ello debe ponerse en contacto con los responsables a trav\u00e9s del tel\u00e9fono: +34 625 661 452 o el correo electr\u00f3nico: <a href=\"mailto:cevisjc@enresa.es\">cevisjc@enresa.es<\/a><\/p>\n\n\n\n<p>El Espacio Enresa Jos\u00e9 Cabrera se localiza en la Central Nuclear Jos\u00e9 Cabrera, 19118 Almonacid de Zorita (Guadalajara)<\/p>\n\n\n\n<p>Para m\u00e1s informaci\u00f3n: <a href=\"https:\/\/www.enresa.es\/esp\/inicio\/conozca-enresa\/espacios-enresa\" target=\"_blank\" rel=\"noreferrer noopener\">Espacios Enresa<\/a><\/p>\n","protected":false},"excerpt":{"rendered":"<p>Se trata de un espacio temporal ubicado en la central nuclear Jos\u00e9 Cabrera, cuyo desmantelamiento Enresa acomete en la actualidad. <\/p>\n","protected":false},"author":1088,"featured_media":22150,"template":"","meta":{"_acf_changed":false},"tags":[5695],"provincia":[7053],"tipo_instalacion":[7083],"tipo_visita":[7242],"class_list":["post-22146","re_visita","type-re_visita","status-publish","has-post-thumbnail","hentry","tag-residuos-radiactivos","provincia-castilla-la-mancha-guadalajara","tipo_instalacion-gestion-de-residuos-radiactivos","tipo_visita-presencial"],"acf":[],"yoast_head":"<!-- This site is optimized with the Yoast SEO plugin v26.8 - https:\/\/yoast.com\/product\/yoast-seo-wordpress\/ -->\n<title>Visita Presencial: Espacio Enresa Jos\u00e9 Cabrera (Espa\u00f1a) - Rinc\u00f3n educativo<\/title>\n<meta name=\"robots\" content=\"index, follow, max-snippet:-1, max-image-preview:large, max-video-preview:-1\" \/>\n<link rel=\"canonical\" href=\"https:\/\/rinconeducativo.org\/es\/visitas\/visita-presencial-espacio-enresa-jose-cabrera\/\" \/>\n<meta property=\"og:locale\" content=\"es_ES\" \/>\n<meta property=\"og:type\" content=\"article\" \/>\n<meta property=\"og:title\" content=\"Visita Presencial: Espacio Enresa Jos\u00e9 Cabrera (Espa\u00f1a) - Rinc\u00f3n educativo\" \/>\n<meta property=\"og:description\" content=\"Se trata de un espacio temporal ubicado en la central nuclear Jos\u00e9 Cabrera, cuyo desmantelamiento Enresa acomete en la actualidad.\" \/>\n<meta property=\"og:url\" content=\"https:\/\/rinconeducativo.org\/es\/visitas\/visita-presencial-espacio-enresa-jose-cabrera\/\" \/>\n<meta property=\"og:site_name\" content=\"Rinc\u00f3n educativo\" \/>\n<meta property=\"article:modified_time\" content=\"2025-01-09T11:41:34+00:00\" \/>\n<meta property=\"og:image\" content=\"https:\/\/rinconeducativo.org\/wp-content\/uploads\/2022\/11\/Espacio_zorita_Enresa.jpg\" \/>\n\t<meta property=\"og:image:width\" content=\"600\" \/>\n\t<meta property=\"og:image:height\" content=\"300\" \/>\n\t<meta property=\"og:image:type\" content=\"image\/jpeg\" \/>\n<meta name=\"twitter:card\" content=\"summary_large_image\" \/>\n<script type=\"application\/ld+json\" class=\"yoast-schema-graph\">{\"@context\":\"https:\/\/schema.org\",\"@graph\":[{\"@type\":\"WebPage\",\"@id\":\"https:\/\/rinconeducativo.org\/es\/visitas\/visita-presencial-espacio-enresa-jose-cabrera\/\",\"url\":\"https:\/\/rinconeducativo.org\/es\/visitas\/visita-presencial-espacio-enresa-jose-cabrera\/\",\"name\":\"Visita Presencial: Espacio Enresa Jos\u00e9 Cabrera (Espa\u00f1a) - Rinc\u00f3n educativo\",\"isPartOf\":{\"@id\":\"https:\/\/rinconeducativo.org\/es\/#website\"},\"primaryImageOfPage\":{\"@id\":\"https:\/\/rinconeducativo.org\/es\/visitas\/visita-presencial-espacio-enresa-jose-cabrera\/#primaryimage\"},\"image\":{\"@id\":\"https:\/\/rinconeducativo.org\/es\/visitas\/visita-presencial-espacio-enresa-jose-cabrera\/#primaryimage\"},\"thumbnailUrl\":\"https:\/\/rinconeducativo.org\/wp-content\/uploads\/2022\/11\/Espacio_zorita_Enresa.jpg\",\"datePublished\":\"2022-11-24T09:55:18+00:00\",\"dateModified\":\"2025-01-09T11:41:34+00:00\",\"breadcrumb\":{\"@id\":\"https:\/\/rinconeducativo.org\/es\/visitas\/visita-presencial-espacio-enresa-jose-cabrera\/#breadcrumb\"},\"inLanguage\":\"es\",\"potentialAction\":[{\"@type\":\"ReadAction\",\"target\":[\"https:\/\/rinconeducativo.org\/es\/visitas\/visita-presencial-espacio-enresa-jose-cabrera\/\"]}]},{\"@type\":\"ImageObject\",\"inLanguage\":\"es\",\"@id\":\"https:\/\/rinconeducativo.org\/es\/visitas\/visita-presencial-espacio-enresa-jose-cabrera\/#primaryimage\",\"url\":\"https:\/\/rinconeducativo.org\/wp-content\/uploads\/2022\/11\/Espacio_zorita_Enresa.jpg\",\"contentUrl\":\"https:\/\/rinconeducativo.org\/wp-content\/uploads\/2022\/11\/Espacio_zorita_Enresa.jpg\",\"width\":600,\"height\":300,\"caption\":\"Espacio Enresa Jos\u00e9 Cabrera\"},{\"@type\":\"BreadcrumbList\",\"@id\":\"https:\/\/rinconeducativo.org\/es\/visitas\/visita-presencial-espacio-enresa-jose-cabrera\/#breadcrumb\",\"itemListElement\":[{\"@type\":\"ListItem\",\"position\":1,\"name\":\"Portada\",\"item\":\"https:\/\/rinconeducativo.org\/es\/\"},{\"@type\":\"ListItem\",\"position\":2,\"name\":\"Visits\",\"item\":\"https:\/\/rinconeducativo.org\/en\/visits\/\"},{\"@type\":\"ListItem\",\"position\":3,\"name\":\"Visita Presencial: Espacio Enresa Jos\u00e9 Cabrera (Espa\u00f1a)\"}]},{\"@type\":\"WebSite\",\"@id\":\"https:\/\/rinconeducativo.org\/es\/#website\",\"url\":\"https:\/\/rinconeducativo.org\/es\/\",\"name\":\"Rinc\u00f3n educativo\",\"description\":\"Un proyecto del Foro Nuclear\",\"potentialAction\":[{\"@type\":\"SearchAction\",\"target\":{\"@type\":\"EntryPoint\",\"urlTemplate\":\"https:\/\/rinconeducativo.org\/es\/?s={search_term_string}\"},\"query-input\":{\"@type\":\"PropertyValueSpecification\",\"valueRequired\":true,\"valueName\":\"search_term_string\"}}],\"inLanguage\":\"es\"}]}<\/script>\n<!-- \/ Yoast SEO plugin. -->","yoast_head_json":{"title":"Visita Presencial: Espacio Enresa Jos\u00e9 Cabrera (Espa\u00f1a) - Rinc\u00f3n educativo","robots":{"index":"index","follow":"follow","max-snippet":"max-snippet:-1","max-image-preview":"max-image-preview:large","max-video-preview":"max-video-preview:-1"},"canonical":"https:\/\/rinconeducativo.org\/es\/visitas\/visita-presencial-espacio-enresa-jose-cabrera\/","og_locale":"es_ES","og_type":"article","og_title":"Visita Presencial: Espacio Enresa Jos\u00e9 Cabrera (Espa\u00f1a) - Rinc\u00f3n educativo","og_description":"Se trata de un espacio temporal ubicado en la central nuclear Jos\u00e9 Cabrera, cuyo desmantelamiento Enresa acomete en la actualidad.","og_url":"https:\/\/rinconeducativo.org\/es\/visitas\/visita-presencial-espacio-enresa-jose-cabrera\/","og_site_name":"Rinc\u00f3n educativo","article_modified_time":"2025-01-09T11:41:34+00:00","og_image":[{"width":600,"height":300,"url":"https:\/\/rinconeducativo.org\/wp-content\/uploads\/2022\/11\/Espacio_zorita_Enresa.jpg","type":"image\/jpeg"}],"twitter_card":"summary_large_image","schema":{"@context":"https:\/\/schema.org","@graph":[{"@type":"WebPage","@id":"https:\/\/rinconeducativo.org\/es\/visitas\/visita-presencial-espacio-enresa-jose-cabrera\/","url":"https:\/\/rinconeducativo.org\/es\/visitas\/visita-presencial-espacio-enresa-jose-cabrera\/","name":"Visita Presencial: Espacio Enresa Jos\u00e9 Cabrera (Espa\u00f1a) - Rinc\u00f3n educativo","isPartOf":{"@id":"https:\/\/rinconeducativo.org\/es\/#website"},"primaryImageOfPage":{"@id":"https:\/\/rinconeducativo.org\/es\/visitas\/visita-presencial-espacio-enresa-jose-cabrera\/#primaryimage"},"image":{"@id":"https:\/\/rinconeducativo.org\/es\/visitas\/visita-presencial-espacio-enresa-jose-cabrera\/#primaryimage"},"thumbnailUrl":"https:\/\/rinconeducativo.org\/wp-content\/uploads\/2022\/11\/Espacio_zorita_Enresa.jpg","datePublished":"2022-11-24T09:55:18+00:00","dateModified":"2025-01-09T11:41:34+00:00","breadcrumb":{"@id":"https:\/\/rinconeducativo.org\/es\/visitas\/visita-presencial-espacio-enresa-jose-cabrera\/#breadcrumb"},"inLanguage":"es","potentialAction":[{"@type":"ReadAction","target":["https:\/\/rinconeducativo.org\/es\/visitas\/visita-presencial-espacio-enresa-jose-cabrera\/"]}]},{"@type":"ImageObject","inLanguage":"es","@id":"https:\/\/rinconeducativo.org\/es\/visitas\/visita-presencial-espacio-enresa-jose-cabrera\/#primaryimage","url":"https:\/\/rinconeducativo.org\/wp-content\/uploads\/2022\/11\/Espacio_zorita_Enresa.jpg","contentUrl":"https:\/\/rinconeducativo.org\/wp-content\/uploads\/2022\/11\/Espacio_zorita_Enresa.jpg","width":600,"height":300,"caption":"Espacio Enresa Jos\u00e9 Cabrera"},{"@type":"BreadcrumbList","@id":"https:\/\/rinconeducativo.org\/es\/visitas\/visita-presencial-espacio-enresa-jose-cabrera\/#breadcrumb","itemListElement":[{"@type":"ListItem","position":1,"name":"Portada","item":"https:\/\/rinconeducativo.org\/es\/"},{"@type":"ListItem","position":2,"name":"Visits","item":"https:\/\/rinconeducativo.org\/en\/visits\/"},{"@type":"ListItem","position":3,"name":"Visita Presencial: Espacio Enresa Jos\u00e9 Cabrera (Espa\u00f1a)"}]},{"@type":"WebSite","@id":"https:\/\/rinconeducativo.org\/es\/#website","url":"https:\/\/rinconeducativo.org\/es\/","name":"Rinc\u00f3n educativo","description":"Un proyecto del Foro Nuclear","potentialAction":[{"@type":"SearchAction","target":{"@type":"EntryPoint","urlTemplate":"https:\/\/rinconeducativo.org\/es\/?s={search_term_string}"},"query-input":{"@type":"PropertyValueSpecification","valueRequired":true,"valueName":"search_term_string"}}],"inLanguage":"es"}]}},"_links":{"self":[{"href":"https:\/\/rinconeducativo.org\/es\/wp-json\/wp\/v2\/re_visita\/22146","targetHints":{"allow":["GET"]}}],"collection":[{"href":"https:\/\/rinconeducativo.org\/es\/wp-json\/wp\/v2\/re_visita"}],"about":[{"href":"https:\/\/rinconeducativo.org\/es\/wp-json\/wp\/v2\/types\/re_visita"}],"author":[{"embeddable":true,"href":"https:\/\/rinconeducativo.org\/es\/wp-json\/wp\/v2\/users\/1088"}],"wp:featuredmedia":[{"embeddable":true,"href":"https:\/\/rinconeducativo.org\/es\/wp-json\/wp\/v2\/media\/22150"}],"wp:attachment":[{"href":"https:\/\/rinconeducativo.org\/es\/wp-json\/wp\/v2\/media?parent=22146"}],"wp:term":[{"taxonomy":"post_tag","embeddable":true,"href":"https:\/\/rinconeducativo.org\/es\/wp-json\/wp\/v2\/tags?post=22146"},{"taxonomy":"provincia","embeddable":true,"href":"https:\/\/rinconeducativo.org\/es\/wp-json\/wp\/v2\/provincia?post=22146"},{"taxonomy":"tipo_instalacion","embeddable":true,"href":"https:\/\/rinconeducativo.org\/es\/wp-json\/wp\/v2\/tipo_instalacion?post=22146"},{"taxonomy":"tipo_visita","embeddable":true,"href":"https:\/\/rinconeducativo.org\/es\/wp-json\/wp\/v2\/tipo_visita?post=22146"}],"curies":[{"name":"wp","href":"https:\/\/api.w.org\/{rel}","templated":true}]}}