{"id":21400,"date":"2022-11-02T13:19:39","date_gmt":"2022-11-02T12:19:39","guid":{"rendered":"https:\/\/rinconeducativo.org\/?post_type=re_visita&#038;p=21400"},"modified":"2025-01-09T13:05:40","modified_gmt":"2025-01-09T12:05:40","slug":"centro-tratamiento-rsu-pt-valdemingomez","status":"publish","type":"re_visita","link":"https:\/\/rinconeducativo.org\/es\/visitas\/centro-tratamiento-rsu-pt-valdemingomez\/","title":{"rendered":"Visita Virtual: Parque Tecnol\u00f3gico de Valdeming\u00f3mez (Espa\u00f1a)"},"content":{"rendered":"\n<p>El&nbsp;<strong>Parque Tecnol\u00f3gico de Valdeming\u00f3mez<\/strong>, concentra, desde 1978, todas las instalaciones de tratamiento de residuos urbanos de Madrid, a las que llegan las m\u00e1s de 4.000 toneladas que se generan a diario en la cuidad.<\/p>\n\n\n\n<p>Su objetivo esencial es procesar los residuos para aprovechar todo lo que se pueda recuperar de ellos y depositar los residuos no recuperables de forma segura en un vertedero.<\/p>\n\n\n\n<p>Para cumplir este objetivo, sus centros cuentan con una amplia gama de instalaciones con distintas funciones. Estos centros son&nbsp;<strong>Las Lomas<\/strong>,&nbsp;<strong>La Paloma<\/strong>,&nbsp;<strong>Las Dehesas<\/strong>, y&nbsp;<strong>La Galiana<\/strong>, el complejo de&nbsp;<strong>Biometanizaci\u00f3n<\/strong>, adem\u00e1s del&nbsp;<strong>Centro de Visitantes<\/strong>&nbsp;y cinco&nbsp;<strong>instalaciones educativas<\/strong>.<\/p>\n\n\n\n<h2 class=\"wp-block-heading\">Tipolog\u00eda de las visitas<\/h2>\n\n\n\n<p><strong>Visita de estudiantes de primaria (6 a 12 a\u00f1os)<\/strong>:<\/p>\n\n\n\n<ul class=\"wp-block-list\">\n<li>Duraci\u00f3n: 1,5 horas<\/li>\n\n\n\n<li>Grupos: m\u00ednimo 15, m\u00e1ximo 25<\/li>\n\n\n\n<li>Contenido: Breve introducci\u00f3n a la gesti\u00f3n de los residuos en la ciudad de Madrid, funcionamiento del Parque e importancia de la colaboraci\u00f3n ciudadana. Juegos sobre separaci\u00f3n de residuos, h\u00e1bitos sostenibles y compra responsable. La visita se complementa con un taller.<\/li>\n<\/ul>\n\n\n\n<p><strong>Visita de ESO, Bachiller, FP y P\u00fablico general<\/strong>:<\/p>\n\n\n\n<ul class=\"wp-block-list\">\n<li>Duraci\u00f3n: 1,5 horas<\/li>\n\n\n\n<li>Instalaciones a visitar: Centro de visitantes + dos plantas de tratamiento (el orden de visita puede variar seg\u00fan disponibilidad).<\/li>\n\n\n\n<li>Contenido: Recorrido por la exposici\u00f3n permanente del Centro de Visitantes para conocer en detalle c\u00f3mo se realiza la gesti\u00f3n de los residuos de la ciudad de Madrid, visita a las instalaciones que conforman el PTV, su funcionamiento, y la magnitud en la gesti\u00f3n de residuos que realiza, as\u00ed como la vital importancia de la colaboraci\u00f3n y responsabilidad ciudadana. Talleres y juegos interactivos para los estudiantes de ESO y FP. Adem\u00e1s, se har\u00e1 un paseo virtual por las instalaciones del Parque Tecno\u00f3gico con apoyo visual.<\/li>\n<\/ul>\n\n\n\n<p><strong>Visita t\u00e9cnica<\/strong>:<\/p>\n\n\n\n<ul class=\"wp-block-list\">\n<li>Duraci\u00f3n: 1,5 horas<\/li>\n\n\n\n<li>Instalaciones: <em>Seg\u00fan demanda<\/em><\/li>\n\n\n\n<li>Informaci\u00f3n espec\u00edfica y m\u00e1s detallada sobre el Parque Tecnl\u00f3gico de Valdeming\u00f3mez<\/li>\n<\/ul>\n\n\n\n<p><strong>Visita necesidades especiales:<\/strong><\/p>\n\n\n\n<ul class=\"wp-block-list\">\n<li>Duraci\u00f3n: 1,5 horas<\/li>\n\n\n\n<li>Instalaciones: <em>Seg\u00fan demanda<\/em><\/li>\n<\/ul>\n\n\n\n<h2 class=\"wp-block-heading\">C\u00f3mo solicitar una visita<\/h2>\n\n\n\n<p>Para solicitar la visita es necesario contactar telef\u00f3nicamente con la Direcci\u00f3n General del Parque Tecnol\u00f3gico de Valdeming\u00f3mez y consultar las fechas disponibles. La gesti\u00f3n de la visita lleva una serie de tr\u00e1mites, por lo que se deber\u00e1 contactar por tel\u00e9fono con una antelaci\u00f3n m\u00ednima de 15 d\u00edas a la fecha prevista.<\/p>\n\n\n\n<ul class=\"wp-block-list\">\n<li>Las visitas son totalmente gratuitas<\/li>\n\n\n\n<li>Tel\u00e9fono: 91 513 20 62<\/li>\n\n\n\n<li>Email: infoptv@madrid.es<\/li>\n\n\n\n<li>D\u00edas de visita: De lunes a viernes. Cerrado fines de semana, fiestas locales y nacionales.<\/li>\n\n\n\n<li>Horario: De 9:30 a 14.30 horas<\/li>\n\n\n\n<li>Datos que se deber\u00e1n aportar: Tipolog\u00eda de visita que desea realizar; N\u00famero de participantes (m\u00e1ximo 30); Datos de la persona responsable (Nombre, Apellidos, DNI y tel\u00e9fono)<\/li>\n<\/ul>\n\n\n\n<p>Una vez acordada la fecha de visita, le enviaremos una solicitud que tendr\u00e1 que devolver cumplimentada mediante correo electr\u00f3nico. Despu\u00e9s, se le enviar\u00e1 un email de confirmaci\u00f3n con el enlace correspondiente para el comienzo de la actividad. A trav\u00e9s de este enlace, se accede el d\u00eda y la hora establecida a una videollamada para realizar la actividad.<\/p>\n\n\n\n<h2 class=\"wp-block-heading\">Requerimientos t\u00e9cnicos<\/h2>\n\n\n\n<ul class=\"wp-block-list\">\n<li>Cuenta de Gmail para acceder a Google Meet.<\/li>\n\n\n\n<li>Ordenador con c\u00e1mara y micr\u00f3fono disponible.<\/li>\n\n\n\n<li>Equipo de proyecci\u00f3n.<\/li>\n\n\n\n<li>Buena conexi\u00f3n a internet.<\/li>\n<\/ul>\n\n\n\n<p>En el caso de las visitas con centros educativos se requerir\u00e1 la colaboraci\u00f3n de el\/la profesora, ya que se realizar\u00e1n actividades y talleres interactivos.<\/p>\n\n\n\n<p>Para m\u00e1s informaci\u00f3n: <a href=\"https:\/\/www.madrid.es\/portales\/munimadrid\/es\/Inicio\/El-Ayuntamiento\/Parque-Tecnologico-de-Valdemingomez\/Actividades-de-educacion-ambiental\/?vgnextfmt=default&amp;vgnextchannel=3be019d117865210VgnVCM1000000b205a0aRCRD\" target=\"_blank\" rel=\"noreferrer noopener\">Web actividades de educaci\u00f3n ambiental - Parque Tecnol\u00f3gico de Valdeming\u00f3mez<\/a><\/p>\n\n\n<div class=\"wp-block-image\">\n<figure class=\"aligncenter size-full\"><img loading=\"lazy\" decoding=\"async\" width=\"260\" height=\"260\" src=\"https:\/\/rinconeducativo.org\/wp-content\/uploads\/2022\/11\/Visita_PT_valdemingomez.jpg\" alt=\"Parque Tecnol\u00f3gico de Valdemingomez\" class=\"wp-image-21397\" srcset=\"https:\/\/rinconeducativo.org\/wp-content\/uploads\/2022\/11\/Visita_PT_valdemingomez.jpg 260w, https:\/\/rinconeducativo.org\/wp-content\/uploads\/2022\/11\/Visita_PT_valdemingomez-150x150.jpg 150w, https:\/\/rinconeducativo.org\/wp-content\/uploads\/2022\/11\/Visita_PT_valdemingomez-120x120.jpg 120w\" sizes=\"auto, (max-width: 260px) 100vw, 260px\" \/><figcaption class=\"wp-element-caption\">Parque Tecnol\u00f3gico de Valdemingomez<\/figcaption><\/figure>\n<\/div>\n\n\n<h2 class=\"wp-block-heading\">Localizaci\u00f3n<\/h2>\n\n\n\n<p>Centro de visitantes Parque Tecnol\u00f3gico de Valdeming\u00f3mez<br>Ctra. Vertedero Municipal Valdeming\u00f3mez, s\/n<br>28051 Madrid<\/p>\n\n\n\n<div class=\"wp-block-buttons is-layout-flex wp-block-buttons-is-layout-flex\">\n<div class=\"wp-block-button alignleft has-custom-font-size is-style-fill has-small-font-size\"><a class=\"wp-block-button__link has-background wp-element-button\" href=\"https:\/\/rinconeducativo.org\/es\/visitas\/centro-rsu-pt-valdemingomez\/\" style=\"background-color:#0072cf\" target=\"_blank\" rel=\"noreferrer noopener\">HAZ CLIC AQU\u00cd PARA REALIZAR LA VISITA PRESENCIAL<\/a><\/div>\n<\/div>\n","protected":false},"excerpt":{"rendered":"<p>l\u00a0Parque Tecnol\u00f3gico de Valdeming\u00f3mez, concentra, desde 1978, todas las instalaciones de tratamiento de residuos urbanos de Madrid, a las que llegan las m\u00e1s de 4.000 toneladas que se generan a diario en la cuidad.<\/p>\n","protected":false},"author":1088,"featured_media":21397,"template":"","meta":{"_acf_changed":false},"tags":[5742],"provincia":[7054],"tipo_instalacion":[7073],"tipo_visita":[7243],"class_list":["post-21400","re_visita","type-re_visita","status-publish","has-post-thumbnail","hentry","tag-medio-ambiente","provincia-madrid","tipo_instalacion-centrales-de-biomasa-o-de-residuos-solidos-urbanos","tipo_visita-virtual"],"acf":[],"yoast_head":"<!-- This site is optimized with the Yoast SEO plugin v26.8 - https:\/\/yoast.com\/product\/yoast-seo-wordpress\/ -->\n<title>Visita Virtual: Parque Tecnol\u00f3gico de Valdeming\u00f3mez (Espa\u00f1a) - Rinc\u00f3n educativo<\/title>\n<meta name=\"robots\" content=\"index, follow, max-snippet:-1, max-image-preview:large, max-video-preview:-1\" \/>\n<link rel=\"canonical\" href=\"https:\/\/rinconeducativo.org\/es\/visitas\/centro-tratamiento-rsu-pt-valdemingomez\/\" \/>\n<meta property=\"og:locale\" content=\"es_ES\" \/>\n<meta property=\"og:type\" content=\"article\" \/>\n<meta property=\"og:title\" content=\"Visita Virtual: Parque Tecnol\u00f3gico de Valdeming\u00f3mez (Espa\u00f1a) - Rinc\u00f3n educativo\" \/>\n<meta property=\"og:description\" content=\"l\u00a0Parque Tecnol\u00f3gico de Valdeming\u00f3mez, concentra, desde 1978, todas las instalaciones de tratamiento de residuos urbanos de Madrid, a las que llegan las m\u00e1s de 4.000 toneladas que se generan a diario en la cuidad.\" \/>\n<meta property=\"og:url\" content=\"https:\/\/rinconeducativo.org\/es\/visitas\/centro-tratamiento-rsu-pt-valdemingomez\/\" \/>\n<meta property=\"og:site_name\" content=\"Rinc\u00f3n educativo\" \/>\n<meta property=\"article:modified_time\" content=\"2025-01-09T12:05:40+00:00\" \/>\n<meta property=\"og:image\" content=\"https:\/\/rinconeducativo.org\/wp-content\/uploads\/2022\/11\/Visita_PT_valdemingomez.jpg\" \/>\n\t<meta property=\"og:image:width\" content=\"260\" \/>\n\t<meta property=\"og:image:height\" content=\"260\" \/>\n\t<meta property=\"og:image:type\" content=\"image\/jpeg\" \/>\n<meta name=\"twitter:card\" content=\"summary_large_image\" \/>\n<script type=\"application\/ld+json\" class=\"yoast-schema-graph\">{\"@context\":\"https:\/\/schema.org\",\"@graph\":[{\"@type\":\"WebPage\",\"@id\":\"https:\/\/rinconeducativo.org\/es\/visitas\/centro-tratamiento-rsu-pt-valdemingomez\/\",\"url\":\"https:\/\/rinconeducativo.org\/es\/visitas\/centro-tratamiento-rsu-pt-valdemingomez\/\",\"name\":\"Visita Virtual: Parque Tecnol\u00f3gico de Valdeming\u00f3mez (Espa\u00f1a) - Rinc\u00f3n educativo\",\"isPartOf\":{\"@id\":\"https:\/\/rinconeducativo.org\/es\/#website\"},\"primaryImageOfPage\":{\"@id\":\"https:\/\/rinconeducativo.org\/es\/visitas\/centro-tratamiento-rsu-pt-valdemingomez\/#primaryimage\"},\"image\":{\"@id\":\"https:\/\/rinconeducativo.org\/es\/visitas\/centro-tratamiento-rsu-pt-valdemingomez\/#primaryimage\"},\"thumbnailUrl\":\"https:\/\/rinconeducativo.org\/wp-content\/uploads\/2022\/11\/Visita_PT_valdemingomez.jpg\",\"datePublished\":\"2022-11-02T12:19:39+00:00\",\"dateModified\":\"2025-01-09T12:05:40+00:00\",\"breadcrumb\":{\"@id\":\"https:\/\/rinconeducativo.org\/es\/visitas\/centro-tratamiento-rsu-pt-valdemingomez\/#breadcrumb\"},\"inLanguage\":\"es\",\"potentialAction\":[{\"@type\":\"ReadAction\",\"target\":[\"https:\/\/rinconeducativo.org\/es\/visitas\/centro-tratamiento-rsu-pt-valdemingomez\/\"]}]},{\"@type\":\"ImageObject\",\"inLanguage\":\"es\",\"@id\":\"https:\/\/rinconeducativo.org\/es\/visitas\/centro-tratamiento-rsu-pt-valdemingomez\/#primaryimage\",\"url\":\"https:\/\/rinconeducativo.org\/wp-content\/uploads\/2022\/11\/Visita_PT_valdemingomez.jpg\",\"contentUrl\":\"https:\/\/rinconeducativo.org\/wp-content\/uploads\/2022\/11\/Visita_PT_valdemingomez.jpg\",\"width\":260,\"height\":260,\"caption\":\"Parque Tecnol\u00f3gico de Valdemingomez\"},{\"@type\":\"BreadcrumbList\",\"@id\":\"https:\/\/rinconeducativo.org\/es\/visitas\/centro-tratamiento-rsu-pt-valdemingomez\/#breadcrumb\",\"itemListElement\":[{\"@type\":\"ListItem\",\"position\":1,\"name\":\"Portada\",\"item\":\"https:\/\/rinconeducativo.org\/es\/\"},{\"@type\":\"ListItem\",\"position\":2,\"name\":\"Visits\",\"item\":\"https:\/\/rinconeducativo.org\/en\/visits\/\"},{\"@type\":\"ListItem\",\"position\":3,\"name\":\"Visita Virtual: Parque Tecnol\u00f3gico de Valdeming\u00f3mez (Espa\u00f1a)\"}]},{\"@type\":\"WebSite\",\"@id\":\"https:\/\/rinconeducativo.org\/es\/#website\",\"url\":\"https:\/\/rinconeducativo.org\/es\/\",\"name\":\"Rinc\u00f3n educativo\",\"description\":\"Un proyecto del Foro Nuclear\",\"potentialAction\":[{\"@type\":\"SearchAction\",\"target\":{\"@type\":\"EntryPoint\",\"urlTemplate\":\"https:\/\/rinconeducativo.org\/es\/?s={search_term_string}\"},\"query-input\":{\"@type\":\"PropertyValueSpecification\",\"valueRequired\":true,\"valueName\":\"search_term_string\"}}],\"inLanguage\":\"es\"}]}<\/script>\n<!-- \/ Yoast SEO plugin. -->","yoast_head_json":{"title":"Visita Virtual: Parque Tecnol\u00f3gico de Valdeming\u00f3mez (Espa\u00f1a) - Rinc\u00f3n educativo","robots":{"index":"index","follow":"follow","max-snippet":"max-snippet:-1","max-image-preview":"max-image-preview:large","max-video-preview":"max-video-preview:-1"},"canonical":"https:\/\/rinconeducativo.org\/es\/visitas\/centro-tratamiento-rsu-pt-valdemingomez\/","og_locale":"es_ES","og_type":"article","og_title":"Visita Virtual: Parque Tecnol\u00f3gico de Valdeming\u00f3mez (Espa\u00f1a) - Rinc\u00f3n educativo","og_description":"l\u00a0Parque Tecnol\u00f3gico de Valdeming\u00f3mez, concentra, desde 1978, todas las instalaciones de tratamiento de residuos urbanos de Madrid, a las que llegan las m\u00e1s de 4.000 toneladas que se generan a diario en la cuidad.","og_url":"https:\/\/rinconeducativo.org\/es\/visitas\/centro-tratamiento-rsu-pt-valdemingomez\/","og_site_name":"Rinc\u00f3n educativo","article_modified_time":"2025-01-09T12:05:40+00:00","og_image":[{"width":260,"height":260,"url":"https:\/\/rinconeducativo.org\/wp-content\/uploads\/2022\/11\/Visita_PT_valdemingomez.jpg","type":"image\/jpeg"}],"twitter_card":"summary_large_image","schema":{"@context":"https:\/\/schema.org","@graph":[{"@type":"WebPage","@id":"https:\/\/rinconeducativo.org\/es\/visitas\/centro-tratamiento-rsu-pt-valdemingomez\/","url":"https:\/\/rinconeducativo.org\/es\/visitas\/centro-tratamiento-rsu-pt-valdemingomez\/","name":"Visita Virtual: Parque Tecnol\u00f3gico de Valdeming\u00f3mez (Espa\u00f1a) - Rinc\u00f3n educativo","isPartOf":{"@id":"https:\/\/rinconeducativo.org\/es\/#website"},"primaryImageOfPage":{"@id":"https:\/\/rinconeducativo.org\/es\/visitas\/centro-tratamiento-rsu-pt-valdemingomez\/#primaryimage"},"image":{"@id":"https:\/\/rinconeducativo.org\/es\/visitas\/centro-tratamiento-rsu-pt-valdemingomez\/#primaryimage"},"thumbnailUrl":"https:\/\/rinconeducativo.org\/wp-content\/uploads\/2022\/11\/Visita_PT_valdemingomez.jpg","datePublished":"2022-11-02T12:19:39+00:00","dateModified":"2025-01-09T12:05:40+00:00","breadcrumb":{"@id":"https:\/\/rinconeducativo.org\/es\/visitas\/centro-tratamiento-rsu-pt-valdemingomez\/#breadcrumb"},"inLanguage":"es","potentialAction":[{"@type":"ReadAction","target":["https:\/\/rinconeducativo.org\/es\/visitas\/centro-tratamiento-rsu-pt-valdemingomez\/"]}]},{"@type":"ImageObject","inLanguage":"es","@id":"https:\/\/rinconeducativo.org\/es\/visitas\/centro-tratamiento-rsu-pt-valdemingomez\/#primaryimage","url":"https:\/\/rinconeducativo.org\/wp-content\/uploads\/2022\/11\/Visita_PT_valdemingomez.jpg","contentUrl":"https:\/\/rinconeducativo.org\/wp-content\/uploads\/2022\/11\/Visita_PT_valdemingomez.jpg","width":260,"height":260,"caption":"Parque Tecnol\u00f3gico de Valdemingomez"},{"@type":"BreadcrumbList","@id":"https:\/\/rinconeducativo.org\/es\/visitas\/centro-tratamiento-rsu-pt-valdemingomez\/#breadcrumb","itemListElement":[{"@type":"ListItem","position":1,"name":"Portada","item":"https:\/\/rinconeducativo.org\/es\/"},{"@type":"ListItem","position":2,"name":"Visits","item":"https:\/\/rinconeducativo.org\/en\/visits\/"},{"@type":"ListItem","position":3,"name":"Visita Virtual: Parque Tecnol\u00f3gico de Valdeming\u00f3mez (Espa\u00f1a)"}]},{"@type":"WebSite","@id":"https:\/\/rinconeducativo.org\/es\/#website","url":"https:\/\/rinconeducativo.org\/es\/","name":"Rinc\u00f3n educativo","description":"Un proyecto del Foro Nuclear","potentialAction":[{"@type":"SearchAction","target":{"@type":"EntryPoint","urlTemplate":"https:\/\/rinconeducativo.org\/es\/?s={search_term_string}"},"query-input":{"@type":"PropertyValueSpecification","valueRequired":true,"valueName":"search_term_string"}}],"inLanguage":"es"}]}},"_links":{"self":[{"href":"https:\/\/rinconeducativo.org\/es\/wp-json\/wp\/v2\/re_visita\/21400","targetHints":{"allow":["GET"]}}],"collection":[{"href":"https:\/\/rinconeducativo.org\/es\/wp-json\/wp\/v2\/re_visita"}],"about":[{"href":"https:\/\/rinconeducativo.org\/es\/wp-json\/wp\/v2\/types\/re_visita"}],"author":[{"embeddable":true,"href":"https:\/\/rinconeducativo.org\/es\/wp-json\/wp\/v2\/users\/1088"}],"wp:featuredmedia":[{"embeddable":true,"href":"https:\/\/rinconeducativo.org\/es\/wp-json\/wp\/v2\/media\/21397"}],"wp:attachment":[{"href":"https:\/\/rinconeducativo.org\/es\/wp-json\/wp\/v2\/media?parent=21400"}],"wp:term":[{"taxonomy":"post_tag","embeddable":true,"href":"https:\/\/rinconeducativo.org\/es\/wp-json\/wp\/v2\/tags?post=21400"},{"taxonomy":"provincia","embeddable":true,"href":"https:\/\/rinconeducativo.org\/es\/wp-json\/wp\/v2\/provincia?post=21400"},{"taxonomy":"tipo_instalacion","embeddable":true,"href":"https:\/\/rinconeducativo.org\/es\/wp-json\/wp\/v2\/tipo_instalacion?post=21400"},{"taxonomy":"tipo_visita","embeddable":true,"href":"https:\/\/rinconeducativo.org\/es\/wp-json\/wp\/v2\/tipo_visita?post=21400"}],"curies":[{"name":"wp","href":"https:\/\/api.w.org\/{rel}","templated":true}]}}