{"id":7562,"date":"2021-10-19T11:39:42","date_gmt":"2021-10-19T11:39:42","guid":{"rendered":"https:\/\/wp.rinconeducativo.org\/?recursos=antonius-van-den-broek-establecio-la-correlacion-directa-entre-la-carga-del"},"modified":"2024-12-13T09:26:33","modified_gmt":"2024-12-13T08:26:33","slug":"antonius-van-den-broek-establecio-correlacion-directa-carga-nucleo-atomico-y-tabla-periodica","status":"publish","type":"re_recurso","link":"https:\/\/rinconeducativo.org\/es\/recursos-educativos\/antonius-van-den-broek-establecio-correlacion-directa-carga-nucleo-atomico-y-tabla-periodica\/","title":{"rendered":"Antonius van den Broek, estableci\u00f3 la correlaci\u00f3n directa entre la carga del n\u00facleo at\u00f3mico y la tabla peri\u00f3dica"},"content":{"rendered":"<div class=\"wp-block-image\">\n<figure class=\"alignleft\"><img loading=\"lazy\" decoding=\"async\" width=\"1156\" height=\"653\" src=\"https:\/\/wp2.rinconeducativo.org\/wp-content\/uploads\/2021\/10\/numero_atomico.jpg\" alt=\"N\u00famero at\u00f3mico\" class=\"wp-image-7561\" title=\"N\u00famero at\u00f3mico\" srcset=\"https:\/\/rinconeducativo.org\/wp-content\/uploads\/2021\/10\/numero_atomico.jpg 1156w, https:\/\/rinconeducativo.org\/wp-content\/uploads\/2021\/10\/numero_atomico-500x282.jpg 500w, https:\/\/rinconeducativo.org\/wp-content\/uploads\/2021\/10\/numero_atomico-768x434.jpg 768w\" sizes=\"auto, (max-width: 1156px) 100vw, 1156px\" \/><\/figure>\n<\/div>\n\n\n<p>4 de mayo de 1870, en Zoetermeer (Pa\u00edses Bajos) \u2013 25 de octubre de 1926, en Bilthoven (Pa\u00edses Bajos)<\/p>\n\n\n\n<p>En 1895, se licenci\u00f3 en la Universidad de Leiden (Pa\u00edses Bajos) y en la Sorbona de Par\u00eds (Francia).<\/p>\n\n\n\n<p>Su padre quer\u00eda que fuese abogado como \u00e9l y entre 1895 y 1900 trabaj\u00f3 en una oficina de abogados en La Haya, no obstante, despu\u00e9s estudi\u00f3 econom\u00eda matem\u00e1tica en Viena y Berl\u00edn y finalmente, a partir de 1903, su inter\u00e9s se centr\u00f3 en la F\u00edsica viviendo en los ocho a\u00f1os siguientes entre Francia y Alemania.<\/p>\n\n\n\n<p>Su gran aportaci\u00f3n a la ciencia fue la correlaci\u00f3n directa entre la carga del n\u00facleo at\u00f3mico y la tabla peri\u00f3dica que fue publicada en la revista cient\u00edfica \u201c<em>Nature\u201d<\/em> el 20 de julio de 1911. Fue el primero que se dio cuenta de que el n\u00famero de un elemento de la tabla peri\u00f3dica (ahora conocido como n\u00famero at\u00f3mico) corresponde a la carga de su n\u00facleo at\u00f3mico. Esta hip\u00f3tesis inspir\u00f3 el trabajo experimental de <a href=\"https:\/\/wp2.rinconeducativo.org\/es\/recursos-educativos\/henry-moseley-justifico-cuantitativamente-el-concepto-de-numero-atomico\/\">Henry Moseley<\/a> que justific\u00f3 cuantitativamente el concepto de n\u00famero at\u00f3mico al que design\u00f3 con la letra Z.<\/p>\n","protected":false},"excerpt":{"rendered":"<p>Antonius van den Broek, estableci\u00f3 la correlaci\u00f3n directa entre la carga del n\u00facleo at\u00f3mico y la tabla peri\u00f3dica.<\/p>\n","protected":false},"author":1088,"featured_media":33932,"template":"","meta":{"_acf_changed":false,"footnotes":""},"tags":[6255,6071],"edad":[7029,7030,7031,7028],"recursos_tipo":[7014],"recursos_tema":[7010,7097],"clasificacion_anterior":[],"class_list":["post-7562","re_recurso","type-re_recurso","status-publish","has-post-thumbnail","hentry","tag-atomos","tag-tabla-periodica","edad-de-6-a-12","edad-de-12-a-16","edad-mas-16","edad-todas-las-edades","recursos_tipo-personajes","recursos_tema-ciencia","recursos_tema-tablas-periodicas"],"acf":[],"yoast_head":"<!-- This site is optimized with the Yoast SEO plugin v26.8 - https:\/\/yoast.com\/product\/yoast-seo-wordpress\/ -->\n<title>Antonius van den Broek, estableci\u00f3 la correlaci\u00f3n directa entre la carga del n\u00facleo at\u00f3mico y la tabla peri\u00f3dica - Rinc\u00f3n educativo<\/title>\n<meta name=\"robots\" content=\"index, follow, max-snippet:-1, max-image-preview:large, max-video-preview:-1\" \/>\n<link rel=\"canonical\" href=\"https:\/\/rinconeducativo.org\/es\/recursos-educativos\/antonius-van-den-broek-establecio-correlacion-directa-carga-nucleo-atomico-y-tabla-periodica\/\" \/>\n<meta property=\"og:locale\" content=\"es_ES\" \/>\n<meta property=\"og:type\" content=\"article\" \/>\n<meta property=\"og:title\" content=\"Antonius van den Broek, estableci\u00f3 la correlaci\u00f3n directa entre la carga del n\u00facleo at\u00f3mico y la tabla peri\u00f3dica - Rinc\u00f3n educativo\" \/>\n<meta property=\"og:description\" content=\"Antonius van den Broek, estableci\u00f3 la correlaci\u00f3n directa entre la carga del n\u00facleo at\u00f3mico y la tabla peri\u00f3dica.\" \/>\n<meta property=\"og:url\" content=\"https:\/\/rinconeducativo.org\/es\/recursos-educativos\/antonius-van-den-broek-establecio-correlacion-directa-carga-nucleo-atomico-y-tabla-periodica\/\" \/>\n<meta property=\"og:site_name\" content=\"Rinc\u00f3n educativo\" \/>\n<meta property=\"article:modified_time\" content=\"2024-12-13T08:26:33+00:00\" \/>\n<meta property=\"og:image\" content=\"https:\/\/rinconeducativo.org\/wp-content\/uploads\/2021\/10\/Van_den_Broek_Antonius_Familia.jpg\" \/>\n\t<meta property=\"og:image:width\" content=\"448\" \/>\n\t<meta property=\"og:image:height\" content=\"318\" \/>\n\t<meta property=\"og:image:type\" content=\"image\/jpeg\" \/>\n<meta name=\"twitter:card\" content=\"summary_large_image\" \/>\n<script type=\"application\/ld+json\" class=\"yoast-schema-graph\">{\"@context\":\"https:\/\/schema.org\",\"@graph\":[{\"@type\":\"WebPage\",\"@id\":\"https:\/\/rinconeducativo.org\/es\/recursos-educativos\/antonius-van-den-broek-establecio-correlacion-directa-carga-nucleo-atomico-y-tabla-periodica\/\",\"url\":\"https:\/\/rinconeducativo.org\/es\/recursos-educativos\/antonius-van-den-broek-establecio-correlacion-directa-carga-nucleo-atomico-y-tabla-periodica\/\",\"name\":\"Antonius van den Broek, estableci\u00f3 la correlaci\u00f3n directa entre la carga del n\u00facleo at\u00f3mico y la tabla peri\u00f3dica - Rinc\u00f3n educativo\",\"isPartOf\":{\"@id\":\"https:\/\/rinconeducativo.org\/es\/#website\"},\"primaryImageOfPage\":{\"@id\":\"https:\/\/rinconeducativo.org\/es\/recursos-educativos\/antonius-van-den-broek-establecio-correlacion-directa-carga-nucleo-atomico-y-tabla-periodica\/#primaryimage\"},\"image\":{\"@id\":\"https:\/\/rinconeducativo.org\/es\/recursos-educativos\/antonius-van-den-broek-establecio-correlacion-directa-carga-nucleo-atomico-y-tabla-periodica\/#primaryimage\"},\"thumbnailUrl\":\"https:\/\/rinconeducativo.org\/wp-content\/uploads\/2021\/10\/Van_den_Broek_Antonius_Familia.jpg\",\"datePublished\":\"2021-10-19T11:39:42+00:00\",\"dateModified\":\"2024-12-13T08:26:33+00:00\",\"breadcrumb\":{\"@id\":\"https:\/\/rinconeducativo.org\/es\/recursos-educativos\/antonius-van-den-broek-establecio-correlacion-directa-carga-nucleo-atomico-y-tabla-periodica\/#breadcrumb\"},\"inLanguage\":\"es\",\"potentialAction\":[{\"@type\":\"ReadAction\",\"target\":[\"https:\/\/rinconeducativo.org\/es\/recursos-educativos\/antonius-van-den-broek-establecio-correlacion-directa-carga-nucleo-atomico-y-tabla-periodica\/\"]}]},{\"@type\":\"ImageObject\",\"inLanguage\":\"es\",\"@id\":\"https:\/\/rinconeducativo.org\/es\/recursos-educativos\/antonius-van-den-broek-establecio-correlacion-directa-carga-nucleo-atomico-y-tabla-periodica\/#primaryimage\",\"url\":\"https:\/\/rinconeducativo.org\/wp-content\/uploads\/2021\/10\/Van_den_Broek_Antonius_Familia.jpg\",\"contentUrl\":\"https:\/\/rinconeducativo.org\/wp-content\/uploads\/2021\/10\/Van_den_Broek_Antonius_Familia.jpg\",\"width\":448,\"height\":318,\"caption\":\"Familia de Antonius van den Broek\"},{\"@type\":\"BreadcrumbList\",\"@id\":\"https:\/\/rinconeducativo.org\/es\/recursos-educativos\/antonius-van-den-broek-establecio-correlacion-directa-carga-nucleo-atomico-y-tabla-periodica\/#breadcrumb\",\"itemListElement\":[{\"@type\":\"ListItem\",\"position\":1,\"name\":\"Portada\",\"item\":\"https:\/\/rinconeducativo.org\/es\/\"},{\"@type\":\"ListItem\",\"position\":2,\"name\":\"Recursos educativos\",\"item\":\"https:\/\/rinconeducativo.org\/es\/recursos-educativos\/\"},{\"@type\":\"ListItem\",\"position\":3,\"name\":\"Antonius van den Broek, estableci\u00f3 la correlaci\u00f3n directa entre la carga del n\u00facleo at\u00f3mico y la tabla peri\u00f3dica\"}]},{\"@type\":\"WebSite\",\"@id\":\"https:\/\/rinconeducativo.org\/es\/#website\",\"url\":\"https:\/\/rinconeducativo.org\/es\/\",\"name\":\"Rinc\u00f3n educativo\",\"description\":\"Un proyecto del Foro Nuclear\",\"potentialAction\":[{\"@type\":\"SearchAction\",\"target\":{\"@type\":\"EntryPoint\",\"urlTemplate\":\"https:\/\/rinconeducativo.org\/es\/?s={search_term_string}\"},\"query-input\":{\"@type\":\"PropertyValueSpecification\",\"valueRequired\":true,\"valueName\":\"search_term_string\"}}],\"inLanguage\":\"es\"}]}<\/script>\n<!-- \/ Yoast SEO plugin. -->","yoast_head_json":{"title":"Antonius van den Broek, estableci\u00f3 la correlaci\u00f3n directa entre la carga del n\u00facleo at\u00f3mico y la tabla peri\u00f3dica - Rinc\u00f3n educativo","robots":{"index":"index","follow":"follow","max-snippet":"max-snippet:-1","max-image-preview":"max-image-preview:large","max-video-preview":"max-video-preview:-1"},"canonical":"https:\/\/rinconeducativo.org\/es\/recursos-educativos\/antonius-van-den-broek-establecio-correlacion-directa-carga-nucleo-atomico-y-tabla-periodica\/","og_locale":"es_ES","og_type":"article","og_title":"Antonius van den Broek, estableci\u00f3 la correlaci\u00f3n directa entre la carga del n\u00facleo at\u00f3mico y la tabla peri\u00f3dica - Rinc\u00f3n educativo","og_description":"Antonius van den Broek, estableci\u00f3 la correlaci\u00f3n directa entre la carga del n\u00facleo at\u00f3mico y la tabla peri\u00f3dica.","og_url":"https:\/\/rinconeducativo.org\/es\/recursos-educativos\/antonius-van-den-broek-establecio-correlacion-directa-carga-nucleo-atomico-y-tabla-periodica\/","og_site_name":"Rinc\u00f3n educativo","article_modified_time":"2024-12-13T08:26:33+00:00","og_image":[{"width":448,"height":318,"url":"https:\/\/rinconeducativo.org\/wp-content\/uploads\/2021\/10\/Van_den_Broek_Antonius_Familia.jpg","type":"image\/jpeg"}],"twitter_card":"summary_large_image","schema":{"@context":"https:\/\/schema.org","@graph":[{"@type":"WebPage","@id":"https:\/\/rinconeducativo.org\/es\/recursos-educativos\/antonius-van-den-broek-establecio-correlacion-directa-carga-nucleo-atomico-y-tabla-periodica\/","url":"https:\/\/rinconeducativo.org\/es\/recursos-educativos\/antonius-van-den-broek-establecio-correlacion-directa-carga-nucleo-atomico-y-tabla-periodica\/","name":"Antonius van den Broek, estableci\u00f3 la correlaci\u00f3n directa entre la carga del n\u00facleo at\u00f3mico y la tabla peri\u00f3dica - Rinc\u00f3n educativo","isPartOf":{"@id":"https:\/\/rinconeducativo.org\/es\/#website"},"primaryImageOfPage":{"@id":"https:\/\/rinconeducativo.org\/es\/recursos-educativos\/antonius-van-den-broek-establecio-correlacion-directa-carga-nucleo-atomico-y-tabla-periodica\/#primaryimage"},"image":{"@id":"https:\/\/rinconeducativo.org\/es\/recursos-educativos\/antonius-van-den-broek-establecio-correlacion-directa-carga-nucleo-atomico-y-tabla-periodica\/#primaryimage"},"thumbnailUrl":"https:\/\/rinconeducativo.org\/wp-content\/uploads\/2021\/10\/Van_den_Broek_Antonius_Familia.jpg","datePublished":"2021-10-19T11:39:42+00:00","dateModified":"2024-12-13T08:26:33+00:00","breadcrumb":{"@id":"https:\/\/rinconeducativo.org\/es\/recursos-educativos\/antonius-van-den-broek-establecio-correlacion-directa-carga-nucleo-atomico-y-tabla-periodica\/#breadcrumb"},"inLanguage":"es","potentialAction":[{"@type":"ReadAction","target":["https:\/\/rinconeducativo.org\/es\/recursos-educativos\/antonius-van-den-broek-establecio-correlacion-directa-carga-nucleo-atomico-y-tabla-periodica\/"]}]},{"@type":"ImageObject","inLanguage":"es","@id":"https:\/\/rinconeducativo.org\/es\/recursos-educativos\/antonius-van-den-broek-establecio-correlacion-directa-carga-nucleo-atomico-y-tabla-periodica\/#primaryimage","url":"https:\/\/rinconeducativo.org\/wp-content\/uploads\/2021\/10\/Van_den_Broek_Antonius_Familia.jpg","contentUrl":"https:\/\/rinconeducativo.org\/wp-content\/uploads\/2021\/10\/Van_den_Broek_Antonius_Familia.jpg","width":448,"height":318,"caption":"Familia de Antonius van den Broek"},{"@type":"BreadcrumbList","@id":"https:\/\/rinconeducativo.org\/es\/recursos-educativos\/antonius-van-den-broek-establecio-correlacion-directa-carga-nucleo-atomico-y-tabla-periodica\/#breadcrumb","itemListElement":[{"@type":"ListItem","position":1,"name":"Portada","item":"https:\/\/rinconeducativo.org\/es\/"},{"@type":"ListItem","position":2,"name":"Recursos educativos","item":"https:\/\/rinconeducativo.org\/es\/recursos-educativos\/"},{"@type":"ListItem","position":3,"name":"Antonius van den Broek, estableci\u00f3 la correlaci\u00f3n directa entre la carga del n\u00facleo at\u00f3mico y la tabla peri\u00f3dica"}]},{"@type":"WebSite","@id":"https:\/\/rinconeducativo.org\/es\/#website","url":"https:\/\/rinconeducativo.org\/es\/","name":"Rinc\u00f3n educativo","description":"Un proyecto del Foro Nuclear","potentialAction":[{"@type":"SearchAction","target":{"@type":"EntryPoint","urlTemplate":"https:\/\/rinconeducativo.org\/es\/?s={search_term_string}"},"query-input":{"@type":"PropertyValueSpecification","valueRequired":true,"valueName":"search_term_string"}}],"inLanguage":"es"}]}},"_links":{"self":[{"href":"https:\/\/rinconeducativo.org\/es\/wp-json\/wp\/v2\/re_recurso\/7562","targetHints":{"allow":["GET"]}}],"collection":[{"href":"https:\/\/rinconeducativo.org\/es\/wp-json\/wp\/v2\/re_recurso"}],"about":[{"href":"https:\/\/rinconeducativo.org\/es\/wp-json\/wp\/v2\/types\/re_recurso"}],"author":[{"embeddable":true,"href":"https:\/\/rinconeducativo.org\/es\/wp-json\/wp\/v2\/users\/1088"}],"version-history":[{"count":2,"href":"https:\/\/rinconeducativo.org\/es\/wp-json\/wp\/v2\/re_recurso\/7562\/revisions"}],"predecessor-version":[{"id":29479,"href":"https:\/\/rinconeducativo.org\/es\/wp-json\/wp\/v2\/re_recurso\/7562\/revisions\/29479"}],"wp:featuredmedia":[{"embeddable":true,"href":"https:\/\/rinconeducativo.org\/es\/wp-json\/wp\/v2\/media\/33932"}],"wp:attachment":[{"href":"https:\/\/rinconeducativo.org\/es\/wp-json\/wp\/v2\/media?parent=7562"}],"wp:term":[{"taxonomy":"post_tag","embeddable":true,"href":"https:\/\/rinconeducativo.org\/es\/wp-json\/wp\/v2\/tags?post=7562"},{"taxonomy":"edad","embeddable":true,"href":"https:\/\/rinconeducativo.org\/es\/wp-json\/wp\/v2\/edad?post=7562"},{"taxonomy":"recursos_tipo","embeddable":true,"href":"https:\/\/rinconeducativo.org\/es\/wp-json\/wp\/v2\/recursos_tipo?post=7562"},{"taxonomy":"recursos_tema","embeddable":true,"href":"https:\/\/rinconeducativo.org\/es\/wp-json\/wp\/v2\/recursos_tema?post=7562"},{"taxonomy":"clasificacion_anterior","embeddable":true,"href":"https:\/\/rinconeducativo.org\/es\/wp-json\/wp\/v2\/clasificacion_anterior?post=7562"}],"curies":[{"name":"wp","href":"https:\/\/api.w.org\/{rel}","templated":true}]}}