{"id":7426,"date":"2021-02-18T10:45:51","date_gmt":"2021-02-18T10:45:51","guid":{"rendered":"https:\/\/wp.rinconeducativo.org\/?recursos=alessandro-volta-inventor-de-la-pila-electrica"},"modified":"2025-02-23T13:12:17","modified_gmt":"2025-02-23T12:12:17","slug":"alessandro-volta-inventor-pila-electrica","status":"publish","type":"re_recurso","link":"https:\/\/rinconeducativo.org\/es\/recursos-educativos\/alessandro-volta-inventor-pila-electrica\/","title":{"rendered":"Alessandro Volta, inventor de la pila el\u00e9ctrica"},"content":{"rendered":"<div class=\"wp-block-image\">\n<figure class=\"alignleft is-resized\"><img loading=\"lazy\" decoding=\"async\" src=\"https:\/\/wp2.rinconeducativo.org\/wp-content\/uploads\/2021\/02\/volta_alessandro.jpeg\" alt=\"Alessandro Volta\" class=\"wp-image-7424\" width=\"329\" height=\"261\" title=\"Alessandro Volta\" srcset=\"https:\/\/rinconeducativo.org\/wp-content\/uploads\/2021\/02\/volta_alessandro.jpeg 1024w, https:\/\/rinconeducativo.org\/wp-content\/uploads\/2021\/02\/volta_alessandro-500x398.jpeg 500w, https:\/\/rinconeducativo.org\/wp-content\/uploads\/2021\/02\/volta_alessandro-768x611.jpeg 768w\" sizes=\"auto, (max-width: 329px) 100vw, 329px\" \/><\/figure>\n<\/div>\n\n\n<p>18 de febrero de 1745, en Como (Italia) \u2013 5 de marzo de 1827, en Como (Italia)<\/p>\n\n\n\n<p>La familia del Conde Alessandro Giuseppe Antonio Anastasio Volta quer\u00eda que se realizara una carrera jur\u00eddica, por ello, su educaci\u00f3n b\u00e1sica y media fueron de humanidades. No obstante, al llegar a la ense\u00f1anza superior, opt\u00f3 por lo que m\u00e1s le interesaba, una formaci\u00f3n cient\u00edfica en f\u00edsica y qu\u00edmica.<\/p>\n\n\n\n<p>En 1774, comenz\u00f3 a trabajar como profesor de f\u00edsica en la Escuela Real de su ciudad natal. Un a\u00f1o despu\u00e9s, Volta realiz\u00f3 su primer invento, el electr\u00f3foro perpetuo, un dispositivo que permit\u00eda producir corriente el\u00e9ctrica continua mediante tres discos met\u00e1licos separados por un conductor h\u00famedo, pero unidos con un circuito exterior. \u00c9ste, una vez que se encuentra cargado, puede transferir electricidad a otros objetos y generar electricidad est\u00e1tica.<\/p>\n\n\n\n<p>Entre 1776 y 1778, se dedic\u00f3 a la qu\u00edmica, descubriendo y aislando el gas de metano.<\/p>\n\n\n\n<p>En 1779, fue nombrado profesor titular de la c\u00e1tedra de f\u00edsica experimental en la Universidad de Pav\u00eda (Italia).<\/p>\n\n\n\n<p>En 1794, Volta bas\u00e1ndose en la idea de su amigo Luigi Galvani que, dos metales distintos en contacto con el m\u00fasculo de una rana, originaba una contracci\u00f3n del mismo y que deb\u00eda ser a la aparici\u00f3n de una corriente el\u00e9ctrica, tambi\u00e9n empez\u00f3 a hacer sus propios experimentos llegando a la conclusi\u00f3n de que el tejido muscular animal no era necesario para producir corriente el\u00e9ctrica.<\/p>\n\n\n\n<p>Surgieron dos variantes respecto a este tema, los partidarios de la electricidad animal y los defensores de la electricidad met\u00e1lica, lo que gener\u00f3 una fuerte controversia que se resolvi\u00f3 cuando Volta logr\u00f3 construir su primera pila el\u00e9ctrica el 20 de marzo de 1800, demostrando su hip\u00f3tesis.<\/p>\n\n\n<div class=\"wp-block-image\">\n<figure class=\"alignright is-resized\"><img loading=\"lazy\" decoding=\"async\" src=\"https:\/\/wp2.rinconeducativo.org\/wp-content\/uploads\/2021\/02\/volta_alessandro_pila.jpg\" alt=\"Pila y condensador de Alessandro Volta\" class=\"wp-image-7425\" width=\"371\" height=\"405\" title=\"Pila y condensador de Alessandro Volta\" srcset=\"https:\/\/rinconeducativo.org\/wp-content\/uploads\/2021\/02\/volta_alessandro_pila.jpg 604w, https:\/\/rinconeducativo.org\/wp-content\/uploads\/2021\/02\/volta_alessandro_pila-458x500.jpg 458w\" sizes=\"auto, (max-width: 371px) 100vw, 371px\" \/><\/figure>\n<\/div>\n\n\n<p>Volta escribi\u00f3 una carta a sir Joseph Banks, presidente de la Royal Society de Londres de aquel momento, para anunciarle su invento y \u00e9sta le\u00edda ante los miembros de la sociedad el 26 de junio de ese mismo a\u00f1o. Tras repetir varias veces el invento, se confirm\u00f3 y se le dio cr\u00e9dito a la pila el\u00e9ctrica de Volta.<\/p>\n\n\n\n<p>Volta obtuvo un gran reconocimiento en toda Europa:<\/p>\n\n\n\n<ul class=\"wp-block-list\">\n<li>En septiembre de 1801, acepta una invitaci\u00f3n de Napole\u00f3n Bonaparte para ir a Par\u00eds y mostrar las caracter\u00edsticas de su invento en el Instituto de Francia. El mismo Bonaparte particip\u00f3 en las charlas y solo dos meses m\u00e1s tarde, el 2 de noviembre, una comisi\u00f3n de cient\u00edficos de la Academia de las Ciencias del Instituto de Francia emiti\u00f3 un informe asegurando su validez.<\/li>\n\n\n\n<li>Napole\u00f3n Bonaparte qued\u00f3 gratamente impresionado con el invento de Volta, le asigna una pensi\u00f3n anual y lo nombra Caballero de la Legi\u00f3n de Honor y le otorg\u00f3 la m\u00e1s alta distinci\u00f3n de la instituci\u00f3n, la medalla de oro al m\u00e9rito cient\u00edfico.<\/li>\n\n\n\n<li>En 1806, llega a ser caballero de la Real Orden Italiana de la Corona de Hierro.<\/li>\n\n\n\n<li>En 1809, senador del Reino de Lombard\u00eda.<\/li>\n\n\n\n<li>En 1810, Conde del Reino de Italia.<\/li>\n\n\n\n<li>En 1815, el emperador de Austria le designa director de la facultad de Filosof\u00eda de la Universidad de Padua y sus trabajos fueron publicados en 5 vol\u00famenes en 1816 en Florencia<\/li>\n<\/ul>\n\n\n\n<p>Los \u00faltimos a\u00f1os de vida de Volta, los pas\u00f3 en su hacienda en Camnago, cerca de Como en Italia.<\/p>\n\n\n\n<p>Como curiosidades, un astroblema lunar, un asteroide, un mineral (Volta\u00edta), una unidad del Sistema Internacional (el voltio), la tensi\u00f3n el\u00e9ctrica (popularmente se conoce voltaje) y hasta un coche de Toyota llevan su nombre en honor de este cient\u00edfico que hizo una gran contribuci\u00f3n a la ciencia.<\/p>\n","protected":false},"excerpt":{"rendered":"<p>Alessandro Volta, inventor de la pila el\u00e9ctrica<\/p>\n","protected":false},"author":1088,"featured_media":7424,"template":"","meta":{"_acf_changed":false,"footnotes":""},"tags":[5699,5675],"edad":[7029,7030,7031,7028],"recursos_tipo":[7014],"recursos_tema":[6992,7011],"clasificacion_anterior":[],"class_list":["post-7426","re_recurso","type-re_recurso","status-publish","has-post-thumbnail","hentry","tag-electricidad","tag-energia","edad-de-6-a-12","edad-de-12-a-16","edad-mas-16","edad-todas-las-edades","recursos_tipo-personajes","recursos_tema-electricidad","recursos_tema-energia"],"acf":[],"yoast_head":"<!-- This site is optimized with the Yoast SEO plugin v26.8 - https:\/\/yoast.com\/product\/yoast-seo-wordpress\/ -->\n<title>Alessandro Volta, inventor de la pila el\u00e9ctrica - Rinc\u00f3n educativo<\/title>\n<meta name=\"robots\" content=\"index, follow, max-snippet:-1, max-image-preview:large, max-video-preview:-1\" \/>\n<link rel=\"canonical\" href=\"https:\/\/rinconeducativo.org\/es\/recursos-educativos\/alessandro-volta-inventor-pila-electrica\/\" \/>\n<meta property=\"og:locale\" content=\"es_ES\" \/>\n<meta property=\"og:type\" content=\"article\" \/>\n<meta property=\"og:title\" content=\"Alessandro Volta, inventor de la pila el\u00e9ctrica - Rinc\u00f3n educativo\" \/>\n<meta property=\"og:description\" content=\"Alessandro Volta, inventor de la pila el\u00e9ctrica\" \/>\n<meta property=\"og:url\" content=\"https:\/\/rinconeducativo.org\/es\/recursos-educativos\/alessandro-volta-inventor-pila-electrica\/\" \/>\n<meta property=\"og:site_name\" content=\"Rinc\u00f3n educativo\" \/>\n<meta property=\"article:modified_time\" content=\"2025-02-23T12:12:17+00:00\" \/>\n<meta property=\"og:image\" content=\"https:\/\/rinconeducativo.org\/wp-content\/uploads\/2021\/02\/volta_alessandro.jpeg\" \/>\n\t<meta property=\"og:image:width\" content=\"1024\" \/>\n\t<meta property=\"og:image:height\" content=\"815\" \/>\n\t<meta property=\"og:image:type\" content=\"image\/jpeg\" \/>\n<meta name=\"twitter:card\" content=\"summary_large_image\" \/>\n<script type=\"application\/ld+json\" class=\"yoast-schema-graph\">{\"@context\":\"https:\/\/schema.org\",\"@graph\":[{\"@type\":\"WebPage\",\"@id\":\"https:\/\/rinconeducativo.org\/es\/recursos-educativos\/alessandro-volta-inventor-pila-electrica\/\",\"url\":\"https:\/\/rinconeducativo.org\/es\/recursos-educativos\/alessandro-volta-inventor-pila-electrica\/\",\"name\":\"Alessandro Volta, inventor de la pila el\u00e9ctrica - Rinc\u00f3n educativo\",\"isPartOf\":{\"@id\":\"https:\/\/rinconeducativo.org\/es\/#website\"},\"primaryImageOfPage\":{\"@id\":\"https:\/\/rinconeducativo.org\/es\/recursos-educativos\/alessandro-volta-inventor-pila-electrica\/#primaryimage\"},\"image\":{\"@id\":\"https:\/\/rinconeducativo.org\/es\/recursos-educativos\/alessandro-volta-inventor-pila-electrica\/#primaryimage\"},\"thumbnailUrl\":\"https:\/\/rinconeducativo.org\/wp-content\/uploads\/2021\/02\/volta_alessandro.jpeg\",\"datePublished\":\"2021-02-18T10:45:51+00:00\",\"dateModified\":\"2025-02-23T12:12:17+00:00\",\"breadcrumb\":{\"@id\":\"https:\/\/rinconeducativo.org\/es\/recursos-educativos\/alessandro-volta-inventor-pila-electrica\/#breadcrumb\"},\"inLanguage\":\"es\",\"potentialAction\":[{\"@type\":\"ReadAction\",\"target\":[\"https:\/\/rinconeducativo.org\/es\/recursos-educativos\/alessandro-volta-inventor-pila-electrica\/\"]}]},{\"@type\":\"ImageObject\",\"inLanguage\":\"es\",\"@id\":\"https:\/\/rinconeducativo.org\/es\/recursos-educativos\/alessandro-volta-inventor-pila-electrica\/#primaryimage\",\"url\":\"https:\/\/rinconeducativo.org\/wp-content\/uploads\/2021\/02\/volta_alessandro.jpeg\",\"contentUrl\":\"https:\/\/rinconeducativo.org\/wp-content\/uploads\/2021\/02\/volta_alessandro.jpeg\",\"width\":1024,\"height\":815,\"caption\":\"Alessandro Volta\"},{\"@type\":\"BreadcrumbList\",\"@id\":\"https:\/\/rinconeducativo.org\/es\/recursos-educativos\/alessandro-volta-inventor-pila-electrica\/#breadcrumb\",\"itemListElement\":[{\"@type\":\"ListItem\",\"position\":1,\"name\":\"Portada\",\"item\":\"https:\/\/rinconeducativo.org\/es\/\"},{\"@type\":\"ListItem\",\"position\":2,\"name\":\"Recursos educativos\",\"item\":\"https:\/\/rinconeducativo.org\/es\/recursos-educativos\/\"},{\"@type\":\"ListItem\",\"position\":3,\"name\":\"Alessandro Volta, inventor de la pila el\u00e9ctrica\"}]},{\"@type\":\"WebSite\",\"@id\":\"https:\/\/rinconeducativo.org\/es\/#website\",\"url\":\"https:\/\/rinconeducativo.org\/es\/\",\"name\":\"Rinc\u00f3n educativo\",\"description\":\"Un proyecto del Foro Nuclear\",\"potentialAction\":[{\"@type\":\"SearchAction\",\"target\":{\"@type\":\"EntryPoint\",\"urlTemplate\":\"https:\/\/rinconeducativo.org\/es\/?s={search_term_string}\"},\"query-input\":{\"@type\":\"PropertyValueSpecification\",\"valueRequired\":true,\"valueName\":\"search_term_string\"}}],\"inLanguage\":\"es\"}]}<\/script>\n<!-- \/ Yoast SEO plugin. -->","yoast_head_json":{"title":"Alessandro Volta, inventor de la pila el\u00e9ctrica - Rinc\u00f3n educativo","robots":{"index":"index","follow":"follow","max-snippet":"max-snippet:-1","max-image-preview":"max-image-preview:large","max-video-preview":"max-video-preview:-1"},"canonical":"https:\/\/rinconeducativo.org\/es\/recursos-educativos\/alessandro-volta-inventor-pila-electrica\/","og_locale":"es_ES","og_type":"article","og_title":"Alessandro Volta, inventor de la pila el\u00e9ctrica - Rinc\u00f3n educativo","og_description":"Alessandro Volta, inventor de la pila el\u00e9ctrica","og_url":"https:\/\/rinconeducativo.org\/es\/recursos-educativos\/alessandro-volta-inventor-pila-electrica\/","og_site_name":"Rinc\u00f3n educativo","article_modified_time":"2025-02-23T12:12:17+00:00","og_image":[{"width":1024,"height":815,"url":"https:\/\/rinconeducativo.org\/wp-content\/uploads\/2021\/02\/volta_alessandro.jpeg","type":"image\/jpeg"}],"twitter_card":"summary_large_image","schema":{"@context":"https:\/\/schema.org","@graph":[{"@type":"WebPage","@id":"https:\/\/rinconeducativo.org\/es\/recursos-educativos\/alessandro-volta-inventor-pila-electrica\/","url":"https:\/\/rinconeducativo.org\/es\/recursos-educativos\/alessandro-volta-inventor-pila-electrica\/","name":"Alessandro Volta, inventor de la pila el\u00e9ctrica - Rinc\u00f3n educativo","isPartOf":{"@id":"https:\/\/rinconeducativo.org\/es\/#website"},"primaryImageOfPage":{"@id":"https:\/\/rinconeducativo.org\/es\/recursos-educativos\/alessandro-volta-inventor-pila-electrica\/#primaryimage"},"image":{"@id":"https:\/\/rinconeducativo.org\/es\/recursos-educativos\/alessandro-volta-inventor-pila-electrica\/#primaryimage"},"thumbnailUrl":"https:\/\/rinconeducativo.org\/wp-content\/uploads\/2021\/02\/volta_alessandro.jpeg","datePublished":"2021-02-18T10:45:51+00:00","dateModified":"2025-02-23T12:12:17+00:00","breadcrumb":{"@id":"https:\/\/rinconeducativo.org\/es\/recursos-educativos\/alessandro-volta-inventor-pila-electrica\/#breadcrumb"},"inLanguage":"es","potentialAction":[{"@type":"ReadAction","target":["https:\/\/rinconeducativo.org\/es\/recursos-educativos\/alessandro-volta-inventor-pila-electrica\/"]}]},{"@type":"ImageObject","inLanguage":"es","@id":"https:\/\/rinconeducativo.org\/es\/recursos-educativos\/alessandro-volta-inventor-pila-electrica\/#primaryimage","url":"https:\/\/rinconeducativo.org\/wp-content\/uploads\/2021\/02\/volta_alessandro.jpeg","contentUrl":"https:\/\/rinconeducativo.org\/wp-content\/uploads\/2021\/02\/volta_alessandro.jpeg","width":1024,"height":815,"caption":"Alessandro Volta"},{"@type":"BreadcrumbList","@id":"https:\/\/rinconeducativo.org\/es\/recursos-educativos\/alessandro-volta-inventor-pila-electrica\/#breadcrumb","itemListElement":[{"@type":"ListItem","position":1,"name":"Portada","item":"https:\/\/rinconeducativo.org\/es\/"},{"@type":"ListItem","position":2,"name":"Recursos educativos","item":"https:\/\/rinconeducativo.org\/es\/recursos-educativos\/"},{"@type":"ListItem","position":3,"name":"Alessandro Volta, inventor de la pila el\u00e9ctrica"}]},{"@type":"WebSite","@id":"https:\/\/rinconeducativo.org\/es\/#website","url":"https:\/\/rinconeducativo.org\/es\/","name":"Rinc\u00f3n educativo","description":"Un proyecto del Foro Nuclear","potentialAction":[{"@type":"SearchAction","target":{"@type":"EntryPoint","urlTemplate":"https:\/\/rinconeducativo.org\/es\/?s={search_term_string}"},"query-input":{"@type":"PropertyValueSpecification","valueRequired":true,"valueName":"search_term_string"}}],"inLanguage":"es"}]}},"_links":{"self":[{"href":"https:\/\/rinconeducativo.org\/es\/wp-json\/wp\/v2\/re_recurso\/7426","targetHints":{"allow":["GET"]}}],"collection":[{"href":"https:\/\/rinconeducativo.org\/es\/wp-json\/wp\/v2\/re_recurso"}],"about":[{"href":"https:\/\/rinconeducativo.org\/es\/wp-json\/wp\/v2\/types\/re_recurso"}],"author":[{"embeddable":true,"href":"https:\/\/rinconeducativo.org\/es\/wp-json\/wp\/v2\/users\/1088"}],"version-history":[{"count":2,"href":"https:\/\/rinconeducativo.org\/es\/wp-json\/wp\/v2\/re_recurso\/7426\/revisions"}],"predecessor-version":[{"id":29795,"href":"https:\/\/rinconeducativo.org\/es\/wp-json\/wp\/v2\/re_recurso\/7426\/revisions\/29795"}],"wp:featuredmedia":[{"embeddable":true,"href":"https:\/\/rinconeducativo.org\/es\/wp-json\/wp\/v2\/media\/7424"}],"wp:attachment":[{"href":"https:\/\/rinconeducativo.org\/es\/wp-json\/wp\/v2\/media?parent=7426"}],"wp:term":[{"taxonomy":"post_tag","embeddable":true,"href":"https:\/\/rinconeducativo.org\/es\/wp-json\/wp\/v2\/tags?post=7426"},{"taxonomy":"edad","embeddable":true,"href":"https:\/\/rinconeducativo.org\/es\/wp-json\/wp\/v2\/edad?post=7426"},{"taxonomy":"recursos_tipo","embeddable":true,"href":"https:\/\/rinconeducativo.org\/es\/wp-json\/wp\/v2\/recursos_tipo?post=7426"},{"taxonomy":"recursos_tema","embeddable":true,"href":"https:\/\/rinconeducativo.org\/es\/wp-json\/wp\/v2\/recursos_tema?post=7426"},{"taxonomy":"clasificacion_anterior","embeddable":true,"href":"https:\/\/rinconeducativo.org\/es\/wp-json\/wp\/v2\/clasificacion_anterior?post=7426"}],"curies":[{"name":"wp","href":"https:\/\/api.w.org\/{rel}","templated":true}]}}