{"id":7377,"date":"2020-11-23T10:42:44","date_gmt":"2020-11-23T10:42:44","guid":{"rendered":"https:\/\/wp.rinconeducativo.org\/?recursos=henry-moseley-justifico-cuantitativamente-el-concepto-de-numero-atomico"},"modified":"2024-07-24T10:38:09","modified_gmt":"2024-07-24T08:38:09","slug":"henry-moseley-justifico-cuantitativamente-concepto-numero-atomico","status":"publish","type":"re_recurso","link":"https:\/\/rinconeducativo.org\/es\/recursos-educativos\/henry-moseley-justifico-cuantitativamente-concepto-numero-atomico\/","title":{"rendered":"Henry Moseley, justific\u00f3 cuantitativamente el concepto de n\u00famero at\u00f3mico"},"content":{"rendered":"<div class=\"wp-block-image\">\n<figure class=\"alignleft is-resized\"><img loading=\"lazy\" decoding=\"async\" src=\"https:\/\/wp2.rinconeducativo.org\/wp-content\/uploads\/2020\/11\/moseley_henry_tabla_periodica.jpg\" alt=\"Contribuci\u00f3n de \" class=\"wp-image-7376\" width=\"246\" height=\"294\" srcset=\"https:\/\/rinconeducativo.org\/wp-content\/uploads\/2020\/11\/moseley_henry_tabla_periodica.jpg 758w, https:\/\/rinconeducativo.org\/wp-content\/uploads\/2020\/11\/moseley_henry_tabla_periodica-418x500.jpg 418w\" sizes=\"auto, (max-width: 246px) 100vw, 246px\" \/><\/figure>\n<\/div>\n\n\n<p>23 de noviembre de 1887, en Weymouth (Reino Unido) \u2013 10 de agosto de 1915, en la Pen\u00ednsula de Gal\u00edpoli (Imperio Otomano)<\/p>\n\n\n\n<p>Henry Gwyn Jeffreys Moseley ingres\u00f3 en 1910 se gradu\u00f3 en F\u00edsica y Qu\u00edmica el Trinity College de la Universidad de Oxford y despu\u00e9s fue a la Universidad de Oxford para trabajar con <a href=\"https:\/\/rinconeducativo.org\/es\/recursos-educativos\/ernest-rutherford\/\" target=\"_blank\" rel=\"noreferrer noopener\">Ernest Rutherford<\/a>. En principio, ense\u00f1aba m\u00e1s que investigaba, no obstante, un a\u00f1o m\u00e1s tarde, empez\u00f3 a tener cada vez m\u00e1s tiempo para dedicarse a la ciencia.<\/p>\n\n\n\n<p>En 1914, decidi\u00f3 volver a Oxford con la intenci\u00f3n de continuar con su carrera de investigaci\u00f3n, pero surgi\u00f3 la Primera Guerra Mundial y se alist\u00f3 en la divisi\u00f3n de Royal Engineers. Fue destinado a Gal\u00edpoli, donde, en 1915, fue alcanzado en la cabeza por un francotirador mientras estaba telegrafiando una orden. Muri\u00f3 con 27 a\u00f1os.<\/p>\n\n\n\n<p>Los historiadores coinciden en que su trabajo ya era merecedor de un Premio Nobel, sin embargo, \u00e9ste solo se concede a los investigadores vivos. Ha especulaciones que indican que la muerte de Moseley es el motivo por el que el gobierno ingl\u00e9s prohibi\u00f3 el alistamiento de importantes cient\u00edficos en el ej\u00e9rcito en \u00e9poca de guerra.<\/p>\n\n\n\n<p>Su principal contribuci\u00f3n a la ciencia fue, en qu\u00edmica avanzada, el proporcionar un apoyo fundamental al modelo at\u00f3mico de <a href=\"https:\/\/rinconeducativo.org\/es\/recursos-educativos\/niels-bohr-contribuyo-compresion-atomo-y-mecanica-cuantica\/\" target=\"_blank\" rel=\"noreferrer noopener\">Bohr <\/a>definido con detalle por Rutherford y <a href=\"https:\/\/rinconeducativo.org\/es\/recursos-educativos\/antonius-van-den-broek-establecio-correlacion-directa-carga-nucleo-atomico-y-tabla-periodica\/\" target=\"_blank\" rel=\"noreferrer noopener\">Antonius van den Broek<\/a>, mencionando que los n\u00facleos at\u00f3micos contienen cargas positivas iguales a su n\u00famero at\u00f3mico.<\/p>\n\n\n\n<p>Por indicaci\u00f3n de este \u00faltimo estudi\u00f3 los espectros de rayos X de cincuenta elementos y pudo justificar cuantitativamente el concepto de n\u00famero at\u00f3mico mediante la Ley de Moseley. Postulada en 1913, esta ley emp\u00edrica establece que la ra\u00edz cuadrada de la frecuencia de los rayos X producidos cuando un elemento se bombardea con rayos cat\u00f3dicos es proporcional al n\u00famero at\u00f3mico del elemento.<\/p>\n\n\n\n<p>Hasta ese momento, el n\u00famero at\u00f3mico era s\u00f3lo el lugar que ocupaba un elemento en la tabla peri\u00f3dica. Dicho lugar hab\u00eda sido asociado a cada elemento de modo semi-arbitrario por <a href=\"https:\/\/rinconeducativo.org\/es\/recursos-educativos\/dmitri-mendeleyev-el-padre-de-la-tabla-periodica-de-los-elementos\/\" target=\"_blank\" rel=\"noreferrer noopener\">Mendel\u00e9yev<\/a> y estaba relacionado cuantitativamente con las propiedades de los elementos y sus masas at\u00f3micas.<\/p>\n\n\n\n<p>Esta es la base de la tabla peri\u00f3dica y establece que las propiedades f\u00edsicas y qu\u00edmicas de los elementos qu\u00edmicos tienden a repetirse de forma sistem\u00e1tica conforme aumenta el n\u00famero at\u00f3mico.<\/p>\n\n\n\n<p>En opini\u00f3n de muchos cient\u00edficos, si hubiera vivido m\u00e1s tiempo, podr\u00eda haber contribuido al conocimiento m\u00e1s detallado de la estructura de la materia.<\/p>\n\n\n\n<p>\u201c<em>Se puede ver hoy en d\u00eda que el trabajo de Rutherford sobre el n\u00facleo at\u00f3mico no hubiera sido tomado en serio. Tampoco lo hubi\u00e9ramos entendido hoy en d\u00eda si no hubi\u00e9ramos tenido las investigaciones de Moseley<\/em>\u201d, Niels Bohr (1962)<\/p>\n","protected":false},"excerpt":{"rendered":"<p>Henry Moseley, justific\u00f3 cuantitativamente el concepto de n\u00famero at\u00f3mico.<\/p>\n","protected":false},"author":1088,"featured_media":7376,"template":"","meta":{"_acf_changed":false,"footnotes":""},"tags":[6255,8183,6071],"edad":[7029,7030,7031,7028],"recursos_tipo":[7014],"recursos_tema":[7087,7010,6993,7097],"clasificacion_anterior":[],"class_list":["post-7377","re_recurso","type-re_recurso","status-publish","has-post-thumbnail","hentry","tag-atomos","tag-radiacion","tag-tabla-periodica","edad-de-6-a-12","edad-de-12-a-16","edad-mas-16","edad-todas-las-edades","recursos_tipo-personajes","recursos_tema-aplicaciones","recursos_tema-ciencia","recursos_tema-radiacion-y-rayos-x","recursos_tema-tablas-periodicas"],"acf":[],"yoast_head":"<!-- This site is optimized with the Yoast SEO plugin v26.8 - https:\/\/yoast.com\/product\/yoast-seo-wordpress\/ -->\n<title>Henry Moseley, justific\u00f3 cuantitativamente el concepto de n\u00famero at\u00f3mico - Rinc\u00f3n educativo<\/title>\n<meta name=\"robots\" content=\"index, follow, max-snippet:-1, max-image-preview:large, max-video-preview:-1\" \/>\n<link rel=\"canonical\" href=\"https:\/\/rinconeducativo.org\/es\/recursos-educativos\/henry-moseley-justifico-cuantitativamente-concepto-numero-atomico\/\" \/>\n<meta property=\"og:locale\" content=\"es_ES\" \/>\n<meta property=\"og:type\" content=\"article\" \/>\n<meta property=\"og:title\" content=\"Henry Moseley, justific\u00f3 cuantitativamente el concepto de n\u00famero at\u00f3mico - Rinc\u00f3n educativo\" \/>\n<meta property=\"og:description\" content=\"Henry Moseley, justific\u00f3 cuantitativamente el concepto de n\u00famero at\u00f3mico.\" \/>\n<meta property=\"og:url\" content=\"https:\/\/rinconeducativo.org\/es\/recursos-educativos\/henry-moseley-justifico-cuantitativamente-concepto-numero-atomico\/\" \/>\n<meta property=\"og:site_name\" content=\"Rinc\u00f3n educativo\" \/>\n<meta property=\"article:modified_time\" content=\"2024-07-24T08:38:09+00:00\" \/>\n<meta property=\"og:image\" content=\"https:\/\/rinconeducativo.org\/wp-content\/uploads\/2020\/11\/moseley_henry_tabla_periodica.jpg\" \/>\n\t<meta property=\"og:image:width\" content=\"758\" \/>\n\t<meta property=\"og:image:height\" content=\"907\" \/>\n\t<meta property=\"og:image:type\" content=\"image\/jpeg\" \/>\n<meta name=\"twitter:card\" content=\"summary_large_image\" \/>\n<script type=\"application\/ld+json\" class=\"yoast-schema-graph\">{\"@context\":\"https:\/\/schema.org\",\"@graph\":[{\"@type\":\"WebPage\",\"@id\":\"https:\/\/rinconeducativo.org\/es\/recursos-educativos\/henry-moseley-justifico-cuantitativamente-concepto-numero-atomico\/\",\"url\":\"https:\/\/rinconeducativo.org\/es\/recursos-educativos\/henry-moseley-justifico-cuantitativamente-concepto-numero-atomico\/\",\"name\":\"Henry Moseley, justific\u00f3 cuantitativamente el concepto de n\u00famero at\u00f3mico - Rinc\u00f3n educativo\",\"isPartOf\":{\"@id\":\"https:\/\/rinconeducativo.org\/es\/#website\"},\"primaryImageOfPage\":{\"@id\":\"https:\/\/rinconeducativo.org\/es\/recursos-educativos\/henry-moseley-justifico-cuantitativamente-concepto-numero-atomico\/#primaryimage\"},\"image\":{\"@id\":\"https:\/\/rinconeducativo.org\/es\/recursos-educativos\/henry-moseley-justifico-cuantitativamente-concepto-numero-atomico\/#primaryimage\"},\"thumbnailUrl\":\"https:\/\/rinconeducativo.org\/wp-content\/uploads\/2020\/11\/moseley_henry_tabla_periodica.jpg\",\"datePublished\":\"2020-11-23T10:42:44+00:00\",\"dateModified\":\"2024-07-24T08:38:09+00:00\",\"breadcrumb\":{\"@id\":\"https:\/\/rinconeducativo.org\/es\/recursos-educativos\/henry-moseley-justifico-cuantitativamente-concepto-numero-atomico\/#breadcrumb\"},\"inLanguage\":\"es\",\"potentialAction\":[{\"@type\":\"ReadAction\",\"target\":[\"https:\/\/rinconeducativo.org\/es\/recursos-educativos\/henry-moseley-justifico-cuantitativamente-concepto-numero-atomico\/\"]}]},{\"@type\":\"ImageObject\",\"inLanguage\":\"es\",\"@id\":\"https:\/\/rinconeducativo.org\/es\/recursos-educativos\/henry-moseley-justifico-cuantitativamente-concepto-numero-atomico\/#primaryimage\",\"url\":\"https:\/\/rinconeducativo.org\/wp-content\/uploads\/2020\/11\/moseley_henry_tabla_periodica.jpg\",\"contentUrl\":\"https:\/\/rinconeducativo.org\/wp-content\/uploads\/2020\/11\/moseley_henry_tabla_periodica.jpg\",\"width\":758,\"height\":907,\"caption\":\"Contribuci\u00f3n de\"},{\"@type\":\"BreadcrumbList\",\"@id\":\"https:\/\/rinconeducativo.org\/es\/recursos-educativos\/henry-moseley-justifico-cuantitativamente-concepto-numero-atomico\/#breadcrumb\",\"itemListElement\":[{\"@type\":\"ListItem\",\"position\":1,\"name\":\"Portada\",\"item\":\"https:\/\/rinconeducativo.org\/es\/\"},{\"@type\":\"ListItem\",\"position\":2,\"name\":\"Recursos educativos\",\"item\":\"https:\/\/rinconeducativo.org\/es\/recursos-educativos\/\"},{\"@type\":\"ListItem\",\"position\":3,\"name\":\"Henry Moseley, justific\u00f3 cuantitativamente el concepto de n\u00famero at\u00f3mico\"}]},{\"@type\":\"WebSite\",\"@id\":\"https:\/\/rinconeducativo.org\/es\/#website\",\"url\":\"https:\/\/rinconeducativo.org\/es\/\",\"name\":\"Rinc\u00f3n educativo\",\"description\":\"Un proyecto del Foro Nuclear\",\"potentialAction\":[{\"@type\":\"SearchAction\",\"target\":{\"@type\":\"EntryPoint\",\"urlTemplate\":\"https:\/\/rinconeducativo.org\/es\/?s={search_term_string}\"},\"query-input\":{\"@type\":\"PropertyValueSpecification\",\"valueRequired\":true,\"valueName\":\"search_term_string\"}}],\"inLanguage\":\"es\"}]}<\/script>\n<!-- \/ Yoast SEO plugin. -->","yoast_head_json":{"title":"Henry Moseley, justific\u00f3 cuantitativamente el concepto de n\u00famero at\u00f3mico - Rinc\u00f3n educativo","robots":{"index":"index","follow":"follow","max-snippet":"max-snippet:-1","max-image-preview":"max-image-preview:large","max-video-preview":"max-video-preview:-1"},"canonical":"https:\/\/rinconeducativo.org\/es\/recursos-educativos\/henry-moseley-justifico-cuantitativamente-concepto-numero-atomico\/","og_locale":"es_ES","og_type":"article","og_title":"Henry Moseley, justific\u00f3 cuantitativamente el concepto de n\u00famero at\u00f3mico - Rinc\u00f3n educativo","og_description":"Henry Moseley, justific\u00f3 cuantitativamente el concepto de n\u00famero at\u00f3mico.","og_url":"https:\/\/rinconeducativo.org\/es\/recursos-educativos\/henry-moseley-justifico-cuantitativamente-concepto-numero-atomico\/","og_site_name":"Rinc\u00f3n educativo","article_modified_time":"2024-07-24T08:38:09+00:00","og_image":[{"width":758,"height":907,"url":"https:\/\/rinconeducativo.org\/wp-content\/uploads\/2020\/11\/moseley_henry_tabla_periodica.jpg","type":"image\/jpeg"}],"twitter_card":"summary_large_image","schema":{"@context":"https:\/\/schema.org","@graph":[{"@type":"WebPage","@id":"https:\/\/rinconeducativo.org\/es\/recursos-educativos\/henry-moseley-justifico-cuantitativamente-concepto-numero-atomico\/","url":"https:\/\/rinconeducativo.org\/es\/recursos-educativos\/henry-moseley-justifico-cuantitativamente-concepto-numero-atomico\/","name":"Henry Moseley, justific\u00f3 cuantitativamente el concepto de n\u00famero at\u00f3mico - Rinc\u00f3n educativo","isPartOf":{"@id":"https:\/\/rinconeducativo.org\/es\/#website"},"primaryImageOfPage":{"@id":"https:\/\/rinconeducativo.org\/es\/recursos-educativos\/henry-moseley-justifico-cuantitativamente-concepto-numero-atomico\/#primaryimage"},"image":{"@id":"https:\/\/rinconeducativo.org\/es\/recursos-educativos\/henry-moseley-justifico-cuantitativamente-concepto-numero-atomico\/#primaryimage"},"thumbnailUrl":"https:\/\/rinconeducativo.org\/wp-content\/uploads\/2020\/11\/moseley_henry_tabla_periodica.jpg","datePublished":"2020-11-23T10:42:44+00:00","dateModified":"2024-07-24T08:38:09+00:00","breadcrumb":{"@id":"https:\/\/rinconeducativo.org\/es\/recursos-educativos\/henry-moseley-justifico-cuantitativamente-concepto-numero-atomico\/#breadcrumb"},"inLanguage":"es","potentialAction":[{"@type":"ReadAction","target":["https:\/\/rinconeducativo.org\/es\/recursos-educativos\/henry-moseley-justifico-cuantitativamente-concepto-numero-atomico\/"]}]},{"@type":"ImageObject","inLanguage":"es","@id":"https:\/\/rinconeducativo.org\/es\/recursos-educativos\/henry-moseley-justifico-cuantitativamente-concepto-numero-atomico\/#primaryimage","url":"https:\/\/rinconeducativo.org\/wp-content\/uploads\/2020\/11\/moseley_henry_tabla_periodica.jpg","contentUrl":"https:\/\/rinconeducativo.org\/wp-content\/uploads\/2020\/11\/moseley_henry_tabla_periodica.jpg","width":758,"height":907,"caption":"Contribuci\u00f3n de"},{"@type":"BreadcrumbList","@id":"https:\/\/rinconeducativo.org\/es\/recursos-educativos\/henry-moseley-justifico-cuantitativamente-concepto-numero-atomico\/#breadcrumb","itemListElement":[{"@type":"ListItem","position":1,"name":"Portada","item":"https:\/\/rinconeducativo.org\/es\/"},{"@type":"ListItem","position":2,"name":"Recursos educativos","item":"https:\/\/rinconeducativo.org\/es\/recursos-educativos\/"},{"@type":"ListItem","position":3,"name":"Henry Moseley, justific\u00f3 cuantitativamente el concepto de n\u00famero at\u00f3mico"}]},{"@type":"WebSite","@id":"https:\/\/rinconeducativo.org\/es\/#website","url":"https:\/\/rinconeducativo.org\/es\/","name":"Rinc\u00f3n educativo","description":"Un proyecto del Foro Nuclear","potentialAction":[{"@type":"SearchAction","target":{"@type":"EntryPoint","urlTemplate":"https:\/\/rinconeducativo.org\/es\/?s={search_term_string}"},"query-input":{"@type":"PropertyValueSpecification","valueRequired":true,"valueName":"search_term_string"}}],"inLanguage":"es"}]}},"_links":{"self":[{"href":"https:\/\/rinconeducativo.org\/es\/wp-json\/wp\/v2\/re_recurso\/7377","targetHints":{"allow":["GET"]}}],"collection":[{"href":"https:\/\/rinconeducativo.org\/es\/wp-json\/wp\/v2\/re_recurso"}],"about":[{"href":"https:\/\/rinconeducativo.org\/es\/wp-json\/wp\/v2\/types\/re_recurso"}],"author":[{"embeddable":true,"href":"https:\/\/rinconeducativo.org\/es\/wp-json\/wp\/v2\/users\/1088"}],"version-history":[{"count":4,"href":"https:\/\/rinconeducativo.org\/es\/wp-json\/wp\/v2\/re_recurso\/7377\/revisions"}],"predecessor-version":[{"id":34908,"href":"https:\/\/rinconeducativo.org\/es\/wp-json\/wp\/v2\/re_recurso\/7377\/revisions\/34908"}],"wp:featuredmedia":[{"embeddable":true,"href":"https:\/\/rinconeducativo.org\/es\/wp-json\/wp\/v2\/media\/7376"}],"wp:attachment":[{"href":"https:\/\/rinconeducativo.org\/es\/wp-json\/wp\/v2\/media?parent=7377"}],"wp:term":[{"taxonomy":"post_tag","embeddable":true,"href":"https:\/\/rinconeducativo.org\/es\/wp-json\/wp\/v2\/tags?post=7377"},{"taxonomy":"edad","embeddable":true,"href":"https:\/\/rinconeducativo.org\/es\/wp-json\/wp\/v2\/edad?post=7377"},{"taxonomy":"recursos_tipo","embeddable":true,"href":"https:\/\/rinconeducativo.org\/es\/wp-json\/wp\/v2\/recursos_tipo?post=7377"},{"taxonomy":"recursos_tema","embeddable":true,"href":"https:\/\/rinconeducativo.org\/es\/wp-json\/wp\/v2\/recursos_tema?post=7377"},{"taxonomy":"clasificacion_anterior","embeddable":true,"href":"https:\/\/rinconeducativo.org\/es\/wp-json\/wp\/v2\/clasificacion_anterior?post=7377"}],"curies":[{"name":"wp","href":"https:\/\/api.w.org\/{rel}","templated":true}]}}