{"id":7319,"date":"2020-10-09T11:09:03","date_gmt":"2020-10-09T09:09:03","guid":{"rendered":"https:\/\/wp.rinconeducativo.org\/?recursos=jean-picard-primero-en-dar-una-medida-exacta-del-radio-de-la-tierra"},"modified":"2024-07-01T13:41:07","modified_gmt":"2024-07-01T11:41:07","slug":"jean-picard-primero-dar-medida-exacta-radio-tierra","status":"publish","type":"re_recurso","link":"https:\/\/rinconeducativo.org\/es\/recursos-educativos\/jean-picard-primero-dar-medida-exacta-radio-tierra\/","title":{"rendered":"Jean Picard, primero en dar una medida exacta del radio de la Tierra"},"content":{"rendered":"<div class=\"wp-block-image\">\n<figure class=\"alignleft\"><img loading=\"lazy\" decoding=\"async\" width=\"204\" height=\"247\" src=\"https:\/\/wp2.rinconeducativo.org\/wp-content\/uploads\/2020\/10\/picard_jean.jpg\" alt=\"Jean Picard\" class=\"wp-image-7318\" title=\"Jean Picard\"\/><\/figure>\n<\/div>\n\n\n<p>21 de julio de 1620, en La Fl\u00e9che (Francia) -12 de julio de 1682, en Par\u00eds (Francia)<\/p>\n\n\n\n<p>Astr\u00f3nomo y sacerdote franc\u00e9s que estudi\u00f3 en el colegio jesuita Henry Le Grand, considerado uno de los mejores centros educativos de Francia.<\/p>\n\n\n\n<p>En 1644, se muda a vivir a Par\u00eds, en donde pasa a ser disc\u00edpulo de Pierre Gassendi al que ayuda con las observaciones de un eclipse solar el 21 de agosto de 1645 y de eclipses lunares en 1646 y 1647.<\/p>\n\n\n\n<p>En 1655, ejerci\u00f3 como profesor de astronom\u00eda en el <em>Coll\u00e9ge de France<\/em> de Par\u00eds, tras la muerte de Gassendi ese mismo a\u00f1o.<\/p>\n\n\n\n<p>En 1666, se convirti\u00f3 en miembro de la <em>Acad\u00e9mie Royale des Sciences<\/em>, justo despu\u00e9s de su fundaci\u00f3n, y desde ese momento se dedic\u00f3 a trabajar para la academia.<\/p>\n\n\n\n<p>Introdujo importantes cambios que perfeccionaron numerosos instrumentos de observaci\u00f3n, como el dise\u00f1o de un micr\u00f3metro para medir los di\u00e1metros de los objetos celestes como el Sol, la Luna y los planetas. En 1667, a\u00f1adi\u00f3 una mira telesc\u00f3pica al cuadrante haci\u00e9ndolo mucho m\u00e1s \u00fatil en las observaciones.<\/p>\n\n\n\n<p>En 1670, realiz\u00f3 la primera medida de un meridiano de Francia, entre Sourdon y Malvoisine, lo que proporcion\u00f3 una medida muy exacta del radio de la Tierra. La cifra que ofreci\u00f3 fue de 6.327,9 km, cuando la actual es de 6.357 km, lo que quiere decir que Picard solo se equivoc\u00f3 por un margen de 0,44%, respecto a la medici\u00f3n actual.<\/p>\n\n\n\n<p>Las t\u00e9cnicas utilizadas para la medici\u00f3n le llevaron a elaborar un mapa de la regi\u00f3n de Par\u00eds y se uni\u00f3 a un proyecto para trazar un mapa de Francia.<\/p>\n\n\n\n<p>El c\u00e1lculo del radio de la Tierra, sirvi\u00f3 de base para que Newton, en 1684, confirmara la veracidad de su ley de gravitaci\u00f3n universal.<\/p>\n\n\n\n<p>En 1671, viaja al observatorio de Tycho Brahe (Suecia) para determinar con precisi\u00f3n su ubicaci\u00f3n y las observaciones de Tycho pudieran compararse directamente con otras. Durante su estancia, trabaja con <a href=\"http:\/\/rinconeducativo.org\/es\/recursos-educativos\/ole-christensen-romer-el-primero-en-determinar-la-velocidad-de-la-luz\">Ole R\u00f8mer<\/a>, observando eclipses de la luna Io de J\u00fapiter. Despu\u00e9s vuelve al observatorio de Par\u00eds (1673) y poco despu\u00e9s Ole R\u00f8mer se traslada para continuar observando las lunas de J\u00fapiter. Fue a partir de los datos que recopilaron ambos que R\u00f8mer pudo calcular la velocidad de la luz.<\/p>\n\n\n\n<p>Es en observatorio de Par\u00eds donde contribuye al descubrimiento de que la Tierra no es una esfera perfecta, sino que esta aplanada en los polos y participa en la medici\u00f3n del paralaje de Marte.<\/p>\n\n\n\n<p>En 1679, public\u00f3 el primer Anuario Astron\u00f3mico en lengua francesa.<\/p>\n\n\n\n<p>Adem\u00e1s de la astronom\u00eda, Picard estaba interesado en la hidr\u00e1ulica, un tema sobre el que escribi\u00f3 y tambi\u00e9n puso en pr\u00e1ctica sus habilidades resolviendo el problema de abastecer de agua las fuentes de Versalles.<\/p>\n\n\n\n<p>Curiosamente, durante su vida no se publicaron sus observaciones astron\u00f3micas, pero s\u00ed 60 a\u00f1os despu\u00e9s de su muerte.<\/p>\n","protected":false},"excerpt":{"rendered":"<p>Jean Picard, primero en dar una medida exacta del radio de la Tierra<\/p>\n","protected":false},"author":1088,"featured_media":7318,"template":"","meta":{"_acf_changed":false,"footnotes":""},"tags":[6114],"edad":[7029,7030,7031,7028],"recursos_tipo":[7014],"recursos_tema":[7010],"clasificacion_anterior":[],"class_list":["post-7319","re_recurso","type-re_recurso","status-publish","has-post-thumbnail","hentry","tag-ciencia","edad-de-6-a-12","edad-de-12-a-16","edad-mas-16","edad-todas-las-edades","recursos_tipo-personajes","recursos_tema-ciencia"],"acf":[],"yoast_head":"<!-- This site is optimized with the Yoast SEO plugin v26.8 - https:\/\/yoast.com\/product\/yoast-seo-wordpress\/ -->\n<title>Jean Picard, primero en dar una medida exacta del radio de la Tierra - Rinc\u00f3n educativo<\/title>\n<meta name=\"robots\" content=\"index, follow, max-snippet:-1, max-image-preview:large, max-video-preview:-1\" \/>\n<link rel=\"canonical\" href=\"https:\/\/rinconeducativo.org\/es\/recursos-educativos\/jean-picard-primero-dar-medida-exacta-radio-tierra\/\" \/>\n<meta property=\"og:locale\" content=\"es_ES\" \/>\n<meta property=\"og:type\" content=\"article\" \/>\n<meta property=\"og:title\" content=\"Jean Picard, primero en dar una medida exacta del radio de la Tierra - Rinc\u00f3n educativo\" \/>\n<meta property=\"og:description\" content=\"Jean Picard, primero en dar una medida exacta del radio de la Tierra\" \/>\n<meta property=\"og:url\" content=\"https:\/\/rinconeducativo.org\/es\/recursos-educativos\/jean-picard-primero-dar-medida-exacta-radio-tierra\/\" \/>\n<meta property=\"og:site_name\" content=\"Rinc\u00f3n educativo\" \/>\n<meta property=\"article:modified_time\" content=\"2024-07-01T11:41:07+00:00\" \/>\n<meta property=\"og:image\" content=\"https:\/\/rinconeducativo.org\/wp-content\/uploads\/2020\/10\/picard_jean.jpg\" \/>\n\t<meta property=\"og:image:width\" content=\"204\" \/>\n\t<meta property=\"og:image:height\" content=\"247\" \/>\n\t<meta property=\"og:image:type\" content=\"image\/jpeg\" \/>\n<meta name=\"twitter:card\" content=\"summary_large_image\" \/>\n<script type=\"application\/ld+json\" class=\"yoast-schema-graph\">{\"@context\":\"https:\/\/schema.org\",\"@graph\":[{\"@type\":\"WebPage\",\"@id\":\"https:\/\/rinconeducativo.org\/es\/recursos-educativos\/jean-picard-primero-dar-medida-exacta-radio-tierra\/\",\"url\":\"https:\/\/rinconeducativo.org\/es\/recursos-educativos\/jean-picard-primero-dar-medida-exacta-radio-tierra\/\",\"name\":\"Jean Picard, primero en dar una medida exacta del radio de la Tierra - Rinc\u00f3n educativo\",\"isPartOf\":{\"@id\":\"https:\/\/rinconeducativo.org\/es\/#website\"},\"primaryImageOfPage\":{\"@id\":\"https:\/\/rinconeducativo.org\/es\/recursos-educativos\/jean-picard-primero-dar-medida-exacta-radio-tierra\/#primaryimage\"},\"image\":{\"@id\":\"https:\/\/rinconeducativo.org\/es\/recursos-educativos\/jean-picard-primero-dar-medida-exacta-radio-tierra\/#primaryimage\"},\"thumbnailUrl\":\"https:\/\/rinconeducativo.org\/wp-content\/uploads\/2020\/10\/picard_jean.jpg\",\"datePublished\":\"2020-10-09T09:09:03+00:00\",\"dateModified\":\"2024-07-01T11:41:07+00:00\",\"breadcrumb\":{\"@id\":\"https:\/\/rinconeducativo.org\/es\/recursos-educativos\/jean-picard-primero-dar-medida-exacta-radio-tierra\/#breadcrumb\"},\"inLanguage\":\"es\",\"potentialAction\":[{\"@type\":\"ReadAction\",\"target\":[\"https:\/\/rinconeducativo.org\/es\/recursos-educativos\/jean-picard-primero-dar-medida-exacta-radio-tierra\/\"]}]},{\"@type\":\"ImageObject\",\"inLanguage\":\"es\",\"@id\":\"https:\/\/rinconeducativo.org\/es\/recursos-educativos\/jean-picard-primero-dar-medida-exacta-radio-tierra\/#primaryimage\",\"url\":\"https:\/\/rinconeducativo.org\/wp-content\/uploads\/2020\/10\/picard_jean.jpg\",\"contentUrl\":\"https:\/\/rinconeducativo.org\/wp-content\/uploads\/2020\/10\/picard_jean.jpg\",\"width\":204,\"height\":247,\"caption\":\"Jean Picard\"},{\"@type\":\"BreadcrumbList\",\"@id\":\"https:\/\/rinconeducativo.org\/es\/recursos-educativos\/jean-picard-primero-dar-medida-exacta-radio-tierra\/#breadcrumb\",\"itemListElement\":[{\"@type\":\"ListItem\",\"position\":1,\"name\":\"Portada\",\"item\":\"https:\/\/rinconeducativo.org\/es\/\"},{\"@type\":\"ListItem\",\"position\":2,\"name\":\"Recursos educativos\",\"item\":\"https:\/\/rinconeducativo.org\/es\/recursos-educativos\/\"},{\"@type\":\"ListItem\",\"position\":3,\"name\":\"Jean Picard, primero en dar una medida exacta del radio de la Tierra\"}]},{\"@type\":\"WebSite\",\"@id\":\"https:\/\/rinconeducativo.org\/es\/#website\",\"url\":\"https:\/\/rinconeducativo.org\/es\/\",\"name\":\"Rinc\u00f3n educativo\",\"description\":\"Un proyecto del Foro Nuclear\",\"potentialAction\":[{\"@type\":\"SearchAction\",\"target\":{\"@type\":\"EntryPoint\",\"urlTemplate\":\"https:\/\/rinconeducativo.org\/es\/?s={search_term_string}\"},\"query-input\":{\"@type\":\"PropertyValueSpecification\",\"valueRequired\":true,\"valueName\":\"search_term_string\"}}],\"inLanguage\":\"es\"}]}<\/script>\n<!-- \/ Yoast SEO plugin. -->","yoast_head_json":{"title":"Jean Picard, primero en dar una medida exacta del radio de la Tierra - Rinc\u00f3n educativo","robots":{"index":"index","follow":"follow","max-snippet":"max-snippet:-1","max-image-preview":"max-image-preview:large","max-video-preview":"max-video-preview:-1"},"canonical":"https:\/\/rinconeducativo.org\/es\/recursos-educativos\/jean-picard-primero-dar-medida-exacta-radio-tierra\/","og_locale":"es_ES","og_type":"article","og_title":"Jean Picard, primero en dar una medida exacta del radio de la Tierra - Rinc\u00f3n educativo","og_description":"Jean Picard, primero en dar una medida exacta del radio de la Tierra","og_url":"https:\/\/rinconeducativo.org\/es\/recursos-educativos\/jean-picard-primero-dar-medida-exacta-radio-tierra\/","og_site_name":"Rinc\u00f3n educativo","article_modified_time":"2024-07-01T11:41:07+00:00","og_image":[{"width":204,"height":247,"url":"https:\/\/rinconeducativo.org\/wp-content\/uploads\/2020\/10\/picard_jean.jpg","type":"image\/jpeg"}],"twitter_card":"summary_large_image","schema":{"@context":"https:\/\/schema.org","@graph":[{"@type":"WebPage","@id":"https:\/\/rinconeducativo.org\/es\/recursos-educativos\/jean-picard-primero-dar-medida-exacta-radio-tierra\/","url":"https:\/\/rinconeducativo.org\/es\/recursos-educativos\/jean-picard-primero-dar-medida-exacta-radio-tierra\/","name":"Jean Picard, primero en dar una medida exacta del radio de la Tierra - Rinc\u00f3n educativo","isPartOf":{"@id":"https:\/\/rinconeducativo.org\/es\/#website"},"primaryImageOfPage":{"@id":"https:\/\/rinconeducativo.org\/es\/recursos-educativos\/jean-picard-primero-dar-medida-exacta-radio-tierra\/#primaryimage"},"image":{"@id":"https:\/\/rinconeducativo.org\/es\/recursos-educativos\/jean-picard-primero-dar-medida-exacta-radio-tierra\/#primaryimage"},"thumbnailUrl":"https:\/\/rinconeducativo.org\/wp-content\/uploads\/2020\/10\/picard_jean.jpg","datePublished":"2020-10-09T09:09:03+00:00","dateModified":"2024-07-01T11:41:07+00:00","breadcrumb":{"@id":"https:\/\/rinconeducativo.org\/es\/recursos-educativos\/jean-picard-primero-dar-medida-exacta-radio-tierra\/#breadcrumb"},"inLanguage":"es","potentialAction":[{"@type":"ReadAction","target":["https:\/\/rinconeducativo.org\/es\/recursos-educativos\/jean-picard-primero-dar-medida-exacta-radio-tierra\/"]}]},{"@type":"ImageObject","inLanguage":"es","@id":"https:\/\/rinconeducativo.org\/es\/recursos-educativos\/jean-picard-primero-dar-medida-exacta-radio-tierra\/#primaryimage","url":"https:\/\/rinconeducativo.org\/wp-content\/uploads\/2020\/10\/picard_jean.jpg","contentUrl":"https:\/\/rinconeducativo.org\/wp-content\/uploads\/2020\/10\/picard_jean.jpg","width":204,"height":247,"caption":"Jean Picard"},{"@type":"BreadcrumbList","@id":"https:\/\/rinconeducativo.org\/es\/recursos-educativos\/jean-picard-primero-dar-medida-exacta-radio-tierra\/#breadcrumb","itemListElement":[{"@type":"ListItem","position":1,"name":"Portada","item":"https:\/\/rinconeducativo.org\/es\/"},{"@type":"ListItem","position":2,"name":"Recursos educativos","item":"https:\/\/rinconeducativo.org\/es\/recursos-educativos\/"},{"@type":"ListItem","position":3,"name":"Jean Picard, primero en dar una medida exacta del radio de la Tierra"}]},{"@type":"WebSite","@id":"https:\/\/rinconeducativo.org\/es\/#website","url":"https:\/\/rinconeducativo.org\/es\/","name":"Rinc\u00f3n educativo","description":"Un proyecto del Foro Nuclear","potentialAction":[{"@type":"SearchAction","target":{"@type":"EntryPoint","urlTemplate":"https:\/\/rinconeducativo.org\/es\/?s={search_term_string}"},"query-input":{"@type":"PropertyValueSpecification","valueRequired":true,"valueName":"search_term_string"}}],"inLanguage":"es"}]}},"_links":{"self":[{"href":"https:\/\/rinconeducativo.org\/es\/wp-json\/wp\/v2\/re_recurso\/7319","targetHints":{"allow":["GET"]}}],"collection":[{"href":"https:\/\/rinconeducativo.org\/es\/wp-json\/wp\/v2\/re_recurso"}],"about":[{"href":"https:\/\/rinconeducativo.org\/es\/wp-json\/wp\/v2\/types\/re_recurso"}],"author":[{"embeddable":true,"href":"https:\/\/rinconeducativo.org\/es\/wp-json\/wp\/v2\/users\/1088"}],"version-history":[{"count":2,"href":"https:\/\/rinconeducativo.org\/es\/wp-json\/wp\/v2\/re_recurso\/7319\/revisions"}],"predecessor-version":[{"id":30314,"href":"https:\/\/rinconeducativo.org\/es\/wp-json\/wp\/v2\/re_recurso\/7319\/revisions\/30314"}],"wp:featuredmedia":[{"embeddable":true,"href":"https:\/\/rinconeducativo.org\/es\/wp-json\/wp\/v2\/media\/7318"}],"wp:attachment":[{"href":"https:\/\/rinconeducativo.org\/es\/wp-json\/wp\/v2\/media?parent=7319"}],"wp:term":[{"taxonomy":"post_tag","embeddable":true,"href":"https:\/\/rinconeducativo.org\/es\/wp-json\/wp\/v2\/tags?post=7319"},{"taxonomy":"edad","embeddable":true,"href":"https:\/\/rinconeducativo.org\/es\/wp-json\/wp\/v2\/edad?post=7319"},{"taxonomy":"recursos_tipo","embeddable":true,"href":"https:\/\/rinconeducativo.org\/es\/wp-json\/wp\/v2\/recursos_tipo?post=7319"},{"taxonomy":"recursos_tema","embeddable":true,"href":"https:\/\/rinconeducativo.org\/es\/wp-json\/wp\/v2\/recursos_tema?post=7319"},{"taxonomy":"clasificacion_anterior","embeddable":true,"href":"https:\/\/rinconeducativo.org\/es\/wp-json\/wp\/v2\/clasificacion_anterior?post=7319"}],"curies":[{"name":"wp","href":"https:\/\/api.w.org\/{rel}","templated":true}]}}