{"id":7244,"date":"2020-09-25T12:25:04","date_gmt":"2020-09-25T12:25:04","guid":{"rendered":"https:\/\/wp.rinconeducativo.org\/?recursos=joseph-louis-proust-uno-de-los-fundadores-de-la-quimica-moderna"},"modified":"2025-01-09T12:57:32","modified_gmt":"2025-01-09T11:57:32","slug":"joseph-louis-proust-fundador-quimica-moderna","status":"publish","type":"re_recurso","link":"https:\/\/rinconeducativo.org\/es\/recursos-educativos\/joseph-louis-proust-fundador-quimica-moderna\/","title":{"rendered":"Joseph Louis Proust, uno de los fundadores de la qu\u00edmica moderna"},"content":{"rendered":"<div class=\"wp-block-image\">\n<figure class=\"alignleft is-resized\"><img loading=\"lazy\" decoding=\"async\" width=\"586\" height=\"750\" src=\"https:\/\/wp2.rinconeducativo.org\/wp-content\/uploads\/2020\/09\/proust_joseph_louis.jpg\" alt=\"Joseph Louis Proust\" class=\"wp-image-7241\" style=\"width:194px;height:248px\" title=\"Joseph Louis Proust\" srcset=\"https:\/\/rinconeducativo.org\/wp-content\/uploads\/2020\/09\/proust_joseph_louis.jpg 586w, https:\/\/rinconeducativo.org\/wp-content\/uploads\/2020\/09\/proust_joseph_louis-391x500.jpg 391w\" sizes=\"auto, (max-width: 586px) 100vw, 586px\" \/><\/figure>\n<\/div>\n\n\n<p>26 de septiembre de 1754, Angers (Francia) \u2013 5 de julio de 1826, Angers (Francia)<\/p>\n\n\n\n<p>Simultane\u00f3 sus estudios en el colegio de los Oratorianos con el trabajo de la farmacia familiar, en la cual adquiri\u00f3 sus primeros conocimientos de qu\u00edmica y herborister\u00eda, llegando a participar en la creaci\u00f3n de un jard\u00edn bot\u00e1nico en la ciudad.<\/p>\n\n\n\n<p>A los 21 a\u00f1os, obtuvo por oposici\u00f3n la plaza de Farmac\u00e9utico Jefe del Hospital de la Salp\u00e9tri\u00e8re en Par\u00eds (Francia). Durante su estancia en esta ciudad, entabl\u00f3 amistad con el qu\u00edmico Antoine-Laurent de Lavoisier y con el tambi\u00e9n farmac\u00e9utico Pil\u00e2tre de Rozier (pionero de la aerostaci\u00f3n), junto con el que realiz\u00f3 una ascensi\u00f3n en globo el 23 de junio de 1784 en presencia del rey Luis XVI de Francia y el rey Gustavo III de Suecia.<\/p>\n\n\n\n<p>Entre 1778 y 1780, imparti\u00f3 clases de Qu\u00edmica e instal\u00f3 los laboratorios de Qu\u00edmica y Metalurgia en el Real Seminario de Vergara (Guip\u00fazcoa, Espa\u00f1a) que fue fundado por la Real Sociedad Bascongada de Amigos del Pa\u00eds.<\/p>\n\n\n<div class=\"wp-block-image\">\n<figure class=\"alignright is-resized\"><img loading=\"lazy\" decoding=\"async\" width=\"1920\" height=\"2560\" src=\"https:\/\/wp2.rinconeducativo.org\/wp-content\/uploads\/2020\/09\/proust_monumento_en_segovia-scaled.jpg\" alt=\"Monumento a Proust en Segovia\" class=\"wp-image-7242\" style=\"width:287px;height:382px\" title=\"Monumento a Proust en Segovia\" srcset=\"https:\/\/rinconeducativo.org\/wp-content\/uploads\/2020\/09\/proust_monumento_en_segovia-scaled.jpg 1920w, https:\/\/rinconeducativo.org\/wp-content\/uploads\/2020\/09\/proust_monumento_en_segovia-375x500.jpg 375w, https:\/\/rinconeducativo.org\/wp-content\/uploads\/2020\/09\/proust_monumento_en_segovia-900x1200.jpg 900w, https:\/\/rinconeducativo.org\/wp-content\/uploads\/2020\/09\/proust_monumento_en_segovia-768x1024.jpg 768w, https:\/\/rinconeducativo.org\/wp-content\/uploads\/2020\/09\/proust_monumento_en_segovia-1152x1536.jpg 1152w, https:\/\/rinconeducativo.org\/wp-content\/uploads\/2020\/09\/proust_monumento_en_segovia-1536x2048.jpg 1536w, https:\/\/rinconeducativo.org\/wp-content\/uploads\/2020\/09\/proust_monumento_en_segovia-1568x2091.jpg 1568w\" sizes=\"auto, (max-width: 1920px) 100vw, 1920px\" \/><\/figure>\n<\/div>\n\n\n<p>En 1786, el gobierno espa\u00f1ol tras una recomendaci\u00f3n de Lavoisier y a trav\u00e9s de un acuerdo entre el rey Carlos III y Luis XVI, contrata a Proust para ense\u00f1ar qu\u00edmica en Madrid. Tras una breve estancia, se hace cargo de las clases de Qu\u00edmica y Metalurgia en el Real Colegio de Artiller\u00eda de Segovia hasta 1799.<\/p>\n\n\n\n<p>El laboratorio del Real Colegio fue dotado con los mejores medios de la \u00e9poca y en \u00e9l, Proust realiz\u00f3 numerosas experiencias sobre composici\u00f3n de sustancias que le llevaron a enunciar y dar difusi\u00f3n a la Ley de las Proporciones Definidas: \u201cLas sustancias se combinan en proporciones constantes y concretas\u201d entre 1794 y 1799. Esta ley le condujo a una disputa p\u00fablica con otro qu\u00edmico franc\u00e9s <a href=\"https:\/\/rinconeducativo.org\/es\/recursos-educativos\/claude-louis-berthollet-su-sistema-base-sistema-compuestos-quimicos\/\" target=\"_blank\" rel=\"noreferrer noopener\">Claude Louis Berthollet<\/a>, quien defend\u00eda la variabilidad en la composici\u00f3n de los compuestos en funci\u00f3n de su m\u00e9todo de s\u00edntesis.<\/p>\n\n\n\n<p>Durante su estancia en Segovia, Proust dirigi\u00f3 e hizo una gran contribuci\u00f3n a la publicaci\u00f3n de los \u201cAnales del Real Laboratorio de Qu\u00edmica de Segovia\u201d, cuyos dos tomos completos aparecieron en 1791 y 1795.<\/p>\n\n\n\n<p>En 1799, el gobierno decidi\u00f3 fusionar los laboratorios de Qu\u00edmica de los Ministerios de Estado y Hacienda en lo que ser\u00eda el Laboratorio Real de Madrid y nombraron a Proust director. Ese mismo a\u00f1o, Proust particip\u00f3 en la redacci\u00f3n y edici\u00f3n de la primera revista espa\u00f1ola dedicada por completo a las ciencias naturales, \u201cAnales de Historia Natural\u201d que, en 1801, pas\u00f3 a llamarse \u201cAnales de Ciencias Naturales\u201d. Fue una \u00e9poca muy fruct\u00edfera en la que pudo combinar investigaci\u00f3n, ense\u00f1anza y en la que publica los libros \u201cIndagaciones sobre el esta\u00f1ado de cobre, la vajilla de esta\u00f1o y el vidriado\u201d (1803) y \u201c<em>Memoire sur le sucre des raisins<\/em>\u201d (1808). Son especialmente relevantes sus estudios sobre el az\u00facar.<\/p>\n\n\n<div class=\"wp-block-image\">\n<figure class=\"alignleft\"><img loading=\"lazy\" decoding=\"async\" width=\"350\" height=\"200\" src=\"https:\/\/wp2.rinconeducativo.org\/wp-content\/uploads\/2020\/09\/proust_ley_proporciones_definidas.jpg\" alt=\"Ley de las Proporciones Definidas de Proust\" class=\"wp-image-7243\" title=\"Ley de las Proporciones Definidas de Proust\"\/><\/figure>\n<\/div>\n\n\n<p>Proust goza de libertad de investigaci\u00f3n y prestigio en Espa\u00f1a, incluso rechaza una substanciosa oferta de una empresa francesa en 1806, pero a finales de ese mismo a\u00f1o debe viajar a Francia por motivos familiares y la situaci\u00f3n pol\u00edtica impide su vuelta a Madrid, pues, entre otros temas, la abdicaci\u00f3n de Carlos IV de Espa\u00f1a en 1808 priva de fondos al laboratorio.<\/p>\n\n\n\n<p>Se establece en Craon (Francia), donde contin\u00faa trabajando y manteniendo su controversia con Berthollet.<\/p>\n\n\n\n<p>En 1811, Proust consigui\u00f3 que el prestigioso qu\u00edmico sueco <a href=\"http:\/\/rinconeducativo.org\/es\/recursos-educativos\/jons-jacob-berzelius-padre-de-la-notacion-quimica-actual\">J\u00f6ns Jacob Berzelius<\/a> reconociese su enunciado lo que sent\u00f3 las bases para el establecimiento de la <a href=\"https:\/\/rinconeducativo.org\/es\/recursos-educativos\/john-dalton-cientifico-multidisciplinar-que-sento-las-bases-de-la-quimica\/\" target=\"_blank\" rel=\"noreferrer noopener\">teor\u00eda at\u00f3mica de Dalton<\/a>.<\/p>\n\n\n\n<p>En 1815, publica \u201c<em>Recueil des memoires relatifs a la poudre a canon<\/em>\u201d, y en 1816 ingresa en la Academia Francesa de Ciencias. Pensionado por Luis XVIII de Francia en 1824 publica \u201c<em>Essai sur une des causes qui peuvent amener la formation du calcul<\/em>\u201d, dos a\u00f1os antes de su fallecimiento.<\/p>\n\n\n\n<p>Parte del legado de Proust, como el laboratorio y la Biblioteca de la Academia de Artiller\u00eda, se perdieron durante la invasi\u00f3n francesa.<\/p>\n","protected":false},"excerpt":{"rendered":"<p>Joseph Louis Proust, uno de los fundadores de la qu\u00edmica moderna.<\/p>\n","protected":false},"author":1088,"featured_media":7241,"template":"","meta":{"_acf_changed":false,"footnotes":""},"tags":[6071],"edad":[7030,7031],"recursos_tipo":[7014],"recursos_tema":[7010,7097],"clasificacion_anterior":[],"class_list":["post-7244","re_recurso","type-re_recurso","status-publish","has-post-thumbnail","hentry","tag-tabla-periodica","edad-de-12-a-16","edad-mas-16","recursos_tipo-personajes","recursos_tema-ciencia","recursos_tema-tablas-periodicas"],"acf":[],"yoast_head":"<!-- This site is optimized with the Yoast SEO plugin v26.8 - https:\/\/yoast.com\/product\/yoast-seo-wordpress\/ -->\n<title>Joseph Louis Proust, uno de los fundadores de la qu\u00edmica moderna - Rinc\u00f3n educativo<\/title>\n<meta name=\"robots\" content=\"index, follow, max-snippet:-1, max-image-preview:large, max-video-preview:-1\" \/>\n<link rel=\"canonical\" href=\"https:\/\/rinconeducativo.org\/es\/recursos-educativos\/joseph-louis-proust-fundador-quimica-moderna\/\" \/>\n<meta property=\"og:locale\" content=\"es_ES\" \/>\n<meta property=\"og:type\" content=\"article\" \/>\n<meta property=\"og:title\" content=\"Joseph Louis Proust, uno de los fundadores de la qu\u00edmica moderna - Rinc\u00f3n educativo\" \/>\n<meta property=\"og:description\" content=\"Joseph Louis Proust, uno de los fundadores de la qu\u00edmica moderna.\" \/>\n<meta property=\"og:url\" content=\"https:\/\/rinconeducativo.org\/es\/recursos-educativos\/joseph-louis-proust-fundador-quimica-moderna\/\" \/>\n<meta property=\"og:site_name\" content=\"Rinc\u00f3n educativo\" \/>\n<meta property=\"article:modified_time\" content=\"2025-01-09T11:57:32+00:00\" \/>\n<meta property=\"og:image\" content=\"https:\/\/rinconeducativo.org\/wp-content\/uploads\/2020\/09\/proust_joseph_louis.jpg\" \/>\n\t<meta property=\"og:image:width\" content=\"586\" \/>\n\t<meta property=\"og:image:height\" content=\"750\" \/>\n\t<meta property=\"og:image:type\" content=\"image\/jpeg\" \/>\n<meta name=\"twitter:card\" content=\"summary_large_image\" \/>\n<script type=\"application\/ld+json\" class=\"yoast-schema-graph\">{\"@context\":\"https:\/\/schema.org\",\"@graph\":[{\"@type\":\"WebPage\",\"@id\":\"https:\/\/rinconeducativo.org\/es\/recursos-educativos\/joseph-louis-proust-fundador-quimica-moderna\/\",\"url\":\"https:\/\/rinconeducativo.org\/es\/recursos-educativos\/joseph-louis-proust-fundador-quimica-moderna\/\",\"name\":\"Joseph Louis Proust, uno de los fundadores de la qu\u00edmica moderna - Rinc\u00f3n educativo\",\"isPartOf\":{\"@id\":\"https:\/\/rinconeducativo.org\/es\/#website\"},\"primaryImageOfPage\":{\"@id\":\"https:\/\/rinconeducativo.org\/es\/recursos-educativos\/joseph-louis-proust-fundador-quimica-moderna\/#primaryimage\"},\"image\":{\"@id\":\"https:\/\/rinconeducativo.org\/es\/recursos-educativos\/joseph-louis-proust-fundador-quimica-moderna\/#primaryimage\"},\"thumbnailUrl\":\"https:\/\/rinconeducativo.org\/wp-content\/uploads\/2020\/09\/proust_joseph_louis.jpg\",\"datePublished\":\"2020-09-25T12:25:04+00:00\",\"dateModified\":\"2025-01-09T11:57:32+00:00\",\"breadcrumb\":{\"@id\":\"https:\/\/rinconeducativo.org\/es\/recursos-educativos\/joseph-louis-proust-fundador-quimica-moderna\/#breadcrumb\"},\"inLanguage\":\"es\",\"potentialAction\":[{\"@type\":\"ReadAction\",\"target\":[\"https:\/\/rinconeducativo.org\/es\/recursos-educativos\/joseph-louis-proust-fundador-quimica-moderna\/\"]}]},{\"@type\":\"ImageObject\",\"inLanguage\":\"es\",\"@id\":\"https:\/\/rinconeducativo.org\/es\/recursos-educativos\/joseph-louis-proust-fundador-quimica-moderna\/#primaryimage\",\"url\":\"https:\/\/rinconeducativo.org\/wp-content\/uploads\/2020\/09\/proust_joseph_louis.jpg\",\"contentUrl\":\"https:\/\/rinconeducativo.org\/wp-content\/uploads\/2020\/09\/proust_joseph_louis.jpg\",\"width\":586,\"height\":750,\"caption\":\"Joseph Louis Proust\"},{\"@type\":\"BreadcrumbList\",\"@id\":\"https:\/\/rinconeducativo.org\/es\/recursos-educativos\/joseph-louis-proust-fundador-quimica-moderna\/#breadcrumb\",\"itemListElement\":[{\"@type\":\"ListItem\",\"position\":1,\"name\":\"Portada\",\"item\":\"https:\/\/rinconeducativo.org\/es\/\"},{\"@type\":\"ListItem\",\"position\":2,\"name\":\"Recursos educativos\",\"item\":\"https:\/\/rinconeducativo.org\/es\/recursos-educativos\/\"},{\"@type\":\"ListItem\",\"position\":3,\"name\":\"Joseph Louis Proust, uno de los fundadores de la qu\u00edmica moderna\"}]},{\"@type\":\"WebSite\",\"@id\":\"https:\/\/rinconeducativo.org\/es\/#website\",\"url\":\"https:\/\/rinconeducativo.org\/es\/\",\"name\":\"Rinc\u00f3n educativo\",\"description\":\"Un proyecto del Foro Nuclear\",\"potentialAction\":[{\"@type\":\"SearchAction\",\"target\":{\"@type\":\"EntryPoint\",\"urlTemplate\":\"https:\/\/rinconeducativo.org\/es\/?s={search_term_string}\"},\"query-input\":{\"@type\":\"PropertyValueSpecification\",\"valueRequired\":true,\"valueName\":\"search_term_string\"}}],\"inLanguage\":\"es\"}]}<\/script>\n<!-- \/ Yoast SEO plugin. -->","yoast_head_json":{"title":"Joseph Louis Proust, uno de los fundadores de la qu\u00edmica moderna - Rinc\u00f3n educativo","robots":{"index":"index","follow":"follow","max-snippet":"max-snippet:-1","max-image-preview":"max-image-preview:large","max-video-preview":"max-video-preview:-1"},"canonical":"https:\/\/rinconeducativo.org\/es\/recursos-educativos\/joseph-louis-proust-fundador-quimica-moderna\/","og_locale":"es_ES","og_type":"article","og_title":"Joseph Louis Proust, uno de los fundadores de la qu\u00edmica moderna - Rinc\u00f3n educativo","og_description":"Joseph Louis Proust, uno de los fundadores de la qu\u00edmica moderna.","og_url":"https:\/\/rinconeducativo.org\/es\/recursos-educativos\/joseph-louis-proust-fundador-quimica-moderna\/","og_site_name":"Rinc\u00f3n educativo","article_modified_time":"2025-01-09T11:57:32+00:00","og_image":[{"width":586,"height":750,"url":"https:\/\/rinconeducativo.org\/wp-content\/uploads\/2020\/09\/proust_joseph_louis.jpg","type":"image\/jpeg"}],"twitter_card":"summary_large_image","schema":{"@context":"https:\/\/schema.org","@graph":[{"@type":"WebPage","@id":"https:\/\/rinconeducativo.org\/es\/recursos-educativos\/joseph-louis-proust-fundador-quimica-moderna\/","url":"https:\/\/rinconeducativo.org\/es\/recursos-educativos\/joseph-louis-proust-fundador-quimica-moderna\/","name":"Joseph Louis Proust, uno de los fundadores de la qu\u00edmica moderna - Rinc\u00f3n educativo","isPartOf":{"@id":"https:\/\/rinconeducativo.org\/es\/#website"},"primaryImageOfPage":{"@id":"https:\/\/rinconeducativo.org\/es\/recursos-educativos\/joseph-louis-proust-fundador-quimica-moderna\/#primaryimage"},"image":{"@id":"https:\/\/rinconeducativo.org\/es\/recursos-educativos\/joseph-louis-proust-fundador-quimica-moderna\/#primaryimage"},"thumbnailUrl":"https:\/\/rinconeducativo.org\/wp-content\/uploads\/2020\/09\/proust_joseph_louis.jpg","datePublished":"2020-09-25T12:25:04+00:00","dateModified":"2025-01-09T11:57:32+00:00","breadcrumb":{"@id":"https:\/\/rinconeducativo.org\/es\/recursos-educativos\/joseph-louis-proust-fundador-quimica-moderna\/#breadcrumb"},"inLanguage":"es","potentialAction":[{"@type":"ReadAction","target":["https:\/\/rinconeducativo.org\/es\/recursos-educativos\/joseph-louis-proust-fundador-quimica-moderna\/"]}]},{"@type":"ImageObject","inLanguage":"es","@id":"https:\/\/rinconeducativo.org\/es\/recursos-educativos\/joseph-louis-proust-fundador-quimica-moderna\/#primaryimage","url":"https:\/\/rinconeducativo.org\/wp-content\/uploads\/2020\/09\/proust_joseph_louis.jpg","contentUrl":"https:\/\/rinconeducativo.org\/wp-content\/uploads\/2020\/09\/proust_joseph_louis.jpg","width":586,"height":750,"caption":"Joseph Louis Proust"},{"@type":"BreadcrumbList","@id":"https:\/\/rinconeducativo.org\/es\/recursos-educativos\/joseph-louis-proust-fundador-quimica-moderna\/#breadcrumb","itemListElement":[{"@type":"ListItem","position":1,"name":"Portada","item":"https:\/\/rinconeducativo.org\/es\/"},{"@type":"ListItem","position":2,"name":"Recursos educativos","item":"https:\/\/rinconeducativo.org\/es\/recursos-educativos\/"},{"@type":"ListItem","position":3,"name":"Joseph Louis Proust, uno de los fundadores de la qu\u00edmica moderna"}]},{"@type":"WebSite","@id":"https:\/\/rinconeducativo.org\/es\/#website","url":"https:\/\/rinconeducativo.org\/es\/","name":"Rinc\u00f3n educativo","description":"Un proyecto del Foro Nuclear","potentialAction":[{"@type":"SearchAction","target":{"@type":"EntryPoint","urlTemplate":"https:\/\/rinconeducativo.org\/es\/?s={search_term_string}"},"query-input":{"@type":"PropertyValueSpecification","valueRequired":true,"valueName":"search_term_string"}}],"inLanguage":"es"}]}},"_links":{"self":[{"href":"https:\/\/rinconeducativo.org\/es\/wp-json\/wp\/v2\/re_recurso\/7244","targetHints":{"allow":["GET"]}}],"collection":[{"href":"https:\/\/rinconeducativo.org\/es\/wp-json\/wp\/v2\/re_recurso"}],"about":[{"href":"https:\/\/rinconeducativo.org\/es\/wp-json\/wp\/v2\/types\/re_recurso"}],"author":[{"embeddable":true,"href":"https:\/\/rinconeducativo.org\/es\/wp-json\/wp\/v2\/users\/1088"}],"version-history":[{"count":3,"href":"https:\/\/rinconeducativo.org\/es\/wp-json\/wp\/v2\/re_recurso\/7244\/revisions"}],"predecessor-version":[{"id":37283,"href":"https:\/\/rinconeducativo.org\/es\/wp-json\/wp\/v2\/re_recurso\/7244\/revisions\/37283"}],"wp:featuredmedia":[{"embeddable":true,"href":"https:\/\/rinconeducativo.org\/es\/wp-json\/wp\/v2\/media\/7241"}],"wp:attachment":[{"href":"https:\/\/rinconeducativo.org\/es\/wp-json\/wp\/v2\/media?parent=7244"}],"wp:term":[{"taxonomy":"post_tag","embeddable":true,"href":"https:\/\/rinconeducativo.org\/es\/wp-json\/wp\/v2\/tags?post=7244"},{"taxonomy":"edad","embeddable":true,"href":"https:\/\/rinconeducativo.org\/es\/wp-json\/wp\/v2\/edad?post=7244"},{"taxonomy":"recursos_tipo","embeddable":true,"href":"https:\/\/rinconeducativo.org\/es\/wp-json\/wp\/v2\/recursos_tipo?post=7244"},{"taxonomy":"recursos_tema","embeddable":true,"href":"https:\/\/rinconeducativo.org\/es\/wp-json\/wp\/v2\/recursos_tema?post=7244"},{"taxonomy":"clasificacion_anterior","embeddable":true,"href":"https:\/\/rinconeducativo.org\/es\/wp-json\/wp\/v2\/clasificacion_anterior?post=7244"}],"curies":[{"name":"wp","href":"https:\/\/api.w.org\/{rel}","templated":true}]}}