{"id":6984,"date":"2020-08-05T09:49:53","date_gmt":"2020-08-05T07:49:53","guid":{"rendered":"https:\/\/wp.rinconeducativo.org\/?recursos=amedeo-avogadro-conocido-por-promulgar-la-ley-que-lleva-su-nombre"},"modified":"2024-10-18T13:43:42","modified_gmt":"2024-10-18T11:43:42","slug":"amedeo-avogadro-conocido-promulgar-ley-lleva-su-nombre","status":"publish","type":"re_recurso","link":"https:\/\/rinconeducativo.org\/es\/recursos-educativos\/amedeo-avogadro-conocido-promulgar-ley-lleva-su-nombre\/","title":{"rendered":"Amedeo Avogadro, conocido por promulgar la ley que lleva su nombre"},"content":{"rendered":"<div class=\"wp-block-image\">\n<figure class=\"alignleft is-resized\"><img loading=\"lazy\" decoding=\"async\" width=\"2560\" height=\"1707\" src=\"https:\/\/wp2.rinconeducativo.org\/wp-content\/uploads\/2020\/08\/amedeo_avogadro_0-scaled.jpg\" alt=\"Amedeo Avogadro\" class=\"wp-image-6982\" style=\"width:289px;height:193px\" srcset=\"https:\/\/rinconeducativo.org\/wp-content\/uploads\/2020\/08\/amedeo_avogadro_0-scaled.jpg 2560w, https:\/\/rinconeducativo.org\/wp-content\/uploads\/2020\/08\/amedeo_avogadro_0-500x333.jpg 500w, https:\/\/rinconeducativo.org\/wp-content\/uploads\/2020\/08\/amedeo_avogadro_0-1200x800.jpg 1200w, https:\/\/rinconeducativo.org\/wp-content\/uploads\/2020\/08\/amedeo_avogadro_0-768x512.jpg 768w, https:\/\/rinconeducativo.org\/wp-content\/uploads\/2020\/08\/amedeo_avogadro_0-1536x1024.jpg 1536w, https:\/\/rinconeducativo.org\/wp-content\/uploads\/2020\/08\/amedeo_avogadro_0-2048x1365.jpg 2048w, https:\/\/rinconeducativo.org\/wp-content\/uploads\/2020\/08\/amedeo_avogadro_0-1568x1045.jpg 1568w\" sizes=\"auto, (max-width: 2560px) 100vw, 2560px\" \/><\/figure>\n<\/div>\n\n\n<p>9 de agosto de 1776, Tur\u00edn (Italia) \u2013 9 de julio de 1856, Tur\u00edn (Italia)<\/p>\n\n\n\n<p>Su nombre completo era Lorenzo Romano Amedeo Carlo Avogadro y fue un f\u00edsico y qu\u00edmico italiano que ejerci\u00f3 su carrera como profesor de f\u00edsica en la Universidad de Tur\u00edn.<\/p>\n\n\n\n<p>Hijo de un magistrado perteneciente a una antigua familia de Piamonte, sigui\u00f3 los pasos de su padre y obtuvo la licenciatura en derecho can\u00f3nico en 1796. Se inscribi\u00f3 como abogado en su ciudad natal, Tur\u00edn, pero su pasi\u00f3n por la f\u00edsica y las matem\u00e1ticas, que cultivaba en solitario, lo empuj\u00f3 a emprender estudios cient\u00edfico obteniendo, en 1809, a los 33 a\u00f1os de edad, un puesto de profesor de f\u00edsica en el Colegio Real de Vercelli.<\/p>\n\n\n<div class=\"wp-block-image\">\n<figure class=\"alignright is-resized\"><img loading=\"lazy\" decoding=\"async\" width=\"779\" height=\"477\" src=\"https:\/\/wp2.rinconeducativo.org\/wp-content\/uploads\/2020\/08\/experimento_avogadro_0.jpg\" alt=\"Experimento Amedeo Avogadro\" class=\"wp-image-6983\" style=\"width:285px;height:175px\" srcset=\"https:\/\/rinconeducativo.org\/wp-content\/uploads\/2020\/08\/experimento_avogadro_0.jpg 779w, https:\/\/rinconeducativo.org\/wp-content\/uploads\/2020\/08\/experimento_avogadro_0-500x306.jpg 500w, https:\/\/rinconeducativo.org\/wp-content\/uploads\/2020\/08\/experimento_avogadro_0-768x470.jpg 768w\" sizes=\"auto, (max-width: 779px) 100vw, 779px\" \/><\/figure>\n<\/div>\n\n\n<p>Es conocido por formular su <a href=\"https:\/\/rinconeducativo.org\/es\/efemerides\/14-julio-1811-amedeo-avogadro-publica-ley-que-lleva-su-nombre\/\" target=\"_blank\" rel=\"noreferrer noopener\">Ley de Avogadro<\/a>, que anuncia que \u201cvol\u00famenes iguales de gases diferentes, en las mismas condiciones de presi\u00f3n y temperatura, contienen el mismo n\u00famero de mol\u00e9culas\u201d. Para ello, se apoy\u00f3 en la teor\u00eda at\u00f3mica de <a href=\"https:\/\/rinconeducativo.org\/es\/recursos-educativos\/john-dalton-cientifico-sento-las-bases-de-la-quimica-moderna\/\" target=\"_blank\" rel=\"noreferrer noopener\">John Dalton<\/a> y en la Ley de Gay-Lussac sobre los vectores de movimiento en la mol\u00e9cula.<\/p>\n\n\n\n<p>La mayor dificultad que tuvo que superar estaba relacionada con la confusi\u00f3n existente en aquella \u00e9poca entre \u00e1tomos y mol\u00e9culas y que la comunidad cient\u00edfica no dio una buena acogida a sus teor\u00edas, no aceptando inmediatamente sus hip\u00f3tesis. Hubo que esperar a los trabajos de Gerhardt, Laurent y Williamson sobre las mol\u00e9culas org\u00e1nicas para mostrar que la Ley de Avogadro era indispensable para explicar por qu\u00e9 cantidades iguales de mol\u00e9culas ocupaban el mismo volumen en estado gaseoso.<\/p>\n\n\n\n<p>En su honor se le dio el nombre al n\u00famero o constante de Avogadro (L o N<sub>A<\/sub>) que es el n\u00famero de part\u00edculas constituyentes (normalmente \u00e1tomos o mol\u00e9culas) que se encuentran en la cantidad de una sustancia de <a href=\"https:\/\/rinconeducativo.org\/es\/efemerides\/23-octubre-dia-mol-feliz-dia-para-quimicos-quimicas\/\" target=\"_blank\" rel=\"noreferrer noopener\">un mol<\/a>. Por tanto, es el factor proporcional que relaciona la masa molar de una sustancia con la masa de una muestra. Su valor es igual a 6,022 x 10<sup>23<\/sup>.<\/p>\n","protected":false},"excerpt":{"rendered":"<p>Amedeo Avogadro, conocido por promulgar la ley que lleva su nombre<\/p>\n","protected":false},"author":1088,"featured_media":6982,"template":"","meta":{"_acf_changed":false,"footnotes":""},"tags":[6255,6071],"edad":[7029,7030,7031,7028],"recursos_tipo":[7014],"recursos_tema":[7010,7097],"clasificacion_anterior":[],"class_list":["post-6984","re_recurso","type-re_recurso","status-publish","has-post-thumbnail","hentry","tag-atomos","tag-tabla-periodica","edad-de-6-a-12","edad-de-12-a-16","edad-mas-16","edad-todas-las-edades","recursos_tipo-personajes","recursos_tema-ciencia","recursos_tema-tablas-periodicas"],"acf":[],"yoast_head":"<!-- This site is optimized with the Yoast SEO plugin v26.8 - https:\/\/yoast.com\/product\/yoast-seo-wordpress\/ -->\n<title>Amedeo Avogadro, conocido por promulgar la ley que lleva su nombre - Rinc\u00f3n educativo<\/title>\n<meta name=\"robots\" content=\"index, follow, max-snippet:-1, max-image-preview:large, max-video-preview:-1\" \/>\n<link rel=\"canonical\" href=\"https:\/\/rinconeducativo.org\/es\/recursos-educativos\/amedeo-avogadro-conocido-promulgar-ley-lleva-su-nombre\/\" \/>\n<meta property=\"og:locale\" content=\"es_ES\" \/>\n<meta property=\"og:type\" content=\"article\" \/>\n<meta property=\"og:title\" content=\"Amedeo Avogadro, conocido por promulgar la ley que lleva su nombre - Rinc\u00f3n educativo\" \/>\n<meta property=\"og:description\" content=\"Amedeo Avogadro, conocido por promulgar la ley que lleva su nombre\" \/>\n<meta property=\"og:url\" content=\"https:\/\/rinconeducativo.org\/es\/recursos-educativos\/amedeo-avogadro-conocido-promulgar-ley-lleva-su-nombre\/\" \/>\n<meta property=\"og:site_name\" content=\"Rinc\u00f3n educativo\" \/>\n<meta property=\"article:modified_time\" content=\"2024-10-18T11:43:42+00:00\" \/>\n<meta property=\"og:image\" content=\"https:\/\/rinconeducativo.org\/wp-content\/uploads\/2020\/08\/amedeo_avogadro_0-scaled.jpg\" \/>\n\t<meta property=\"og:image:width\" content=\"2560\" \/>\n\t<meta property=\"og:image:height\" content=\"1707\" \/>\n\t<meta property=\"og:image:type\" content=\"image\/jpeg\" \/>\n<meta name=\"twitter:card\" content=\"summary_large_image\" \/>\n<script type=\"application\/ld+json\" class=\"yoast-schema-graph\">{\"@context\":\"https:\/\/schema.org\",\"@graph\":[{\"@type\":\"WebPage\",\"@id\":\"https:\/\/rinconeducativo.org\/es\/recursos-educativos\/amedeo-avogadro-conocido-promulgar-ley-lleva-su-nombre\/\",\"url\":\"https:\/\/rinconeducativo.org\/es\/recursos-educativos\/amedeo-avogadro-conocido-promulgar-ley-lleva-su-nombre\/\",\"name\":\"Amedeo Avogadro, conocido por promulgar la ley que lleva su nombre - Rinc\u00f3n educativo\",\"isPartOf\":{\"@id\":\"https:\/\/rinconeducativo.org\/es\/#website\"},\"primaryImageOfPage\":{\"@id\":\"https:\/\/rinconeducativo.org\/es\/recursos-educativos\/amedeo-avogadro-conocido-promulgar-ley-lleva-su-nombre\/#primaryimage\"},\"image\":{\"@id\":\"https:\/\/rinconeducativo.org\/es\/recursos-educativos\/amedeo-avogadro-conocido-promulgar-ley-lleva-su-nombre\/#primaryimage\"},\"thumbnailUrl\":\"https:\/\/rinconeducativo.org\/wp-content\/uploads\/2020\/08\/amedeo_avogadro_0-scaled.jpg\",\"datePublished\":\"2020-08-05T07:49:53+00:00\",\"dateModified\":\"2024-10-18T11:43:42+00:00\",\"breadcrumb\":{\"@id\":\"https:\/\/rinconeducativo.org\/es\/recursos-educativos\/amedeo-avogadro-conocido-promulgar-ley-lleva-su-nombre\/#breadcrumb\"},\"inLanguage\":\"es\",\"potentialAction\":[{\"@type\":\"ReadAction\",\"target\":[\"https:\/\/rinconeducativo.org\/es\/recursos-educativos\/amedeo-avogadro-conocido-promulgar-ley-lleva-su-nombre\/\"]}]},{\"@type\":\"ImageObject\",\"inLanguage\":\"es\",\"@id\":\"https:\/\/rinconeducativo.org\/es\/recursos-educativos\/amedeo-avogadro-conocido-promulgar-ley-lleva-su-nombre\/#primaryimage\",\"url\":\"https:\/\/rinconeducativo.org\/wp-content\/uploads\/2020\/08\/amedeo_avogadro_0-scaled.jpg\",\"contentUrl\":\"https:\/\/rinconeducativo.org\/wp-content\/uploads\/2020\/08\/amedeo_avogadro_0-scaled.jpg\",\"width\":2560,\"height\":1707,\"caption\":\"amedeo_avogadro\"},{\"@type\":\"BreadcrumbList\",\"@id\":\"https:\/\/rinconeducativo.org\/es\/recursos-educativos\/amedeo-avogadro-conocido-promulgar-ley-lleva-su-nombre\/#breadcrumb\",\"itemListElement\":[{\"@type\":\"ListItem\",\"position\":1,\"name\":\"Portada\",\"item\":\"https:\/\/rinconeducativo.org\/es\/\"},{\"@type\":\"ListItem\",\"position\":2,\"name\":\"Recursos educativos\",\"item\":\"https:\/\/rinconeducativo.org\/es\/recursos-educativos\/\"},{\"@type\":\"ListItem\",\"position\":3,\"name\":\"Amedeo Avogadro, conocido por promulgar la ley que lleva su nombre\"}]},{\"@type\":\"WebSite\",\"@id\":\"https:\/\/rinconeducativo.org\/es\/#website\",\"url\":\"https:\/\/rinconeducativo.org\/es\/\",\"name\":\"Rinc\u00f3n educativo\",\"description\":\"Un proyecto del Foro Nuclear\",\"potentialAction\":[{\"@type\":\"SearchAction\",\"target\":{\"@type\":\"EntryPoint\",\"urlTemplate\":\"https:\/\/rinconeducativo.org\/es\/?s={search_term_string}\"},\"query-input\":{\"@type\":\"PropertyValueSpecification\",\"valueRequired\":true,\"valueName\":\"search_term_string\"}}],\"inLanguage\":\"es\"}]}<\/script>\n<!-- \/ Yoast SEO plugin. -->","yoast_head_json":{"title":"Amedeo Avogadro, conocido por promulgar la ley que lleva su nombre - Rinc\u00f3n educativo","robots":{"index":"index","follow":"follow","max-snippet":"max-snippet:-1","max-image-preview":"max-image-preview:large","max-video-preview":"max-video-preview:-1"},"canonical":"https:\/\/rinconeducativo.org\/es\/recursos-educativos\/amedeo-avogadro-conocido-promulgar-ley-lleva-su-nombre\/","og_locale":"es_ES","og_type":"article","og_title":"Amedeo Avogadro, conocido por promulgar la ley que lleva su nombre - Rinc\u00f3n educativo","og_description":"Amedeo Avogadro, conocido por promulgar la ley que lleva su nombre","og_url":"https:\/\/rinconeducativo.org\/es\/recursos-educativos\/amedeo-avogadro-conocido-promulgar-ley-lleva-su-nombre\/","og_site_name":"Rinc\u00f3n educativo","article_modified_time":"2024-10-18T11:43:42+00:00","og_image":[{"width":2560,"height":1707,"url":"https:\/\/rinconeducativo.org\/wp-content\/uploads\/2020\/08\/amedeo_avogadro_0-scaled.jpg","type":"image\/jpeg"}],"twitter_card":"summary_large_image","schema":{"@context":"https:\/\/schema.org","@graph":[{"@type":"WebPage","@id":"https:\/\/rinconeducativo.org\/es\/recursos-educativos\/amedeo-avogadro-conocido-promulgar-ley-lleva-su-nombre\/","url":"https:\/\/rinconeducativo.org\/es\/recursos-educativos\/amedeo-avogadro-conocido-promulgar-ley-lleva-su-nombre\/","name":"Amedeo Avogadro, conocido por promulgar la ley que lleva su nombre - Rinc\u00f3n educativo","isPartOf":{"@id":"https:\/\/rinconeducativo.org\/es\/#website"},"primaryImageOfPage":{"@id":"https:\/\/rinconeducativo.org\/es\/recursos-educativos\/amedeo-avogadro-conocido-promulgar-ley-lleva-su-nombre\/#primaryimage"},"image":{"@id":"https:\/\/rinconeducativo.org\/es\/recursos-educativos\/amedeo-avogadro-conocido-promulgar-ley-lleva-su-nombre\/#primaryimage"},"thumbnailUrl":"https:\/\/rinconeducativo.org\/wp-content\/uploads\/2020\/08\/amedeo_avogadro_0-scaled.jpg","datePublished":"2020-08-05T07:49:53+00:00","dateModified":"2024-10-18T11:43:42+00:00","breadcrumb":{"@id":"https:\/\/rinconeducativo.org\/es\/recursos-educativos\/amedeo-avogadro-conocido-promulgar-ley-lleva-su-nombre\/#breadcrumb"},"inLanguage":"es","potentialAction":[{"@type":"ReadAction","target":["https:\/\/rinconeducativo.org\/es\/recursos-educativos\/amedeo-avogadro-conocido-promulgar-ley-lleva-su-nombre\/"]}]},{"@type":"ImageObject","inLanguage":"es","@id":"https:\/\/rinconeducativo.org\/es\/recursos-educativos\/amedeo-avogadro-conocido-promulgar-ley-lleva-su-nombre\/#primaryimage","url":"https:\/\/rinconeducativo.org\/wp-content\/uploads\/2020\/08\/amedeo_avogadro_0-scaled.jpg","contentUrl":"https:\/\/rinconeducativo.org\/wp-content\/uploads\/2020\/08\/amedeo_avogadro_0-scaled.jpg","width":2560,"height":1707,"caption":"amedeo_avogadro"},{"@type":"BreadcrumbList","@id":"https:\/\/rinconeducativo.org\/es\/recursos-educativos\/amedeo-avogadro-conocido-promulgar-ley-lleva-su-nombre\/#breadcrumb","itemListElement":[{"@type":"ListItem","position":1,"name":"Portada","item":"https:\/\/rinconeducativo.org\/es\/"},{"@type":"ListItem","position":2,"name":"Recursos educativos","item":"https:\/\/rinconeducativo.org\/es\/recursos-educativos\/"},{"@type":"ListItem","position":3,"name":"Amedeo Avogadro, conocido por promulgar la ley que lleva su nombre"}]},{"@type":"WebSite","@id":"https:\/\/rinconeducativo.org\/es\/#website","url":"https:\/\/rinconeducativo.org\/es\/","name":"Rinc\u00f3n educativo","description":"Un proyecto del Foro Nuclear","potentialAction":[{"@type":"SearchAction","target":{"@type":"EntryPoint","urlTemplate":"https:\/\/rinconeducativo.org\/es\/?s={search_term_string}"},"query-input":{"@type":"PropertyValueSpecification","valueRequired":true,"valueName":"search_term_string"}}],"inLanguage":"es"}]}},"_links":{"self":[{"href":"https:\/\/rinconeducativo.org\/es\/wp-json\/wp\/v2\/re_recurso\/6984","targetHints":{"allow":["GET"]}}],"collection":[{"href":"https:\/\/rinconeducativo.org\/es\/wp-json\/wp\/v2\/re_recurso"}],"about":[{"href":"https:\/\/rinconeducativo.org\/es\/wp-json\/wp\/v2\/types\/re_recurso"}],"author":[{"embeddable":true,"href":"https:\/\/rinconeducativo.org\/es\/wp-json\/wp\/v2\/users\/1088"}],"version-history":[{"count":5,"href":"https:\/\/rinconeducativo.org\/es\/wp-json\/wp\/v2\/re_recurso\/6984\/revisions"}],"predecessor-version":[{"id":37049,"href":"https:\/\/rinconeducativo.org\/es\/wp-json\/wp\/v2\/re_recurso\/6984\/revisions\/37049"}],"wp:featuredmedia":[{"embeddable":true,"href":"https:\/\/rinconeducativo.org\/es\/wp-json\/wp\/v2\/media\/6982"}],"wp:attachment":[{"href":"https:\/\/rinconeducativo.org\/es\/wp-json\/wp\/v2\/media?parent=6984"}],"wp:term":[{"taxonomy":"post_tag","embeddable":true,"href":"https:\/\/rinconeducativo.org\/es\/wp-json\/wp\/v2\/tags?post=6984"},{"taxonomy":"edad","embeddable":true,"href":"https:\/\/rinconeducativo.org\/es\/wp-json\/wp\/v2\/edad?post=6984"},{"taxonomy":"recursos_tipo","embeddable":true,"href":"https:\/\/rinconeducativo.org\/es\/wp-json\/wp\/v2\/recursos_tipo?post=6984"},{"taxonomy":"recursos_tema","embeddable":true,"href":"https:\/\/rinconeducativo.org\/es\/wp-json\/wp\/v2\/recursos_tema?post=6984"},{"taxonomy":"clasificacion_anterior","embeddable":true,"href":"https:\/\/rinconeducativo.org\/es\/wp-json\/wp\/v2\/clasificacion_anterior?post=6984"}],"curies":[{"name":"wp","href":"https:\/\/api.w.org\/{rel}","templated":true}]}}