{"id":6847,"date":"2019-07-30T07:15:20","date_gmt":"2019-07-30T07:15:20","guid":{"rendered":"https:\/\/wp.rinconeducativo.org\/?recursos=la-tabla-perodica-de-gil-chaverri"},"modified":"2024-12-13T11:08:43","modified_gmt":"2024-12-13T10:08:43","slug":"tabla-perodica-gil-chaverri","status":"publish","type":"re_recurso","link":"https:\/\/rinconeducativo.org\/es\/recursos-educativos\/tabla-perodica-gil-chaverri\/","title":{"rendered":"La Tabla Per\u00f3dica de Gil Chaverri"},"content":{"rendered":"<p>Muy probablemente durante la \u00e9poca de secundaria, recuerde como sus maestros insist\u00edan en conocer cada uno de los 118 elementos que conforman la Tabla Peri\u00f3dica de los Elementos.<\/p>\n<p>Este ordenamiento tiene la particularidad de tener el sello de un qu\u00edmico costarricense, quien se encarg\u00f3 de ordenarlos se sus propiedades f\u00edsicas, qu\u00edmicas y electr\u00f3nicas, de la siguiente manera:<\/p>\n<p>1) Elementos representativos<\/p>\n<p>2) Elementos de transici\u00f3n<\/p>\n<p>3) Elementos de tierras raras<\/p>\n<p>Gil Chaverr\u00ed, oriundo de la provincia de Heredia, demostr\u00f3 desde muy temprano en su vida, una gran afici\u00f3n y habilidad para el estudio de los idiomas as\u00ed como para las ciencias.<\/p>\n<p>Chaverr\u00ed desarroll\u00f3 en 1952 un arreglo original de la Tabla Peri\u00f3dica de los Elementos Qu\u00edmicos, imvestigaci\u00f3n que fue publicada ese mismo a\u00f1o en el Journal of Chemical Education<\/p>\n<p>Este arreglo, basado en la Estructura Electr\u00f3nica de los Elementos, ha servido para la ense\u00f1anza de la qu\u00edmica en todos los planteles educativos del pa\u00eds por un lapso de 30 a\u00f1os. El arreglo, conocido tambi\u00e9n en el extranjero, fue sometido, en Estados Unidos, a un estudio de evaluaci\u00f3n junto con muchos otros arreglos publicados en todo el mundo, donde alcanz\u00f3 el reconocimiento y la distinci\u00f3n de ser uno de los mejores.<\/p>\n<p>El trabajo del costarricense tuvo un gran significado ya que fue hecha por un qu\u00edmico relativamente joven, quien a sus 29 a\u00f1os sorprend\u00eda al pa\u00eds con su trabajo minucioso.<\/p>\n<p>Sin embargo, su principal m\u00e9rito fue acomodar los elementos existentes de acuerdo con la estructura electr\u00f3nica de cada uno de ellos, todo a partir de la tabla concebida por el qu\u00edmico alem\u00e1n, Julios Lothar Meyer, y su colega ruso, Dimitri Mendeleev, en 1872.<\/p>\n<p>A diferencia de Chaverri, ambos cient\u00edficos organizaron los elementos de acuerdo con sus n\u00fameros at\u00f3micos, lo que la hac\u00eda m\u00e1s complicada para prop\u00f3sitos did\u00e1cticos.<\/p>\n<p>El modelo del tico contempla todos los elementos en una tabla m\u00e1s clara que los ubica dentro de los siete per\u00edodos propuestos por Mendeleev, sin dejar por fuera los llamados elementos de transici\u00f3n interna, como s\u00ed lo hace la tabla internacional.<\/p>\n<p>Su carrera estuvo marcada por el empe\u00f1o que puso en ense\u00f1ar y en popularizar la qu\u00edmica. De sus manos surgieron seis publicaciones cient\u00edficas y una extensa lista de material did\u00e1ctico, entre ensayos y textos para secundaria.<\/p>\n<p>Este cient\u00edfico costarricense, falleci\u00f3 en el 2005; sin embargo hoy su legado trasciende el conocimiento qu\u00edmico en todo el mundo.<\/p>\n<h4><a href=\"https:\/\/wp2.rinconeducativo.org\/wp-content\/uploads\/2019\/07\/chaverri.jpg\"><img loading=\"lazy\" decoding=\"async\" class=\"aligncenter wp-image-6846 size-full\" src=\"https:\/\/wp2.rinconeducativo.org\/wp-content\/uploads\/2019\/07\/chaverri.jpg\" alt=\"\" width=\"1533\" height=\"993\" srcset=\"https:\/\/rinconeducativo.org\/wp-content\/uploads\/2019\/07\/chaverri.jpg 1533w, https:\/\/rinconeducativo.org\/wp-content\/uploads\/2019\/07\/chaverri-500x324.jpg 500w, https:\/\/rinconeducativo.org\/wp-content\/uploads\/2019\/07\/chaverri-1200x777.jpg 1200w, https:\/\/rinconeducativo.org\/wp-content\/uploads\/2019\/07\/chaverri-768x497.jpg 768w\" sizes=\"auto, (max-width: 1533px) 100vw, 1533px\" \/><\/a><\/h4>\n","protected":false},"excerpt":{"rendered":"<p>Muy probablemente durante la \u00e9poca de secundaria, recuerde como sus maestros insist\u00edan en conocer cada uno de los 118 elementos que conforman la Tabla Peri\u00f3dica de los Elementos. Este ordenamiento tiene la particularidad de tener el sello de un qu\u00edmico costarricense, quien se encarg\u00f3 de ordenarlos se sus propiedades f\u00edsicas, qu\u00edmicas y electr\u00f3nicas, de la [&hellip;]<\/p>\n","protected":false},"author":1088,"featured_media":6846,"template":"","meta":{"_acf_changed":false,"footnotes":""},"tags":[6071],"edad":[7029,7030,7031,7028],"recursos_tipo":[7016],"recursos_tema":[7010,7097],"clasificacion_anterior":[],"class_list":["post-6847","re_recurso","type-re_recurso","status-publish","has-post-thumbnail","hentry","tag-tabla-periodica","edad-de-6-a-12","edad-de-12-a-16","edad-mas-16","edad-todas-las-edades","recursos_tipo-teoria","recursos_tema-ciencia","recursos_tema-tablas-periodicas"],"acf":[],"yoast_head":"<!-- This site is optimized with the Yoast SEO plugin v26.8 - https:\/\/yoast.com\/product\/yoast-seo-wordpress\/ -->\n<title>La Tabla Per\u00f3dica de Gil Chaverri - Rinc\u00f3n educativo<\/title>\n<meta name=\"robots\" content=\"index, follow, max-snippet:-1, max-image-preview:large, max-video-preview:-1\" \/>\n<link rel=\"canonical\" href=\"https:\/\/rinconeducativo.org\/es\/recursos-educativos\/tabla-perodica-gil-chaverri\/\" \/>\n<meta property=\"og:locale\" content=\"es_ES\" \/>\n<meta property=\"og:type\" content=\"article\" \/>\n<meta property=\"og:title\" content=\"La Tabla Per\u00f3dica de Gil Chaverri - Rinc\u00f3n educativo\" \/>\n<meta property=\"og:description\" content=\"Muy probablemente durante la \u00e9poca de secundaria, recuerde como sus maestros insist\u00edan en conocer cada uno de los 118 elementos que conforman la Tabla Peri\u00f3dica de los Elementos. Este ordenamiento tiene la particularidad de tener el sello de un qu\u00edmico costarricense, quien se encarg\u00f3 de ordenarlos se sus propiedades f\u00edsicas, qu\u00edmicas y electr\u00f3nicas, de la [&hellip;]\" \/>\n<meta property=\"og:url\" content=\"https:\/\/rinconeducativo.org\/es\/recursos-educativos\/tabla-perodica-gil-chaverri\/\" \/>\n<meta property=\"og:site_name\" content=\"Rinc\u00f3n educativo\" \/>\n<meta property=\"article:modified_time\" content=\"2024-12-13T10:08:43+00:00\" \/>\n<meta property=\"og:image\" content=\"https:\/\/rinconeducativo.org\/wp-content\/uploads\/2019\/07\/chaverri.jpg\" \/>\n\t<meta property=\"og:image:width\" content=\"1533\" \/>\n\t<meta property=\"og:image:height\" content=\"993\" \/>\n\t<meta property=\"og:image:type\" content=\"image\/jpeg\" \/>\n<meta name=\"twitter:card\" content=\"summary_large_image\" \/>\n<script type=\"application\/ld+json\" class=\"yoast-schema-graph\">{\"@context\":\"https:\/\/schema.org\",\"@graph\":[{\"@type\":\"WebPage\",\"@id\":\"https:\/\/rinconeducativo.org\/es\/recursos-educativos\/tabla-perodica-gil-chaverri\/\",\"url\":\"https:\/\/rinconeducativo.org\/es\/recursos-educativos\/tabla-perodica-gil-chaverri\/\",\"name\":\"La Tabla Per\u00f3dica de Gil Chaverri - Rinc\u00f3n educativo\",\"isPartOf\":{\"@id\":\"https:\/\/rinconeducativo.org\/es\/#website\"},\"primaryImageOfPage\":{\"@id\":\"https:\/\/rinconeducativo.org\/es\/recursos-educativos\/tabla-perodica-gil-chaverri\/#primaryimage\"},\"image\":{\"@id\":\"https:\/\/rinconeducativo.org\/es\/recursos-educativos\/tabla-perodica-gil-chaverri\/#primaryimage\"},\"thumbnailUrl\":\"https:\/\/rinconeducativo.org\/wp-content\/uploads\/2019\/07\/chaverri.jpg\",\"datePublished\":\"2019-07-30T07:15:20+00:00\",\"dateModified\":\"2024-12-13T10:08:43+00:00\",\"breadcrumb\":{\"@id\":\"https:\/\/rinconeducativo.org\/es\/recursos-educativos\/tabla-perodica-gil-chaverri\/#breadcrumb\"},\"inLanguage\":\"es\",\"potentialAction\":[{\"@type\":\"ReadAction\",\"target\":[\"https:\/\/rinconeducativo.org\/es\/recursos-educativos\/tabla-perodica-gil-chaverri\/\"]}]},{\"@type\":\"ImageObject\",\"inLanguage\":\"es\",\"@id\":\"https:\/\/rinconeducativo.org\/es\/recursos-educativos\/tabla-perodica-gil-chaverri\/#primaryimage\",\"url\":\"https:\/\/rinconeducativo.org\/wp-content\/uploads\/2019\/07\/chaverri.jpg\",\"contentUrl\":\"https:\/\/rinconeducativo.org\/wp-content\/uploads\/2019\/07\/chaverri.jpg\",\"width\":1533,\"height\":993,\"caption\":\"chaverri\"},{\"@type\":\"BreadcrumbList\",\"@id\":\"https:\/\/rinconeducativo.org\/es\/recursos-educativos\/tabla-perodica-gil-chaverri\/#breadcrumb\",\"itemListElement\":[{\"@type\":\"ListItem\",\"position\":1,\"name\":\"Portada\",\"item\":\"https:\/\/rinconeducativo.org\/es\/\"},{\"@type\":\"ListItem\",\"position\":2,\"name\":\"Recursos educativos\",\"item\":\"https:\/\/rinconeducativo.org\/es\/recursos-educativos\/\"},{\"@type\":\"ListItem\",\"position\":3,\"name\":\"La Tabla Per\u00f3dica de Gil Chaverri\"}]},{\"@type\":\"WebSite\",\"@id\":\"https:\/\/rinconeducativo.org\/es\/#website\",\"url\":\"https:\/\/rinconeducativo.org\/es\/\",\"name\":\"Rinc\u00f3n educativo\",\"description\":\"Un proyecto del Foro Nuclear\",\"potentialAction\":[{\"@type\":\"SearchAction\",\"target\":{\"@type\":\"EntryPoint\",\"urlTemplate\":\"https:\/\/rinconeducativo.org\/es\/?s={search_term_string}\"},\"query-input\":{\"@type\":\"PropertyValueSpecification\",\"valueRequired\":true,\"valueName\":\"search_term_string\"}}],\"inLanguage\":\"es\"}]}<\/script>\n<!-- \/ Yoast SEO plugin. -->","yoast_head_json":{"title":"La Tabla Per\u00f3dica de Gil Chaverri - Rinc\u00f3n educativo","robots":{"index":"index","follow":"follow","max-snippet":"max-snippet:-1","max-image-preview":"max-image-preview:large","max-video-preview":"max-video-preview:-1"},"canonical":"https:\/\/rinconeducativo.org\/es\/recursos-educativos\/tabla-perodica-gil-chaverri\/","og_locale":"es_ES","og_type":"article","og_title":"La Tabla Per\u00f3dica de Gil Chaverri - Rinc\u00f3n educativo","og_description":"Muy probablemente durante la \u00e9poca de secundaria, recuerde como sus maestros insist\u00edan en conocer cada uno de los 118 elementos que conforman la Tabla Peri\u00f3dica de los Elementos. Este ordenamiento tiene la particularidad de tener el sello de un qu\u00edmico costarricense, quien se encarg\u00f3 de ordenarlos se sus propiedades f\u00edsicas, qu\u00edmicas y electr\u00f3nicas, de la [&hellip;]","og_url":"https:\/\/rinconeducativo.org\/es\/recursos-educativos\/tabla-perodica-gil-chaverri\/","og_site_name":"Rinc\u00f3n educativo","article_modified_time":"2024-12-13T10:08:43+00:00","og_image":[{"width":1533,"height":993,"url":"https:\/\/rinconeducativo.org\/wp-content\/uploads\/2019\/07\/chaverri.jpg","type":"image\/jpeg"}],"twitter_card":"summary_large_image","schema":{"@context":"https:\/\/schema.org","@graph":[{"@type":"WebPage","@id":"https:\/\/rinconeducativo.org\/es\/recursos-educativos\/tabla-perodica-gil-chaverri\/","url":"https:\/\/rinconeducativo.org\/es\/recursos-educativos\/tabla-perodica-gil-chaverri\/","name":"La Tabla Per\u00f3dica de Gil Chaverri - Rinc\u00f3n educativo","isPartOf":{"@id":"https:\/\/rinconeducativo.org\/es\/#website"},"primaryImageOfPage":{"@id":"https:\/\/rinconeducativo.org\/es\/recursos-educativos\/tabla-perodica-gil-chaverri\/#primaryimage"},"image":{"@id":"https:\/\/rinconeducativo.org\/es\/recursos-educativos\/tabla-perodica-gil-chaverri\/#primaryimage"},"thumbnailUrl":"https:\/\/rinconeducativo.org\/wp-content\/uploads\/2019\/07\/chaverri.jpg","datePublished":"2019-07-30T07:15:20+00:00","dateModified":"2024-12-13T10:08:43+00:00","breadcrumb":{"@id":"https:\/\/rinconeducativo.org\/es\/recursos-educativos\/tabla-perodica-gil-chaverri\/#breadcrumb"},"inLanguage":"es","potentialAction":[{"@type":"ReadAction","target":["https:\/\/rinconeducativo.org\/es\/recursos-educativos\/tabla-perodica-gil-chaverri\/"]}]},{"@type":"ImageObject","inLanguage":"es","@id":"https:\/\/rinconeducativo.org\/es\/recursos-educativos\/tabla-perodica-gil-chaverri\/#primaryimage","url":"https:\/\/rinconeducativo.org\/wp-content\/uploads\/2019\/07\/chaverri.jpg","contentUrl":"https:\/\/rinconeducativo.org\/wp-content\/uploads\/2019\/07\/chaverri.jpg","width":1533,"height":993,"caption":"chaverri"},{"@type":"BreadcrumbList","@id":"https:\/\/rinconeducativo.org\/es\/recursos-educativos\/tabla-perodica-gil-chaverri\/#breadcrumb","itemListElement":[{"@type":"ListItem","position":1,"name":"Portada","item":"https:\/\/rinconeducativo.org\/es\/"},{"@type":"ListItem","position":2,"name":"Recursos educativos","item":"https:\/\/rinconeducativo.org\/es\/recursos-educativos\/"},{"@type":"ListItem","position":3,"name":"La Tabla Per\u00f3dica de Gil Chaverri"}]},{"@type":"WebSite","@id":"https:\/\/rinconeducativo.org\/es\/#website","url":"https:\/\/rinconeducativo.org\/es\/","name":"Rinc\u00f3n educativo","description":"Un proyecto del Foro Nuclear","potentialAction":[{"@type":"SearchAction","target":{"@type":"EntryPoint","urlTemplate":"https:\/\/rinconeducativo.org\/es\/?s={search_term_string}"},"query-input":{"@type":"PropertyValueSpecification","valueRequired":true,"valueName":"search_term_string"}}],"inLanguage":"es"}]}},"_links":{"self":[{"href":"https:\/\/rinconeducativo.org\/es\/wp-json\/wp\/v2\/re_recurso\/6847","targetHints":{"allow":["GET"]}}],"collection":[{"href":"https:\/\/rinconeducativo.org\/es\/wp-json\/wp\/v2\/re_recurso"}],"about":[{"href":"https:\/\/rinconeducativo.org\/es\/wp-json\/wp\/v2\/types\/re_recurso"}],"author":[{"embeddable":true,"href":"https:\/\/rinconeducativo.org\/es\/wp-json\/wp\/v2\/users\/1088"}],"version-history":[{"count":1,"href":"https:\/\/rinconeducativo.org\/es\/wp-json\/wp\/v2\/re_recurso\/6847\/revisions"}],"predecessor-version":[{"id":20294,"href":"https:\/\/rinconeducativo.org\/es\/wp-json\/wp\/v2\/re_recurso\/6847\/revisions\/20294"}],"wp:featuredmedia":[{"embeddable":true,"href":"https:\/\/rinconeducativo.org\/es\/wp-json\/wp\/v2\/media\/6846"}],"wp:attachment":[{"href":"https:\/\/rinconeducativo.org\/es\/wp-json\/wp\/v2\/media?parent=6847"}],"wp:term":[{"taxonomy":"post_tag","embeddable":true,"href":"https:\/\/rinconeducativo.org\/es\/wp-json\/wp\/v2\/tags?post=6847"},{"taxonomy":"edad","embeddable":true,"href":"https:\/\/rinconeducativo.org\/es\/wp-json\/wp\/v2\/edad?post=6847"},{"taxonomy":"recursos_tipo","embeddable":true,"href":"https:\/\/rinconeducativo.org\/es\/wp-json\/wp\/v2\/recursos_tipo?post=6847"},{"taxonomy":"recursos_tema","embeddable":true,"href":"https:\/\/rinconeducativo.org\/es\/wp-json\/wp\/v2\/recursos_tema?post=6847"},{"taxonomy":"clasificacion_anterior","embeddable":true,"href":"https:\/\/rinconeducativo.org\/es\/wp-json\/wp\/v2\/clasificacion_anterior?post=6847"}],"curies":[{"name":"wp","href":"https:\/\/api.w.org\/{rel}","templated":true}]}}