{"id":6532,"date":"2018-04-02T11:43:53","date_gmt":"2018-04-02T11:43:53","guid":{"rendered":"https:\/\/wp.rinconeducativo.org\/?recursos=piedad-de-la-cierva-la-espanola-que-pudo-ser-marie-curie"},"modified":"2024-12-13T13:20:08","modified_gmt":"2024-12-13T12:20:08","slug":"piedad-de-la-cierva-espanola-pudo-ser-marie-curie","status":"publish","type":"re_recurso","link":"https:\/\/rinconeducativo.org\/es\/recursos-educativos\/piedad-de-la-cierva-espanola-pudo-ser-marie-curie\/","title":{"rendered":"Piedad de la Cierva, la espa\u00f1ola que pudo ser Marie Curie"},"content":{"rendered":"<p><img loading=\"lazy\" decoding=\"async\" class=\" alignleft size-full wp-image-6531\" style=\"width: 250px; height: 317px; float: left;\" title=\"Piedad de la Cierva, la espa\u00f1ola que pude ser Marie Curie\" src=\"https:\/\/wp2.rinconeducativo.org\/wp-content\/uploads\/2018\/04\/piedad-de-la-cierva-en-una-foto-de-su-juventud-imagen-archivo-general-de-la-universidad-de-navarra.jpg\" alt=\"Piedad de la Cierva, la espa\u00f1ola que pude ser Marie Curie\" width=\"585\" height=\"741\" srcset=\"https:\/\/rinconeducativo.org\/wp-content\/uploads\/2018\/04\/piedad-de-la-cierva-en-una-foto-de-su-juventud-imagen-archivo-general-de-la-universidad-de-navarra.jpg 585w, https:\/\/rinconeducativo.org\/wp-content\/uploads\/2018\/04\/piedad-de-la-cierva-en-una-foto-de-su-juventud-imagen-archivo-general-de-la-universidad-de-navarra-395x500.jpg 395w\" sizes=\"auto, (max-width: 585px) 100vw, 585px\" \/>Piedad de la Cierva fue pionera entre las cient\u00edficas en Espa\u00f1a, pero su nombre es casi desconocido. Hace cerca de 90 a\u00f1os, se form\u00f3 para que el pa\u00eds se pusiera a la vanguardia en la ciencia de los \u00e1tomos y los elementos radiactivos, pero\u00a0el final de la\u00a0Guerra Civil\u00a0trunc\u00f3 sus planes. Tuvo la oportunidad de viajar al extranjero y aprender en ambientes selectos cuando pocas mujeres lo pod\u00edan hacer; y, aunque no pudo desarrollar una carrera en aquello para lo que se hab\u00eda preparado, no dej\u00f3 de investigar en otros campos.<\/p>\n<p>Nacida en 1913, su padre, Juan de la Cierva y L\u00f3pez (primo hermano del inventor del autogiro), quiso que su hija tuviera una formaci\u00f3n adecuada a los nuevos tiempos que corr\u00edan para las mujere, \"aunque era complicado porque en esa \u00e9poca hab\u00eda muy pocas que pudieran ir la universidad\u201d, seg\u00fan cuenta Inmaculada Alva, profesora de la Universidad de Navarra e investigadora de su figura. Su progenitor quer\u00eda que estudiara Farmacia pero ella prefiri\u00f3 Ciencias Qu\u00edmicas, que termin\u00f3 en 1932 con premio extraordinario de licenciatura. Posteriormente se traslada a Madrid, \u00fanico lugar donde era posible doctorarse, con una beca para estudiarlo, donde se present\u00f3 con una carta de recomendaci\u00f3n para el profesor Julio Palacios, director del departamento de Rayos X del instituto Rockefeller, donde se encontraba el Instituto Nacional de F\u00edsica y Qu\u00edmica y donde conoci\u00f3 a <a href=\"http:\/\/www.rinconeducativo.org\/es\/recursos-educativos\/los-viajes-de-marie-curie-espana\">Marie Curie<\/a>.\u00a0Palacios le dirige la tesis, sobre el azufre y el plomo. Ella, mientras, comienza a estudiar la divisi\u00f3n at\u00f3mica de los elementos qu\u00edmicos fundamentales y publica varios art\u00edculos al respecto en la revista \u2018Anales de F\u00edsica y Qu\u00edmica\u2019. Cuando se doctora, en\u00a01935, Palacios la anima a viajar hasta Dinamarca, al Instituto <a href=\"https:\/\/wp2.rinconeducativo.org\/es\/recursos-educativos\/niels-bohr-contribuyo-la-compresion-del-atomo-y-la-mecanica-cuantica\">Niels Bohr<\/a>, para especializarse en radiaci\u00f3n artificial.<\/p>\n<p>Ese mismo a\u00f1o, viaj\u00f3 a Par\u00eds y conoci\u00f3 a<a href=\"http:\/\/www.rinconeducativo.org\/es\/recursos-educativos\/irene-y-frederic-joliot-curie-radiactividad-la-carta\"> Ir\u00e8ne Juliot-Curie<\/a>, hija de<a href=\"http:\/\/www.rinconeducativo.org\/es\/recursos-educativos\/marie-y-pierre-curie\"> Marie y Pierre Curie<\/a>\u00a0y que junto a su marido, Fr\u00e9deric Joliot, investig\u00f3 la estructura del \u00e1tomo y la f\u00edsica nuclear. Tambi\u00e9n viajo a Berl\u00edn, al\u00a0Instituto de F\u00edsica At\u00f3mica, donde conoci\u00f3 a<a href=\"http:\/\/www.rinconeducativo.org\/es\/recursos-educativos\/lise-meitner\">\u00a0Lise Meitner<\/a>, una pionera de la fisi\u00f3n nuclear.<\/p>\n<p>Con todos esos conocimientos y los contactos que estaba haciendo por Europa,\u00a0la idea era que a su regreso a Espa\u00f1a fundase un instituto de f\u00edsica at\u00f3mica en el Rockefeller.\u00a0Para entonces, era la primera mujer en Espa\u00f1a que ten\u00eda grandes conocimientos acerca de la radiaci\u00f3n. Pero\u00a0la\u00a0Guerra Civil\u00a0cambi\u00f3 el devenir de la radiaci\u00f3n artificial y de la investigaci\u00f3n at\u00f3mica en Espa\u00f1a. Conoce a\u00a0Jos\u00e9 Mar\u00eda Otero de Navascu\u00e9s, militar y cient\u00edfico con\u00a0una trayectoria cient\u00edfica muy importante, que, conocedor del talento de De la Cierva, decide ficharla para su equipo cuando crea el Instituto de \u00d3ptica en 1939, que depende directamente del CSIC, y donde investiga sobre la visi\u00f3n nocturna y los prism\u00e1ticos creando\u00a0l\u00e1minas antirreflectoras\u00a0que recubr\u00edan las lentes y los prismas, algo que permit\u00eda avistar objetivos en condiciones malas de visi\u00f3n. Tambi\u00e9n, investig\u00f3 con aluminio para crear espejos que luego servir\u00edan para la fabricaci\u00f3n de prism\u00e1ticos.<\/p>\n<p>En 1945, Otero de Navascu\u00e9s abandona el Instituto de \u00d3ptica y crea el Laboratorio y Taller de Investigaci\u00f3n del Estado Mayor de la Armada, donde contrata a De la Cierva, y la env\u00eda a Estados Unidos, donde visita\u00a0las principales f\u00e1bricas de vidrio \u00f3ptico para comprobar c\u00f3mo se elabora.\u00a0A su regreso a Espa\u00f1a dirige los trabajos para que el\u00a0vidrio \u00f3ptico se comience a fabricar y distribuir a nivel industrial.\u00a0Por esta labor gan\u00f3 en 1955 el premio de investigaci\u00f3n t\u00e9cnica Juan de la Cierva,\u00a0galard\u00f3n que llevaba el nombre de su familiar.<\/p>\n<p>Fue la primera pero no la \u00faltima vez que se llev\u00f3 ese premio. En los 50, a la Marina deja de interesarle la industrializaci\u00f3n del vidrio \u00f3ptico, e incluso quiere quitar los hornos que existen en Madrid. De la Cierva se entera que en Estados Unidos estaban interesados en la cascarilla de arroz por su poder aislante\u00a0y\u00a0descubre que tiene un gran porcentaje de s\u00edlice, que se obtiene tras su quema en hornos potentes. Empieza a experimentar en los hornos del vidrio que todav\u00eda ten\u00eda y descubre que\u00a0se genera un material blanco de la apariencia de la arena con el que se pueden construir ladrillos refractarios, es decir, que no se alteran con las altas temperaturas del fuego, lo que le hizo ganar en 1966, de nuevo, el premio Juan de la Cierva.<\/p>\n<p>Sin embargo, tambi\u00e9n sufri\u00f3 el sexismo de la \u00e9poca. En 1941 se present\u00f3 a unas oposiciones para c\u00e1tedra de universidad, aun sabiendo de que no iban a dar el puesto a una mujer, como as\u00ed ocurri\u00f3.\u00a0La decepci\u00f3n fue tal que abandon\u00f3 su puesto de auxiliar de c\u00e1tedra de\u00a0Miguel Catal\u00e1n\u00a0y\u00a0se centr\u00f3 en la investigaci\u00f3n.\u00a0Este hecho hizo que De la Cierva ayudara a mujeres a seguir su carrera acad\u00e9mica, dirigiendo las tesis de muchas de ellas.<\/p>\n<p>Falleci\u00f3\u00a0en Madrid en 2007.<\/p>\n","protected":false},"excerpt":{"rendered":"<p>Piedad de la Cierva fue pionera entre las cient\u00edficas en Espa\u00f1a, pero su nombre es casi desconocido. Hace cerca de 90 a\u00f1os, se form\u00f3 para que el pa\u00eds se pusiera a la vanguardia en la ciencia de los \u00e1tomos y los elementos radiactivos, pero\u00a0el final de la\u00a0Guerra Civil\u00a0trunc\u00f3 sus planes. Tuvo la oportunidad de viajar [&hellip;]<\/p>\n","protected":false},"author":1088,"featured_media":6531,"template":"","meta":{"_acf_changed":false,"footnotes":""},"tags":[6255,8183],"edad":[7030,7031,7028],"recursos_tipo":[7014],"recursos_tema":[7087,7010,7096,6993],"clasificacion_anterior":[],"class_list":["post-6532","re_recurso","type-re_recurso","status-publish","has-post-thumbnail","hentry","tag-atomos","tag-radiacion","edad-de-12-a-16","edad-mas-16","edad-todas-las-edades","recursos_tipo-personajes","recursos_tema-aplicaciones","recursos_tema-ciencia","recursos_tema-mujeres-en-la-ciencia","recursos_tema-radiacion-y-rayos-x"],"acf":[],"yoast_head":"<!-- This site is optimized with the Yoast SEO plugin v26.8 - https:\/\/yoast.com\/product\/yoast-seo-wordpress\/ -->\n<title>Piedad de la Cierva, la espa\u00f1ola que pudo ser Marie Curie - Rinc\u00f3n educativo<\/title>\n<meta name=\"robots\" content=\"index, follow, max-snippet:-1, max-image-preview:large, max-video-preview:-1\" \/>\n<link rel=\"canonical\" href=\"https:\/\/rinconeducativo.org\/es\/recursos-educativos\/piedad-de-la-cierva-espanola-pudo-ser-marie-curie\/\" \/>\n<meta property=\"og:locale\" content=\"es_ES\" \/>\n<meta property=\"og:type\" content=\"article\" \/>\n<meta property=\"og:title\" content=\"Piedad de la Cierva, la espa\u00f1ola que pudo ser Marie Curie - Rinc\u00f3n educativo\" \/>\n<meta property=\"og:description\" content=\"Piedad de la Cierva fue pionera entre las cient\u00edficas en Espa\u00f1a, pero su nombre es casi desconocido. Hace cerca de 90 a\u00f1os, se form\u00f3 para que el pa\u00eds se pusiera a la vanguardia en la ciencia de los \u00e1tomos y los elementos radiactivos, pero\u00a0el final de la\u00a0Guerra Civil\u00a0trunc\u00f3 sus planes. Tuvo la oportunidad de viajar [&hellip;]\" \/>\n<meta property=\"og:url\" content=\"https:\/\/rinconeducativo.org\/es\/recursos-educativos\/piedad-de-la-cierva-espanola-pudo-ser-marie-curie\/\" \/>\n<meta property=\"og:site_name\" content=\"Rinc\u00f3n educativo\" \/>\n<meta property=\"article:modified_time\" content=\"2024-12-13T12:20:08+00:00\" \/>\n<meta property=\"og:image\" content=\"https:\/\/rinconeducativo.org\/wp-content\/uploads\/2018\/04\/piedad-de-la-cierva-en-una-foto-de-su-juventud-imagen-archivo-general-de-la-universidad-de-navarra.jpg\" \/>\n\t<meta property=\"og:image:width\" content=\"585\" \/>\n\t<meta property=\"og:image:height\" content=\"741\" \/>\n\t<meta property=\"og:image:type\" content=\"image\/jpeg\" \/>\n<meta name=\"twitter:card\" content=\"summary_large_image\" \/>\n<script type=\"application\/ld+json\" class=\"yoast-schema-graph\">{\"@context\":\"https:\/\/schema.org\",\"@graph\":[{\"@type\":\"WebPage\",\"@id\":\"https:\/\/rinconeducativo.org\/es\/recursos-educativos\/piedad-de-la-cierva-espanola-pudo-ser-marie-curie\/\",\"url\":\"https:\/\/rinconeducativo.org\/es\/recursos-educativos\/piedad-de-la-cierva-espanola-pudo-ser-marie-curie\/\",\"name\":\"Piedad de la Cierva, la espa\u00f1ola que pudo ser Marie Curie - Rinc\u00f3n educativo\",\"isPartOf\":{\"@id\":\"https:\/\/rinconeducativo.org\/es\/#website\"},\"primaryImageOfPage\":{\"@id\":\"https:\/\/rinconeducativo.org\/es\/recursos-educativos\/piedad-de-la-cierva-espanola-pudo-ser-marie-curie\/#primaryimage\"},\"image\":{\"@id\":\"https:\/\/rinconeducativo.org\/es\/recursos-educativos\/piedad-de-la-cierva-espanola-pudo-ser-marie-curie\/#primaryimage\"},\"thumbnailUrl\":\"https:\/\/rinconeducativo.org\/wp-content\/uploads\/2018\/04\/piedad-de-la-cierva-en-una-foto-de-su-juventud-imagen-archivo-general-de-la-universidad-de-navarra.jpg\",\"datePublished\":\"2018-04-02T11:43:53+00:00\",\"dateModified\":\"2024-12-13T12:20:08+00:00\",\"breadcrumb\":{\"@id\":\"https:\/\/rinconeducativo.org\/es\/recursos-educativos\/piedad-de-la-cierva-espanola-pudo-ser-marie-curie\/#breadcrumb\"},\"inLanguage\":\"es\",\"potentialAction\":[{\"@type\":\"ReadAction\",\"target\":[\"https:\/\/rinconeducativo.org\/es\/recursos-educativos\/piedad-de-la-cierva-espanola-pudo-ser-marie-curie\/\"]}]},{\"@type\":\"ImageObject\",\"inLanguage\":\"es\",\"@id\":\"https:\/\/rinconeducativo.org\/es\/recursos-educativos\/piedad-de-la-cierva-espanola-pudo-ser-marie-curie\/#primaryimage\",\"url\":\"https:\/\/rinconeducativo.org\/wp-content\/uploads\/2018\/04\/piedad-de-la-cierva-en-una-foto-de-su-juventud-imagen-archivo-general-de-la-universidad-de-navarra.jpg\",\"contentUrl\":\"https:\/\/rinconeducativo.org\/wp-content\/uploads\/2018\/04\/piedad-de-la-cierva-en-una-foto-de-su-juventud-imagen-archivo-general-de-la-universidad-de-navarra.jpg\",\"width\":585,\"height\":741,\"caption\":\"Piedad de la Cierva, la espa\u00f1ola que pude ser Marie Curie\"},{\"@type\":\"BreadcrumbList\",\"@id\":\"https:\/\/rinconeducativo.org\/es\/recursos-educativos\/piedad-de-la-cierva-espanola-pudo-ser-marie-curie\/#breadcrumb\",\"itemListElement\":[{\"@type\":\"ListItem\",\"position\":1,\"name\":\"Portada\",\"item\":\"https:\/\/rinconeducativo.org\/es\/\"},{\"@type\":\"ListItem\",\"position\":2,\"name\":\"Recursos educativos\",\"item\":\"https:\/\/rinconeducativo.org\/es\/recursos-educativos\/\"},{\"@type\":\"ListItem\",\"position\":3,\"name\":\"Piedad de la Cierva, la espa\u00f1ola que pudo ser Marie Curie\"}]},{\"@type\":\"WebSite\",\"@id\":\"https:\/\/rinconeducativo.org\/es\/#website\",\"url\":\"https:\/\/rinconeducativo.org\/es\/\",\"name\":\"Rinc\u00f3n educativo\",\"description\":\"Un proyecto del Foro Nuclear\",\"potentialAction\":[{\"@type\":\"SearchAction\",\"target\":{\"@type\":\"EntryPoint\",\"urlTemplate\":\"https:\/\/rinconeducativo.org\/es\/?s={search_term_string}\"},\"query-input\":{\"@type\":\"PropertyValueSpecification\",\"valueRequired\":true,\"valueName\":\"search_term_string\"}}],\"inLanguage\":\"es\"}]}<\/script>\n<!-- \/ Yoast SEO plugin. -->","yoast_head_json":{"title":"Piedad de la Cierva, la espa\u00f1ola que pudo ser Marie Curie - Rinc\u00f3n educativo","robots":{"index":"index","follow":"follow","max-snippet":"max-snippet:-1","max-image-preview":"max-image-preview:large","max-video-preview":"max-video-preview:-1"},"canonical":"https:\/\/rinconeducativo.org\/es\/recursos-educativos\/piedad-de-la-cierva-espanola-pudo-ser-marie-curie\/","og_locale":"es_ES","og_type":"article","og_title":"Piedad de la Cierva, la espa\u00f1ola que pudo ser Marie Curie - Rinc\u00f3n educativo","og_description":"Piedad de la Cierva fue pionera entre las cient\u00edficas en Espa\u00f1a, pero su nombre es casi desconocido. Hace cerca de 90 a\u00f1os, se form\u00f3 para que el pa\u00eds se pusiera a la vanguardia en la ciencia de los \u00e1tomos y los elementos radiactivos, pero\u00a0el final de la\u00a0Guerra Civil\u00a0trunc\u00f3 sus planes. Tuvo la oportunidad de viajar [&hellip;]","og_url":"https:\/\/rinconeducativo.org\/es\/recursos-educativos\/piedad-de-la-cierva-espanola-pudo-ser-marie-curie\/","og_site_name":"Rinc\u00f3n educativo","article_modified_time":"2024-12-13T12:20:08+00:00","og_image":[{"width":585,"height":741,"url":"https:\/\/rinconeducativo.org\/wp-content\/uploads\/2018\/04\/piedad-de-la-cierva-en-una-foto-de-su-juventud-imagen-archivo-general-de-la-universidad-de-navarra.jpg","type":"image\/jpeg"}],"twitter_card":"summary_large_image","schema":{"@context":"https:\/\/schema.org","@graph":[{"@type":"WebPage","@id":"https:\/\/rinconeducativo.org\/es\/recursos-educativos\/piedad-de-la-cierva-espanola-pudo-ser-marie-curie\/","url":"https:\/\/rinconeducativo.org\/es\/recursos-educativos\/piedad-de-la-cierva-espanola-pudo-ser-marie-curie\/","name":"Piedad de la Cierva, la espa\u00f1ola que pudo ser Marie Curie - Rinc\u00f3n educativo","isPartOf":{"@id":"https:\/\/rinconeducativo.org\/es\/#website"},"primaryImageOfPage":{"@id":"https:\/\/rinconeducativo.org\/es\/recursos-educativos\/piedad-de-la-cierva-espanola-pudo-ser-marie-curie\/#primaryimage"},"image":{"@id":"https:\/\/rinconeducativo.org\/es\/recursos-educativos\/piedad-de-la-cierva-espanola-pudo-ser-marie-curie\/#primaryimage"},"thumbnailUrl":"https:\/\/rinconeducativo.org\/wp-content\/uploads\/2018\/04\/piedad-de-la-cierva-en-una-foto-de-su-juventud-imagen-archivo-general-de-la-universidad-de-navarra.jpg","datePublished":"2018-04-02T11:43:53+00:00","dateModified":"2024-12-13T12:20:08+00:00","breadcrumb":{"@id":"https:\/\/rinconeducativo.org\/es\/recursos-educativos\/piedad-de-la-cierva-espanola-pudo-ser-marie-curie\/#breadcrumb"},"inLanguage":"es","potentialAction":[{"@type":"ReadAction","target":["https:\/\/rinconeducativo.org\/es\/recursos-educativos\/piedad-de-la-cierva-espanola-pudo-ser-marie-curie\/"]}]},{"@type":"ImageObject","inLanguage":"es","@id":"https:\/\/rinconeducativo.org\/es\/recursos-educativos\/piedad-de-la-cierva-espanola-pudo-ser-marie-curie\/#primaryimage","url":"https:\/\/rinconeducativo.org\/wp-content\/uploads\/2018\/04\/piedad-de-la-cierva-en-una-foto-de-su-juventud-imagen-archivo-general-de-la-universidad-de-navarra.jpg","contentUrl":"https:\/\/rinconeducativo.org\/wp-content\/uploads\/2018\/04\/piedad-de-la-cierva-en-una-foto-de-su-juventud-imagen-archivo-general-de-la-universidad-de-navarra.jpg","width":585,"height":741,"caption":"Piedad de la Cierva, la espa\u00f1ola que pude ser Marie Curie"},{"@type":"BreadcrumbList","@id":"https:\/\/rinconeducativo.org\/es\/recursos-educativos\/piedad-de-la-cierva-espanola-pudo-ser-marie-curie\/#breadcrumb","itemListElement":[{"@type":"ListItem","position":1,"name":"Portada","item":"https:\/\/rinconeducativo.org\/es\/"},{"@type":"ListItem","position":2,"name":"Recursos educativos","item":"https:\/\/rinconeducativo.org\/es\/recursos-educativos\/"},{"@type":"ListItem","position":3,"name":"Piedad de la Cierva, la espa\u00f1ola que pudo ser Marie Curie"}]},{"@type":"WebSite","@id":"https:\/\/rinconeducativo.org\/es\/#website","url":"https:\/\/rinconeducativo.org\/es\/","name":"Rinc\u00f3n educativo","description":"Un proyecto del Foro Nuclear","potentialAction":[{"@type":"SearchAction","target":{"@type":"EntryPoint","urlTemplate":"https:\/\/rinconeducativo.org\/es\/?s={search_term_string}"},"query-input":{"@type":"PropertyValueSpecification","valueRequired":true,"valueName":"search_term_string"}}],"inLanguage":"es"}]}},"_links":{"self":[{"href":"https:\/\/rinconeducativo.org\/es\/wp-json\/wp\/v2\/re_recurso\/6532","targetHints":{"allow":["GET"]}}],"collection":[{"href":"https:\/\/rinconeducativo.org\/es\/wp-json\/wp\/v2\/re_recurso"}],"about":[{"href":"https:\/\/rinconeducativo.org\/es\/wp-json\/wp\/v2\/types\/re_recurso"}],"author":[{"embeddable":true,"href":"https:\/\/rinconeducativo.org\/es\/wp-json\/wp\/v2\/users\/1088"}],"version-history":[{"count":2,"href":"https:\/\/rinconeducativo.org\/es\/wp-json\/wp\/v2\/re_recurso\/6532\/revisions"}],"predecessor-version":[{"id":25233,"href":"https:\/\/rinconeducativo.org\/es\/wp-json\/wp\/v2\/re_recurso\/6532\/revisions\/25233"}],"wp:featuredmedia":[{"embeddable":true,"href":"https:\/\/rinconeducativo.org\/es\/wp-json\/wp\/v2\/media\/6531"}],"wp:attachment":[{"href":"https:\/\/rinconeducativo.org\/es\/wp-json\/wp\/v2\/media?parent=6532"}],"wp:term":[{"taxonomy":"post_tag","embeddable":true,"href":"https:\/\/rinconeducativo.org\/es\/wp-json\/wp\/v2\/tags?post=6532"},{"taxonomy":"edad","embeddable":true,"href":"https:\/\/rinconeducativo.org\/es\/wp-json\/wp\/v2\/edad?post=6532"},{"taxonomy":"recursos_tipo","embeddable":true,"href":"https:\/\/rinconeducativo.org\/es\/wp-json\/wp\/v2\/recursos_tipo?post=6532"},{"taxonomy":"recursos_tema","embeddable":true,"href":"https:\/\/rinconeducativo.org\/es\/wp-json\/wp\/v2\/recursos_tema?post=6532"},{"taxonomy":"clasificacion_anterior","embeddable":true,"href":"https:\/\/rinconeducativo.org\/es\/wp-json\/wp\/v2\/clasificacion_anterior?post=6532"}],"curies":[{"name":"wp","href":"https:\/\/api.w.org\/{rel}","templated":true}]}}