{"id":6337,"date":"2016-04-20T12:14:37","date_gmt":"2016-04-20T10:14:37","guid":{"rendered":"https:\/\/wp.rinconeducativo.org\/?recursos=los-viajes-de-marie-curie-espana"},"modified":"2025-01-10T10:42:43","modified_gmt":"2025-01-10T09:42:43","slug":"viajes-marie-curie-espana","status":"publish","type":"re_recurso","link":"https:\/\/rinconeducativo.org\/es\/recursos-educativos\/viajes-marie-curie-espana\/","title":{"rendered":"Los viajes de Marie Curie a Espa\u00f1a"},"content":{"rendered":"<div class=\"wp-block-image\">\n<figure class=\"alignright\"><img loading=\"lazy\" decoding=\"async\" width=\"470\" height=\"380\" src=\"https:\/\/wp2.rinconeducativo.org\/wp-content\/uploads\/2016\/04\/los-viajes-de-marie-curie-a-espana_image_380.jpg\" alt=\"\" class=\"wp-image-6336\"\/><\/figure>\n<\/div>\n\n\n<p>La sala del Teatro Real ofrec\u00eda un aspecto deslumbrante, engalanado con magn\u00edficos tapices. Todos los palcos y las butacas estaban repletos de una distinguida concurrencia. Al acto, presidido por el rey Alfonso XIII, acudieron prestigiosos m\u00e9dicos, pol\u00edticos y personalidades extranjeras, entre ellas la investigadora Marie Curie (Polonia 1867, Francia 1934).<\/p>\n\n\n\n<p>As\u00ed describ\u00edan los cronistas de la \u00e9poca la solemne inauguraci\u00f3n del I Congreso Nacional de Medicina, que se celebr\u00f3 en Madrid entre el 20 y 28 de abril de 1919 bajo la coordinaci\u00f3n del fisi\u00f3logo Jos\u00e9 G\u00f3mez Oca\u00f1a.<\/p>\n\n\n\n<p>La cient\u00edfica lleg\u00f3 a Madrid como una aut\u00e9ntica eminencia. Ya hab\u00eda recibido sus dos premios Nobel: el de F\u00edsica (1903) por sus investigaciones sobre la radiactividad y el de Qu\u00edmica (1911) por el descubrimiento del radio y el polonio. Curie, que en la Primera Guerra Mundial hab\u00eda promovido el uso de \u2018coches radiol\u00f3gicos\u2019 para ayudar a los soldados heridos, agradeci\u00f3 en el teatro el apoyo que los espa\u00f1oles hab\u00edan prestado a los prisioneros franceses durante la contienda.<\/p>\n\n\n\n<p>Dos d\u00edas m\u00e1s tarde imparti\u00f3 una conferencia sobre&nbsp;Las radiaciones de radioelementos y la t\u00e9cnica de su empleo&nbsp;en el anfiteatro de la antigua Facultad de Medicina (hoy sede del Colegio Oficial de M\u00e9dicos de Madrid, cerca de Atocha). Con la ayuda de su hija Irene dispuso sus instrumentos y realiz\u00f3 varios experimentos para apoyar su discurso. Al final proyect\u00f3 dos fotograf\u00edas del peque\u00f1o pabell\u00f3n de madera donde, junto a su difunto marido Pierre \u2013que muri\u00f3 arrollado por un carruaje de caballos\u2013, hab\u00eda comenzado sus trabajos.<\/p>\n\n\n\n<h3 class=\"wp-block-heading\"><strong>Manos de investigadora<\/strong><\/h3>\n\n\n\n<p>Cuando en abril de 1931 la investigadora volvi\u00f3 a Espa\u00f1a invitada por el gobierno de la reci\u00e9n estrenada Rep\u00fablica, habl\u00f3 de nuevo de las condiciones precarias en las que trabaj\u00f3 al principio. \u201cCont\u00f3 que entre ella y su marido cargaban el material que utilizaban en sus investigaciones hasta la cochera que hab\u00edan transformado en su laboratorio\u201d, recuerda Carmen de Michelena (1914), alumna entonces de la secci\u00f3n de qu\u00edmica en la Facultad de Ciencias. Hasta all\u00ed se desplaz\u00f3 Marie Curie por iniciativa de Enrique Moles, considerado el qu\u00edmico espa\u00f1ol m\u00e1s relevante antes de la Guerra Civil.<\/p>\n\n\n\n<p>\u201cOtra an\u00e9cdota que coment\u00f3 fue que se asust\u00f3 much\u00edsimo cuando vio su esqueleto gracias a los rayos X descubiertos por R\u00f6ntgen\u201d, prosigue Carmen, que no ha olvidado la impresi\u00f3n que le caus\u00f3 la cient\u00edfica franco-polaca: \u201cEra dulce, atrayente y simp\u00e1tica. Vest\u00eda de oscuro, con falda hasta la rodilla y una blusa sujeta a la cintura. Y ten\u00eda unas manos fin\u00edsimas, de investigadora\u201d.<\/p>\n\n\n\n<p>Otro acto central de su segunda visita fue la conferencia que imparti\u00f3 en la Residencia de Estudiantes con el t\u00edtuloLa radiactividad y la evoluci\u00f3n de la ciencia. Tambi\u00e9n visit\u00f3 los nuevos laboratorios del que actu\u00f3 como su anfitri\u00f3n, el f\u00edsico Blas Cabrera.<\/p>\n\n\n\n<h3 class=\"wp-block-heading\"><strong>En el segundo viaje estuvo acompa\u00f1ada por su hija \u00c8ve, \u201cque hizo sus conquistas, como siempre\u201d, relat\u00f3 su madre&nbsp;<\/strong><\/h3>\n\n\n\n<p>Durante este viaje Marie Curie estuvo acompa\u00f1ada por su hija \u00c8ve, \u201cque hizo sus conquistas, como siempre\u201d, seg\u00fan relata su madre en una carta. En la misma tambi\u00e9n rememora el \u201cmagn\u00edfico ramo de claveles rojos\u201d con el que las recibieron en la estaci\u00f3n, aunque se queja de un fallo en la calefacci\u00f3n de la residencia de se\u00f1oritas donde se alojaron.<\/p>\n\n\n\n<h3 class=\"wp-block-heading\"><strong>Segunda Rep\u00fablica<\/strong><\/h3>\n\n\n\n<p>En otra carta la investigadora tambi\u00e9n hace referencia a la Segunda Rep\u00fablica: \u201cLo que me interesa sobre todo son las conversaciones con los republicanos y el entusiasmo que tienen por renovar el pa\u00eds. \u00a1Ojal\u00e1 puedan tener \u00e9xito!\u201d. El acad\u00e9mico y divulgador cient\u00edfico Jos\u00e9 Manuel S\u00e1nchez Ron, autor de una biograf\u00eda sobre Marie Curie, interpreta esta visita como una muestra de su esp\u00edritu progresista y su solidaridad con la joven rep\u00fablica.<\/p>\n\n\n\n<p>Madre e hija tambi\u00e9n aprovecharon la ocasi\u00f3n para visitar Toledo y fueron en autom\u00f3vil hasta Granada para admirar los \u201cmuy bellos palacios \u00e1rabes\u201d. En la Alhambra se vieron agasajadas por un cortejo de estudiantes que invadi\u00f3 el lugar para saludar y fotografiar a la cient\u00edfica. Despu\u00e9s hicieron noche en Almer\u00eda y pasaron por Murcia, Valencia y Barcelona, donde tomaron el r\u00e1pido de vuelta a Par\u00eds.<\/p>\n\n\n\n<p>En Francia, gran parte de la actividad de Curie durante aquellos a\u00f1os se centr\u00f3 en sus trabajos en la Comisi\u00f3n Internacional de Cooperaci\u00f3n Intelectual de la Sociedad de las Naciones para promover las vocaciones cient\u00edficas. En calidad de vicepresidenta de esta comisi\u00f3n regres\u00f3 a Espa\u00f1a entre el 3 y 6 de mayo de 1933. El motivo, presidir en la Residencia de Estudiantes una reuni\u00f3n del denominado Comit\u00e9 de Letras y Artes de la Sociedad sobre&nbsp;El porvenir de la cultura.<\/p>\n\n\n\n<p>\u201cEs indispensable para el futuro de la civilizaci\u00f3n que la magia de las conquistas de orden cient\u00edfico y de la gloria de las realizaciones t\u00e9cnicas se desarrollen en un conjunto arm\u00f3nico con la aceptaci\u00f3n de una doctrina que instituya un r\u00e9gimen de paz y de amistad entre los hombres y las naciones, bajo la supremac\u00eda universal de la raz\u00f3n y de una moral digna de este nombre\u201d, dijo entonces Curie.<\/p>\n\n\n\n<p>A las siete sesiones del encuentro acudieron profesores de universidades tan prestigiosas como Harvard y Cambridge, junto a personalidades como el escritor franc\u00e9s Paul Val\u00e9ry o los espa\u00f1oles Gregorio Mara\u00f1\u00f3n y Miguel de Unamuno. Ser\u00eda la \u00faltima intervenci\u00f3n de Marie Curie en Espa\u00f1a. Al a\u00f1o siguiente, la cient\u00edfica muri\u00f3 a los 66 a\u00f1os en una cl\u00ednica cerca de Passy, en los Alpes franceses.<\/p>\n","protected":false},"excerpt":{"rendered":"<p>La cient\u00edfica lleg\u00f3 a Madrid como una aut\u00e9ntica eminencia. Ya hab\u00eda recibido sus dos premios Nobel. Curie, que en la Primera Guerra Mundial hab\u00eda promovido el uso de \u2018coches radiol\u00f3gicos\u2019 para ayudar a los soldados heridos, agradeci\u00f3 en el teatro el apoyo que los espa\u00f1oles hab\u00edan prestado a los prisioneros franceses durante la contienda.<\/p>\n","protected":false},"author":1088,"featured_media":6336,"template":"","meta":{"_acf_changed":false,"footnotes":""},"tags":[8183],"edad":[7028],"recursos_tipo":[7017],"recursos_tema":[7087,7010,7096,7094,6993,7097],"clasificacion_anterior":[],"class_list":["post-6337","re_recurso","type-re_recurso","status-publish","has-post-thumbnail","hentry","tag-radiacion","edad-todas-las-edades","recursos_tipo-curiosidades","recursos_tema-aplicaciones","recursos_tema-ciencia","recursos_tema-mujeres-en-la-ciencia","recursos_tema-premios-nobel","recursos_tema-radiacion-y-rayos-x","recursos_tema-tablas-periodicas"],"acf":[],"yoast_head":"<!-- This site is optimized with the Yoast SEO plugin v26.8 - https:\/\/yoast.com\/product\/yoast-seo-wordpress\/ -->\n<title>Los viajes de Marie Curie a Espa\u00f1a - Rinc\u00f3n educativo<\/title>\n<meta name=\"robots\" content=\"index, follow, max-snippet:-1, max-image-preview:large, max-video-preview:-1\" \/>\n<link rel=\"canonical\" href=\"https:\/\/rinconeducativo.org\/es\/recursos-educativos\/viajes-marie-curie-espana\/\" \/>\n<meta property=\"og:locale\" content=\"es_ES\" \/>\n<meta property=\"og:type\" content=\"article\" \/>\n<meta property=\"og:title\" content=\"Los viajes de Marie Curie a Espa\u00f1a - Rinc\u00f3n educativo\" \/>\n<meta property=\"og:description\" content=\"La cient\u00edfica lleg\u00f3 a Madrid como una aut\u00e9ntica eminencia. Ya hab\u00eda recibido sus dos premios Nobel. Curie, que en la Primera Guerra Mundial hab\u00eda promovido el uso de \u2018coches radiol\u00f3gicos\u2019 para ayudar a los soldados heridos, agradeci\u00f3 en el teatro el apoyo que los espa\u00f1oles hab\u00edan prestado a los prisioneros franceses durante la contienda.\" \/>\n<meta property=\"og:url\" content=\"https:\/\/rinconeducativo.org\/es\/recursos-educativos\/viajes-marie-curie-espana\/\" \/>\n<meta property=\"og:site_name\" content=\"Rinc\u00f3n educativo\" \/>\n<meta property=\"article:modified_time\" content=\"2025-01-10T09:42:43+00:00\" \/>\n<meta property=\"og:image\" content=\"https:\/\/rinconeducativo.org\/wp-content\/uploads\/2016\/04\/los-viajes-de-marie-curie-a-espana_image_380.jpg\" \/>\n\t<meta property=\"og:image:width\" content=\"470\" \/>\n\t<meta property=\"og:image:height\" content=\"380\" \/>\n\t<meta property=\"og:image:type\" content=\"image\/jpeg\" \/>\n<meta name=\"twitter:card\" content=\"summary_large_image\" \/>\n<script type=\"application\/ld+json\" class=\"yoast-schema-graph\">{\"@context\":\"https:\/\/schema.org\",\"@graph\":[{\"@type\":\"WebPage\",\"@id\":\"https:\/\/rinconeducativo.org\/es\/recursos-educativos\/viajes-marie-curie-espana\/\",\"url\":\"https:\/\/rinconeducativo.org\/es\/recursos-educativos\/viajes-marie-curie-espana\/\",\"name\":\"Los viajes de Marie Curie a Espa\u00f1a - Rinc\u00f3n educativo\",\"isPartOf\":{\"@id\":\"https:\/\/rinconeducativo.org\/es\/#website\"},\"primaryImageOfPage\":{\"@id\":\"https:\/\/rinconeducativo.org\/es\/recursos-educativos\/viajes-marie-curie-espana\/#primaryimage\"},\"image\":{\"@id\":\"https:\/\/rinconeducativo.org\/es\/recursos-educativos\/viajes-marie-curie-espana\/#primaryimage\"},\"thumbnailUrl\":\"https:\/\/rinconeducativo.org\/wp-content\/uploads\/2016\/04\/los-viajes-de-marie-curie-a-espana_image_380.jpg\",\"datePublished\":\"2016-04-20T10:14:37+00:00\",\"dateModified\":\"2025-01-10T09:42:43+00:00\",\"breadcrumb\":{\"@id\":\"https:\/\/rinconeducativo.org\/es\/recursos-educativos\/viajes-marie-curie-espana\/#breadcrumb\"},\"inLanguage\":\"es\",\"potentialAction\":[{\"@type\":\"ReadAction\",\"target\":[\"https:\/\/rinconeducativo.org\/es\/recursos-educativos\/viajes-marie-curie-espana\/\"]}]},{\"@type\":\"ImageObject\",\"inLanguage\":\"es\",\"@id\":\"https:\/\/rinconeducativo.org\/es\/recursos-educativos\/viajes-marie-curie-espana\/#primaryimage\",\"url\":\"https:\/\/rinconeducativo.org\/wp-content\/uploads\/2016\/04\/los-viajes-de-marie-curie-a-espana_image_380.jpg\",\"contentUrl\":\"https:\/\/rinconeducativo.org\/wp-content\/uploads\/2016\/04\/los-viajes-de-marie-curie-a-espana_image_380.jpg\",\"width\":470,\"height\":380,\"caption\":\"los-viajes-de-marie-curie-a-espana_image_380\"},{\"@type\":\"BreadcrumbList\",\"@id\":\"https:\/\/rinconeducativo.org\/es\/recursos-educativos\/viajes-marie-curie-espana\/#breadcrumb\",\"itemListElement\":[{\"@type\":\"ListItem\",\"position\":1,\"name\":\"Portada\",\"item\":\"https:\/\/rinconeducativo.org\/es\/\"},{\"@type\":\"ListItem\",\"position\":2,\"name\":\"Recursos educativos\",\"item\":\"https:\/\/rinconeducativo.org\/es\/recursos-educativos\/\"},{\"@type\":\"ListItem\",\"position\":3,\"name\":\"Los viajes de Marie Curie a Espa\u00f1a\"}]},{\"@type\":\"WebSite\",\"@id\":\"https:\/\/rinconeducativo.org\/es\/#website\",\"url\":\"https:\/\/rinconeducativo.org\/es\/\",\"name\":\"Rinc\u00f3n educativo\",\"description\":\"Un proyecto del Foro Nuclear\",\"potentialAction\":[{\"@type\":\"SearchAction\",\"target\":{\"@type\":\"EntryPoint\",\"urlTemplate\":\"https:\/\/rinconeducativo.org\/es\/?s={search_term_string}\"},\"query-input\":{\"@type\":\"PropertyValueSpecification\",\"valueRequired\":true,\"valueName\":\"search_term_string\"}}],\"inLanguage\":\"es\"}]}<\/script>\n<!-- \/ Yoast SEO plugin. -->","yoast_head_json":{"title":"Los viajes de Marie Curie a Espa\u00f1a - Rinc\u00f3n educativo","robots":{"index":"index","follow":"follow","max-snippet":"max-snippet:-1","max-image-preview":"max-image-preview:large","max-video-preview":"max-video-preview:-1"},"canonical":"https:\/\/rinconeducativo.org\/es\/recursos-educativos\/viajes-marie-curie-espana\/","og_locale":"es_ES","og_type":"article","og_title":"Los viajes de Marie Curie a Espa\u00f1a - Rinc\u00f3n educativo","og_description":"La cient\u00edfica lleg\u00f3 a Madrid como una aut\u00e9ntica eminencia. Ya hab\u00eda recibido sus dos premios Nobel. Curie, que en la Primera Guerra Mundial hab\u00eda promovido el uso de \u2018coches radiol\u00f3gicos\u2019 para ayudar a los soldados heridos, agradeci\u00f3 en el teatro el apoyo que los espa\u00f1oles hab\u00edan prestado a los prisioneros franceses durante la contienda.","og_url":"https:\/\/rinconeducativo.org\/es\/recursos-educativos\/viajes-marie-curie-espana\/","og_site_name":"Rinc\u00f3n educativo","article_modified_time":"2025-01-10T09:42:43+00:00","og_image":[{"width":470,"height":380,"url":"https:\/\/rinconeducativo.org\/wp-content\/uploads\/2016\/04\/los-viajes-de-marie-curie-a-espana_image_380.jpg","type":"image\/jpeg"}],"twitter_card":"summary_large_image","schema":{"@context":"https:\/\/schema.org","@graph":[{"@type":"WebPage","@id":"https:\/\/rinconeducativo.org\/es\/recursos-educativos\/viajes-marie-curie-espana\/","url":"https:\/\/rinconeducativo.org\/es\/recursos-educativos\/viajes-marie-curie-espana\/","name":"Los viajes de Marie Curie a Espa\u00f1a - Rinc\u00f3n educativo","isPartOf":{"@id":"https:\/\/rinconeducativo.org\/es\/#website"},"primaryImageOfPage":{"@id":"https:\/\/rinconeducativo.org\/es\/recursos-educativos\/viajes-marie-curie-espana\/#primaryimage"},"image":{"@id":"https:\/\/rinconeducativo.org\/es\/recursos-educativos\/viajes-marie-curie-espana\/#primaryimage"},"thumbnailUrl":"https:\/\/rinconeducativo.org\/wp-content\/uploads\/2016\/04\/los-viajes-de-marie-curie-a-espana_image_380.jpg","datePublished":"2016-04-20T10:14:37+00:00","dateModified":"2025-01-10T09:42:43+00:00","breadcrumb":{"@id":"https:\/\/rinconeducativo.org\/es\/recursos-educativos\/viajes-marie-curie-espana\/#breadcrumb"},"inLanguage":"es","potentialAction":[{"@type":"ReadAction","target":["https:\/\/rinconeducativo.org\/es\/recursos-educativos\/viajes-marie-curie-espana\/"]}]},{"@type":"ImageObject","inLanguage":"es","@id":"https:\/\/rinconeducativo.org\/es\/recursos-educativos\/viajes-marie-curie-espana\/#primaryimage","url":"https:\/\/rinconeducativo.org\/wp-content\/uploads\/2016\/04\/los-viajes-de-marie-curie-a-espana_image_380.jpg","contentUrl":"https:\/\/rinconeducativo.org\/wp-content\/uploads\/2016\/04\/los-viajes-de-marie-curie-a-espana_image_380.jpg","width":470,"height":380,"caption":"los-viajes-de-marie-curie-a-espana_image_380"},{"@type":"BreadcrumbList","@id":"https:\/\/rinconeducativo.org\/es\/recursos-educativos\/viajes-marie-curie-espana\/#breadcrumb","itemListElement":[{"@type":"ListItem","position":1,"name":"Portada","item":"https:\/\/rinconeducativo.org\/es\/"},{"@type":"ListItem","position":2,"name":"Recursos educativos","item":"https:\/\/rinconeducativo.org\/es\/recursos-educativos\/"},{"@type":"ListItem","position":3,"name":"Los viajes de Marie Curie a Espa\u00f1a"}]},{"@type":"WebSite","@id":"https:\/\/rinconeducativo.org\/es\/#website","url":"https:\/\/rinconeducativo.org\/es\/","name":"Rinc\u00f3n educativo","description":"Un proyecto del Foro Nuclear","potentialAction":[{"@type":"SearchAction","target":{"@type":"EntryPoint","urlTemplate":"https:\/\/rinconeducativo.org\/es\/?s={search_term_string}"},"query-input":{"@type":"PropertyValueSpecification","valueRequired":true,"valueName":"search_term_string"}}],"inLanguage":"es"}]}},"_links":{"self":[{"href":"https:\/\/rinconeducativo.org\/es\/wp-json\/wp\/v2\/re_recurso\/6337","targetHints":{"allow":["GET"]}}],"collection":[{"href":"https:\/\/rinconeducativo.org\/es\/wp-json\/wp\/v2\/re_recurso"}],"about":[{"href":"https:\/\/rinconeducativo.org\/es\/wp-json\/wp\/v2\/types\/re_recurso"}],"author":[{"embeddable":true,"href":"https:\/\/rinconeducativo.org\/es\/wp-json\/wp\/v2\/users\/1088"}],"version-history":[{"count":3,"href":"https:\/\/rinconeducativo.org\/es\/wp-json\/wp\/v2\/re_recurso\/6337\/revisions"}],"predecessor-version":[{"id":33306,"href":"https:\/\/rinconeducativo.org\/es\/wp-json\/wp\/v2\/re_recurso\/6337\/revisions\/33306"}],"wp:featuredmedia":[{"embeddable":true,"href":"https:\/\/rinconeducativo.org\/es\/wp-json\/wp\/v2\/media\/6336"}],"wp:attachment":[{"href":"https:\/\/rinconeducativo.org\/es\/wp-json\/wp\/v2\/media?parent=6337"}],"wp:term":[{"taxonomy":"post_tag","embeddable":true,"href":"https:\/\/rinconeducativo.org\/es\/wp-json\/wp\/v2\/tags?post=6337"},{"taxonomy":"edad","embeddable":true,"href":"https:\/\/rinconeducativo.org\/es\/wp-json\/wp\/v2\/edad?post=6337"},{"taxonomy":"recursos_tipo","embeddable":true,"href":"https:\/\/rinconeducativo.org\/es\/wp-json\/wp\/v2\/recursos_tipo?post=6337"},{"taxonomy":"recursos_tema","embeddable":true,"href":"https:\/\/rinconeducativo.org\/es\/wp-json\/wp\/v2\/recursos_tema?post=6337"},{"taxonomy":"clasificacion_anterior","embeddable":true,"href":"https:\/\/rinconeducativo.org\/es\/wp-json\/wp\/v2\/clasificacion_anterior?post=6337"}],"curies":[{"name":"wp","href":"https:\/\/api.w.org\/{rel}","templated":true}]}}