{"id":5862,"date":"2015-08-09T10:33:57","date_gmt":"2015-08-09T10:33:57","guid":{"rendered":"https:\/\/wp.rinconeducativo.org\/?recursos=irene-joliot-curie-compartio-el-premio-nobel-de-quimica-por-la-sintesis-de"},"modified":"2024-09-10T13:44:54","modified_gmt":"2024-09-10T11:44:54","slug":"irene-joliot-curie-compartio-premio-nobel-sintesis-nuevos-elementos-radiactivos","status":"publish","type":"re_recurso","link":"https:\/\/rinconeducativo.org\/es\/recursos-educativos\/irene-joliot-curie-compartio-premio-nobel-sintesis-nuevos-elementos-radiactivos\/","title":{"rendered":"Ir\u00e9ne Joliot-Curie, comparti\u00f3 el Premio Nobel por la s\u00edntesis de nuevos elementos radiactivos"},"content":{"rendered":"<div class=\"wp-block-image\">\n<figure class=\"alignleft is-resized\"><img loading=\"lazy\" decoding=\"async\" width=\"726\" height=\"1024\" src=\"https:\/\/wp2.rinconeducativo.org\/wp-content\/uploads\/2015\/08\/joliot-curie_irene.jpg\" alt=\"Irene y Marie Curie\" class=\"wp-image-5861\" style=\"width:240px;height:339px\" title=\"Irene y Marie Curie\" srcset=\"https:\/\/rinconeducativo.org\/wp-content\/uploads\/2015\/08\/joliot-curie_irene.jpg 726w, https:\/\/rinconeducativo.org\/wp-content\/uploads\/2015\/08\/joliot-curie_irene-354x500.jpg 354w\" sizes=\"auto, (max-width: 726px) 100vw, 726px\" \/><\/figure>\n<\/div>\n\n\n<p>12 de septiembre de 1897, Par\u00eds (Francia) \u2013 17 de marzo de 1956, Par\u00eds (Francia)<\/p>\n\n\n\n<p>Hija de <a href=\"https:\/\/rinconeducativo.org\/es\/recursos-educativos\/monografico-sobre-marie-curie\/\" target=\"_blank\" rel=\"noreferrer noopener\">Marie Curie<\/a> (Nobel de F\u00edsica en 1903 y de Qu\u00edmica en 1911) y <a href=\"https:\/\/rinconeducativo.org\/es\/efemerides\/15-mayo-1859-nace-pierre-curie-compartio-premio-nobel-descubrimiento-elementos-radiactivos\/\" target=\"_blank\" rel=\"noreferrer noopener\">Pierre Curie <\/a>(Nobel de F\u00edsica en 1903), mostr\u00f3 desde muy peque\u00f1a su capacidad para las matem\u00e1ticas y estudi\u00f3 en su propia escuela, conocida como la Cooperativa, junto con otros ni\u00f1os de prestigiosos intelectuales en la que sus profesores se encontraban Marie Curie, Paul Langevin y <a href=\"https:\/\/rinconeducativo.org\/es\/recursos-educativos\/jean-baptiste-perrin-descubrimientos-resolvieron-disputa-durado-siglo\/\" target=\"_blank\" rel=\"noreferrer noopener\">Jean Perrin<\/a>.<\/p>\n\n\n\n<p>Finaliz\u00f3 sus estudios de secundaria en el Colegio de S\u00e9vign\u00e9, una escuela independiente situada en el centro de Par\u00eds, y, en 1914, ingres\u00f3 en la Universidad de La Sorbona para estudiar f\u00edsica y matem\u00e1ticas.<\/p>\n\n\n\n<p>Debido al estallido de la Primera Guerra Mundial en 1916, dej\u00f3 de estudiar para trabajar como enfermera radiol\u00f3gica ayudando a su madre. Adem\u00e1s, dirigi\u00f3 el desarrollo de los dispositivos de diagn\u00f3stico de <a href=\"https:\/\/rinconeducativo.org\/es\/efemerides\/8-noviembre-1896-descubrimiento-rayos-x\/\" target=\"_blank\" rel=\"noreferrer noopener\">rayos X<\/a> en las instalaciones de hospitales militares de B\u00e9lgica y Francia por lo cual recibi\u00f3 la Medalla Militar tras la guerra.<\/p>\n\n\n<div class=\"wp-block-image\">\n<figure class=\"alignright\"><img loading=\"lazy\" decoding=\"async\" width=\"425\" height=\"362\" src=\"https:\/\/wp2.rinconeducativo.org\/wp-content\/uploads\/2015\/08\/sin_titulo890.jpg\" alt=\"Matrimonio Joliot-Curie\" class=\"wp-image-5860\" title=\"Matrimonio Joliot-Curie\"\/><\/figure>\n<\/div>\n\n\n<p>En 1918, pasa a ser ayudante de su madre en el <em>Radium Institute<\/em> (ahora conocido como Instituto Curie) en Par\u00eds y completa su tesis doctoral sobre los rayos alfa del polonio. Es en este momento cuando conoce y se casa en 1926 con <a href=\"http:\/\/rinconeducativo.org\/es\/recursos-educativos\/frederic-joliot\">Fr\u00e9d\u00e9ric Joliot<\/a> y toman el apellido Joliot-Curie.<\/p>\n\n\n\n<p>Junto con su marido inici\u00f3 sus investigaciones en el campo de la f\u00edsica nuclear. Buscaban la estructura del \u00e1tomo y en particular la estructura y proyecci\u00f3n del n\u00facleo que fue fundamental para descubrir m\u00e1s tarde el neutr\u00f3n (1932) y del positr\u00f3n (1932).<\/p>\n\n\n\n<p>En 1934, consiguieron producir artificialmente elementos radiactivos por bombardeo de boro, aluminio y magnesio con part\u00edculas alfa (n\u00facleos de helio). Demostraron que ciertos is\u00f3topos son inestables y emiten radiaci\u00f3n en su proceso de descomposici\u00f3n, a diferencia de los is\u00f3topos naturales, que son estables. Con el tiempo, se pudo comprobar que cualquier elemento que presentara uno o m\u00e1s tipos estables de n\u00facleos pod\u00eda tambi\u00e9n presentar n\u00facleos radiactivos.<\/p>\n\n\n\n<p>Este descubrimiento cambi\u00f3 toda la tabla peri\u00f3dica ya que se agregaron m\u00e1s de 400 radiois\u00f3topos. Su concentraci\u00f3n, aislamiento y disponibilidad permiti\u00f3 su uso en medicina e investigaci\u00f3n. Tambi\u00e9n cambi\u00f3 la forma de ver los elementos qu\u00edmicos, la relaci\u00f3n entre ellos, incluyendo los fen\u00f3menos de fisi\u00f3n de n\u00facleos pesados en otros m\u00e1s ligeros o la fusi\u00f3n de n\u00facleos m\u00e1s ligeros para formar n\u00facleos m\u00e1s pesados.<\/p>\n\n\n\n<p>Adem\u00e1s, trabajaron en las reacciones en cadena y en los requisitos para la adecuada construcci\u00f3n de un reactor nuclear que utilizara la fisi\u00f3n nuclear.<\/p>\n\n\n\n<p>En 1935, fueron galardonados con el Premio Nobel de Qu\u00edmica por sus trabajos en la s\u00edntesis de nuevos elementos radiactivos.<\/p>\n\n\n\n<p>Ese mismo a\u00f1o, es nombrada directora de investigaci\u00f3n de la Fundaci\u00f3n Nacional de Ciencias y al a\u00f1o siguiente logr\u00f3 el puesto de subsecretaria de Estado en investigaci\u00f3n cient\u00edfica, pero, en 1951, fue apartada de la Comisi\u00f3n Francesa de Energ\u00eda At\u00f3mica por sus simpat\u00edas con el Partido Comunista Franc\u00e9s. Fue miembro del Comit\u00e9 Nacional de la Uni\u00f3n de las Mujeres Francesas y del Consejo para la Paz Mundial.<\/p>\n\n\n\n<p>Tuvieron dos hijos, <a href=\"https:\/\/rinconeducativo.org\/es\/recursos-educativos\/helene-langevin-joliot-pertenece-saga-dedicada-ciencia\/\" target=\"_blank\" rel=\"noreferrer noopener\">H\u00e9l\u00e8ne<\/a>, tambi\u00e9n una f\u00edsica muy conocida (se cas\u00f3 con el nieto de Paul Langevin), y Pierre que estudio bioqu\u00edmica.<\/p>\n\n\n\n<p>En 1937 consigui\u00f3 la c\u00e1tedra en la Facultad de Ciencias de Par\u00eds.<\/p>\n\n\n\n<p>En los a\u00f1os posteriores, el matrimonio Joliot-Curie ampliaron su trabajo con la identificaci\u00f3n de los productos de la fisi\u00f3n nuclear y se involucraron en el debate sobre el impacto social del uso de la radiactividad.<\/p>\n\n\n\n<p>Creci\u00f3 en un entorno de cient\u00edficos de notoriedad, incluso su hermana Eve Denise Curie se hizo famosa por la biograf\u00eda que escribi\u00f3 sobre su madre, lo que explica que s\u00f3lo una parte de sus grandes logros hayan sido reconocidos e incluso a pesar de obtener conjuntamente con su marido un Premio Nobel.<\/p>\n\n\n\n<p>Tanto en solitario como en colaboraci\u00f3n con su marido, realiz\u00f3 un importante trabajo sobre la radiactividad natural y artificial, la transmutaci\u00f3n de los elementos y la f\u00edsica nuclear.<\/p>\n","protected":false},"excerpt":{"rendered":"<p>Ir\u00e9ne Joliot-Curie, comparti\u00f3 el Premio Nobel de Qu\u00edmica por la s\u00edntesis de nuevos elementos radiactivos<\/p>\n","protected":false},"author":1088,"featured_media":5860,"template":"","meta":{"_acf_changed":false,"footnotes":""},"tags":[5732,5684,6315,8183,6071],"edad":[7030,7031],"recursos_tipo":[7014],"recursos_tema":[7087,7010,6999,7006,7088,7096,7094,6993],"clasificacion_anterior":[],"class_list":["post-5862","re_recurso","type-re_recurso","status-publish","has-post-thumbnail","hentry","tag-aplicaciones-de-la-tecnologia-nuclear","tag-energia-nuclear","tag-fision","tag-radiacion","tag-tabla-periodica","edad-de-12-a-16","edad-mas-16","recursos_tipo-personajes","recursos_tema-aplicaciones","recursos_tema-ciencia","recursos_tema-energia-nuclear","recursos_tema-fision","recursos_tema-medicas","recursos_tema-mujeres-en-la-ciencia","recursos_tema-premios-nobel","recursos_tema-radiacion-y-rayos-x"],"acf":[],"yoast_head":"<!-- This site is optimized with the Yoast SEO plugin v26.8 - https:\/\/yoast.com\/product\/yoast-seo-wordpress\/ -->\n<title>Ir\u00e9ne Joliot-Curie, comparti\u00f3 el Premio Nobel por la s\u00edntesis de nuevos elementos radiactivos - Rinc\u00f3n educativo<\/title>\n<meta name=\"robots\" content=\"index, follow, max-snippet:-1, max-image-preview:large, max-video-preview:-1\" \/>\n<link rel=\"canonical\" href=\"https:\/\/rinconeducativo.org\/es\/recursos-educativos\/irene-joliot-curie-compartio-premio-nobel-sintesis-nuevos-elementos-radiactivos\/\" \/>\n<meta property=\"og:locale\" content=\"es_ES\" \/>\n<meta property=\"og:type\" content=\"article\" \/>\n<meta property=\"og:title\" content=\"Ir\u00e9ne Joliot-Curie, comparti\u00f3 el Premio Nobel por la s\u00edntesis de nuevos elementos radiactivos - Rinc\u00f3n educativo\" \/>\n<meta property=\"og:description\" content=\"Ir\u00e9ne Joliot-Curie, comparti\u00f3 el Premio Nobel de Qu\u00edmica por la s\u00edntesis de nuevos elementos radiactivos\" \/>\n<meta property=\"og:url\" content=\"https:\/\/rinconeducativo.org\/es\/recursos-educativos\/irene-joliot-curie-compartio-premio-nobel-sintesis-nuevos-elementos-radiactivos\/\" \/>\n<meta property=\"og:site_name\" content=\"Rinc\u00f3n educativo\" \/>\n<meta property=\"article:modified_time\" content=\"2024-09-10T11:44:54+00:00\" \/>\n<meta property=\"og:image\" content=\"https:\/\/rinconeducativo.org\/wp-content\/uploads\/2015\/08\/sin_titulo890.jpg\" \/>\n\t<meta property=\"og:image:width\" content=\"425\" \/>\n\t<meta property=\"og:image:height\" content=\"362\" \/>\n\t<meta property=\"og:image:type\" content=\"image\/jpeg\" \/>\n<meta name=\"twitter:card\" content=\"summary_large_image\" \/>\n<script type=\"application\/ld+json\" class=\"yoast-schema-graph\">{\"@context\":\"https:\/\/schema.org\",\"@graph\":[{\"@type\":\"WebPage\",\"@id\":\"https:\/\/rinconeducativo.org\/es\/recursos-educativos\/irene-joliot-curie-compartio-premio-nobel-sintesis-nuevos-elementos-radiactivos\/\",\"url\":\"https:\/\/rinconeducativo.org\/es\/recursos-educativos\/irene-joliot-curie-compartio-premio-nobel-sintesis-nuevos-elementos-radiactivos\/\",\"name\":\"Ir\u00e9ne Joliot-Curie, comparti\u00f3 el Premio Nobel por la s\u00edntesis de nuevos elementos radiactivos - Rinc\u00f3n educativo\",\"isPartOf\":{\"@id\":\"https:\/\/rinconeducativo.org\/es\/#website\"},\"primaryImageOfPage\":{\"@id\":\"https:\/\/rinconeducativo.org\/es\/recursos-educativos\/irene-joliot-curie-compartio-premio-nobel-sintesis-nuevos-elementos-radiactivos\/#primaryimage\"},\"image\":{\"@id\":\"https:\/\/rinconeducativo.org\/es\/recursos-educativos\/irene-joliot-curie-compartio-premio-nobel-sintesis-nuevos-elementos-radiactivos\/#primaryimage\"},\"thumbnailUrl\":\"https:\/\/rinconeducativo.org\/wp-content\/uploads\/2015\/08\/sin_titulo890.jpg\",\"datePublished\":\"2015-08-09T10:33:57+00:00\",\"dateModified\":\"2024-09-10T11:44:54+00:00\",\"breadcrumb\":{\"@id\":\"https:\/\/rinconeducativo.org\/es\/recursos-educativos\/irene-joliot-curie-compartio-premio-nobel-sintesis-nuevos-elementos-radiactivos\/#breadcrumb\"},\"inLanguage\":\"es\",\"potentialAction\":[{\"@type\":\"ReadAction\",\"target\":[\"https:\/\/rinconeducativo.org\/es\/recursos-educativos\/irene-joliot-curie-compartio-premio-nobel-sintesis-nuevos-elementos-radiactivos\/\"]}]},{\"@type\":\"ImageObject\",\"inLanguage\":\"es\",\"@id\":\"https:\/\/rinconeducativo.org\/es\/recursos-educativos\/irene-joliot-curie-compartio-premio-nobel-sintesis-nuevos-elementos-radiactivos\/#primaryimage\",\"url\":\"https:\/\/rinconeducativo.org\/wp-content\/uploads\/2015\/08\/sin_titulo890.jpg\",\"contentUrl\":\"https:\/\/rinconeducativo.org\/wp-content\/uploads\/2015\/08\/sin_titulo890.jpg\",\"width\":425,\"height\":362,\"caption\":\"Matrimonio Joliot-Curie\"},{\"@type\":\"BreadcrumbList\",\"@id\":\"https:\/\/rinconeducativo.org\/es\/recursos-educativos\/irene-joliot-curie-compartio-premio-nobel-sintesis-nuevos-elementos-radiactivos\/#breadcrumb\",\"itemListElement\":[{\"@type\":\"ListItem\",\"position\":1,\"name\":\"Portada\",\"item\":\"https:\/\/rinconeducativo.org\/es\/\"},{\"@type\":\"ListItem\",\"position\":2,\"name\":\"Recursos educativos\",\"item\":\"https:\/\/rinconeducativo.org\/es\/recursos-educativos\/\"},{\"@type\":\"ListItem\",\"position\":3,\"name\":\"Ir\u00e9ne Joliot-Curie, comparti\u00f3 el Premio Nobel por la s\u00edntesis de nuevos elementos radiactivos\"}]},{\"@type\":\"WebSite\",\"@id\":\"https:\/\/rinconeducativo.org\/es\/#website\",\"url\":\"https:\/\/rinconeducativo.org\/es\/\",\"name\":\"Rinc\u00f3n educativo\",\"description\":\"Un proyecto del Foro Nuclear\",\"potentialAction\":[{\"@type\":\"SearchAction\",\"target\":{\"@type\":\"EntryPoint\",\"urlTemplate\":\"https:\/\/rinconeducativo.org\/es\/?s={search_term_string}\"},\"query-input\":{\"@type\":\"PropertyValueSpecification\",\"valueRequired\":true,\"valueName\":\"search_term_string\"}}],\"inLanguage\":\"es\"}]}<\/script>\n<!-- \/ Yoast SEO plugin. -->","yoast_head_json":{"title":"Ir\u00e9ne Joliot-Curie, comparti\u00f3 el Premio Nobel por la s\u00edntesis de nuevos elementos radiactivos - Rinc\u00f3n educativo","robots":{"index":"index","follow":"follow","max-snippet":"max-snippet:-1","max-image-preview":"max-image-preview:large","max-video-preview":"max-video-preview:-1"},"canonical":"https:\/\/rinconeducativo.org\/es\/recursos-educativos\/irene-joliot-curie-compartio-premio-nobel-sintesis-nuevos-elementos-radiactivos\/","og_locale":"es_ES","og_type":"article","og_title":"Ir\u00e9ne Joliot-Curie, comparti\u00f3 el Premio Nobel por la s\u00edntesis de nuevos elementos radiactivos - Rinc\u00f3n educativo","og_description":"Ir\u00e9ne Joliot-Curie, comparti\u00f3 el Premio Nobel de Qu\u00edmica por la s\u00edntesis de nuevos elementos radiactivos","og_url":"https:\/\/rinconeducativo.org\/es\/recursos-educativos\/irene-joliot-curie-compartio-premio-nobel-sintesis-nuevos-elementos-radiactivos\/","og_site_name":"Rinc\u00f3n educativo","article_modified_time":"2024-09-10T11:44:54+00:00","og_image":[{"width":425,"height":362,"url":"https:\/\/rinconeducativo.org\/wp-content\/uploads\/2015\/08\/sin_titulo890.jpg","type":"image\/jpeg"}],"twitter_card":"summary_large_image","schema":{"@context":"https:\/\/schema.org","@graph":[{"@type":"WebPage","@id":"https:\/\/rinconeducativo.org\/es\/recursos-educativos\/irene-joliot-curie-compartio-premio-nobel-sintesis-nuevos-elementos-radiactivos\/","url":"https:\/\/rinconeducativo.org\/es\/recursos-educativos\/irene-joliot-curie-compartio-premio-nobel-sintesis-nuevos-elementos-radiactivos\/","name":"Ir\u00e9ne Joliot-Curie, comparti\u00f3 el Premio Nobel por la s\u00edntesis de nuevos elementos radiactivos - Rinc\u00f3n educativo","isPartOf":{"@id":"https:\/\/rinconeducativo.org\/es\/#website"},"primaryImageOfPage":{"@id":"https:\/\/rinconeducativo.org\/es\/recursos-educativos\/irene-joliot-curie-compartio-premio-nobel-sintesis-nuevos-elementos-radiactivos\/#primaryimage"},"image":{"@id":"https:\/\/rinconeducativo.org\/es\/recursos-educativos\/irene-joliot-curie-compartio-premio-nobel-sintesis-nuevos-elementos-radiactivos\/#primaryimage"},"thumbnailUrl":"https:\/\/rinconeducativo.org\/wp-content\/uploads\/2015\/08\/sin_titulo890.jpg","datePublished":"2015-08-09T10:33:57+00:00","dateModified":"2024-09-10T11:44:54+00:00","breadcrumb":{"@id":"https:\/\/rinconeducativo.org\/es\/recursos-educativos\/irene-joliot-curie-compartio-premio-nobel-sintesis-nuevos-elementos-radiactivos\/#breadcrumb"},"inLanguage":"es","potentialAction":[{"@type":"ReadAction","target":["https:\/\/rinconeducativo.org\/es\/recursos-educativos\/irene-joliot-curie-compartio-premio-nobel-sintesis-nuevos-elementos-radiactivos\/"]}]},{"@type":"ImageObject","inLanguage":"es","@id":"https:\/\/rinconeducativo.org\/es\/recursos-educativos\/irene-joliot-curie-compartio-premio-nobel-sintesis-nuevos-elementos-radiactivos\/#primaryimage","url":"https:\/\/rinconeducativo.org\/wp-content\/uploads\/2015\/08\/sin_titulo890.jpg","contentUrl":"https:\/\/rinconeducativo.org\/wp-content\/uploads\/2015\/08\/sin_titulo890.jpg","width":425,"height":362,"caption":"Matrimonio Joliot-Curie"},{"@type":"BreadcrumbList","@id":"https:\/\/rinconeducativo.org\/es\/recursos-educativos\/irene-joliot-curie-compartio-premio-nobel-sintesis-nuevos-elementos-radiactivos\/#breadcrumb","itemListElement":[{"@type":"ListItem","position":1,"name":"Portada","item":"https:\/\/rinconeducativo.org\/es\/"},{"@type":"ListItem","position":2,"name":"Recursos educativos","item":"https:\/\/rinconeducativo.org\/es\/recursos-educativos\/"},{"@type":"ListItem","position":3,"name":"Ir\u00e9ne Joliot-Curie, comparti\u00f3 el Premio Nobel por la s\u00edntesis de nuevos elementos radiactivos"}]},{"@type":"WebSite","@id":"https:\/\/rinconeducativo.org\/es\/#website","url":"https:\/\/rinconeducativo.org\/es\/","name":"Rinc\u00f3n educativo","description":"Un proyecto del Foro Nuclear","potentialAction":[{"@type":"SearchAction","target":{"@type":"EntryPoint","urlTemplate":"https:\/\/rinconeducativo.org\/es\/?s={search_term_string}"},"query-input":{"@type":"PropertyValueSpecification","valueRequired":true,"valueName":"search_term_string"}}],"inLanguage":"es"}]}},"_links":{"self":[{"href":"https:\/\/rinconeducativo.org\/es\/wp-json\/wp\/v2\/re_recurso\/5862","targetHints":{"allow":["GET"]}}],"collection":[{"href":"https:\/\/rinconeducativo.org\/es\/wp-json\/wp\/v2\/re_recurso"}],"about":[{"href":"https:\/\/rinconeducativo.org\/es\/wp-json\/wp\/v2\/types\/re_recurso"}],"author":[{"embeddable":true,"href":"https:\/\/rinconeducativo.org\/es\/wp-json\/wp\/v2\/users\/1088"}],"version-history":[{"count":5,"href":"https:\/\/rinconeducativo.org\/es\/wp-json\/wp\/v2\/re_recurso\/5862\/revisions"}],"predecessor-version":[{"id":36062,"href":"https:\/\/rinconeducativo.org\/es\/wp-json\/wp\/v2\/re_recurso\/5862\/revisions\/36062"}],"wp:featuredmedia":[{"embeddable":true,"href":"https:\/\/rinconeducativo.org\/es\/wp-json\/wp\/v2\/media\/5860"}],"wp:attachment":[{"href":"https:\/\/rinconeducativo.org\/es\/wp-json\/wp\/v2\/media?parent=5862"}],"wp:term":[{"taxonomy":"post_tag","embeddable":true,"href":"https:\/\/rinconeducativo.org\/es\/wp-json\/wp\/v2\/tags?post=5862"},{"taxonomy":"edad","embeddable":true,"href":"https:\/\/rinconeducativo.org\/es\/wp-json\/wp\/v2\/edad?post=5862"},{"taxonomy":"recursos_tipo","embeddable":true,"href":"https:\/\/rinconeducativo.org\/es\/wp-json\/wp\/v2\/recursos_tipo?post=5862"},{"taxonomy":"recursos_tema","embeddable":true,"href":"https:\/\/rinconeducativo.org\/es\/wp-json\/wp\/v2\/recursos_tema?post=5862"},{"taxonomy":"clasificacion_anterior","embeddable":true,"href":"https:\/\/rinconeducativo.org\/es\/wp-json\/wp\/v2\/clasificacion_anterior?post=5862"}],"curies":[{"name":"wp","href":"https:\/\/api.w.org\/{rel}","templated":true}]}}