{"id":5855,"date":"2015-08-09T10:10:22","date_gmt":"2015-08-09T10:10:22","guid":{"rendered":"https:\/\/wp.rinconeducativo.org\/?recursos=enrico-fermi-el-premio-nobel-que-consiguio-la-primera-reaccion-nuclear-en-cadena"},"modified":"2024-11-25T11:07:55","modified_gmt":"2024-11-25T10:07:55","slug":"enrico-fermi-premio-nobel-consiguio-primera-reaccion-nuclear-en-cadena","status":"publish","type":"re_recurso","link":"https:\/\/rinconeducativo.org\/es\/recursos-educativos\/enrico-fermi-premio-nobel-consiguio-primera-reaccion-nuclear-en-cadena\/","title":{"rendered":"Enrico Fermi, el Premio Nobel que consigui\u00f3 la primera reacci\u00f3n nuclear en cadena"},"content":{"rendered":"<div class=\"wp-block-image\">\n<figure class=\"alignleft\"><img loading=\"lazy\" decoding=\"async\" width=\"425\" height=\"335\" src=\"https:\/\/wp2.rinconeducativo.org\/wp-content\/uploads\/2015\/08\/sin_titulo89_2.jpg\" alt=\"Enrico Fermi\" class=\"wp-image-5852\" title=\"Enrico Fermi\"\/><\/figure>\n<\/div>\n\n\n<p class=\"rtejustify\">29 de septiembre de 1901, Roma (Italia) \u2013 28 de noviembre de 1954, Chicago (Estados Unidos)<\/p>\n\n\n\n<p class=\"rtejustify\">F\u00edsico italiano que ha pasado a la historia por ser el primero en realizar la <a href=\"https:\/\/rinconeducativo.org\/es\/efemerides\/2-diciembre-1942-primera-reaccion-nuclear-en-cadena-autosostenida\/\" target=\"_blank\" rel=\"noreferrer noopener\">primera fisi\u00f3n nuclear autosostenida<\/a> y por haber ideado el primer m\u00e9todo matem\u00e1tico capaz de describir el comportamiento de ciertos tipos de part\u00edculas subat\u00f3micas.<\/p>\n\n\n\n<p class=\"rtejustify\">Desde muy ni\u00f1o mostr\u00f3 gran inter\u00e9s por la ciencia y la tecnolog\u00eda y, en particular, por la f\u00edsica y las matem\u00e1ticas. Al tener una gran capacidad intelectual, destac\u00f3 y le vali\u00f3 para conseguir, en 1918, una beca para estudiar en la <em>Scuola Normale Superiore<\/em> en Pisa (Italia). Durante su estancia, bajo las ense\u00f1anzas del profesor Luigi Puccianti, Fermi se especializ\u00f3 en F\u00edsica, logrando su doctorado en 1922 con una tesis versada en los <a href=\"https:\/\/rinconeducativo.org\/es\/recursos-educativos\/wilhelm-conrad-roentgen-descubridor-rayos-x-y-creador-nueva-profesion-medica\/\" target=\"_blank\" rel=\"noreferrer noopener\">rayos-X<\/a>.<\/p>\n\n\n\n<p class=\"rtejustify\">Consagrado como una de las grandes promesas de la ciencia italiana, recibi\u00f3 una ayuda por parte del gobierno para que pudiese estudiar en la Universidad e G\u00f6ttingen (Alemania), considerada en aquel momento el foco de investigaci\u00f3n de la F\u00edsica mundial. All\u00ed ampli\u00f3 sus conocimientos junto a <a href=\"https:\/\/rinconeducativo.org\/es\/recursos-educativos\/max-born-einstein-recurria-cuanto-tenia-dudas-sobre-mecanica-cuantica\/\" target=\"_blank\" rel=\"noreferrer noopener\">Max Born<\/a>, uno de los m\u00e1s grandes cient\u00edficos de la mec\u00e1nica cu\u00e1ntica.<\/p>\n\n\n\n<p class=\"rtejustify\">En 1924, recibi\u00f3 una beca de la Fundaci\u00f3n Rockefeller para estudiar en la Universidad de Leiden (Pa\u00edses Bajos) donde continu\u00f3 investigando en el campo de la F\u00edsica Nuclear, sentando las bases de lo que ser\u00edan sus grandes descubrimientos. &nbsp;Ese mismo a\u00f1o, regresa a Italia e inicia su carrera como profesor de la Universidad de Florencia, donde empieza a adquirir prestigio y celebridad, sobre todo, tras enunciar, en 1926, la denominada \u201cEstad\u00edstica de Fermi-Dirac\u201d, b\u00e1sicamente un conjunto de leyes y mediciones cu\u00e1nticas que demostraban que las part\u00edculas subat\u00f3micas est\u00e1n regidas conforme al principio de exclusi\u00f3n de <a href=\"https:\/\/rinconeducativo.org\/es\/recursos-educativos\/wofgang-ernst-pauli-premio-nobel-principio-exclusion-proponer-cuarto-numero-cuantico-teorizar-sobre-neutrino\/\" target=\"_blank\" rel=\"noreferrer noopener\">Ernest Paul\u00ed<\/a>.<\/p>\n\n\n\n<p class=\"rtejustify\">Con el paso del tiempo, la importancia de estos trabajos sobre la estad\u00edstica cu\u00e1ntica, llevaron a que estas part\u00edculas se llamaran fermiones, en contraste con los bosones de la denominada \u201cEstad\u00edstica de Bose-Einstein\u201d.<\/p>\n\n\n\n<p class=\"rtejustify\">En 1927, recibe la c\u00e1tedra de F\u00edsica te\u00f3rica de la Universidad de Roma, aunque no deja de viajar a todos los lugares donde se estaban fraguando los principales avances de la F\u00edsica de su tiempo. Por ello fue que, en 1930, comienza a impartir cursos de verano en la Universidad de Michigan (Estados Unidos). Esto le lleva a impartir cursos y conferencias en las universidades de Columbia, Stanford y Chicago.<\/p>\n\n\n\n<p class=\"rtejustify\">En 1933, public\u00f3 su teor\u00eda de la desintegraci\u00f3n radiactiva beta, seg\u00fan la cual un neutr\u00f3n emite un electr\u00f3n (part\u00edcula \u00df) y un antineutrino para transformarse en prot\u00f3n. Poco despu\u00e9s, tras el descubrimiento del neutr\u00f3n por parte de <a href=\"https:\/\/rinconeducativo.org\/es\/recursos-educativos\/james-chadwick-descubridor-neutron\/\" target=\"_blank\" rel=\"noreferrer noopener\">James Chadwick<\/a>, el <a href=\"https:\/\/rinconeducativo.org\/es\/recursos-educativos\/irene-joliot-curie-compartio-premio-nobel-sintesis-nuevos-elementos-radiactivos\/\" target=\"_blank\" rel=\"noreferrer noopener\">matrimonio Joliot-Curie<\/a> hallaron la radiactividad artificial y fueron capaces de formar is\u00f3topos nuevos por medio del bombardeo de diversas substancias con part\u00edculas alfa. Fermi reflexion\u00f3 sobre ambos hallazgos y dedujo que el neutr\u00f3n, al carecer de carga el\u00e9ctrica, podr\u00eda ser un proyectil m\u00e1s adecuado que las part\u00edculas alfa para realizar este tipo de bombardeo; pas\u00f3, entonces, a la fase experimental y, sirvi\u00e9ndose de unos neutrones lentos a los que hab\u00eda logrado frenar con parafina, bombarde\u00f3 sesenta elementos qu\u00edmicos, con lo que fue capaz de generar cuarenta is\u00f3topos nuevos.<\/p>\n\n\n<div class=\"wp-block-image\">\n<figure class=\"alignright\"><img loading=\"lazy\" decoding=\"async\" width=\"520\" height=\"390\" src=\"https:\/\/wp2.rinconeducativo.org\/wp-content\/uploads\/2015\/08\/fermi_equipo_chicago_piler-1.png\" alt=\"Equipo de Fermi del Chicago Pile-1\" class=\"wp-image-5853\" title=\"Equipo de Fermi del Chicago Pile-1\" srcset=\"https:\/\/rinconeducativo.org\/wp-content\/uploads\/2015\/08\/fermi_equipo_chicago_piler-1.png 520w, https:\/\/rinconeducativo.org\/wp-content\/uploads\/2015\/08\/fermi_equipo_chicago_piler-1-500x375.png 500w\" sizes=\"auto, (max-width: 520px) 100vw, 520px\" \/><\/figure>\n<\/div>\n\n\n<p class=\"rtejustify\">Durante esa d\u00e9cada no solo divulg\u00f3 sus conocimientos en Estados Unidos, sino tambi\u00e9n en Europa y Am\u00e9rica del Sur, lo que le permiti\u00f3 rodearse de un equipo de grandes colaboradores con los que pudo analizar en profundidad el retardo experimentado por el neutr\u00f3n (otra part\u00edcula que acababa de descubrirse) en los materiales hidrogenados. Adem\u00e1s, realiz\u00f3 un amplio estudio de un gran n\u00famero de sustancias artificialmente radiactivas, todas producidas por la captura de neutrones lentos por los n\u00facleos at\u00f3micos, obteniendo una serie de importantes datos sobre la radiactividad como el descubrimiento de las reacciones nucleares mediante el bombardeo con neutrones lentos, lo que le llev\u00f3 a recibir, con 40 a\u00f1os de edad, el Premio Nobel de F\u00edsica en 1938 por demostrar la existencia de nuevos elementos radiactivos producidos por la irradiaci\u00f3n del neutr\u00f3n y por el descubrimiento de las reacciones nucleares mediante el bombardeo con neutrones lentos.<\/p>\n\n\n\n<p class=\"rtejustify\">En Roma, en su etapa de profesor e investigador, estudi\u00f3 a fondo los rayos c\u00f3smicos y fue capaz de explicar c\u00f3mo se alcanzan las alt\u00edsimas energ\u00edas a las que llegan los componentes primarios, con un efecto de aceleraci\u00f3n por parte de los campos magn\u00e9ticos existentes en el espacio interestelar.<\/p>\n\n\n\n<p class=\"rtejustify\">En 1939, debido a la situaci\u00f3n pol\u00edtica en Italia decidi\u00f3 emigrar al Estados Unidos, donde fue profesor de F\u00edsica en la prestigiosa Universidad de Columbia (Nueva York). Es all\u00ed donde recibe la noticia del descubrimiento de la fisi\u00f3n del uranio por parte de <a href=\"https:\/\/rinconeducativo.org\/es\/recursos-educativos\/friedrich-strassmann-codescubridor-fision-uranio\/\" target=\"_blank\" rel=\"noreferrer noopener\">Otto Hahn<\/a> y <a href=\"http:\/\/rinconeducativo.org\/es\/recursos-educativos\/el-19-de-diciembre-de-1938-se-descubrio-la-fision-nuclear\">Friedrich Strassman<\/a>, y lo comenz\u00f3 a estudiar en profundidad, porque vio la posibilidad de lograr la emisi\u00f3n de neutrones secundarios y dar lugar as\u00ed a una reacci\u00f3n en cadena.<\/p>\n\n\n<div class=\"wp-block-image\">\n<figure class=\"aligncenter is-resized\"><img loading=\"lazy\" decoding=\"async\" width=\"835\" height=\"470\" src=\"https:\/\/wp2.rinconeducativo.org\/wp-content\/uploads\/2015\/08\/fermi_chicago_pile-1.png\" alt=\"Chicago Pile-1 y Enrico Fermi\" class=\"wp-image-5854\" style=\"width:668px;height:auto\" title=\"Chicago Pile-1 y Enrico Fermi\" srcset=\"https:\/\/rinconeducativo.org\/wp-content\/uploads\/2015\/08\/fermi_chicago_pile-1.png 835w, https:\/\/rinconeducativo.org\/wp-content\/uploads\/2015\/08\/fermi_chicago_pile-1-500x281.png 500w, https:\/\/rinconeducativo.org\/wp-content\/uploads\/2015\/08\/fermi_chicago_pile-1-768x432.png 768w\" sizes=\"auto, (max-width: 835px) 100vw, 835px\" \/><\/figure>\n<\/div>\n\n\n<p class=\"rtejustify\">Rodeado de su nuevo equipo formado por m\u00e1s de 40 cient\u00edficos, consigui\u00f3 fabricar el primer reactor nuclear, llamado <a href=\"https:\/\/rinconeducativo.org\/es\/recursos-educativos\/lamina-interactiva-reactor-chicago-pile-1\/\" target=\"_blank\" rel=\"noreferrer noopener\">Chicago Pile-1<\/a>, con el que el <a href=\"https:\/\/rinconeducativo.org\/es\/efemerides\/2-diciembre-1942-primera-reaccion-nuclear-en-cadena-autosostenida\/\">2 de diciembre de 1942, en un laboratorio de la Universidad de Chicago, logr\u00f3 producir la primera reacci\u00f3n nuclear en cadena<\/a> sujeta al control de quien la desencadenaba.<\/p>\n\n\n\n<p class=\"rtejustify\">En plena guerra mundial, se convirti\u00f3 en uno de los miembros del amplio equipo de cient\u00edficos que, bajo la direcci\u00f3n e Oppenheimer, desarroll\u00f3 el denominado proyecto Manhattan.<\/p>\n\n\n\n<p class=\"rtejustify\">Ya integrado en la comunidad cient\u00edfica y la vida social del pa\u00eds, solicit\u00f3 y obtuvo la nacionalidad estadounidense en 1944.<\/p>\n\n\n\n<p class=\"rtejustify\">En 1946, ya concluida la Segunda Guerra mundial, se incorpor\u00f3 como profesor en la Universidad de Chicago, en cuyo Instituto de Estudios Nucleares continu\u00f3 trabajando exhaustivamente hasta su fallecimiento por c\u00e1ncer en 1954.<\/p>\n\n\n\n<p class=\"rtejustify\">Recibi\u00f3 a lo largo de su vida muchas premios y medallas, se cre\u00f3 en su honor el \u201cPremio Fermi\u201d (1953) del que pudo entregar la primera convocatoria, perteneci\u00f3 a instituciones y asociaciones de todo el mundo y fue miembro del Comit\u00e9 Asesor de la Comisi\u00f3n de Energ\u00eda At\u00f3mica.<\/p>\n\n\n\n<p class=\"rtejustify\">Honrando su memoria, no solo se denominaron las part\u00edculas fermiones con su nombre, sino que el elemento qu\u00edmico n\u00famero 100 de la tabla peri\u00f3dica lleva su nombre, fermio.<\/p>\n","protected":false},"excerpt":{"rendered":"<p>Galardonado con el Premio Nobel de F\u00edsica por demostrar la existencia de nuevos elementos radiactivos producidos por la irradiaci\u00f3n del neutr\u00f3n y por el descubrimiento de las reacciones nucleares mediante el bombardeo con neutrones lentos, dirigi\u00f3 el equipo que logr\u00f3 la primera reacci\u00f3n nuclear en cadena autosostenida en el reactor Chicago Pile-1.<\/p>\n","protected":false},"author":1088,"featured_media":5852,"template":"","meta":{"_acf_changed":false,"footnotes":""},"tags":[5732,5699,5684,6315,8183,8233,6071],"edad":[7029,7030,7031,7028],"recursos_tipo":[7014],"recursos_tema":[7010,6992,7011,6999,7006,7094],"clasificacion_anterior":[],"class_list":["post-5855","re_recurso","type-re_recurso","status-publish","has-post-thumbnail","hentry","tag-aplicaciones-de-la-tecnologia-nuclear","tag-electricidad","tag-energia-nuclear","tag-fision","tag-radiacion","tag-reactores","tag-tabla-periodica","edad-de-6-a-12","edad-de-12-a-16","edad-mas-16","edad-todas-las-edades","recursos_tipo-personajes","recursos_tema-ciencia","recursos_tema-electricidad","recursos_tema-energia","recursos_tema-energia-nuclear","recursos_tema-fision","recursos_tema-premios-nobel"],"acf":[],"yoast_head":"<!-- This site is optimized with the Yoast SEO plugin v26.8 - https:\/\/yoast.com\/product\/yoast-seo-wordpress\/ -->\n<title>Enrico Fermi, el Premio Nobel que consigui\u00f3 la primera reacci\u00f3n nuclear en cadena - Rinc\u00f3n educativo<\/title>\n<meta name=\"robots\" content=\"index, follow, max-snippet:-1, max-image-preview:large, max-video-preview:-1\" \/>\n<link rel=\"canonical\" href=\"https:\/\/rinconeducativo.org\/es\/recursos-educativos\/enrico-fermi-premio-nobel-consiguio-primera-reaccion-nuclear-en-cadena\/\" \/>\n<meta property=\"og:locale\" content=\"es_ES\" \/>\n<meta property=\"og:type\" content=\"article\" \/>\n<meta property=\"og:title\" content=\"Enrico Fermi, el Premio Nobel que consigui\u00f3 la primera reacci\u00f3n nuclear en cadena - Rinc\u00f3n educativo\" \/>\n<meta property=\"og:description\" content=\"Galardonado con el Premio Nobel de F\u00edsica por demostrar la existencia de nuevos elementos radiactivos producidos por la irradiaci\u00f3n del neutr\u00f3n y por el descubrimiento de las reacciones nucleares mediante el bombardeo con neutrones lentos, dirigi\u00f3 el equipo que logr\u00f3 la primera reacci\u00f3n nuclear en cadena autosostenida en el reactor Chicago Pile-1.\" \/>\n<meta property=\"og:url\" content=\"https:\/\/rinconeducativo.org\/es\/recursos-educativos\/enrico-fermi-premio-nobel-consiguio-primera-reaccion-nuclear-en-cadena\/\" \/>\n<meta property=\"og:site_name\" content=\"Rinc\u00f3n educativo\" \/>\n<meta property=\"article:modified_time\" content=\"2024-11-25T10:07:55+00:00\" \/>\n<meta property=\"og:image\" content=\"https:\/\/rinconeducativo.org\/wp-content\/uploads\/2015\/08\/sin_titulo89_2.jpg\" \/>\n\t<meta property=\"og:image:width\" content=\"425\" \/>\n\t<meta property=\"og:image:height\" content=\"335\" \/>\n\t<meta property=\"og:image:type\" content=\"image\/jpeg\" \/>\n<meta name=\"twitter:card\" content=\"summary_large_image\" \/>\n<script type=\"application\/ld+json\" class=\"yoast-schema-graph\">{\"@context\":\"https:\/\/schema.org\",\"@graph\":[{\"@type\":\"WebPage\",\"@id\":\"https:\/\/rinconeducativo.org\/es\/recursos-educativos\/enrico-fermi-premio-nobel-consiguio-primera-reaccion-nuclear-en-cadena\/\",\"url\":\"https:\/\/rinconeducativo.org\/es\/recursos-educativos\/enrico-fermi-premio-nobel-consiguio-primera-reaccion-nuclear-en-cadena\/\",\"name\":\"Enrico Fermi, el Premio Nobel que consigui\u00f3 la primera reacci\u00f3n nuclear en cadena - Rinc\u00f3n educativo\",\"isPartOf\":{\"@id\":\"https:\/\/rinconeducativo.org\/es\/#website\"},\"primaryImageOfPage\":{\"@id\":\"https:\/\/rinconeducativo.org\/es\/recursos-educativos\/enrico-fermi-premio-nobel-consiguio-primera-reaccion-nuclear-en-cadena\/#primaryimage\"},\"image\":{\"@id\":\"https:\/\/rinconeducativo.org\/es\/recursos-educativos\/enrico-fermi-premio-nobel-consiguio-primera-reaccion-nuclear-en-cadena\/#primaryimage\"},\"thumbnailUrl\":\"https:\/\/rinconeducativo.org\/wp-content\/uploads\/2015\/08\/sin_titulo89_2.jpg\",\"datePublished\":\"2015-08-09T10:10:22+00:00\",\"dateModified\":\"2024-11-25T10:07:55+00:00\",\"breadcrumb\":{\"@id\":\"https:\/\/rinconeducativo.org\/es\/recursos-educativos\/enrico-fermi-premio-nobel-consiguio-primera-reaccion-nuclear-en-cadena\/#breadcrumb\"},\"inLanguage\":\"es\",\"potentialAction\":[{\"@type\":\"ReadAction\",\"target\":[\"https:\/\/rinconeducativo.org\/es\/recursos-educativos\/enrico-fermi-premio-nobel-consiguio-primera-reaccion-nuclear-en-cadena\/\"]}]},{\"@type\":\"ImageObject\",\"inLanguage\":\"es\",\"@id\":\"https:\/\/rinconeducativo.org\/es\/recursos-educativos\/enrico-fermi-premio-nobel-consiguio-primera-reaccion-nuclear-en-cadena\/#primaryimage\",\"url\":\"https:\/\/rinconeducativo.org\/wp-content\/uploads\/2015\/08\/sin_titulo89_2.jpg\",\"contentUrl\":\"https:\/\/rinconeducativo.org\/wp-content\/uploads\/2015\/08\/sin_titulo89_2.jpg\",\"width\":425,\"height\":335,\"caption\":\"Enrico Fermi\"},{\"@type\":\"BreadcrumbList\",\"@id\":\"https:\/\/rinconeducativo.org\/es\/recursos-educativos\/enrico-fermi-premio-nobel-consiguio-primera-reaccion-nuclear-en-cadena\/#breadcrumb\",\"itemListElement\":[{\"@type\":\"ListItem\",\"position\":1,\"name\":\"Portada\",\"item\":\"https:\/\/rinconeducativo.org\/es\/\"},{\"@type\":\"ListItem\",\"position\":2,\"name\":\"Recursos educativos\",\"item\":\"https:\/\/rinconeducativo.org\/es\/recursos-educativos\/\"},{\"@type\":\"ListItem\",\"position\":3,\"name\":\"Enrico Fermi, el Premio Nobel que consigui\u00f3 la primera reacci\u00f3n nuclear en cadena\"}]},{\"@type\":\"WebSite\",\"@id\":\"https:\/\/rinconeducativo.org\/es\/#website\",\"url\":\"https:\/\/rinconeducativo.org\/es\/\",\"name\":\"Rinc\u00f3n educativo\",\"description\":\"Un proyecto del Foro Nuclear\",\"potentialAction\":[{\"@type\":\"SearchAction\",\"target\":{\"@type\":\"EntryPoint\",\"urlTemplate\":\"https:\/\/rinconeducativo.org\/es\/?s={search_term_string}\"},\"query-input\":{\"@type\":\"PropertyValueSpecification\",\"valueRequired\":true,\"valueName\":\"search_term_string\"}}],\"inLanguage\":\"es\"}]}<\/script>\n<!-- \/ Yoast SEO plugin. -->","yoast_head_json":{"title":"Enrico Fermi, el Premio Nobel que consigui\u00f3 la primera reacci\u00f3n nuclear en cadena - Rinc\u00f3n educativo","robots":{"index":"index","follow":"follow","max-snippet":"max-snippet:-1","max-image-preview":"max-image-preview:large","max-video-preview":"max-video-preview:-1"},"canonical":"https:\/\/rinconeducativo.org\/es\/recursos-educativos\/enrico-fermi-premio-nobel-consiguio-primera-reaccion-nuclear-en-cadena\/","og_locale":"es_ES","og_type":"article","og_title":"Enrico Fermi, el Premio Nobel que consigui\u00f3 la primera reacci\u00f3n nuclear en cadena - Rinc\u00f3n educativo","og_description":"Galardonado con el Premio Nobel de F\u00edsica por demostrar la existencia de nuevos elementos radiactivos producidos por la irradiaci\u00f3n del neutr\u00f3n y por el descubrimiento de las reacciones nucleares mediante el bombardeo con neutrones lentos, dirigi\u00f3 el equipo que logr\u00f3 la primera reacci\u00f3n nuclear en cadena autosostenida en el reactor Chicago Pile-1.","og_url":"https:\/\/rinconeducativo.org\/es\/recursos-educativos\/enrico-fermi-premio-nobel-consiguio-primera-reaccion-nuclear-en-cadena\/","og_site_name":"Rinc\u00f3n educativo","article_modified_time":"2024-11-25T10:07:55+00:00","og_image":[{"width":425,"height":335,"url":"https:\/\/rinconeducativo.org\/wp-content\/uploads\/2015\/08\/sin_titulo89_2.jpg","type":"image\/jpeg"}],"twitter_card":"summary_large_image","schema":{"@context":"https:\/\/schema.org","@graph":[{"@type":"WebPage","@id":"https:\/\/rinconeducativo.org\/es\/recursos-educativos\/enrico-fermi-premio-nobel-consiguio-primera-reaccion-nuclear-en-cadena\/","url":"https:\/\/rinconeducativo.org\/es\/recursos-educativos\/enrico-fermi-premio-nobel-consiguio-primera-reaccion-nuclear-en-cadena\/","name":"Enrico Fermi, el Premio Nobel que consigui\u00f3 la primera reacci\u00f3n nuclear en cadena - Rinc\u00f3n educativo","isPartOf":{"@id":"https:\/\/rinconeducativo.org\/es\/#website"},"primaryImageOfPage":{"@id":"https:\/\/rinconeducativo.org\/es\/recursos-educativos\/enrico-fermi-premio-nobel-consiguio-primera-reaccion-nuclear-en-cadena\/#primaryimage"},"image":{"@id":"https:\/\/rinconeducativo.org\/es\/recursos-educativos\/enrico-fermi-premio-nobel-consiguio-primera-reaccion-nuclear-en-cadena\/#primaryimage"},"thumbnailUrl":"https:\/\/rinconeducativo.org\/wp-content\/uploads\/2015\/08\/sin_titulo89_2.jpg","datePublished":"2015-08-09T10:10:22+00:00","dateModified":"2024-11-25T10:07:55+00:00","breadcrumb":{"@id":"https:\/\/rinconeducativo.org\/es\/recursos-educativos\/enrico-fermi-premio-nobel-consiguio-primera-reaccion-nuclear-en-cadena\/#breadcrumb"},"inLanguage":"es","potentialAction":[{"@type":"ReadAction","target":["https:\/\/rinconeducativo.org\/es\/recursos-educativos\/enrico-fermi-premio-nobel-consiguio-primera-reaccion-nuclear-en-cadena\/"]}]},{"@type":"ImageObject","inLanguage":"es","@id":"https:\/\/rinconeducativo.org\/es\/recursos-educativos\/enrico-fermi-premio-nobel-consiguio-primera-reaccion-nuclear-en-cadena\/#primaryimage","url":"https:\/\/rinconeducativo.org\/wp-content\/uploads\/2015\/08\/sin_titulo89_2.jpg","contentUrl":"https:\/\/rinconeducativo.org\/wp-content\/uploads\/2015\/08\/sin_titulo89_2.jpg","width":425,"height":335,"caption":"Enrico Fermi"},{"@type":"BreadcrumbList","@id":"https:\/\/rinconeducativo.org\/es\/recursos-educativos\/enrico-fermi-premio-nobel-consiguio-primera-reaccion-nuclear-en-cadena\/#breadcrumb","itemListElement":[{"@type":"ListItem","position":1,"name":"Portada","item":"https:\/\/rinconeducativo.org\/es\/"},{"@type":"ListItem","position":2,"name":"Recursos educativos","item":"https:\/\/rinconeducativo.org\/es\/recursos-educativos\/"},{"@type":"ListItem","position":3,"name":"Enrico Fermi, el Premio Nobel que consigui\u00f3 la primera reacci\u00f3n nuclear en cadena"}]},{"@type":"WebSite","@id":"https:\/\/rinconeducativo.org\/es\/#website","url":"https:\/\/rinconeducativo.org\/es\/","name":"Rinc\u00f3n educativo","description":"Un proyecto del Foro Nuclear","potentialAction":[{"@type":"SearchAction","target":{"@type":"EntryPoint","urlTemplate":"https:\/\/rinconeducativo.org\/es\/?s={search_term_string}"},"query-input":{"@type":"PropertyValueSpecification","valueRequired":true,"valueName":"search_term_string"}}],"inLanguage":"es"}]}},"_links":{"self":[{"href":"https:\/\/rinconeducativo.org\/es\/wp-json\/wp\/v2\/re_recurso\/5855","targetHints":{"allow":["GET"]}}],"collection":[{"href":"https:\/\/rinconeducativo.org\/es\/wp-json\/wp\/v2\/re_recurso"}],"about":[{"href":"https:\/\/rinconeducativo.org\/es\/wp-json\/wp\/v2\/types\/re_recurso"}],"author":[{"embeddable":true,"href":"https:\/\/rinconeducativo.org\/es\/wp-json\/wp\/v2\/users\/1088"}],"version-history":[{"count":5,"href":"https:\/\/rinconeducativo.org\/es\/wp-json\/wp\/v2\/re_recurso\/5855\/revisions"}],"predecessor-version":[{"id":37739,"href":"https:\/\/rinconeducativo.org\/es\/wp-json\/wp\/v2\/re_recurso\/5855\/revisions\/37739"}],"wp:featuredmedia":[{"embeddable":true,"href":"https:\/\/rinconeducativo.org\/es\/wp-json\/wp\/v2\/media\/5852"}],"wp:attachment":[{"href":"https:\/\/rinconeducativo.org\/es\/wp-json\/wp\/v2\/media?parent=5855"}],"wp:term":[{"taxonomy":"post_tag","embeddable":true,"href":"https:\/\/rinconeducativo.org\/es\/wp-json\/wp\/v2\/tags?post=5855"},{"taxonomy":"edad","embeddable":true,"href":"https:\/\/rinconeducativo.org\/es\/wp-json\/wp\/v2\/edad?post=5855"},{"taxonomy":"recursos_tipo","embeddable":true,"href":"https:\/\/rinconeducativo.org\/es\/wp-json\/wp\/v2\/recursos_tipo?post=5855"},{"taxonomy":"recursos_tema","embeddable":true,"href":"https:\/\/rinconeducativo.org\/es\/wp-json\/wp\/v2\/recursos_tema?post=5855"},{"taxonomy":"clasificacion_anterior","embeddable":true,"href":"https:\/\/rinconeducativo.org\/es\/wp-json\/wp\/v2\/clasificacion_anterior?post=5855"}],"curies":[{"name":"wp","href":"https:\/\/api.w.org\/{rel}","templated":true}]}}