{"id":5786,"date":"2015-08-04T12:25:21","date_gmt":"2015-08-04T12:25:21","guid":{"rendered":"https:\/\/wp.rinconeducativo.org\/?recursos=kw-y-euros"},"modified":"2024-12-13T12:16:40","modified_gmt":"2024-12-13T11:16:40","slug":"kw-y-euros","status":"publish","type":"re_recurso","link":"https:\/\/rinconeducativo.org\/es\/recursos-educativos\/kw-y-euros\/","title":{"rendered":"Kw y euros"},"content":{"rendered":"\n<p>Es la fecha de llegada del recibo de la luz y, como esperabais, en tu casa se han disparado los kW... y los euros. M\u00edralo bien; analiza el recibo con calma:<\/p>\n\n\n\n<figure class=\"wp-block-image\"><img loading=\"lazy\" decoding=\"async\" width=\"425\" height=\"204\" src=\"https:\/\/wp2.rinconeducativo.org\/wp-content\/uploads\/2015\/08\/sin_titulo111.jpg\" alt=\"Kw y euros\" class=\"wp-image-5784\" title=\"Kw y euros\"\/><\/figure>\n\n\n\n<ul class=\"wp-block-list\">\n<li>&nbsp;\u00bfQu\u00e9 conceptos diferentes est\u00e1n contabilizando?<\/li>\n\n\n\n<li>&nbsp;\u00bfA qu\u00e9 corresponde la facturaci\u00f3n de la potencia?<\/li>\n\n\n\n<li>&nbsp;\u00bfY la de la energ\u00eda?<\/li>\n<\/ul>\n\n\n\n<p>Est\u00e1 claro que est\u00e1is gastando m\u00e1s de la cuenta... \u00c9chale un vistazo a esta tabla orientativa del consumo est\u00e1ndar de los diferentes aparatos el\u00e9ctricos que suele haber en los hogares en relaci\u00f3n con su frecuencia de uso:<\/p>\n\n\n\n<figure class=\"wp-block-image\"><img loading=\"lazy\" decoding=\"async\" width=\"425\" height=\"234\" src=\"https:\/\/wp2.rinconeducativo.org\/wp-content\/uploads\/2015\/08\/sin_titulo222.jpg\" alt=\"Kw y euros\" class=\"wp-image-5785\" title=\"Kw y euros\"\/><\/figure>\n\n\n\n<p>A partir de estos datos, que son anuales, elabora una tabla similar a partir del uso que hac\u00e9is en tu casa de los diferentes aparatos el\u00e9ctricos. Variar\u00e1n la duraci\u00f3n y la frecuencia de uso y, por tanto, el consumo, pero puedes tomar como valores de referencia los valores medios de kW\/h de la tabla. Si s\u00f3lo encend\u00e9is el televisor 1 hora al d\u00eda, el consumo anual ser\u00e1 la mitad del indicado, 130, \u00a1naturalmente!<\/p>\n\n\n\n<ul class=\"wp-block-list\">\n<li>&nbsp;A la vista de los resultados que obtengas, y sabiendo el precio del kW\/h, plantea una hip\u00f3tesis que explique por qu\u00e9 pag\u00e1is tanto, seg\u00fan vuestro recibo; \u00bfhab\u00e9is hecho algo o realizado alguna actividad que pueda considerarse extraordinaria o fuera de lo normal?<\/li>\n<\/ul>\n\n\n\n<p><strong>Piensa<\/strong> en una estrategia que te permita controlar a partir de ahora el gasto energ\u00e9tico.<\/p>\n\n\n\n<p><strong>Ya sabes<\/strong> que hay una serie de normas que ayudan mucho a ahorrar energ\u00eda y dinero. Por lo tanto, desde el punto de vista del ahorro, es preferible y m\u00e1s econ\u00f3mico:<\/p>\n\n\n\n<ul class=\"wp-block-list\">\n<li>&nbsp;Utilizar una gran cantidad de agua&nbsp;&nbsp;fr\u00eda \/ caliente&nbsp;que una peque\u00f1a cantidad de agua... fr\u00eda \/ caliente.<\/li>\n\n\n\n<li>&nbsp;No poner en marcha el calentador hasta el momento de&nbsp;____________________.<\/li>\n\n\n\n<li>&nbsp;Apagar la cocina&nbsp;&nbsp;justo antes \/ durante \/ despu\u00e9s&nbsp;&nbsp;de que el agua empiece a hervir.<\/li>\n\n\n\n<li>&nbsp;ponerle \/ no ponerle&nbsp;&nbsp;la tapa a la olla.<\/li>\n\n\n\n<li>&nbsp;Utilizar una olla expr\u00e9s, que ahorra&nbsp;&nbsp;una tercera parte \/ nada&nbsp;&nbsp;de&nbsp;energ\u00eda.<\/li>\n\n\n\n<li>&nbsp;No poner el termostato de la nevera por debajo de la temperatura\ufffc&nbsp;\u00f3ptima. Ponerlo a 7&nbsp;\u00baC en lugar de a 5&nbsp;\u00baC ahorra&nbsp;&nbsp;nada \/ un 15%&nbsp;&nbsp;de&nbsp;energ\u00eda.<\/li>\n\n\n\n<li>&nbsp;Descongelar la nevera cuando hay m\u00e1s de 2 mm de hielo. Si la capa de&nbsp;hielo supera 1 cm &nbsp;no pasa nada \/ gasta menos porque ya est\u00e1 helado \/ gasta el doble de lo normal.<\/li>\n\n\n\n<li>&nbsp;En la lavadora, los programas de menos consumo &nbsp;ahorran mucha energ\u00eda \/ no son eficientes. &nbsp; Para la mitad de ropa &nbsp;no \/ s\u00ed &nbsp;gastan la mitad, sino &nbsp;m\u00e1s \/ menos.<\/li>\n<\/ul>\n\n\n\n<p>Aparte del buen uso de los aparatos el\u00e9ctricos, hay otros factores que contribuyen al ahorro de energ\u00eda. Uno muy importante es el correcto aislamiento de los edificios y las viviendas (paredes y ventanas) para evitar las p\u00e9rdidas de calor, que suelen ser notables.<\/p>\n","protected":false},"excerpt":{"rendered":"<p>Kw y euros<\/p>\n","protected":false},"author":1088,"featured_media":5783,"template":"","meta":{"_acf_changed":false,"footnotes":""},"tags":[5699,5675,5742],"edad":[7029],"recursos_tipo":[7015],"recursos_tema":[6991,6992,7011,7004],"clasificacion_anterior":[],"class_list":["post-5786","re_recurso","type-re_recurso","status-publish","has-post-thumbnail","hentry","tag-electricidad","tag-energia","tag-medio-ambiente","edad-de-6-a-12","recursos_tipo-actividades-practicas","recursos_tema-ahorrar-y-reciclar","recursos_tema-electricidad","recursos_tema-energia","recursos_tema-medio-ambiente"],"acf":[],"yoast_head":"<!-- This site is optimized with the Yoast SEO plugin v26.8 - https:\/\/yoast.com\/product\/yoast-seo-wordpress\/ -->\n<title>Kw y euros - Rinc\u00f3n educativo<\/title>\n<meta name=\"robots\" content=\"index, follow, max-snippet:-1, max-image-preview:large, max-video-preview:-1\" \/>\n<link rel=\"canonical\" href=\"https:\/\/rinconeducativo.org\/es\/recursos-educativos\/kw-y-euros\/\" \/>\n<meta property=\"og:locale\" content=\"es_ES\" \/>\n<meta property=\"og:type\" content=\"article\" \/>\n<meta property=\"og:title\" content=\"Kw y euros - Rinc\u00f3n educativo\" \/>\n<meta property=\"og:description\" content=\"Kw y euros\" \/>\n<meta property=\"og:url\" content=\"https:\/\/rinconeducativo.org\/es\/recursos-educativos\/kw-y-euros\/\" \/>\n<meta property=\"og:site_name\" content=\"Rinc\u00f3n educativo\" \/>\n<meta property=\"article:modified_time\" content=\"2024-12-13T11:16:40+00:00\" \/>\n<meta property=\"og:image\" content=\"https:\/\/rinconeducativo.org\/wp-content\/uploads\/2015\/08\/img_4987-scaled.jpg\" \/>\n\t<meta property=\"og:image:width\" content=\"2560\" \/>\n\t<meta property=\"og:image:height\" content=\"1707\" \/>\n\t<meta property=\"og:image:type\" content=\"image\/jpeg\" \/>\n<meta name=\"twitter:card\" content=\"summary_large_image\" \/>\n<script type=\"application\/ld+json\" class=\"yoast-schema-graph\">{\"@context\":\"https:\/\/schema.org\",\"@graph\":[{\"@type\":\"WebPage\",\"@id\":\"https:\/\/rinconeducativo.org\/es\/recursos-educativos\/kw-y-euros\/\",\"url\":\"https:\/\/rinconeducativo.org\/es\/recursos-educativos\/kw-y-euros\/\",\"name\":\"Kw y euros - Rinc\u00f3n educativo\",\"isPartOf\":{\"@id\":\"https:\/\/rinconeducativo.org\/es\/#website\"},\"primaryImageOfPage\":{\"@id\":\"https:\/\/rinconeducativo.org\/es\/recursos-educativos\/kw-y-euros\/#primaryimage\"},\"image\":{\"@id\":\"https:\/\/rinconeducativo.org\/es\/recursos-educativos\/kw-y-euros\/#primaryimage\"},\"thumbnailUrl\":\"https:\/\/rinconeducativo.org\/wp-content\/uploads\/2015\/08\/img_4987-scaled.jpg\",\"datePublished\":\"2015-08-04T12:25:21+00:00\",\"dateModified\":\"2024-12-13T11:16:40+00:00\",\"breadcrumb\":{\"@id\":\"https:\/\/rinconeducativo.org\/es\/recursos-educativos\/kw-y-euros\/#breadcrumb\"},\"inLanguage\":\"es\",\"potentialAction\":[{\"@type\":\"ReadAction\",\"target\":[\"https:\/\/rinconeducativo.org\/es\/recursos-educativos\/kw-y-euros\/\"]}]},{\"@type\":\"ImageObject\",\"inLanguage\":\"es\",\"@id\":\"https:\/\/rinconeducativo.org\/es\/recursos-educativos\/kw-y-euros\/#primaryimage\",\"url\":\"https:\/\/rinconeducativo.org\/wp-content\/uploads\/2015\/08\/img_4987-scaled.jpg\",\"contentUrl\":\"https:\/\/rinconeducativo.org\/wp-content\/uploads\/2015\/08\/img_4987-scaled.jpg\",\"width\":2560,\"height\":1707,\"caption\":\"img_4987\"},{\"@type\":\"BreadcrumbList\",\"@id\":\"https:\/\/rinconeducativo.org\/es\/recursos-educativos\/kw-y-euros\/#breadcrumb\",\"itemListElement\":[{\"@type\":\"ListItem\",\"position\":1,\"name\":\"Portada\",\"item\":\"https:\/\/rinconeducativo.org\/es\/\"},{\"@type\":\"ListItem\",\"position\":2,\"name\":\"Recursos educativos\",\"item\":\"https:\/\/rinconeducativo.org\/es\/recursos-educativos\/\"},{\"@type\":\"ListItem\",\"position\":3,\"name\":\"Kw y euros\"}]},{\"@type\":\"WebSite\",\"@id\":\"https:\/\/rinconeducativo.org\/es\/#website\",\"url\":\"https:\/\/rinconeducativo.org\/es\/\",\"name\":\"Rinc\u00f3n educativo\",\"description\":\"Un proyecto del Foro Nuclear\",\"potentialAction\":[{\"@type\":\"SearchAction\",\"target\":{\"@type\":\"EntryPoint\",\"urlTemplate\":\"https:\/\/rinconeducativo.org\/es\/?s={search_term_string}\"},\"query-input\":{\"@type\":\"PropertyValueSpecification\",\"valueRequired\":true,\"valueName\":\"search_term_string\"}}],\"inLanguage\":\"es\"}]}<\/script>\n<!-- \/ Yoast SEO plugin. -->","yoast_head_json":{"title":"Kw y euros - Rinc\u00f3n educativo","robots":{"index":"index","follow":"follow","max-snippet":"max-snippet:-1","max-image-preview":"max-image-preview:large","max-video-preview":"max-video-preview:-1"},"canonical":"https:\/\/rinconeducativo.org\/es\/recursos-educativos\/kw-y-euros\/","og_locale":"es_ES","og_type":"article","og_title":"Kw y euros - Rinc\u00f3n educativo","og_description":"Kw y euros","og_url":"https:\/\/rinconeducativo.org\/es\/recursos-educativos\/kw-y-euros\/","og_site_name":"Rinc\u00f3n educativo","article_modified_time":"2024-12-13T11:16:40+00:00","og_image":[{"width":2560,"height":1707,"url":"https:\/\/rinconeducativo.org\/wp-content\/uploads\/2015\/08\/img_4987-scaled.jpg","type":"image\/jpeg"}],"twitter_card":"summary_large_image","schema":{"@context":"https:\/\/schema.org","@graph":[{"@type":"WebPage","@id":"https:\/\/rinconeducativo.org\/es\/recursos-educativos\/kw-y-euros\/","url":"https:\/\/rinconeducativo.org\/es\/recursos-educativos\/kw-y-euros\/","name":"Kw y euros - Rinc\u00f3n educativo","isPartOf":{"@id":"https:\/\/rinconeducativo.org\/es\/#website"},"primaryImageOfPage":{"@id":"https:\/\/rinconeducativo.org\/es\/recursos-educativos\/kw-y-euros\/#primaryimage"},"image":{"@id":"https:\/\/rinconeducativo.org\/es\/recursos-educativos\/kw-y-euros\/#primaryimage"},"thumbnailUrl":"https:\/\/rinconeducativo.org\/wp-content\/uploads\/2015\/08\/img_4987-scaled.jpg","datePublished":"2015-08-04T12:25:21+00:00","dateModified":"2024-12-13T11:16:40+00:00","breadcrumb":{"@id":"https:\/\/rinconeducativo.org\/es\/recursos-educativos\/kw-y-euros\/#breadcrumb"},"inLanguage":"es","potentialAction":[{"@type":"ReadAction","target":["https:\/\/rinconeducativo.org\/es\/recursos-educativos\/kw-y-euros\/"]}]},{"@type":"ImageObject","inLanguage":"es","@id":"https:\/\/rinconeducativo.org\/es\/recursos-educativos\/kw-y-euros\/#primaryimage","url":"https:\/\/rinconeducativo.org\/wp-content\/uploads\/2015\/08\/img_4987-scaled.jpg","contentUrl":"https:\/\/rinconeducativo.org\/wp-content\/uploads\/2015\/08\/img_4987-scaled.jpg","width":2560,"height":1707,"caption":"img_4987"},{"@type":"BreadcrumbList","@id":"https:\/\/rinconeducativo.org\/es\/recursos-educativos\/kw-y-euros\/#breadcrumb","itemListElement":[{"@type":"ListItem","position":1,"name":"Portada","item":"https:\/\/rinconeducativo.org\/es\/"},{"@type":"ListItem","position":2,"name":"Recursos educativos","item":"https:\/\/rinconeducativo.org\/es\/recursos-educativos\/"},{"@type":"ListItem","position":3,"name":"Kw y euros"}]},{"@type":"WebSite","@id":"https:\/\/rinconeducativo.org\/es\/#website","url":"https:\/\/rinconeducativo.org\/es\/","name":"Rinc\u00f3n educativo","description":"Un proyecto del Foro Nuclear","potentialAction":[{"@type":"SearchAction","target":{"@type":"EntryPoint","urlTemplate":"https:\/\/rinconeducativo.org\/es\/?s={search_term_string}"},"query-input":{"@type":"PropertyValueSpecification","valueRequired":true,"valueName":"search_term_string"}}],"inLanguage":"es"}]}},"_links":{"self":[{"href":"https:\/\/rinconeducativo.org\/es\/wp-json\/wp\/v2\/re_recurso\/5786","targetHints":{"allow":["GET"]}}],"collection":[{"href":"https:\/\/rinconeducativo.org\/es\/wp-json\/wp\/v2\/re_recurso"}],"about":[{"href":"https:\/\/rinconeducativo.org\/es\/wp-json\/wp\/v2\/types\/re_recurso"}],"author":[{"embeddable":true,"href":"https:\/\/rinconeducativo.org\/es\/wp-json\/wp\/v2\/users\/1088"}],"version-history":[{"count":1,"href":"https:\/\/rinconeducativo.org\/es\/wp-json\/wp\/v2\/re_recurso\/5786\/revisions"}],"predecessor-version":[{"id":30208,"href":"https:\/\/rinconeducativo.org\/es\/wp-json\/wp\/v2\/re_recurso\/5786\/revisions\/30208"}],"wp:featuredmedia":[{"embeddable":true,"href":"https:\/\/rinconeducativo.org\/es\/wp-json\/wp\/v2\/media\/5783"}],"wp:attachment":[{"href":"https:\/\/rinconeducativo.org\/es\/wp-json\/wp\/v2\/media?parent=5786"}],"wp:term":[{"taxonomy":"post_tag","embeddable":true,"href":"https:\/\/rinconeducativo.org\/es\/wp-json\/wp\/v2\/tags?post=5786"},{"taxonomy":"edad","embeddable":true,"href":"https:\/\/rinconeducativo.org\/es\/wp-json\/wp\/v2\/edad?post=5786"},{"taxonomy":"recursos_tipo","embeddable":true,"href":"https:\/\/rinconeducativo.org\/es\/wp-json\/wp\/v2\/recursos_tipo?post=5786"},{"taxonomy":"recursos_tema","embeddable":true,"href":"https:\/\/rinconeducativo.org\/es\/wp-json\/wp\/v2\/recursos_tema?post=5786"},{"taxonomy":"clasificacion_anterior","embeddable":true,"href":"https:\/\/rinconeducativo.org\/es\/wp-json\/wp\/v2\/clasificacion_anterior?post=5786"}],"curies":[{"name":"wp","href":"https:\/\/api.w.org\/{rel}","templated":true}]}}