{"id":38159,"date":"2023-12-09T11:39:06","date_gmt":"2023-12-09T10:39:06","guid":{"rendered":"https:\/\/rinconeducativo.org\/?post_type=re_recurso&#038;p=38159"},"modified":"2024-12-09T11:54:24","modified_gmt":"2024-12-09T10:54:24","slug":"catherine-chamie-midio-primera-vez-periodo-semidesintregracion-radon","status":"publish","type":"re_recurso","link":"https:\/\/rinconeducativo.org\/es\/recursos-educativos\/catherine-chamie-midio-primera-vez-periodo-semidesintregracion-radon\/","title":{"rendered":"Catherine Chami\u00e9, midi\u00f3 por primera vez el periodo de semidesintregraci\u00f3n del rad\u00f3n"},"content":{"rendered":"<div class=\"wp-block-image\">\n<figure class=\"alignleft size-full is-resized\"><img loading=\"lazy\" decoding=\"async\" width=\"640\" height=\"898\" src=\"https:\/\/rinconeducativo.org\/wp-content\/uploads\/2024\/12\/Chamie_Catherine_Lab.jpg\" alt=\"\" class=\"wp-image-38160\" style=\"width:207px;height:auto\" srcset=\"https:\/\/rinconeducativo.org\/wp-content\/uploads\/2024\/12\/Chamie_Catherine_Lab.jpg 640w, https:\/\/rinconeducativo.org\/wp-content\/uploads\/2024\/12\/Chamie_Catherine_Lab-356x500.jpg 356w\" sizes=\"auto, (max-width: 640px) 100vw, 640px\" \/><\/figure>\n<\/div>\n\n\n<p>13 de diciembre de 1888, Odesa (Rusia) - 14 de julio de 1950, Par\u00eds (Francia)<\/p>\n\n\n\n<p>En 1907 se matricul\u00f3 en la Facultad de Ciencias de la Universidad de Ginebra (Suiza) y, en 1913, recibi\u00f3 el doctorado con su tesis versada en electromagnetismo.<\/p>\n\n\n\n<p>Regres\u00f3 a Rusia y continu\u00f3 sus estudios sobre los voltajes en los fanotrones en el laboratorio de F\u00edsica de la Universidad de San Petersburgo.<\/p>\n\n\n\n<p>Durante la Primera Guerra Mundial trabaj\u00f3 como enfermera y desp\u00faes prosigui\u00f3 su trabajo cient\u00edfico como asistente de matem\u00e1ticas en la Universidad de Odessa (Rusia).<\/p>\n\n\n\n<p>Durante la revoluci\u00f3n rusa, su familia huy\u00f3 de Odessa con las tropas francesas y se refugi\u00f3 en Voreppe, cerca de Grenoble. Despu\u00e9s de permanecer en un asentamiento de refugiados durante cinco meses, se mud\u00f3 a Par\u00eds en busca de oportunidades educativas y laborales para mantener a su familia.<\/p>\n\n\n\n<p>Entre 1919 y 1920, se inscribi\u00f3 en una serie de cursos gratuitos relacionados con la <a href=\"https:\/\/rinconeducativo.org\/es\/recursos-educativos\/pioneros-de-la-radiactividad\/\" target=\"_blank\" rel=\"noreferrer noopener\">radiactividad <\/a>ofrecidos por el Coll\u00e8ge de France (Par\u00eds). Simult\u00e1neamente, trabaj\u00f3 como profesora de ciencias y ofreci\u00f3 clases particulares en una instituci\u00f3n educativa.<\/p>\n\n\n\n<p>Despu\u00e9s de completar los cursos y adquirir experiencia en el campo de la radiactividad, le escribi\u00f3 a <a href=\"https:\/\/rinconeducativo.org\/es\/recursos-educativos\/marie-curie-vida-dedicada-radiactividad\/\" target=\"_blank\" rel=\"noreferrer noopener\">Marie Curie<\/a> para buscar oportunidades para trabajar a tiempo parcial en su laboratorio en el Instituto Curie o Instituto du Radium. Marie le ofreci\u00f3 un puesto y se incorpor\u00f3 como qu\u00edmico de forma voluntaria al departamento de medici\u00f3n dle instituto. sus trabajos incluyeron la preparaci\u00f3n de sales de radio y el an\u00e1lisis de minerales radiactivos del Congo. Pronto obtuvo una beca de investigaci\u00f3n que le permit\u00f3 trabajar en el Instuto du Radium de forma remunerada. Entre 1920 y 1934, ayud\u00f3 a Marie Curie en sus principales trabajos de investigaci\u00f3n, junto con <a href=\"https:\/\/rinconeducativo.org\/es\/recursos-educativos\/irene-joliot-curie-compartio-premio-nobel-sintesis-nuevos-elementos-radiactivos\/\" target=\"_blank\" rel=\"noreferrer noopener\">Ir\u00e8ne Joliot-Curie<\/a> midi\u00f3 por primera vez el periodo de semidesintegraci\u00f3n del rad\u00f3n y realiz\u00f3 una extensa inveestigaci\u00f3n sobre el efecto fotogr\u00e1fico de las agrupaciones de \u00e1tomos, efecto que lleva su nombre.<\/p>\n\n\n\n<p>El \"Efecto Chami\u00e9\" es un m\u00e9todo que consiste en exponer una pel\u00edcula fotogr\u00e1fica a la soluci\u00f3n reactiva para determinar si la peque\u00f1a cantidad de compuesto radiactivo utilizado era soluble o insoluble en el solvente.<\/p>\n\n\n\n<p>En 1929, recibi\u00f3 la nacionalidad francesa.<\/p>\n\n\n\n<p>En 1934 se convirti\u00f3 en jefa del departamento de medici\u00f3n y llev\u00f3 a cabo investigaciones en el campo de las <a href=\"https:\/\/rinconeducativo.org\/es\/recursos-educativos\/marie-curie-vida-dedicada-radiactividad\/\" target=\"_blank\" rel=\"noreferrer noopener\">aplicaciones m\u00e9dicas de la radiactividad<\/a>.<\/p>\n\n\n\n<p>Entre 1921 y 1950 escribi\u00f3 m\u00e1s de 40 art\u00edculos de investigaci\u00f3n.<\/p>\n","protected":false},"excerpt":{"rendered":"<p>Catherine Chami\u00e9, midi\u00f3 por primera vez el periodo de semidesintregraci\u00f3n del rad\u00f3n.<\/p>\n","protected":false},"author":1088,"featured_media":38160,"template":"","meta":{"_acf_changed":false,"footnotes":""},"tags":[5732,8183,6007,6071],"edad":[7030,7031],"recursos_tipo":[7014],"recursos_tema":[7010,7096,7097],"clasificacion_anterior":[],"class_list":["post-38159","re_recurso","type-re_recurso","status-publish","has-post-thumbnail","hentry","tag-aplicaciones-de-la-tecnologia-nuclear","tag-radiacion","tag-radon","tag-tabla-periodica","edad-de-12-a-16","edad-mas-16","recursos_tipo-personajes","recursos_tema-ciencia","recursos_tema-mujeres-en-la-ciencia","recursos_tema-tablas-periodicas"],"acf":[],"yoast_head":"<!-- This site is optimized with the Yoast SEO plugin v26.8 - https:\/\/yoast.com\/product\/yoast-seo-wordpress\/ -->\n<title>Catherine Chami\u00e9, midi\u00f3 por primera vez el periodo de semidesintregraci\u00f3n del rad\u00f3n - Rinc\u00f3n educativo<\/title>\n<meta name=\"robots\" content=\"index, follow, max-snippet:-1, max-image-preview:large, max-video-preview:-1\" \/>\n<link rel=\"canonical\" href=\"https:\/\/rinconeducativo.org\/es\/recursos-educativos\/catherine-chamie-midio-primera-vez-periodo-semidesintregracion-radon\/\" \/>\n<meta property=\"og:locale\" content=\"es_ES\" \/>\n<meta property=\"og:type\" content=\"article\" \/>\n<meta property=\"og:title\" content=\"Catherine Chami\u00e9, midi\u00f3 por primera vez el periodo de semidesintregraci\u00f3n del rad\u00f3n - Rinc\u00f3n educativo\" \/>\n<meta property=\"og:description\" content=\"Catherine Chami\u00e9, midi\u00f3 por primera vez el periodo de semidesintregraci\u00f3n del rad\u00f3n.\" \/>\n<meta property=\"og:url\" content=\"https:\/\/rinconeducativo.org\/es\/recursos-educativos\/catherine-chamie-midio-primera-vez-periodo-semidesintregracion-radon\/\" \/>\n<meta property=\"og:site_name\" content=\"Rinc\u00f3n educativo\" \/>\n<meta property=\"article:modified_time\" content=\"2024-12-09T10:54:24+00:00\" \/>\n<meta property=\"og:image\" content=\"https:\/\/rinconeducativo.org\/wp-content\/uploads\/2024\/12\/Chamie_Catherine_Lab.jpg\" \/>\n\t<meta property=\"og:image:width\" content=\"640\" \/>\n\t<meta property=\"og:image:height\" content=\"898\" \/>\n\t<meta property=\"og:image:type\" content=\"image\/jpeg\" \/>\n<meta name=\"twitter:card\" content=\"summary_large_image\" \/>\n<script type=\"application\/ld+json\" class=\"yoast-schema-graph\">{\"@context\":\"https:\/\/schema.org\",\"@graph\":[{\"@type\":\"WebPage\",\"@id\":\"https:\/\/rinconeducativo.org\/es\/recursos-educativos\/catherine-chamie-midio-primera-vez-periodo-semidesintregracion-radon\/\",\"url\":\"https:\/\/rinconeducativo.org\/es\/recursos-educativos\/catherine-chamie-midio-primera-vez-periodo-semidesintregracion-radon\/\",\"name\":\"Catherine Chami\u00e9, midi\u00f3 por primera vez el periodo de semidesintregraci\u00f3n del rad\u00f3n - Rinc\u00f3n educativo\",\"isPartOf\":{\"@id\":\"https:\/\/rinconeducativo.org\/es\/#website\"},\"primaryImageOfPage\":{\"@id\":\"https:\/\/rinconeducativo.org\/es\/recursos-educativos\/catherine-chamie-midio-primera-vez-periodo-semidesintregracion-radon\/#primaryimage\"},\"image\":{\"@id\":\"https:\/\/rinconeducativo.org\/es\/recursos-educativos\/catherine-chamie-midio-primera-vez-periodo-semidesintregracion-radon\/#primaryimage\"},\"thumbnailUrl\":\"https:\/\/rinconeducativo.org\/wp-content\/uploads\/2024\/12\/Chamie_Catherine_Lab.jpg\",\"datePublished\":\"2023-12-09T10:39:06+00:00\",\"dateModified\":\"2024-12-09T10:54:24+00:00\",\"breadcrumb\":{\"@id\":\"https:\/\/rinconeducativo.org\/es\/recursos-educativos\/catherine-chamie-midio-primera-vez-periodo-semidesintregracion-radon\/#breadcrumb\"},\"inLanguage\":\"es\",\"potentialAction\":[{\"@type\":\"ReadAction\",\"target\":[\"https:\/\/rinconeducativo.org\/es\/recursos-educativos\/catherine-chamie-midio-primera-vez-periodo-semidesintregracion-radon\/\"]}]},{\"@type\":\"ImageObject\",\"inLanguage\":\"es\",\"@id\":\"https:\/\/rinconeducativo.org\/es\/recursos-educativos\/catherine-chamie-midio-primera-vez-periodo-semidesintregracion-radon\/#primaryimage\",\"url\":\"https:\/\/rinconeducativo.org\/wp-content\/uploads\/2024\/12\/Chamie_Catherine_Lab.jpg\",\"contentUrl\":\"https:\/\/rinconeducativo.org\/wp-content\/uploads\/2024\/12\/Chamie_Catherine_Lab.jpg\",\"width\":640,\"height\":898,\"caption\":\"Catherine Chami\u00e9\"},{\"@type\":\"BreadcrumbList\",\"@id\":\"https:\/\/rinconeducativo.org\/es\/recursos-educativos\/catherine-chamie-midio-primera-vez-periodo-semidesintregracion-radon\/#breadcrumb\",\"itemListElement\":[{\"@type\":\"ListItem\",\"position\":1,\"name\":\"Portada\",\"item\":\"https:\/\/rinconeducativo.org\/es\/\"},{\"@type\":\"ListItem\",\"position\":2,\"name\":\"Recursos educativos\",\"item\":\"https:\/\/rinconeducativo.org\/es\/recursos-educativos\/\"},{\"@type\":\"ListItem\",\"position\":3,\"name\":\"Catherine Chami\u00e9, midi\u00f3 por primera vez el periodo de semidesintregraci\u00f3n del rad\u00f3n\"}]},{\"@type\":\"WebSite\",\"@id\":\"https:\/\/rinconeducativo.org\/es\/#website\",\"url\":\"https:\/\/rinconeducativo.org\/es\/\",\"name\":\"Rinc\u00f3n educativo\",\"description\":\"Un proyecto del Foro Nuclear\",\"potentialAction\":[{\"@type\":\"SearchAction\",\"target\":{\"@type\":\"EntryPoint\",\"urlTemplate\":\"https:\/\/rinconeducativo.org\/es\/?s={search_term_string}\"},\"query-input\":{\"@type\":\"PropertyValueSpecification\",\"valueRequired\":true,\"valueName\":\"search_term_string\"}}],\"inLanguage\":\"es\"}]}<\/script>\n<!-- \/ Yoast SEO plugin. -->","yoast_head_json":{"title":"Catherine Chami\u00e9, midi\u00f3 por primera vez el periodo de semidesintregraci\u00f3n del rad\u00f3n - Rinc\u00f3n educativo","robots":{"index":"index","follow":"follow","max-snippet":"max-snippet:-1","max-image-preview":"max-image-preview:large","max-video-preview":"max-video-preview:-1"},"canonical":"https:\/\/rinconeducativo.org\/es\/recursos-educativos\/catherine-chamie-midio-primera-vez-periodo-semidesintregracion-radon\/","og_locale":"es_ES","og_type":"article","og_title":"Catherine Chami\u00e9, midi\u00f3 por primera vez el periodo de semidesintregraci\u00f3n del rad\u00f3n - Rinc\u00f3n educativo","og_description":"Catherine Chami\u00e9, midi\u00f3 por primera vez el periodo de semidesintregraci\u00f3n del rad\u00f3n.","og_url":"https:\/\/rinconeducativo.org\/es\/recursos-educativos\/catherine-chamie-midio-primera-vez-periodo-semidesintregracion-radon\/","og_site_name":"Rinc\u00f3n educativo","article_modified_time":"2024-12-09T10:54:24+00:00","og_image":[{"width":640,"height":898,"url":"https:\/\/rinconeducativo.org\/wp-content\/uploads\/2024\/12\/Chamie_Catherine_Lab.jpg","type":"image\/jpeg"}],"twitter_card":"summary_large_image","schema":{"@context":"https:\/\/schema.org","@graph":[{"@type":"WebPage","@id":"https:\/\/rinconeducativo.org\/es\/recursos-educativos\/catherine-chamie-midio-primera-vez-periodo-semidesintregracion-radon\/","url":"https:\/\/rinconeducativo.org\/es\/recursos-educativos\/catherine-chamie-midio-primera-vez-periodo-semidesintregracion-radon\/","name":"Catherine Chami\u00e9, midi\u00f3 por primera vez el periodo de semidesintregraci\u00f3n del rad\u00f3n - Rinc\u00f3n educativo","isPartOf":{"@id":"https:\/\/rinconeducativo.org\/es\/#website"},"primaryImageOfPage":{"@id":"https:\/\/rinconeducativo.org\/es\/recursos-educativos\/catherine-chamie-midio-primera-vez-periodo-semidesintregracion-radon\/#primaryimage"},"image":{"@id":"https:\/\/rinconeducativo.org\/es\/recursos-educativos\/catherine-chamie-midio-primera-vez-periodo-semidesintregracion-radon\/#primaryimage"},"thumbnailUrl":"https:\/\/rinconeducativo.org\/wp-content\/uploads\/2024\/12\/Chamie_Catherine_Lab.jpg","datePublished":"2023-12-09T10:39:06+00:00","dateModified":"2024-12-09T10:54:24+00:00","breadcrumb":{"@id":"https:\/\/rinconeducativo.org\/es\/recursos-educativos\/catherine-chamie-midio-primera-vez-periodo-semidesintregracion-radon\/#breadcrumb"},"inLanguage":"es","potentialAction":[{"@type":"ReadAction","target":["https:\/\/rinconeducativo.org\/es\/recursos-educativos\/catherine-chamie-midio-primera-vez-periodo-semidesintregracion-radon\/"]}]},{"@type":"ImageObject","inLanguage":"es","@id":"https:\/\/rinconeducativo.org\/es\/recursos-educativos\/catherine-chamie-midio-primera-vez-periodo-semidesintregracion-radon\/#primaryimage","url":"https:\/\/rinconeducativo.org\/wp-content\/uploads\/2024\/12\/Chamie_Catherine_Lab.jpg","contentUrl":"https:\/\/rinconeducativo.org\/wp-content\/uploads\/2024\/12\/Chamie_Catherine_Lab.jpg","width":640,"height":898,"caption":"Catherine Chami\u00e9"},{"@type":"BreadcrumbList","@id":"https:\/\/rinconeducativo.org\/es\/recursos-educativos\/catherine-chamie-midio-primera-vez-periodo-semidesintregracion-radon\/#breadcrumb","itemListElement":[{"@type":"ListItem","position":1,"name":"Portada","item":"https:\/\/rinconeducativo.org\/es\/"},{"@type":"ListItem","position":2,"name":"Recursos educativos","item":"https:\/\/rinconeducativo.org\/es\/recursos-educativos\/"},{"@type":"ListItem","position":3,"name":"Catherine Chami\u00e9, midi\u00f3 por primera vez el periodo de semidesintregraci\u00f3n del rad\u00f3n"}]},{"@type":"WebSite","@id":"https:\/\/rinconeducativo.org\/es\/#website","url":"https:\/\/rinconeducativo.org\/es\/","name":"Rinc\u00f3n educativo","description":"Un proyecto del Foro Nuclear","potentialAction":[{"@type":"SearchAction","target":{"@type":"EntryPoint","urlTemplate":"https:\/\/rinconeducativo.org\/es\/?s={search_term_string}"},"query-input":{"@type":"PropertyValueSpecification","valueRequired":true,"valueName":"search_term_string"}}],"inLanguage":"es"}]}},"_links":{"self":[{"href":"https:\/\/rinconeducativo.org\/es\/wp-json\/wp\/v2\/re_recurso\/38159","targetHints":{"allow":["GET"]}}],"collection":[{"href":"https:\/\/rinconeducativo.org\/es\/wp-json\/wp\/v2\/re_recurso"}],"about":[{"href":"https:\/\/rinconeducativo.org\/es\/wp-json\/wp\/v2\/types\/re_recurso"}],"author":[{"embeddable":true,"href":"https:\/\/rinconeducativo.org\/es\/wp-json\/wp\/v2\/users\/1088"}],"version-history":[{"count":2,"href":"https:\/\/rinconeducativo.org\/es\/wp-json\/wp\/v2\/re_recurso\/38159\/revisions"}],"predecessor-version":[{"id":38172,"href":"https:\/\/rinconeducativo.org\/es\/wp-json\/wp\/v2\/re_recurso\/38159\/revisions\/38172"}],"wp:featuredmedia":[{"embeddable":true,"href":"https:\/\/rinconeducativo.org\/es\/wp-json\/wp\/v2\/media\/38160"}],"wp:attachment":[{"href":"https:\/\/rinconeducativo.org\/es\/wp-json\/wp\/v2\/media?parent=38159"}],"wp:term":[{"taxonomy":"post_tag","embeddable":true,"href":"https:\/\/rinconeducativo.org\/es\/wp-json\/wp\/v2\/tags?post=38159"},{"taxonomy":"edad","embeddable":true,"href":"https:\/\/rinconeducativo.org\/es\/wp-json\/wp\/v2\/edad?post=38159"},{"taxonomy":"recursos_tipo","embeddable":true,"href":"https:\/\/rinconeducativo.org\/es\/wp-json\/wp\/v2\/recursos_tipo?post=38159"},{"taxonomy":"recursos_tema","embeddable":true,"href":"https:\/\/rinconeducativo.org\/es\/wp-json\/wp\/v2\/recursos_tema?post=38159"},{"taxonomy":"clasificacion_anterior","embeddable":true,"href":"https:\/\/rinconeducativo.org\/es\/wp-json\/wp\/v2\/clasificacion_anterior?post=38159"}],"curies":[{"name":"wp","href":"https:\/\/api.w.org\/{rel}","templated":true}]}}