{"id":33707,"date":"2020-07-02T14:08:00","date_gmt":"2020-07-02T12:08:00","guid":{"rendered":"https:\/\/rinconeducativo.org\/?post_type=re_recurso&#038;p=33707"},"modified":"2024-12-13T10:49:48","modified_gmt":"2024-12-13T09:49:48","slug":"patrick-blackett-conocido-trabajos-camara-niebla-y-rayos-cosmicos","status":"publish","type":"re_recurso","link":"https:\/\/rinconeducativo.org\/es\/recursos-educativos\/patrick-blackett-conocido-trabajos-camara-niebla-y-rayos-cosmicos\/","title":{"rendered":"Patrick Blackett, conocido por sus trabajos sobre la c\u00e1mara de niebla y los rayos c\u00f3smicos"},"content":{"rendered":"\n<p>18 de noviembre de 1897, Londres (Inglaterra) - 13 de julio de 1974, Londres (Inglaterra)<\/p>\n\n\n<div class=\"wp-block-image\">\n<figure class=\"alignleft size-full\"><img decoding=\"async\" src=\"https:\/\/rinconeducativo.org\/wp-content\/uploads\/2023\/07\/Patrick-Blackett.jpg\" alt=\"\" class=\"wp-image-25958\"\/><\/figure>\n<\/div>\n\n\n<p>Patrick Maynard Stuart Blackett, se form\u00f3, en un principio, como oficial de la Armada en Dartmouth en 1912.<\/p>\n\n\n\n<p>En agosto de 1914, al estallar la Primera Guerra Mundial, fue designado al servicio activo como guardiamarina. <\/p>\n\n\n\n<p>Al final de la guerra dimiti\u00f3 con el grado de teniente y se dedic\u00f3 a estudiar f\u00edsica con <a href=\"https:\/\/rinconeducativo.org\/es\/recursos-educativos\/ernest-rutherford\/\">Ernest Rutherford<\/a><a href=\"https:\/\/rinconeducativo.org\/es\/recursos-educativos\/ernest-rutherford\/\" target=\"_blank\" rel=\"noreferrer noopener\"> <\/a>en Cambridge, gradu\u00e1ndose en Magdalene College en 1921.<\/p>\n\n\n\n<p>Posteriormente, durante 10 a\u00f1os, trabaj\u00f3 en el Cavendish Laboratory, dirigido por Rutherford e inici\u00f3 sus investigaciones con <a href=\"https:\/\/rinconeducativo.org\/es\/recursos-educativos\/camara-de-niebla\/\">c\u00e1maras de niebla<\/a> que dieron como resultado, en 1924, las primeras fotograf\u00edas que mostraban la transmutaci\u00f3n del nitr\u00f3geno en un is\u00f3topo de ox\u00edgeno, producidas pro el bombardeo de los n\u00facleos at\u00f3micos con <a href=\"https:\/\/rinconeducativo.org\/es\/recursos-educativos\/particulas-alfa-beta-y-gamma-el-gran-descubrimiento-de-rutherford-y-soddy\/\">part\u00edculas alfa<\/a>.<\/p>\n\n\n\n<p>En 1932, junto con el cient\u00edfico italiano Occhialini, dise\u00f1\u00f3 una c\u00e1mara de niebla contracontrolada, un brillante invento con el que lograron que los <a href=\"https:\/\/rinconeducativo.org\/es\/noticias\/descubierta-la-primera-fuente-de-rayos-cosmicos\/\">rayos c\u00f3smicos<\/a> tomaran sus propias fotograf\u00edas. Por este m\u00e9todo, la c\u00e1mara de niebla se pone en funcionamiento solo cuando los impulsos de dos tubos <a href=\"https:\/\/rinconeducativo.org\/es\/recursos-educativos\/hans-geiger\/\" target=\"_blank\" rel=\"noreferrer noopener\">Geiger <\/a>- <a href=\"https:\/\/rinconeducativo.org\/es\/recursos-educativos\/walter-muller-el-co-inventor-del-famoso-contador-de-radiacion-geiger-muller\/\" target=\"_blank\" rel=\"noreferrer noopener\">Muller<\/a>, colocados uno encima y otro debajo de la c\u00e1mara vertical de Wilson, coinciden como resultado del apso de una part\u00edcula cargada el\u00e9ctricamente a trav\u00e9s de ambos.<\/p>\n\n\n\n<p>En 1933 no s\u00f3lo confirmaron el descubrimiento de Anderson del electr\u00f3n positivo, sino que demostraron tambi\u00e9n la existencia de \"lluvias\" de electrones positivos y negativos, ambos en cantidades aproximadamente iguales. Este hecho y el conocimiento de que las part\u00edculas positivas (positrones) no existen normalmente como constituyentes normales de la materia en la Tierra, formaron la base de su concepci\u00f3n de que los rayos gamma pueden tranformarse en dos part\u00edculas mateirales (positrones y electrones), m\u00e1s una cierta cantidad de energ\u00eda cin\u00e9tica, un fen\u00f3meno habitualmente llamado <em>producci\u00f3n de pares<\/em>.<\/p>\n\n\n\n<p>El proceso inverso, una colisi\u00f3n entre un positr\u00f3n y un electr\u00f3n en la que ambos se transforman en radiaci\u00f3n gamma (la llamada <em>radiaci\u00f3n de aniquilaci\u00f3n<\/em>) tambi\u00e9n se verific\u00f3 experimentalmente.<\/p>\n\n\n\n<p>En la interpretaci\u00f3n de estos experimentos Blackett y Occhialini se guiaron por la teor\u00eda del electr\u00f3n del f\u00edsico <a href=\"https:\/\/rinconeducativo.org\/es\/recursos-educativos\/modelo-atomico-de-dirac-jordan-1928-dc\/\">Paul Dirac<\/a>.<\/p>\n\n\n\n<p>En 1933, Blackett se convirti\u00f3 en profesor de f\u00edsica&nbsp;en el Birkbeck College en Londres, donde continu\u00f3 con su trabajo de investigaci\u00f3n sobre rayos c\u00f3smicos, creando as\u00ed una escuela cosmopolita de investigadores.<\/p>\n\n\n\n<p>En 1937, sucedi\u00f3 a Sir Lawrence Bragg en la Universidad de Manchester, donde Bragg hab\u00eda sucedido a Rutherford, como presidente del departamento de f\u00edsica y su escuela de investigaci\u00f3n c\u00f3smica continu\u00f3 desarroll\u00e1ndose y, desde la guerra, el laboratorio de Manchester ha ampliado su campo de actividad, en particular en la investigaci\u00f3n de las estelas de meteoros mediatne radar, bajo la direcci\u00f3n del Dr. Lovell.<\/p>\n\n\n\n<p>Al comienzo de la Segunda Guerra Mundial, Blackett se uni\u00f3 a la Secci\u00f3n de Instrumentos del Royar Aircraft Establishment y, en 1940, se convirti\u00f3 en asesor cient\u00edfico del mariscal del aire Joubert en el Comando Costero.<\/p>\n\n\n\n<p>En 1945, tras la finalizaci\u00f3n de la Segunda Guerra Mundial, reanud\u00f3 las investigaciones sobre rayos c\u00f3smicos en al Universidad de Manchester y, en particular, continu\u00f3 con el estudio de las part\u00edculas de rayos c\u00f3smicos mediante la c\u00e1mara de niebla controlada por contrapeso en un campo magn\u00e9tico intenso, construida y utilizada antes de la guerra. <\/p>\n\n\n\n<p>En 1947 introdujo la teor\u00eda del paleomagnetismo que ayud\u00f3 a probar la deriva continental y, un a\u00f1o m\u00e1s tarde, sus trabajos fueron galardonados con el Nobel de F\u00edsica por sus descubrimientos en los campos de la f\u00edsica nuclear y de los rayos c\u00f3smicos. <\/p>\n\n\n\n<p>Tras ense\u00f1ar en varias instituciones, de 1953 a 1965, Blackett fue profesor de f\u00edsica en el Colegio Imperial de Ciencia y Tecnolog\u00eda de la Universidad de Londres. Fue Presidente de la Royal Society en Londres de 1965 hasta 1970.<\/p>\n\n\n\n<p>Blackett recibi\u00f3 la Medalla Real de la Royal Society en 1940 y la Medalla Americana al M\u00e9rito, por el trabajo de investigaci\u00f3n operativa en relaci\u00f3n con la campa\u00f1a de submarinos, en 1946. Es autor de&nbsp;<em>Military and Political Consequences of Atomic Energy<\/em>&nbsp;(1948; edici\u00f3n revisada de 1949; edici\u00f3n americana&nbsp;<em>Fear, War, and the Bomb<\/em>&nbsp;, 1949).<\/p>\n","protected":false},"excerpt":{"rendered":"<p>Patrick Blackett, conocido por sus trabajos sobre la c\u00e1mara de niebla y los rayos c\u00f3smicos.<\/p>\n","protected":false},"author":1088,"featured_media":33712,"template":"","meta":{"_acf_changed":false,"footnotes":""},"tags":[6255,8183,6071],"edad":[7031],"recursos_tipo":[7014],"recursos_tema":[7010,7094,7097],"clasificacion_anterior":[],"class_list":["post-33707","re_recurso","type-re_recurso","status-publish","has-post-thumbnail","hentry","tag-atomos","tag-radiacion","tag-tabla-periodica","edad-mas-16","recursos_tipo-personajes","recursos_tema-ciencia","recursos_tema-premios-nobel","recursos_tema-tablas-periodicas"],"acf":[],"yoast_head":"<!-- This site is optimized with the Yoast SEO plugin v26.8 - https:\/\/yoast.com\/product\/yoast-seo-wordpress\/ -->\n<title>Patrick Blackett, conocido por sus trabajos sobre la c\u00e1mara de niebla y los rayos c\u00f3smicos - Rinc\u00f3n educativo<\/title>\n<meta name=\"robots\" content=\"index, follow, max-snippet:-1, max-image-preview:large, max-video-preview:-1\" \/>\n<link rel=\"canonical\" href=\"https:\/\/rinconeducativo.org\/es\/recursos-educativos\/patrick-blackett-conocido-trabajos-camara-niebla-y-rayos-cosmicos\/\" \/>\n<meta property=\"og:locale\" content=\"es_ES\" \/>\n<meta property=\"og:type\" content=\"article\" \/>\n<meta property=\"og:title\" content=\"Patrick Blackett, conocido por sus trabajos sobre la c\u00e1mara de niebla y los rayos c\u00f3smicos - Rinc\u00f3n educativo\" \/>\n<meta property=\"og:description\" content=\"Patrick Blackett, conocido por sus trabajos sobre la c\u00e1mara de niebla y los rayos c\u00f3smicos.\" \/>\n<meta property=\"og:url\" content=\"https:\/\/rinconeducativo.org\/es\/recursos-educativos\/patrick-blackett-conocido-trabajos-camara-niebla-y-rayos-cosmicos\/\" \/>\n<meta property=\"og:site_name\" content=\"Rinc\u00f3n educativo\" \/>\n<meta property=\"article:modified_time\" content=\"2024-12-13T09:49:48+00:00\" \/>\n<meta property=\"og:image\" content=\"https:\/\/rinconeducativo.org\/wp-content\/uploads\/2024\/07\/Blackett_Patrick_Retrato.png\" \/>\n\t<meta property=\"og:image:width\" content=\"318\" \/>\n\t<meta property=\"og:image:height\" content=\"335\" \/>\n\t<meta property=\"og:image:type\" content=\"image\/png\" \/>\n<meta name=\"twitter:card\" content=\"summary_large_image\" \/>\n<script type=\"application\/ld+json\" class=\"yoast-schema-graph\">{\"@context\":\"https:\/\/schema.org\",\"@graph\":[{\"@type\":\"WebPage\",\"@id\":\"https:\/\/rinconeducativo.org\/es\/recursos-educativos\/patrick-blackett-conocido-trabajos-camara-niebla-y-rayos-cosmicos\/\",\"url\":\"https:\/\/rinconeducativo.org\/es\/recursos-educativos\/patrick-blackett-conocido-trabajos-camara-niebla-y-rayos-cosmicos\/\",\"name\":\"Patrick Blackett, conocido por sus trabajos sobre la c\u00e1mara de niebla y los rayos c\u00f3smicos - Rinc\u00f3n educativo\",\"isPartOf\":{\"@id\":\"https:\/\/rinconeducativo.org\/es\/#website\"},\"primaryImageOfPage\":{\"@id\":\"https:\/\/rinconeducativo.org\/es\/recursos-educativos\/patrick-blackett-conocido-trabajos-camara-niebla-y-rayos-cosmicos\/#primaryimage\"},\"image\":{\"@id\":\"https:\/\/rinconeducativo.org\/es\/recursos-educativos\/patrick-blackett-conocido-trabajos-camara-niebla-y-rayos-cosmicos\/#primaryimage\"},\"thumbnailUrl\":\"https:\/\/rinconeducativo.org\/wp-content\/uploads\/2024\/07\/Blackett_Patrick_Retrato.png\",\"datePublished\":\"2020-07-02T12:08:00+00:00\",\"dateModified\":\"2024-12-13T09:49:48+00:00\",\"breadcrumb\":{\"@id\":\"https:\/\/rinconeducativo.org\/es\/recursos-educativos\/patrick-blackett-conocido-trabajos-camara-niebla-y-rayos-cosmicos\/#breadcrumb\"},\"inLanguage\":\"es\",\"potentialAction\":[{\"@type\":\"ReadAction\",\"target\":[\"https:\/\/rinconeducativo.org\/es\/recursos-educativos\/patrick-blackett-conocido-trabajos-camara-niebla-y-rayos-cosmicos\/\"]}]},{\"@type\":\"ImageObject\",\"inLanguage\":\"es\",\"@id\":\"https:\/\/rinconeducativo.org\/es\/recursos-educativos\/patrick-blackett-conocido-trabajos-camara-niebla-y-rayos-cosmicos\/#primaryimage\",\"url\":\"https:\/\/rinconeducativo.org\/wp-content\/uploads\/2024\/07\/Blackett_Patrick_Retrato.png\",\"contentUrl\":\"https:\/\/rinconeducativo.org\/wp-content\/uploads\/2024\/07\/Blackett_Patrick_Retrato.png\",\"width\":318,\"height\":335,\"caption\":\"Patrick Blackett\"},{\"@type\":\"BreadcrumbList\",\"@id\":\"https:\/\/rinconeducativo.org\/es\/recursos-educativos\/patrick-blackett-conocido-trabajos-camara-niebla-y-rayos-cosmicos\/#breadcrumb\",\"itemListElement\":[{\"@type\":\"ListItem\",\"position\":1,\"name\":\"Portada\",\"item\":\"https:\/\/rinconeducativo.org\/es\/\"},{\"@type\":\"ListItem\",\"position\":2,\"name\":\"Recursos educativos\",\"item\":\"https:\/\/rinconeducativo.org\/es\/recursos-educativos\/\"},{\"@type\":\"ListItem\",\"position\":3,\"name\":\"Patrick Blackett, conocido por sus trabajos sobre la c\u00e1mara de niebla y los rayos c\u00f3smicos\"}]},{\"@type\":\"WebSite\",\"@id\":\"https:\/\/rinconeducativo.org\/es\/#website\",\"url\":\"https:\/\/rinconeducativo.org\/es\/\",\"name\":\"Rinc\u00f3n educativo\",\"description\":\"Un proyecto del Foro Nuclear\",\"potentialAction\":[{\"@type\":\"SearchAction\",\"target\":{\"@type\":\"EntryPoint\",\"urlTemplate\":\"https:\/\/rinconeducativo.org\/es\/?s={search_term_string}\"},\"query-input\":{\"@type\":\"PropertyValueSpecification\",\"valueRequired\":true,\"valueName\":\"search_term_string\"}}],\"inLanguage\":\"es\"}]}<\/script>\n<!-- \/ Yoast SEO plugin. -->","yoast_head_json":{"title":"Patrick Blackett, conocido por sus trabajos sobre la c\u00e1mara de niebla y los rayos c\u00f3smicos - Rinc\u00f3n educativo","robots":{"index":"index","follow":"follow","max-snippet":"max-snippet:-1","max-image-preview":"max-image-preview:large","max-video-preview":"max-video-preview:-1"},"canonical":"https:\/\/rinconeducativo.org\/es\/recursos-educativos\/patrick-blackett-conocido-trabajos-camara-niebla-y-rayos-cosmicos\/","og_locale":"es_ES","og_type":"article","og_title":"Patrick Blackett, conocido por sus trabajos sobre la c\u00e1mara de niebla y los rayos c\u00f3smicos - Rinc\u00f3n educativo","og_description":"Patrick Blackett, conocido por sus trabajos sobre la c\u00e1mara de niebla y los rayos c\u00f3smicos.","og_url":"https:\/\/rinconeducativo.org\/es\/recursos-educativos\/patrick-blackett-conocido-trabajos-camara-niebla-y-rayos-cosmicos\/","og_site_name":"Rinc\u00f3n educativo","article_modified_time":"2024-12-13T09:49:48+00:00","og_image":[{"width":318,"height":335,"url":"https:\/\/rinconeducativo.org\/wp-content\/uploads\/2024\/07\/Blackett_Patrick_Retrato.png","type":"image\/png"}],"twitter_card":"summary_large_image","schema":{"@context":"https:\/\/schema.org","@graph":[{"@type":"WebPage","@id":"https:\/\/rinconeducativo.org\/es\/recursos-educativos\/patrick-blackett-conocido-trabajos-camara-niebla-y-rayos-cosmicos\/","url":"https:\/\/rinconeducativo.org\/es\/recursos-educativos\/patrick-blackett-conocido-trabajos-camara-niebla-y-rayos-cosmicos\/","name":"Patrick Blackett, conocido por sus trabajos sobre la c\u00e1mara de niebla y los rayos c\u00f3smicos - Rinc\u00f3n educativo","isPartOf":{"@id":"https:\/\/rinconeducativo.org\/es\/#website"},"primaryImageOfPage":{"@id":"https:\/\/rinconeducativo.org\/es\/recursos-educativos\/patrick-blackett-conocido-trabajos-camara-niebla-y-rayos-cosmicos\/#primaryimage"},"image":{"@id":"https:\/\/rinconeducativo.org\/es\/recursos-educativos\/patrick-blackett-conocido-trabajos-camara-niebla-y-rayos-cosmicos\/#primaryimage"},"thumbnailUrl":"https:\/\/rinconeducativo.org\/wp-content\/uploads\/2024\/07\/Blackett_Patrick_Retrato.png","datePublished":"2020-07-02T12:08:00+00:00","dateModified":"2024-12-13T09:49:48+00:00","breadcrumb":{"@id":"https:\/\/rinconeducativo.org\/es\/recursos-educativos\/patrick-blackett-conocido-trabajos-camara-niebla-y-rayos-cosmicos\/#breadcrumb"},"inLanguage":"es","potentialAction":[{"@type":"ReadAction","target":["https:\/\/rinconeducativo.org\/es\/recursos-educativos\/patrick-blackett-conocido-trabajos-camara-niebla-y-rayos-cosmicos\/"]}]},{"@type":"ImageObject","inLanguage":"es","@id":"https:\/\/rinconeducativo.org\/es\/recursos-educativos\/patrick-blackett-conocido-trabajos-camara-niebla-y-rayos-cosmicos\/#primaryimage","url":"https:\/\/rinconeducativo.org\/wp-content\/uploads\/2024\/07\/Blackett_Patrick_Retrato.png","contentUrl":"https:\/\/rinconeducativo.org\/wp-content\/uploads\/2024\/07\/Blackett_Patrick_Retrato.png","width":318,"height":335,"caption":"Patrick Blackett"},{"@type":"BreadcrumbList","@id":"https:\/\/rinconeducativo.org\/es\/recursos-educativos\/patrick-blackett-conocido-trabajos-camara-niebla-y-rayos-cosmicos\/#breadcrumb","itemListElement":[{"@type":"ListItem","position":1,"name":"Portada","item":"https:\/\/rinconeducativo.org\/es\/"},{"@type":"ListItem","position":2,"name":"Recursos educativos","item":"https:\/\/rinconeducativo.org\/es\/recursos-educativos\/"},{"@type":"ListItem","position":3,"name":"Patrick Blackett, conocido por sus trabajos sobre la c\u00e1mara de niebla y los rayos c\u00f3smicos"}]},{"@type":"WebSite","@id":"https:\/\/rinconeducativo.org\/es\/#website","url":"https:\/\/rinconeducativo.org\/es\/","name":"Rinc\u00f3n educativo","description":"Un proyecto del Foro Nuclear","potentialAction":[{"@type":"SearchAction","target":{"@type":"EntryPoint","urlTemplate":"https:\/\/rinconeducativo.org\/es\/?s={search_term_string}"},"query-input":{"@type":"PropertyValueSpecification","valueRequired":true,"valueName":"search_term_string"}}],"inLanguage":"es"}]}},"_links":{"self":[{"href":"https:\/\/rinconeducativo.org\/es\/wp-json\/wp\/v2\/re_recurso\/33707","targetHints":{"allow":["GET"]}}],"collection":[{"href":"https:\/\/rinconeducativo.org\/es\/wp-json\/wp\/v2\/re_recurso"}],"about":[{"href":"https:\/\/rinconeducativo.org\/es\/wp-json\/wp\/v2\/types\/re_recurso"}],"author":[{"embeddable":true,"href":"https:\/\/rinconeducativo.org\/es\/wp-json\/wp\/v2\/users\/1088"}],"version-history":[{"count":5,"href":"https:\/\/rinconeducativo.org\/es\/wp-json\/wp\/v2\/re_recurso\/33707\/revisions"}],"predecessor-version":[{"id":33745,"href":"https:\/\/rinconeducativo.org\/es\/wp-json\/wp\/v2\/re_recurso\/33707\/revisions\/33745"}],"wp:featuredmedia":[{"embeddable":true,"href":"https:\/\/rinconeducativo.org\/es\/wp-json\/wp\/v2\/media\/33712"}],"wp:attachment":[{"href":"https:\/\/rinconeducativo.org\/es\/wp-json\/wp\/v2\/media?parent=33707"}],"wp:term":[{"taxonomy":"post_tag","embeddable":true,"href":"https:\/\/rinconeducativo.org\/es\/wp-json\/wp\/v2\/tags?post=33707"},{"taxonomy":"edad","embeddable":true,"href":"https:\/\/rinconeducativo.org\/es\/wp-json\/wp\/v2\/edad?post=33707"},{"taxonomy":"recursos_tipo","embeddable":true,"href":"https:\/\/rinconeducativo.org\/es\/wp-json\/wp\/v2\/recursos_tipo?post=33707"},{"taxonomy":"recursos_tema","embeddable":true,"href":"https:\/\/rinconeducativo.org\/es\/wp-json\/wp\/v2\/recursos_tema?post=33707"},{"taxonomy":"clasificacion_anterior","embeddable":true,"href":"https:\/\/rinconeducativo.org\/es\/wp-json\/wp\/v2\/clasificacion_anterior?post=33707"}],"curies":[{"name":"wp","href":"https:\/\/api.w.org\/{rel}","templated":true}]}}