{"id":32649,"date":"2020-05-22T11:24:00","date_gmt":"2020-05-22T09:24:00","guid":{"rendered":"https:\/\/rinconeducativo.org\/?post_type=re_recurso&#038;p=32649"},"modified":"2024-12-13T10:57:06","modified_gmt":"2024-12-13T09:57:06","slug":"einstein-el-genio-en-la-pantalla","status":"publish","type":"re_recurso","link":"https:\/\/rinconeducativo.org\/es\/recursos-educativos\/einstein-el-genio-en-la-pantalla\/","title":{"rendered":"Albert Einstein, el genio en la pantalla"},"content":{"rendered":"\n<p>Cuando se piensa en la imagen ic\u00f3nica de un cient\u00edfico, es muy probable que venga a nuestra cabeza la cara de Einstein.&nbsp;Si se hace la sencilla prueba de buscar el t\u00e9rmino \u2018cient\u00edfico\u2019 en la secci\u00f3n de im\u00e1genes de Google, la mayor\u00eda de los resultados mostrar\u00e1n a un se\u00f1or mayor con el pelo blanco y alborotado, bigote y gafas. Como es obvio, tambi\u00e9n aparecen fotograf\u00edas del propio Einstein, como la cl\u00e1sica en la que aparece sacando la lengua. <\/p>\n\n\n\n<p>Calificado por muchos como la mayor mente del siglo XX, este ic\u00f3nico cient\u00edfico ha sido imortalizado en la pantalla en numerosas ocasiones, aunque la mayor\u00eda hayan sido en el campo de la comedia, sin tratar aspectos de su biograf\u00eda o su producci\u00f3n cient\u00edfica, posiblemente por utilizar una imagen fr\u00edvola de un cient\u00edfico desali\u00f1ado y algo loco.<\/p>\n\n\n\n<p>Existen documentales en diferentes idiomas que abordan su vida, sus descubrimientos y su influencia en la ciencia moderna, tales como Einstein' Universe (1979), The Extraordinary Genius of Albert Einstein&nbsp;(2010), El mito de Einstein: la vida y obra de un rebelde (2015), Einstein et la Relativit\u00e9 G\u00e9n\u00e9rale, une histoire singuli\u00e8re (2015), Albert Einstein: l'homme et le g\u00e9nie&nbsp;(2015), Chasing Einstein (2019), The Time Factory&nbsp;(2021) o Einstein y la bomba (2024).<\/p>\n\n\n\n<p>Analizando la cronolog\u00eda de las distintas apareciciones televisivas, sobre todo en pel\u00edculas, de este gran cient\u00edfico se observa una evoluci\u00f3n desde la comedia a tratar su vida y descubrimientos de una forma m\u00e1s seria.<\/p>\n\n\n\n<p>Aqu\u00ed solo traemos algunas pero seguro que se podr\u00edan a\u00f1adir muchas m\u00e1s.<\/p>\n\n\n<div class=\"wp-block-image\">\n<figure class=\"alignright size-full is-resized\"><img loading=\"lazy\" decoding=\"async\" src=\"https:\/\/rinconeducativo.org\/wp-content\/uploads\/2024\/05\/Einstein_Pelicula_Insignificancia_1985.png\" alt=\"\" class=\"wp-image-32661\" width=\"167\" height=\"252\" srcset=\"https:\/\/rinconeducativo.org\/wp-content\/uploads\/2024\/05\/Einstein_Pelicula_Insignificancia_1985.png 502w, https:\/\/rinconeducativo.org\/wp-content\/uploads\/2024\/05\/Einstein_Pelicula_Insignificancia_1985-331x500.png 331w\" sizes=\"auto, (max-width: 167px) 100vw, 167px\" \/><\/figure>\n<\/div>\n\n\n<h2 class=\"wp-block-heading\">Insignificancia (1985)<\/h2>\n\n\n\n<p>Albert Einstein se encuentra en Nueva York para dar una charla sobre su \u00faltimo trabajo. Por la noche, cuando se retira a su hotel, se encuentra en la habitaci\u00f3n a Marilyn Monroe. La actriz y el cient\u00edfico empiezan a charlar sobre temas tan diversos como la teor\u00eda de la relatividad, el sexo y la pol\u00edtica. La situaci\u00f3n se complica cuando irrumpen en la habitaci\u00f3n el senador McCarthy y Joe DiMaggio, uno de los ex-maridos de Marilyn.<\/p>\n\n\n\n<p><\/p>\n\n\n\n<p><\/p>\n\n\n<div class=\"wp-block-image\">\n<figure class=\"alignright size-full is-resized\"><img loading=\"lazy\" decoding=\"async\" src=\"https:\/\/rinconeducativo.org\/wp-content\/uploads\/2024\/05\/Einstein_Pelicula_Joven_1988.png\" alt=\"\" class=\"wp-image-32663\" width=\"149\" height=\"221\" srcset=\"https:\/\/rinconeducativo.org\/wp-content\/uploads\/2024\/05\/Einstein_Pelicula_Joven_1988.png 508w, https:\/\/rinconeducativo.org\/wp-content\/uploads\/2024\/05\/Einstein_Pelicula_Joven_1988-336x500.png 336w\" sizes=\"auto, (max-width: 149px) 100vw, 149px\" \/><\/figure>\n<\/div>\n\n\n<h2 class=\"wp-block-heading\">El joven Einstein (1988)<\/h2>\n\n\n\n<p>Una comedia disparatada donde se nos presenta al f\u00edsico como hijo de un granjero australiano, inventor de la guitarra el\u00e9ctrica y del rock and roll, y que mantiene un romance con Marie Curie mientras salva al mundo de un desastre nuclear. La pel\u00edcula fue un fracaso de taquilla.<\/p>\n\n\n\n<p><\/p>\n\n\n\n<p><\/p>\n\n\n\n<h2 class=\"wp-block-heading\">El genio del amor (1994)<\/h2>\n\n\n\n<p>Es fue el t\u00edtulo que se le puso en Espa\u00f1a, pero originalmente era I.Q. En esta pel\u00edcula, el legendario cient\u00edfico Albert Einstein abandona por un tiempo sus teor\u00edas f\u00edsicas para encontrar a un hombre perfecto para su intelectual sobrina, Catherine. El elegido es Ed, un atractivo mec\u00e1nico lector habitual de revistas de ciencia. Sin embargo, la chica, que ya est\u00e1 prometida, no muestra ning\u00fan inter\u00e9s por Ed. As\u00ed que Einstein, con la ayuda de sus colegas cient\u00edficos, har\u00e1 todo lo posible para convertir al mec\u00e1nico en una eminencia en f\u00edsica.<\/p>\n\n\n<div class=\"wp-block-image\">\n<figure class=\"aligncenter is-resized\"><img loading=\"lazy\" decoding=\"async\" src=\"https:\/\/wp2.rinconeducativo.org\/wp-content\/uploads\/2017\/04\/field_image_i.q_image671_405.jpg\" alt=\"\" class=\"wp-image-8503\" width=\"433\" height=\"258\" srcset=\"https:\/\/rinconeducativo.org\/wp-content\/uploads\/2017\/04\/field_image_i.q_image671_405.jpg 671w, https:\/\/rinconeducativo.org\/wp-content\/uploads\/2017\/04\/field_image_i.q_image671_405-500x298.jpg 500w\" sizes=\"auto, (max-width: 433px) 100vw, 433px\" \/><\/figure>\n<\/div>\n\n\n<h2 class=\"wp-block-heading\">Inteligencia Artificial (2001)<\/h2>\n\n\n\n<p>En la pel\u00edcula, un Einstein hologr\u00e1fico bajo el nombre de Dr. Know (y la voz de Robin Williams con un impostado acento alem\u00e1n), responde a las preguntas de los protagonistas a modo de or\u00e1culo.<\/p>\n\n\n\n<p>El holograma representa su imagen m\u00e1s conocida con pelo blanco, alborotado, gafas y su abundante bigote.<\/p>\n\n\n<div class=\"wp-block-image\">\n<figure class=\"aligncenter size-full is-resized\"><img loading=\"lazy\" decoding=\"async\" src=\"https:\/\/rinconeducativo.org\/wp-content\/uploads\/2024\/05\/Einstein_Pelicula_IA.png\" alt=\"\" class=\"wp-image-32656\" width=\"356\" height=\"221\" srcset=\"https:\/\/rinconeducativo.org\/wp-content\/uploads\/2024\/05\/Einstein_Pelicula_IA.png 648w, https:\/\/rinconeducativo.org\/wp-content\/uploads\/2024\/05\/Einstein_Pelicula_IA-500x310.png 500w\" sizes=\"auto, (max-width: 356px) 100vw, 356px\" \/><\/figure>\n<\/div>\n\n\n<h2 class=\"wp-block-heading\">Einstein and Eddington<\/h2>\n\n\n\n<p>En este largometraje&nbsp;es donde encontramos que la ciencia cobra mayor peso en la trama. Relata el desarrollo de la teor\u00eda de la relatividad general por parte de Albert Einstein y su relaci\u00f3n con el cient\u00edfico brit\u00e1nico Sir Arthur Eddington, el primer f\u00edsico que demostr\u00f3 experimentalmente sus ideas.<\/p>\n\n\n<div class=\"wp-block-image\">\n<figure class=\"aligncenter is-resized\"><img loading=\"lazy\" decoding=\"async\" src=\"https:\/\/wp2.rinconeducativo.org\/wp-content\/uploads\/2017\/04\/field_image_einstein_bbc_image671_405.jpg\" alt=\"\" class=\"wp-image-8504\" width=\"415\" height=\"263\" srcset=\"https:\/\/rinconeducativo.org\/wp-content\/uploads\/2017\/04\/field_image_einstein_bbc_image671_405.jpg 640w, https:\/\/rinconeducativo.org\/wp-content\/uploads\/2017\/04\/field_image_einstein_bbc_image671_405-500x316.jpg 500w\" sizes=\"auto, (max-width: 415px) 100vw, 415px\" \/><\/figure>\n<\/div>\n\n\n<h2 class=\"wp-block-heading\">Genius (2017)<\/h2>\n\n\n\n<p>El 25 de abril de 2017, National Geographic estren\u00f3&nbsp;<em>Genius<\/em>, una serie de televisi\u00f3n que aborda la vida de Albert Einstein, desde su juventud, cuando trabajaba en una oficina de patentes, hasta su madurez en al que ya era un f\u00edsico mundialmente conocido por su teor\u00eda de la relatividad. Aunque no es la primera vez que se representa al f\u00edsico alem\u00e1n en la peque\u00f1a y gran pantalla, lo cierto es que, a pesar de su importancia, apenas existen aproximaciones que profundicen en sus investigaciones y vayan m\u00e1s all\u00e1 de su ic\u00f3nica imagen de cient\u00edfico.<\/p>\n\n\n<div class=\"wp-block-image\">\n<figure class=\"alignright size-full is-resized\"><img loading=\"lazy\" decoding=\"async\" src=\"https:\/\/rinconeducativo.org\/wp-content\/uploads\/2024\/05\/Einstein_Pelicula_Genius.png\" alt=\"\" class=\"wp-image-32654\" width=\"473\" height=\"228\" srcset=\"https:\/\/rinconeducativo.org\/wp-content\/uploads\/2024\/05\/Einstein_Pelicula_Genius.png 696w, https:\/\/rinconeducativo.org\/wp-content\/uploads\/2024\/05\/Einstein_Pelicula_Genius-500x241.png 500w\" sizes=\"auto, (max-width: 473px) 100vw, 473px\" \/><\/figure>\n<\/div>\n\n\n<p>Con la pregunta: \u00bfy si te pasaras la vida buscando algo que podr\u00eda no existir?, este documental introduce la visi\u00f3n de la gravedad de Einstein ha sido la encargada de definir el concepto que el ser humano tiene sobre el universo. Siguiendo el consejo de algunos de los cient\u00edficos m\u00e1s importantes del mundo, incluyendo algunos que han recibido el Premio Nobel, este documental trata de descubrir qu\u00e9 se esconde tras algunos de los experimentos m\u00e1s fascinantes que se han realizado para desentra\u00f1ar los misterios del universo (entre ellos LIGO, CERN o XENON 1T).<\/p>\n\n\n\n<h2 class=\"wp-block-heading\">Oppenheimer: el dilema de la bomba at\u00f3mica (2023)<\/h2>\n\n\n\n<p>Con la frase: \u201cAhora es tu turno de lidiar con las consecuencias de tu logro\u201d, el f\u00edsico Albert Einstein le dice a su colega Robert Oppenheimer en una de las \u00faltimas escenas finales de la pel\u00edcula que narra c\u00f3mo este \u00faltimo se convirti\u00f3 en la d\u00e9cada de 1940 en&nbsp;el \u201cpadre\u201d de la bomba at\u00f3mica al liderar el Proyecto Manhattan del gobierno de EE.UU.<\/p>\n\n\n<div class=\"wp-block-image\">\n<figure class=\"alignright size-full is-resized\"><img loading=\"lazy\" decoding=\"async\" src=\"https:\/\/rinconeducativo.org\/wp-content\/uploads\/2024\/05\/Einstein_Albert_Oppenheimer_Robert.jpg\" alt=\"\" class=\"wp-image-32651\" width=\"497\" height=\"280\" srcset=\"https:\/\/rinconeducativo.org\/wp-content\/uploads\/2024\/05\/Einstein_Albert_Oppenheimer_Robert.jpg 800w, https:\/\/rinconeducativo.org\/wp-content\/uploads\/2024\/05\/Einstein_Albert_Oppenheimer_Robert-500x281.jpg 500w, https:\/\/rinconeducativo.org\/wp-content\/uploads\/2024\/05\/Einstein_Albert_Oppenheimer_Robert-768x432.jpg 768w\" sizes=\"auto, (max-width: 497px) 100vw, 497px\" \/><\/figure>\n<\/div>\n\n\n<p>En el film Einstein aparece en la \u00faltima etapa de su vida, cuando compart\u00eda los espacios del Instituto de Estudios Avanzados de&nbsp;Princeton&nbsp;con Oppenheimer, quien fue director de la instituci\u00f3n de 1947 a 1966.<\/p>\n\n\n\n<p>Eran dos de los m\u00e1s importantes cient\u00edficos de su \u00e9poca, pero manten\u00edan importantes diferencias, tanto por c\u00f3mo entend\u00edan la f\u00edsica, como por la forma en que cre\u00edan que sus investigaciones podr\u00edan servir -o perjudicar- al mundo.<\/p>\n\n\n\n<p>\u201cFuimos colegas cercanos y algo amigos\u201d, dijo Oppenheimer en una conferencia en Par\u00eds en 1965, en la que se conmemoraba el d\u00e9cimo aniversario de la muerte de Einstein.<\/p>\n","protected":false},"excerpt":{"rendered":"<p>Calificado por muchos como la mayor mente del siglo XX, este ic\u00f3nico cient\u00edfico ha sido imortalizado en la pantalla en numerosas ocasiones, aunque la mayor\u00eda hayan sido en el campo de la comedia, sin tratar aspectos de su biograf\u00eda o su producci\u00f3n cient\u00edfica, posiblemente por utilizar una imagen fr\u00edvola de un cient\u00edfico desali\u00f1ado y algo loco.<\/p>\n","protected":false},"author":1088,"featured_media":32661,"template":"","meta":{"_acf_changed":false,"footnotes":""},"tags":[6114],"edad":[7029,7030,7031,7028],"recursos_tipo":[7017],"recursos_tema":[7010,7094],"clasificacion_anterior":[],"class_list":["post-32649","re_recurso","type-re_recurso","status-publish","has-post-thumbnail","hentry","tag-ciencia","edad-de-6-a-12","edad-de-12-a-16","edad-mas-16","edad-todas-las-edades","recursos_tipo-curiosidades","recursos_tema-ciencia","recursos_tema-premios-nobel"],"acf":[],"yoast_head":"<!-- This site is optimized with the Yoast SEO plugin v26.8 - https:\/\/yoast.com\/product\/yoast-seo-wordpress\/ -->\n<title>Albert Einstein, el genio en la pantalla - Rinc\u00f3n educativo<\/title>\n<meta name=\"robots\" content=\"index, follow, max-snippet:-1, max-image-preview:large, max-video-preview:-1\" \/>\n<link rel=\"canonical\" href=\"https:\/\/rinconeducativo.org\/es\/recursos-educativos\/einstein-el-genio-en-la-pantalla\/\" \/>\n<meta property=\"og:locale\" content=\"es_ES\" \/>\n<meta property=\"og:type\" content=\"article\" \/>\n<meta property=\"og:title\" content=\"Albert Einstein, el genio en la pantalla - Rinc\u00f3n educativo\" \/>\n<meta property=\"og:description\" content=\"Calificado por muchos como la mayor mente del siglo XX, este ic\u00f3nico cient\u00edfico ha sido imortalizado en la pantalla en numerosas ocasiones, aunque la mayor\u00eda hayan sido en el campo de la comedia, sin tratar aspectos de su biograf\u00eda o su producci\u00f3n cient\u00edfica, posiblemente por utilizar una imagen fr\u00edvola de un cient\u00edfico desali\u00f1ado y algo loco.\" \/>\n<meta property=\"og:url\" content=\"https:\/\/rinconeducativo.org\/es\/recursos-educativos\/einstein-el-genio-en-la-pantalla\/\" \/>\n<meta property=\"og:site_name\" content=\"Rinc\u00f3n educativo\" \/>\n<meta property=\"article:modified_time\" content=\"2024-12-13T09:57:06+00:00\" \/>\n<meta property=\"og:image\" content=\"https:\/\/rinconeducativo.org\/wp-content\/uploads\/2024\/05\/Einstein_Pelicula_Insignificancia_1985.png\" \/>\n\t<meta property=\"og:image:width\" content=\"502\" \/>\n\t<meta property=\"og:image:height\" content=\"758\" \/>\n\t<meta property=\"og:image:type\" content=\"image\/png\" \/>\n<meta name=\"twitter:card\" content=\"summary_large_image\" \/>\n<script type=\"application\/ld+json\" class=\"yoast-schema-graph\">{\"@context\":\"https:\/\/schema.org\",\"@graph\":[{\"@type\":\"WebPage\",\"@id\":\"https:\/\/rinconeducativo.org\/es\/recursos-educativos\/einstein-el-genio-en-la-pantalla\/\",\"url\":\"https:\/\/rinconeducativo.org\/es\/recursos-educativos\/einstein-el-genio-en-la-pantalla\/\",\"name\":\"Albert Einstein, el genio en la pantalla - Rinc\u00f3n educativo\",\"isPartOf\":{\"@id\":\"https:\/\/rinconeducativo.org\/es\/#website\"},\"primaryImageOfPage\":{\"@id\":\"https:\/\/rinconeducativo.org\/es\/recursos-educativos\/einstein-el-genio-en-la-pantalla\/#primaryimage\"},\"image\":{\"@id\":\"https:\/\/rinconeducativo.org\/es\/recursos-educativos\/einstein-el-genio-en-la-pantalla\/#primaryimage\"},\"thumbnailUrl\":\"https:\/\/rinconeducativo.org\/wp-content\/uploads\/2024\/05\/Einstein_Pelicula_Insignificancia_1985.png\",\"datePublished\":\"2020-05-22T09:24:00+00:00\",\"dateModified\":\"2024-12-13T09:57:06+00:00\",\"breadcrumb\":{\"@id\":\"https:\/\/rinconeducativo.org\/es\/recursos-educativos\/einstein-el-genio-en-la-pantalla\/#breadcrumb\"},\"inLanguage\":\"es\",\"potentialAction\":[{\"@type\":\"ReadAction\",\"target\":[\"https:\/\/rinconeducativo.org\/es\/recursos-educativos\/einstein-el-genio-en-la-pantalla\/\"]}]},{\"@type\":\"ImageObject\",\"inLanguage\":\"es\",\"@id\":\"https:\/\/rinconeducativo.org\/es\/recursos-educativos\/einstein-el-genio-en-la-pantalla\/#primaryimage\",\"url\":\"https:\/\/rinconeducativo.org\/wp-content\/uploads\/2024\/05\/Einstein_Pelicula_Insignificancia_1985.png\",\"contentUrl\":\"https:\/\/rinconeducativo.org\/wp-content\/uploads\/2024\/05\/Einstein_Pelicula_Insignificancia_1985.png\",\"width\":502,\"height\":758},{\"@type\":\"BreadcrumbList\",\"@id\":\"https:\/\/rinconeducativo.org\/es\/recursos-educativos\/einstein-el-genio-en-la-pantalla\/#breadcrumb\",\"itemListElement\":[{\"@type\":\"ListItem\",\"position\":1,\"name\":\"Portada\",\"item\":\"https:\/\/rinconeducativo.org\/es\/\"},{\"@type\":\"ListItem\",\"position\":2,\"name\":\"Recursos educativos\",\"item\":\"https:\/\/rinconeducativo.org\/es\/recursos-educativos\/\"},{\"@type\":\"ListItem\",\"position\":3,\"name\":\"Albert Einstein, el genio en la pantalla\"}]},{\"@type\":\"WebSite\",\"@id\":\"https:\/\/rinconeducativo.org\/es\/#website\",\"url\":\"https:\/\/rinconeducativo.org\/es\/\",\"name\":\"Rinc\u00f3n educativo\",\"description\":\"Un proyecto del Foro Nuclear\",\"potentialAction\":[{\"@type\":\"SearchAction\",\"target\":{\"@type\":\"EntryPoint\",\"urlTemplate\":\"https:\/\/rinconeducativo.org\/es\/?s={search_term_string}\"},\"query-input\":{\"@type\":\"PropertyValueSpecification\",\"valueRequired\":true,\"valueName\":\"search_term_string\"}}],\"inLanguage\":\"es\"}]}<\/script>\n<!-- \/ Yoast SEO plugin. -->","yoast_head_json":{"title":"Albert Einstein, el genio en la pantalla - Rinc\u00f3n educativo","robots":{"index":"index","follow":"follow","max-snippet":"max-snippet:-1","max-image-preview":"max-image-preview:large","max-video-preview":"max-video-preview:-1"},"canonical":"https:\/\/rinconeducativo.org\/es\/recursos-educativos\/einstein-el-genio-en-la-pantalla\/","og_locale":"es_ES","og_type":"article","og_title":"Albert Einstein, el genio en la pantalla - Rinc\u00f3n educativo","og_description":"Calificado por muchos como la mayor mente del siglo XX, este ic\u00f3nico cient\u00edfico ha sido imortalizado en la pantalla en numerosas ocasiones, aunque la mayor\u00eda hayan sido en el campo de la comedia, sin tratar aspectos de su biograf\u00eda o su producci\u00f3n cient\u00edfica, posiblemente por utilizar una imagen fr\u00edvola de un cient\u00edfico desali\u00f1ado y algo loco.","og_url":"https:\/\/rinconeducativo.org\/es\/recursos-educativos\/einstein-el-genio-en-la-pantalla\/","og_site_name":"Rinc\u00f3n educativo","article_modified_time":"2024-12-13T09:57:06+00:00","og_image":[{"width":502,"height":758,"url":"https:\/\/rinconeducativo.org\/wp-content\/uploads\/2024\/05\/Einstein_Pelicula_Insignificancia_1985.png","type":"image\/png"}],"twitter_card":"summary_large_image","schema":{"@context":"https:\/\/schema.org","@graph":[{"@type":"WebPage","@id":"https:\/\/rinconeducativo.org\/es\/recursos-educativos\/einstein-el-genio-en-la-pantalla\/","url":"https:\/\/rinconeducativo.org\/es\/recursos-educativos\/einstein-el-genio-en-la-pantalla\/","name":"Albert Einstein, el genio en la pantalla - Rinc\u00f3n educativo","isPartOf":{"@id":"https:\/\/rinconeducativo.org\/es\/#website"},"primaryImageOfPage":{"@id":"https:\/\/rinconeducativo.org\/es\/recursos-educativos\/einstein-el-genio-en-la-pantalla\/#primaryimage"},"image":{"@id":"https:\/\/rinconeducativo.org\/es\/recursos-educativos\/einstein-el-genio-en-la-pantalla\/#primaryimage"},"thumbnailUrl":"https:\/\/rinconeducativo.org\/wp-content\/uploads\/2024\/05\/Einstein_Pelicula_Insignificancia_1985.png","datePublished":"2020-05-22T09:24:00+00:00","dateModified":"2024-12-13T09:57:06+00:00","breadcrumb":{"@id":"https:\/\/rinconeducativo.org\/es\/recursos-educativos\/einstein-el-genio-en-la-pantalla\/#breadcrumb"},"inLanguage":"es","potentialAction":[{"@type":"ReadAction","target":["https:\/\/rinconeducativo.org\/es\/recursos-educativos\/einstein-el-genio-en-la-pantalla\/"]}]},{"@type":"ImageObject","inLanguage":"es","@id":"https:\/\/rinconeducativo.org\/es\/recursos-educativos\/einstein-el-genio-en-la-pantalla\/#primaryimage","url":"https:\/\/rinconeducativo.org\/wp-content\/uploads\/2024\/05\/Einstein_Pelicula_Insignificancia_1985.png","contentUrl":"https:\/\/rinconeducativo.org\/wp-content\/uploads\/2024\/05\/Einstein_Pelicula_Insignificancia_1985.png","width":502,"height":758},{"@type":"BreadcrumbList","@id":"https:\/\/rinconeducativo.org\/es\/recursos-educativos\/einstein-el-genio-en-la-pantalla\/#breadcrumb","itemListElement":[{"@type":"ListItem","position":1,"name":"Portada","item":"https:\/\/rinconeducativo.org\/es\/"},{"@type":"ListItem","position":2,"name":"Recursos educativos","item":"https:\/\/rinconeducativo.org\/es\/recursos-educativos\/"},{"@type":"ListItem","position":3,"name":"Albert Einstein, el genio en la pantalla"}]},{"@type":"WebSite","@id":"https:\/\/rinconeducativo.org\/es\/#website","url":"https:\/\/rinconeducativo.org\/es\/","name":"Rinc\u00f3n educativo","description":"Un proyecto del Foro Nuclear","potentialAction":[{"@type":"SearchAction","target":{"@type":"EntryPoint","urlTemplate":"https:\/\/rinconeducativo.org\/es\/?s={search_term_string}"},"query-input":{"@type":"PropertyValueSpecification","valueRequired":true,"valueName":"search_term_string"}}],"inLanguage":"es"}]}},"_links":{"self":[{"href":"https:\/\/rinconeducativo.org\/es\/wp-json\/wp\/v2\/re_recurso\/32649","targetHints":{"allow":["GET"]}}],"collection":[{"href":"https:\/\/rinconeducativo.org\/es\/wp-json\/wp\/v2\/re_recurso"}],"about":[{"href":"https:\/\/rinconeducativo.org\/es\/wp-json\/wp\/v2\/types\/re_recurso"}],"author":[{"embeddable":true,"href":"https:\/\/rinconeducativo.org\/es\/wp-json\/wp\/v2\/users\/1088"}],"version-history":[{"count":7,"href":"https:\/\/rinconeducativo.org\/es\/wp-json\/wp\/v2\/re_recurso\/32649\/revisions"}],"predecessor-version":[{"id":32688,"href":"https:\/\/rinconeducativo.org\/es\/wp-json\/wp\/v2\/re_recurso\/32649\/revisions\/32688"}],"wp:featuredmedia":[{"embeddable":true,"href":"https:\/\/rinconeducativo.org\/es\/wp-json\/wp\/v2\/media\/32661"}],"wp:attachment":[{"href":"https:\/\/rinconeducativo.org\/es\/wp-json\/wp\/v2\/media?parent=32649"}],"wp:term":[{"taxonomy":"post_tag","embeddable":true,"href":"https:\/\/rinconeducativo.org\/es\/wp-json\/wp\/v2\/tags?post=32649"},{"taxonomy":"edad","embeddable":true,"href":"https:\/\/rinconeducativo.org\/es\/wp-json\/wp\/v2\/edad?post=32649"},{"taxonomy":"recursos_tipo","embeddable":true,"href":"https:\/\/rinconeducativo.org\/es\/wp-json\/wp\/v2\/recursos_tipo?post=32649"},{"taxonomy":"recursos_tema","embeddable":true,"href":"https:\/\/rinconeducativo.org\/es\/wp-json\/wp\/v2\/recursos_tema?post=32649"},{"taxonomy":"clasificacion_anterior","embeddable":true,"href":"https:\/\/rinconeducativo.org\/es\/wp-json\/wp\/v2\/clasificacion_anterior?post=32649"}],"curies":[{"name":"wp","href":"https:\/\/api.w.org\/{rel}","templated":true}]}}