{"id":22851,"date":"2022-12-07T13:41:21","date_gmt":"2022-12-07T12:41:21","guid":{"rendered":"https:\/\/rinconeducativo.org\/?post_type=re_recurso&#038;p=22851"},"modified":"2024-01-11T08:46:50","modified_gmt":"2024-01-11T07:46:50","slug":"centrales-termicas-de-ciclo-combinado","status":"publish","type":"re_recurso","link":"https:\/\/rinconeducativo.org\/es\/recursos-educativos\/centrales-termicas-de-ciclo-combinado\/","title":{"rendered":"Centrales T\u00e9rmicas de Ciclo Combinado"},"content":{"rendered":"\n<p>Existen distintos tipos de centrales t\u00e9rmicas, siendo las de ciclo combinado una de ellas. Las centrales t\u00e9rmicas de ciclo combinado usan el gas natural como combustible para generar electricidad y se caracterizan por utilizar la combinaci\u00f3n de dos tipos de turbina: una de gas, que gira por los gases de la combusti\u00f3n del gas natural, y otra de vapor, que gira con el vapor que generamos aprovechando el calor de los gases originados en la combusti\u00f3n del gas natural. Este video muestra el funcionamiento de una central de ciclo combinado.<\/p>\n\n\n\n<figure class=\"wp-block-embed is-type-video is-provider-youtube wp-block-embed-youtube wp-embed-aspect-16-9 wp-has-aspect-ratio\"><div class=\"wp-block-embed__wrapper\">\n<iframe loading=\"lazy\" title=\"Centrales t\u00e9rmicas de ciclo combinado: visita virtual de Endesa Educa\" width=\"500\" height=\"281\" src=\"https:\/\/www.youtube.com\/embed\/TuL3nI_3X6g?feature=oembed\" frameborder=\"0\" allow=\"accelerometer; autoplay; clipboard-write; encrypted-media; gyroscope; picture-in-picture; web-share\" referrerpolicy=\"strict-origin-when-cross-origin\" allowfullscreen><\/iframe>\n<\/div><figcaption class=\"wp-element-caption\">Fuente: Endesa Educa<\/figcaption><\/figure>\n","protected":false},"excerpt":{"rendered":"<p>Existen distintos tipos de centrales t\u00e9rmicas, siendo las de ciclo combinado una de ellas. Las centrales t\u00e9rmicas de ciclo combinado usan el gas natural como combustible para generar electricidad y se caracterizan por utilizar la combinaci\u00f3n de dos tipos de turbina: una de gas, que gira por los gases de la combusti\u00f3n del gas natural, y otra de vapor, que gira con el vapor que generamos aprovechando el calor de los gases originados en la combusti\u00f3n del gas natural. Este video muestra el funcionamiento de una central de ciclo combinado.<\/p>\n","protected":false},"author":1088,"featured_media":22852,"template":"","meta":{"_acf_changed":false,"footnotes":""},"tags":[5727,5675],"edad":[7031],"recursos_tipo":[7013],"recursos_tema":[7426,7098],"clasificacion_anterior":[],"class_list":["post-22851","re_recurso","type-re_recurso","status-publish","has-post-thumbnail","hentry","tag-combustibles-fosiles","tag-energia","edad-mas-16","recursos_tipo-videos","recursos_tema-ciclos-combinados","recursos_tema-combustibles-fosiles"],"acf":[],"yoast_head":"<!-- This site is optimized with the Yoast SEO plugin v26.8 - https:\/\/yoast.com\/product\/yoast-seo-wordpress\/ -->\n<title>Centrales T\u00e9rmicas de Ciclo Combinado - Rinc\u00f3n educativo<\/title>\n<meta name=\"robots\" content=\"index, follow, max-snippet:-1, max-image-preview:large, max-video-preview:-1\" \/>\n<link rel=\"canonical\" href=\"https:\/\/rinconeducativo.org\/es\/recursos-educativos\/centrales-termicas-de-ciclo-combinado\/\" \/>\n<meta property=\"og:locale\" content=\"es_ES\" \/>\n<meta property=\"og:type\" content=\"article\" \/>\n<meta property=\"og:title\" content=\"Centrales T\u00e9rmicas de Ciclo Combinado - Rinc\u00f3n educativo\" \/>\n<meta property=\"og:description\" content=\"Existen distintos tipos de centrales t\u00e9rmicas, siendo las de ciclo combinado una de ellas. Las centrales t\u00e9rmicas de ciclo combinado usan el gas natural como combustible para generar electricidad y se caracterizan por utilizar la combinaci\u00f3n de dos tipos de turbina: una de gas, que gira por los gases de la combusti\u00f3n del gas natural, y otra de vapor, que gira con el vapor que generamos aprovechando el calor de los gases originados en la combusti\u00f3n del gas natural. Este video muestra el funcionamiento de una central de ciclo combinado.\" \/>\n<meta property=\"og:url\" content=\"https:\/\/rinconeducativo.org\/es\/recursos-educativos\/centrales-termicas-de-ciclo-combinado\/\" \/>\n<meta property=\"og:site_name\" content=\"Rinc\u00f3n educativo\" \/>\n<meta property=\"article:modified_time\" content=\"2024-01-11T07:46:50+00:00\" \/>\n<meta property=\"og:image\" content=\"https:\/\/rinconeducativo.org\/wp-content\/uploads\/2022\/12\/Ciclo_combinado.png\" \/>\n\t<meta property=\"og:image:width\" content=\"968\" \/>\n\t<meta property=\"og:image:height\" content=\"533\" \/>\n\t<meta property=\"og:image:type\" content=\"image\/png\" \/>\n<meta name=\"twitter:card\" content=\"summary_large_image\" \/>\n<script type=\"application\/ld+json\" class=\"yoast-schema-graph\">{\"@context\":\"https:\/\/schema.org\",\"@graph\":[{\"@type\":\"WebPage\",\"@id\":\"https:\/\/rinconeducativo.org\/es\/recursos-educativos\/centrales-termicas-de-ciclo-combinado\/\",\"url\":\"https:\/\/rinconeducativo.org\/es\/recursos-educativos\/centrales-termicas-de-ciclo-combinado\/\",\"name\":\"Centrales T\u00e9rmicas de Ciclo Combinado - Rinc\u00f3n educativo\",\"isPartOf\":{\"@id\":\"https:\/\/rinconeducativo.org\/es\/#website\"},\"primaryImageOfPage\":{\"@id\":\"https:\/\/rinconeducativo.org\/es\/recursos-educativos\/centrales-termicas-de-ciclo-combinado\/#primaryimage\"},\"image\":{\"@id\":\"https:\/\/rinconeducativo.org\/es\/recursos-educativos\/centrales-termicas-de-ciclo-combinado\/#primaryimage\"},\"thumbnailUrl\":\"https:\/\/rinconeducativo.org\/wp-content\/uploads\/2022\/12\/Ciclo_combinado.png\",\"datePublished\":\"2022-12-07T12:41:21+00:00\",\"dateModified\":\"2024-01-11T07:46:50+00:00\",\"breadcrumb\":{\"@id\":\"https:\/\/rinconeducativo.org\/es\/recursos-educativos\/centrales-termicas-de-ciclo-combinado\/#breadcrumb\"},\"inLanguage\":\"es\",\"potentialAction\":[{\"@type\":\"ReadAction\",\"target\":[\"https:\/\/rinconeducativo.org\/es\/recursos-educativos\/centrales-termicas-de-ciclo-combinado\/\"]}]},{\"@type\":\"ImageObject\",\"inLanguage\":\"es\",\"@id\":\"https:\/\/rinconeducativo.org\/es\/recursos-educativos\/centrales-termicas-de-ciclo-combinado\/#primaryimage\",\"url\":\"https:\/\/rinconeducativo.org\/wp-content\/uploads\/2022\/12\/Ciclo_combinado.png\",\"contentUrl\":\"https:\/\/rinconeducativo.org\/wp-content\/uploads\/2022\/12\/Ciclo_combinado.png\",\"width\":968,\"height\":533},{\"@type\":\"BreadcrumbList\",\"@id\":\"https:\/\/rinconeducativo.org\/es\/recursos-educativos\/centrales-termicas-de-ciclo-combinado\/#breadcrumb\",\"itemListElement\":[{\"@type\":\"ListItem\",\"position\":1,\"name\":\"Portada\",\"item\":\"https:\/\/rinconeducativo.org\/es\/\"},{\"@type\":\"ListItem\",\"position\":2,\"name\":\"Recursos educativos\",\"item\":\"https:\/\/rinconeducativo.org\/es\/recursos-educativos\/\"},{\"@type\":\"ListItem\",\"position\":3,\"name\":\"Centrales T\u00e9rmicas de Ciclo Combinado\"}]},{\"@type\":\"WebSite\",\"@id\":\"https:\/\/rinconeducativo.org\/es\/#website\",\"url\":\"https:\/\/rinconeducativo.org\/es\/\",\"name\":\"Rinc\u00f3n educativo\",\"description\":\"Un proyecto del Foro Nuclear\",\"potentialAction\":[{\"@type\":\"SearchAction\",\"target\":{\"@type\":\"EntryPoint\",\"urlTemplate\":\"https:\/\/rinconeducativo.org\/es\/?s={search_term_string}\"},\"query-input\":{\"@type\":\"PropertyValueSpecification\",\"valueRequired\":true,\"valueName\":\"search_term_string\"}}],\"inLanguage\":\"es\"}]}<\/script>\n<!-- \/ Yoast SEO plugin. -->","yoast_head_json":{"title":"Centrales T\u00e9rmicas de Ciclo Combinado - Rinc\u00f3n educativo","robots":{"index":"index","follow":"follow","max-snippet":"max-snippet:-1","max-image-preview":"max-image-preview:large","max-video-preview":"max-video-preview:-1"},"canonical":"https:\/\/rinconeducativo.org\/es\/recursos-educativos\/centrales-termicas-de-ciclo-combinado\/","og_locale":"es_ES","og_type":"article","og_title":"Centrales T\u00e9rmicas de Ciclo Combinado - Rinc\u00f3n educativo","og_description":"Existen distintos tipos de centrales t\u00e9rmicas, siendo las de ciclo combinado una de ellas. Las centrales t\u00e9rmicas de ciclo combinado usan el gas natural como combustible para generar electricidad y se caracterizan por utilizar la combinaci\u00f3n de dos tipos de turbina: una de gas, que gira por los gases de la combusti\u00f3n del gas natural, y otra de vapor, que gira con el vapor que generamos aprovechando el calor de los gases originados en la combusti\u00f3n del gas natural. Este video muestra el funcionamiento de una central de ciclo combinado.","og_url":"https:\/\/rinconeducativo.org\/es\/recursos-educativos\/centrales-termicas-de-ciclo-combinado\/","og_site_name":"Rinc\u00f3n educativo","article_modified_time":"2024-01-11T07:46:50+00:00","og_image":[{"width":968,"height":533,"url":"https:\/\/rinconeducativo.org\/wp-content\/uploads\/2022\/12\/Ciclo_combinado.png","type":"image\/png"}],"twitter_card":"summary_large_image","schema":{"@context":"https:\/\/schema.org","@graph":[{"@type":"WebPage","@id":"https:\/\/rinconeducativo.org\/es\/recursos-educativos\/centrales-termicas-de-ciclo-combinado\/","url":"https:\/\/rinconeducativo.org\/es\/recursos-educativos\/centrales-termicas-de-ciclo-combinado\/","name":"Centrales T\u00e9rmicas de Ciclo Combinado - Rinc\u00f3n educativo","isPartOf":{"@id":"https:\/\/rinconeducativo.org\/es\/#website"},"primaryImageOfPage":{"@id":"https:\/\/rinconeducativo.org\/es\/recursos-educativos\/centrales-termicas-de-ciclo-combinado\/#primaryimage"},"image":{"@id":"https:\/\/rinconeducativo.org\/es\/recursos-educativos\/centrales-termicas-de-ciclo-combinado\/#primaryimage"},"thumbnailUrl":"https:\/\/rinconeducativo.org\/wp-content\/uploads\/2022\/12\/Ciclo_combinado.png","datePublished":"2022-12-07T12:41:21+00:00","dateModified":"2024-01-11T07:46:50+00:00","breadcrumb":{"@id":"https:\/\/rinconeducativo.org\/es\/recursos-educativos\/centrales-termicas-de-ciclo-combinado\/#breadcrumb"},"inLanguage":"es","potentialAction":[{"@type":"ReadAction","target":["https:\/\/rinconeducativo.org\/es\/recursos-educativos\/centrales-termicas-de-ciclo-combinado\/"]}]},{"@type":"ImageObject","inLanguage":"es","@id":"https:\/\/rinconeducativo.org\/es\/recursos-educativos\/centrales-termicas-de-ciclo-combinado\/#primaryimage","url":"https:\/\/rinconeducativo.org\/wp-content\/uploads\/2022\/12\/Ciclo_combinado.png","contentUrl":"https:\/\/rinconeducativo.org\/wp-content\/uploads\/2022\/12\/Ciclo_combinado.png","width":968,"height":533},{"@type":"BreadcrumbList","@id":"https:\/\/rinconeducativo.org\/es\/recursos-educativos\/centrales-termicas-de-ciclo-combinado\/#breadcrumb","itemListElement":[{"@type":"ListItem","position":1,"name":"Portada","item":"https:\/\/rinconeducativo.org\/es\/"},{"@type":"ListItem","position":2,"name":"Recursos educativos","item":"https:\/\/rinconeducativo.org\/es\/recursos-educativos\/"},{"@type":"ListItem","position":3,"name":"Centrales T\u00e9rmicas de Ciclo Combinado"}]},{"@type":"WebSite","@id":"https:\/\/rinconeducativo.org\/es\/#website","url":"https:\/\/rinconeducativo.org\/es\/","name":"Rinc\u00f3n educativo","description":"Un proyecto del Foro Nuclear","potentialAction":[{"@type":"SearchAction","target":{"@type":"EntryPoint","urlTemplate":"https:\/\/rinconeducativo.org\/es\/?s={search_term_string}"},"query-input":{"@type":"PropertyValueSpecification","valueRequired":true,"valueName":"search_term_string"}}],"inLanguage":"es"}]}},"_links":{"self":[{"href":"https:\/\/rinconeducativo.org\/es\/wp-json\/wp\/v2\/re_recurso\/22851","targetHints":{"allow":["GET"]}}],"collection":[{"href":"https:\/\/rinconeducativo.org\/es\/wp-json\/wp\/v2\/re_recurso"}],"about":[{"href":"https:\/\/rinconeducativo.org\/es\/wp-json\/wp\/v2\/types\/re_recurso"}],"author":[{"embeddable":true,"href":"https:\/\/rinconeducativo.org\/es\/wp-json\/wp\/v2\/users\/1088"}],"version-history":[{"count":1,"href":"https:\/\/rinconeducativo.org\/es\/wp-json\/wp\/v2\/re_recurso\/22851\/revisions"}],"predecessor-version":[{"id":22854,"href":"https:\/\/rinconeducativo.org\/es\/wp-json\/wp\/v2\/re_recurso\/22851\/revisions\/22854"}],"wp:featuredmedia":[{"embeddable":true,"href":"https:\/\/rinconeducativo.org\/es\/wp-json\/wp\/v2\/media\/22852"}],"wp:attachment":[{"href":"https:\/\/rinconeducativo.org\/es\/wp-json\/wp\/v2\/media?parent=22851"}],"wp:term":[{"taxonomy":"post_tag","embeddable":true,"href":"https:\/\/rinconeducativo.org\/es\/wp-json\/wp\/v2\/tags?post=22851"},{"taxonomy":"edad","embeddable":true,"href":"https:\/\/rinconeducativo.org\/es\/wp-json\/wp\/v2\/edad?post=22851"},{"taxonomy":"recursos_tipo","embeddable":true,"href":"https:\/\/rinconeducativo.org\/es\/wp-json\/wp\/v2\/recursos_tipo?post=22851"},{"taxonomy":"recursos_tema","embeddable":true,"href":"https:\/\/rinconeducativo.org\/es\/wp-json\/wp\/v2\/recursos_tema?post=22851"},{"taxonomy":"clasificacion_anterior","embeddable":true,"href":"https:\/\/rinconeducativo.org\/es\/wp-json\/wp\/v2\/clasificacion_anterior?post=22851"}],"curies":[{"name":"wp","href":"https:\/\/api.w.org\/{rel}","templated":true}]}}