{"id":21010,"date":"2022-10-27T09:39:51","date_gmt":"2022-10-27T07:39:51","guid":{"rendered":"https:\/\/rinconeducativo.org\/?post_type=re_recurso&#038;p=21010"},"modified":"2025-05-07T14:22:28","modified_gmt":"2025-05-07T12:22:28","slug":"inicios-radioterapia-tratamiento-cancer","status":"publish","type":"re_recurso","link":"https:\/\/rinconeducativo.org\/es\/recursos-educativos\/inicios-radioterapia-tratamiento-cancer\/","title":{"rendered":"Or\u00edgenes de radioterapia en el tratamiento del c\u00e1ncer"},"content":{"rendered":"\n<p>En el siglo XIX, la ciencia vivi\u00f3 una aut\u00e9ntica revoluci\u00f3n en la que se moderniz\u00f3 la forma de investigar, en al que se hicieron grandes descubrimientos y en la que se consolidaron grandes figuras cient\u00edficas. Todo ello provoc\u00f3 el nacimiento de una nueva era en la medicina.<\/p>\n\n\n\n<p>En 1895, <a href=\"https:\/\/rinconeducativo.org\/es\/efemerides\/27-de-marzo-de-1845-rontgen-y-sus-misteriosos-rayos\/\">Wilhelm R\u00f6ntgen<\/a> descubre los rayos X; en 1986, <a href=\"https:\/\/rinconeducativo.org\/es\/recursos-educativos\/antoine-henri-becquerel\/\" target=\"_blank\" rel=\"noreferrer noopener\">Henry Becquerel<\/a> hizo lo propio con la radiactividad natural y, en 1898, <a href=\"https:\/\/rinconeducativo.org\/es\/recursos-educativos\/marie-curie-una-vida-dedicada-al-estudio-de-la-radiactividad\/\" target=\"_blank\" rel=\"noreferrer noopener\">Marie Curie<\/a> descubre el radio. Tres hitos en poco tiempo que permitieron iniciar la investigaci\u00f3n de las radiaciones para el tratamietno del c\u00e1ncer.<\/p>\n\n\n\n<p>El primer tratamiento conocido se produjo en 1896 por parte del m\u00e9dico estadounidense Emil Grubbe que administr\u00f3 rayos X durante 1 hora en 18 d\u00edas a una mujer con c\u00e1ncer de mama recurrente e inoperable.<\/p>\n\n\n<div class=\"wp-block-image\">\n<figure class=\"alignright size-full is-resized\"><img loading=\"lazy\" decoding=\"async\" src=\"https:\/\/rinconeducativo.org\/wp-content\/uploads\/2017\/02\/imagenes_de_radioterapia.png\" alt=\"Tratamiento con Radioterapia\" class=\"wp-image-6442\" width=\"209\" height=\"364\" srcset=\"https:\/\/rinconeducativo.org\/wp-content\/uploads\/2017\/02\/imagenes_de_radioterapia.png 424w, https:\/\/rinconeducativo.org\/wp-content\/uploads\/2017\/02\/imagenes_de_radioterapia-287x500.png 287w\" sizes=\"auto, (max-width: 209px) 100vw, 209px\" \/><figcaption class=\"wp-element-caption\">Tratamiento con Radioterapia<\/figcaption><\/figure>\n<\/div>\n\n\n<h2 class=\"wp-block-heading\">Marie Curie fue la pionera<\/h2>\n\n\n\n<p>Sin esta gran cient\u00edfica ganadora de dos Premios Nobel no se entender\u00eda todo el desarrollo posterior de la radioterapia como tratamiento contra el c\u00e1ncer.<\/p>\n\n\n\n<p>Marie Curie, durante su tesis doctoral, empez\u00f3 a estudiar los rayos X, siguiendo los pasos de Henri Becquerel. Con su trabajo, descubre dos nuevos elementos, el polonio y el radio, a los que clasifica de radiactivos, y que sientan las bases para el conocimiento de la radiactividad.<\/p>\n\n\n\n<p>Poco despu\u00e9s, a principios del siglo XX, su marido, <a href=\"https:\/\/rinconeducativo.org\/es\/recursos-educativos\/marie-y-pierre-curie\/\" target=\"_blank\" rel=\"noreferrer noopener\">Pierre Curie<\/a>, propuso que una fuente radiactia podr\u00eda insertarse en un tumor y descubrieron que el tama\u00f1o del mismo se redujo. Paralelamente, Alexander Graham-Bell, el inventor, tambi\u00e9n tuvo la msima idea y, en honor a la descubridora, pidi\u00f3 llamar al proceso \"curieterapia\", un nombre que se conserv\u00f3 durante a\u00f1os.<\/p>\n\n\n\n<p>Fue en esa \u00e9poca en la que se consolid\u00f3 el empleo medicinal de la radiactividad, tanto en us diagn\u00f3stico como en su tratamiento, cuando hospitales de todo el mundo comenzaron a investigar en este sentido, sentando las bases para la radioterapia actual.<\/p>\n\n\n\n<h2 class=\"wp-block-heading\">Objetivo: Curar el c\u00e1ncer<\/h2>\n\n\n\n<p>En un viaje a Nueva York, en 1920, para recaudar fondos para poder seguir investigando (el precio del radio se hab\u00eda disparado como consecuencia de la I Guerra Mundial), Marie Curie asegur\u00f3 que su objetivo era \"poner fin al c\u00e1ncer\".<\/p>\n\n\n\n<p>En 1934, Marie Curie fallec\u00eda como consecuencia de una anemia apl\u00e1sica, probablemente contra\u00edada por las radiaciones a las que estuvo expuesta durante su vida. Los efectos negativos de la radiaci\u00f3n no se conoc\u00edan entonces y, durante sus investigaciones y experimentos no utilizaba ni unas m\u00ednimas medidas de seguridad (Se comentaba que llebaba los tubos de ensayo con is\u00f3topos radiactivos en los bolsillos). Tambi\u00e9n se expuso sin protecci\u00f3n a los rayos X, miemtras ejerc\u00eda de radi\u00f3loga en los conocidos como \"Les Petites Curies\" (unidades m\u00f3viles que llevaban los rayos X a los campos de batalla).<\/p>\n\n\n\n<p>Conscientes de estos peligors, los usos medicinales de la radiaci\u00f3n disminuyeron hasta que en las d\u00e9cadas de los a\u00f1os 50 y 60 surgieron nuevas fuentes radiactivas que redujeron los riesgos y volvieron a revolucionar el campo de la lucha contra el c\u00e1ncer. El Proyecto Manhattan, desarrollado durante la II Guerra Mundial, hizo posible la producci\u00f3n de radiois\u00f3topos artificiales para radioterapia.<\/p>\n\n\n\n<p>En la d\u00e9cada de lso 50, se desarrolla la terapia con cobalto que \u00fanicamente se utilizar en \u00e1reas donde el tumor no es muy profundo para redcir su tama\u00f1o antes de una operaci\u00f3n. Era un tratamiento con m\u00e1quinas baratas, robustas y f\u00e1ciles de usar, pero era necesario reemplazar el cobalto cada cinco a\u00f1os. Est\u00e1 claro que su aportaci\u00f3n fue clave para el avance de la radioterapia, no obstante, las dudas sobre los residuoes y la aparici\u00f3n de nuevos m\u00e9todos, como el acelerador lineal, el toro gran descubrimietno en este sentido en la segunda mitad del siglo XX, provoc\u00f3 su desuso desde los a\u00f1os 80.<\/p>\n\n\n\n<p>A todo esto se sum\u00f3 el desarrollo de la tecnolog\u00eda para obtener im\u00e1genes virtuales en tres dimensiones que permit\u00edan observar los vol\u00famnes de los tumores a tratar y concentrar mejor las dosis aplicadas.<\/p>\n\n\n<div class=\"wp-block-image\">\n<figure class=\"aligncenter size-full\"><img loading=\"lazy\" decoding=\"async\" width=\"543\" height=\"380\" src=\"https:\/\/rinconeducativo.org\/wp-content\/uploads\/2019\/04\/field_image_radioterapia_a_medida.jpg\" alt=\"Im\u00e1genes de radioterapia\" class=\"wp-image-8916\" srcset=\"https:\/\/rinconeducativo.org\/wp-content\/uploads\/2019\/04\/field_image_radioterapia_a_medida.jpg 543w, https:\/\/rinconeducativo.org\/wp-content\/uploads\/2019\/04\/field_image_radioterapia_a_medida-500x350.jpg 500w\" sizes=\"auto, (max-width: 543px) 100vw, 543px\" \/><figcaption class=\"wp-element-caption\">Im\u00e1genes de radioterapia<\/figcaption><\/figure>\n<\/div>\n\n\n<h2 class=\"wp-block-heading\">La radioterapia hoy en d\u00eda<\/h2>\n\n\n\n<p>La gran revoluci\u00f3n del siglo XXI, en cuanto a radioterapia, es que la tecnolog\u00eda ha permitido administrar tratamientos mucho m\u00e1s eficaces y menos agresivos. Los mayores avances se han visto en aquellos tumores que estaban en localizaciones complejas y que antes no quer\u00edamos dar dosis muy altas porque ten\u00edamos riesgo de toxicidad de las estructuras adyacentes. Hoy en d\u00eda con las diferentes t\u00e9cnicas de tratamiento y los distintos tipos de tratamientos se pueden administrar grandes&nbsp;dosis sin generar efectos en estructuras vitales como el coraz\u00f3n, partes del cerebro, abdomen, est\u00f3mago, intestino delgado, nervios \u00f3pticos, etc.\".<\/p>\n\n\n<div class=\"wp-block-image\">\n<figure class=\"aligncenter size-full is-resized\"><img loading=\"lazy\" decoding=\"async\" src=\"https:\/\/rinconeducativo.org\/wp-content\/uploads\/2022\/10\/Radioterapia_Maquina.jpg\" alt=\"\" class=\"wp-image-21011\" width=\"631\" height=\"365\" srcset=\"https:\/\/rinconeducativo.org\/wp-content\/uploads\/2022\/10\/Radioterapia_Maquina.jpg 920w, https:\/\/rinconeducativo.org\/wp-content\/uploads\/2022\/10\/Radioterapia_Maquina-500x290.jpg 500w, https:\/\/rinconeducativo.org\/wp-content\/uploads\/2022\/10\/Radioterapia_Maquina-768x445.jpg 768w\" sizes=\"auto, (max-width: 631px) 100vw, 631px\" \/><figcaption class=\"wp-element-caption\">M\u00e1quina de radioterapia<\/figcaption><\/figure>\n<\/div>\n\n\n<p>Uno de los aspectos en los que a\u00fan debe mejorar la radioterapia tiene que ver con la percepci\u00f3n por parte de los pacientes. Estos todav\u00eda se acercan con miedo, sobre todo a la radiaci\u00f3n. La gente tiene el concepto de que se sigue utilizando las m\u00e1quinas de cobalto antiguas donde la planificaci\u00f3n no era tridimensional y esto forma parte del pasado desde hace mucho tiempo.<\/p>\n\n\n\n<blockquote class=\"wp-block-quote is-layout-flow wp-block-quote-is-layout-flow\">\n<p><strong>\"La radioterapia es un tratamiento seguro y tecnol\u00f3gicamente avanzado\"<\/strong><\/p>\n<\/blockquote>\n\n\n\n<p>No se puede comparar la radioterapia del inicio con la actual. Ha habido una gran evoluci\u00f3n en todos los aspectos, de movilizaci\u00f3n, tecnificaci\u00f3n, de c\u00f3mo tratar un tumor que se est\u00e1 moviendo porque el paciente respira y la m\u00e1quina ahora puede seguir ese tumor en movimiento con un margen muy peque\u00f1o. Adem\u00e1s, se disminuyen los efectos secundarios del tratamiento y ser m\u00e1s eficientes administrando el tratamiento hace que el paciente tenga mejor calidad de vida.<\/p>\n\n\n\n<p>Aunque a\u00fan queda mucho camino por recorrer, el acceso a los tratamientos con radioterapia sigue mejorando a nivel mundial. Un campo en el que quedan muchas buenas noticias por descubrir.<\/p>\n","protected":false},"excerpt":{"rendered":"<p>En 1895, Wilhelm R\u00f6ntgen descubre los rayos X; en 1986, Henry Becquerel hizo lo propio con la radiactividad natural y, en 1898, Marie Curie descubre el radio. Tres hitos en poco tiempo que permitieron iniciar la investigaci\u00f3n de las radiaciones para el tratamietno del c\u00e1ncer.<\/p>\n","protected":false},"author":1088,"featured_media":6442,"template":"","meta":{"_acf_changed":false,"footnotes":""},"tags":[5732,8183],"edad":[7029,7030,7031,7028],"recursos_tipo":[7016],"recursos_tema":[7087,7088],"clasificacion_anterior":[],"class_list":["post-21010","re_recurso","type-re_recurso","status-publish","has-post-thumbnail","hentry","tag-aplicaciones-de-la-tecnologia-nuclear","tag-radiacion","edad-de-6-a-12","edad-de-12-a-16","edad-mas-16","edad-todas-las-edades","recursos_tipo-teoria","recursos_tema-aplicaciones","recursos_tema-medicas"],"acf":[],"yoast_head":"<!-- This site is optimized with the Yoast SEO plugin v26.8 - https:\/\/yoast.com\/product\/yoast-seo-wordpress\/ -->\n<title>Or\u00edgenes de radioterapia en el tratamiento del c\u00e1ncer - Rinc\u00f3n educativo<\/title>\n<meta name=\"robots\" content=\"index, follow, max-snippet:-1, max-image-preview:large, max-video-preview:-1\" \/>\n<link rel=\"canonical\" href=\"https:\/\/rinconeducativo.org\/es\/recursos-educativos\/inicios-radioterapia-tratamiento-cancer\/\" \/>\n<meta property=\"og:locale\" content=\"es_ES\" \/>\n<meta property=\"og:type\" content=\"article\" \/>\n<meta property=\"og:title\" content=\"Or\u00edgenes de radioterapia en el tratamiento del c\u00e1ncer - Rinc\u00f3n educativo\" \/>\n<meta property=\"og:description\" content=\"En 1895, Wilhelm R\u00f6ntgen descubre los rayos X; en 1986, Henry Becquerel hizo lo propio con la radiactividad natural y, en 1898, Marie Curie descubre el radio. Tres hitos en poco tiempo que permitieron iniciar la investigaci\u00f3n de las radiaciones para el tratamietno del c\u00e1ncer.\" \/>\n<meta property=\"og:url\" content=\"https:\/\/rinconeducativo.org\/es\/recursos-educativos\/inicios-radioterapia-tratamiento-cancer\/\" \/>\n<meta property=\"og:site_name\" content=\"Rinc\u00f3n educativo\" \/>\n<meta property=\"article:modified_time\" content=\"2025-05-07T12:22:28+00:00\" \/>\n<meta property=\"og:image\" content=\"https:\/\/rinconeducativo.org\/wp-content\/uploads\/2017\/02\/imagenes_de_radioterapia.png\" \/>\n\t<meta property=\"og:image:width\" content=\"424\" \/>\n\t<meta property=\"og:image:height\" content=\"738\" \/>\n\t<meta property=\"og:image:type\" content=\"image\/png\" \/>\n<meta name=\"twitter:card\" content=\"summary_large_image\" \/>\n<script type=\"application\/ld+json\" class=\"yoast-schema-graph\">{\"@context\":\"https:\/\/schema.org\",\"@graph\":[{\"@type\":\"WebPage\",\"@id\":\"https:\/\/rinconeducativo.org\/es\/recursos-educativos\/inicios-radioterapia-tratamiento-cancer\/\",\"url\":\"https:\/\/rinconeducativo.org\/es\/recursos-educativos\/inicios-radioterapia-tratamiento-cancer\/\",\"name\":\"Or\u00edgenes de radioterapia en el tratamiento del c\u00e1ncer - Rinc\u00f3n educativo\",\"isPartOf\":{\"@id\":\"https:\/\/rinconeducativo.org\/es\/#website\"},\"primaryImageOfPage\":{\"@id\":\"https:\/\/rinconeducativo.org\/es\/recursos-educativos\/inicios-radioterapia-tratamiento-cancer\/#primaryimage\"},\"image\":{\"@id\":\"https:\/\/rinconeducativo.org\/es\/recursos-educativos\/inicios-radioterapia-tratamiento-cancer\/#primaryimage\"},\"thumbnailUrl\":\"https:\/\/rinconeducativo.org\/wp-content\/uploads\/2017\/02\/imagenes_de_radioterapia.png\",\"datePublished\":\"2022-10-27T07:39:51+00:00\",\"dateModified\":\"2025-05-07T12:22:28+00:00\",\"breadcrumb\":{\"@id\":\"https:\/\/rinconeducativo.org\/es\/recursos-educativos\/inicios-radioterapia-tratamiento-cancer\/#breadcrumb\"},\"inLanguage\":\"es\",\"potentialAction\":[{\"@type\":\"ReadAction\",\"target\":[\"https:\/\/rinconeducativo.org\/es\/recursos-educativos\/inicios-radioterapia-tratamiento-cancer\/\"]}]},{\"@type\":\"ImageObject\",\"inLanguage\":\"es\",\"@id\":\"https:\/\/rinconeducativo.org\/es\/recursos-educativos\/inicios-radioterapia-tratamiento-cancer\/#primaryimage\",\"url\":\"https:\/\/rinconeducativo.org\/wp-content\/uploads\/2017\/02\/imagenes_de_radioterapia.png\",\"contentUrl\":\"https:\/\/rinconeducativo.org\/wp-content\/uploads\/2017\/02\/imagenes_de_radioterapia.png\",\"width\":424,\"height\":738,\"caption\":\"Tratamiento con Radioterapia\"},{\"@type\":\"BreadcrumbList\",\"@id\":\"https:\/\/rinconeducativo.org\/es\/recursos-educativos\/inicios-radioterapia-tratamiento-cancer\/#breadcrumb\",\"itemListElement\":[{\"@type\":\"ListItem\",\"position\":1,\"name\":\"Portada\",\"item\":\"https:\/\/rinconeducativo.org\/es\/\"},{\"@type\":\"ListItem\",\"position\":2,\"name\":\"Recursos educativos\",\"item\":\"https:\/\/rinconeducativo.org\/es\/recursos-educativos\/\"},{\"@type\":\"ListItem\",\"position\":3,\"name\":\"Or\u00edgenes de radioterapia en el tratamiento del c\u00e1ncer\"}]},{\"@type\":\"WebSite\",\"@id\":\"https:\/\/rinconeducativo.org\/es\/#website\",\"url\":\"https:\/\/rinconeducativo.org\/es\/\",\"name\":\"Rinc\u00f3n educativo\",\"description\":\"Un proyecto del Foro Nuclear\",\"potentialAction\":[{\"@type\":\"SearchAction\",\"target\":{\"@type\":\"EntryPoint\",\"urlTemplate\":\"https:\/\/rinconeducativo.org\/es\/?s={search_term_string}\"},\"query-input\":{\"@type\":\"PropertyValueSpecification\",\"valueRequired\":true,\"valueName\":\"search_term_string\"}}],\"inLanguage\":\"es\"}]}<\/script>\n<!-- \/ Yoast SEO plugin. -->","yoast_head_json":{"title":"Or\u00edgenes de radioterapia en el tratamiento del c\u00e1ncer - Rinc\u00f3n educativo","robots":{"index":"index","follow":"follow","max-snippet":"max-snippet:-1","max-image-preview":"max-image-preview:large","max-video-preview":"max-video-preview:-1"},"canonical":"https:\/\/rinconeducativo.org\/es\/recursos-educativos\/inicios-radioterapia-tratamiento-cancer\/","og_locale":"es_ES","og_type":"article","og_title":"Or\u00edgenes de radioterapia en el tratamiento del c\u00e1ncer - Rinc\u00f3n educativo","og_description":"En 1895, Wilhelm R\u00f6ntgen descubre los rayos X; en 1986, Henry Becquerel hizo lo propio con la radiactividad natural y, en 1898, Marie Curie descubre el radio. Tres hitos en poco tiempo que permitieron iniciar la investigaci\u00f3n de las radiaciones para el tratamietno del c\u00e1ncer.","og_url":"https:\/\/rinconeducativo.org\/es\/recursos-educativos\/inicios-radioterapia-tratamiento-cancer\/","og_site_name":"Rinc\u00f3n educativo","article_modified_time":"2025-05-07T12:22:28+00:00","og_image":[{"width":424,"height":738,"url":"https:\/\/rinconeducativo.org\/wp-content\/uploads\/2017\/02\/imagenes_de_radioterapia.png","type":"image\/png"}],"twitter_card":"summary_large_image","schema":{"@context":"https:\/\/schema.org","@graph":[{"@type":"WebPage","@id":"https:\/\/rinconeducativo.org\/es\/recursos-educativos\/inicios-radioterapia-tratamiento-cancer\/","url":"https:\/\/rinconeducativo.org\/es\/recursos-educativos\/inicios-radioterapia-tratamiento-cancer\/","name":"Or\u00edgenes de radioterapia en el tratamiento del c\u00e1ncer - Rinc\u00f3n educativo","isPartOf":{"@id":"https:\/\/rinconeducativo.org\/es\/#website"},"primaryImageOfPage":{"@id":"https:\/\/rinconeducativo.org\/es\/recursos-educativos\/inicios-radioterapia-tratamiento-cancer\/#primaryimage"},"image":{"@id":"https:\/\/rinconeducativo.org\/es\/recursos-educativos\/inicios-radioterapia-tratamiento-cancer\/#primaryimage"},"thumbnailUrl":"https:\/\/rinconeducativo.org\/wp-content\/uploads\/2017\/02\/imagenes_de_radioterapia.png","datePublished":"2022-10-27T07:39:51+00:00","dateModified":"2025-05-07T12:22:28+00:00","breadcrumb":{"@id":"https:\/\/rinconeducativo.org\/es\/recursos-educativos\/inicios-radioterapia-tratamiento-cancer\/#breadcrumb"},"inLanguage":"es","potentialAction":[{"@type":"ReadAction","target":["https:\/\/rinconeducativo.org\/es\/recursos-educativos\/inicios-radioterapia-tratamiento-cancer\/"]}]},{"@type":"ImageObject","inLanguage":"es","@id":"https:\/\/rinconeducativo.org\/es\/recursos-educativos\/inicios-radioterapia-tratamiento-cancer\/#primaryimage","url":"https:\/\/rinconeducativo.org\/wp-content\/uploads\/2017\/02\/imagenes_de_radioterapia.png","contentUrl":"https:\/\/rinconeducativo.org\/wp-content\/uploads\/2017\/02\/imagenes_de_radioterapia.png","width":424,"height":738,"caption":"Tratamiento con Radioterapia"},{"@type":"BreadcrumbList","@id":"https:\/\/rinconeducativo.org\/es\/recursos-educativos\/inicios-radioterapia-tratamiento-cancer\/#breadcrumb","itemListElement":[{"@type":"ListItem","position":1,"name":"Portada","item":"https:\/\/rinconeducativo.org\/es\/"},{"@type":"ListItem","position":2,"name":"Recursos educativos","item":"https:\/\/rinconeducativo.org\/es\/recursos-educativos\/"},{"@type":"ListItem","position":3,"name":"Or\u00edgenes de radioterapia en el tratamiento del c\u00e1ncer"}]},{"@type":"WebSite","@id":"https:\/\/rinconeducativo.org\/es\/#website","url":"https:\/\/rinconeducativo.org\/es\/","name":"Rinc\u00f3n educativo","description":"Un proyecto del Foro Nuclear","potentialAction":[{"@type":"SearchAction","target":{"@type":"EntryPoint","urlTemplate":"https:\/\/rinconeducativo.org\/es\/?s={search_term_string}"},"query-input":{"@type":"PropertyValueSpecification","valueRequired":true,"valueName":"search_term_string"}}],"inLanguage":"es"}]}},"_links":{"self":[{"href":"https:\/\/rinconeducativo.org\/es\/wp-json\/wp\/v2\/re_recurso\/21010","targetHints":{"allow":["GET"]}}],"collection":[{"href":"https:\/\/rinconeducativo.org\/es\/wp-json\/wp\/v2\/re_recurso"}],"about":[{"href":"https:\/\/rinconeducativo.org\/es\/wp-json\/wp\/v2\/types\/re_recurso"}],"author":[{"embeddable":true,"href":"https:\/\/rinconeducativo.org\/es\/wp-json\/wp\/v2\/users\/1088"}],"version-history":[{"count":5,"href":"https:\/\/rinconeducativo.org\/es\/wp-json\/wp\/v2\/re_recurso\/21010\/revisions"}],"predecessor-version":[{"id":28396,"href":"https:\/\/rinconeducativo.org\/es\/wp-json\/wp\/v2\/re_recurso\/21010\/revisions\/28396"}],"wp:featuredmedia":[{"embeddable":true,"href":"https:\/\/rinconeducativo.org\/es\/wp-json\/wp\/v2\/media\/6442"}],"wp:attachment":[{"href":"https:\/\/rinconeducativo.org\/es\/wp-json\/wp\/v2\/media?parent=21010"}],"wp:term":[{"taxonomy":"post_tag","embeddable":true,"href":"https:\/\/rinconeducativo.org\/es\/wp-json\/wp\/v2\/tags?post=21010"},{"taxonomy":"edad","embeddable":true,"href":"https:\/\/rinconeducativo.org\/es\/wp-json\/wp\/v2\/edad?post=21010"},{"taxonomy":"recursos_tipo","embeddable":true,"href":"https:\/\/rinconeducativo.org\/es\/wp-json\/wp\/v2\/recursos_tipo?post=21010"},{"taxonomy":"recursos_tema","embeddable":true,"href":"https:\/\/rinconeducativo.org\/es\/wp-json\/wp\/v2\/recursos_tema?post=21010"},{"taxonomy":"clasificacion_anterior","embeddable":true,"href":"https:\/\/rinconeducativo.org\/es\/wp-json\/wp\/v2\/clasificacion_anterior?post=21010"}],"curies":[{"name":"wp","href":"https:\/\/api.w.org\/{rel}","templated":true}]}}