{"id":9821,"date":"2019-09-16T13:02:18","date_gmt":"2019-09-16T13:02:18","guid":{"rendered":"https:\/\/wp.rinconeducativo.org\/?jornadas=fotogaleria-jornadas-sobre-energia-y-educacion-madrid-2019"},"modified":"2022-08-25T12:02:44","modified_gmt":"2022-08-25T10:02:44","slug":"fotogaleria-jornadas-sobre-energia-y-educacion-madrid-2019","status":"publish","type":"re_jornada","link":"https:\/\/rinconeducativo.org\/es\/jornadas\/fotogaleria-jornadas-sobre-energia-y-educacion-madrid-2019\/","title":{"rendered":"Fotogaler\u00eda Jornadas sobre Energ\u00eda y Educaci\u00f3n Madrid 2019"},"content":{"rendered":"\n<figure class=\"wp-block-gallery has-nested-images columns-2 is-cropped wp-block-gallery-1 is-layout-flex wp-block-gallery-is-layout-flex\">\n<figure class=\"wp-block-image size-medium\"><a href=\"https:\/\/wp2.rinconeducativo.org\/wp-content\/uploads\/2019\/09\/director_ciemat_carlos_alejaldre_en_jornadas_foro_nuclear-scaled.jpg\"><img loading=\"lazy\" decoding=\"async\" width=\"500\" height=\"333\" data-id=\"9822\" src=\"https:\/\/wp2.rinconeducativo.org\/wp-content\/uploads\/2019\/09\/director_ciemat_carlos_alejaldre_en_jornadas_foro_nuclear-500x333.jpg\" alt=\"Carlos Alejaldre. Director General del CIEMAT. \" class=\"wp-image-9822\" srcset=\"https:\/\/rinconeducativo.org\/wp-content\/uploads\/2019\/09\/director_ciemat_carlos_alejaldre_en_jornadas_foro_nuclear-500x333.jpg 500w, https:\/\/rinconeducativo.org\/wp-content\/uploads\/2019\/09\/director_ciemat_carlos_alejaldre_en_jornadas_foro_nuclear-1200x798.jpg 1200w, https:\/\/rinconeducativo.org\/wp-content\/uploads\/2019\/09\/director_ciemat_carlos_alejaldre_en_jornadas_foro_nuclear-768x511.jpg 768w, https:\/\/rinconeducativo.org\/wp-content\/uploads\/2019\/09\/director_ciemat_carlos_alejaldre_en_jornadas_foro_nuclear-1536x1022.jpg 1536w, https:\/\/rinconeducativo.org\/wp-content\/uploads\/2019\/09\/director_ciemat_carlos_alejaldre_en_jornadas_foro_nuclear-2048x1363.jpg 2048w, https:\/\/rinconeducativo.org\/wp-content\/uploads\/2019\/09\/director_ciemat_carlos_alejaldre_en_jornadas_foro_nuclear-scaled.jpg 2560w\" sizes=\"auto, (max-width: 500px) 100vw, 500px\" \/><\/a><figcaption>Carlos Alejaldre. Director General del CIEMAT. <\/figcaption><\/figure>\n\n\n\n<figure class=\"wp-block-image size-medium\"><a href=\"https:\/\/wp2.rinconeducativo.org\/wp-content\/uploads\/2019\/09\/presidente_foro_nuclear_inaugura_jornadas-scaled.jpg\"><img loading=\"lazy\" decoding=\"async\" width=\"500\" height=\"333\" data-id=\"9823\" src=\"https:\/\/wp2.rinconeducativo.org\/wp-content\/uploads\/2019\/09\/presidente_foro_nuclear_inaugura_jornadas-500x333.jpg\" alt=\"Ignacio Araluce. Presidente de Foro Nuclear. \" class=\"wp-image-9823\" srcset=\"https:\/\/rinconeducativo.org\/wp-content\/uploads\/2019\/09\/presidente_foro_nuclear_inaugura_jornadas-500x333.jpg 500w, https:\/\/rinconeducativo.org\/wp-content\/uploads\/2019\/09\/presidente_foro_nuclear_inaugura_jornadas-1200x798.jpg 1200w, https:\/\/rinconeducativo.org\/wp-content\/uploads\/2019\/09\/presidente_foro_nuclear_inaugura_jornadas-768x511.jpg 768w, https:\/\/rinconeducativo.org\/wp-content\/uploads\/2019\/09\/presidente_foro_nuclear_inaugura_jornadas-1536x1022.jpg 1536w, https:\/\/rinconeducativo.org\/wp-content\/uploads\/2019\/09\/presidente_foro_nuclear_inaugura_jornadas-2048x1363.jpg 2048w, https:\/\/rinconeducativo.org\/wp-content\/uploads\/2019\/09\/presidente_foro_nuclear_inaugura_jornadas-scaled.jpg 2560w\" sizes=\"auto, (max-width: 500px) 100vw, 500px\" \/><\/a><figcaption>Ignacio Araluce. Presidente de Foro Nuclear. <\/figcaption><\/figure>\n\n\n\n<figure class=\"wp-block-image size-medium\"><a href=\"https:\/\/wp2.rinconeducativo.org\/wp-content\/uploads\/2019\/09\/peter_fraser_de_la_agencia_internacional_de_la_energia_en_jornadas_foro_1-scaled.jpg\"><img loading=\"lazy\" decoding=\"async\" width=\"500\" height=\"333\" data-id=\"9824\" src=\"https:\/\/wp2.rinconeducativo.org\/wp-content\/uploads\/2019\/09\/peter_fraser_de_la_agencia_internacional_de_la_energia_en_jornadas_foro_1-500x333.jpg\" alt=\"Peter Fraser junto con el Presidente de Foro Nuclear\" class=\"wp-image-9824\" srcset=\"https:\/\/rinconeducativo.org\/wp-content\/uploads\/2019\/09\/peter_fraser_de_la_agencia_internacional_de_la_energia_en_jornadas_foro_1-500x333.jpg 500w, https:\/\/rinconeducativo.org\/wp-content\/uploads\/2019\/09\/peter_fraser_de_la_agencia_internacional_de_la_energia_en_jornadas_foro_1-1200x798.jpg 1200w, https:\/\/rinconeducativo.org\/wp-content\/uploads\/2019\/09\/peter_fraser_de_la_agencia_internacional_de_la_energia_en_jornadas_foro_1-768x511.jpg 768w, https:\/\/rinconeducativo.org\/wp-content\/uploads\/2019\/09\/peter_fraser_de_la_agencia_internacional_de_la_energia_en_jornadas_foro_1-1536x1022.jpg 1536w, https:\/\/rinconeducativo.org\/wp-content\/uploads\/2019\/09\/peter_fraser_de_la_agencia_internacional_de_la_energia_en_jornadas_foro_1-2048x1363.jpg 2048w, https:\/\/rinconeducativo.org\/wp-content\/uploads\/2019\/09\/peter_fraser_de_la_agencia_internacional_de_la_energia_en_jornadas_foro_1-scaled.jpg 2560w\" sizes=\"auto, (max-width: 500px) 100vw, 500px\" \/><\/a><figcaption>Peter Fraser junto con el Presidente de Foro Nuclear<\/figcaption><\/figure>\n\n\n\n<figure class=\"wp-block-image size-medium\"><a href=\"https:\/\/wp2.rinconeducativo.org\/wp-content\/uploads\/2019\/09\/presentacion_del_rincon_educativo_en_jornadas_foro_nuclear-scaled.jpg\"><img loading=\"lazy\" decoding=\"async\" width=\"500\" height=\"333\" data-id=\"9825\" src=\"https:\/\/wp2.rinconeducativo.org\/wp-content\/uploads\/2019\/09\/presentacion_del_rincon_educativo_en_jornadas_foro_nuclear-500x333.jpg\" alt=\"Pilar S\u00e1nchez Directora de Formaci\u00f3n y Apoyo a la Industria de Foro Nuclear\" class=\"wp-image-9825\" srcset=\"https:\/\/rinconeducativo.org\/wp-content\/uploads\/2019\/09\/presentacion_del_rincon_educativo_en_jornadas_foro_nuclear-500x333.jpg 500w, https:\/\/rinconeducativo.org\/wp-content\/uploads\/2019\/09\/presentacion_del_rincon_educativo_en_jornadas_foro_nuclear-1200x798.jpg 1200w, https:\/\/rinconeducativo.org\/wp-content\/uploads\/2019\/09\/presentacion_del_rincon_educativo_en_jornadas_foro_nuclear-768x511.jpg 768w, https:\/\/rinconeducativo.org\/wp-content\/uploads\/2019\/09\/presentacion_del_rincon_educativo_en_jornadas_foro_nuclear-1536x1022.jpg 1536w, https:\/\/rinconeducativo.org\/wp-content\/uploads\/2019\/09\/presentacion_del_rincon_educativo_en_jornadas_foro_nuclear-2048x1363.jpg 2048w, https:\/\/rinconeducativo.org\/wp-content\/uploads\/2019\/09\/presentacion_del_rincon_educativo_en_jornadas_foro_nuclear-scaled.jpg 2560w\" sizes=\"auto, (max-width: 500px) 100vw, 500px\" \/><\/a><figcaption>Pilar S\u00e1nchez Directora de Formaci\u00f3n y Apoyo a la Industria de Foro Nuclear<\/figcaption><\/figure>\n\n\n\n<figure class=\"wp-block-image size-medium\"><a href=\"https:\/\/wp2.rinconeducativo.org\/wp-content\/uploads\/2019\/09\/director_instituto_fusion_nuclear_manuel_perlado_en_jornadas_foro_nuclear-scaled.jpg\"><img loading=\"lazy\" decoding=\"async\" width=\"500\" height=\"333\" data-id=\"9826\" src=\"https:\/\/wp2.rinconeducativo.org\/wp-content\/uploads\/2019\/09\/director_instituto_fusion_nuclear_manuel_perlado_en_jornadas_foro_nuclear-500x333.jpg\" alt=\"Manuel Perlado. Director del Instituto de Fusi\u00f3n Nuclear. \" class=\"wp-image-9826\" srcset=\"https:\/\/rinconeducativo.org\/wp-content\/uploads\/2019\/09\/director_instituto_fusion_nuclear_manuel_perlado_en_jornadas_foro_nuclear-500x333.jpg 500w, https:\/\/rinconeducativo.org\/wp-content\/uploads\/2019\/09\/director_instituto_fusion_nuclear_manuel_perlado_en_jornadas_foro_nuclear-1200x798.jpg 1200w, https:\/\/rinconeducativo.org\/wp-content\/uploads\/2019\/09\/director_instituto_fusion_nuclear_manuel_perlado_en_jornadas_foro_nuclear-768x511.jpg 768w, https:\/\/rinconeducativo.org\/wp-content\/uploads\/2019\/09\/director_instituto_fusion_nuclear_manuel_perlado_en_jornadas_foro_nuclear-1536x1022.jpg 1536w, https:\/\/rinconeducativo.org\/wp-content\/uploads\/2019\/09\/director_instituto_fusion_nuclear_manuel_perlado_en_jornadas_foro_nuclear-2048x1363.jpg 2048w, https:\/\/rinconeducativo.org\/wp-content\/uploads\/2019\/09\/director_instituto_fusion_nuclear_manuel_perlado_en_jornadas_foro_nuclear-scaled.jpg 2560w\" sizes=\"auto, (max-width: 500px) 100vw, 500px\" \/><\/a><figcaption>Manuel Perlado. Director del Instituto de Fusi\u00f3n Nuclear. <\/figcaption><\/figure>\n\n\n\n<figure class=\"wp-block-image size-medium\"><a href=\"https:\/\/wp2.rinconeducativo.org\/wp-content\/uploads\/2019\/09\/profesor_upm_gonzalo_jimenez_en_jornadas_foro_nuclear-scaled.jpg\"><img loading=\"lazy\" decoding=\"async\" width=\"500\" height=\"333\" data-id=\"9827\" src=\"https:\/\/wp2.rinconeducativo.org\/wp-content\/uploads\/2019\/09\/profesor_upm_gonzalo_jimenez_en_jornadas_foro_nuclear-500x333.jpg\" alt=\"Gonzalo Jim\u00e9nez. Profesor contratado doctor UPM\" class=\"wp-image-9827\" srcset=\"https:\/\/rinconeducativo.org\/wp-content\/uploads\/2019\/09\/profesor_upm_gonzalo_jimenez_en_jornadas_foro_nuclear-500x333.jpg 500w, https:\/\/rinconeducativo.org\/wp-content\/uploads\/2019\/09\/profesor_upm_gonzalo_jimenez_en_jornadas_foro_nuclear-1200x798.jpg 1200w, https:\/\/rinconeducativo.org\/wp-content\/uploads\/2019\/09\/profesor_upm_gonzalo_jimenez_en_jornadas_foro_nuclear-768x511.jpg 768w, https:\/\/rinconeducativo.org\/wp-content\/uploads\/2019\/09\/profesor_upm_gonzalo_jimenez_en_jornadas_foro_nuclear-1536x1022.jpg 1536w, https:\/\/rinconeducativo.org\/wp-content\/uploads\/2019\/09\/profesor_upm_gonzalo_jimenez_en_jornadas_foro_nuclear-2048x1363.jpg 2048w, https:\/\/rinconeducativo.org\/wp-content\/uploads\/2019\/09\/profesor_upm_gonzalo_jimenez_en_jornadas_foro_nuclear-scaled.jpg 2560w\" sizes=\"auto, (max-width: 500px) 100vw, 500px\" \/><\/a><figcaption>Gonzalo Jim\u00e9nez. Profesor contratado doctor UPM<\/figcaption><\/figure>\n\n\n\n<figure class=\"wp-block-image size-medium\"><a href=\"https:\/\/wp2.rinconeducativo.org\/wp-content\/uploads\/2019\/09\/presentacion_trabajo_ganador_premio_salvador_senent_en_jornadas_foro_nuclear-scaled.jpg\"><img loading=\"lazy\" decoding=\"async\" width=\"500\" height=\"333\" data-id=\"9828\" src=\"https:\/\/wp2.rinconeducativo.org\/wp-content\/uploads\/2019\/09\/presentacion_trabajo_ganador_premio_salvador_senent_en_jornadas_foro_nuclear-500x333.jpg\" alt=\"Ana Isabel Morales. Ganadora del Premio Salvador Senent \" class=\"wp-image-9828\" srcset=\"https:\/\/rinconeducativo.org\/wp-content\/uploads\/2019\/09\/presentacion_trabajo_ganador_premio_salvador_senent_en_jornadas_foro_nuclear-500x333.jpg 500w, https:\/\/rinconeducativo.org\/wp-content\/uploads\/2019\/09\/presentacion_trabajo_ganador_premio_salvador_senent_en_jornadas_foro_nuclear-1200x798.jpg 1200w, https:\/\/rinconeducativo.org\/wp-content\/uploads\/2019\/09\/presentacion_trabajo_ganador_premio_salvador_senent_en_jornadas_foro_nuclear-768x511.jpg 768w, https:\/\/rinconeducativo.org\/wp-content\/uploads\/2019\/09\/presentacion_trabajo_ganador_premio_salvador_senent_en_jornadas_foro_nuclear-1536x1022.jpg 1536w, https:\/\/rinconeducativo.org\/wp-content\/uploads\/2019\/09\/presentacion_trabajo_ganador_premio_salvador_senent_en_jornadas_foro_nuclear-2048x1363.jpg 2048w, https:\/\/rinconeducativo.org\/wp-content\/uploads\/2019\/09\/presentacion_trabajo_ganador_premio_salvador_senent_en_jornadas_foro_nuclear-scaled.jpg 2560w\" sizes=\"auto, (max-width: 500px) 100vw, 500px\" \/><\/a><figcaption>Ana Isabel Morales. Ganadora del Premio Salvador Senent <\/figcaption><\/figure>\n\n\n\n<figure class=\"wp-block-image size-medium\"><a href=\"https:\/\/wp2.rinconeducativo.org\/wp-content\/uploads\/2019\/09\/dsc5042-scaled.jpg\"><img loading=\"lazy\" decoding=\"async\" width=\"500\" height=\"333\" data-id=\"9829\" src=\"https:\/\/wp2.rinconeducativo.org\/wp-content\/uploads\/2019\/09\/dsc5042-500x333.jpg\" alt=\"Peter Fraser. Jefe de la Divisi\u00f3n de Gas, Carb\u00f3n y Mercados El\u00e9ctricos de la Agencia Internacional de Energ\u00eda de la OCDE. \" class=\"wp-image-9829\" srcset=\"https:\/\/rinconeducativo.org\/wp-content\/uploads\/2019\/09\/dsc5042-500x333.jpg 500w, https:\/\/rinconeducativo.org\/wp-content\/uploads\/2019\/09\/dsc5042-1200x798.jpg 1200w, https:\/\/rinconeducativo.org\/wp-content\/uploads\/2019\/09\/dsc5042-768x511.jpg 768w, https:\/\/rinconeducativo.org\/wp-content\/uploads\/2019\/09\/dsc5042-1536x1022.jpg 1536w, https:\/\/rinconeducativo.org\/wp-content\/uploads\/2019\/09\/dsc5042-2048x1363.jpg 2048w, https:\/\/rinconeducativo.org\/wp-content\/uploads\/2019\/09\/dsc5042-scaled.jpg 2560w\" sizes=\"auto, (max-width: 500px) 100vw, 500px\" \/><\/a><figcaption>Peter Fraser. Jefe de la Divisi\u00f3n de Gas, Carb\u00f3n y Mercados El\u00e9ctricos de la Agencia Internacional de Energ\u00eda de la OCDE. <\/figcaption><\/figure>\n\n\n\n<figure class=\"wp-block-image size-medium\"><a href=\"https:\/\/wp2.rinconeducativo.org\/wp-content\/uploads\/2019\/09\/dsc4881-scaled.jpg\"><img loading=\"lazy\" decoding=\"async\" width=\"500\" height=\"333\" data-id=\"9830\" src=\"https:\/\/wp2.rinconeducativo.org\/wp-content\/uploads\/2019\/09\/dsc4881-500x333.jpg\" alt=\"Carlos Alejaldre. Director General de Ciemat. \" class=\"wp-image-9830\" srcset=\"https:\/\/rinconeducativo.org\/wp-content\/uploads\/2019\/09\/dsc4881-500x333.jpg 500w, https:\/\/rinconeducativo.org\/wp-content\/uploads\/2019\/09\/dsc4881-1200x798.jpg 1200w, https:\/\/rinconeducativo.org\/wp-content\/uploads\/2019\/09\/dsc4881-768x511.jpg 768w, https:\/\/rinconeducativo.org\/wp-content\/uploads\/2019\/09\/dsc4881-1536x1022.jpg 1536w, https:\/\/rinconeducativo.org\/wp-content\/uploads\/2019\/09\/dsc4881-2048x1363.jpg 2048w, https:\/\/rinconeducativo.org\/wp-content\/uploads\/2019\/09\/dsc4881-scaled.jpg 2560w\" sizes=\"auto, (max-width: 500px) 100vw, 500px\" \/><\/a><figcaption>Carlos Alejaldre. Director General de Ciemat. <\/figcaption><\/figure>\n\n\n\n<figure class=\"wp-block-image size-medium\"><a href=\"https:\/\/wp2.rinconeducativo.org\/wp-content\/uploads\/2019\/09\/dsc5249-scaled.jpg\"><img loading=\"lazy\" decoding=\"async\" width=\"500\" height=\"333\" data-id=\"9831\" src=\"https:\/\/wp2.rinconeducativo.org\/wp-content\/uploads\/2019\/09\/dsc5249-500x333.jpg\" alt=\"Gonzalo Jim\u00e9nez. Profesor Contratado Doctor del Dpto de Ingenier\u00eda Energ\u00e9tica de la UPM\" class=\"wp-image-9831\" srcset=\"https:\/\/rinconeducativo.org\/wp-content\/uploads\/2019\/09\/dsc5249-500x333.jpg 500w, https:\/\/rinconeducativo.org\/wp-content\/uploads\/2019\/09\/dsc5249-1200x798.jpg 1200w, https:\/\/rinconeducativo.org\/wp-content\/uploads\/2019\/09\/dsc5249-768x511.jpg 768w, https:\/\/rinconeducativo.org\/wp-content\/uploads\/2019\/09\/dsc5249-1536x1022.jpg 1536w, https:\/\/rinconeducativo.org\/wp-content\/uploads\/2019\/09\/dsc5249-2048x1363.jpg 2048w, https:\/\/rinconeducativo.org\/wp-content\/uploads\/2019\/09\/dsc5249-scaled.jpg 2560w\" sizes=\"auto, (max-width: 500px) 100vw, 500px\" \/><\/a><figcaption>Gonzalo Jim\u00e9nez. Profesor Contratado Doctor del Dpto de Ingenier\u00eda Energ\u00e9tica de la UPM<\/figcaption><\/figure>\n\n\n\n<figure class=\"wp-block-image size-medium\"><a href=\"https:\/\/wp2.rinconeducativo.org\/wp-content\/uploads\/2019\/09\/dsc5234-scaled.jpg\"><img loading=\"lazy\" decoding=\"async\" width=\"500\" height=\"425\" data-id=\"9832\" src=\"https:\/\/wp2.rinconeducativo.org\/wp-content\/uploads\/2019\/09\/dsc5234-500x425.jpg\" alt=\"Antonio Gonz\u00e1lez. Director de Estudios y Apoyo T\u00e9cnico del Foro Nuclear\" class=\"wp-image-9832\" srcset=\"https:\/\/rinconeducativo.org\/wp-content\/uploads\/2019\/09\/dsc5234-500x425.jpg 500w, https:\/\/rinconeducativo.org\/wp-content\/uploads\/2019\/09\/dsc5234-1200x1020.jpg 1200w, https:\/\/rinconeducativo.org\/wp-content\/uploads\/2019\/09\/dsc5234-768x653.jpg 768w, https:\/\/rinconeducativo.org\/wp-content\/uploads\/2019\/09\/dsc5234-1536x1306.jpg 1536w, https:\/\/rinconeducativo.org\/wp-content\/uploads\/2019\/09\/dsc5234-2048x1742.jpg 2048w, https:\/\/rinconeducativo.org\/wp-content\/uploads\/2019\/09\/dsc5234-scaled.jpg 2560w\" sizes=\"auto, (max-width: 500px) 100vw, 500px\" \/><\/a><figcaption>Antonio Gonz\u00e1lez. Director de Estudios y Apoyo T\u00e9cnico del Foro Nuclear<\/figcaption><\/figure>\n\n\n\n<figure class=\"wp-block-image size-medium\"><a href=\"https:\/\/wp2.rinconeducativo.org\/wp-content\/uploads\/2019\/09\/dsc5453-scaled.jpg\"><img loading=\"lazy\" decoding=\"async\" width=\"500\" height=\"333\" data-id=\"9833\" src=\"https:\/\/wp2.rinconeducativo.org\/wp-content\/uploads\/2019\/09\/dsc5453-500x333.jpg\" alt=\"Lorenzo Francia. Jefe de Tecnolog\u00eda del Foro Nuclear\" class=\"wp-image-9833\" srcset=\"https:\/\/rinconeducativo.org\/wp-content\/uploads\/2019\/09\/dsc5453-500x333.jpg 500w, https:\/\/rinconeducativo.org\/wp-content\/uploads\/2019\/09\/dsc5453-scaled.jpg 2560w\" sizes=\"auto, (max-width: 500px) 100vw, 500px\" \/><\/a><figcaption>Lorenzo Francia. Jefe de Tecnolog\u00eda del Foro Nuclear<\/figcaption><\/figure>\n\n\n\n<figure class=\"wp-block-image size-medium\"><a href=\"https:\/\/wp2.rinconeducativo.org\/wp-content\/uploads\/2019\/09\/dsc5461.jpg\"><img loading=\"lazy\" decoding=\"async\" width=\"500\" height=\"333\" data-id=\"16921\" src=\"https:\/\/wp2.rinconeducativo.org\/wp-content\/uploads\/2019\/09\/dsc5461-500x333.jpg\" alt=\"Manuel Perlado. Director del Instituto de Fusi\u00f3n y de la C\u00e1tedra Guillermo Velarde\" class=\"wp-image-16921\" srcset=\"https:\/\/rinconeducativo.org\/wp-content\/uploads\/2019\/09\/dsc5461-500x333.jpg 500w, https:\/\/rinconeducativo.org\/wp-content\/uploads\/2019\/09\/dsc5461-768x511.jpg 768w, https:\/\/rinconeducativo.org\/wp-content\/uploads\/2019\/09\/dsc5461.jpg 1024w\" sizes=\"auto, (max-width: 500px) 100vw, 500px\" \/><\/a><figcaption>Manuel Perlado. Director del Instituto de Fusi\u00f3n y de la C\u00e1tedra Guillermo Velarde<\/figcaption><\/figure>\n\n\n\n<figure class=\"wp-block-image size-medium\"><a href=\"https:\/\/wp2.rinconeducativo.org\/wp-content\/uploads\/2019\/09\/dsc5577.jpg\"><img loading=\"lazy\" decoding=\"async\" width=\"500\" height=\"333\" data-id=\"16923\" src=\"https:\/\/wp2.rinconeducativo.org\/wp-content\/uploads\/2019\/09\/dsc5577-500x333.jpg\" alt=\"Gabriel Pinto Ca\u00f1\u00f3n. Presidente Grupo Especializado - Did\u00e1ctica e Historia de la F\u00edsica y la Qu\u00edmica\" class=\"wp-image-16923\" srcset=\"https:\/\/rinconeducativo.org\/wp-content\/uploads\/2019\/09\/dsc5577-500x333.jpg 500w, https:\/\/rinconeducativo.org\/wp-content\/uploads\/2019\/09\/dsc5577-768x511.jpg 768w, https:\/\/rinconeducativo.org\/wp-content\/uploads\/2019\/09\/dsc5577.jpg 1024w\" sizes=\"auto, (max-width: 500px) 100vw, 500px\" \/><\/a><figcaption>Gabriel Pinto Ca\u00f1\u00f3n. Presidente Grupo Especializado - Did\u00e1ctica e Historia de la F\u00edsica y la Qu\u00edmica<\/figcaption><\/figure>\n\n\n\n<figure class=\"wp-block-image size-medium\"><a href=\"https:\/\/wp2.rinconeducativo.org\/wp-content\/uploads\/2019\/09\/dsc5580.jpg\"><img loading=\"lazy\" decoding=\"async\" width=\"356\" height=\"500\" data-id=\"16927\" src=\"https:\/\/wp2.rinconeducativo.org\/wp-content\/uploads\/2019\/09\/dsc5580-356x500.jpg\" alt=\"Anabel Morales. Ganadora del Premio Salvador Senent de Did\u00e1ctica de la Qu\u00edmica 2019\" class=\"wp-image-16927\" srcset=\"https:\/\/rinconeducativo.org\/wp-content\/uploads\/2019\/09\/dsc5580-356x500.jpg 356w, https:\/\/rinconeducativo.org\/wp-content\/uploads\/2019\/09\/dsc5580.jpg 730w\" sizes=\"auto, (max-width: 356px) 100vw, 356px\" \/><\/a><figcaption>Anabel Morales. Ganadora del Premio Salvador Senent de Did\u00e1ctica de la Qu\u00edmica 2019<\/figcaption><\/figure>\n\n\n\n<figure class=\"wp-block-image size-medium\"><a href=\"https:\/\/wp2.rinconeducativo.org\/wp-content\/uploads\/2019\/09\/dsc5168.jpg\"><img loading=\"lazy\" decoding=\"async\" width=\"500\" height=\"333\" data-id=\"16925\" src=\"https:\/\/wp2.rinconeducativo.org\/wp-content\/uploads\/2019\/09\/dsc5168-500x333.jpg\" alt=\"Pilar S\u00e1nchez. Directora de Formaci\u00f3n de Foro Nuclear.\" class=\"wp-image-16925\" srcset=\"https:\/\/rinconeducativo.org\/wp-content\/uploads\/2019\/09\/dsc5168-500x333.jpg 500w, https:\/\/rinconeducativo.org\/wp-content\/uploads\/2019\/09\/dsc5168-768x511.jpg 768w, https:\/\/rinconeducativo.org\/wp-content\/uploads\/2019\/09\/dsc5168.jpg 1024w\" sizes=\"auto, (max-width: 500px) 100vw, 500px\" \/><\/a><figcaption>Pilar S\u00e1nchez. Directora de Formaci\u00f3n de Foro Nuclear.<\/figcaption><\/figure>\n<\/figure>\n","protected":false},"excerpt":{"rendered":"","protected":false},"author":1,"featured_media":9820,"template":"","meta":{"_acf_changed":false},"tags":[],"jornadas_edicion":[7048],"jornadas_tipo":[7052],"clasificacion_anterior":[],"class_list":["post-9821","re_jornada","type-re_jornada","status-publish","has-post-thumbnail","hentry","jornadas_edicion-2019-madrid-energia-nuclear-fuente-fundamental-en-transicion-energetica","jornadas_tipo-fotogalerias"],"acf":[],"yoast_head":"<!-- This site is optimized with the Yoast SEO plugin v26.8 - https:\/\/yoast.com\/product\/yoast-seo-wordpress\/ -->\n<title>Fotogaler\u00eda Jornadas sobre Energ\u00eda y Educaci\u00f3n Madrid 2019 - Rinc\u00f3n educativo<\/title>\n<meta name=\"robots\" content=\"index, follow, max-snippet:-1, max-image-preview:large, max-video-preview:-1\" \/>\n<link rel=\"canonical\" href=\"https:\/\/rinconeducativo.org\/en\/jornadas\/fotogaleria-jornadas-sobre-energia-y-educacion-madrid-2019\/\" \/>\n<meta property=\"og:locale\" content=\"es_ES\" \/>\n<meta property=\"og:type\" content=\"article\" \/>\n<meta property=\"og:title\" content=\"Fotogaler\u00eda Jornadas sobre Energ\u00eda y Educaci\u00f3n Madrid 2019 - Rinc\u00f3n educativo\" \/>\n<meta property=\"og:url\" content=\"https:\/\/rinconeducativo.org\/en\/jornadas\/fotogaleria-jornadas-sobre-energia-y-educacion-madrid-2019\/\" \/>\n<meta property=\"og:site_name\" content=\"Rinc\u00f3n educativo\" \/>\n<meta property=\"article:modified_time\" content=\"2022-08-25T10:02:44+00:00\" \/>\n<meta property=\"og:image\" content=\"https:\/\/rinconeducativo.org\/wp-content\/uploads\/2019\/09\/asistentes_jornadas_foro_nuclear_2-scaled.jpg\" \/>\n\t<meta property=\"og:image:width\" content=\"2560\" \/>\n\t<meta property=\"og:image:height\" content=\"1703\" \/>\n\t<meta property=\"og:image:type\" content=\"image\/jpeg\" \/>\n<meta name=\"twitter:card\" content=\"summary_large_image\" \/>\n<script type=\"application\/ld+json\" class=\"yoast-schema-graph\">{\"@context\":\"https:\/\/schema.org\",\"@graph\":[{\"@type\":\"WebPage\",\"@id\":\"https:\/\/rinconeducativo.org\/en\/jornadas\/fotogaleria-jornadas-sobre-energia-y-educacion-madrid-2019\/\",\"url\":\"https:\/\/rinconeducativo.org\/en\/jornadas\/fotogaleria-jornadas-sobre-energia-y-educacion-madrid-2019\/\",\"name\":\"Fotogaler\u00eda Jornadas sobre Energ\u00eda y Educaci\u00f3n Madrid 2019 - Rinc\u00f3n educativo\",\"isPartOf\":{\"@id\":\"https:\/\/rinconeducativo.org\/es\/#website\"},\"primaryImageOfPage\":{\"@id\":\"https:\/\/rinconeducativo.org\/en\/jornadas\/fotogaleria-jornadas-sobre-energia-y-educacion-madrid-2019\/#primaryimage\"},\"image\":{\"@id\":\"https:\/\/rinconeducativo.org\/en\/jornadas\/fotogaleria-jornadas-sobre-energia-y-educacion-madrid-2019\/#primaryimage\"},\"thumbnailUrl\":\"https:\/\/rinconeducativo.org\/wp-content\/uploads\/2019\/09\/asistentes_jornadas_foro_nuclear_2-scaled.jpg\",\"datePublished\":\"2019-09-16T13:02:18+00:00\",\"dateModified\":\"2022-08-25T10:02:44+00:00\",\"breadcrumb\":{\"@id\":\"https:\/\/rinconeducativo.org\/en\/jornadas\/fotogaleria-jornadas-sobre-energia-y-educacion-madrid-2019\/#breadcrumb\"},\"inLanguage\":\"es\",\"potentialAction\":[{\"@type\":\"ReadAction\",\"target\":[\"https:\/\/rinconeducativo.org\/en\/jornadas\/fotogaleria-jornadas-sobre-energia-y-educacion-madrid-2019\/\"]}]},{\"@type\":\"ImageObject\",\"inLanguage\":\"es\",\"@id\":\"https:\/\/rinconeducativo.org\/en\/jornadas\/fotogaleria-jornadas-sobre-energia-y-educacion-madrid-2019\/#primaryimage\",\"url\":\"https:\/\/rinconeducativo.org\/wp-content\/uploads\/2019\/09\/asistentes_jornadas_foro_nuclear_2-scaled.jpg\",\"contentUrl\":\"https:\/\/rinconeducativo.org\/wp-content\/uploads\/2019\/09\/asistentes_jornadas_foro_nuclear_2-scaled.jpg\",\"width\":2560,\"height\":1703,\"caption\":\"asistentes_jornadas_foro_nuclear_2\"},{\"@type\":\"BreadcrumbList\",\"@id\":\"https:\/\/rinconeducativo.org\/en\/jornadas\/fotogaleria-jornadas-sobre-energia-y-educacion-madrid-2019\/#breadcrumb\",\"itemListElement\":[{\"@type\":\"ListItem\",\"position\":1,\"name\":\"Portada\",\"item\":\"https:\/\/rinconeducativo.org\/es\/\"},{\"@type\":\"ListItem\",\"position\":2,\"name\":\"Conferences\",\"item\":\"https:\/\/rinconeducativo.org\/en\/jornadas-en\/\"},{\"@type\":\"ListItem\",\"position\":3,\"name\":\"Fotogaler\u00eda Jornadas sobre Energ\u00eda y Educaci\u00f3n Madrid 2019\"}]},{\"@type\":\"WebSite\",\"@id\":\"https:\/\/rinconeducativo.org\/es\/#website\",\"url\":\"https:\/\/rinconeducativo.org\/es\/\",\"name\":\"Rinc\u00f3n educativo\",\"description\":\"Un proyecto del Foro Nuclear\",\"potentialAction\":[{\"@type\":\"SearchAction\",\"target\":{\"@type\":\"EntryPoint\",\"urlTemplate\":\"https:\/\/rinconeducativo.org\/es\/?s={search_term_string}\"},\"query-input\":{\"@type\":\"PropertyValueSpecification\",\"valueRequired\":true,\"valueName\":\"search_term_string\"}}],\"inLanguage\":\"es\"}]}<\/script>\n<!-- \/ Yoast SEO plugin. -->","yoast_head_json":{"title":"Fotogaler\u00eda Jornadas sobre Energ\u00eda y Educaci\u00f3n Madrid 2019 - Rinc\u00f3n educativo","robots":{"index":"index","follow":"follow","max-snippet":"max-snippet:-1","max-image-preview":"max-image-preview:large","max-video-preview":"max-video-preview:-1"},"canonical":"https:\/\/rinconeducativo.org\/en\/jornadas\/fotogaleria-jornadas-sobre-energia-y-educacion-madrid-2019\/","og_locale":"es_ES","og_type":"article","og_title":"Fotogaler\u00eda Jornadas sobre Energ\u00eda y Educaci\u00f3n Madrid 2019 - Rinc\u00f3n educativo","og_url":"https:\/\/rinconeducativo.org\/en\/jornadas\/fotogaleria-jornadas-sobre-energia-y-educacion-madrid-2019\/","og_site_name":"Rinc\u00f3n educativo","article_modified_time":"2022-08-25T10:02:44+00:00","og_image":[{"width":2560,"height":1703,"url":"https:\/\/rinconeducativo.org\/wp-content\/uploads\/2019\/09\/asistentes_jornadas_foro_nuclear_2-scaled.jpg","type":"image\/jpeg"}],"twitter_card":"summary_large_image","schema":{"@context":"https:\/\/schema.org","@graph":[{"@type":"WebPage","@id":"https:\/\/rinconeducativo.org\/en\/jornadas\/fotogaleria-jornadas-sobre-energia-y-educacion-madrid-2019\/","url":"https:\/\/rinconeducativo.org\/en\/jornadas\/fotogaleria-jornadas-sobre-energia-y-educacion-madrid-2019\/","name":"Fotogaler\u00eda Jornadas sobre Energ\u00eda y Educaci\u00f3n Madrid 2019 - Rinc\u00f3n educativo","isPartOf":{"@id":"https:\/\/rinconeducativo.org\/es\/#website"},"primaryImageOfPage":{"@id":"https:\/\/rinconeducativo.org\/en\/jornadas\/fotogaleria-jornadas-sobre-energia-y-educacion-madrid-2019\/#primaryimage"},"image":{"@id":"https:\/\/rinconeducativo.org\/en\/jornadas\/fotogaleria-jornadas-sobre-energia-y-educacion-madrid-2019\/#primaryimage"},"thumbnailUrl":"https:\/\/rinconeducativo.org\/wp-content\/uploads\/2019\/09\/asistentes_jornadas_foro_nuclear_2-scaled.jpg","datePublished":"2019-09-16T13:02:18+00:00","dateModified":"2022-08-25T10:02:44+00:00","breadcrumb":{"@id":"https:\/\/rinconeducativo.org\/en\/jornadas\/fotogaleria-jornadas-sobre-energia-y-educacion-madrid-2019\/#breadcrumb"},"inLanguage":"es","potentialAction":[{"@type":"ReadAction","target":["https:\/\/rinconeducativo.org\/en\/jornadas\/fotogaleria-jornadas-sobre-energia-y-educacion-madrid-2019\/"]}]},{"@type":"ImageObject","inLanguage":"es","@id":"https:\/\/rinconeducativo.org\/en\/jornadas\/fotogaleria-jornadas-sobre-energia-y-educacion-madrid-2019\/#primaryimage","url":"https:\/\/rinconeducativo.org\/wp-content\/uploads\/2019\/09\/asistentes_jornadas_foro_nuclear_2-scaled.jpg","contentUrl":"https:\/\/rinconeducativo.org\/wp-content\/uploads\/2019\/09\/asistentes_jornadas_foro_nuclear_2-scaled.jpg","width":2560,"height":1703,"caption":"asistentes_jornadas_foro_nuclear_2"},{"@type":"BreadcrumbList","@id":"https:\/\/rinconeducativo.org\/en\/jornadas\/fotogaleria-jornadas-sobre-energia-y-educacion-madrid-2019\/#breadcrumb","itemListElement":[{"@type":"ListItem","position":1,"name":"Portada","item":"https:\/\/rinconeducativo.org\/es\/"},{"@type":"ListItem","position":2,"name":"Conferences","item":"https:\/\/rinconeducativo.org\/en\/jornadas-en\/"},{"@type":"ListItem","position":3,"name":"Fotogaler\u00eda Jornadas sobre Energ\u00eda y Educaci\u00f3n Madrid 2019"}]},{"@type":"WebSite","@id":"https:\/\/rinconeducativo.org\/es\/#website","url":"https:\/\/rinconeducativo.org\/es\/","name":"Rinc\u00f3n educativo","description":"Un proyecto del Foro Nuclear","potentialAction":[{"@type":"SearchAction","target":{"@type":"EntryPoint","urlTemplate":"https:\/\/rinconeducativo.org\/es\/?s={search_term_string}"},"query-input":{"@type":"PropertyValueSpecification","valueRequired":true,"valueName":"search_term_string"}}],"inLanguage":"es"}]}},"_links":{"self":[{"href":"https:\/\/rinconeducativo.org\/es\/wp-json\/wp\/v2\/re_jornada\/9821","targetHints":{"allow":["GET"]}}],"collection":[{"href":"https:\/\/rinconeducativo.org\/es\/wp-json\/wp\/v2\/re_jornada"}],"about":[{"href":"https:\/\/rinconeducativo.org\/es\/wp-json\/wp\/v2\/types\/re_jornada"}],"author":[{"embeddable":true,"href":"https:\/\/rinconeducativo.org\/es\/wp-json\/wp\/v2\/users\/1"}],"wp:featuredmedia":[{"embeddable":true,"href":"https:\/\/rinconeducativo.org\/es\/wp-json\/wp\/v2\/media\/9820"}],"wp:attachment":[{"href":"https:\/\/rinconeducativo.org\/es\/wp-json\/wp\/v2\/media?parent=9821"}],"wp:term":[{"taxonomy":"post_tag","embeddable":true,"href":"https:\/\/rinconeducativo.org\/es\/wp-json\/wp\/v2\/tags?post=9821"},{"taxonomy":"jornadas_edicion","embeddable":true,"href":"https:\/\/rinconeducativo.org\/es\/wp-json\/wp\/v2\/jornadas_edicion?post=9821"},{"taxonomy":"jornadas_tipo","embeddable":true,"href":"https:\/\/rinconeducativo.org\/es\/wp-json\/wp\/v2\/jornadas_tipo?post=9821"},{"taxonomy":"clasificacion_anterior","embeddable":true,"href":"https:\/\/rinconeducativo.org\/es\/wp-json\/wp\/v2\/clasificacion_anterior?post=9821"}],"curies":[{"name":"wp","href":"https:\/\/api.w.org\/{rel}","templated":true}]}}