{"id":9782,"date":"2019-07-04T07:53:51","date_gmt":"2019-07-04T07:53:51","guid":{"rendered":"https:\/\/wp.rinconeducativo.org\/?jornadas=fotogaleria-jornadas-sobre-energia-y-educacion-cataluna-2019"},"modified":"2022-08-25T15:09:14","modified_gmt":"2022-08-25T13:09:14","slug":"fotogaleria-jornadas-sobre-energia-y-educacion-cataluna-2019","status":"publish","type":"re_jornada","link":"https:\/\/rinconeducativo.org\/es\/jornadas\/fotogaleria-jornadas-sobre-energia-y-educacion-cataluna-2019\/","title":{"rendered":"Fotogaler\u00eda Jornadas sobre Energ\u00eda y Educaci\u00f3n Catalu\u00f1a 2019"},"content":{"rendered":"\n<figure class=\"wp-block-gallery has-nested-images columns-default is-cropped wp-block-gallery-1 is-layout-flex wp-block-gallery-is-layout-flex\">\n<figure class=\"wp-block-image size-large\"><img loading=\"lazy\" decoding=\"async\" width=\"2560\" height=\"1707\" data-id=\"9783\" src=\"https:\/\/wp2.rinconeducativo.org\/wp-content\/uploads\/2019\/07\/jornadas_bcn_2-scaled.jpg\" alt=\"Ignacio Araluce, Presidente del Foro Nuclear\" class=\"wp-image-9783\" srcset=\"https:\/\/rinconeducativo.org\/wp-content\/uploads\/2019\/07\/jornadas_bcn_2-scaled.jpg 2560w, https:\/\/rinconeducativo.org\/wp-content\/uploads\/2019\/07\/jornadas_bcn_2-500x333.jpg 500w, https:\/\/rinconeducativo.org\/wp-content\/uploads\/2019\/07\/jornadas_bcn_2-1200x800.jpg 1200w, https:\/\/rinconeducativo.org\/wp-content\/uploads\/2019\/07\/jornadas_bcn_2-768x512.jpg 768w, https:\/\/rinconeducativo.org\/wp-content\/uploads\/2019\/07\/jornadas_bcn_2-1536x1024.jpg 1536w, https:\/\/rinconeducativo.org\/wp-content\/uploads\/2019\/07\/jornadas_bcn_2-2048x1365.jpg 2048w\" sizes=\"auto, (max-width: 2560px) 100vw, 2560px\" \/><figcaption>Ignacio Araluce, Presidente del Foro Nuclear<\/figcaption><\/figure>\n\n\n\n<figure class=\"wp-block-image size-large\"><img loading=\"lazy\" decoding=\"async\" width=\"2560\" height=\"1663\" data-id=\"9784\" src=\"https:\/\/wp2.rinconeducativo.org\/wp-content\/uploads\/2019\/07\/jornadas_bcn_inauguracion-scaled.jpg\" alt=\"Isabel Buesa, Directora de ENDESA Catalu\u00f1a\" class=\"wp-image-9784\" srcset=\"https:\/\/rinconeducativo.org\/wp-content\/uploads\/2019\/07\/jornadas_bcn_inauguracion-scaled.jpg 2560w, https:\/\/rinconeducativo.org\/wp-content\/uploads\/2019\/07\/jornadas_bcn_inauguracion-500x325.jpg 500w, https:\/\/rinconeducativo.org\/wp-content\/uploads\/2019\/07\/jornadas_bcn_inauguracion-1200x780.jpg 1200w, https:\/\/rinconeducativo.org\/wp-content\/uploads\/2019\/07\/jornadas_bcn_inauguracion-768x499.jpg 768w, https:\/\/rinconeducativo.org\/wp-content\/uploads\/2019\/07\/jornadas_bcn_inauguracion-1536x998.jpg 1536w, https:\/\/rinconeducativo.org\/wp-content\/uploads\/2019\/07\/jornadas_bcn_inauguracion-2048x1331.jpg 2048w\" sizes=\"auto, (max-width: 2560px) 100vw, 2560px\" \/><figcaption>Isabel Buesa, Directora de ENDESA Catalu\u00f1a<\/figcaption><\/figure>\n\n\n\n<figure class=\"wp-block-image size-large\"><img loading=\"lazy\" decoding=\"async\" width=\"2560\" height=\"1707\" data-id=\"9785\" src=\"https:\/\/wp2.rinconeducativo.org\/wp-content\/uploads\/2019\/07\/jornadas_foro_nuclear_bcn_3-scaled.jpg\" alt=\"Atte Harjane, Parlamentario del Grupo Verde en Finlandia\" class=\"wp-image-9785\" srcset=\"https:\/\/rinconeducativo.org\/wp-content\/uploads\/2019\/07\/jornadas_foro_nuclear_bcn_3-scaled.jpg 2560w, https:\/\/rinconeducativo.org\/wp-content\/uploads\/2019\/07\/jornadas_foro_nuclear_bcn_3-500x333.jpg 500w, https:\/\/rinconeducativo.org\/wp-content\/uploads\/2019\/07\/jornadas_foro_nuclear_bcn_3-1200x800.jpg 1200w, https:\/\/rinconeducativo.org\/wp-content\/uploads\/2019\/07\/jornadas_foro_nuclear_bcn_3-768x512.jpg 768w, https:\/\/rinconeducativo.org\/wp-content\/uploads\/2019\/07\/jornadas_foro_nuclear_bcn_3-1536x1024.jpg 1536w, https:\/\/rinconeducativo.org\/wp-content\/uploads\/2019\/07\/jornadas_foro_nuclear_bcn_3-2048x1365.jpg 2048w\" sizes=\"auto, (max-width: 2560px) 100vw, 2560px\" \/><figcaption>Atte Harjane, Parlamentario del Grupo Verde en Finlandia<\/figcaption><\/figure>\n\n\n\n<figure class=\"wp-block-image size-large\"><img loading=\"lazy\" decoding=\"async\" width=\"2560\" height=\"1707\" data-id=\"9786\" src=\"https:\/\/wp2.rinconeducativo.org\/wp-content\/uploads\/2019\/07\/jornadas_foro_nuclear_bcn_4-scaled.jpg\" alt=\"Atte Harjane, Parlamentario del Grupo Verde en Finlandia\" class=\"wp-image-9786\" srcset=\"https:\/\/rinconeducativo.org\/wp-content\/uploads\/2019\/07\/jornadas_foro_nuclear_bcn_4-scaled.jpg 2560w, https:\/\/rinconeducativo.org\/wp-content\/uploads\/2019\/07\/jornadas_foro_nuclear_bcn_4-500x333.jpg 500w, https:\/\/rinconeducativo.org\/wp-content\/uploads\/2019\/07\/jornadas_foro_nuclear_bcn_4-1200x800.jpg 1200w, https:\/\/rinconeducativo.org\/wp-content\/uploads\/2019\/07\/jornadas_foro_nuclear_bcn_4-768x512.jpg 768w, https:\/\/rinconeducativo.org\/wp-content\/uploads\/2019\/07\/jornadas_foro_nuclear_bcn_4-1536x1024.jpg 1536w, https:\/\/rinconeducativo.org\/wp-content\/uploads\/2019\/07\/jornadas_foro_nuclear_bcn_4-2048x1365.jpg 2048w\" sizes=\"auto, (max-width: 2560px) 100vw, 2560px\" \/><figcaption>Atte Harjane, Parlamentario del Grupo Verde en Finlandia<\/figcaption><\/figure>\n\n\n\n<figure class=\"wp-block-image size-large\"><img loading=\"lazy\" decoding=\"async\" width=\"2560\" height=\"1707\" data-id=\"9781\" src=\"https:\/\/wp2.rinconeducativo.org\/wp-content\/uploads\/2019\/07\/jornadas_foro_nuclear_en_bcn_1_0-scaled.jpg\" alt=\"Jornadas Foro Nuclear en BCN\" class=\"wp-image-9781\" srcset=\"https:\/\/rinconeducativo.org\/wp-content\/uploads\/2019\/07\/jornadas_foro_nuclear_en_bcn_1_0-scaled.jpg 2560w, https:\/\/rinconeducativo.org\/wp-content\/uploads\/2019\/07\/jornadas_foro_nuclear_en_bcn_1_0-500x333.jpg 500w, https:\/\/rinconeducativo.org\/wp-content\/uploads\/2019\/07\/jornadas_foro_nuclear_en_bcn_1_0-1200x800.jpg 1200w, https:\/\/rinconeducativo.org\/wp-content\/uploads\/2019\/07\/jornadas_foro_nuclear_en_bcn_1_0-768x512.jpg 768w, https:\/\/rinconeducativo.org\/wp-content\/uploads\/2019\/07\/jornadas_foro_nuclear_en_bcn_1_0-1536x1024.jpg 1536w, https:\/\/rinconeducativo.org\/wp-content\/uploads\/2019\/07\/jornadas_foro_nuclear_en_bcn_1_0-2048x1365.jpg 2048w\" sizes=\"auto, (max-width: 2560px) 100vw, 2560px\" \/><figcaption>Jornadas Foro Nuclear en BCN<\/figcaption><\/figure>\n\n\n\n<figure class=\"wp-block-image size-large\"><img loading=\"lazy\" decoding=\"async\" width=\"2560\" height=\"1995\" data-id=\"9788\" src=\"https:\/\/wp2.rinconeducativo.org\/wp-content\/uploads\/2019\/07\/20190702150452_img_5303-scaled.jpg\" alt=\"Arturo de las Heras, Economista, Consultor ambiental y energ\u00e9tico. Colaborador de la Fundaci\u00f3n Empresa y Clima\" class=\"wp-image-9788\" srcset=\"https:\/\/rinconeducativo.org\/wp-content\/uploads\/2019\/07\/20190702150452_img_5303-scaled.jpg 2560w, https:\/\/rinconeducativo.org\/wp-content\/uploads\/2019\/07\/20190702150452_img_5303-500x390.jpg 500w, https:\/\/rinconeducativo.org\/wp-content\/uploads\/2019\/07\/20190702150452_img_5303-1200x935.jpg 1200w, https:\/\/rinconeducativo.org\/wp-content\/uploads\/2019\/07\/20190702150452_img_5303-768x598.jpg 768w, https:\/\/rinconeducativo.org\/wp-content\/uploads\/2019\/07\/20190702150452_img_5303-1536x1197.jpg 1536w, https:\/\/rinconeducativo.org\/wp-content\/uploads\/2019\/07\/20190702150452_img_5303-2048x1596.jpg 2048w\" sizes=\"auto, (max-width: 2560px) 100vw, 2560px\" \/><figcaption>Arturo de las Heras, Economista, Consultor ambiental y energ\u00e9tico. Colaborador de la Fundaci\u00f3n Empresa y Clima<\/figcaption><\/figure>\n\n\n\n<figure class=\"wp-block-image size-large\"><img loading=\"lazy\" decoding=\"async\" width=\"2560\" height=\"1823\" data-id=\"9789\" src=\"https:\/\/wp2.rinconeducativo.org\/wp-content\/uploads\/2019\/07\/20190702102240_img_4611-scaled.jpg\" alt=\"Atte Harjane, Parlamentario del Grupo Verde en Finlandia\" class=\"wp-image-9789\" srcset=\"https:\/\/rinconeducativo.org\/wp-content\/uploads\/2019\/07\/20190702102240_img_4611-scaled.jpg 2560w, https:\/\/rinconeducativo.org\/wp-content\/uploads\/2019\/07\/20190702102240_img_4611-500x356.jpg 500w, https:\/\/rinconeducativo.org\/wp-content\/uploads\/2019\/07\/20190702102240_img_4611-1200x855.jpg 1200w, https:\/\/rinconeducativo.org\/wp-content\/uploads\/2019\/07\/20190702102240_img_4611-768x547.jpg 768w, https:\/\/rinconeducativo.org\/wp-content\/uploads\/2019\/07\/20190702102240_img_4611-1536x1094.jpg 1536w, https:\/\/rinconeducativo.org\/wp-content\/uploads\/2019\/07\/20190702102240_img_4611-2048x1459.jpg 2048w\" sizes=\"auto, (max-width: 2560px) 100vw, 2560px\" \/><figcaption>Atte Harjane, Parlamentario del Grupo Verde en Finlandia<\/figcaption><\/figure>\n\n\n\n<figure class=\"wp-block-image size-large\"><img loading=\"lazy\" decoding=\"async\" width=\"2560\" height=\"1738\" data-id=\"9790\" src=\"https:\/\/wp2.rinconeducativo.org\/wp-content\/uploads\/2019\/07\/20190702102300_img_4622-scaled.jpg\" alt=\"Atte Harjane, Parlamentario del Grupo Verde en Finlandia\" class=\"wp-image-9790\" srcset=\"https:\/\/rinconeducativo.org\/wp-content\/uploads\/2019\/07\/20190702102300_img_4622-scaled.jpg 2560w, https:\/\/rinconeducativo.org\/wp-content\/uploads\/2019\/07\/20190702102300_img_4622-500x339.jpg 500w, https:\/\/rinconeducativo.org\/wp-content\/uploads\/2019\/07\/20190702102300_img_4622-1200x815.jpg 1200w, https:\/\/rinconeducativo.org\/wp-content\/uploads\/2019\/07\/20190702102300_img_4622-768x521.jpg 768w, https:\/\/rinconeducativo.org\/wp-content\/uploads\/2019\/07\/20190702102300_img_4622-1536x1043.jpg 1536w, https:\/\/rinconeducativo.org\/wp-content\/uploads\/2019\/07\/20190702102300_img_4622-2048x1390.jpg 2048w\" sizes=\"auto, (max-width: 2560px) 100vw, 2560px\" \/><figcaption>Atte Harjane, Parlamentario del Grupo Verde en Finlandia<\/figcaption><\/figure>\n\n\n\n<figure class=\"wp-block-image size-large\"><img loading=\"lazy\" decoding=\"async\" width=\"2560\" height=\"1761\" data-id=\"9791\" src=\"https:\/\/wp2.rinconeducativo.org\/wp-content\/uploads\/2019\/07\/20190702112813_img_4860-scaled.jpg\" alt=\"Atte Harjane, Parlamentario del Grupo Verde en Finlandia\" class=\"wp-image-9791\" srcset=\"https:\/\/rinconeducativo.org\/wp-content\/uploads\/2019\/07\/20190702112813_img_4860-scaled.jpg 2560w, https:\/\/rinconeducativo.org\/wp-content\/uploads\/2019\/07\/20190702112813_img_4860-500x344.jpg 500w, https:\/\/rinconeducativo.org\/wp-content\/uploads\/2019\/07\/20190702112813_img_4860-1200x826.jpg 1200w, https:\/\/rinconeducativo.org\/wp-content\/uploads\/2019\/07\/20190702112813_img_4860-768x528.jpg 768w, https:\/\/rinconeducativo.org\/wp-content\/uploads\/2019\/07\/20190702112813_img_4860-1536x1057.jpg 1536w, https:\/\/rinconeducativo.org\/wp-content\/uploads\/2019\/07\/20190702112813_img_4860-2048x1409.jpg 2048w\" sizes=\"auto, (max-width: 2560px) 100vw, 2560px\" \/><figcaption>Atte Harjane, Parlamentario del Grupo Verde en Finlandia<\/figcaption><\/figure>\n\n\n\n<figure class=\"wp-block-image size-large\"><img loading=\"lazy\" decoding=\"async\" width=\"2560\" height=\"1730\" data-id=\"9792\" src=\"https:\/\/wp2.rinconeducativo.org\/wp-content\/uploads\/2019\/07\/20190702114425_img_4946-scaled.jpg\" alt=\"Sama Bilbao, Jefa de la Divisi\u00f3n de Tecnolog\u00eda Nuclear de la NEA\" class=\"wp-image-9792\" srcset=\"https:\/\/rinconeducativo.org\/wp-content\/uploads\/2019\/07\/20190702114425_img_4946-scaled.jpg 2560w, https:\/\/rinconeducativo.org\/wp-content\/uploads\/2019\/07\/20190702114425_img_4946-500x338.jpg 500w, https:\/\/rinconeducativo.org\/wp-content\/uploads\/2019\/07\/20190702114425_img_4946-1200x811.jpg 1200w, https:\/\/rinconeducativo.org\/wp-content\/uploads\/2019\/07\/20190702114425_img_4946-768x519.jpg 768w, https:\/\/rinconeducativo.org\/wp-content\/uploads\/2019\/07\/20190702114425_img_4946-1536x1038.jpg 1536w, https:\/\/rinconeducativo.org\/wp-content\/uploads\/2019\/07\/20190702114425_img_4946-2048x1384.jpg 2048w\" sizes=\"auto, (max-width: 2560px) 100vw, 2560px\" \/><figcaption>Sama Bilbao, Jefa de la Divisi\u00f3n de Tecnolog\u00eda Nuclear de la NEA<\/figcaption><\/figure>\n\n\n\n<figure class=\"wp-block-image size-large\"><img loading=\"lazy\" decoding=\"async\" width=\"2560\" height=\"1806\" data-id=\"9793\" src=\"https:\/\/wp2.rinconeducativo.org\/wp-content\/uploads\/2019\/07\/20190702090730_img_4053-scaled.jpg\" alt=\"Sama Bilbao, Jefa de la Divisi\u00f3n de Tecnolog\u00eda Nuclear de la NEA\" class=\"wp-image-9793\" srcset=\"https:\/\/rinconeducativo.org\/wp-content\/uploads\/2019\/07\/20190702090730_img_4053-scaled.jpg 2560w, https:\/\/rinconeducativo.org\/wp-content\/uploads\/2019\/07\/20190702090730_img_4053-500x353.jpg 500w, https:\/\/rinconeducativo.org\/wp-content\/uploads\/2019\/07\/20190702090730_img_4053-1200x847.jpg 1200w, https:\/\/rinconeducativo.org\/wp-content\/uploads\/2019\/07\/20190702090730_img_4053-768x542.jpg 768w, https:\/\/rinconeducativo.org\/wp-content\/uploads\/2019\/07\/20190702090730_img_4053-1536x1084.jpg 1536w, https:\/\/rinconeducativo.org\/wp-content\/uploads\/2019\/07\/20190702090730_img_4053-2048x1445.jpg 2048w\" sizes=\"auto, (max-width: 2560px) 100vw, 2560px\" \/><figcaption>Sama Bilbao, Jefa de la Divisi\u00f3n de Tecnolog\u00eda Nuclear de la NEA<\/figcaption><\/figure>\n\n\n\n<figure class=\"wp-block-image size-large\"><img loading=\"lazy\" decoding=\"async\" width=\"2560\" height=\"1744\" data-id=\"9794\" src=\"https:\/\/wp2.rinconeducativo.org\/wp-content\/uploads\/2019\/07\/20190702140825_img_5155-scaled.jpg\" alt=\"Mariano Marzo, catedr\u00e1tico de Estratigraf\u00eda y profesor de Recursos Energ\u00e9ticos y Geolog\u00eda del Petr\u00f3leo en el Departamento de Din\u00e1mica de la Tierra y del Oc\u00e9ano en la Facultad de Ciencias de la Tierra de la Universidad de Barcelona. \" class=\"wp-image-9794\" srcset=\"https:\/\/rinconeducativo.org\/wp-content\/uploads\/2019\/07\/20190702140825_img_5155-scaled.jpg 2560w, https:\/\/rinconeducativo.org\/wp-content\/uploads\/2019\/07\/20190702140825_img_5155-500x341.jpg 500w, https:\/\/rinconeducativo.org\/wp-content\/uploads\/2019\/07\/20190702140825_img_5155-1200x818.jpg 1200w, https:\/\/rinconeducativo.org\/wp-content\/uploads\/2019\/07\/20190702140825_img_5155-768x523.jpg 768w, https:\/\/rinconeducativo.org\/wp-content\/uploads\/2019\/07\/20190702140825_img_5155-1536x1047.jpg 1536w, https:\/\/rinconeducativo.org\/wp-content\/uploads\/2019\/07\/20190702140825_img_5155-2048x1396.jpg 2048w\" sizes=\"auto, (max-width: 2560px) 100vw, 2560px\" \/><figcaption>Mariano Marzo, catedr\u00e1tico de Estratigraf\u00eda y profesor de Recursos Energ\u00e9ticos y Geolog\u00eda del Petr\u00f3leo en el Departamento de Din\u00e1mica de la Tierra y del Oc\u00e9ano en la Facultad de Ciencias de la Tierra de la Universidad de Barcelona. <\/figcaption><\/figure>\n\n\n\n<figure class=\"wp-block-image size-large\"><img loading=\"lazy\" decoding=\"async\" width=\"2560\" height=\"1766\" data-id=\"9796\" src=\"https:\/\/wp2.rinconeducativo.org\/wp-content\/uploads\/2019\/07\/20190702155446_img_5403-scaled.jpg\" alt=\"Javier Dies, Presidente de CEIDEN y Consejero del Consejo de Seguridad Nuclear\" class=\"wp-image-9796\" srcset=\"https:\/\/rinconeducativo.org\/wp-content\/uploads\/2019\/07\/20190702155446_img_5403-scaled.jpg 2560w, https:\/\/rinconeducativo.org\/wp-content\/uploads\/2019\/07\/20190702155446_img_5403-500x345.jpg 500w, https:\/\/rinconeducativo.org\/wp-content\/uploads\/2019\/07\/20190702155446_img_5403-1200x828.jpg 1200w, https:\/\/rinconeducativo.org\/wp-content\/uploads\/2019\/07\/20190702155446_img_5403-768x530.jpg 768w, https:\/\/rinconeducativo.org\/wp-content\/uploads\/2019\/07\/20190702155446_img_5403-1536x1060.jpg 1536w, https:\/\/rinconeducativo.org\/wp-content\/uploads\/2019\/07\/20190702155446_img_5403-2048x1413.jpg 2048w\" sizes=\"auto, (max-width: 2560px) 100vw, 2560px\" \/><figcaption>Javier Dies, Presidente de CEIDEN y Consejero del Consejo de Seguridad Nuclear<\/figcaption><\/figure>\n\n\n\n<figure class=\"wp-block-image size-large\"><img loading=\"lazy\" decoding=\"async\" width=\"2560\" height=\"1703\" data-id=\"9797\" src=\"https:\/\/wp2.rinconeducativo.org\/wp-content\/uploads\/2019\/07\/20190702155507_img_5407-scaled.jpg\" alt=\"Javier Dies, Presidente de CEIDEN y Consejero del Consejo de Seguridad Nuclear\" class=\"wp-image-9797\" srcset=\"https:\/\/rinconeducativo.org\/wp-content\/uploads\/2019\/07\/20190702155507_img_5407-scaled.jpg 2560w, https:\/\/rinconeducativo.org\/wp-content\/uploads\/2019\/07\/20190702155507_img_5407-500x333.jpg 500w, https:\/\/rinconeducativo.org\/wp-content\/uploads\/2019\/07\/20190702155507_img_5407-1200x798.jpg 1200w, https:\/\/rinconeducativo.org\/wp-content\/uploads\/2019\/07\/20190702155507_img_5407-768x511.jpg 768w, https:\/\/rinconeducativo.org\/wp-content\/uploads\/2019\/07\/20190702155507_img_5407-1536x1022.jpg 1536w, https:\/\/rinconeducativo.org\/wp-content\/uploads\/2019\/07\/20190702155507_img_5407-2048x1363.jpg 2048w\" sizes=\"auto, (max-width: 2560px) 100vw, 2560px\" \/><figcaption>Javier Dies, Presidente de CEIDEN y Consejero del Consejo de Seguridad Nuclear<\/figcaption><\/figure>\n\n\n\n<figure class=\"wp-block-image size-large\"><img loading=\"lazy\" decoding=\"async\" width=\"2560\" height=\"1707\" data-id=\"9795\" src=\"https:\/\/wp2.rinconeducativo.org\/wp-content\/uploads\/2019\/07\/mariano_marzo_en_jornadas_foro_nuclear_bcn-scaled.jpg\" alt=\"Mariano Marzo, catedr\u00e1tico de Estratigraf\u00eda y profesor de Recursos Energ\u00e9ticos y Geolog\u00eda del Petr\u00f3leo en el Departamento de Din\u00e1mica de la Tierra y del Oc\u00e9ano en la Facultad de Ciencias de la Tierra de la Universidad de Barcelona. \" class=\"wp-image-9795\" srcset=\"https:\/\/rinconeducativo.org\/wp-content\/uploads\/2019\/07\/mariano_marzo_en_jornadas_foro_nuclear_bcn-scaled.jpg 2560w, https:\/\/rinconeducativo.org\/wp-content\/uploads\/2019\/07\/mariano_marzo_en_jornadas_foro_nuclear_bcn-500x333.jpg 500w, https:\/\/rinconeducativo.org\/wp-content\/uploads\/2019\/07\/mariano_marzo_en_jornadas_foro_nuclear_bcn-1200x800.jpg 1200w, https:\/\/rinconeducativo.org\/wp-content\/uploads\/2019\/07\/mariano_marzo_en_jornadas_foro_nuclear_bcn-768x512.jpg 768w, https:\/\/rinconeducativo.org\/wp-content\/uploads\/2019\/07\/mariano_marzo_en_jornadas_foro_nuclear_bcn-1536x1024.jpg 1536w, https:\/\/rinconeducativo.org\/wp-content\/uploads\/2019\/07\/mariano_marzo_en_jornadas_foro_nuclear_bcn-2048x1365.jpg 2048w\" sizes=\"auto, (max-width: 2560px) 100vw, 2560px\" \/><figcaption>Mariano Marzo, catedr\u00e1tico de Estratigraf\u00eda y profesor de Recursos Energ\u00e9ticos y Geolog\u00eda del Petr\u00f3leo en el Departamento de Din\u00e1mica de la Tierra y del Oc\u00e9ano en la Facultad de Ciencias de la Tierra de la Universidad de Barcelona. <\/figcaption><\/figure>\n\n\n\n<figure class=\"wp-block-image size-large\"><img loading=\"lazy\" decoding=\"async\" width=\"2560\" height=\"1707\" data-id=\"9798\" src=\"https:\/\/wp2.rinconeducativo.org\/wp-content\/uploads\/2019\/07\/0167_0-scaled.jpg\" alt=\"0167\" class=\"wp-image-9798\" srcset=\"https:\/\/rinconeducativo.org\/wp-content\/uploads\/2019\/07\/0167_0-scaled.jpg 2560w, https:\/\/rinconeducativo.org\/wp-content\/uploads\/2019\/07\/0167_0-500x333.jpg 500w, https:\/\/rinconeducativo.org\/wp-content\/uploads\/2019\/07\/0167_0-1200x800.jpg 1200w, https:\/\/rinconeducativo.org\/wp-content\/uploads\/2019\/07\/0167_0-768x512.jpg 768w, https:\/\/rinconeducativo.org\/wp-content\/uploads\/2019\/07\/0167_0-1536x1024.jpg 1536w, https:\/\/rinconeducativo.org\/wp-content\/uploads\/2019\/07\/0167_0-2048x1365.jpg 2048w\" sizes=\"auto, (max-width: 2560px) 100vw, 2560px\" \/><\/figure>\n\n\n\n<figure class=\"wp-block-image size-large\"><img loading=\"lazy\" decoding=\"async\" width=\"2560\" height=\"1707\" data-id=\"9799\" src=\"https:\/\/wp2.rinconeducativo.org\/wp-content\/uploads\/2019\/07\/0168_0-scaled.jpg\" alt=\"0168\" class=\"wp-image-9799\" srcset=\"https:\/\/rinconeducativo.org\/wp-content\/uploads\/2019\/07\/0168_0-scaled.jpg 2560w, https:\/\/rinconeducativo.org\/wp-content\/uploads\/2019\/07\/0168_0-500x333.jpg 500w, https:\/\/rinconeducativo.org\/wp-content\/uploads\/2019\/07\/0168_0-1200x800.jpg 1200w, https:\/\/rinconeducativo.org\/wp-content\/uploads\/2019\/07\/0168_0-768x512.jpg 768w, https:\/\/rinconeducativo.org\/wp-content\/uploads\/2019\/07\/0168_0-1536x1024.jpg 1536w, https:\/\/rinconeducativo.org\/wp-content\/uploads\/2019\/07\/0168_0-2048x1365.jpg 2048w\" sizes=\"auto, (max-width: 2560px) 100vw, 2560px\" \/><\/figure>\n\n\n\n<figure class=\"wp-block-image size-large\"><img loading=\"lazy\" decoding=\"async\" width=\"2560\" height=\"1707\" data-id=\"9800\" src=\"https:\/\/wp2.rinconeducativo.org\/wp-content\/uploads\/2019\/07\/0169-scaled.jpg\" alt=\"0169\" class=\"wp-image-9800\" srcset=\"https:\/\/rinconeducativo.org\/wp-content\/uploads\/2019\/07\/0169-scaled.jpg 2560w, https:\/\/rinconeducativo.org\/wp-content\/uploads\/2019\/07\/0169-500x333.jpg 500w, https:\/\/rinconeducativo.org\/wp-content\/uploads\/2019\/07\/0169-1200x800.jpg 1200w, https:\/\/rinconeducativo.org\/wp-content\/uploads\/2019\/07\/0169-768x512.jpg 768w, https:\/\/rinconeducativo.org\/wp-content\/uploads\/2019\/07\/0169-1536x1024.jpg 1536w, https:\/\/rinconeducativo.org\/wp-content\/uploads\/2019\/07\/0169-2048x1365.jpg 2048w\" sizes=\"auto, (max-width: 2560px) 100vw, 2560px\" \/><\/figure>\n\n\n\n<figure class=\"wp-block-image size-large\"><img loading=\"lazy\" decoding=\"async\" width=\"2560\" height=\"1707\" data-id=\"9801\" src=\"https:\/\/wp2.rinconeducativo.org\/wp-content\/uploads\/2019\/07\/0096-scaled.jpg\" alt=\"0096\" class=\"wp-image-9801\" srcset=\"https:\/\/rinconeducativo.org\/wp-content\/uploads\/2019\/07\/0096-scaled.jpg 2560w, https:\/\/rinconeducativo.org\/wp-content\/uploads\/2019\/07\/0096-500x333.jpg 500w, https:\/\/rinconeducativo.org\/wp-content\/uploads\/2019\/07\/0096-1200x800.jpg 1200w, https:\/\/rinconeducativo.org\/wp-content\/uploads\/2019\/07\/0096-768x512.jpg 768w, https:\/\/rinconeducativo.org\/wp-content\/uploads\/2019\/07\/0096-1536x1024.jpg 1536w, https:\/\/rinconeducativo.org\/wp-content\/uploads\/2019\/07\/0096-2048x1366.jpg 2048w\" sizes=\"auto, (max-width: 2560px) 100vw, 2560px\" \/><\/figure>\n\n\n\n<figure class=\"wp-block-image size-large\"><img loading=\"lazy\" decoding=\"async\" width=\"2560\" height=\"1707\" data-id=\"9802\" src=\"https:\/\/wp2.rinconeducativo.org\/wp-content\/uploads\/2019\/07\/0097_0-scaled.jpg\" alt=\"0097\" class=\"wp-image-9802\" srcset=\"https:\/\/rinconeducativo.org\/wp-content\/uploads\/2019\/07\/0097_0-scaled.jpg 2560w, https:\/\/rinconeducativo.org\/wp-content\/uploads\/2019\/07\/0097_0-500x333.jpg 500w, https:\/\/rinconeducativo.org\/wp-content\/uploads\/2019\/07\/0097_0-1200x800.jpg 1200w, https:\/\/rinconeducativo.org\/wp-content\/uploads\/2019\/07\/0097_0-768x512.jpg 768w, https:\/\/rinconeducativo.org\/wp-content\/uploads\/2019\/07\/0097_0-1536x1024.jpg 1536w, https:\/\/rinconeducativo.org\/wp-content\/uploads\/2019\/07\/0097_0-2048x1365.jpg 2048w\" sizes=\"auto, (max-width: 2560px) 100vw, 2560px\" \/><\/figure>\n\n\n\n<figure class=\"wp-block-image size-large\"><img loading=\"lazy\" decoding=\"async\" width=\"2560\" height=\"1707\" data-id=\"9803\" src=\"https:\/\/wp2.rinconeducativo.org\/wp-content\/uploads\/2019\/07\/0098_0-scaled.jpg\" alt=\"0098\" class=\"wp-image-9803\" srcset=\"https:\/\/rinconeducativo.org\/wp-content\/uploads\/2019\/07\/0098_0-scaled.jpg 2560w, https:\/\/rinconeducativo.org\/wp-content\/uploads\/2019\/07\/0098_0-500x333.jpg 500w, https:\/\/rinconeducativo.org\/wp-content\/uploads\/2019\/07\/0098_0-1200x800.jpg 1200w, https:\/\/rinconeducativo.org\/wp-content\/uploads\/2019\/07\/0098_0-768x512.jpg 768w, https:\/\/rinconeducativo.org\/wp-content\/uploads\/2019\/07\/0098_0-1536x1024.jpg 1536w, https:\/\/rinconeducativo.org\/wp-content\/uploads\/2019\/07\/0098_0-2048x1365.jpg 2048w\" sizes=\"auto, (max-width: 2560px) 100vw, 2560px\" \/><\/figure>\n\n\n\n<figure class=\"wp-block-image size-large\"><img loading=\"lazy\" decoding=\"async\" width=\"2560\" height=\"1707\" data-id=\"9804\" src=\"https:\/\/wp2.rinconeducativo.org\/wp-content\/uploads\/2019\/07\/0099-scaled.jpg\" alt=\"0099\" class=\"wp-image-9804\" srcset=\"https:\/\/rinconeducativo.org\/wp-content\/uploads\/2019\/07\/0099-scaled.jpg 2560w, https:\/\/rinconeducativo.org\/wp-content\/uploads\/2019\/07\/0099-500x333.jpg 500w, https:\/\/rinconeducativo.org\/wp-content\/uploads\/2019\/07\/0099-1200x800.jpg 1200w, https:\/\/rinconeducativo.org\/wp-content\/uploads\/2019\/07\/0099-768x512.jpg 768w, https:\/\/rinconeducativo.org\/wp-content\/uploads\/2019\/07\/0099-1536x1024.jpg 1536w, https:\/\/rinconeducativo.org\/wp-content\/uploads\/2019\/07\/0099-2048x1365.jpg 2048w\" sizes=\"auto, (max-width: 2560px) 100vw, 2560px\" \/><\/figure>\n\n\n\n<figure class=\"wp-block-image size-large\"><img loading=\"lazy\" decoding=\"async\" width=\"2560\" height=\"1707\" data-id=\"9805\" src=\"https:\/\/wp2.rinconeducativo.org\/wp-content\/uploads\/2019\/07\/0100-scaled.jpg\" alt=\"0100\" class=\"wp-image-9805\" srcset=\"https:\/\/rinconeducativo.org\/wp-content\/uploads\/2019\/07\/0100-scaled.jpg 2560w, https:\/\/rinconeducativo.org\/wp-content\/uploads\/2019\/07\/0100-500x333.jpg 500w, https:\/\/rinconeducativo.org\/wp-content\/uploads\/2019\/07\/0100-1200x800.jpg 1200w, https:\/\/rinconeducativo.org\/wp-content\/uploads\/2019\/07\/0100-768x512.jpg 768w, https:\/\/rinconeducativo.org\/wp-content\/uploads\/2019\/07\/0100-1536x1024.jpg 1536w, https:\/\/rinconeducativo.org\/wp-content\/uploads\/2019\/07\/0100-2048x1365.jpg 2048w\" sizes=\"auto, (max-width: 2560px) 100vw, 2560px\" \/><\/figure>\n\n\n\n<figure class=\"wp-block-image size-large\"><img loading=\"lazy\" decoding=\"async\" width=\"2560\" height=\"1707\" data-id=\"9806\" src=\"https:\/\/wp2.rinconeducativo.org\/wp-content\/uploads\/2019\/07\/0145-scaled.jpg\" alt=\"0145\" class=\"wp-image-9806\" srcset=\"https:\/\/rinconeducativo.org\/wp-content\/uploads\/2019\/07\/0145-scaled.jpg 2560w, https:\/\/rinconeducativo.org\/wp-content\/uploads\/2019\/07\/0145-500x333.jpg 500w, https:\/\/rinconeducativo.org\/wp-content\/uploads\/2019\/07\/0145-1200x800.jpg 1200w, https:\/\/rinconeducativo.org\/wp-content\/uploads\/2019\/07\/0145-768x512.jpg 768w, https:\/\/rinconeducativo.org\/wp-content\/uploads\/2019\/07\/0145-1536x1024.jpg 1536w, https:\/\/rinconeducativo.org\/wp-content\/uploads\/2019\/07\/0145-2048x1365.jpg 2048w\" sizes=\"auto, (max-width: 2560px) 100vw, 2560px\" \/><\/figure>\n\n\n\n<figure class=\"wp-block-image size-large\"><img loading=\"lazy\" decoding=\"async\" width=\"2560\" height=\"1707\" data-id=\"9807\" src=\"https:\/\/wp2.rinconeducativo.org\/wp-content\/uploads\/2019\/07\/0146-scaled.jpg\" alt=\"0146\" class=\"wp-image-9807\" srcset=\"https:\/\/rinconeducativo.org\/wp-content\/uploads\/2019\/07\/0146-scaled.jpg 2560w, https:\/\/rinconeducativo.org\/wp-content\/uploads\/2019\/07\/0146-500x333.jpg 500w, https:\/\/rinconeducativo.org\/wp-content\/uploads\/2019\/07\/0146-1200x800.jpg 1200w, https:\/\/rinconeducativo.org\/wp-content\/uploads\/2019\/07\/0146-768x512.jpg 768w, https:\/\/rinconeducativo.org\/wp-content\/uploads\/2019\/07\/0146-1536x1024.jpg 1536w, https:\/\/rinconeducativo.org\/wp-content\/uploads\/2019\/07\/0146-2048x1365.jpg 2048w\" sizes=\"auto, (max-width: 2560px) 100vw, 2560px\" \/><\/figure>\n<\/figure>\n","protected":false},"excerpt":{"rendered":"","protected":false},"author":1,"featured_media":9781,"template":"","meta":{"_acf_changed":false},"tags":[],"jornadas_edicion":[7047],"jornadas_tipo":[7052],"clasificacion_anterior":[],"class_list":["post-9782","re_jornada","type-re_jornada","status-publish","has-post-thumbnail","hentry","jornadas_edicion-2019-cataluna-iii-jornadas-sobre-energia-y-educacion","jornadas_tipo-fotogalerias"],"acf":[],"yoast_head":"<!-- This site is optimized with the Yoast SEO plugin v26.8 - https:\/\/yoast.com\/product\/yoast-seo-wordpress\/ -->\n<title>Fotogaler\u00eda Jornadas sobre Energ\u00eda y Educaci\u00f3n Catalu\u00f1a 2019 - Rinc\u00f3n educativo<\/title>\n<meta name=\"robots\" content=\"index, follow, max-snippet:-1, max-image-preview:large, max-video-preview:-1\" \/>\n<link rel=\"canonical\" href=\"https:\/\/rinconeducativo.org\/es\/jornadas\/fotogaleria-jornadas-sobre-energia-y-educacion-cataluna-2019\/\" \/>\n<meta property=\"og:locale\" content=\"es_ES\" \/>\n<meta property=\"og:type\" content=\"article\" \/>\n<meta property=\"og:title\" content=\"Fotogaler\u00eda Jornadas sobre Energ\u00eda y Educaci\u00f3n Catalu\u00f1a 2019 - Rinc\u00f3n educativo\" \/>\n<meta property=\"og:url\" content=\"https:\/\/rinconeducativo.org\/es\/jornadas\/fotogaleria-jornadas-sobre-energia-y-educacion-cataluna-2019\/\" \/>\n<meta property=\"og:site_name\" content=\"Rinc\u00f3n educativo\" \/>\n<meta property=\"article:modified_time\" content=\"2022-08-25T13:09:14+00:00\" \/>\n<meta property=\"og:image\" content=\"https:\/\/rinconeducativo.org\/wp-content\/uploads\/2019\/07\/jornadas_foro_nuclear_en_bcn_1_0-scaled.jpg\" \/>\n\t<meta property=\"og:image:width\" content=\"2560\" \/>\n\t<meta property=\"og:image:height\" content=\"1707\" \/>\n\t<meta property=\"og:image:type\" content=\"image\/jpeg\" \/>\n<meta name=\"twitter:card\" content=\"summary_large_image\" \/>\n<script type=\"application\/ld+json\" class=\"yoast-schema-graph\">{\"@context\":\"https:\/\/schema.org\",\"@graph\":[{\"@type\":\"WebPage\",\"@id\":\"https:\/\/rinconeducativo.org\/es\/jornadas\/fotogaleria-jornadas-sobre-energia-y-educacion-cataluna-2019\/\",\"url\":\"https:\/\/rinconeducativo.org\/es\/jornadas\/fotogaleria-jornadas-sobre-energia-y-educacion-cataluna-2019\/\",\"name\":\"Fotogaler\u00eda Jornadas sobre Energ\u00eda y Educaci\u00f3n Catalu\u00f1a 2019 - Rinc\u00f3n educativo\",\"isPartOf\":{\"@id\":\"https:\/\/rinconeducativo.org\/es\/#website\"},\"primaryImageOfPage\":{\"@id\":\"https:\/\/rinconeducativo.org\/es\/jornadas\/fotogaleria-jornadas-sobre-energia-y-educacion-cataluna-2019\/#primaryimage\"},\"image\":{\"@id\":\"https:\/\/rinconeducativo.org\/es\/jornadas\/fotogaleria-jornadas-sobre-energia-y-educacion-cataluna-2019\/#primaryimage\"},\"thumbnailUrl\":\"https:\/\/rinconeducativo.org\/wp-content\/uploads\/2019\/07\/jornadas_foro_nuclear_en_bcn_1_0-scaled.jpg\",\"datePublished\":\"2019-07-04T07:53:51+00:00\",\"dateModified\":\"2022-08-25T13:09:14+00:00\",\"breadcrumb\":{\"@id\":\"https:\/\/rinconeducativo.org\/es\/jornadas\/fotogaleria-jornadas-sobre-energia-y-educacion-cataluna-2019\/#breadcrumb\"},\"inLanguage\":\"es\",\"potentialAction\":[{\"@type\":\"ReadAction\",\"target\":[\"https:\/\/rinconeducativo.org\/es\/jornadas\/fotogaleria-jornadas-sobre-energia-y-educacion-cataluna-2019\/\"]}]},{\"@type\":\"ImageObject\",\"inLanguage\":\"es\",\"@id\":\"https:\/\/rinconeducativo.org\/es\/jornadas\/fotogaleria-jornadas-sobre-energia-y-educacion-cataluna-2019\/#primaryimage\",\"url\":\"https:\/\/rinconeducativo.org\/wp-content\/uploads\/2019\/07\/jornadas_foro_nuclear_en_bcn_1_0-scaled.jpg\",\"contentUrl\":\"https:\/\/rinconeducativo.org\/wp-content\/uploads\/2019\/07\/jornadas_foro_nuclear_en_bcn_1_0-scaled.jpg\",\"width\":2560,\"height\":1707,\"caption\":\"Jornadas Foro Nuclear en BCN\"},{\"@type\":\"BreadcrumbList\",\"@id\":\"https:\/\/rinconeducativo.org\/es\/jornadas\/fotogaleria-jornadas-sobre-energia-y-educacion-cataluna-2019\/#breadcrumb\",\"itemListElement\":[{\"@type\":\"ListItem\",\"position\":1,\"name\":\"Portada\",\"item\":\"https:\/\/rinconeducativo.org\/es\/\"},{\"@type\":\"ListItem\",\"position\":2,\"name\":\"Conferences\",\"item\":\"https:\/\/rinconeducativo.org\/en\/jornadas-en\/\"},{\"@type\":\"ListItem\",\"position\":3,\"name\":\"Fotogaler\u00eda Jornadas sobre Energ\u00eda y Educaci\u00f3n Catalu\u00f1a 2019\"}]},{\"@type\":\"WebSite\",\"@id\":\"https:\/\/rinconeducativo.org\/es\/#website\",\"url\":\"https:\/\/rinconeducativo.org\/es\/\",\"name\":\"Rinc\u00f3n educativo\",\"description\":\"Un proyecto del Foro Nuclear\",\"potentialAction\":[{\"@type\":\"SearchAction\",\"target\":{\"@type\":\"EntryPoint\",\"urlTemplate\":\"https:\/\/rinconeducativo.org\/es\/?s={search_term_string}\"},\"query-input\":{\"@type\":\"PropertyValueSpecification\",\"valueRequired\":true,\"valueName\":\"search_term_string\"}}],\"inLanguage\":\"es\"}]}<\/script>\n<!-- \/ Yoast SEO plugin. -->","yoast_head_json":{"title":"Fotogaler\u00eda Jornadas sobre Energ\u00eda y Educaci\u00f3n Catalu\u00f1a 2019 - Rinc\u00f3n educativo","robots":{"index":"index","follow":"follow","max-snippet":"max-snippet:-1","max-image-preview":"max-image-preview:large","max-video-preview":"max-video-preview:-1"},"canonical":"https:\/\/rinconeducativo.org\/es\/jornadas\/fotogaleria-jornadas-sobre-energia-y-educacion-cataluna-2019\/","og_locale":"es_ES","og_type":"article","og_title":"Fotogaler\u00eda Jornadas sobre Energ\u00eda y Educaci\u00f3n Catalu\u00f1a 2019 - Rinc\u00f3n educativo","og_url":"https:\/\/rinconeducativo.org\/es\/jornadas\/fotogaleria-jornadas-sobre-energia-y-educacion-cataluna-2019\/","og_site_name":"Rinc\u00f3n educativo","article_modified_time":"2022-08-25T13:09:14+00:00","og_image":[{"width":2560,"height":1707,"url":"https:\/\/rinconeducativo.org\/wp-content\/uploads\/2019\/07\/jornadas_foro_nuclear_en_bcn_1_0-scaled.jpg","type":"image\/jpeg"}],"twitter_card":"summary_large_image","schema":{"@context":"https:\/\/schema.org","@graph":[{"@type":"WebPage","@id":"https:\/\/rinconeducativo.org\/es\/jornadas\/fotogaleria-jornadas-sobre-energia-y-educacion-cataluna-2019\/","url":"https:\/\/rinconeducativo.org\/es\/jornadas\/fotogaleria-jornadas-sobre-energia-y-educacion-cataluna-2019\/","name":"Fotogaler\u00eda Jornadas sobre Energ\u00eda y Educaci\u00f3n Catalu\u00f1a 2019 - Rinc\u00f3n educativo","isPartOf":{"@id":"https:\/\/rinconeducativo.org\/es\/#website"},"primaryImageOfPage":{"@id":"https:\/\/rinconeducativo.org\/es\/jornadas\/fotogaleria-jornadas-sobre-energia-y-educacion-cataluna-2019\/#primaryimage"},"image":{"@id":"https:\/\/rinconeducativo.org\/es\/jornadas\/fotogaleria-jornadas-sobre-energia-y-educacion-cataluna-2019\/#primaryimage"},"thumbnailUrl":"https:\/\/rinconeducativo.org\/wp-content\/uploads\/2019\/07\/jornadas_foro_nuclear_en_bcn_1_0-scaled.jpg","datePublished":"2019-07-04T07:53:51+00:00","dateModified":"2022-08-25T13:09:14+00:00","breadcrumb":{"@id":"https:\/\/rinconeducativo.org\/es\/jornadas\/fotogaleria-jornadas-sobre-energia-y-educacion-cataluna-2019\/#breadcrumb"},"inLanguage":"es","potentialAction":[{"@type":"ReadAction","target":["https:\/\/rinconeducativo.org\/es\/jornadas\/fotogaleria-jornadas-sobre-energia-y-educacion-cataluna-2019\/"]}]},{"@type":"ImageObject","inLanguage":"es","@id":"https:\/\/rinconeducativo.org\/es\/jornadas\/fotogaleria-jornadas-sobre-energia-y-educacion-cataluna-2019\/#primaryimage","url":"https:\/\/rinconeducativo.org\/wp-content\/uploads\/2019\/07\/jornadas_foro_nuclear_en_bcn_1_0-scaled.jpg","contentUrl":"https:\/\/rinconeducativo.org\/wp-content\/uploads\/2019\/07\/jornadas_foro_nuclear_en_bcn_1_0-scaled.jpg","width":2560,"height":1707,"caption":"Jornadas Foro Nuclear en BCN"},{"@type":"BreadcrumbList","@id":"https:\/\/rinconeducativo.org\/es\/jornadas\/fotogaleria-jornadas-sobre-energia-y-educacion-cataluna-2019\/#breadcrumb","itemListElement":[{"@type":"ListItem","position":1,"name":"Portada","item":"https:\/\/rinconeducativo.org\/es\/"},{"@type":"ListItem","position":2,"name":"Conferences","item":"https:\/\/rinconeducativo.org\/en\/jornadas-en\/"},{"@type":"ListItem","position":3,"name":"Fotogaler\u00eda Jornadas sobre Energ\u00eda y Educaci\u00f3n Catalu\u00f1a 2019"}]},{"@type":"WebSite","@id":"https:\/\/rinconeducativo.org\/es\/#website","url":"https:\/\/rinconeducativo.org\/es\/","name":"Rinc\u00f3n educativo","description":"Un proyecto del Foro Nuclear","potentialAction":[{"@type":"SearchAction","target":{"@type":"EntryPoint","urlTemplate":"https:\/\/rinconeducativo.org\/es\/?s={search_term_string}"},"query-input":{"@type":"PropertyValueSpecification","valueRequired":true,"valueName":"search_term_string"}}],"inLanguage":"es"}]}},"_links":{"self":[{"href":"https:\/\/rinconeducativo.org\/es\/wp-json\/wp\/v2\/re_jornada\/9782","targetHints":{"allow":["GET"]}}],"collection":[{"href":"https:\/\/rinconeducativo.org\/es\/wp-json\/wp\/v2\/re_jornada"}],"about":[{"href":"https:\/\/rinconeducativo.org\/es\/wp-json\/wp\/v2\/types\/re_jornada"}],"author":[{"embeddable":true,"href":"https:\/\/rinconeducativo.org\/es\/wp-json\/wp\/v2\/users\/1"}],"wp:featuredmedia":[{"embeddable":true,"href":"https:\/\/rinconeducativo.org\/es\/wp-json\/wp\/v2\/media\/9781"}],"wp:attachment":[{"href":"https:\/\/rinconeducativo.org\/es\/wp-json\/wp\/v2\/media?parent=9782"}],"wp:term":[{"taxonomy":"post_tag","embeddable":true,"href":"https:\/\/rinconeducativo.org\/es\/wp-json\/wp\/v2\/tags?post=9782"},{"taxonomy":"jornadas_edicion","embeddable":true,"href":"https:\/\/rinconeducativo.org\/es\/wp-json\/wp\/v2\/jornadas_edicion?post=9782"},{"taxonomy":"jornadas_tipo","embeddable":true,"href":"https:\/\/rinconeducativo.org\/es\/wp-json\/wp\/v2\/jornadas_tipo?post=9782"},{"taxonomy":"clasificacion_anterior","embeddable":true,"href":"https:\/\/rinconeducativo.org\/es\/wp-json\/wp\/v2\/clasificacion_anterior?post=9782"}],"curies":[{"name":"wp","href":"https:\/\/api.w.org\/{rel}","templated":true}]}}