{"id":9068,"date":"2015-07-21T02:58:48","date_gmt":"2015-07-21T02:58:48","guid":{"rendered":"https:\/\/wp.rinconeducativo.org\/?jornadas=presentacion-jornadas-2009-por-luis-del-val"},"modified":"2025-01-09T12:54:04","modified_gmt":"2025-01-09T11:54:04","slug":"presentacion-jornadas-2009-por-luis-del-val","status":"publish","type":"re_jornada","link":"https:\/\/rinconeducativo.org\/es\/jornadas\/presentacion-jornadas-2009-por-luis-del-val\/","title":{"rendered":"Presentaci\u00f3n Jornadas 2009, por Luis del Val"},"content":{"rendered":"<p><img loading=\"lazy\" decoding=\"async\" class=\" size-full wp-image-9067\" alt=\"Luis del Val\" src=\"https:\/\/wp2.rinconeducativo.org\/wp-content\/uploads\/2015\/08\/2009luis-del-val.jpg\" style=\"height: 200px; line-height: 20.8px; width: 300px;\" title=\"Luis del Val\" width=\"1199\" height=\"799\" srcset=\"https:\/\/rinconeducativo.org\/wp-content\/uploads\/2015\/08\/2009luis-del-val.jpg 1199w, https:\/\/rinconeducativo.org\/wp-content\/uploads\/2015\/08\/2009luis-del-val-500x333.jpg 500w, https:\/\/rinconeducativo.org\/wp-content\/uploads\/2015\/08\/2009luis-del-val-768x512.jpg 768w\" sizes=\"auto, (max-width: 1199px) 100vw, 1199px\" \/><\/p>\n<p><strong>Luis del Val es vicepresidente del Foro de la Industria Nuclear Espa\u00f1ola<\/strong><\/p>\n<p>En primer lugar quiero darles la bienvenida, en nombre del Foro de la Industria Nuclear Espan\u0303ola, como su vicepresidente, a estas Jornadas Nacionales sobre Energi\u0301a y Educacio\u0301n, que ya cumplen su XXVI Aniversario y tambie\u0301n disculpar a la presidenta, que no le ha sido posible asistir, como era su intencio\u0301n, por encontrarse de viaje fuera de Espan\u0303a, pidie\u0301ndome que les transmita un afectuoso saludo para todos Uds.<\/p>\n<div>\n<p>Como la mayori\u0301a de ustedes conocen, el Foro Nuclear es una Asociacio\u0301n, sin a\u0301nimo de lucro, dedicada a la difusio\u0301n de los usos paci\u0301ficos de la energi\u0301a nuclear, constituyendo uno de sus principales objetivos la formacio\u0301n en materia de ciencia y tecnologi\u0301a nuclear, en el que se enmarcan estas jornadas. Para las que cada an\u0303o, en el Consejo de Direccio\u0301n del Foro, hacemos un ana\u0301lisis sobre que\u0301 temas de actualidad relacionados con la energi\u0301a pueden ser de mayor intere\u0301s para ustedes.<\/p>\n<p>En esta ocasio\u0301n hemos crei\u0301do oportuno dedicar estas Jornadas a un tema tan interesante y de tanta actualidad como es la \u201cSeguridad Nuclear\u201d, principalmente por dos motivos:<\/p>\n<ul>\n<li>\n<p>El primero, por el debate abierto en los u\u0301ltimos meses sobre la continuidad de la operacio\u0301n de la Central Nuclear de Santa Mari\u0301a de Garon\u0303a, y<\/p>\n<\/li>\n<li>\n<p>En segundo lugar, por la importancia que tiene el conocimiento de esta materia, en un debate energe\u0301tico que tiene dimensio\u0301n internacional y que necesita de opiniones fundamentadas y responsables, especialmente en un asunto como el que nos ocupa, que mezcla realidad y percepcio\u0301n.&nbsp;<\/p>\n<\/li>\n<\/ul>\n<p>&nbsp;<\/p>\n<p>&nbsp;<\/p>\n<\/div>\n","protected":false},"excerpt":{"rendered":"<p>Luis del Val es vicepresidente del Foro de la Industria Nuclear Espa\u00f1ola En primer lugar quiero darles la bienvenida, en nombre del Foro de la Industria Nuclear Espan\u0303ola, como su vicepresidente, a estas Jornadas Nacionales sobre Energi\u0301a y Educacio\u0301n, que ya cumplen su XXVI Aniversario y tambie\u0301n disculpar a la presidenta, que no le ha [&hellip;]<\/p>\n","protected":false},"author":1,"featured_media":9067,"template":"","meta":{"_acf_changed":false},"tags":[],"jornadas_edicion":[7037],"jornadas_tipo":[7049],"clasificacion_anterior":[],"class_list":["post-9068","re_jornada","type-re_jornada","status-publish","has-post-thumbnail","hentry","jornadas_edicion-2009-la-seguridad-nuclear","jornadas_tipo-ponencias"],"acf":[],"yoast_head":"<!-- This site is optimized with the Yoast SEO plugin v26.8 - https:\/\/yoast.com\/product\/yoast-seo-wordpress\/ -->\n<title>Presentaci\u00f3n Jornadas 2009, por Luis del Val - Rinc\u00f3n educativo<\/title>\n<meta name=\"robots\" content=\"index, follow, max-snippet:-1, max-image-preview:large, max-video-preview:-1\" \/>\n<link rel=\"canonical\" href=\"https:\/\/rinconeducativo.org\/es\/jornadas\/presentacion-jornadas-2009-por-luis-del-val\/\" \/>\n<meta property=\"og:locale\" content=\"es_ES\" \/>\n<meta property=\"og:type\" content=\"article\" \/>\n<meta property=\"og:title\" content=\"Presentaci\u00f3n Jornadas 2009, por Luis del Val - Rinc\u00f3n educativo\" \/>\n<meta property=\"og:description\" content=\"Luis del Val es vicepresidente del Foro de la Industria Nuclear Espa\u00f1ola En primer lugar quiero darles la bienvenida, en nombre del Foro de la Industria Nuclear Espan\u0303ola, como su vicepresidente, a estas Jornadas Nacionales sobre Energi\u0301a y Educacio\u0301n, que ya cumplen su XXVI Aniversario y tambie\u0301n disculpar a la presidenta, que no le ha [&hellip;]\" \/>\n<meta property=\"og:url\" content=\"https:\/\/rinconeducativo.org\/es\/jornadas\/presentacion-jornadas-2009-por-luis-del-val\/\" \/>\n<meta property=\"og:site_name\" content=\"Rinc\u00f3n educativo\" \/>\n<meta property=\"article:modified_time\" content=\"2025-01-09T11:54:04+00:00\" \/>\n<meta property=\"og:image\" content=\"https:\/\/rinconeducativo.org\/wp-content\/uploads\/2015\/08\/2009luis-del-val.jpg\" \/>\n\t<meta property=\"og:image:width\" content=\"1199\" \/>\n\t<meta property=\"og:image:height\" content=\"799\" \/>\n\t<meta property=\"og:image:type\" content=\"image\/jpeg\" \/>\n<meta name=\"twitter:card\" content=\"summary_large_image\" \/>\n<script type=\"application\/ld+json\" class=\"yoast-schema-graph\">{\"@context\":\"https:\/\/schema.org\",\"@graph\":[{\"@type\":\"WebPage\",\"@id\":\"https:\/\/rinconeducativo.org\/es\/jornadas\/presentacion-jornadas-2009-por-luis-del-val\/\",\"url\":\"https:\/\/rinconeducativo.org\/es\/jornadas\/presentacion-jornadas-2009-por-luis-del-val\/\",\"name\":\"Presentaci\u00f3n Jornadas 2009, por Luis del Val - Rinc\u00f3n educativo\",\"isPartOf\":{\"@id\":\"https:\/\/rinconeducativo.org\/es\/#website\"},\"primaryImageOfPage\":{\"@id\":\"https:\/\/rinconeducativo.org\/es\/jornadas\/presentacion-jornadas-2009-por-luis-del-val\/#primaryimage\"},\"image\":{\"@id\":\"https:\/\/rinconeducativo.org\/es\/jornadas\/presentacion-jornadas-2009-por-luis-del-val\/#primaryimage\"},\"thumbnailUrl\":\"https:\/\/rinconeducativo.org\/wp-content\/uploads\/2015\/08\/2009luis-del-val.jpg\",\"datePublished\":\"2015-07-21T02:58:48+00:00\",\"dateModified\":\"2025-01-09T11:54:04+00:00\",\"breadcrumb\":{\"@id\":\"https:\/\/rinconeducativo.org\/es\/jornadas\/presentacion-jornadas-2009-por-luis-del-val\/#breadcrumb\"},\"inLanguage\":\"es\",\"potentialAction\":[{\"@type\":\"ReadAction\",\"target\":[\"https:\/\/rinconeducativo.org\/es\/jornadas\/presentacion-jornadas-2009-por-luis-del-val\/\"]}]},{\"@type\":\"ImageObject\",\"inLanguage\":\"es\",\"@id\":\"https:\/\/rinconeducativo.org\/es\/jornadas\/presentacion-jornadas-2009-por-luis-del-val\/#primaryimage\",\"url\":\"https:\/\/rinconeducativo.org\/wp-content\/uploads\/2015\/08\/2009luis-del-val.jpg\",\"contentUrl\":\"https:\/\/rinconeducativo.org\/wp-content\/uploads\/2015\/08\/2009luis-del-val.jpg\",\"width\":1199,\"height\":799,\"caption\":\"Luis del Val\"},{\"@type\":\"BreadcrumbList\",\"@id\":\"https:\/\/rinconeducativo.org\/es\/jornadas\/presentacion-jornadas-2009-por-luis-del-val\/#breadcrumb\",\"itemListElement\":[{\"@type\":\"ListItem\",\"position\":1,\"name\":\"Portada\",\"item\":\"https:\/\/rinconeducativo.org\/es\/\"},{\"@type\":\"ListItem\",\"position\":2,\"name\":\"Conferences\",\"item\":\"https:\/\/rinconeducativo.org\/en\/jornadas-en\/\"},{\"@type\":\"ListItem\",\"position\":3,\"name\":\"Presentaci\u00f3n Jornadas 2009, por Luis del Val\"}]},{\"@type\":\"WebSite\",\"@id\":\"https:\/\/rinconeducativo.org\/es\/#website\",\"url\":\"https:\/\/rinconeducativo.org\/es\/\",\"name\":\"Rinc\u00f3n educativo\",\"description\":\"Un proyecto del Foro Nuclear\",\"potentialAction\":[{\"@type\":\"SearchAction\",\"target\":{\"@type\":\"EntryPoint\",\"urlTemplate\":\"https:\/\/rinconeducativo.org\/es\/?s={search_term_string}\"},\"query-input\":{\"@type\":\"PropertyValueSpecification\",\"valueRequired\":true,\"valueName\":\"search_term_string\"}}],\"inLanguage\":\"es\"}]}<\/script>\n<!-- \/ Yoast SEO plugin. -->","yoast_head_json":{"title":"Presentaci\u00f3n Jornadas 2009, por Luis del Val - Rinc\u00f3n educativo","robots":{"index":"index","follow":"follow","max-snippet":"max-snippet:-1","max-image-preview":"max-image-preview:large","max-video-preview":"max-video-preview:-1"},"canonical":"https:\/\/rinconeducativo.org\/es\/jornadas\/presentacion-jornadas-2009-por-luis-del-val\/","og_locale":"es_ES","og_type":"article","og_title":"Presentaci\u00f3n Jornadas 2009, por Luis del Val - Rinc\u00f3n educativo","og_description":"Luis del Val es vicepresidente del Foro de la Industria Nuclear Espa\u00f1ola En primer lugar quiero darles la bienvenida, en nombre del Foro de la Industria Nuclear Espan\u0303ola, como su vicepresidente, a estas Jornadas Nacionales sobre Energi\u0301a y Educacio\u0301n, que ya cumplen su XXVI Aniversario y tambie\u0301n disculpar a la presidenta, que no le ha [&hellip;]","og_url":"https:\/\/rinconeducativo.org\/es\/jornadas\/presentacion-jornadas-2009-por-luis-del-val\/","og_site_name":"Rinc\u00f3n educativo","article_modified_time":"2025-01-09T11:54:04+00:00","og_image":[{"width":1199,"height":799,"url":"https:\/\/rinconeducativo.org\/wp-content\/uploads\/2015\/08\/2009luis-del-val.jpg","type":"image\/jpeg"}],"twitter_card":"summary_large_image","schema":{"@context":"https:\/\/schema.org","@graph":[{"@type":"WebPage","@id":"https:\/\/rinconeducativo.org\/es\/jornadas\/presentacion-jornadas-2009-por-luis-del-val\/","url":"https:\/\/rinconeducativo.org\/es\/jornadas\/presentacion-jornadas-2009-por-luis-del-val\/","name":"Presentaci\u00f3n Jornadas 2009, por Luis del Val - Rinc\u00f3n educativo","isPartOf":{"@id":"https:\/\/rinconeducativo.org\/es\/#website"},"primaryImageOfPage":{"@id":"https:\/\/rinconeducativo.org\/es\/jornadas\/presentacion-jornadas-2009-por-luis-del-val\/#primaryimage"},"image":{"@id":"https:\/\/rinconeducativo.org\/es\/jornadas\/presentacion-jornadas-2009-por-luis-del-val\/#primaryimage"},"thumbnailUrl":"https:\/\/rinconeducativo.org\/wp-content\/uploads\/2015\/08\/2009luis-del-val.jpg","datePublished":"2015-07-21T02:58:48+00:00","dateModified":"2025-01-09T11:54:04+00:00","breadcrumb":{"@id":"https:\/\/rinconeducativo.org\/es\/jornadas\/presentacion-jornadas-2009-por-luis-del-val\/#breadcrumb"},"inLanguage":"es","potentialAction":[{"@type":"ReadAction","target":["https:\/\/rinconeducativo.org\/es\/jornadas\/presentacion-jornadas-2009-por-luis-del-val\/"]}]},{"@type":"ImageObject","inLanguage":"es","@id":"https:\/\/rinconeducativo.org\/es\/jornadas\/presentacion-jornadas-2009-por-luis-del-val\/#primaryimage","url":"https:\/\/rinconeducativo.org\/wp-content\/uploads\/2015\/08\/2009luis-del-val.jpg","contentUrl":"https:\/\/rinconeducativo.org\/wp-content\/uploads\/2015\/08\/2009luis-del-val.jpg","width":1199,"height":799,"caption":"Luis del Val"},{"@type":"BreadcrumbList","@id":"https:\/\/rinconeducativo.org\/es\/jornadas\/presentacion-jornadas-2009-por-luis-del-val\/#breadcrumb","itemListElement":[{"@type":"ListItem","position":1,"name":"Portada","item":"https:\/\/rinconeducativo.org\/es\/"},{"@type":"ListItem","position":2,"name":"Conferences","item":"https:\/\/rinconeducativo.org\/en\/jornadas-en\/"},{"@type":"ListItem","position":3,"name":"Presentaci\u00f3n Jornadas 2009, por Luis del Val"}]},{"@type":"WebSite","@id":"https:\/\/rinconeducativo.org\/es\/#website","url":"https:\/\/rinconeducativo.org\/es\/","name":"Rinc\u00f3n educativo","description":"Un proyecto del Foro Nuclear","potentialAction":[{"@type":"SearchAction","target":{"@type":"EntryPoint","urlTemplate":"https:\/\/rinconeducativo.org\/es\/?s={search_term_string}"},"query-input":{"@type":"PropertyValueSpecification","valueRequired":true,"valueName":"search_term_string"}}],"inLanguage":"es"}]}},"_links":{"self":[{"href":"https:\/\/rinconeducativo.org\/es\/wp-json\/wp\/v2\/re_jornada\/9068","targetHints":{"allow":["GET"]}}],"collection":[{"href":"https:\/\/rinconeducativo.org\/es\/wp-json\/wp\/v2\/re_jornada"}],"about":[{"href":"https:\/\/rinconeducativo.org\/es\/wp-json\/wp\/v2\/types\/re_jornada"}],"author":[{"embeddable":true,"href":"https:\/\/rinconeducativo.org\/es\/wp-json\/wp\/v2\/users\/1"}],"wp:featuredmedia":[{"embeddable":true,"href":"https:\/\/rinconeducativo.org\/es\/wp-json\/wp\/v2\/media\/9067"}],"wp:attachment":[{"href":"https:\/\/rinconeducativo.org\/es\/wp-json\/wp\/v2\/media?parent=9068"}],"wp:term":[{"taxonomy":"post_tag","embeddable":true,"href":"https:\/\/rinconeducativo.org\/es\/wp-json\/wp\/v2\/tags?post=9068"},{"taxonomy":"jornadas_edicion","embeddable":true,"href":"https:\/\/rinconeducativo.org\/es\/wp-json\/wp\/v2\/jornadas_edicion?post=9068"},{"taxonomy":"jornadas_tipo","embeddable":true,"href":"https:\/\/rinconeducativo.org\/es\/wp-json\/wp\/v2\/jornadas_tipo?post=9068"},{"taxonomy":"clasificacion_anterior","embeddable":true,"href":"https:\/\/rinconeducativo.org\/es\/wp-json\/wp\/v2\/clasificacion_anterior?post=9068"}],"curies":[{"name":"wp","href":"https:\/\/api.w.org\/{rel}","templated":true}]}}