{"id":17571,"date":"2022-09-14T21:40:40","date_gmt":"2022-09-14T19:40:40","guid":{"rendered":"https:\/\/wp2.rinconeducativo.org\/?post_type=re_jornada&#038;p=17571"},"modified":"2022-09-14T21:40:41","modified_gmt":"2022-09-14T19:40:41","slug":"fotogaleria-2010-la-proteccion-del-medio-ambiente-en-la-gestion-de-las-centrales-nucleares","status":"publish","type":"re_jornada","link":"https:\/\/rinconeducativo.org\/es\/jornadas\/fotogaleria-2010-la-proteccion-del-medio-ambiente-en-la-gestion-de-las-centrales-nucleares\/","title":{"rendered":"Fotogaler\u00eda. 2010: La Protecci\u00f3n del Medio Ambiente en la Gesti\u00f3n de las Centrales Nucleares"},"content":{"rendered":"\n<figure class=\"wp-block-gallery has-nested-images columns-default is-cropped wp-block-gallery-1 is-layout-flex wp-block-gallery-is-layout-flex\">\n<figure class=\"wp-block-image size-medium\"><img loading=\"lazy\" decoding=\"async\" width=\"500\" height=\"333\" data-id=\"9162\" src=\"https:\/\/wp2.rinconeducativo.org\/wp-content\/uploads\/2015\/08\/ponentes-alejandro-pina-barrio-500x333.jpg\" alt=\"Jos\u00e9 Alejandro Pina Barrio\" class=\"wp-image-9162\" srcset=\"https:\/\/rinconeducativo.org\/wp-content\/uploads\/2015\/08\/ponentes-alejandro-pina-barrio-500x333.jpg 500w, https:\/\/rinconeducativo.org\/wp-content\/uploads\/2015\/08\/ponentes-alejandro-pina-barrio-768x512.jpg 768w, https:\/\/rinconeducativo.org\/wp-content\/uploads\/2015\/08\/ponentes-alejandro-pina-barrio.jpg 1198w\" sizes=\"auto, (max-width: 500px) 100vw, 500px\" \/><figcaption>Jos\u00e9 Alejandro Pina Barrio<\/figcaption><\/figure>\n\n\n\n<figure class=\"wp-block-image size-medium\"><img loading=\"lazy\" decoding=\"async\" width=\"500\" height=\"334\" data-id=\"9160\" src=\"https:\/\/wp2.rinconeducativo.org\/wp-content\/uploads\/2015\/08\/carmen-barco-500x334.jpg\" alt=\"Carmen Barco D\u00edaz\" class=\"wp-image-9160\" srcset=\"https:\/\/rinconeducativo.org\/wp-content\/uploads\/2015\/08\/carmen-barco-500x334.jpg 500w, https:\/\/rinconeducativo.org\/wp-content\/uploads\/2015\/08\/carmen-barco-1200x800.jpg 1200w, https:\/\/rinconeducativo.org\/wp-content\/uploads\/2015\/08\/carmen-barco-768x512.jpg 768w, https:\/\/rinconeducativo.org\/wp-content\/uploads\/2015\/08\/carmen-barco-1536x1025.jpg 1536w, https:\/\/rinconeducativo.org\/wp-content\/uploads\/2015\/08\/carmen-barco-2048x1366.jpg 2048w, https:\/\/rinconeducativo.org\/wp-content\/uploads\/2015\/08\/carmen-barco-scaled.jpg 2560w\" sizes=\"auto, (max-width: 500px) 100vw, 500px\" \/><figcaption>Carmen Barco D\u00edaz<\/figcaption><\/figure>\n\n\n\n<figure class=\"wp-block-image size-medium\"><img loading=\"lazy\" decoding=\"async\" width=\"500\" height=\"333\" data-id=\"9158\" src=\"https:\/\/wp2.rinconeducativo.org\/wp-content\/uploads\/2015\/08\/raul-angel-balufo-500x333.jpg\" alt=\"Ra\u00fal Mateo \u00c1ngel Balufo\" class=\"wp-image-9158\" srcset=\"https:\/\/rinconeducativo.org\/wp-content\/uploads\/2015\/08\/raul-angel-balufo-500x333.jpg 500w, https:\/\/rinconeducativo.org\/wp-content\/uploads\/2015\/08\/raul-angel-balufo-1200x800.jpg 1200w, https:\/\/rinconeducativo.org\/wp-content\/uploads\/2015\/08\/raul-angel-balufo-768x512.jpg 768w, https:\/\/rinconeducativo.org\/wp-content\/uploads\/2015\/08\/raul-angel-balufo-1536x1024.jpg 1536w, https:\/\/rinconeducativo.org\/wp-content\/uploads\/2015\/08\/raul-angel-balufo-2048x1365.jpg 2048w, https:\/\/rinconeducativo.org\/wp-content\/uploads\/2015\/08\/raul-angel-balufo-scaled.jpg 2560w\" sizes=\"auto, (max-width: 500px) 100vw, 500px\" \/><figcaption>Ra\u00fal Mateo \u00c1ngel Balufo<\/figcaption><\/figure>\n\n\n\n<figure class=\"wp-block-image size-medium\"><img loading=\"lazy\" decoding=\"async\" width=\"500\" height=\"333\" data-id=\"9153\" src=\"https:\/\/wp2.rinconeducativo.org\/wp-content\/uploads\/2015\/08\/ponentes-rafael_herranz-500x333.jpg\" alt=\"Rafael Herranz Crespo\" class=\"wp-image-9153\" srcset=\"https:\/\/rinconeducativo.org\/wp-content\/uploads\/2015\/08\/ponentes-rafael_herranz-500x333.jpg 500w, https:\/\/rinconeducativo.org\/wp-content\/uploads\/2015\/08\/ponentes-rafael_herranz-768x512.jpg 768w, https:\/\/rinconeducativo.org\/wp-content\/uploads\/2015\/08\/ponentes-rafael_herranz.jpg 1198w\" sizes=\"auto, (max-width: 500px) 100vw, 500px\" \/><figcaption>Rafael Herranz Crespo<\/figcaption><\/figure>\n\n\n\n<figure class=\"wp-block-image size-medium\"><img loading=\"lazy\" decoding=\"async\" width=\"500\" height=\"333\" data-id=\"9148\" src=\"https:\/\/wp2.rinconeducativo.org\/wp-content\/uploads\/2015\/08\/ponentes-manuel-rodriguez-500x333.jpg\" alt=\"Manuel Rodr\u00edguez Silva\" class=\"wp-image-9148\" srcset=\"https:\/\/rinconeducativo.org\/wp-content\/uploads\/2015\/08\/ponentes-manuel-rodriguez-500x333.jpg 500w, https:\/\/rinconeducativo.org\/wp-content\/uploads\/2015\/08\/ponentes-manuel-rodriguez-768x512.jpg 768w, https:\/\/rinconeducativo.org\/wp-content\/uploads\/2015\/08\/ponentes-manuel-rodriguez.jpg 1198w\" sizes=\"auto, (max-width: 500px) 100vw, 500px\" \/><figcaption>Manuel Rodr\u00edguez Silva<\/figcaption><\/figure>\n\n\n\n<figure class=\"wp-block-image size-medium\"><img loading=\"lazy\" decoding=\"async\" width=\"500\" height=\"333\" data-id=\"9143\" src=\"https:\/\/wp2.rinconeducativo.org\/wp-content\/uploads\/2015\/08\/ponentes-luis-balairon-500x333.jpg\" alt=\"Luis Balair\u00f3n Ruiz\" class=\"wp-image-9143\" srcset=\"https:\/\/rinconeducativo.org\/wp-content\/uploads\/2015\/08\/ponentes-luis-balairon-500x333.jpg 500w, https:\/\/rinconeducativo.org\/wp-content\/uploads\/2015\/08\/ponentes-luis-balairon-768x512.jpg 768w, https:\/\/rinconeducativo.org\/wp-content\/uploads\/2015\/08\/ponentes-luis-balairon.jpg 1198w\" sizes=\"auto, (max-width: 500px) 100vw, 500px\" \/><figcaption>Luis Balair\u00f3n Ruiz<\/figcaption><\/figure>\n\n\n\n<figure class=\"wp-block-image size-medium\"><img loading=\"lazy\" decoding=\"async\" width=\"500\" height=\"333\" data-id=\"9138\" src=\"https:\/\/wp2.rinconeducativo.org\/wp-content\/uploads\/2015\/08\/ponente-jorge-lang-lenton-500x333.jpg\" alt=\"Jorge Lang-Lenton Le\u00f3n\" class=\"wp-image-9138\" srcset=\"https:\/\/rinconeducativo.org\/wp-content\/uploads\/2015\/08\/ponente-jorge-lang-lenton-500x333.jpg 500w, https:\/\/rinconeducativo.org\/wp-content\/uploads\/2015\/08\/ponente-jorge-lang-lenton-768x512.jpg 768w, https:\/\/rinconeducativo.org\/wp-content\/uploads\/2015\/08\/ponente-jorge-lang-lenton.jpg 1198w\" sizes=\"auto, (max-width: 500px) 100vw, 500px\" \/><figcaption>Jorge Lang-Lenton Le\u00f3n<\/figcaption><\/figure>\n\n\n\n<figure class=\"wp-block-image size-medium\"><img loading=\"lazy\" decoding=\"async\" width=\"500\" height=\"333\" data-id=\"9133\" src=\"https:\/\/wp2.rinconeducativo.org\/wp-content\/uploads\/2015\/08\/ponentes-javier-sanchez-porro-500x333.jpg\" alt=\"Javier Ruiz S\u00e1nchez-Porro\" class=\"wp-image-9133\" srcset=\"https:\/\/rinconeducativo.org\/wp-content\/uploads\/2015\/08\/ponentes-javier-sanchez-porro-500x333.jpg 500w, https:\/\/rinconeducativo.org\/wp-content\/uploads\/2015\/08\/ponentes-javier-sanchez-porro-768x512.jpg 768w, https:\/\/rinconeducativo.org\/wp-content\/uploads\/2015\/08\/ponentes-javier-sanchez-porro.jpg 1198w\" sizes=\"auto, (max-width: 500px) 100vw, 500px\" \/><figcaption>Javier Ruiz S\u00e1nchez-Porro<\/figcaption><\/figure>\n\n\n\n<figure class=\"wp-block-image size-medium\"><img loading=\"lazy\" decoding=\"async\" width=\"500\" height=\"334\" data-id=\"9128\" src=\"https:\/\/wp2.rinconeducativo.org\/wp-content\/uploads\/2015\/08\/francisco-yague-500x334.jpg\" alt=\"Francisco Yag\u00fce \u00c1lvarez\" class=\"wp-image-9128\" srcset=\"https:\/\/rinconeducativo.org\/wp-content\/uploads\/2015\/08\/francisco-yague-500x334.jpg 500w, https:\/\/rinconeducativo.org\/wp-content\/uploads\/2015\/08\/francisco-yague-1200x800.jpg 1200w, https:\/\/rinconeducativo.org\/wp-content\/uploads\/2015\/08\/francisco-yague-768x512.jpg 768w, https:\/\/rinconeducativo.org\/wp-content\/uploads\/2015\/08\/francisco-yague-1536x1025.jpg 1536w, https:\/\/rinconeducativo.org\/wp-content\/uploads\/2015\/08\/francisco-yague-2048x1366.jpg 2048w, https:\/\/rinconeducativo.org\/wp-content\/uploads\/2015\/08\/francisco-yague-scaled.jpg 2560w\" sizes=\"auto, (max-width: 500px) 100vw, 500px\" \/><figcaption>Francisco Yag\u00fce \u00c1lvarez<\/figcaption><\/figure>\n\n\n\n<figure class=\"wp-block-image size-medium\"><img loading=\"lazy\" decoding=\"async\" width=\"500\" height=\"333\" data-id=\"9123\" src=\"https:\/\/wp2.rinconeducativo.org\/wp-content\/uploads\/2015\/08\/ponentes-francisco-garcia-acosta-500x333.jpg\" alt=\"Francisco Garc\u00eda Acosta\" class=\"wp-image-9123\" srcset=\"https:\/\/rinconeducativo.org\/wp-content\/uploads\/2015\/08\/ponentes-francisco-garcia-acosta-500x333.jpg 500w, https:\/\/rinconeducativo.org\/wp-content\/uploads\/2015\/08\/ponentes-francisco-garcia-acosta-768x512.jpg 768w, https:\/\/rinconeducativo.org\/wp-content\/uploads\/2015\/08\/ponentes-francisco-garcia-acosta.jpg 1198w\" sizes=\"auto, (max-width: 500px) 100vw, 500px\" \/><figcaption>Francisco Garc\u00eda Acosta<\/figcaption><\/figure>\n\n\n\n<figure class=\"wp-block-image size-medium\"><img loading=\"lazy\" decoding=\"async\" width=\"500\" height=\"333\" data-id=\"9118\" src=\"https:\/\/wp2.rinconeducativo.org\/wp-content\/uploads\/2015\/08\/ponentes-antonio-perez-500x333.jpg\" alt=\"Antonio P\u00e9rez Sanz\" class=\"wp-image-9118\" srcset=\"https:\/\/rinconeducativo.org\/wp-content\/uploads\/2015\/08\/ponentes-antonio-perez-500x333.jpg 500w, https:\/\/rinconeducativo.org\/wp-content\/uploads\/2015\/08\/ponentes-antonio-perez-768x512.jpg 768w, https:\/\/rinconeducativo.org\/wp-content\/uploads\/2015\/08\/ponentes-antonio-perez.jpg 1198w\" sizes=\"auto, (max-width: 500px) 100vw, 500px\" \/><figcaption>Antonio P\u00e9rez Sanz<\/figcaption><\/figure>\n\n\n\n<figure class=\"wp-block-image size-medium\"><img loading=\"lazy\" decoding=\"async\" width=\"500\" height=\"332\" data-id=\"9113\" src=\"https:\/\/wp2.rinconeducativo.org\/wp-content\/uploads\/2015\/08\/ponentes-ester-garcia-tapias-500x332.jpg\" alt=\"Ester Garc\u00eda Tapias\" class=\"wp-image-9113\" srcset=\"https:\/\/rinconeducativo.org\/wp-content\/uploads\/2015\/08\/ponentes-ester-garcia-tapias-500x332.jpg 500w, https:\/\/rinconeducativo.org\/wp-content\/uploads\/2015\/08\/ponentes-ester-garcia-tapias-1200x797.jpg 1200w, https:\/\/rinconeducativo.org\/wp-content\/uploads\/2015\/08\/ponentes-ester-garcia-tapias-768x510.jpg 768w, https:\/\/rinconeducativo.org\/wp-content\/uploads\/2015\/08\/ponentes-ester-garcia-tapias-1536x1020.jpg 1536w, https:\/\/rinconeducativo.org\/wp-content\/uploads\/2015\/08\/ponentes-ester-garcia-tapias-2048x1360.jpg 2048w, https:\/\/rinconeducativo.org\/wp-content\/uploads\/2015\/08\/ponentes-ester-garcia-tapias-scaled.jpg 2560w\" sizes=\"auto, (max-width: 500px) 100vw, 500px\" \/><figcaption>Ester Garc\u00eda Tapias<\/figcaption><\/figure>\n<\/figure>\n","protected":false},"excerpt":{"rendered":"","protected":false},"author":1082,"featured_media":17572,"template":"","meta":{"_acf_changed":false},"tags":[],"jornadas_edicion":[7038],"jornadas_tipo":[7052],"clasificacion_anterior":[],"class_list":["post-17571","re_jornada","type-re_jornada","status-publish","has-post-thumbnail","hentry","jornadas_edicion-2010-la-proteccion-del-medio-ambiente-en-la-gestion-de-las-centrales-nucleares","jornadas_tipo-fotogalerias"],"acf":[],"yoast_head":"<!-- This site is optimized with the Yoast SEO plugin v26.8 - https:\/\/yoast.com\/product\/yoast-seo-wordpress\/ -->\n<title>Fotogaler\u00eda. 2010: La Protecci\u00f3n del Medio Ambiente en la Gesti\u00f3n de las Centrales Nucleares - Rinc\u00f3n educativo<\/title>\n<meta name=\"robots\" content=\"index, follow, max-snippet:-1, max-image-preview:large, max-video-preview:-1\" \/>\n<link rel=\"canonical\" href=\"https:\/\/rinconeducativo.org\/en\/jornadas\/fotogaleria-2010-la-proteccion-del-medio-ambiente-en-la-gestion-de-las-centrales-nucleares\/\" \/>\n<meta property=\"og:locale\" content=\"es_ES\" \/>\n<meta property=\"og:type\" content=\"article\" \/>\n<meta property=\"og:title\" content=\"Fotogaler\u00eda. 2010: La Protecci\u00f3n del Medio Ambiente en la Gesti\u00f3n de las Centrales Nucleares - Rinc\u00f3n educativo\" \/>\n<meta property=\"og:url\" content=\"https:\/\/rinconeducativo.org\/en\/jornadas\/fotogaleria-2010-la-proteccion-del-medio-ambiente-en-la-gestion-de-las-centrales-nucleares\/\" \/>\n<meta property=\"og:site_name\" content=\"Rinc\u00f3n educativo\" \/>\n<meta property=\"article:modified_time\" content=\"2022-09-14T19:40:41+00:00\" \/>\n<meta property=\"og:image\" content=\"https:\/\/rinconeducativo.org\/wp-content\/uploads\/2022\/09\/fotogaleria-jornadas-2010.png\" \/>\n\t<meta property=\"og:image:width\" content=\"408\" \/>\n\t<meta property=\"og:image:height\" content=\"231\" \/>\n\t<meta property=\"og:image:type\" content=\"image\/png\" \/>\n<meta name=\"twitter:card\" content=\"summary_large_image\" \/>\n<script type=\"application\/ld+json\" class=\"yoast-schema-graph\">{\"@context\":\"https:\/\/schema.org\",\"@graph\":[{\"@type\":\"WebPage\",\"@id\":\"https:\/\/rinconeducativo.org\/en\/jornadas\/fotogaleria-2010-la-proteccion-del-medio-ambiente-en-la-gestion-de-las-centrales-nucleares\/\",\"url\":\"https:\/\/rinconeducativo.org\/en\/jornadas\/fotogaleria-2010-la-proteccion-del-medio-ambiente-en-la-gestion-de-las-centrales-nucleares\/\",\"name\":\"Fotogaler\u00eda. 2010: La Protecci\u00f3n del Medio Ambiente en la Gesti\u00f3n de las Centrales Nucleares - Rinc\u00f3n educativo\",\"isPartOf\":{\"@id\":\"https:\/\/rinconeducativo.org\/es\/#website\"},\"primaryImageOfPage\":{\"@id\":\"https:\/\/rinconeducativo.org\/en\/jornadas\/fotogaleria-2010-la-proteccion-del-medio-ambiente-en-la-gestion-de-las-centrales-nucleares\/#primaryimage\"},\"image\":{\"@id\":\"https:\/\/rinconeducativo.org\/en\/jornadas\/fotogaleria-2010-la-proteccion-del-medio-ambiente-en-la-gestion-de-las-centrales-nucleares\/#primaryimage\"},\"thumbnailUrl\":\"https:\/\/rinconeducativo.org\/wp-content\/uploads\/2022\/09\/fotogaleria-jornadas-2010.png\",\"datePublished\":\"2022-09-14T19:40:40+00:00\",\"dateModified\":\"2022-09-14T19:40:41+00:00\",\"breadcrumb\":{\"@id\":\"https:\/\/rinconeducativo.org\/en\/jornadas\/fotogaleria-2010-la-proteccion-del-medio-ambiente-en-la-gestion-de-las-centrales-nucleares\/#breadcrumb\"},\"inLanguage\":\"es\",\"potentialAction\":[{\"@type\":\"ReadAction\",\"target\":[\"https:\/\/rinconeducativo.org\/en\/jornadas\/fotogaleria-2010-la-proteccion-del-medio-ambiente-en-la-gestion-de-las-centrales-nucleares\/\"]}]},{\"@type\":\"ImageObject\",\"inLanguage\":\"es\",\"@id\":\"https:\/\/rinconeducativo.org\/en\/jornadas\/fotogaleria-2010-la-proteccion-del-medio-ambiente-en-la-gestion-de-las-centrales-nucleares\/#primaryimage\",\"url\":\"https:\/\/rinconeducativo.org\/wp-content\/uploads\/2022\/09\/fotogaleria-jornadas-2010.png\",\"contentUrl\":\"https:\/\/rinconeducativo.org\/wp-content\/uploads\/2022\/09\/fotogaleria-jornadas-2010.png\",\"width\":408,\"height\":231},{\"@type\":\"BreadcrumbList\",\"@id\":\"https:\/\/rinconeducativo.org\/en\/jornadas\/fotogaleria-2010-la-proteccion-del-medio-ambiente-en-la-gestion-de-las-centrales-nucleares\/#breadcrumb\",\"itemListElement\":[{\"@type\":\"ListItem\",\"position\":1,\"name\":\"Portada\",\"item\":\"https:\/\/rinconeducativo.org\/es\/\"},{\"@type\":\"ListItem\",\"position\":2,\"name\":\"Conferences\",\"item\":\"https:\/\/rinconeducativo.org\/en\/jornadas-en\/\"},{\"@type\":\"ListItem\",\"position\":3,\"name\":\"Fotogaler\u00eda. 2010: La Protecci\u00f3n del Medio Ambiente en la Gesti\u00f3n de las Centrales Nucleares\"}]},{\"@type\":\"WebSite\",\"@id\":\"https:\/\/rinconeducativo.org\/es\/#website\",\"url\":\"https:\/\/rinconeducativo.org\/es\/\",\"name\":\"Rinc\u00f3n educativo\",\"description\":\"Un proyecto del Foro Nuclear\",\"potentialAction\":[{\"@type\":\"SearchAction\",\"target\":{\"@type\":\"EntryPoint\",\"urlTemplate\":\"https:\/\/rinconeducativo.org\/es\/?s={search_term_string}\"},\"query-input\":{\"@type\":\"PropertyValueSpecification\",\"valueRequired\":true,\"valueName\":\"search_term_string\"}}],\"inLanguage\":\"es\"}]}<\/script>\n<!-- \/ Yoast SEO plugin. -->","yoast_head_json":{"title":"Fotogaler\u00eda. 2010: La Protecci\u00f3n del Medio Ambiente en la Gesti\u00f3n de las Centrales Nucleares - Rinc\u00f3n educativo","robots":{"index":"index","follow":"follow","max-snippet":"max-snippet:-1","max-image-preview":"max-image-preview:large","max-video-preview":"max-video-preview:-1"},"canonical":"https:\/\/rinconeducativo.org\/en\/jornadas\/fotogaleria-2010-la-proteccion-del-medio-ambiente-en-la-gestion-de-las-centrales-nucleares\/","og_locale":"es_ES","og_type":"article","og_title":"Fotogaler\u00eda. 2010: La Protecci\u00f3n del Medio Ambiente en la Gesti\u00f3n de las Centrales Nucleares - Rinc\u00f3n educativo","og_url":"https:\/\/rinconeducativo.org\/en\/jornadas\/fotogaleria-2010-la-proteccion-del-medio-ambiente-en-la-gestion-de-las-centrales-nucleares\/","og_site_name":"Rinc\u00f3n educativo","article_modified_time":"2022-09-14T19:40:41+00:00","og_image":[{"width":408,"height":231,"url":"https:\/\/rinconeducativo.org\/wp-content\/uploads\/2022\/09\/fotogaleria-jornadas-2010.png","type":"image\/png"}],"twitter_card":"summary_large_image","schema":{"@context":"https:\/\/schema.org","@graph":[{"@type":"WebPage","@id":"https:\/\/rinconeducativo.org\/en\/jornadas\/fotogaleria-2010-la-proteccion-del-medio-ambiente-en-la-gestion-de-las-centrales-nucleares\/","url":"https:\/\/rinconeducativo.org\/en\/jornadas\/fotogaleria-2010-la-proteccion-del-medio-ambiente-en-la-gestion-de-las-centrales-nucleares\/","name":"Fotogaler\u00eda. 2010: La Protecci\u00f3n del Medio Ambiente en la Gesti\u00f3n de las Centrales Nucleares - Rinc\u00f3n educativo","isPartOf":{"@id":"https:\/\/rinconeducativo.org\/es\/#website"},"primaryImageOfPage":{"@id":"https:\/\/rinconeducativo.org\/en\/jornadas\/fotogaleria-2010-la-proteccion-del-medio-ambiente-en-la-gestion-de-las-centrales-nucleares\/#primaryimage"},"image":{"@id":"https:\/\/rinconeducativo.org\/en\/jornadas\/fotogaleria-2010-la-proteccion-del-medio-ambiente-en-la-gestion-de-las-centrales-nucleares\/#primaryimage"},"thumbnailUrl":"https:\/\/rinconeducativo.org\/wp-content\/uploads\/2022\/09\/fotogaleria-jornadas-2010.png","datePublished":"2022-09-14T19:40:40+00:00","dateModified":"2022-09-14T19:40:41+00:00","breadcrumb":{"@id":"https:\/\/rinconeducativo.org\/en\/jornadas\/fotogaleria-2010-la-proteccion-del-medio-ambiente-en-la-gestion-de-las-centrales-nucleares\/#breadcrumb"},"inLanguage":"es","potentialAction":[{"@type":"ReadAction","target":["https:\/\/rinconeducativo.org\/en\/jornadas\/fotogaleria-2010-la-proteccion-del-medio-ambiente-en-la-gestion-de-las-centrales-nucleares\/"]}]},{"@type":"ImageObject","inLanguage":"es","@id":"https:\/\/rinconeducativo.org\/en\/jornadas\/fotogaleria-2010-la-proteccion-del-medio-ambiente-en-la-gestion-de-las-centrales-nucleares\/#primaryimage","url":"https:\/\/rinconeducativo.org\/wp-content\/uploads\/2022\/09\/fotogaleria-jornadas-2010.png","contentUrl":"https:\/\/rinconeducativo.org\/wp-content\/uploads\/2022\/09\/fotogaleria-jornadas-2010.png","width":408,"height":231},{"@type":"BreadcrumbList","@id":"https:\/\/rinconeducativo.org\/en\/jornadas\/fotogaleria-2010-la-proteccion-del-medio-ambiente-en-la-gestion-de-las-centrales-nucleares\/#breadcrumb","itemListElement":[{"@type":"ListItem","position":1,"name":"Portada","item":"https:\/\/rinconeducativo.org\/es\/"},{"@type":"ListItem","position":2,"name":"Conferences","item":"https:\/\/rinconeducativo.org\/en\/jornadas-en\/"},{"@type":"ListItem","position":3,"name":"Fotogaler\u00eda. 2010: La Protecci\u00f3n del Medio Ambiente en la Gesti\u00f3n de las Centrales Nucleares"}]},{"@type":"WebSite","@id":"https:\/\/rinconeducativo.org\/es\/#website","url":"https:\/\/rinconeducativo.org\/es\/","name":"Rinc\u00f3n educativo","description":"Un proyecto del Foro Nuclear","potentialAction":[{"@type":"SearchAction","target":{"@type":"EntryPoint","urlTemplate":"https:\/\/rinconeducativo.org\/es\/?s={search_term_string}"},"query-input":{"@type":"PropertyValueSpecification","valueRequired":true,"valueName":"search_term_string"}}],"inLanguage":"es"}]}},"_links":{"self":[{"href":"https:\/\/rinconeducativo.org\/es\/wp-json\/wp\/v2\/re_jornada\/17571","targetHints":{"allow":["GET"]}}],"collection":[{"href":"https:\/\/rinconeducativo.org\/es\/wp-json\/wp\/v2\/re_jornada"}],"about":[{"href":"https:\/\/rinconeducativo.org\/es\/wp-json\/wp\/v2\/types\/re_jornada"}],"author":[{"embeddable":true,"href":"https:\/\/rinconeducativo.org\/es\/wp-json\/wp\/v2\/users\/1082"}],"wp:featuredmedia":[{"embeddable":true,"href":"https:\/\/rinconeducativo.org\/es\/wp-json\/wp\/v2\/media\/17572"}],"wp:attachment":[{"href":"https:\/\/rinconeducativo.org\/es\/wp-json\/wp\/v2\/media?parent=17571"}],"wp:term":[{"taxonomy":"post_tag","embeddable":true,"href":"https:\/\/rinconeducativo.org\/es\/wp-json\/wp\/v2\/tags?post=17571"},{"taxonomy":"jornadas_edicion","embeddable":true,"href":"https:\/\/rinconeducativo.org\/es\/wp-json\/wp\/v2\/jornadas_edicion?post=17571"},{"taxonomy":"jornadas_tipo","embeddable":true,"href":"https:\/\/rinconeducativo.org\/es\/wp-json\/wp\/v2\/jornadas_tipo?post=17571"},{"taxonomy":"clasificacion_anterior","embeddable":true,"href":"https:\/\/rinconeducativo.org\/es\/wp-json\/wp\/v2\/clasificacion_anterior?post=17571"}],"curies":[{"name":"wp","href":"https:\/\/api.w.org\/{rel}","templated":true}]}}