{"id":17555,"date":"2022-09-14T18:06:36","date_gmt":"2022-09-14T16:06:36","guid":{"rendered":"https:\/\/wp2.rinconeducativo.org\/?post_type=re_jornada&#038;p=17555"},"modified":"2022-09-14T19:25:30","modified_gmt":"2022-09-14T17:25:30","slug":"fotogaleria-2013-aplicaciones-de-la-tecnologia-nuclear-y-su-influencia-en-el-mundo-cientifico","status":"publish","type":"re_jornada","link":"https:\/\/rinconeducativo.org\/es\/jornadas\/fotogaleria-2013-aplicaciones-de-la-tecnologia-nuclear-y-su-influencia-en-el-mundo-cientifico\/","title":{"rendered":"Fotogaler\u00eda. 2013: Aplicaciones de la Tecnolog\u00eda Nuclear y su Influencia en el Mundo Cient\u00edfico"},"content":{"rendered":"\n<figure class=\"wp-block-gallery has-nested-images columns-default is-cropped wp-block-gallery-1 is-layout-flex wp-block-gallery-is-layout-flex\">\n<figure class=\"wp-block-image size-medium\"><img loading=\"lazy\" decoding=\"async\" width=\"500\" height=\"332\" data-id=\"9280\" src=\"https:\/\/wp2.rinconeducativo.org\/wp-content\/uploads\/2015\/08\/ponentes-merce-raventos-500x332.jpg\" alt=\"Merc\u00e8 Ravent\u00f3s Santamar\u00eda\" class=\"wp-image-9280\" srcset=\"https:\/\/rinconeducativo.org\/wp-content\/uploads\/2015\/08\/ponentes-merce-raventos-500x332.jpg 500w, https:\/\/rinconeducativo.org\/wp-content\/uploads\/2015\/08\/ponentes-merce-raventos-1200x797.jpg 1200w, https:\/\/rinconeducativo.org\/wp-content\/uploads\/2015\/08\/ponentes-merce-raventos-768x510.jpg 768w, https:\/\/rinconeducativo.org\/wp-content\/uploads\/2015\/08\/ponentes-merce-raventos-1536x1020.jpg 1536w, https:\/\/rinconeducativo.org\/wp-content\/uploads\/2015\/08\/ponentes-merce-raventos-2048x1359.jpg 2048w, https:\/\/rinconeducativo.org\/wp-content\/uploads\/2015\/08\/ponentes-merce-raventos-scaled.jpg 2560w\" sizes=\"auto, (max-width: 500px) 100vw, 500px\" \/><figcaption>Merc\u00e8 Ravent\u00f3s Santamar\u00eda<\/figcaption><\/figure>\n\n\n\n<figure class=\"wp-block-image size-medium\"><img loading=\"lazy\" decoding=\"async\" width=\"500\" height=\"333\" data-id=\"9278\" src=\"https:\/\/wp2.rinconeducativo.org\/wp-content\/uploads\/2015\/08\/laura-alba-500x333.jpg\" alt=\"Laura Alba Carcel\u00e9n\" class=\"wp-image-9278\" srcset=\"https:\/\/rinconeducativo.org\/wp-content\/uploads\/2015\/08\/laura-alba-500x333.jpg 500w, https:\/\/rinconeducativo.org\/wp-content\/uploads\/2015\/08\/laura-alba-1200x800.jpg 1200w, https:\/\/rinconeducativo.org\/wp-content\/uploads\/2015\/08\/laura-alba-768x512.jpg 768w, https:\/\/rinconeducativo.org\/wp-content\/uploads\/2015\/08\/laura-alba-1536x1024.jpg 1536w, https:\/\/rinconeducativo.org\/wp-content\/uploads\/2015\/08\/laura-alba-2048x1365.jpg 2048w, https:\/\/rinconeducativo.org\/wp-content\/uploads\/2015\/08\/laura-alba-scaled.jpg 2560w\" sizes=\"auto, (max-width: 500px) 100vw, 500px\" \/><figcaption>Laura Alba Carcel\u00e9n<\/figcaption><\/figure>\n\n\n\n<figure class=\"wp-block-image size-medium\"><img loading=\"lazy\" decoding=\"async\" width=\"500\" height=\"333\" data-id=\"9276\" src=\"https:\/\/wp2.rinconeducativo.org\/wp-content\/uploads\/2015\/08\/ponentes-jmiguel-rios-500x333.jpg\" alt=\"Jos\u00e9 Miguel R\u00edos Mitchell\" class=\"wp-image-9276\" srcset=\"https:\/\/rinconeducativo.org\/wp-content\/uploads\/2015\/08\/ponentes-jmiguel-rios-500x333.jpg 500w, https:\/\/rinconeducativo.org\/wp-content\/uploads\/2015\/08\/ponentes-jmiguel-rios-1200x799.jpg 1200w, https:\/\/rinconeducativo.org\/wp-content\/uploads\/2015\/08\/ponentes-jmiguel-rios-768x511.jpg 768w, https:\/\/rinconeducativo.org\/wp-content\/uploads\/2015\/08\/ponentes-jmiguel-rios-1536x1022.jpg 1536w, https:\/\/rinconeducativo.org\/wp-content\/uploads\/2015\/08\/ponentes-jmiguel-rios-2048x1363.jpg 2048w, https:\/\/rinconeducativo.org\/wp-content\/uploads\/2015\/08\/ponentes-jmiguel-rios-scaled.jpg 2560w\" sizes=\"auto, (max-width: 500px) 100vw, 500px\" \/><figcaption>Jos\u00e9 Miguel R\u00edos Mitchell<\/figcaption><\/figure>\n\n\n\n<figure class=\"wp-block-image size-medium\"><img loading=\"lazy\" decoding=\"async\" width=\"500\" height=\"333\" data-id=\"9245\" src=\"https:\/\/wp2.rinconeducativo.org\/wp-content\/uploads\/2015\/08\/ponentes-carolina-anhert-500x333.jpg\" alt=\"Carolina Ahnert\" class=\"wp-image-9245\" srcset=\"https:\/\/rinconeducativo.org\/wp-content\/uploads\/2015\/08\/ponentes-carolina-anhert-500x333.jpg 500w, https:\/\/rinconeducativo.org\/wp-content\/uploads\/2015\/08\/ponentes-carolina-anhert-1200x798.jpg 1200w, https:\/\/rinconeducativo.org\/wp-content\/uploads\/2015\/08\/ponentes-carolina-anhert-768x511.jpg 768w, https:\/\/rinconeducativo.org\/wp-content\/uploads\/2015\/08\/ponentes-carolina-anhert-1536x1022.jpg 1536w, https:\/\/rinconeducativo.org\/wp-content\/uploads\/2015\/08\/ponentes-carolina-anhert-2048x1363.jpg 2048w, https:\/\/rinconeducativo.org\/wp-content\/uploads\/2015\/08\/ponentes-carolina-anhert-scaled.jpg 2560w\" sizes=\"auto, (max-width: 500px) 100vw, 500px\" \/><figcaption>Carolina Ahnert<\/figcaption><\/figure>\n\n\n\n<figure class=\"wp-block-image size-medium\"><img loading=\"lazy\" decoding=\"async\" width=\"500\" height=\"333\" data-id=\"9272\" src=\"https:\/\/wp2.rinconeducativo.org\/wp-content\/uploads\/2015\/08\/ponentes-fernando-alberca-500x333.jpg\" alt=\"Fernando Alberca de Castro\" class=\"wp-image-9272\" srcset=\"https:\/\/rinconeducativo.org\/wp-content\/uploads\/2015\/08\/ponentes-fernando-alberca-500x333.jpg 500w, https:\/\/rinconeducativo.org\/wp-content\/uploads\/2015\/08\/ponentes-fernando-alberca-1200x798.jpg 1200w, https:\/\/rinconeducativo.org\/wp-content\/uploads\/2015\/08\/ponentes-fernando-alberca-768x511.jpg 768w, https:\/\/rinconeducativo.org\/wp-content\/uploads\/2015\/08\/ponentes-fernando-alberca-1536x1022.jpg 1536w, https:\/\/rinconeducativo.org\/wp-content\/uploads\/2015\/08\/ponentes-fernando-alberca-2048x1363.jpg 2048w, https:\/\/rinconeducativo.org\/wp-content\/uploads\/2015\/08\/ponentes-fernando-alberca-scaled.jpg 2560w\" sizes=\"auto, (max-width: 500px) 100vw, 500px\" \/><figcaption>Fernando Alberca de Castro<\/figcaption><\/figure>\n\n\n\n<figure class=\"wp-block-image size-medium\"><img loading=\"lazy\" decoding=\"async\" width=\"500\" height=\"333\" data-id=\"9243\" src=\"https:\/\/wp2.rinconeducativo.org\/wp-content\/uploads\/2015\/08\/berta-picamal-500x333.jpg\" alt=\"Berta Picamal\" class=\"wp-image-9243\" srcset=\"https:\/\/rinconeducativo.org\/wp-content\/uploads\/2015\/08\/berta-picamal-500x333.jpg 500w, https:\/\/rinconeducativo.org\/wp-content\/uploads\/2015\/08\/berta-picamal-1200x800.jpg 1200w, https:\/\/rinconeducativo.org\/wp-content\/uploads\/2015\/08\/berta-picamal-768x512.jpg 768w, https:\/\/rinconeducativo.org\/wp-content\/uploads\/2015\/08\/berta-picamal-1536x1024.jpg 1536w, https:\/\/rinconeducativo.org\/wp-content\/uploads\/2015\/08\/berta-picamal-2048x1365.jpg 2048w, https:\/\/rinconeducativo.org\/wp-content\/uploads\/2015\/08\/berta-picamal-scaled.jpg 2560w\" sizes=\"auto, (max-width: 500px) 100vw, 500px\" \/><figcaption>Berta Picamal<\/figcaption><\/figure>\n<\/figure>\n","protected":false},"excerpt":{"rendered":"","protected":false},"author":1082,"featured_media":17562,"template":"","meta":{"_acf_changed":false},"tags":[],"jornadas_edicion":[7035],"jornadas_tipo":[7052],"clasificacion_anterior":[],"class_list":["post-17555","re_jornada","type-re_jornada","status-publish","has-post-thumbnail","hentry","jornadas_edicion-2013-aplicaciones-de-la-tecnologia-nuclear-y-su-influencia-en-el-mundo-cientifico","jornadas_tipo-fotogalerias"],"acf":[],"yoast_head":"<!-- This site is optimized with the Yoast SEO plugin v26.8 - https:\/\/yoast.com\/product\/yoast-seo-wordpress\/ -->\n<title>Fotogaler\u00eda. 2013: Aplicaciones de la Tecnolog\u00eda Nuclear y su Influencia en el Mundo Cient\u00edfico - Rinc\u00f3n educativo<\/title>\n<meta name=\"robots\" content=\"index, follow, max-snippet:-1, max-image-preview:large, max-video-preview:-1\" \/>\n<link rel=\"canonical\" href=\"https:\/\/rinconeducativo.org\/en\/jornadas\/fotogaleria-2013-aplicaciones-de-la-tecnologia-nuclear-y-su-influencia-en-el-mundo-cientifico\/\" \/>\n<meta property=\"og:locale\" content=\"es_ES\" \/>\n<meta property=\"og:type\" content=\"article\" \/>\n<meta property=\"og:title\" content=\"Fotogaler\u00eda. 2013: Aplicaciones de la Tecnolog\u00eda Nuclear y su Influencia en el Mundo Cient\u00edfico - Rinc\u00f3n educativo\" \/>\n<meta property=\"og:url\" content=\"https:\/\/rinconeducativo.org\/en\/jornadas\/fotogaleria-2013-aplicaciones-de-la-tecnologia-nuclear-y-su-influencia-en-el-mundo-cientifico\/\" \/>\n<meta property=\"og:site_name\" content=\"Rinc\u00f3n educativo\" \/>\n<meta property=\"article:modified_time\" content=\"2022-09-14T17:25:30+00:00\" \/>\n<meta property=\"og:image\" content=\"https:\/\/rinconeducativo.org\/wp-content\/uploads\/2022\/09\/fotogaleria-jornadas-2013.png\" \/>\n\t<meta property=\"og:image:width\" content=\"737\" \/>\n\t<meta property=\"og:image:height\" content=\"373\" \/>\n\t<meta property=\"og:image:type\" content=\"image\/png\" \/>\n<meta name=\"twitter:card\" content=\"summary_large_image\" \/>\n<script type=\"application\/ld+json\" class=\"yoast-schema-graph\">{\"@context\":\"https:\/\/schema.org\",\"@graph\":[{\"@type\":\"WebPage\",\"@id\":\"https:\/\/rinconeducativo.org\/en\/jornadas\/fotogaleria-2013-aplicaciones-de-la-tecnologia-nuclear-y-su-influencia-en-el-mundo-cientifico\/\",\"url\":\"https:\/\/rinconeducativo.org\/en\/jornadas\/fotogaleria-2013-aplicaciones-de-la-tecnologia-nuclear-y-su-influencia-en-el-mundo-cientifico\/\",\"name\":\"Fotogaler\u00eda. 2013: Aplicaciones de la Tecnolog\u00eda Nuclear y su Influencia en el Mundo Cient\u00edfico - Rinc\u00f3n educativo\",\"isPartOf\":{\"@id\":\"https:\/\/rinconeducativo.org\/es\/#website\"},\"primaryImageOfPage\":{\"@id\":\"https:\/\/rinconeducativo.org\/en\/jornadas\/fotogaleria-2013-aplicaciones-de-la-tecnologia-nuclear-y-su-influencia-en-el-mundo-cientifico\/#primaryimage\"},\"image\":{\"@id\":\"https:\/\/rinconeducativo.org\/en\/jornadas\/fotogaleria-2013-aplicaciones-de-la-tecnologia-nuclear-y-su-influencia-en-el-mundo-cientifico\/#primaryimage\"},\"thumbnailUrl\":\"https:\/\/rinconeducativo.org\/wp-content\/uploads\/2022\/09\/fotogaleria-jornadas-2013.png\",\"datePublished\":\"2022-09-14T16:06:36+00:00\",\"dateModified\":\"2022-09-14T17:25:30+00:00\",\"breadcrumb\":{\"@id\":\"https:\/\/rinconeducativo.org\/en\/jornadas\/fotogaleria-2013-aplicaciones-de-la-tecnologia-nuclear-y-su-influencia-en-el-mundo-cientifico\/#breadcrumb\"},\"inLanguage\":\"es\",\"potentialAction\":[{\"@type\":\"ReadAction\",\"target\":[\"https:\/\/rinconeducativo.org\/en\/jornadas\/fotogaleria-2013-aplicaciones-de-la-tecnologia-nuclear-y-su-influencia-en-el-mundo-cientifico\/\"]}]},{\"@type\":\"ImageObject\",\"inLanguage\":\"es\",\"@id\":\"https:\/\/rinconeducativo.org\/en\/jornadas\/fotogaleria-2013-aplicaciones-de-la-tecnologia-nuclear-y-su-influencia-en-el-mundo-cientifico\/#primaryimage\",\"url\":\"https:\/\/rinconeducativo.org\/wp-content\/uploads\/2022\/09\/fotogaleria-jornadas-2013.png\",\"contentUrl\":\"https:\/\/rinconeducativo.org\/wp-content\/uploads\/2022\/09\/fotogaleria-jornadas-2013.png\",\"width\":737,\"height\":373},{\"@type\":\"BreadcrumbList\",\"@id\":\"https:\/\/rinconeducativo.org\/en\/jornadas\/fotogaleria-2013-aplicaciones-de-la-tecnologia-nuclear-y-su-influencia-en-el-mundo-cientifico\/#breadcrumb\",\"itemListElement\":[{\"@type\":\"ListItem\",\"position\":1,\"name\":\"Portada\",\"item\":\"https:\/\/rinconeducativo.org\/es\/\"},{\"@type\":\"ListItem\",\"position\":2,\"name\":\"Conferences\",\"item\":\"https:\/\/rinconeducativo.org\/en\/jornadas-en\/\"},{\"@type\":\"ListItem\",\"position\":3,\"name\":\"Fotogaler\u00eda. 2013: Aplicaciones de la Tecnolog\u00eda Nuclear y su Influencia en el Mundo Cient\u00edfico\"}]},{\"@type\":\"WebSite\",\"@id\":\"https:\/\/rinconeducativo.org\/es\/#website\",\"url\":\"https:\/\/rinconeducativo.org\/es\/\",\"name\":\"Rinc\u00f3n educativo\",\"description\":\"Un proyecto del Foro Nuclear\",\"potentialAction\":[{\"@type\":\"SearchAction\",\"target\":{\"@type\":\"EntryPoint\",\"urlTemplate\":\"https:\/\/rinconeducativo.org\/es\/?s={search_term_string}\"},\"query-input\":{\"@type\":\"PropertyValueSpecification\",\"valueRequired\":true,\"valueName\":\"search_term_string\"}}],\"inLanguage\":\"es\"}]}<\/script>\n<!-- \/ Yoast SEO plugin. -->","yoast_head_json":{"title":"Fotogaler\u00eda. 2013: Aplicaciones de la Tecnolog\u00eda Nuclear y su Influencia en el Mundo Cient\u00edfico - Rinc\u00f3n educativo","robots":{"index":"index","follow":"follow","max-snippet":"max-snippet:-1","max-image-preview":"max-image-preview:large","max-video-preview":"max-video-preview:-1"},"canonical":"https:\/\/rinconeducativo.org\/en\/jornadas\/fotogaleria-2013-aplicaciones-de-la-tecnologia-nuclear-y-su-influencia-en-el-mundo-cientifico\/","og_locale":"es_ES","og_type":"article","og_title":"Fotogaler\u00eda. 2013: Aplicaciones de la Tecnolog\u00eda Nuclear y su Influencia en el Mundo Cient\u00edfico - Rinc\u00f3n educativo","og_url":"https:\/\/rinconeducativo.org\/en\/jornadas\/fotogaleria-2013-aplicaciones-de-la-tecnologia-nuclear-y-su-influencia-en-el-mundo-cientifico\/","og_site_name":"Rinc\u00f3n educativo","article_modified_time":"2022-09-14T17:25:30+00:00","og_image":[{"width":737,"height":373,"url":"https:\/\/rinconeducativo.org\/wp-content\/uploads\/2022\/09\/fotogaleria-jornadas-2013.png","type":"image\/png"}],"twitter_card":"summary_large_image","schema":{"@context":"https:\/\/schema.org","@graph":[{"@type":"WebPage","@id":"https:\/\/rinconeducativo.org\/en\/jornadas\/fotogaleria-2013-aplicaciones-de-la-tecnologia-nuclear-y-su-influencia-en-el-mundo-cientifico\/","url":"https:\/\/rinconeducativo.org\/en\/jornadas\/fotogaleria-2013-aplicaciones-de-la-tecnologia-nuclear-y-su-influencia-en-el-mundo-cientifico\/","name":"Fotogaler\u00eda. 2013: Aplicaciones de la Tecnolog\u00eda Nuclear y su Influencia en el Mundo Cient\u00edfico - Rinc\u00f3n educativo","isPartOf":{"@id":"https:\/\/rinconeducativo.org\/es\/#website"},"primaryImageOfPage":{"@id":"https:\/\/rinconeducativo.org\/en\/jornadas\/fotogaleria-2013-aplicaciones-de-la-tecnologia-nuclear-y-su-influencia-en-el-mundo-cientifico\/#primaryimage"},"image":{"@id":"https:\/\/rinconeducativo.org\/en\/jornadas\/fotogaleria-2013-aplicaciones-de-la-tecnologia-nuclear-y-su-influencia-en-el-mundo-cientifico\/#primaryimage"},"thumbnailUrl":"https:\/\/rinconeducativo.org\/wp-content\/uploads\/2022\/09\/fotogaleria-jornadas-2013.png","datePublished":"2022-09-14T16:06:36+00:00","dateModified":"2022-09-14T17:25:30+00:00","breadcrumb":{"@id":"https:\/\/rinconeducativo.org\/en\/jornadas\/fotogaleria-2013-aplicaciones-de-la-tecnologia-nuclear-y-su-influencia-en-el-mundo-cientifico\/#breadcrumb"},"inLanguage":"es","potentialAction":[{"@type":"ReadAction","target":["https:\/\/rinconeducativo.org\/en\/jornadas\/fotogaleria-2013-aplicaciones-de-la-tecnologia-nuclear-y-su-influencia-en-el-mundo-cientifico\/"]}]},{"@type":"ImageObject","inLanguage":"es","@id":"https:\/\/rinconeducativo.org\/en\/jornadas\/fotogaleria-2013-aplicaciones-de-la-tecnologia-nuclear-y-su-influencia-en-el-mundo-cientifico\/#primaryimage","url":"https:\/\/rinconeducativo.org\/wp-content\/uploads\/2022\/09\/fotogaleria-jornadas-2013.png","contentUrl":"https:\/\/rinconeducativo.org\/wp-content\/uploads\/2022\/09\/fotogaleria-jornadas-2013.png","width":737,"height":373},{"@type":"BreadcrumbList","@id":"https:\/\/rinconeducativo.org\/en\/jornadas\/fotogaleria-2013-aplicaciones-de-la-tecnologia-nuclear-y-su-influencia-en-el-mundo-cientifico\/#breadcrumb","itemListElement":[{"@type":"ListItem","position":1,"name":"Portada","item":"https:\/\/rinconeducativo.org\/es\/"},{"@type":"ListItem","position":2,"name":"Conferences","item":"https:\/\/rinconeducativo.org\/en\/jornadas-en\/"},{"@type":"ListItem","position":3,"name":"Fotogaler\u00eda. 2013: Aplicaciones de la Tecnolog\u00eda Nuclear y su Influencia en el Mundo Cient\u00edfico"}]},{"@type":"WebSite","@id":"https:\/\/rinconeducativo.org\/es\/#website","url":"https:\/\/rinconeducativo.org\/es\/","name":"Rinc\u00f3n educativo","description":"Un proyecto del Foro Nuclear","potentialAction":[{"@type":"SearchAction","target":{"@type":"EntryPoint","urlTemplate":"https:\/\/rinconeducativo.org\/es\/?s={search_term_string}"},"query-input":{"@type":"PropertyValueSpecification","valueRequired":true,"valueName":"search_term_string"}}],"inLanguage":"es"}]}},"_links":{"self":[{"href":"https:\/\/rinconeducativo.org\/es\/wp-json\/wp\/v2\/re_jornada\/17555","targetHints":{"allow":["GET"]}}],"collection":[{"href":"https:\/\/rinconeducativo.org\/es\/wp-json\/wp\/v2\/re_jornada"}],"about":[{"href":"https:\/\/rinconeducativo.org\/es\/wp-json\/wp\/v2\/types\/re_jornada"}],"author":[{"embeddable":true,"href":"https:\/\/rinconeducativo.org\/es\/wp-json\/wp\/v2\/users\/1082"}],"wp:featuredmedia":[{"embeddable":true,"href":"https:\/\/rinconeducativo.org\/es\/wp-json\/wp\/v2\/media\/17562"}],"wp:attachment":[{"href":"https:\/\/rinconeducativo.org\/es\/wp-json\/wp\/v2\/media?parent=17555"}],"wp:term":[{"taxonomy":"post_tag","embeddable":true,"href":"https:\/\/rinconeducativo.org\/es\/wp-json\/wp\/v2\/tags?post=17555"},{"taxonomy":"jornadas_edicion","embeddable":true,"href":"https:\/\/rinconeducativo.org\/es\/wp-json\/wp\/v2\/jornadas_edicion?post=17555"},{"taxonomy":"jornadas_tipo","embeddable":true,"href":"https:\/\/rinconeducativo.org\/es\/wp-json\/wp\/v2\/jornadas_tipo?post=17555"},{"taxonomy":"clasificacion_anterior","embeddable":true,"href":"https:\/\/rinconeducativo.org\/es\/wp-json\/wp\/v2\/clasificacion_anterior?post=17555"}],"curies":[{"name":"wp","href":"https:\/\/api.w.org\/{rel}","templated":true}]}}