{"id":17532,"date":"2022-09-14T12:01:05","date_gmt":"2022-09-14T10:01:05","guid":{"rendered":"https:\/\/wp2.rinconeducativo.org\/?post_type=re_jornada&#038;p=17532"},"modified":"2022-09-14T18:00:17","modified_gmt":"2022-09-14T16:00:17","slug":"fotogaleria-2014-energia-y-medio-ambiente","status":"publish","type":"re_jornada","link":"https:\/\/rinconeducativo.org\/es\/jornadas\/fotogaleria-2014-energia-y-medio-ambiente\/","title":{"rendered":"Fotogaler\u00eda. 2014: Energ\u00eda y Medio Ambiente"},"content":{"rendered":"\n<figure class=\"wp-block-gallery has-nested-images columns-default is-cropped wp-block-gallery-1 is-layout-flex wp-block-gallery-is-layout-flex\">\n<figure class=\"wp-block-image size-large\"><img loading=\"lazy\" decoding=\"async\" width=\"1200\" height=\"800\" data-id=\"9389\" src=\"https:\/\/wp2.rinconeducativo.org\/wp-content\/uploads\/2015\/08\/luis-quindos_0-1200x800.jpg\" alt=\"Luis Santiago Quind\u00f3s Poncela\" class=\"wp-image-9389\" srcset=\"https:\/\/rinconeducativo.org\/wp-content\/uploads\/2015\/08\/luis-quindos_0-1200x800.jpg 1200w, https:\/\/rinconeducativo.org\/wp-content\/uploads\/2015\/08\/luis-quindos_0-500x333.jpg 500w, https:\/\/rinconeducativo.org\/wp-content\/uploads\/2015\/08\/luis-quindos_0-768x512.jpg 768w, https:\/\/rinconeducativo.org\/wp-content\/uploads\/2015\/08\/luis-quindos_0-1536x1024.jpg 1536w, https:\/\/rinconeducativo.org\/wp-content\/uploads\/2015\/08\/luis-quindos_0-2048x1365.jpg 2048w, https:\/\/rinconeducativo.org\/wp-content\/uploads\/2015\/08\/luis-quindos_0-scaled.jpg 2560w\" sizes=\"auto, (max-width: 1200px) 100vw, 1200px\" \/><figcaption>Luis Santiago Quind\u00f3s Poncela<\/figcaption><\/figure>\n\n\n\n<figure class=\"wp-block-image size-medium\"><img loading=\"lazy\" decoding=\"async\" width=\"500\" height=\"400\" data-id=\"9377\" src=\"https:\/\/wp2.rinconeducativo.org\/wp-content\/uploads\/2015\/08\/felipe-macias2-500x400.jpg\" alt=\"Felipe Mac\u00edas\" class=\"wp-image-9377\" srcset=\"https:\/\/rinconeducativo.org\/wp-content\/uploads\/2015\/08\/felipe-macias2-500x400.jpg 500w, https:\/\/rinconeducativo.org\/wp-content\/uploads\/2015\/08\/felipe-macias2.jpg 598w\" sizes=\"auto, (max-width: 500px) 100vw, 500px\" \/><figcaption>Felipe Mac\u00edas<\/figcaption><\/figure>\n\n\n\n<figure class=\"wp-block-image size-large\"><img loading=\"lazy\" decoding=\"async\" width=\"1200\" height=\"800\" data-id=\"9372\" src=\"https:\/\/wp2.rinconeducativo.org\/wp-content\/uploads\/2015\/08\/jose-antonio-mendez-1200x800.jpg\" alt=\"Jos\u00e9 Antonio Men\u00e9ndez\" class=\"wp-image-9372\" srcset=\"https:\/\/rinconeducativo.org\/wp-content\/uploads\/2015\/08\/jose-antonio-mendez-1200x800.jpg 1200w, https:\/\/rinconeducativo.org\/wp-content\/uploads\/2015\/08\/jose-antonio-mendez-500x333.jpg 500w, https:\/\/rinconeducativo.org\/wp-content\/uploads\/2015\/08\/jose-antonio-mendez-768x512.jpg 768w, https:\/\/rinconeducativo.org\/wp-content\/uploads\/2015\/08\/jose-antonio-mendez-1536x1024.jpg 1536w, https:\/\/rinconeducativo.org\/wp-content\/uploads\/2015\/08\/jose-antonio-mendez-2048x1365.jpg 2048w, https:\/\/rinconeducativo.org\/wp-content\/uploads\/2015\/08\/jose-antonio-mendez-scaled.jpg 2560w\" sizes=\"auto, (max-width: 1200px) 100vw, 1200px\" \/><figcaption>Jos\u00e9 Antonio Men\u00e9ndez<\/figcaption><\/figure>\n\n\n\n<figure class=\"wp-block-image size-large\"><img loading=\"lazy\" decoding=\"async\" width=\"1200\" height=\"800\" data-id=\"9362\" src=\"https:\/\/wp2.rinconeducativo.org\/wp-content\/uploads\/2015\/08\/nuria-garcia_0-1200x800.jpg\" alt=\"Nuria Garc\u00eda Herranz\" class=\"wp-image-9362\" srcset=\"https:\/\/rinconeducativo.org\/wp-content\/uploads\/2015\/08\/nuria-garcia_0-1200x800.jpg 1200w, https:\/\/rinconeducativo.org\/wp-content\/uploads\/2015\/08\/nuria-garcia_0-500x333.jpg 500w, https:\/\/rinconeducativo.org\/wp-content\/uploads\/2015\/08\/nuria-garcia_0-768x512.jpg 768w, https:\/\/rinconeducativo.org\/wp-content\/uploads\/2015\/08\/nuria-garcia_0-1536x1024.jpg 1536w, https:\/\/rinconeducativo.org\/wp-content\/uploads\/2015\/08\/nuria-garcia_0-2048x1365.jpg 2048w, https:\/\/rinconeducativo.org\/wp-content\/uploads\/2015\/08\/nuria-garcia_0-scaled.jpg 2560w\" sizes=\"auto, (max-width: 1200px) 100vw, 1200px\" \/><\/figure>\n\n\n\n<figure class=\"wp-block-image size-large\"><img loading=\"lazy\" decoding=\"async\" width=\"1200\" height=\"800\" data-id=\"9357\" src=\"https:\/\/wp2.rinconeducativo.org\/wp-content\/uploads\/2015\/08\/josep-bordonau_0-1200x800.jpg\" alt=\"Josep Bordonau\" class=\"wp-image-9357\" srcset=\"https:\/\/rinconeducativo.org\/wp-content\/uploads\/2015\/08\/josep-bordonau_0-1200x800.jpg 1200w, https:\/\/rinconeducativo.org\/wp-content\/uploads\/2015\/08\/josep-bordonau_0-500x333.jpg 500w, https:\/\/rinconeducativo.org\/wp-content\/uploads\/2015\/08\/josep-bordonau_0-768x512.jpg 768w, https:\/\/rinconeducativo.org\/wp-content\/uploads\/2015\/08\/josep-bordonau_0-1536x1024.jpg 1536w, https:\/\/rinconeducativo.org\/wp-content\/uploads\/2015\/08\/josep-bordonau_0-2048x1365.jpg 2048w, https:\/\/rinconeducativo.org\/wp-content\/uploads\/2015\/08\/josep-bordonau_0-scaled.jpg 2560w\" sizes=\"auto, (max-width: 1200px) 100vw, 1200px\" \/><\/figure>\n\n\n\n<figure class=\"wp-block-image size-large\"><img loading=\"lazy\" decoding=\"async\" width=\"1200\" height=\"800\" data-id=\"9367\" src=\"https:\/\/wp2.rinconeducativo.org\/wp-content\/uploads\/2015\/08\/carlos-bergera-1200x800.jpg\" alt=\"Carlos Bergera\" class=\"wp-image-9367\" srcset=\"https:\/\/rinconeducativo.org\/wp-content\/uploads\/2015\/08\/carlos-bergera-1200x800.jpg 1200w, https:\/\/rinconeducativo.org\/wp-content\/uploads\/2015\/08\/carlos-bergera-500x333.jpg 500w, https:\/\/rinconeducativo.org\/wp-content\/uploads\/2015\/08\/carlos-bergera-768x512.jpg 768w, https:\/\/rinconeducativo.org\/wp-content\/uploads\/2015\/08\/carlos-bergera-1536x1024.jpg 1536w, https:\/\/rinconeducativo.org\/wp-content\/uploads\/2015\/08\/carlos-bergera-2048x1365.jpg 2048w, https:\/\/rinconeducativo.org\/wp-content\/uploads\/2015\/08\/carlos-bergera-scaled.jpg 2560w\" sizes=\"auto, (max-width: 1200px) 100vw, 1200px\" \/><\/figure>\n\n\n\n<figure class=\"wp-block-image size-large\"><img loading=\"lazy\" decoding=\"async\" width=\"1200\" height=\"800\" data-id=\"9342\" src=\"https:\/\/wp2.rinconeducativo.org\/wp-content\/uploads\/2015\/08\/alejandro-ugarte-1200x800.jpg\" alt=\"Alejandro Ugarte Pallar\u00e9s\" class=\"wp-image-9342\" srcset=\"https:\/\/rinconeducativo.org\/wp-content\/uploads\/2015\/08\/alejandro-ugarte-1200x800.jpg 1200w, https:\/\/rinconeducativo.org\/wp-content\/uploads\/2015\/08\/alejandro-ugarte-500x333.jpg 500w, https:\/\/rinconeducativo.org\/wp-content\/uploads\/2015\/08\/alejandro-ugarte-768x512.jpg 768w, https:\/\/rinconeducativo.org\/wp-content\/uploads\/2015\/08\/alejandro-ugarte.jpg 1349w\" sizes=\"auto, (max-width: 1200px) 100vw, 1200px\" \/><\/figure>\n\n\n\n<figure class=\"wp-block-image size-large\"><img loading=\"lazy\" decoding=\"async\" width=\"1200\" height=\"800\" data-id=\"9337\" src=\"https:\/\/wp2.rinconeducativo.org\/wp-content\/uploads\/2015\/08\/ana-martin_0-1200x800.jpg\" alt=\"Ana Mart\u00edn Cacho\" class=\"wp-image-9337\" srcset=\"https:\/\/rinconeducativo.org\/wp-content\/uploads\/2015\/08\/ana-martin_0-1200x800.jpg 1200w, https:\/\/rinconeducativo.org\/wp-content\/uploads\/2015\/08\/ana-martin_0-500x333.jpg 500w, https:\/\/rinconeducativo.org\/wp-content\/uploads\/2015\/08\/ana-martin_0-768x512.jpg 768w, https:\/\/rinconeducativo.org\/wp-content\/uploads\/2015\/08\/ana-martin_0-1536x1023.jpg 1536w, https:\/\/rinconeducativo.org\/wp-content\/uploads\/2015\/08\/ana-martin_0-2048x1365.jpg 2048w, https:\/\/rinconeducativo.org\/wp-content\/uploads\/2015\/08\/ana-martin_0-scaled.jpg 2560w\" sizes=\"auto, (max-width: 1200px) 100vw, 1200px\" \/><\/figure>\n\n\n\n<figure class=\"wp-block-image size-large\"><img loading=\"lazy\" decoding=\"async\" width=\"1200\" height=\"800\" data-id=\"9347\" src=\"https:\/\/wp2.rinconeducativo.org\/wp-content\/uploads\/2015\/08\/luis-eduardo-toro_0-1200x800.jpg\" alt=\"Luis Eduardo Toro-Espitia\" class=\"wp-image-9347\" srcset=\"https:\/\/rinconeducativo.org\/wp-content\/uploads\/2015\/08\/luis-eduardo-toro_0-1200x800.jpg 1200w, https:\/\/rinconeducativo.org\/wp-content\/uploads\/2015\/08\/luis-eduardo-toro_0-500x333.jpg 500w, https:\/\/rinconeducativo.org\/wp-content\/uploads\/2015\/08\/luis-eduardo-toro_0-768x512.jpg 768w, https:\/\/rinconeducativo.org\/wp-content\/uploads\/2015\/08\/luis-eduardo-toro_0-1536x1023.jpg 1536w, https:\/\/rinconeducativo.org\/wp-content\/uploads\/2015\/08\/luis-eduardo-toro_0-2048x1365.jpg 2048w, https:\/\/rinconeducativo.org\/wp-content\/uploads\/2015\/08\/luis-eduardo-toro_0-scaled.jpg 2560w\" sizes=\"auto, (max-width: 1200px) 100vw, 1200px\" \/><\/figure>\n<\/figure>\n","protected":false},"excerpt":{"rendered":"","protected":false},"author":1082,"featured_media":17533,"template":"","meta":{"_acf_changed":false},"tags":[],"jornadas_edicion":[7034],"jornadas_tipo":[7052],"clasificacion_anterior":[],"class_list":["post-17532","re_jornada","type-re_jornada","status-publish","has-post-thumbnail","hentry","jornadas_edicion-2014-energia-y-medio-ambiente","jornadas_tipo-fotogalerias"],"acf":[],"yoast_head":"<!-- This site is optimized with the Yoast SEO plugin v26.8 - https:\/\/yoast.com\/product\/yoast-seo-wordpress\/ -->\n<title>Fotogaler\u00eda. 2014: Energ\u00eda y Medio Ambiente - Rinc\u00f3n educativo<\/title>\n<meta name=\"robots\" content=\"index, follow, max-snippet:-1, max-image-preview:large, max-video-preview:-1\" \/>\n<link rel=\"canonical\" href=\"https:\/\/rinconeducativo.org\/en\/jornadas\/fotogaleria-2014-energia-y-medio-ambiente\/\" \/>\n<meta property=\"og:locale\" content=\"es_ES\" \/>\n<meta property=\"og:type\" content=\"article\" \/>\n<meta property=\"og:title\" content=\"Fotogaler\u00eda. 2014: Energ\u00eda y Medio Ambiente - Rinc\u00f3n educativo\" \/>\n<meta property=\"og:url\" content=\"https:\/\/rinconeducativo.org\/en\/jornadas\/fotogaleria-2014-energia-y-medio-ambiente\/\" \/>\n<meta property=\"og:site_name\" content=\"Rinc\u00f3n educativo\" \/>\n<meta property=\"article:modified_time\" content=\"2022-09-14T16:00:17+00:00\" \/>\n<meta property=\"og:image\" content=\"https:\/\/rinconeducativo.org\/wp-content\/uploads\/2022\/09\/fotogaleria-jornadas-2014.png\" \/>\n\t<meta property=\"og:image:width\" content=\"839\" \/>\n\t<meta property=\"og:image:height\" content=\"445\" \/>\n\t<meta property=\"og:image:type\" content=\"image\/png\" \/>\n<meta name=\"twitter:card\" content=\"summary_large_image\" \/>\n<script type=\"application\/ld+json\" class=\"yoast-schema-graph\">{\"@context\":\"https:\/\/schema.org\",\"@graph\":[{\"@type\":\"WebPage\",\"@id\":\"https:\/\/rinconeducativo.org\/en\/jornadas\/fotogaleria-2014-energia-y-medio-ambiente\/\",\"url\":\"https:\/\/rinconeducativo.org\/en\/jornadas\/fotogaleria-2014-energia-y-medio-ambiente\/\",\"name\":\"Fotogaler\u00eda. 2014: Energ\u00eda y Medio Ambiente - Rinc\u00f3n educativo\",\"isPartOf\":{\"@id\":\"https:\/\/rinconeducativo.org\/es\/#website\"},\"primaryImageOfPage\":{\"@id\":\"https:\/\/rinconeducativo.org\/en\/jornadas\/fotogaleria-2014-energia-y-medio-ambiente\/#primaryimage\"},\"image\":{\"@id\":\"https:\/\/rinconeducativo.org\/en\/jornadas\/fotogaleria-2014-energia-y-medio-ambiente\/#primaryimage\"},\"thumbnailUrl\":\"https:\/\/rinconeducativo.org\/wp-content\/uploads\/2022\/09\/fotogaleria-jornadas-2014.png\",\"datePublished\":\"2022-09-14T10:01:05+00:00\",\"dateModified\":\"2022-09-14T16:00:17+00:00\",\"breadcrumb\":{\"@id\":\"https:\/\/rinconeducativo.org\/en\/jornadas\/fotogaleria-2014-energia-y-medio-ambiente\/#breadcrumb\"},\"inLanguage\":\"es\",\"potentialAction\":[{\"@type\":\"ReadAction\",\"target\":[\"https:\/\/rinconeducativo.org\/en\/jornadas\/fotogaleria-2014-energia-y-medio-ambiente\/\"]}]},{\"@type\":\"ImageObject\",\"inLanguage\":\"es\",\"@id\":\"https:\/\/rinconeducativo.org\/en\/jornadas\/fotogaleria-2014-energia-y-medio-ambiente\/#primaryimage\",\"url\":\"https:\/\/rinconeducativo.org\/wp-content\/uploads\/2022\/09\/fotogaleria-jornadas-2014.png\",\"contentUrl\":\"https:\/\/rinconeducativo.org\/wp-content\/uploads\/2022\/09\/fotogaleria-jornadas-2014.png\",\"width\":839,\"height\":445},{\"@type\":\"BreadcrumbList\",\"@id\":\"https:\/\/rinconeducativo.org\/en\/jornadas\/fotogaleria-2014-energia-y-medio-ambiente\/#breadcrumb\",\"itemListElement\":[{\"@type\":\"ListItem\",\"position\":1,\"name\":\"Portada\",\"item\":\"https:\/\/rinconeducativo.org\/es\/\"},{\"@type\":\"ListItem\",\"position\":2,\"name\":\"Conferences\",\"item\":\"https:\/\/rinconeducativo.org\/en\/jornadas-en\/\"},{\"@type\":\"ListItem\",\"position\":3,\"name\":\"Fotogaler\u00eda. 2014: Energ\u00eda y Medio Ambiente\"}]},{\"@type\":\"WebSite\",\"@id\":\"https:\/\/rinconeducativo.org\/es\/#website\",\"url\":\"https:\/\/rinconeducativo.org\/es\/\",\"name\":\"Rinc\u00f3n educativo\",\"description\":\"Un proyecto del Foro Nuclear\",\"potentialAction\":[{\"@type\":\"SearchAction\",\"target\":{\"@type\":\"EntryPoint\",\"urlTemplate\":\"https:\/\/rinconeducativo.org\/es\/?s={search_term_string}\"},\"query-input\":{\"@type\":\"PropertyValueSpecification\",\"valueRequired\":true,\"valueName\":\"search_term_string\"}}],\"inLanguage\":\"es\"}]}<\/script>\n<!-- \/ Yoast SEO plugin. -->","yoast_head_json":{"title":"Fotogaler\u00eda. 2014: Energ\u00eda y Medio Ambiente - Rinc\u00f3n educativo","robots":{"index":"index","follow":"follow","max-snippet":"max-snippet:-1","max-image-preview":"max-image-preview:large","max-video-preview":"max-video-preview:-1"},"canonical":"https:\/\/rinconeducativo.org\/en\/jornadas\/fotogaleria-2014-energia-y-medio-ambiente\/","og_locale":"es_ES","og_type":"article","og_title":"Fotogaler\u00eda. 2014: Energ\u00eda y Medio Ambiente - Rinc\u00f3n educativo","og_url":"https:\/\/rinconeducativo.org\/en\/jornadas\/fotogaleria-2014-energia-y-medio-ambiente\/","og_site_name":"Rinc\u00f3n educativo","article_modified_time":"2022-09-14T16:00:17+00:00","og_image":[{"width":839,"height":445,"url":"https:\/\/rinconeducativo.org\/wp-content\/uploads\/2022\/09\/fotogaleria-jornadas-2014.png","type":"image\/png"}],"twitter_card":"summary_large_image","schema":{"@context":"https:\/\/schema.org","@graph":[{"@type":"WebPage","@id":"https:\/\/rinconeducativo.org\/en\/jornadas\/fotogaleria-2014-energia-y-medio-ambiente\/","url":"https:\/\/rinconeducativo.org\/en\/jornadas\/fotogaleria-2014-energia-y-medio-ambiente\/","name":"Fotogaler\u00eda. 2014: Energ\u00eda y Medio Ambiente - Rinc\u00f3n educativo","isPartOf":{"@id":"https:\/\/rinconeducativo.org\/es\/#website"},"primaryImageOfPage":{"@id":"https:\/\/rinconeducativo.org\/en\/jornadas\/fotogaleria-2014-energia-y-medio-ambiente\/#primaryimage"},"image":{"@id":"https:\/\/rinconeducativo.org\/en\/jornadas\/fotogaleria-2014-energia-y-medio-ambiente\/#primaryimage"},"thumbnailUrl":"https:\/\/rinconeducativo.org\/wp-content\/uploads\/2022\/09\/fotogaleria-jornadas-2014.png","datePublished":"2022-09-14T10:01:05+00:00","dateModified":"2022-09-14T16:00:17+00:00","breadcrumb":{"@id":"https:\/\/rinconeducativo.org\/en\/jornadas\/fotogaleria-2014-energia-y-medio-ambiente\/#breadcrumb"},"inLanguage":"es","potentialAction":[{"@type":"ReadAction","target":["https:\/\/rinconeducativo.org\/en\/jornadas\/fotogaleria-2014-energia-y-medio-ambiente\/"]}]},{"@type":"ImageObject","inLanguage":"es","@id":"https:\/\/rinconeducativo.org\/en\/jornadas\/fotogaleria-2014-energia-y-medio-ambiente\/#primaryimage","url":"https:\/\/rinconeducativo.org\/wp-content\/uploads\/2022\/09\/fotogaleria-jornadas-2014.png","contentUrl":"https:\/\/rinconeducativo.org\/wp-content\/uploads\/2022\/09\/fotogaleria-jornadas-2014.png","width":839,"height":445},{"@type":"BreadcrumbList","@id":"https:\/\/rinconeducativo.org\/en\/jornadas\/fotogaleria-2014-energia-y-medio-ambiente\/#breadcrumb","itemListElement":[{"@type":"ListItem","position":1,"name":"Portada","item":"https:\/\/rinconeducativo.org\/es\/"},{"@type":"ListItem","position":2,"name":"Conferences","item":"https:\/\/rinconeducativo.org\/en\/jornadas-en\/"},{"@type":"ListItem","position":3,"name":"Fotogaler\u00eda. 2014: Energ\u00eda y Medio Ambiente"}]},{"@type":"WebSite","@id":"https:\/\/rinconeducativo.org\/es\/#website","url":"https:\/\/rinconeducativo.org\/es\/","name":"Rinc\u00f3n educativo","description":"Un proyecto del Foro Nuclear","potentialAction":[{"@type":"SearchAction","target":{"@type":"EntryPoint","urlTemplate":"https:\/\/rinconeducativo.org\/es\/?s={search_term_string}"},"query-input":{"@type":"PropertyValueSpecification","valueRequired":true,"valueName":"search_term_string"}}],"inLanguage":"es"}]}},"_links":{"self":[{"href":"https:\/\/rinconeducativo.org\/es\/wp-json\/wp\/v2\/re_jornada\/17532","targetHints":{"allow":["GET"]}}],"collection":[{"href":"https:\/\/rinconeducativo.org\/es\/wp-json\/wp\/v2\/re_jornada"}],"about":[{"href":"https:\/\/rinconeducativo.org\/es\/wp-json\/wp\/v2\/types\/re_jornada"}],"author":[{"embeddable":true,"href":"https:\/\/rinconeducativo.org\/es\/wp-json\/wp\/v2\/users\/1082"}],"wp:featuredmedia":[{"embeddable":true,"href":"https:\/\/rinconeducativo.org\/es\/wp-json\/wp\/v2\/media\/17533"}],"wp:attachment":[{"href":"https:\/\/rinconeducativo.org\/es\/wp-json\/wp\/v2\/media?parent=17532"}],"wp:term":[{"taxonomy":"post_tag","embeddable":true,"href":"https:\/\/rinconeducativo.org\/es\/wp-json\/wp\/v2\/tags?post=17532"},{"taxonomy":"jornadas_edicion","embeddable":true,"href":"https:\/\/rinconeducativo.org\/es\/wp-json\/wp\/v2\/jornadas_edicion?post=17532"},{"taxonomy":"jornadas_tipo","embeddable":true,"href":"https:\/\/rinconeducativo.org\/es\/wp-json\/wp\/v2\/jornadas_tipo?post=17532"},{"taxonomy":"clasificacion_anterior","embeddable":true,"href":"https:\/\/rinconeducativo.org\/es\/wp-json\/wp\/v2\/clasificacion_anterior?post=17532"}],"curies":[{"name":"wp","href":"https:\/\/api.w.org\/{rel}","templated":true}]}}