{"id":7925,"date":"2020-11-23T11:20:55","date_gmt":"2020-11-23T11:20:55","guid":{"rendered":"https:\/\/wp.rinconeducativo.org\/?event=23-de-noviembre-de-1997-fallece-lucy-pickett-quimica-reconocida-por-sus-investigaciones"},"modified":"2024-12-19T10:53:02","modified_gmt":"2024-12-19T09:53:02","slug":"23-noviembre-1997-fallece-lucy-pickett-investigadora-moleculas-organicas-cristalografia-rayosx-espectroscopia-absorcion-uv","status":"publish","type":"re_efemeride","link":"https:\/\/rinconeducativo.org\/es\/efemerides\/23-noviembre-1997-fallece-lucy-pickett-investigadora-moleculas-organicas-cristalografia-rayosx-espectroscopia-absorcion-uv\/","title":{"rendered":"23 de noviembre de 1997 \u2013 Fallece Lucy Pickett, investigadora de mol\u00e9culas org\u00e1nicas por cristalograf\u00eda de rayos X y espectroscopia de absorci\u00f3n UV"},"content":{"rendered":"<div class=\"wp-block-image\">\n<figure class=\"alignleft size-full\"><img loading=\"lazy\" decoding=\"async\" width=\"300\" height=\"168\" src=\"https:\/\/wp2.rinconeducativo.org\/wp-content\/uploads\/2022\/09\/pickett_lucy_1.jpg\" alt=\"\" class=\"wp-image-17907\"\/><\/figure>\n<\/div>\n\n\n<p>Se licenci\u00f3 <em>suma cum laude <\/em>en la Universidad de Mount Holyoke en South Hadley (Massachusetts) en 1925, recibi\u00f3 un m\u00e1ster en Qu\u00edmicas, dos a\u00f1os m\u00e1s tarde y se doctor\u00f3 en Qu\u00edmica anal\u00edtica por la Universidad de Illinois en 1930, con una tesis versada en el estudio de los efectos de los rayos X en reacciones qu\u00edmicas y las estructuras de los compuestos org\u00e1nicos.<\/p>\n\n\n\n<p>Principalmente se dedic\u00f3 a la docencia en el Departamento de Qu\u00edmica de la universidad de su ciudad natal hasta su jubilaci\u00f3n en 1968, salvo en breves periodos de tiempo. En 1945, consigui\u00f3 un puesto de catedr\u00e1tica de Qu\u00edmica.<\/p>\n\n\n\n<p>En los a\u00f1os 30, realiz\u00f3 un postdoctorado en Londres con el cristal\u00f3grafo y Premio Nobel William Bragg y recibi\u00f3 una beca de investigaci\u00f3n para trabajar con el espectroscopista V\u00edctor Henri en el Universidad de Leija (B\u00e9lgica) y con George Kistiakowsky en Harvard (Estados Unidos).<\/p>\n\n\n\n<p>Entre 1947 y 1948, fue profesora visitante en la Universidad de Berkeley y colabor\u00f3 con <a href=\"https:\/\/rinconeducativo.org\/es\/recursos-educativos\/los-cuatro-magnificos-que-repitieron-nobel\">Linus Pauling<\/a>.<\/p>\n\n\n\n<p>Su reconocimiento no solo fue por sus actividades cient\u00edficas sino tambi\u00e9n por su labor como educadora y sus publicaciones en el campo de la espectroscop\u00eda y la educaci\u00f3n.<\/p>\n\n\n\n<p>Si quieres saber m\u00e1s sobre esta cient\u00edfica, haz clic en el siguiente enlace: <a href=\"https:\/\/rinconeducativo.org\/es\/recursos-educativos\/lucy-weston-pickett-quimica-reconocida-por-sus-investigaciones-de-moleculas\">Lucy Weston Pickett<\/a><\/p>\n","protected":false},"excerpt":{"rendered":"<p>Se licenci\u00f3 suma cum laude en la Universidad de Mount Holyoke en South Hadley (Massachusetts) en 1925, recibi\u00f3 un m\u00e1ster en Qu\u00edmicas, dos a\u00f1os m\u00e1s tarde y se doctor\u00f3 en Qu\u00edmica anal\u00edtica por la Universidad de Illinois en 1930, con una tesis versada en el estudio de los efectos de los rayos X en reacciones [&hellip;]<\/p>\n","protected":false},"author":1088,"featured_media":17907,"template":"","meta":{"_acf_changed":false,"footnotes":""},"tags":[8183],"mes":[7116],"clasificacion_anterior":[],"class_list":["post-7925","re_efemeride","type-re_efemeride","status-publish","has-post-thumbnail","hentry","tag-radiacion","mes-noviembre"],"acf":{"fecha":"19971123"},"yoast_head":"<!-- This site is optimized with the Yoast SEO plugin v26.8 - https:\/\/yoast.com\/product\/yoast-seo-wordpress\/ -->\n<title>23 de noviembre de 1997 \u2013 Fallece Lucy Pickett, investigadora de mol\u00e9culas org\u00e1nicas por cristalograf\u00eda de rayos X y espectroscopia de absorci\u00f3n UV - Rinc\u00f3n educativo<\/title>\n<meta name=\"robots\" content=\"index, follow, max-snippet:-1, max-image-preview:large, max-video-preview:-1\" \/>\n<link rel=\"canonical\" href=\"https:\/\/rinconeducativo.org\/es\/efemerides\/23-noviembre-1997-fallece-lucy-pickett-investigadora-moleculas-organicas-cristalografia-rayosx-espectroscopia-absorcion-uv\/\" \/>\n<meta property=\"og:locale\" content=\"es_ES\" \/>\n<meta property=\"og:type\" content=\"article\" \/>\n<meta property=\"og:title\" content=\"23 de noviembre de 1997 \u2013 Fallece Lucy Pickett, investigadora de mol\u00e9culas org\u00e1nicas por cristalograf\u00eda de rayos X y espectroscopia de absorci\u00f3n UV - Rinc\u00f3n educativo\" \/>\n<meta property=\"og:description\" content=\"Se licenci\u00f3 suma cum laude en la Universidad de Mount Holyoke en South Hadley (Massachusetts) en 1925, recibi\u00f3 un m\u00e1ster en Qu\u00edmicas, dos a\u00f1os m\u00e1s tarde y se doctor\u00f3 en Qu\u00edmica anal\u00edtica por la Universidad de Illinois en 1930, con una tesis versada en el estudio de los efectos de los rayos X en reacciones [&hellip;]\" \/>\n<meta property=\"og:url\" content=\"https:\/\/rinconeducativo.org\/es\/efemerides\/23-noviembre-1997-fallece-lucy-pickett-investigadora-moleculas-organicas-cristalografia-rayosx-espectroscopia-absorcion-uv\/\" \/>\n<meta property=\"og:site_name\" content=\"Rinc\u00f3n educativo\" \/>\n<meta property=\"article:modified_time\" content=\"2024-12-19T09:53:02+00:00\" \/>\n<meta property=\"og:image\" content=\"https:\/\/rinconeducativo.org\/wp-content\/uploads\/2022\/09\/pickett_lucy_1.jpg\" \/>\n\t<meta property=\"og:image:width\" content=\"300\" \/>\n\t<meta property=\"og:image:height\" content=\"168\" \/>\n\t<meta property=\"og:image:type\" content=\"image\/jpeg\" \/>\n<meta name=\"twitter:card\" content=\"summary_large_image\" \/>\n<script type=\"application\/ld+json\" class=\"yoast-schema-graph\">{\"@context\":\"https:\/\/schema.org\",\"@graph\":[{\"@type\":\"WebPage\",\"@id\":\"https:\/\/rinconeducativo.org\/es\/efemerides\/23-noviembre-1997-fallece-lucy-pickett-investigadora-moleculas-organicas-cristalografia-rayosx-espectroscopia-absorcion-uv\/\",\"url\":\"https:\/\/rinconeducativo.org\/es\/efemerides\/23-noviembre-1997-fallece-lucy-pickett-investigadora-moleculas-organicas-cristalografia-rayosx-espectroscopia-absorcion-uv\/\",\"name\":\"23 de noviembre de 1997 \u2013 Fallece Lucy Pickett, investigadora de mol\u00e9culas org\u00e1nicas por cristalograf\u00eda de rayos X y espectroscopia de absorci\u00f3n UV - Rinc\u00f3n educativo\",\"isPartOf\":{\"@id\":\"https:\/\/rinconeducativo.org\/es\/#website\"},\"primaryImageOfPage\":{\"@id\":\"https:\/\/rinconeducativo.org\/es\/efemerides\/23-noviembre-1997-fallece-lucy-pickett-investigadora-moleculas-organicas-cristalografia-rayosx-espectroscopia-absorcion-uv\/#primaryimage\"},\"image\":{\"@id\":\"https:\/\/rinconeducativo.org\/es\/efemerides\/23-noviembre-1997-fallece-lucy-pickett-investigadora-moleculas-organicas-cristalografia-rayosx-espectroscopia-absorcion-uv\/#primaryimage\"},\"thumbnailUrl\":\"https:\/\/rinconeducativo.org\/wp-content\/uploads\/2022\/09\/pickett_lucy_1.jpg\",\"datePublished\":\"2020-11-23T11:20:55+00:00\",\"dateModified\":\"2024-12-19T09:53:02+00:00\",\"breadcrumb\":{\"@id\":\"https:\/\/rinconeducativo.org\/es\/efemerides\/23-noviembre-1997-fallece-lucy-pickett-investigadora-moleculas-organicas-cristalografia-rayosx-espectroscopia-absorcion-uv\/#breadcrumb\"},\"inLanguage\":\"es\",\"potentialAction\":[{\"@type\":\"ReadAction\",\"target\":[\"https:\/\/rinconeducativo.org\/es\/efemerides\/23-noviembre-1997-fallece-lucy-pickett-investigadora-moleculas-organicas-cristalografia-rayosx-espectroscopia-absorcion-uv\/\"]}]},{\"@type\":\"ImageObject\",\"inLanguage\":\"es\",\"@id\":\"https:\/\/rinconeducativo.org\/es\/efemerides\/23-noviembre-1997-fallece-lucy-pickett-investigadora-moleculas-organicas-cristalografia-rayosx-espectroscopia-absorcion-uv\/#primaryimage\",\"url\":\"https:\/\/rinconeducativo.org\/wp-content\/uploads\/2022\/09\/pickett_lucy_1.jpg\",\"contentUrl\":\"https:\/\/rinconeducativo.org\/wp-content\/uploads\/2022\/09\/pickett_lucy_1.jpg\",\"width\":300,\"height\":168,\"caption\":\"Lucy Weston Pickett (Fuente: Alumnae Association of Mount Holyoke College)\"},{\"@type\":\"BreadcrumbList\",\"@id\":\"https:\/\/rinconeducativo.org\/es\/efemerides\/23-noviembre-1997-fallece-lucy-pickett-investigadora-moleculas-organicas-cristalografia-rayosx-espectroscopia-absorcion-uv\/#breadcrumb\",\"itemListElement\":[{\"@type\":\"ListItem\",\"position\":1,\"name\":\"Portada\",\"item\":\"https:\/\/rinconeducativo.org\/es\/\"},{\"@type\":\"ListItem\",\"position\":2,\"name\":\"Efem\u00e9rides\",\"item\":\"https:\/\/rinconeducativo.org\/es\/efemerides\/\"},{\"@type\":\"ListItem\",\"position\":3,\"name\":\"23 de noviembre de 1997 \u2013 Fallece Lucy Pickett, investigadora de mol\u00e9culas org\u00e1nicas por cristalograf\u00eda de rayos X y espectroscopia de absorci\u00f3n UV\"}]},{\"@type\":\"WebSite\",\"@id\":\"https:\/\/rinconeducativo.org\/es\/#website\",\"url\":\"https:\/\/rinconeducativo.org\/es\/\",\"name\":\"Rinc\u00f3n educativo\",\"description\":\"Un proyecto del Foro Nuclear\",\"potentialAction\":[{\"@type\":\"SearchAction\",\"target\":{\"@type\":\"EntryPoint\",\"urlTemplate\":\"https:\/\/rinconeducativo.org\/es\/?s={search_term_string}\"},\"query-input\":{\"@type\":\"PropertyValueSpecification\",\"valueRequired\":true,\"valueName\":\"search_term_string\"}}],\"inLanguage\":\"es\"}]}<\/script>\n<!-- \/ Yoast SEO plugin. -->","yoast_head_json":{"title":"23 de noviembre de 1997 \u2013 Fallece Lucy Pickett, investigadora de mol\u00e9culas org\u00e1nicas por cristalograf\u00eda de rayos X y espectroscopia de absorci\u00f3n UV - Rinc\u00f3n educativo","robots":{"index":"index","follow":"follow","max-snippet":"max-snippet:-1","max-image-preview":"max-image-preview:large","max-video-preview":"max-video-preview:-1"},"canonical":"https:\/\/rinconeducativo.org\/es\/efemerides\/23-noviembre-1997-fallece-lucy-pickett-investigadora-moleculas-organicas-cristalografia-rayosx-espectroscopia-absorcion-uv\/","og_locale":"es_ES","og_type":"article","og_title":"23 de noviembre de 1997 \u2013 Fallece Lucy Pickett, investigadora de mol\u00e9culas org\u00e1nicas por cristalograf\u00eda de rayos X y espectroscopia de absorci\u00f3n UV - Rinc\u00f3n educativo","og_description":"Se licenci\u00f3 suma cum laude en la Universidad de Mount Holyoke en South Hadley (Massachusetts) en 1925, recibi\u00f3 un m\u00e1ster en Qu\u00edmicas, dos a\u00f1os m\u00e1s tarde y se doctor\u00f3 en Qu\u00edmica anal\u00edtica por la Universidad de Illinois en 1930, con una tesis versada en el estudio de los efectos de los rayos X en reacciones [&hellip;]","og_url":"https:\/\/rinconeducativo.org\/es\/efemerides\/23-noviembre-1997-fallece-lucy-pickett-investigadora-moleculas-organicas-cristalografia-rayosx-espectroscopia-absorcion-uv\/","og_site_name":"Rinc\u00f3n educativo","article_modified_time":"2024-12-19T09:53:02+00:00","og_image":[{"width":300,"height":168,"url":"https:\/\/rinconeducativo.org\/wp-content\/uploads\/2022\/09\/pickett_lucy_1.jpg","type":"image\/jpeg"}],"twitter_card":"summary_large_image","schema":{"@context":"https:\/\/schema.org","@graph":[{"@type":"WebPage","@id":"https:\/\/rinconeducativo.org\/es\/efemerides\/23-noviembre-1997-fallece-lucy-pickett-investigadora-moleculas-organicas-cristalografia-rayosx-espectroscopia-absorcion-uv\/","url":"https:\/\/rinconeducativo.org\/es\/efemerides\/23-noviembre-1997-fallece-lucy-pickett-investigadora-moleculas-organicas-cristalografia-rayosx-espectroscopia-absorcion-uv\/","name":"23 de noviembre de 1997 \u2013 Fallece Lucy Pickett, investigadora de mol\u00e9culas org\u00e1nicas por cristalograf\u00eda de rayos X y espectroscopia de absorci\u00f3n UV - Rinc\u00f3n educativo","isPartOf":{"@id":"https:\/\/rinconeducativo.org\/es\/#website"},"primaryImageOfPage":{"@id":"https:\/\/rinconeducativo.org\/es\/efemerides\/23-noviembre-1997-fallece-lucy-pickett-investigadora-moleculas-organicas-cristalografia-rayosx-espectroscopia-absorcion-uv\/#primaryimage"},"image":{"@id":"https:\/\/rinconeducativo.org\/es\/efemerides\/23-noviembre-1997-fallece-lucy-pickett-investigadora-moleculas-organicas-cristalografia-rayosx-espectroscopia-absorcion-uv\/#primaryimage"},"thumbnailUrl":"https:\/\/rinconeducativo.org\/wp-content\/uploads\/2022\/09\/pickett_lucy_1.jpg","datePublished":"2020-11-23T11:20:55+00:00","dateModified":"2024-12-19T09:53:02+00:00","breadcrumb":{"@id":"https:\/\/rinconeducativo.org\/es\/efemerides\/23-noviembre-1997-fallece-lucy-pickett-investigadora-moleculas-organicas-cristalografia-rayosx-espectroscopia-absorcion-uv\/#breadcrumb"},"inLanguage":"es","potentialAction":[{"@type":"ReadAction","target":["https:\/\/rinconeducativo.org\/es\/efemerides\/23-noviembre-1997-fallece-lucy-pickett-investigadora-moleculas-organicas-cristalografia-rayosx-espectroscopia-absorcion-uv\/"]}]},{"@type":"ImageObject","inLanguage":"es","@id":"https:\/\/rinconeducativo.org\/es\/efemerides\/23-noviembre-1997-fallece-lucy-pickett-investigadora-moleculas-organicas-cristalografia-rayosx-espectroscopia-absorcion-uv\/#primaryimage","url":"https:\/\/rinconeducativo.org\/wp-content\/uploads\/2022\/09\/pickett_lucy_1.jpg","contentUrl":"https:\/\/rinconeducativo.org\/wp-content\/uploads\/2022\/09\/pickett_lucy_1.jpg","width":300,"height":168,"caption":"Lucy Weston Pickett (Fuente: Alumnae Association of Mount Holyoke College)"},{"@type":"BreadcrumbList","@id":"https:\/\/rinconeducativo.org\/es\/efemerides\/23-noviembre-1997-fallece-lucy-pickett-investigadora-moleculas-organicas-cristalografia-rayosx-espectroscopia-absorcion-uv\/#breadcrumb","itemListElement":[{"@type":"ListItem","position":1,"name":"Portada","item":"https:\/\/rinconeducativo.org\/es\/"},{"@type":"ListItem","position":2,"name":"Efem\u00e9rides","item":"https:\/\/rinconeducativo.org\/es\/efemerides\/"},{"@type":"ListItem","position":3,"name":"23 de noviembre de 1997 \u2013 Fallece Lucy Pickett, investigadora de mol\u00e9culas org\u00e1nicas por cristalograf\u00eda de rayos X y espectroscopia de absorci\u00f3n UV"}]},{"@type":"WebSite","@id":"https:\/\/rinconeducativo.org\/es\/#website","url":"https:\/\/rinconeducativo.org\/es\/","name":"Rinc\u00f3n educativo","description":"Un proyecto del Foro Nuclear","potentialAction":[{"@type":"SearchAction","target":{"@type":"EntryPoint","urlTemplate":"https:\/\/rinconeducativo.org\/es\/?s={search_term_string}"},"query-input":{"@type":"PropertyValueSpecification","valueRequired":true,"valueName":"search_term_string"}}],"inLanguage":"es"}]}},"_links":{"self":[{"href":"https:\/\/rinconeducativo.org\/es\/wp-json\/wp\/v2\/re_efemeride\/7925","targetHints":{"allow":["GET"]}}],"collection":[{"href":"https:\/\/rinconeducativo.org\/es\/wp-json\/wp\/v2\/re_efemeride"}],"about":[{"href":"https:\/\/rinconeducativo.org\/es\/wp-json\/wp\/v2\/types\/re_efemeride"}],"author":[{"embeddable":true,"href":"https:\/\/rinconeducativo.org\/es\/wp-json\/wp\/v2\/users\/1088"}],"version-history":[{"count":2,"href":"https:\/\/rinconeducativo.org\/es\/wp-json\/wp\/v2\/re_efemeride\/7925\/revisions"}],"predecessor-version":[{"id":37632,"href":"https:\/\/rinconeducativo.org\/es\/wp-json\/wp\/v2\/re_efemeride\/7925\/revisions\/37632"}],"wp:featuredmedia":[{"embeddable":true,"href":"https:\/\/rinconeducativo.org\/es\/wp-json\/wp\/v2\/media\/17907"}],"wp:attachment":[{"href":"https:\/\/rinconeducativo.org\/es\/wp-json\/wp\/v2\/media?parent=7925"}],"wp:term":[{"taxonomy":"post_tag","embeddable":true,"href":"https:\/\/rinconeducativo.org\/es\/wp-json\/wp\/v2\/tags?post=7925"},{"taxonomy":"mes","embeddable":true,"href":"https:\/\/rinconeducativo.org\/es\/wp-json\/wp\/v2\/mes?post=7925"},{"taxonomy":"clasificacion_anterior","embeddable":true,"href":"https:\/\/rinconeducativo.org\/es\/wp-json\/wp\/v2\/clasificacion_anterior?post=7925"}],"curies":[{"name":"wp","href":"https:\/\/api.w.org\/{rel}","templated":true}]}}