{"id":7923,"date":"2020-12-20T13:24:27","date_gmt":"2020-12-20T13:24:27","guid":{"rendered":"https:\/\/wp.rinconeducativo.org\/?event=20-de-diciembre-de-1901-nace-robert-van-de-graff-cuyo-generador-electrostatico-sento"},"modified":"2024-12-09T13:37:34","modified_gmt":"2024-12-09T12:37:34","slug":"20-diciembre-1901-nace-robert-van-de-graaff-generador-electrostatico-sento-curiosidad-ciencia","status":"publish","type":"re_efemeride","link":"https:\/\/rinconeducativo.org\/es\/efemerides\/20-diciembre-1901-nace-robert-van-de-graaff-generador-electrostatico-sento-curiosidad-ciencia\/","title":{"rendered":"20 de diciembre de 1901 - Nace Robert Van de Graaff, cuyo generador electrost\u00e1tico sent\u00f3 a muchos la curiosidad por la ciencia"},"content":{"rendered":"<div class=\"wp-block-image wp-image-7406\">\n<figure class=\"alignleft is-resized\"><img loading=\"lazy\" decoding=\"async\" width=\"396\" height=\"500\" src=\"https:\/\/wp2.rinconeducativo.org\/wp-content\/uploads\/2021\/01\/van_de_graff_descarga-396x500.jpg\" alt=\"Descarga en el generador de Van de Graaff\" class=\"wp-image-7406\" style=\"width:229px;height:289px\" srcset=\"https:\/\/rinconeducativo.org\/wp-content\/uploads\/2021\/01\/van_de_graff_descarga-396x500.jpg 396w, https:\/\/rinconeducativo.org\/wp-content\/uploads\/2021\/01\/van_de_graff_descarga.jpg 575w\" sizes=\"auto, (max-width: 396px) 100vw, 396px\" \/><figcaption class=\"wp-element-caption\">Descarga en el generador de Van de Graaff<\/figcaption><\/figure>\n<\/div>\n\n\n<p>Robert Jemison Van de Graaff obtuvo su licenciatura y maestr\u00eda en F\u00edsica en la Universidad de Alabama, estudi\u00f3 unos a\u00f1os en la Universidad de la Sorbona (Par\u00eds, Francia) y se doctor\u00f3 en Filosof\u00eda, en 1928, en la Universidad de Oxford (Inglaterra).<\/p>\n\n\n\n<p>A su regreso a los Estados Unidos trabaj\u00f3 primero en la Universidad de Princeton y, despu\u00e9s, en 1931, pas\u00f3 a formar parte de la plantilla del prestigioso Instituto Tecnol\u00f3gico de Massachusetts (MIT) como becario de investigaci\u00f3n. En 1934, se convirti\u00f3 en profesor asociado hasta que se jubil\u00f3 en 1960.<\/p>\n\n\n\n<p>Sus investigaciones se centraban en la f\u00edsica nuclear e invent\u00f3 generadores electrost\u00e1ticos (que llevan su nombre) que produc\u00edan altos voltajes para el estudio de las part\u00edculas at\u00f3micas. El primer dise\u00f1o, en 1929, produc\u00eda 80.000 voltios, pero con sucesivas modificaciones, en 1933, logr\u00f3 un generador m\u00e1s grande que generaba 7 millones de voltios.<\/p>\n\n\n\n<p>Durante la II Guerra Mundial, fue director del Proyecto Radiogr\u00e1fico de Alta Tensi\u00f3n y, tras finalizada la misma, cofund\u00f3 la <em>High Voltage Engineering Corporation<\/em> (HVEC) con <a href=\"https:\/\/rinconeducativo.org\/es\/recursos-educativos\/john-trump-conocido-contribucion-desarrollo-radioterapia\/\" target=\"_blank\" rel=\"noreferrer noopener\">John G. Trump<\/a> (conocido por el desarrollo de la radioterapia).<\/p>\n\n\n\n<p>En la d\u00e9cada de 1950, invent\u00f3 el transformador de n\u00facleo aislante, que produc\u00eda corriente continua de alto voltaje, y la tecnolog\u00eda de generadores en t\u00e1ndem.<\/p>\n\n\n\n<p><img decoding=\"async\" style=\"width: 292px; height: 300px; margin-left: 20px; margin-right: 20px; float: right;\" src=\"http:\/\/rinconeducativo.org\/sites\/default\/files\/van_de_graff_acelerador.jpg\" alt=\"Acelerador de Van de Graaff\">En 1965, le fue concedido el premio T. Bonner por la American Physical Society por el desarrollo de los aceleradores electrost\u00e1ticos.<\/p>\n\n\n\n<p>Si quieres saber m\u00e1s sobre este cient\u00edfico y sus grandes inventos, haz clic en el siguiente enlace: <a href=\"https:\/\/rinconeducativo.org\/es\/recursos-educativos\/robert-van-de-graff-generador-electrostatico-sento-curiosidad-ciencia\/\" target=\"_blank\" rel=\"noreferrer noopener\">Robert Van de Graaff<\/a><\/p>\n","protected":false},"excerpt":{"rendered":"<p>20 de diciembre de 1901 - Nace Robert Van de Graaff, cuyo generador electrost\u00e1tico sent\u00f3 a muchos la curiosidad por la ciencia.<\/p>\n","protected":false},"author":1088,"featured_media":7407,"template":"","meta":{"_acf_changed":false,"footnotes":""},"tags":[5699,5684,8183],"mes":[7115],"clasificacion_anterior":[],"class_list":["post-7923","re_efemeride","type-re_efemeride","status-publish","has-post-thumbnail","hentry","tag-electricidad","tag-energia-nuclear","tag-radiacion","mes-diciembre"],"acf":{"fecha":"19011220"},"yoast_head":"<!-- This site is optimized with the Yoast SEO plugin v26.8 - https:\/\/yoast.com\/product\/yoast-seo-wordpress\/ -->\n<title>20 de diciembre de 1901 - Nace Robert Van de Graaff, cuyo generador electrost\u00e1tico sent\u00f3 a muchos la curiosidad por la ciencia - Rinc\u00f3n educativo<\/title>\n<meta name=\"robots\" content=\"index, follow, max-snippet:-1, max-image-preview:large, max-video-preview:-1\" \/>\n<link rel=\"canonical\" href=\"https:\/\/rinconeducativo.org\/es\/efemerides\/20-diciembre-1901-nace-robert-van-de-graaff-generador-electrostatico-sento-curiosidad-ciencia\/\" \/>\n<meta property=\"og:locale\" content=\"es_ES\" \/>\n<meta property=\"og:type\" content=\"article\" \/>\n<meta property=\"og:title\" content=\"20 de diciembre de 1901 - Nace Robert Van de Graaff, cuyo generador electrost\u00e1tico sent\u00f3 a muchos la curiosidad por la ciencia - Rinc\u00f3n educativo\" \/>\n<meta property=\"og:description\" content=\"20 de diciembre de 1901 - Nace Robert Van de Graaff, cuyo generador electrost\u00e1tico sent\u00f3 a muchos la curiosidad por la ciencia.\" \/>\n<meta property=\"og:url\" content=\"https:\/\/rinconeducativo.org\/es\/efemerides\/20-diciembre-1901-nace-robert-van-de-graaff-generador-electrostatico-sento-curiosidad-ciencia\/\" \/>\n<meta property=\"og:site_name\" content=\"Rinc\u00f3n educativo\" \/>\n<meta property=\"article:modified_time\" content=\"2024-12-09T12:37:34+00:00\" \/>\n<meta property=\"og:image\" content=\"https:\/\/rinconeducativo.org\/wp-content\/uploads\/2021\/01\/van_de_graff_acelerador.jpg\" \/>\n\t<meta property=\"og:image:width\" content=\"292\" \/>\n\t<meta property=\"og:image:height\" content=\"300\" \/>\n\t<meta property=\"og:image:type\" content=\"image\/jpeg\" \/>\n<meta name=\"twitter:card\" content=\"summary_large_image\" \/>\n<script type=\"application\/ld+json\" class=\"yoast-schema-graph\">{\"@context\":\"https:\/\/schema.org\",\"@graph\":[{\"@type\":\"WebPage\",\"@id\":\"https:\/\/rinconeducativo.org\/es\/efemerides\/20-diciembre-1901-nace-robert-van-de-graaff-generador-electrostatico-sento-curiosidad-ciencia\/\",\"url\":\"https:\/\/rinconeducativo.org\/es\/efemerides\/20-diciembre-1901-nace-robert-van-de-graaff-generador-electrostatico-sento-curiosidad-ciencia\/\",\"name\":\"20 de diciembre de 1901 - Nace Robert Van de Graaff, cuyo generador electrost\u00e1tico sent\u00f3 a muchos la curiosidad por la ciencia - Rinc\u00f3n educativo\",\"isPartOf\":{\"@id\":\"https:\/\/rinconeducativo.org\/es\/#website\"},\"primaryImageOfPage\":{\"@id\":\"https:\/\/rinconeducativo.org\/es\/efemerides\/20-diciembre-1901-nace-robert-van-de-graaff-generador-electrostatico-sento-curiosidad-ciencia\/#primaryimage\"},\"image\":{\"@id\":\"https:\/\/rinconeducativo.org\/es\/efemerides\/20-diciembre-1901-nace-robert-van-de-graaff-generador-electrostatico-sento-curiosidad-ciencia\/#primaryimage\"},\"thumbnailUrl\":\"https:\/\/rinconeducativo.org\/wp-content\/uploads\/2021\/01\/van_de_graff_acelerador.jpg\",\"datePublished\":\"2020-12-20T13:24:27+00:00\",\"dateModified\":\"2024-12-09T12:37:34+00:00\",\"breadcrumb\":{\"@id\":\"https:\/\/rinconeducativo.org\/es\/efemerides\/20-diciembre-1901-nace-robert-van-de-graaff-generador-electrostatico-sento-curiosidad-ciencia\/#breadcrumb\"},\"inLanguage\":\"es\",\"potentialAction\":[{\"@type\":\"ReadAction\",\"target\":[\"https:\/\/rinconeducativo.org\/es\/efemerides\/20-diciembre-1901-nace-robert-van-de-graaff-generador-electrostatico-sento-curiosidad-ciencia\/\"]}]},{\"@type\":\"ImageObject\",\"inLanguage\":\"es\",\"@id\":\"https:\/\/rinconeducativo.org\/es\/efemerides\/20-diciembre-1901-nace-robert-van-de-graaff-generador-electrostatico-sento-curiosidad-ciencia\/#primaryimage\",\"url\":\"https:\/\/rinconeducativo.org\/wp-content\/uploads\/2021\/01\/van_de_graff_acelerador.jpg\",\"contentUrl\":\"https:\/\/rinconeducativo.org\/wp-content\/uploads\/2021\/01\/van_de_graff_acelerador.jpg\",\"width\":292,\"height\":300,\"caption\":\"Acelerador de Van de Graaff\"},{\"@type\":\"BreadcrumbList\",\"@id\":\"https:\/\/rinconeducativo.org\/es\/efemerides\/20-diciembre-1901-nace-robert-van-de-graaff-generador-electrostatico-sento-curiosidad-ciencia\/#breadcrumb\",\"itemListElement\":[{\"@type\":\"ListItem\",\"position\":1,\"name\":\"Portada\",\"item\":\"https:\/\/rinconeducativo.org\/es\/\"},{\"@type\":\"ListItem\",\"position\":2,\"name\":\"Efem\u00e9rides\",\"item\":\"https:\/\/rinconeducativo.org\/es\/efemerides\/\"},{\"@type\":\"ListItem\",\"position\":3,\"name\":\"20 de diciembre de 1901 - Nace Robert Van de Graaff, cuyo generador electrost\u00e1tico sent\u00f3 a muchos la curiosidad por la ciencia\"}]},{\"@type\":\"WebSite\",\"@id\":\"https:\/\/rinconeducativo.org\/es\/#website\",\"url\":\"https:\/\/rinconeducativo.org\/es\/\",\"name\":\"Rinc\u00f3n educativo\",\"description\":\"Un proyecto del Foro Nuclear\",\"potentialAction\":[{\"@type\":\"SearchAction\",\"target\":{\"@type\":\"EntryPoint\",\"urlTemplate\":\"https:\/\/rinconeducativo.org\/es\/?s={search_term_string}\"},\"query-input\":{\"@type\":\"PropertyValueSpecification\",\"valueRequired\":true,\"valueName\":\"search_term_string\"}}],\"inLanguage\":\"es\"}]}<\/script>\n<!-- \/ Yoast SEO plugin. -->","yoast_head_json":{"title":"20 de diciembre de 1901 - Nace Robert Van de Graaff, cuyo generador electrost\u00e1tico sent\u00f3 a muchos la curiosidad por la ciencia - Rinc\u00f3n educativo","robots":{"index":"index","follow":"follow","max-snippet":"max-snippet:-1","max-image-preview":"max-image-preview:large","max-video-preview":"max-video-preview:-1"},"canonical":"https:\/\/rinconeducativo.org\/es\/efemerides\/20-diciembre-1901-nace-robert-van-de-graaff-generador-electrostatico-sento-curiosidad-ciencia\/","og_locale":"es_ES","og_type":"article","og_title":"20 de diciembre de 1901 - Nace Robert Van de Graaff, cuyo generador electrost\u00e1tico sent\u00f3 a muchos la curiosidad por la ciencia - Rinc\u00f3n educativo","og_description":"20 de diciembre de 1901 - Nace Robert Van de Graaff, cuyo generador electrost\u00e1tico sent\u00f3 a muchos la curiosidad por la ciencia.","og_url":"https:\/\/rinconeducativo.org\/es\/efemerides\/20-diciembre-1901-nace-robert-van-de-graaff-generador-electrostatico-sento-curiosidad-ciencia\/","og_site_name":"Rinc\u00f3n educativo","article_modified_time":"2024-12-09T12:37:34+00:00","og_image":[{"width":292,"height":300,"url":"https:\/\/rinconeducativo.org\/wp-content\/uploads\/2021\/01\/van_de_graff_acelerador.jpg","type":"image\/jpeg"}],"twitter_card":"summary_large_image","schema":{"@context":"https:\/\/schema.org","@graph":[{"@type":"WebPage","@id":"https:\/\/rinconeducativo.org\/es\/efemerides\/20-diciembre-1901-nace-robert-van-de-graaff-generador-electrostatico-sento-curiosidad-ciencia\/","url":"https:\/\/rinconeducativo.org\/es\/efemerides\/20-diciembre-1901-nace-robert-van-de-graaff-generador-electrostatico-sento-curiosidad-ciencia\/","name":"20 de diciembre de 1901 - Nace Robert Van de Graaff, cuyo generador electrost\u00e1tico sent\u00f3 a muchos la curiosidad por la ciencia - Rinc\u00f3n educativo","isPartOf":{"@id":"https:\/\/rinconeducativo.org\/es\/#website"},"primaryImageOfPage":{"@id":"https:\/\/rinconeducativo.org\/es\/efemerides\/20-diciembre-1901-nace-robert-van-de-graaff-generador-electrostatico-sento-curiosidad-ciencia\/#primaryimage"},"image":{"@id":"https:\/\/rinconeducativo.org\/es\/efemerides\/20-diciembre-1901-nace-robert-van-de-graaff-generador-electrostatico-sento-curiosidad-ciencia\/#primaryimage"},"thumbnailUrl":"https:\/\/rinconeducativo.org\/wp-content\/uploads\/2021\/01\/van_de_graff_acelerador.jpg","datePublished":"2020-12-20T13:24:27+00:00","dateModified":"2024-12-09T12:37:34+00:00","breadcrumb":{"@id":"https:\/\/rinconeducativo.org\/es\/efemerides\/20-diciembre-1901-nace-robert-van-de-graaff-generador-electrostatico-sento-curiosidad-ciencia\/#breadcrumb"},"inLanguage":"es","potentialAction":[{"@type":"ReadAction","target":["https:\/\/rinconeducativo.org\/es\/efemerides\/20-diciembre-1901-nace-robert-van-de-graaff-generador-electrostatico-sento-curiosidad-ciencia\/"]}]},{"@type":"ImageObject","inLanguage":"es","@id":"https:\/\/rinconeducativo.org\/es\/efemerides\/20-diciembre-1901-nace-robert-van-de-graaff-generador-electrostatico-sento-curiosidad-ciencia\/#primaryimage","url":"https:\/\/rinconeducativo.org\/wp-content\/uploads\/2021\/01\/van_de_graff_acelerador.jpg","contentUrl":"https:\/\/rinconeducativo.org\/wp-content\/uploads\/2021\/01\/van_de_graff_acelerador.jpg","width":292,"height":300,"caption":"Acelerador de Van de Graaff"},{"@type":"BreadcrumbList","@id":"https:\/\/rinconeducativo.org\/es\/efemerides\/20-diciembre-1901-nace-robert-van-de-graaff-generador-electrostatico-sento-curiosidad-ciencia\/#breadcrumb","itemListElement":[{"@type":"ListItem","position":1,"name":"Portada","item":"https:\/\/rinconeducativo.org\/es\/"},{"@type":"ListItem","position":2,"name":"Efem\u00e9rides","item":"https:\/\/rinconeducativo.org\/es\/efemerides\/"},{"@type":"ListItem","position":3,"name":"20 de diciembre de 1901 - Nace Robert Van de Graaff, cuyo generador electrost\u00e1tico sent\u00f3 a muchos la curiosidad por la ciencia"}]},{"@type":"WebSite","@id":"https:\/\/rinconeducativo.org\/es\/#website","url":"https:\/\/rinconeducativo.org\/es\/","name":"Rinc\u00f3n educativo","description":"Un proyecto del Foro Nuclear","potentialAction":[{"@type":"SearchAction","target":{"@type":"EntryPoint","urlTemplate":"https:\/\/rinconeducativo.org\/es\/?s={search_term_string}"},"query-input":{"@type":"PropertyValueSpecification","valueRequired":true,"valueName":"search_term_string"}}],"inLanguage":"es"}]}},"_links":{"self":[{"href":"https:\/\/rinconeducativo.org\/es\/wp-json\/wp\/v2\/re_efemeride\/7923","targetHints":{"allow":["GET"]}}],"collection":[{"href":"https:\/\/rinconeducativo.org\/es\/wp-json\/wp\/v2\/re_efemeride"}],"about":[{"href":"https:\/\/rinconeducativo.org\/es\/wp-json\/wp\/v2\/types\/re_efemeride"}],"author":[{"embeddable":true,"href":"https:\/\/rinconeducativo.org\/es\/wp-json\/wp\/v2\/users\/1088"}],"version-history":[{"count":3,"href":"https:\/\/rinconeducativo.org\/es\/wp-json\/wp\/v2\/re_efemeride\/7923\/revisions"}],"predecessor-version":[{"id":38193,"href":"https:\/\/rinconeducativo.org\/es\/wp-json\/wp\/v2\/re_efemeride\/7923\/revisions\/38193"}],"wp:featuredmedia":[{"embeddable":true,"href":"https:\/\/rinconeducativo.org\/es\/wp-json\/wp\/v2\/media\/7407"}],"wp:attachment":[{"href":"https:\/\/rinconeducativo.org\/es\/wp-json\/wp\/v2\/media?parent=7923"}],"wp:term":[{"taxonomy":"post_tag","embeddable":true,"href":"https:\/\/rinconeducativo.org\/es\/wp-json\/wp\/v2\/tags?post=7923"},{"taxonomy":"mes","embeddable":true,"href":"https:\/\/rinconeducativo.org\/es\/wp-json\/wp\/v2\/mes?post=7923"},{"taxonomy":"clasificacion_anterior","embeddable":true,"href":"https:\/\/rinconeducativo.org\/es\/wp-json\/wp\/v2\/clasificacion_anterior?post=7923"}],"curies":[{"name":"wp","href":"https:\/\/api.w.org\/{rel}","templated":true}]}}