{"id":7914,"date":"2020-01-11T09:01:14","date_gmt":"2020-01-11T09:01:14","guid":{"rendered":"https:\/\/wp.rinconeducativo.org\/?event=11-de-enero-de-1988-fallece-isidor-isaac-rabi-premio-nobel-que-sento-las-bases-del-laser"},"modified":"2024-12-19T13:34:48","modified_gmt":"2024-12-19T12:34:48","slug":"11-enero-1988-fallece-isidor-isaac-rabi-premio-nobel-sento-bases-laser-maser-reloj-atomico-o-resonancia-magnetica","status":"publish","type":"re_efemeride","link":"https:\/\/rinconeducativo.org\/es\/efemerides\/11-enero-1988-fallece-isidor-isaac-rabi-premio-nobel-sento-bases-laser-maser-reloj-atomico-o-resonancia-magnetica\/","title":{"rendered":"11 de enero de 1988 \u2013 Fallece Isidor Isaac Rabi, Premio Nobel que sent\u00f3 las bases del l\u00e1ser, m\u00e1ser, reloj at\u00f3mico o la resonancia magn\u00e9tica"},"content":{"rendered":"<div class=\"wp-block-image\">\n<figure class=\"alignleft size-full is-resized\"><img loading=\"lazy\" decoding=\"async\" src=\"https:\/\/wp2.rinconeducativo.org\/wp-content\/uploads\/2022\/09\/isaac_rabi_isidor_2.jpg\" alt=\"\" class=\"wp-image-17898\" width=\"435\" height=\"344\" srcset=\"https:\/\/rinconeducativo.org\/wp-content\/uploads\/2022\/09\/isaac_rabi_isidor_2.jpg 1100w, https:\/\/rinconeducativo.org\/wp-content\/uploads\/2022\/09\/isaac_rabi_isidor_2-500x396.jpg 500w, https:\/\/rinconeducativo.org\/wp-content\/uploads\/2022\/09\/isaac_rabi_isidor_2-768x609.jpg 768w\" sizes=\"auto, (max-width: 435px) 100vw, 435px\" \/><\/figure>\n<\/div>\n\n\n<p>En 1919 se grad\u00faa en Qu\u00edmica por la Universidad Cornell y, en 1927, obtiene el doctorado en la Universidad de Columbia por una tesis versada en las propiedades magn\u00e9ticas de los cristales.<\/p>\n\n\n\n<p>A principios de la d\u00e9cada de los a\u00f1os 30, empieza a ejercer su profesi\u00f3n en el campo de la F\u00edsica Nuclear a trav\u00e9s de un proyecto de investigaci\u00f3n relacionada con los efectos de los campos magn\u00e9ticos sobre el n\u00facleo de las part\u00edculas, ideando un m\u00e9todo de resonancia magn\u00e9tica que permit\u00eda el estudio de las propiedades magn\u00e9ticas y la estructura interna de las mol\u00e9culas, los \u00e1tomos y los n\u00facleos. A partir de estos estudios se pudieron desarrollar aplicaciones como el l\u00e1ser, el m\u00e1ser, el <a href=\"https:\/\/www.rinconeducativo.org\/es\/recursos-educativos\/curiosidades-que-es-un-reloj-atomico\">reloj at\u00f3mico<\/a> o la <a href=\"https:\/\/www.rinconeducativo.org\/es\/recursos-educativos\/aplicacion-de-isotopos-en-medicina\">resonancia magn\u00e9tica utilizada en los diagn\u00f3sticos m\u00e9dicos<\/a>.<\/p>\n\n\n\n<p>Junto con Otto Stern, desarrollaron nuevos m\u00e9todos de observaci\u00f3n de los espectros basados en la resonancia magn\u00e9tica at\u00f3mica y de haces moleculares que abrieron el camino para determinar con exactitud las propiedades magn\u00e9ticas de las mol\u00e9culas o n\u00facleos at\u00f3micos, calcular el momento magn\u00e9tico del electr\u00f3n y probar la potencia de la teor\u00eda de la electrodin\u00e1mica cu\u00e1ntica.<\/p>\n\n\n\n<p>Rabi mejor\u00f3 el m\u00e9todo aumentando la exactitud de las mediciones en un factor 100 y descubri\u00f3 que los momentos magn\u00e9ticos de los \u00e1tomos se deben a los giros en las \u00f3rbitas y\/o rotaciones propias (esp\u00edn) de los electrones que rodean a los n\u00facleos at\u00f3micos.<\/p>\n\n\n\n<p>En 1944 recibi\u00f3 el Premio Nobel de F\u00edsica por el descubrimiento del m\u00e9todo de resonancia gracias a que es posible verificar el registro de las propiedades magn\u00e9ticas de los \u00e1tomos.<\/p>\n\n\n\n<p>Si quieres saber m\u00e1s sobre este cient\u00edfico, haz clic en el siguiente enlace: <a href=\"https:\/\/www.rinconeducativo.org\/es\/recursos-educativos\/isidor-isaac-rabi-premio-nobel-que-sento-las-bases-del-laser-maser-reloj-atomico\">Isidor Isaac Rabi<\/a><\/p>\n","protected":false},"excerpt":{"rendered":"<p>11 de enero de 1988 \u2013 Fallece Isidor Isaac Rabi, Premio Nobel que sent\u00f3 las bases del l\u00e1ser, m\u00e1ser, reloj at\u00f3mico o la resonancia magn\u00e9tica.<\/p>\n","protected":false},"author":1088,"featured_media":17898,"template":"","meta":{"_acf_changed":false,"footnotes":""},"tags":[5732,6255,5684,8346,8183],"mes":[7126],"clasificacion_anterior":[],"class_list":["post-7914","re_efemeride","type-re_efemeride","status-publish","has-post-thumbnail","hentry","tag-aplicaciones-de-la-tecnologia-nuclear","tag-atomos","tag-energia-nuclear","tag-magnetismo","tag-radiacion","mes-enero"],"acf":{"fecha":"19880111"},"yoast_head":"<!-- This site is optimized with the Yoast SEO plugin v26.8 - https:\/\/yoast.com\/product\/yoast-seo-wordpress\/ -->\n<title>11 de enero de 1988 \u2013 Fallece Isidor Isaac Rabi, Premio Nobel que sent\u00f3 las bases del l\u00e1ser, m\u00e1ser, reloj at\u00f3mico o la resonancia magn\u00e9tica - Rinc\u00f3n educativo<\/title>\n<meta name=\"robots\" content=\"index, follow, max-snippet:-1, max-image-preview:large, max-video-preview:-1\" \/>\n<link rel=\"canonical\" href=\"https:\/\/rinconeducativo.org\/es\/efemerides\/11-enero-1988-fallece-isidor-isaac-rabi-premio-nobel-sento-bases-laser-maser-reloj-atomico-o-resonancia-magnetica\/\" \/>\n<meta property=\"og:locale\" content=\"es_ES\" \/>\n<meta property=\"og:type\" content=\"article\" \/>\n<meta property=\"og:title\" content=\"11 de enero de 1988 \u2013 Fallece Isidor Isaac Rabi, Premio Nobel que sent\u00f3 las bases del l\u00e1ser, m\u00e1ser, reloj at\u00f3mico o la resonancia magn\u00e9tica - Rinc\u00f3n educativo\" \/>\n<meta property=\"og:description\" content=\"11 de enero de 1988 \u2013 Fallece Isidor Isaac Rabi, Premio Nobel que sent\u00f3 las bases del l\u00e1ser, m\u00e1ser, reloj at\u00f3mico o la resonancia magn\u00e9tica.\" \/>\n<meta property=\"og:url\" content=\"https:\/\/rinconeducativo.org\/es\/efemerides\/11-enero-1988-fallece-isidor-isaac-rabi-premio-nobel-sento-bases-laser-maser-reloj-atomico-o-resonancia-magnetica\/\" \/>\n<meta property=\"og:site_name\" content=\"Rinc\u00f3n educativo\" \/>\n<meta property=\"article:modified_time\" content=\"2024-12-19T12:34:48+00:00\" \/>\n<meta property=\"og:image\" content=\"https:\/\/rinconeducativo.org\/wp-content\/uploads\/2022\/09\/isaac_rabi_isidor_2.jpg\" \/>\n\t<meta property=\"og:image:width\" content=\"1100\" \/>\n\t<meta property=\"og:image:height\" content=\"872\" \/>\n\t<meta property=\"og:image:type\" content=\"image\/jpeg\" \/>\n<meta name=\"twitter:card\" content=\"summary_large_image\" \/>\n<script type=\"application\/ld+json\" class=\"yoast-schema-graph\">{\"@context\":\"https:\/\/schema.org\",\"@graph\":[{\"@type\":\"WebPage\",\"@id\":\"https:\/\/rinconeducativo.org\/es\/efemerides\/11-enero-1988-fallece-isidor-isaac-rabi-premio-nobel-sento-bases-laser-maser-reloj-atomico-o-resonancia-magnetica\/\",\"url\":\"https:\/\/rinconeducativo.org\/es\/efemerides\/11-enero-1988-fallece-isidor-isaac-rabi-premio-nobel-sento-bases-laser-maser-reloj-atomico-o-resonancia-magnetica\/\",\"name\":\"11 de enero de 1988 \u2013 Fallece Isidor Isaac Rabi, Premio Nobel que sent\u00f3 las bases del l\u00e1ser, m\u00e1ser, reloj at\u00f3mico o la resonancia magn\u00e9tica - Rinc\u00f3n educativo\",\"isPartOf\":{\"@id\":\"https:\/\/rinconeducativo.org\/es\/#website\"},\"primaryImageOfPage\":{\"@id\":\"https:\/\/rinconeducativo.org\/es\/efemerides\/11-enero-1988-fallece-isidor-isaac-rabi-premio-nobel-sento-bases-laser-maser-reloj-atomico-o-resonancia-magnetica\/#primaryimage\"},\"image\":{\"@id\":\"https:\/\/rinconeducativo.org\/es\/efemerides\/11-enero-1988-fallece-isidor-isaac-rabi-premio-nobel-sento-bases-laser-maser-reloj-atomico-o-resonancia-magnetica\/#primaryimage\"},\"thumbnailUrl\":\"https:\/\/rinconeducativo.org\/wp-content\/uploads\/2022\/09\/isaac_rabi_isidor_2.jpg\",\"datePublished\":\"2020-01-11T09:01:14+00:00\",\"dateModified\":\"2024-12-19T12:34:48+00:00\",\"breadcrumb\":{\"@id\":\"https:\/\/rinconeducativo.org\/es\/efemerides\/11-enero-1988-fallece-isidor-isaac-rabi-premio-nobel-sento-bases-laser-maser-reloj-atomico-o-resonancia-magnetica\/#breadcrumb\"},\"inLanguage\":\"es\",\"potentialAction\":[{\"@type\":\"ReadAction\",\"target\":[\"https:\/\/rinconeducativo.org\/es\/efemerides\/11-enero-1988-fallece-isidor-isaac-rabi-premio-nobel-sento-bases-laser-maser-reloj-atomico-o-resonancia-magnetica\/\"]}]},{\"@type\":\"ImageObject\",\"inLanguage\":\"es\",\"@id\":\"https:\/\/rinconeducativo.org\/es\/efemerides\/11-enero-1988-fallece-isidor-isaac-rabi-premio-nobel-sento-bases-laser-maser-reloj-atomico-o-resonancia-magnetica\/#primaryimage\",\"url\":\"https:\/\/rinconeducativo.org\/wp-content\/uploads\/2022\/09\/isaac_rabi_isidor_2.jpg\",\"contentUrl\":\"https:\/\/rinconeducativo.org\/wp-content\/uploads\/2022\/09\/isaac_rabi_isidor_2.jpg\",\"width\":1100,\"height\":872},{\"@type\":\"BreadcrumbList\",\"@id\":\"https:\/\/rinconeducativo.org\/es\/efemerides\/11-enero-1988-fallece-isidor-isaac-rabi-premio-nobel-sento-bases-laser-maser-reloj-atomico-o-resonancia-magnetica\/#breadcrumb\",\"itemListElement\":[{\"@type\":\"ListItem\",\"position\":1,\"name\":\"Portada\",\"item\":\"https:\/\/rinconeducativo.org\/es\/\"},{\"@type\":\"ListItem\",\"position\":2,\"name\":\"Efem\u00e9rides\",\"item\":\"https:\/\/rinconeducativo.org\/es\/efemerides\/\"},{\"@type\":\"ListItem\",\"position\":3,\"name\":\"11 de enero de 1988 \u2013 Fallece Isidor Isaac Rabi, Premio Nobel que sent\u00f3 las bases del l\u00e1ser, m\u00e1ser, reloj at\u00f3mico o la resonancia magn\u00e9tica\"}]},{\"@type\":\"WebSite\",\"@id\":\"https:\/\/rinconeducativo.org\/es\/#website\",\"url\":\"https:\/\/rinconeducativo.org\/es\/\",\"name\":\"Rinc\u00f3n educativo\",\"description\":\"Un proyecto del Foro Nuclear\",\"potentialAction\":[{\"@type\":\"SearchAction\",\"target\":{\"@type\":\"EntryPoint\",\"urlTemplate\":\"https:\/\/rinconeducativo.org\/es\/?s={search_term_string}\"},\"query-input\":{\"@type\":\"PropertyValueSpecification\",\"valueRequired\":true,\"valueName\":\"search_term_string\"}}],\"inLanguage\":\"es\"}]}<\/script>\n<!-- \/ Yoast SEO plugin. -->","yoast_head_json":{"title":"11 de enero de 1988 \u2013 Fallece Isidor Isaac Rabi, Premio Nobel que sent\u00f3 las bases del l\u00e1ser, m\u00e1ser, reloj at\u00f3mico o la resonancia magn\u00e9tica - Rinc\u00f3n educativo","robots":{"index":"index","follow":"follow","max-snippet":"max-snippet:-1","max-image-preview":"max-image-preview:large","max-video-preview":"max-video-preview:-1"},"canonical":"https:\/\/rinconeducativo.org\/es\/efemerides\/11-enero-1988-fallece-isidor-isaac-rabi-premio-nobel-sento-bases-laser-maser-reloj-atomico-o-resonancia-magnetica\/","og_locale":"es_ES","og_type":"article","og_title":"11 de enero de 1988 \u2013 Fallece Isidor Isaac Rabi, Premio Nobel que sent\u00f3 las bases del l\u00e1ser, m\u00e1ser, reloj at\u00f3mico o la resonancia magn\u00e9tica - Rinc\u00f3n educativo","og_description":"11 de enero de 1988 \u2013 Fallece Isidor Isaac Rabi, Premio Nobel que sent\u00f3 las bases del l\u00e1ser, m\u00e1ser, reloj at\u00f3mico o la resonancia magn\u00e9tica.","og_url":"https:\/\/rinconeducativo.org\/es\/efemerides\/11-enero-1988-fallece-isidor-isaac-rabi-premio-nobel-sento-bases-laser-maser-reloj-atomico-o-resonancia-magnetica\/","og_site_name":"Rinc\u00f3n educativo","article_modified_time":"2024-12-19T12:34:48+00:00","og_image":[{"width":1100,"height":872,"url":"https:\/\/rinconeducativo.org\/wp-content\/uploads\/2022\/09\/isaac_rabi_isidor_2.jpg","type":"image\/jpeg"}],"twitter_card":"summary_large_image","schema":{"@context":"https:\/\/schema.org","@graph":[{"@type":"WebPage","@id":"https:\/\/rinconeducativo.org\/es\/efemerides\/11-enero-1988-fallece-isidor-isaac-rabi-premio-nobel-sento-bases-laser-maser-reloj-atomico-o-resonancia-magnetica\/","url":"https:\/\/rinconeducativo.org\/es\/efemerides\/11-enero-1988-fallece-isidor-isaac-rabi-premio-nobel-sento-bases-laser-maser-reloj-atomico-o-resonancia-magnetica\/","name":"11 de enero de 1988 \u2013 Fallece Isidor Isaac Rabi, Premio Nobel que sent\u00f3 las bases del l\u00e1ser, m\u00e1ser, reloj at\u00f3mico o la resonancia magn\u00e9tica - Rinc\u00f3n educativo","isPartOf":{"@id":"https:\/\/rinconeducativo.org\/es\/#website"},"primaryImageOfPage":{"@id":"https:\/\/rinconeducativo.org\/es\/efemerides\/11-enero-1988-fallece-isidor-isaac-rabi-premio-nobel-sento-bases-laser-maser-reloj-atomico-o-resonancia-magnetica\/#primaryimage"},"image":{"@id":"https:\/\/rinconeducativo.org\/es\/efemerides\/11-enero-1988-fallece-isidor-isaac-rabi-premio-nobel-sento-bases-laser-maser-reloj-atomico-o-resonancia-magnetica\/#primaryimage"},"thumbnailUrl":"https:\/\/rinconeducativo.org\/wp-content\/uploads\/2022\/09\/isaac_rabi_isidor_2.jpg","datePublished":"2020-01-11T09:01:14+00:00","dateModified":"2024-12-19T12:34:48+00:00","breadcrumb":{"@id":"https:\/\/rinconeducativo.org\/es\/efemerides\/11-enero-1988-fallece-isidor-isaac-rabi-premio-nobel-sento-bases-laser-maser-reloj-atomico-o-resonancia-magnetica\/#breadcrumb"},"inLanguage":"es","potentialAction":[{"@type":"ReadAction","target":["https:\/\/rinconeducativo.org\/es\/efemerides\/11-enero-1988-fallece-isidor-isaac-rabi-premio-nobel-sento-bases-laser-maser-reloj-atomico-o-resonancia-magnetica\/"]}]},{"@type":"ImageObject","inLanguage":"es","@id":"https:\/\/rinconeducativo.org\/es\/efemerides\/11-enero-1988-fallece-isidor-isaac-rabi-premio-nobel-sento-bases-laser-maser-reloj-atomico-o-resonancia-magnetica\/#primaryimage","url":"https:\/\/rinconeducativo.org\/wp-content\/uploads\/2022\/09\/isaac_rabi_isidor_2.jpg","contentUrl":"https:\/\/rinconeducativo.org\/wp-content\/uploads\/2022\/09\/isaac_rabi_isidor_2.jpg","width":1100,"height":872},{"@type":"BreadcrumbList","@id":"https:\/\/rinconeducativo.org\/es\/efemerides\/11-enero-1988-fallece-isidor-isaac-rabi-premio-nobel-sento-bases-laser-maser-reloj-atomico-o-resonancia-magnetica\/#breadcrumb","itemListElement":[{"@type":"ListItem","position":1,"name":"Portada","item":"https:\/\/rinconeducativo.org\/es\/"},{"@type":"ListItem","position":2,"name":"Efem\u00e9rides","item":"https:\/\/rinconeducativo.org\/es\/efemerides\/"},{"@type":"ListItem","position":3,"name":"11 de enero de 1988 \u2013 Fallece Isidor Isaac Rabi, Premio Nobel que sent\u00f3 las bases del l\u00e1ser, m\u00e1ser, reloj at\u00f3mico o la resonancia magn\u00e9tica"}]},{"@type":"WebSite","@id":"https:\/\/rinconeducativo.org\/es\/#website","url":"https:\/\/rinconeducativo.org\/es\/","name":"Rinc\u00f3n educativo","description":"Un proyecto del Foro Nuclear","potentialAction":[{"@type":"SearchAction","target":{"@type":"EntryPoint","urlTemplate":"https:\/\/rinconeducativo.org\/es\/?s={search_term_string}"},"query-input":{"@type":"PropertyValueSpecification","valueRequired":true,"valueName":"search_term_string"}}],"inLanguage":"es"}]}},"_links":{"self":[{"href":"https:\/\/rinconeducativo.org\/es\/wp-json\/wp\/v2\/re_efemeride\/7914","targetHints":{"allow":["GET"]}}],"collection":[{"href":"https:\/\/rinconeducativo.org\/es\/wp-json\/wp\/v2\/re_efemeride"}],"about":[{"href":"https:\/\/rinconeducativo.org\/es\/wp-json\/wp\/v2\/types\/re_efemeride"}],"author":[{"embeddable":true,"href":"https:\/\/rinconeducativo.org\/es\/wp-json\/wp\/v2\/users\/1088"}],"version-history":[{"count":1,"href":"https:\/\/rinconeducativo.org\/es\/wp-json\/wp\/v2\/re_efemeride\/7914\/revisions"}],"predecessor-version":[{"id":34250,"href":"https:\/\/rinconeducativo.org\/es\/wp-json\/wp\/v2\/re_efemeride\/7914\/revisions\/34250"}],"wp:featuredmedia":[{"embeddable":true,"href":"https:\/\/rinconeducativo.org\/es\/wp-json\/wp\/v2\/media\/17898"}],"wp:attachment":[{"href":"https:\/\/rinconeducativo.org\/es\/wp-json\/wp\/v2\/media?parent=7914"}],"wp:term":[{"taxonomy":"post_tag","embeddable":true,"href":"https:\/\/rinconeducativo.org\/es\/wp-json\/wp\/v2\/tags?post=7914"},{"taxonomy":"mes","embeddable":true,"href":"https:\/\/rinconeducativo.org\/es\/wp-json\/wp\/v2\/mes?post=7914"},{"taxonomy":"clasificacion_anterior","embeddable":true,"href":"https:\/\/rinconeducativo.org\/es\/wp-json\/wp\/v2\/clasificacion_anterior?post=7914"}],"curies":[{"name":"wp","href":"https:\/\/api.w.org\/{rel}","templated":true}]}}