{"id":7880,"date":"2020-10-23T07:28:03","date_gmt":"2020-10-23T07:28:03","guid":{"rendered":"https:\/\/wp.rinconeducativo.org\/?event=23-de-octubre-dia-del-mol-feliz-dia-para-los-quimicos"},"modified":"2024-10-18T13:20:20","modified_gmt":"2024-10-18T11:20:20","slug":"23-octubre-dia-mol-feliz-dia-para-quimicos-quimicas","status":"publish","type":"re_efemeride","link":"https:\/\/rinconeducativo.org\/es\/efemerides\/23-octubre-dia-mol-feliz-dia-para-quimicos-quimicas\/","title":{"rendered":"23 de octubre \u2013 D\u00eda del Mol, \u00a1Feliz d\u00eda para los Qu\u00edmicos y Qu\u00edmicas!"},"content":{"rendered":"<div class=\"wp-block-image\">\n<figure class=\"alignleft is-resized\"><img loading=\"lazy\" decoding=\"async\" src=\"https:\/\/wp2.rinconeducativo.org\/wp-content\/uploads\/2020\/08\/amedeo_avogadro_0-500x333.jpg\" alt=\"amedeo_avogadro\" class=\"wp-image-6982\" width=\"256\" height=\"170\" srcset=\"https:\/\/rinconeducativo.org\/wp-content\/uploads\/2020\/08\/amedeo_avogadro_0-500x333.jpg 500w, https:\/\/rinconeducativo.org\/wp-content\/uploads\/2020\/08\/amedeo_avogadro_0-1200x800.jpg 1200w, https:\/\/rinconeducativo.org\/wp-content\/uploads\/2020\/08\/amedeo_avogadro_0-768x512.jpg 768w, https:\/\/rinconeducativo.org\/wp-content\/uploads\/2020\/08\/amedeo_avogadro_0-1536x1024.jpg 1536w, https:\/\/rinconeducativo.org\/wp-content\/uploads\/2020\/08\/amedeo_avogadro_0-2048x1365.jpg 2048w, https:\/\/rinconeducativo.org\/wp-content\/uploads\/2020\/08\/amedeo_avogadro_0-1568x1045.jpg 1568w, https:\/\/rinconeducativo.org\/wp-content\/uploads\/2020\/08\/amedeo_avogadro_0-scaled.jpg 2560w\" sizes=\"auto, (max-width: 256px) 100vw, 256px\" \/><\/figure>\n<\/div>\n\n\n<p>Un mol es una de las siete magnitudes f\u00edsicas fundamentales del Sistema Internacional de Unidades que mide la cantidad de sustancia. Contiene exactamente 6,02214078 x 10<sup>23<\/sup> entidades elementales. Esta cifra es conocida como la constante de <a href=\"http:\/\/rinconeducativo.org\/es\/recursos-educativos\/amedeo-avogadro-conocido-por-promulgar-la-ley-que-lleva-su-nombre\">Avogadro<\/a> aunque \u00e9l nunca supo de la existencia de este n\u00famero tan particular. En verdad, su principal aporte a la Qu\u00edmica fue la ley de Avogadro que dicta que \u201cdos vol\u00famenes iguales de dos gases distintos, a la misma temperatura y presi\u00f3n, deb\u00edan tener el mismo n\u00famero de part\u00edculas\u201d.<\/p>\n\n\n\n<p>Fue posteriormente, <a href=\"http:\/\/rinconeducativo.org\/es\/recursos-educativos\/jean-baptiste-perrin-sus-descubrimientos-resolvieron-una-disputa-que-habia\">Jean Perrin, Premio Nobel de F\u00edsica en 1926<\/a>, bas\u00e1ndose en el trabajo de Avogadro, propuso este concepto base en el estudio de las magnitudes de las sustancias a nivel at\u00f3mico y molecular.<\/p>\n\n\n\n<p><img decoding=\"async\" style=\"width: 420px; height: 250px; margin-left: 20px; margin-right: 20px; float: right;\" src=\"http:\/\/rinconeducativo.org\/sites\/default\/files\/lump-sugar-548647_1280.jpg\" alt=\"Terrones de az\u00facar\">Cuando se habla de moles, en general, se dice que son de entidades elementales y \u00bfqu\u00e9 quiere decir esto? Pues que un 1 mol de mol\u00e9culas contiene 6,02214078 x 10<sup>23<\/sup> mol\u00e9culas y 1 mol de terrones de az\u00facar contendr\u00e1 6,02214078 x 10<sup>23<\/sup> terrones de az\u00facar, lo que ser\u00eda 2.408.885.631.200.000.000 toneladas. Para que os hag\u00e1is una idea de la magnitud de esta cantidad, es aproximadamente 1\/30 de la masa de la luna. As\u00ed que si cogemos 30 moles de terrenos de az\u00facar tendremos 1 luna hecha de az\u00facar.<\/p>\n\n\n\n<p>\u00bfPor qu\u00e9 se celebra hoy? Por ser 23 del mes 10 y la hora principal a las 6:02 que, si se utiliza la designaci\u00f3n sajona de las fechas, se escribe 6:02 10\/23, muy parecido al n\u00famero de Avogadro.<\/p>\n","protected":false},"excerpt":{"rendered":"<p>23 de octubre \u2013 D\u00eda del Mol, \u00a1Feliz d\u00eda para los Qu\u00edmicos y Qu\u00edmicas!<\/p>\n","protected":false},"author":1088,"featured_media":33638,"template":"","meta":{"_acf_changed":false,"footnotes":""},"tags":[6255,6071],"mes":[7117],"clasificacion_anterior":[],"class_list":["post-7880","re_efemeride","type-re_efemeride","status-publish","has-post-thumbnail","hentry","tag-atomos","tag-tabla-periodica","mes-octubre"],"acf":{"fecha":"20221023"},"yoast_head":"<!-- This site is optimized with the Yoast SEO plugin v26.8 - https:\/\/yoast.com\/product\/yoast-seo-wordpress\/ -->\n<title>23 de octubre \u2013 D\u00eda del Mol, \u00a1Feliz d\u00eda para los Qu\u00edmicos y Qu\u00edmicas! - Rinc\u00f3n educativo<\/title>\n<meta name=\"robots\" content=\"index, follow, max-snippet:-1, max-image-preview:large, max-video-preview:-1\" \/>\n<link rel=\"canonical\" href=\"https:\/\/rinconeducativo.org\/es\/efemerides\/23-octubre-dia-mol-feliz-dia-para-quimicos-quimicas\/\" \/>\n<meta property=\"og:locale\" content=\"es_ES\" \/>\n<meta property=\"og:type\" content=\"article\" \/>\n<meta property=\"og:title\" content=\"23 de octubre \u2013 D\u00eda del Mol, \u00a1Feliz d\u00eda para los Qu\u00edmicos y Qu\u00edmicas! - Rinc\u00f3n educativo\" \/>\n<meta property=\"og:description\" content=\"23 de octubre \u2013 D\u00eda del Mol, \u00a1Feliz d\u00eda para los Qu\u00edmicos y Qu\u00edmicas!\" \/>\n<meta property=\"og:url\" content=\"https:\/\/rinconeducativo.org\/es\/efemerides\/23-octubre-dia-mol-feliz-dia-para-quimicos-quimicas\/\" \/>\n<meta property=\"og:site_name\" content=\"Rinc\u00f3n educativo\" \/>\n<meta property=\"article:modified_time\" content=\"2024-10-18T11:20:20+00:00\" \/>\n<meta property=\"og:image\" content=\"https:\/\/rinconeducativo.org\/wp-content\/uploads\/2024\/07\/Dia_Mundial_Mol.png\" \/>\n\t<meta property=\"og:image:width\" content=\"797\" \/>\n\t<meta property=\"og:image:height\" content=\"492\" \/>\n\t<meta property=\"og:image:type\" content=\"image\/png\" \/>\n<meta name=\"twitter:card\" content=\"summary_large_image\" \/>\n<script type=\"application\/ld+json\" class=\"yoast-schema-graph\">{\"@context\":\"https:\/\/schema.org\",\"@graph\":[{\"@type\":\"WebPage\",\"@id\":\"https:\/\/rinconeducativo.org\/es\/efemerides\/23-octubre-dia-mol-feliz-dia-para-quimicos-quimicas\/\",\"url\":\"https:\/\/rinconeducativo.org\/es\/efemerides\/23-octubre-dia-mol-feliz-dia-para-quimicos-quimicas\/\",\"name\":\"23 de octubre \u2013 D\u00eda del Mol, \u00a1Feliz d\u00eda para los Qu\u00edmicos y Qu\u00edmicas! - Rinc\u00f3n educativo\",\"isPartOf\":{\"@id\":\"https:\/\/rinconeducativo.org\/es\/#website\"},\"primaryImageOfPage\":{\"@id\":\"https:\/\/rinconeducativo.org\/es\/efemerides\/23-octubre-dia-mol-feliz-dia-para-quimicos-quimicas\/#primaryimage\"},\"image\":{\"@id\":\"https:\/\/rinconeducativo.org\/es\/efemerides\/23-octubre-dia-mol-feliz-dia-para-quimicos-quimicas\/#primaryimage\"},\"thumbnailUrl\":\"https:\/\/rinconeducativo.org\/wp-content\/uploads\/2024\/07\/Dia_Mundial_Mol.png\",\"datePublished\":\"2020-10-23T07:28:03+00:00\",\"dateModified\":\"2024-10-18T11:20:20+00:00\",\"breadcrumb\":{\"@id\":\"https:\/\/rinconeducativo.org\/es\/efemerides\/23-octubre-dia-mol-feliz-dia-para-quimicos-quimicas\/#breadcrumb\"},\"inLanguage\":\"es\",\"potentialAction\":[{\"@type\":\"ReadAction\",\"target\":[\"https:\/\/rinconeducativo.org\/es\/efemerides\/23-octubre-dia-mol-feliz-dia-para-quimicos-quimicas\/\"]}]},{\"@type\":\"ImageObject\",\"inLanguage\":\"es\",\"@id\":\"https:\/\/rinconeducativo.org\/es\/efemerides\/23-octubre-dia-mol-feliz-dia-para-quimicos-quimicas\/#primaryimage\",\"url\":\"https:\/\/rinconeducativo.org\/wp-content\/uploads\/2024\/07\/Dia_Mundial_Mol.png\",\"contentUrl\":\"https:\/\/rinconeducativo.org\/wp-content\/uploads\/2024\/07\/Dia_Mundial_Mol.png\",\"width\":797,\"height\":492,\"caption\":\"D\u00eda Mundial del Mol\"},{\"@type\":\"BreadcrumbList\",\"@id\":\"https:\/\/rinconeducativo.org\/es\/efemerides\/23-octubre-dia-mol-feliz-dia-para-quimicos-quimicas\/#breadcrumb\",\"itemListElement\":[{\"@type\":\"ListItem\",\"position\":1,\"name\":\"Portada\",\"item\":\"https:\/\/rinconeducativo.org\/es\/\"},{\"@type\":\"ListItem\",\"position\":2,\"name\":\"Efem\u00e9rides\",\"item\":\"https:\/\/rinconeducativo.org\/es\/efemerides\/\"},{\"@type\":\"ListItem\",\"position\":3,\"name\":\"23 de octubre \u2013 D\u00eda del Mol, \u00a1Feliz d\u00eda para los Qu\u00edmicos y Qu\u00edmicas!\"}]},{\"@type\":\"WebSite\",\"@id\":\"https:\/\/rinconeducativo.org\/es\/#website\",\"url\":\"https:\/\/rinconeducativo.org\/es\/\",\"name\":\"Rinc\u00f3n educativo\",\"description\":\"Un proyecto del Foro Nuclear\",\"potentialAction\":[{\"@type\":\"SearchAction\",\"target\":{\"@type\":\"EntryPoint\",\"urlTemplate\":\"https:\/\/rinconeducativo.org\/es\/?s={search_term_string}\"},\"query-input\":{\"@type\":\"PropertyValueSpecification\",\"valueRequired\":true,\"valueName\":\"search_term_string\"}}],\"inLanguage\":\"es\"}]}<\/script>\n<!-- \/ Yoast SEO plugin. -->","yoast_head_json":{"title":"23 de octubre \u2013 D\u00eda del Mol, \u00a1Feliz d\u00eda para los Qu\u00edmicos y Qu\u00edmicas! - Rinc\u00f3n educativo","robots":{"index":"index","follow":"follow","max-snippet":"max-snippet:-1","max-image-preview":"max-image-preview:large","max-video-preview":"max-video-preview:-1"},"canonical":"https:\/\/rinconeducativo.org\/es\/efemerides\/23-octubre-dia-mol-feliz-dia-para-quimicos-quimicas\/","og_locale":"es_ES","og_type":"article","og_title":"23 de octubre \u2013 D\u00eda del Mol, \u00a1Feliz d\u00eda para los Qu\u00edmicos y Qu\u00edmicas! - Rinc\u00f3n educativo","og_description":"23 de octubre \u2013 D\u00eda del Mol, \u00a1Feliz d\u00eda para los Qu\u00edmicos y Qu\u00edmicas!","og_url":"https:\/\/rinconeducativo.org\/es\/efemerides\/23-octubre-dia-mol-feliz-dia-para-quimicos-quimicas\/","og_site_name":"Rinc\u00f3n educativo","article_modified_time":"2024-10-18T11:20:20+00:00","og_image":[{"width":797,"height":492,"url":"https:\/\/rinconeducativo.org\/wp-content\/uploads\/2024\/07\/Dia_Mundial_Mol.png","type":"image\/png"}],"twitter_card":"summary_large_image","schema":{"@context":"https:\/\/schema.org","@graph":[{"@type":"WebPage","@id":"https:\/\/rinconeducativo.org\/es\/efemerides\/23-octubre-dia-mol-feliz-dia-para-quimicos-quimicas\/","url":"https:\/\/rinconeducativo.org\/es\/efemerides\/23-octubre-dia-mol-feliz-dia-para-quimicos-quimicas\/","name":"23 de octubre \u2013 D\u00eda del Mol, \u00a1Feliz d\u00eda para los Qu\u00edmicos y Qu\u00edmicas! - Rinc\u00f3n educativo","isPartOf":{"@id":"https:\/\/rinconeducativo.org\/es\/#website"},"primaryImageOfPage":{"@id":"https:\/\/rinconeducativo.org\/es\/efemerides\/23-octubre-dia-mol-feliz-dia-para-quimicos-quimicas\/#primaryimage"},"image":{"@id":"https:\/\/rinconeducativo.org\/es\/efemerides\/23-octubre-dia-mol-feliz-dia-para-quimicos-quimicas\/#primaryimage"},"thumbnailUrl":"https:\/\/rinconeducativo.org\/wp-content\/uploads\/2024\/07\/Dia_Mundial_Mol.png","datePublished":"2020-10-23T07:28:03+00:00","dateModified":"2024-10-18T11:20:20+00:00","breadcrumb":{"@id":"https:\/\/rinconeducativo.org\/es\/efemerides\/23-octubre-dia-mol-feliz-dia-para-quimicos-quimicas\/#breadcrumb"},"inLanguage":"es","potentialAction":[{"@type":"ReadAction","target":["https:\/\/rinconeducativo.org\/es\/efemerides\/23-octubre-dia-mol-feliz-dia-para-quimicos-quimicas\/"]}]},{"@type":"ImageObject","inLanguage":"es","@id":"https:\/\/rinconeducativo.org\/es\/efemerides\/23-octubre-dia-mol-feliz-dia-para-quimicos-quimicas\/#primaryimage","url":"https:\/\/rinconeducativo.org\/wp-content\/uploads\/2024\/07\/Dia_Mundial_Mol.png","contentUrl":"https:\/\/rinconeducativo.org\/wp-content\/uploads\/2024\/07\/Dia_Mundial_Mol.png","width":797,"height":492,"caption":"D\u00eda Mundial del Mol"},{"@type":"BreadcrumbList","@id":"https:\/\/rinconeducativo.org\/es\/efemerides\/23-octubre-dia-mol-feliz-dia-para-quimicos-quimicas\/#breadcrumb","itemListElement":[{"@type":"ListItem","position":1,"name":"Portada","item":"https:\/\/rinconeducativo.org\/es\/"},{"@type":"ListItem","position":2,"name":"Efem\u00e9rides","item":"https:\/\/rinconeducativo.org\/es\/efemerides\/"},{"@type":"ListItem","position":3,"name":"23 de octubre \u2013 D\u00eda del Mol, \u00a1Feliz d\u00eda para los Qu\u00edmicos y Qu\u00edmicas!"}]},{"@type":"WebSite","@id":"https:\/\/rinconeducativo.org\/es\/#website","url":"https:\/\/rinconeducativo.org\/es\/","name":"Rinc\u00f3n educativo","description":"Un proyecto del Foro Nuclear","potentialAction":[{"@type":"SearchAction","target":{"@type":"EntryPoint","urlTemplate":"https:\/\/rinconeducativo.org\/es\/?s={search_term_string}"},"query-input":{"@type":"PropertyValueSpecification","valueRequired":true,"valueName":"search_term_string"}}],"inLanguage":"es"}]}},"_links":{"self":[{"href":"https:\/\/rinconeducativo.org\/es\/wp-json\/wp\/v2\/re_efemeride\/7880","targetHints":{"allow":["GET"]}}],"collection":[{"href":"https:\/\/rinconeducativo.org\/es\/wp-json\/wp\/v2\/re_efemeride"}],"about":[{"href":"https:\/\/rinconeducativo.org\/es\/wp-json\/wp\/v2\/types\/re_efemeride"}],"author":[{"embeddable":true,"href":"https:\/\/rinconeducativo.org\/es\/wp-json\/wp\/v2\/users\/1088"}],"version-history":[{"count":3,"href":"https:\/\/rinconeducativo.org\/es\/wp-json\/wp\/v2\/re_efemeride\/7880\/revisions"}],"predecessor-version":[{"id":37001,"href":"https:\/\/rinconeducativo.org\/es\/wp-json\/wp\/v2\/re_efemeride\/7880\/revisions\/37001"}],"wp:featuredmedia":[{"embeddable":true,"href":"https:\/\/rinconeducativo.org\/es\/wp-json\/wp\/v2\/media\/33638"}],"wp:attachment":[{"href":"https:\/\/rinconeducativo.org\/es\/wp-json\/wp\/v2\/media?parent=7880"}],"wp:term":[{"taxonomy":"post_tag","embeddable":true,"href":"https:\/\/rinconeducativo.org\/es\/wp-json\/wp\/v2\/tags?post=7880"},{"taxonomy":"mes","embeddable":true,"href":"https:\/\/rinconeducativo.org\/es\/wp-json\/wp\/v2\/mes?post=7880"},{"taxonomy":"clasificacion_anterior","embeddable":true,"href":"https:\/\/rinconeducativo.org\/es\/wp-json\/wp\/v2\/clasificacion_anterior?post=7880"}],"curies":[{"name":"wp","href":"https:\/\/api.w.org\/{rel}","templated":true}]}}