{"id":7845,"date":"2020-09-26T11:20:00","date_gmt":"2020-09-26T09:20:00","guid":{"rendered":"https:\/\/wp.rinconeducativo.org\/?event=27-de-septiembre-de-1905-albert-einstein-da-conocer-su-famosa-ecuacion"},"modified":"2024-12-19T11:35:02","modified_gmt":"2024-12-19T10:35:02","slug":"26-septiembre-1905-albert-einstein-hace-publica-teoria-relatividad-especial","status":"publish","type":"re_efemeride","link":"https:\/\/rinconeducativo.org\/es\/efemerides\/26-septiembre-1905-albert-einstein-hace-publica-teoria-relatividad-especial\/","title":{"rendered":"26 de septiembre de 1905 - Albert Einstein hace p\u00fablica su teor\u00eda sobre la relatividad especial"},"content":{"rendered":"<div class=\"wp-block-image\">\n<figure class=\"alignleft size-full is-resized\"><img loading=\"lazy\" decoding=\"async\" width=\"604\" height=\"340\" src=\"https:\/\/rinconeducativo.org\/wp-content\/uploads\/2020\/09\/einstein_albert_teoria_relatividad.jpg\" alt=\"\" class=\"wp-image-36563\" style=\"width:451px;height:auto\" srcset=\"https:\/\/rinconeducativo.org\/wp-content\/uploads\/2020\/09\/einstein_albert_teoria_relatividad.jpg 604w, https:\/\/rinconeducativo.org\/wp-content\/uploads\/2020\/09\/einstein_albert_teoria_relatividad-500x281.jpg 500w\" sizes=\"auto, (max-width: 604px) 100vw, 604px\" \/><\/figure>\n<\/div>\n\n\n<p>Entre marzo y septiember de 1905, el buz\u00f3n de la revista cient\u00edfica alemana \"<em>Annales der Physik<\/em>\" recibi\u00f3 cuatro estudios que cambiar\u00edan para siempre las leyes de la f\u00edsica y, en definitiva, la concepci\u00f3n de la realidad de la luz, de la materia, del tiempo y del espacio.<\/p>\n\n\n\n<p>El autor era un joven de 26 a\u00f1os llamado\u00a0<a href=\"https:\/\/rinconeducativo.org\/es\/recursos-educativos\/biografia-de-einstein\/\" target=\"_blank\" rel=\"noreferrer noopener\">Albert Einstein<\/a>\u00a0y que, en aquel momento, trabajaba en la oficina de patentes de Berna (Suiza). Su carrera como f\u00edsico estaba estancada tras el rechazo de su tesis doctoral y su pasi\u00f3n cient\u00edfica hab\u00eda quedada relegada a sus ratos libres y a las largas horas muertas en la oficina. Sin embargo, este a\u00f1o fue milagroso para Einstein con la publicaci\u00f3n de estos\u00a0<a href=\"https:\/\/rinconeducativo.org\/es\/recursos-educativos\/1905-albert-einstein-publica-cuatro-estudios-cambiarian-leyes-fisica\/\" target=\"_blank\" rel=\"noreferrer noopener\">cuatro estudios.<\/a><\/p>\n\n\n\n<p>El tercer estudio de aquel a\u00f1o fue quiz\u00e1s el m\u00e1s prometedor. Trataba sobre \"<strong>La electrodin\u00e1mica de los cuerpos en movimiento\"<\/strong>&nbsp;y fue publicado el 26 de septiembre de 1905.<\/p>\n\n\n\n<p>Supuso la condensaci\u00f3n de la neuva f\u00edsica de Einstein en la conocida teor\u00eda de la relatividad especial, que preceder\u00eda ala relatividad general (que, en 1915, incluy\u00f3 tambi\u00e9n la influencia de la aceleraci\u00f3n y la gravedad). Einstein postul\u00f3 en este estudio que la velocidad de la luz es inmutable, constante e independiente del movimiento del obserador. Por tanto, a excepci\u00f3n de la constante de la velocidad de la luz, todo es relativo, incluyendo el tiempo, la distancia o la masa.<\/p>\n\n\n\n<p>Si quieres saber m\u00e1s sobre este cient\u00edfico, haz clic en el siguiente enlace: <a href=\"http:\/\/www.rinconeducativo.org\/es\/recursos-educativos\/monografico-sobre-albert-einstein\">Albert Einstein<\/a><\/p>\n","protected":false},"excerpt":{"rendered":"<p>Entre marzo y septiember de 1905, el buz\u00f3n de la revista cient\u00edfica alemana \"Annales der Physik\" recibi\u00f3 cuatro estudios que cambiar\u00edan para siempre las leyes de la f\u00edsica y, en definitiva, la concepci\u00f3n de la realidad de la luz, de la materia, del tiempo y del espacio. El tercer estudio de aquel a\u00f1o fue quiz\u00e1s el m\u00e1s prometedor. Trataba sobre \"La electrodin\u00e1mica de los cuerpos en movimiento\"\u00a0y fue publicado el 26 de septiembre de 1905.<\/p>\n","protected":false},"author":1088,"featured_media":21927,"template":"","meta":{"_acf_changed":false,"footnotes":""},"tags":[6114],"mes":[7118],"clasificacion_anterior":[],"class_list":["post-7845","re_efemeride","type-re_efemeride","status-publish","has-post-thumbnail","hentry","tag-ciencia","mes-septiembre"],"acf":{"fecha":"19050926"},"yoast_head":"<!-- This site is optimized with the Yoast SEO plugin v26.8 - https:\/\/yoast.com\/product\/yoast-seo-wordpress\/ -->\n<title>26 de septiembre de 1905 - Albert Einstein hace p\u00fablica su teor\u00eda sobre la relatividad especial - Rinc\u00f3n educativo<\/title>\n<meta name=\"robots\" content=\"index, follow, max-snippet:-1, max-image-preview:large, max-video-preview:-1\" \/>\n<link rel=\"canonical\" href=\"https:\/\/rinconeducativo.org\/es\/efemerides\/26-septiembre-1905-albert-einstein-hace-publica-teoria-relatividad-especial\/\" \/>\n<meta property=\"og:locale\" content=\"es_ES\" \/>\n<meta property=\"og:type\" content=\"article\" \/>\n<meta property=\"og:title\" content=\"26 de septiembre de 1905 - Albert Einstein hace p\u00fablica su teor\u00eda sobre la relatividad especial - Rinc\u00f3n educativo\" \/>\n<meta property=\"og:description\" content=\"Entre marzo y septiember de 1905, el buz\u00f3n de la revista cient\u00edfica alemana &quot;Annales der Physik&quot; recibi\u00f3 cuatro estudios que cambiar\u00edan para siempre las leyes de la f\u00edsica y, en definitiva, la concepci\u00f3n de la realidad de la luz, de la materia, del tiempo y del espacio. El tercer estudio de aquel a\u00f1o fue quiz\u00e1s el m\u00e1s prometedor. Trataba sobre &quot;La electrodin\u00e1mica de los cuerpos en movimiento&quot;\u00a0y fue publicado el 26 de septiembre de 1905.\" \/>\n<meta property=\"og:url\" content=\"https:\/\/rinconeducativo.org\/es\/efemerides\/26-septiembre-1905-albert-einstein-hace-publica-teoria-relatividad-especial\/\" \/>\n<meta property=\"og:site_name\" content=\"Rinc\u00f3n educativo\" \/>\n<meta property=\"article:modified_time\" content=\"2024-12-19T10:35:02+00:00\" \/>\n<meta property=\"og:image\" content=\"https:\/\/rinconeducativo.org\/wp-content\/uploads\/2020\/09\/Einstein_Relatividad_Especial.jpg\" \/>\n\t<meta property=\"og:image:width\" content=\"319\" \/>\n\t<meta property=\"og:image:height\" content=\"201\" \/>\n\t<meta property=\"og:image:type\" content=\"image\/jpeg\" \/>\n<meta name=\"twitter:card\" content=\"summary_large_image\" \/>\n<script type=\"application\/ld+json\" class=\"yoast-schema-graph\">{\"@context\":\"https:\/\/schema.org\",\"@graph\":[{\"@type\":\"WebPage\",\"@id\":\"https:\/\/rinconeducativo.org\/es\/efemerides\/26-septiembre-1905-albert-einstein-hace-publica-teoria-relatividad-especial\/\",\"url\":\"https:\/\/rinconeducativo.org\/es\/efemerides\/26-septiembre-1905-albert-einstein-hace-publica-teoria-relatividad-especial\/\",\"name\":\"26 de septiembre de 1905 - Albert Einstein hace p\u00fablica su teor\u00eda sobre la relatividad especial - Rinc\u00f3n educativo\",\"isPartOf\":{\"@id\":\"https:\/\/rinconeducativo.org\/es\/#website\"},\"primaryImageOfPage\":{\"@id\":\"https:\/\/rinconeducativo.org\/es\/efemerides\/26-septiembre-1905-albert-einstein-hace-publica-teoria-relatividad-especial\/#primaryimage\"},\"image\":{\"@id\":\"https:\/\/rinconeducativo.org\/es\/efemerides\/26-septiembre-1905-albert-einstein-hace-publica-teoria-relatividad-especial\/#primaryimage\"},\"thumbnailUrl\":\"https:\/\/rinconeducativo.org\/wp-content\/uploads\/2020\/09\/Einstein_Relatividad_Especial.jpg\",\"datePublished\":\"2020-09-26T09:20:00+00:00\",\"dateModified\":\"2024-12-19T10:35:02+00:00\",\"breadcrumb\":{\"@id\":\"https:\/\/rinconeducativo.org\/es\/efemerides\/26-septiembre-1905-albert-einstein-hace-publica-teoria-relatividad-especial\/#breadcrumb\"},\"inLanguage\":\"es\",\"potentialAction\":[{\"@type\":\"ReadAction\",\"target\":[\"https:\/\/rinconeducativo.org\/es\/efemerides\/26-septiembre-1905-albert-einstein-hace-publica-teoria-relatividad-especial\/\"]}]},{\"@type\":\"ImageObject\",\"inLanguage\":\"es\",\"@id\":\"https:\/\/rinconeducativo.org\/es\/efemerides\/26-septiembre-1905-albert-einstein-hace-publica-teoria-relatividad-especial\/#primaryimage\",\"url\":\"https:\/\/rinconeducativo.org\/wp-content\/uploads\/2020\/09\/Einstein_Relatividad_Especial.jpg\",\"contentUrl\":\"https:\/\/rinconeducativo.org\/wp-content\/uploads\/2020\/09\/Einstein_Relatividad_Especial.jpg\",\"width\":319,\"height\":201,\"caption\":\"Teor\u00eda de la Relatividad Especial de Einstein\"},{\"@type\":\"BreadcrumbList\",\"@id\":\"https:\/\/rinconeducativo.org\/es\/efemerides\/26-septiembre-1905-albert-einstein-hace-publica-teoria-relatividad-especial\/#breadcrumb\",\"itemListElement\":[{\"@type\":\"ListItem\",\"position\":1,\"name\":\"Portada\",\"item\":\"https:\/\/rinconeducativo.org\/es\/\"},{\"@type\":\"ListItem\",\"position\":2,\"name\":\"Efem\u00e9rides\",\"item\":\"https:\/\/rinconeducativo.org\/es\/efemerides\/\"},{\"@type\":\"ListItem\",\"position\":3,\"name\":\"26 de septiembre de 1905 - Albert Einstein hace p\u00fablica su teor\u00eda sobre la relatividad especial\"}]},{\"@type\":\"WebSite\",\"@id\":\"https:\/\/rinconeducativo.org\/es\/#website\",\"url\":\"https:\/\/rinconeducativo.org\/es\/\",\"name\":\"Rinc\u00f3n educativo\",\"description\":\"Un proyecto del Foro Nuclear\",\"potentialAction\":[{\"@type\":\"SearchAction\",\"target\":{\"@type\":\"EntryPoint\",\"urlTemplate\":\"https:\/\/rinconeducativo.org\/es\/?s={search_term_string}\"},\"query-input\":{\"@type\":\"PropertyValueSpecification\",\"valueRequired\":true,\"valueName\":\"search_term_string\"}}],\"inLanguage\":\"es\"}]}<\/script>\n<!-- \/ Yoast SEO plugin. -->","yoast_head_json":{"title":"26 de septiembre de 1905 - Albert Einstein hace p\u00fablica su teor\u00eda sobre la relatividad especial - Rinc\u00f3n educativo","robots":{"index":"index","follow":"follow","max-snippet":"max-snippet:-1","max-image-preview":"max-image-preview:large","max-video-preview":"max-video-preview:-1"},"canonical":"https:\/\/rinconeducativo.org\/es\/efemerides\/26-septiembre-1905-albert-einstein-hace-publica-teoria-relatividad-especial\/","og_locale":"es_ES","og_type":"article","og_title":"26 de septiembre de 1905 - Albert Einstein hace p\u00fablica su teor\u00eda sobre la relatividad especial - Rinc\u00f3n educativo","og_description":"Entre marzo y septiember de 1905, el buz\u00f3n de la revista cient\u00edfica alemana \"Annales der Physik\" recibi\u00f3 cuatro estudios que cambiar\u00edan para siempre las leyes de la f\u00edsica y, en definitiva, la concepci\u00f3n de la realidad de la luz, de la materia, del tiempo y del espacio. El tercer estudio de aquel a\u00f1o fue quiz\u00e1s el m\u00e1s prometedor. Trataba sobre \"La electrodin\u00e1mica de los cuerpos en movimiento\"\u00a0y fue publicado el 26 de septiembre de 1905.","og_url":"https:\/\/rinconeducativo.org\/es\/efemerides\/26-septiembre-1905-albert-einstein-hace-publica-teoria-relatividad-especial\/","og_site_name":"Rinc\u00f3n educativo","article_modified_time":"2024-12-19T10:35:02+00:00","og_image":[{"width":319,"height":201,"url":"https:\/\/rinconeducativo.org\/wp-content\/uploads\/2020\/09\/Einstein_Relatividad_Especial.jpg","type":"image\/jpeg"}],"twitter_card":"summary_large_image","schema":{"@context":"https:\/\/schema.org","@graph":[{"@type":"WebPage","@id":"https:\/\/rinconeducativo.org\/es\/efemerides\/26-septiembre-1905-albert-einstein-hace-publica-teoria-relatividad-especial\/","url":"https:\/\/rinconeducativo.org\/es\/efemerides\/26-septiembre-1905-albert-einstein-hace-publica-teoria-relatividad-especial\/","name":"26 de septiembre de 1905 - Albert Einstein hace p\u00fablica su teor\u00eda sobre la relatividad especial - Rinc\u00f3n educativo","isPartOf":{"@id":"https:\/\/rinconeducativo.org\/es\/#website"},"primaryImageOfPage":{"@id":"https:\/\/rinconeducativo.org\/es\/efemerides\/26-septiembre-1905-albert-einstein-hace-publica-teoria-relatividad-especial\/#primaryimage"},"image":{"@id":"https:\/\/rinconeducativo.org\/es\/efemerides\/26-septiembre-1905-albert-einstein-hace-publica-teoria-relatividad-especial\/#primaryimage"},"thumbnailUrl":"https:\/\/rinconeducativo.org\/wp-content\/uploads\/2020\/09\/Einstein_Relatividad_Especial.jpg","datePublished":"2020-09-26T09:20:00+00:00","dateModified":"2024-12-19T10:35:02+00:00","breadcrumb":{"@id":"https:\/\/rinconeducativo.org\/es\/efemerides\/26-septiembre-1905-albert-einstein-hace-publica-teoria-relatividad-especial\/#breadcrumb"},"inLanguage":"es","potentialAction":[{"@type":"ReadAction","target":["https:\/\/rinconeducativo.org\/es\/efemerides\/26-septiembre-1905-albert-einstein-hace-publica-teoria-relatividad-especial\/"]}]},{"@type":"ImageObject","inLanguage":"es","@id":"https:\/\/rinconeducativo.org\/es\/efemerides\/26-septiembre-1905-albert-einstein-hace-publica-teoria-relatividad-especial\/#primaryimage","url":"https:\/\/rinconeducativo.org\/wp-content\/uploads\/2020\/09\/Einstein_Relatividad_Especial.jpg","contentUrl":"https:\/\/rinconeducativo.org\/wp-content\/uploads\/2020\/09\/Einstein_Relatividad_Especial.jpg","width":319,"height":201,"caption":"Teor\u00eda de la Relatividad Especial de Einstein"},{"@type":"BreadcrumbList","@id":"https:\/\/rinconeducativo.org\/es\/efemerides\/26-septiembre-1905-albert-einstein-hace-publica-teoria-relatividad-especial\/#breadcrumb","itemListElement":[{"@type":"ListItem","position":1,"name":"Portada","item":"https:\/\/rinconeducativo.org\/es\/"},{"@type":"ListItem","position":2,"name":"Efem\u00e9rides","item":"https:\/\/rinconeducativo.org\/es\/efemerides\/"},{"@type":"ListItem","position":3,"name":"26 de septiembre de 1905 - Albert Einstein hace p\u00fablica su teor\u00eda sobre la relatividad especial"}]},{"@type":"WebSite","@id":"https:\/\/rinconeducativo.org\/es\/#website","url":"https:\/\/rinconeducativo.org\/es\/","name":"Rinc\u00f3n educativo","description":"Un proyecto del Foro Nuclear","potentialAction":[{"@type":"SearchAction","target":{"@type":"EntryPoint","urlTemplate":"https:\/\/rinconeducativo.org\/es\/?s={search_term_string}"},"query-input":{"@type":"PropertyValueSpecification","valueRequired":true,"valueName":"search_term_string"}}],"inLanguage":"es"}]}},"_links":{"self":[{"href":"https:\/\/rinconeducativo.org\/es\/wp-json\/wp\/v2\/re_efemeride\/7845","targetHints":{"allow":["GET"]}}],"collection":[{"href":"https:\/\/rinconeducativo.org\/es\/wp-json\/wp\/v2\/re_efemeride"}],"about":[{"href":"https:\/\/rinconeducativo.org\/es\/wp-json\/wp\/v2\/types\/re_efemeride"}],"author":[{"embeddable":true,"href":"https:\/\/rinconeducativo.org\/es\/wp-json\/wp\/v2\/users\/1088"}],"version-history":[{"count":3,"href":"https:\/\/rinconeducativo.org\/es\/wp-json\/wp\/v2\/re_efemeride\/7845\/revisions"}],"predecessor-version":[{"id":36570,"href":"https:\/\/rinconeducativo.org\/es\/wp-json\/wp\/v2\/re_efemeride\/7845\/revisions\/36570"}],"wp:featuredmedia":[{"embeddable":true,"href":"https:\/\/rinconeducativo.org\/es\/wp-json\/wp\/v2\/media\/21927"}],"wp:attachment":[{"href":"https:\/\/rinconeducativo.org\/es\/wp-json\/wp\/v2\/media?parent=7845"}],"wp:term":[{"taxonomy":"post_tag","embeddable":true,"href":"https:\/\/rinconeducativo.org\/es\/wp-json\/wp\/v2\/tags?post=7845"},{"taxonomy":"mes","embeddable":true,"href":"https:\/\/rinconeducativo.org\/es\/wp-json\/wp\/v2\/mes?post=7845"},{"taxonomy":"clasificacion_anterior","embeddable":true,"href":"https:\/\/rinconeducativo.org\/es\/wp-json\/wp\/v2\/clasificacion_anterior?post=7845"}],"curies":[{"name":"wp","href":"https:\/\/api.w.org\/{rel}","templated":true}]}}