{"id":7844,"date":"2020-09-30T11:00:53","date_gmt":"2020-09-30T11:00:53","guid":{"rendered":"https:\/\/wp.rinconeducativo.org\/?event=30-de-septiembre-de-1882-nace-hans-geiger-fisico-aleman-que-desarrollo-el-contador-que"},"modified":"2024-12-19T11:31:49","modified_gmt":"2024-12-19T10:31:49","slug":"30-septiembre-1882-nace-hans-geiger-desarrollador-contador-lleva-su-nombre","status":"publish","type":"re_efemeride","link":"https:\/\/rinconeducativo.org\/es\/efemerides\/30-septiembre-1882-nace-hans-geiger-desarrollador-contador-lleva-su-nombre\/","title":{"rendered":"30 de septiembre de 1882 \u2013 Nace Hans Geiger, desarrollador del contador que lleva su nombre"},"content":{"rendered":"<div class=\"wp-block-image\">\n<figure class=\"alignleft\"><img loading=\"lazy\" decoding=\"async\" width=\"208\" height=\"243\" src=\"https:\/\/wp2.rinconeducativo.org\/wp-content\/uploads\/2020\/09\/geiger_hans.jpg\" alt=\"Hans Geiger\" class=\"wp-image-7225\"\/><\/figure>\n<\/div>\n\n\n<p>En 1906, se doctor\u00f3 en f\u00edsica y matem\u00e1ticas por la Universidad de Erlangen (Alemania) y entre 1907 y 1912 colabor\u00f3 con&nbsp;<a href=\"https:\/\/rinconeducativo.org\/es\/recursos-educativos\/ernest-rutherford-considerado-uno-de-los-padres-fisica-atomica\/\" target=\"_blank\" rel=\"noreferrer noopener\">Ernest Rutherford<\/a>&nbsp;en la Universidad de Manchester (Inglaterra).<\/p>\n\n\n\n<p>En 1908, construy\u00f3 la primera versi\u00f3n del detector y contador de part\u00edculas que lleva su nombre junto, indispensable en la identificaci\u00f3n de la naturaleza de las part\u00edculas alfa como n\u00facleos de helio efectuada por Rutherford y \u00e9l mismo.<\/p>\n\n\n\n<p>Este primer contador Geiger estaba formado por un cilindro lleno de gas a presi\u00f3n reducida y un alambre asilado a trav\u00e9s de su eje, estableci\u00e9ndose entre ambos una alta diferencia de potencial. Cuando un ion o un electr\u00f3n penetran el tubo, se desprenden electrones de los \u00e1tomos del gas que rellena el tubo. Debido al voltaje positivo del hilo central, son atra\u00eddos hacia \u00e9l, y al hacer esto ganan energ\u00eda, colisionan con los \u00e1tomos del gas y liberan m\u00e1s electrones, hasta que el proceso contin\u00faa y se produce un pulso de corriente detectable. Con el gas adecuado, el flujo de electricidad se para por s\u00ed mismo o incluso el circuito el\u00e9ctrico puede ayudar a pararlo.<\/p>\n\n\n<div class=\"wp-block-image\">\n<figure class=\"alignright is-resized\"><img loading=\"lazy\" decoding=\"async\" width=\"1920\" height=\"1429\" src=\"https:\/\/wp2.rinconeducativo.org\/wp-content\/uploads\/2020\/09\/geiger_hans_contador.jpg\" alt=\"Contador Geiger\" class=\"wp-image-7227\" style=\"width:298px;height:auto\" title=\"Contador Geiger\" srcset=\"https:\/\/rinconeducativo.org\/wp-content\/uploads\/2020\/09\/geiger_hans_contador.jpg 1920w, https:\/\/rinconeducativo.org\/wp-content\/uploads\/2020\/09\/geiger_hans_contador-500x372.jpg 500w, https:\/\/rinconeducativo.org\/wp-content\/uploads\/2020\/09\/geiger_hans_contador-1200x893.jpg 1200w, https:\/\/rinconeducativo.org\/wp-content\/uploads\/2020\/09\/geiger_hans_contador-768x572.jpg 768w, https:\/\/rinconeducativo.org\/wp-content\/uploads\/2020\/09\/geiger_hans_contador-1536x1143.jpg 1536w, https:\/\/rinconeducativo.org\/wp-content\/uploads\/2020\/09\/geiger_hans_contador-1568x1167.jpg 1568w\" sizes=\"auto, (max-width: 1920px) 100vw, 1920px\" \/><\/figure>\n<\/div>\n\n\n<p>\u00bfPor qu\u00e9 se llama contador? Esto es debido a que cada part\u00edcula que pasa por \u00e9l produce un pulso id\u00e9ntico, permitiendo contar las part\u00edculas. En el caso del contador Geiger, s\u00f3lo detectaba part\u00edculas alfa.<\/p>\n\n\n\n<p>En 1911, Geiger y Jon Mitchell Nuttall elaboraron la Ley de Geiger-Nuttall y llevaron a cabo una serie de experimentos que llevaron al modelo at\u00f3mico de Rutherford. Esta ley establece la relaci\u00f3n entre la constante de decaimiento de un is\u00f3topo radiactivo y la energ\u00eda de las part\u00edculas alfa que emiten, es decir, se establece que los is\u00f3topos de vida corta emiten part\u00edculas alfa m\u00e1s energ\u00e9ticas que los de vida larga.<\/p>\n\n\n<div class=\"wp-block-image\">\n<figure class=\"alignleft is-resized\"><img loading=\"lazy\" decoding=\"async\" width=\"1920\" height=\"1279\" src=\"https:\/\/wp2.rinconeducativo.org\/wp-content\/uploads\/2020\/09\/geiger_hans_contador_actual.jpg\" alt=\"Contador Geiger Actual\" class=\"wp-image-7228\" style=\"width:345px;height:auto\" title=\"Contador Geiger Actual\" srcset=\"https:\/\/rinconeducativo.org\/wp-content\/uploads\/2020\/09\/geiger_hans_contador_actual.jpg 1920w, https:\/\/rinconeducativo.org\/wp-content\/uploads\/2020\/09\/geiger_hans_contador_actual-500x333.jpg 500w, https:\/\/rinconeducativo.org\/wp-content\/uploads\/2020\/09\/geiger_hans_contador_actual-1200x799.jpg 1200w, https:\/\/rinconeducativo.org\/wp-content\/uploads\/2020\/09\/geiger_hans_contador_actual-768x512.jpg 768w, https:\/\/rinconeducativo.org\/wp-content\/uploads\/2020\/09\/geiger_hans_contador_actual-1536x1023.jpg 1536w, https:\/\/rinconeducativo.org\/wp-content\/uploads\/2020\/09\/geiger_hans_contador_actual-1568x1045.jpg 1568w\" sizes=\"auto, (max-width: 1920px) 100vw, 1920px\" \/><\/figure>\n<\/div>\n\n\n<p>En 1912, ya en Alemania, ocup\u00f3 el puesto de director del Laboratorio de Investigaci\u00f3n de F\u00edsica en Berl\u00edn, y entre 1925 y 1929, se convirti\u00f3&nbsp;en profesor de la Universidad de Kiel (Alemania), donde su primer estudiante que se gradu\u00f3 fue precisamente&nbsp;<a href=\"https:\/\/rinconeducativo.org\/es\/recursos-educativos\/walter-muller-co-inventor-contador-radiacion-geiger-muller\/\" target=\"_blank\" rel=\"noreferrer noopener\">Walter M\u00fcller<\/a>. Es en 1928, cuando ambos desarrollaron un contador que permit\u00eda detectar varios tipos de radiaci\u00f3n ionizante. Era un instrumento pr\u00e1ctico y relativamente barato, la se\u00f1al de salida del tubo requer\u00eda muy poco procesamiento electr\u00f3nico (una ventaja respecto a otros dispositivos) por lo que alcanz\u00f3 una gran popularidad como detector de radiaci\u00f3n port\u00e1til.<\/p>\n\n\n\n<p>La versi\u00f3n actual del contador fue desarrollada por el f\u00edsico Sidney H. Liebson en 1947. Este dispositivo tiene una mayor duraci\u00f3n que los instrumentos originales de Geiger y precisa un voltaje inferior.<\/p>\n\n\n\n<p>Si quieres saber m\u00e1s sobre este cient\u00edfico, haz clic sobre el siguiente enlace:&nbsp;<a href=\"https:\/\/rinconeducativo.org\/es\/recursos-educativos\/hans-geiger-inventor-contador-particulas-radiactivas\/\" target=\"_blank\" rel=\"noreferrer noopener\">Johannes (Hans) Geiger<\/a><\/p>\n","protected":false},"excerpt":{"rendered":"<p>30 de septiembre de 1882 \u2013 Nace Hans Geiger, desarrollador del contador que lleva su nombre.<\/p>\n","protected":false},"author":1088,"featured_media":36480,"template":"","meta":{"_acf_changed":false,"footnotes":""},"tags":[5945,8183],"mes":[7118],"clasificacion_anterior":[],"class_list":["post-7844","re_efemeride","type-re_efemeride","status-publish","has-post-thumbnail","hentry","tag-proteccion-radiologica","tag-radiacion","mes-septiembre"],"acf":{"fecha":"18820930"},"yoast_head":"<!-- This site is optimized with the Yoast SEO plugin v26.8 - https:\/\/yoast.com\/product\/yoast-seo-wordpress\/ -->\n<title>30 de septiembre de 1882 \u2013 Nace Hans Geiger, desarrollador del contador que lleva su nombre - Rinc\u00f3n educativo<\/title>\n<meta name=\"robots\" content=\"index, follow, max-snippet:-1, max-image-preview:large, max-video-preview:-1\" \/>\n<link rel=\"canonical\" href=\"https:\/\/rinconeducativo.org\/es\/efemerides\/30-septiembre-1882-nace-hans-geiger-desarrollador-contador-lleva-su-nombre\/\" \/>\n<meta property=\"og:locale\" content=\"es_ES\" \/>\n<meta property=\"og:type\" content=\"article\" \/>\n<meta property=\"og:title\" content=\"30 de septiembre de 1882 \u2013 Nace Hans Geiger, desarrollador del contador que lleva su nombre - Rinc\u00f3n educativo\" \/>\n<meta property=\"og:description\" content=\"30 de septiembre de 1882 \u2013 Nace Hans Geiger, desarrollador del contador que lleva su nombre.\" \/>\n<meta property=\"og:url\" content=\"https:\/\/rinconeducativo.org\/es\/efemerides\/30-septiembre-1882-nace-hans-geiger-desarrollador-contador-lleva-su-nombre\/\" \/>\n<meta property=\"og:site_name\" content=\"Rinc\u00f3n educativo\" \/>\n<meta property=\"article:modified_time\" content=\"2024-12-19T10:31:49+00:00\" \/>\n<meta property=\"og:image\" content=\"https:\/\/rinconeducativo.org\/wp-content\/uploads\/2020\/09\/Geiger_Hans_Sello.jpg\" \/>\n\t<meta property=\"og:image:width\" content=\"368\" \/>\n\t<meta property=\"og:image:height\" content=\"281\" \/>\n\t<meta property=\"og:image:type\" content=\"image\/jpeg\" \/>\n<meta name=\"twitter:card\" content=\"summary_large_image\" \/>\n<script type=\"application\/ld+json\" class=\"yoast-schema-graph\">{\"@context\":\"https:\/\/schema.org\",\"@graph\":[{\"@type\":\"WebPage\",\"@id\":\"https:\/\/rinconeducativo.org\/es\/efemerides\/30-septiembre-1882-nace-hans-geiger-desarrollador-contador-lleva-su-nombre\/\",\"url\":\"https:\/\/rinconeducativo.org\/es\/efemerides\/30-septiembre-1882-nace-hans-geiger-desarrollador-contador-lleva-su-nombre\/\",\"name\":\"30 de septiembre de 1882 \u2013 Nace Hans Geiger, desarrollador del contador que lleva su nombre - Rinc\u00f3n educativo\",\"isPartOf\":{\"@id\":\"https:\/\/rinconeducativo.org\/es\/#website\"},\"primaryImageOfPage\":{\"@id\":\"https:\/\/rinconeducativo.org\/es\/efemerides\/30-septiembre-1882-nace-hans-geiger-desarrollador-contador-lleva-su-nombre\/#primaryimage\"},\"image\":{\"@id\":\"https:\/\/rinconeducativo.org\/es\/efemerides\/30-septiembre-1882-nace-hans-geiger-desarrollador-contador-lleva-su-nombre\/#primaryimage\"},\"thumbnailUrl\":\"https:\/\/rinconeducativo.org\/wp-content\/uploads\/2020\/09\/Geiger_Hans_Sello.jpg\",\"datePublished\":\"2020-09-30T11:00:53+00:00\",\"dateModified\":\"2024-12-19T10:31:49+00:00\",\"breadcrumb\":{\"@id\":\"https:\/\/rinconeducativo.org\/es\/efemerides\/30-septiembre-1882-nace-hans-geiger-desarrollador-contador-lleva-su-nombre\/#breadcrumb\"},\"inLanguage\":\"es\",\"potentialAction\":[{\"@type\":\"ReadAction\",\"target\":[\"https:\/\/rinconeducativo.org\/es\/efemerides\/30-septiembre-1882-nace-hans-geiger-desarrollador-contador-lleva-su-nombre\/\"]}]},{\"@type\":\"ImageObject\",\"inLanguage\":\"es\",\"@id\":\"https:\/\/rinconeducativo.org\/es\/efemerides\/30-septiembre-1882-nace-hans-geiger-desarrollador-contador-lleva-su-nombre\/#primaryimage\",\"url\":\"https:\/\/rinconeducativo.org\/wp-content\/uploads\/2020\/09\/Geiger_Hans_Sello.jpg\",\"contentUrl\":\"https:\/\/rinconeducativo.org\/wp-content\/uploads\/2020\/09\/Geiger_Hans_Sello.jpg\",\"width\":368,\"height\":281,\"caption\":\"Hans Geiger\"},{\"@type\":\"BreadcrumbList\",\"@id\":\"https:\/\/rinconeducativo.org\/es\/efemerides\/30-septiembre-1882-nace-hans-geiger-desarrollador-contador-lleva-su-nombre\/#breadcrumb\",\"itemListElement\":[{\"@type\":\"ListItem\",\"position\":1,\"name\":\"Portada\",\"item\":\"https:\/\/rinconeducativo.org\/es\/\"},{\"@type\":\"ListItem\",\"position\":2,\"name\":\"Efem\u00e9rides\",\"item\":\"https:\/\/rinconeducativo.org\/es\/efemerides\/\"},{\"@type\":\"ListItem\",\"position\":3,\"name\":\"30 de septiembre de 1882 \u2013 Nace Hans Geiger, desarrollador del contador que lleva su nombre\"}]},{\"@type\":\"WebSite\",\"@id\":\"https:\/\/rinconeducativo.org\/es\/#website\",\"url\":\"https:\/\/rinconeducativo.org\/es\/\",\"name\":\"Rinc\u00f3n educativo\",\"description\":\"Un proyecto del Foro Nuclear\",\"potentialAction\":[{\"@type\":\"SearchAction\",\"target\":{\"@type\":\"EntryPoint\",\"urlTemplate\":\"https:\/\/rinconeducativo.org\/es\/?s={search_term_string}\"},\"query-input\":{\"@type\":\"PropertyValueSpecification\",\"valueRequired\":true,\"valueName\":\"search_term_string\"}}],\"inLanguage\":\"es\"}]}<\/script>\n<!-- \/ Yoast SEO plugin. -->","yoast_head_json":{"title":"30 de septiembre de 1882 \u2013 Nace Hans Geiger, desarrollador del contador que lleva su nombre - Rinc\u00f3n educativo","robots":{"index":"index","follow":"follow","max-snippet":"max-snippet:-1","max-image-preview":"max-image-preview:large","max-video-preview":"max-video-preview:-1"},"canonical":"https:\/\/rinconeducativo.org\/es\/efemerides\/30-septiembre-1882-nace-hans-geiger-desarrollador-contador-lleva-su-nombre\/","og_locale":"es_ES","og_type":"article","og_title":"30 de septiembre de 1882 \u2013 Nace Hans Geiger, desarrollador del contador que lleva su nombre - Rinc\u00f3n educativo","og_description":"30 de septiembre de 1882 \u2013 Nace Hans Geiger, desarrollador del contador que lleva su nombre.","og_url":"https:\/\/rinconeducativo.org\/es\/efemerides\/30-septiembre-1882-nace-hans-geiger-desarrollador-contador-lleva-su-nombre\/","og_site_name":"Rinc\u00f3n educativo","article_modified_time":"2024-12-19T10:31:49+00:00","og_image":[{"width":368,"height":281,"url":"https:\/\/rinconeducativo.org\/wp-content\/uploads\/2020\/09\/Geiger_Hans_Sello.jpg","type":"image\/jpeg"}],"twitter_card":"summary_large_image","schema":{"@context":"https:\/\/schema.org","@graph":[{"@type":"WebPage","@id":"https:\/\/rinconeducativo.org\/es\/efemerides\/30-septiembre-1882-nace-hans-geiger-desarrollador-contador-lleva-su-nombre\/","url":"https:\/\/rinconeducativo.org\/es\/efemerides\/30-septiembre-1882-nace-hans-geiger-desarrollador-contador-lleva-su-nombre\/","name":"30 de septiembre de 1882 \u2013 Nace Hans Geiger, desarrollador del contador que lleva su nombre - Rinc\u00f3n educativo","isPartOf":{"@id":"https:\/\/rinconeducativo.org\/es\/#website"},"primaryImageOfPage":{"@id":"https:\/\/rinconeducativo.org\/es\/efemerides\/30-septiembre-1882-nace-hans-geiger-desarrollador-contador-lleva-su-nombre\/#primaryimage"},"image":{"@id":"https:\/\/rinconeducativo.org\/es\/efemerides\/30-septiembre-1882-nace-hans-geiger-desarrollador-contador-lleva-su-nombre\/#primaryimage"},"thumbnailUrl":"https:\/\/rinconeducativo.org\/wp-content\/uploads\/2020\/09\/Geiger_Hans_Sello.jpg","datePublished":"2020-09-30T11:00:53+00:00","dateModified":"2024-12-19T10:31:49+00:00","breadcrumb":{"@id":"https:\/\/rinconeducativo.org\/es\/efemerides\/30-septiembre-1882-nace-hans-geiger-desarrollador-contador-lleva-su-nombre\/#breadcrumb"},"inLanguage":"es","potentialAction":[{"@type":"ReadAction","target":["https:\/\/rinconeducativo.org\/es\/efemerides\/30-septiembre-1882-nace-hans-geiger-desarrollador-contador-lleva-su-nombre\/"]}]},{"@type":"ImageObject","inLanguage":"es","@id":"https:\/\/rinconeducativo.org\/es\/efemerides\/30-septiembre-1882-nace-hans-geiger-desarrollador-contador-lleva-su-nombre\/#primaryimage","url":"https:\/\/rinconeducativo.org\/wp-content\/uploads\/2020\/09\/Geiger_Hans_Sello.jpg","contentUrl":"https:\/\/rinconeducativo.org\/wp-content\/uploads\/2020\/09\/Geiger_Hans_Sello.jpg","width":368,"height":281,"caption":"Hans Geiger"},{"@type":"BreadcrumbList","@id":"https:\/\/rinconeducativo.org\/es\/efemerides\/30-septiembre-1882-nace-hans-geiger-desarrollador-contador-lleva-su-nombre\/#breadcrumb","itemListElement":[{"@type":"ListItem","position":1,"name":"Portada","item":"https:\/\/rinconeducativo.org\/es\/"},{"@type":"ListItem","position":2,"name":"Efem\u00e9rides","item":"https:\/\/rinconeducativo.org\/es\/efemerides\/"},{"@type":"ListItem","position":3,"name":"30 de septiembre de 1882 \u2013 Nace Hans Geiger, desarrollador del contador que lleva su nombre"}]},{"@type":"WebSite","@id":"https:\/\/rinconeducativo.org\/es\/#website","url":"https:\/\/rinconeducativo.org\/es\/","name":"Rinc\u00f3n educativo","description":"Un proyecto del Foro Nuclear","potentialAction":[{"@type":"SearchAction","target":{"@type":"EntryPoint","urlTemplate":"https:\/\/rinconeducativo.org\/es\/?s={search_term_string}"},"query-input":{"@type":"PropertyValueSpecification","valueRequired":true,"valueName":"search_term_string"}}],"inLanguage":"es"}]}},"_links":{"self":[{"href":"https:\/\/rinconeducativo.org\/es\/wp-json\/wp\/v2\/re_efemeride\/7844","targetHints":{"allow":["GET"]}}],"collection":[{"href":"https:\/\/rinconeducativo.org\/es\/wp-json\/wp\/v2\/re_efemeride"}],"about":[{"href":"https:\/\/rinconeducativo.org\/es\/wp-json\/wp\/v2\/types\/re_efemeride"}],"author":[{"embeddable":true,"href":"https:\/\/rinconeducativo.org\/es\/wp-json\/wp\/v2\/users\/1088"}],"version-history":[{"count":2,"href":"https:\/\/rinconeducativo.org\/es\/wp-json\/wp\/v2\/re_efemeride\/7844\/revisions"}],"predecessor-version":[{"id":36479,"href":"https:\/\/rinconeducativo.org\/es\/wp-json\/wp\/v2\/re_efemeride\/7844\/revisions\/36479"}],"wp:featuredmedia":[{"embeddable":true,"href":"https:\/\/rinconeducativo.org\/es\/wp-json\/wp\/v2\/media\/36480"}],"wp:attachment":[{"href":"https:\/\/rinconeducativo.org\/es\/wp-json\/wp\/v2\/media?parent=7844"}],"wp:term":[{"taxonomy":"post_tag","embeddable":true,"href":"https:\/\/rinconeducativo.org\/es\/wp-json\/wp\/v2\/tags?post=7844"},{"taxonomy":"mes","embeddable":true,"href":"https:\/\/rinconeducativo.org\/es\/wp-json\/wp\/v2\/mes?post=7844"},{"taxonomy":"clasificacion_anterior","embeddable":true,"href":"https:\/\/rinconeducativo.org\/es\/wp-json\/wp\/v2\/clasificacion_anterior?post=7844"}],"curies":[{"name":"wp","href":"https:\/\/api.w.org\/{rel}","templated":true}]}}