{"id":7816,"date":"2020-03-07T09:12:22","date_gmt":"2020-03-07T09:12:22","guid":{"rendered":"https:\/\/wp.rinconeducativo.org\/?event=7-de-marzo-de-2017-fallece-hans-georg-dehmelt-premio-nobel-fisica-por-su-contribucion-al"},"modified":"2024-12-19T13:02:17","modified_gmt":"2024-12-19T12:02:17","slug":"7-marzo-2017-fallece-hans-georg-dehmelt-premio-nobel-contribucion-avance-microfisica","status":"publish","type":"re_efemeride","link":"https:\/\/rinconeducativo.org\/es\/efemerides\/7-marzo-2017-fallece-hans-georg-dehmelt-premio-nobel-contribucion-avance-microfisica\/","title":{"rendered":"7 de marzo de 2017 \u2013 Fallece Hans Georg Dehmelt, Premio Nobel por su contribuci\u00f3n al avance de la microf\u00edsica"},"content":{"rendered":"<div class=\"wp-block-image size-full wp-image-7113\">\n<figure class=\"alignleft\"><img loading=\"lazy\" decoding=\"async\" width=\"300\" height=\"400\" src=\"https:\/\/wp2.rinconeducativo.org\/wp-content\/uploads\/2020\/09\/dehmelt_hans_firma_y_nobel.jpg\" alt=\"Hans Georg Dehemelt_Nobel y firma\" class=\"wp-image-7113\"\/><\/figure>\n<\/div>\n\n\n<p>F\u00edsico y profesor universitario alem\u00e1n-estadounidense que investig\u00f3 sobre los componentes primarios de la materia y sus m\u00e9todos de aislamiento, permitiendo un gran avance de la microf\u00edsica.<\/p>\n\n\n\n<p>Sus estudios le llevaron a poder aislar, durante horas, un electr\u00f3n lo que le facult\u00f3 para poder estudiarlo en profundidad y realizar medidas de gran precisi\u00f3n sobre sus propiedades. Despu\u00e9s de eso, perfeccion\u00f3 la t\u00e9cnica y logr\u00f3 incrementar la precisi\u00f3n de las mediciones de las frecuencias at\u00f3micas y de las transacciones entre niveles de energ\u00eda at\u00f3mica,<\/p>\n\n\n\n<p>En 1989, recibi\u00f3 el Premio Nobel de F\u00edsica, que comparti\u00f3 con los estadounidenses Norman Foster Ramsey y Wolfgang Paul por la suma de sus aportaciones a la microf\u00edsica moderna.<\/p>\n\n\n\n<p>Si quieres saber m\u00e1s sobre este cient\u00edfico, haz clic en el siguiente enlace: <a href=\"https:\/\/rinconeducativo.org\/es\/recursos-educativos\/hans-georg-dehmelt-estudio-componentes-primarios-materia-microfisica\/\" target=\"_blank\" rel=\"noreferrer noopener\">Hans Georg Dehmelt<\/a><\/p>\n","protected":false},"excerpt":{"rendered":"<p>7 de marzo de 2017 \u2013 Fallece Hans Georg Dehmelt, Premio Nobel por su contribuci\u00f3n al avance de la microf\u00edsica.<\/p>\n","protected":false},"author":1088,"featured_media":7113,"template":"","meta":{"_acf_changed":false,"footnotes":""},"tags":[6255,8309,5684,8346,8183],"mes":[7124],"clasificacion_anterior":[],"class_list":["post-7816","re_efemeride","type-re_efemeride","status-publish","has-post-thumbnail","hentry","tag-atomos","tag-electromagnetismo","tag-energia-nuclear","tag-magnetismo","tag-radiacion","mes-marzo"],"acf":{"fecha":"20170307"},"yoast_head":"<!-- This site is optimized with the Yoast SEO plugin v26.8 - https:\/\/yoast.com\/product\/yoast-seo-wordpress\/ -->\n<title>7 de marzo de 2017 \u2013 Fallece Hans Georg Dehmelt, Premio Nobel por su contribuci\u00f3n al avance de la microf\u00edsica - Rinc\u00f3n educativo<\/title>\n<meta name=\"robots\" content=\"index, follow, max-snippet:-1, max-image-preview:large, max-video-preview:-1\" \/>\n<link rel=\"canonical\" href=\"https:\/\/rinconeducativo.org\/es\/efemerides\/7-marzo-2017-fallece-hans-georg-dehmelt-premio-nobel-contribucion-avance-microfisica\/\" \/>\n<meta property=\"og:locale\" content=\"es_ES\" \/>\n<meta property=\"og:type\" content=\"article\" \/>\n<meta property=\"og:title\" content=\"7 de marzo de 2017 \u2013 Fallece Hans Georg Dehmelt, Premio Nobel por su contribuci\u00f3n al avance de la microf\u00edsica - Rinc\u00f3n educativo\" \/>\n<meta property=\"og:description\" content=\"7 de marzo de 2017 \u2013 Fallece Hans Georg Dehmelt, Premio Nobel por su contribuci\u00f3n al avance de la microf\u00edsica.\" \/>\n<meta property=\"og:url\" content=\"https:\/\/rinconeducativo.org\/es\/efemerides\/7-marzo-2017-fallece-hans-georg-dehmelt-premio-nobel-contribucion-avance-microfisica\/\" \/>\n<meta property=\"og:site_name\" content=\"Rinc\u00f3n educativo\" \/>\n<meta property=\"article:modified_time\" content=\"2024-12-19T12:02:17+00:00\" \/>\n<meta property=\"og:image\" content=\"https:\/\/rinconeducativo.org\/wp-content\/uploads\/2020\/09\/dehmelt_hans_firma_y_nobel.jpg\" \/>\n\t<meta property=\"og:image:width\" content=\"300\" \/>\n\t<meta property=\"og:image:height\" content=\"400\" \/>\n\t<meta property=\"og:image:type\" content=\"image\/jpeg\" \/>\n<meta name=\"twitter:card\" content=\"summary_large_image\" \/>\n<script type=\"application\/ld+json\" class=\"yoast-schema-graph\">{\"@context\":\"https:\/\/schema.org\",\"@graph\":[{\"@type\":\"WebPage\",\"@id\":\"https:\/\/rinconeducativo.org\/es\/efemerides\/7-marzo-2017-fallece-hans-georg-dehmelt-premio-nobel-contribucion-avance-microfisica\/\",\"url\":\"https:\/\/rinconeducativo.org\/es\/efemerides\/7-marzo-2017-fallece-hans-georg-dehmelt-premio-nobel-contribucion-avance-microfisica\/\",\"name\":\"7 de marzo de 2017 \u2013 Fallece Hans Georg Dehmelt, Premio Nobel por su contribuci\u00f3n al avance de la microf\u00edsica - Rinc\u00f3n educativo\",\"isPartOf\":{\"@id\":\"https:\/\/rinconeducativo.org\/es\/#website\"},\"primaryImageOfPage\":{\"@id\":\"https:\/\/rinconeducativo.org\/es\/efemerides\/7-marzo-2017-fallece-hans-georg-dehmelt-premio-nobel-contribucion-avance-microfisica\/#primaryimage\"},\"image\":{\"@id\":\"https:\/\/rinconeducativo.org\/es\/efemerides\/7-marzo-2017-fallece-hans-georg-dehmelt-premio-nobel-contribucion-avance-microfisica\/#primaryimage\"},\"thumbnailUrl\":\"https:\/\/rinconeducativo.org\/wp-content\/uploads\/2020\/09\/dehmelt_hans_firma_y_nobel.jpg\",\"datePublished\":\"2020-03-07T09:12:22+00:00\",\"dateModified\":\"2024-12-19T12:02:17+00:00\",\"breadcrumb\":{\"@id\":\"https:\/\/rinconeducativo.org\/es\/efemerides\/7-marzo-2017-fallece-hans-georg-dehmelt-premio-nobel-contribucion-avance-microfisica\/#breadcrumb\"},\"inLanguage\":\"es\",\"potentialAction\":[{\"@type\":\"ReadAction\",\"target\":[\"https:\/\/rinconeducativo.org\/es\/efemerides\/7-marzo-2017-fallece-hans-georg-dehmelt-premio-nobel-contribucion-avance-microfisica\/\"]}]},{\"@type\":\"ImageObject\",\"inLanguage\":\"es\",\"@id\":\"https:\/\/rinconeducativo.org\/es\/efemerides\/7-marzo-2017-fallece-hans-georg-dehmelt-premio-nobel-contribucion-avance-microfisica\/#primaryimage\",\"url\":\"https:\/\/rinconeducativo.org\/wp-content\/uploads\/2020\/09\/dehmelt_hans_firma_y_nobel.jpg\",\"contentUrl\":\"https:\/\/rinconeducativo.org\/wp-content\/uploads\/2020\/09\/dehmelt_hans_firma_y_nobel.jpg\",\"width\":300,\"height\":400,\"caption\":\"Hans Georg Dehemelt_Nobel y firma\"},{\"@type\":\"BreadcrumbList\",\"@id\":\"https:\/\/rinconeducativo.org\/es\/efemerides\/7-marzo-2017-fallece-hans-georg-dehmelt-premio-nobel-contribucion-avance-microfisica\/#breadcrumb\",\"itemListElement\":[{\"@type\":\"ListItem\",\"position\":1,\"name\":\"Portada\",\"item\":\"https:\/\/rinconeducativo.org\/es\/\"},{\"@type\":\"ListItem\",\"position\":2,\"name\":\"Efem\u00e9rides\",\"item\":\"https:\/\/rinconeducativo.org\/es\/efemerides\/\"},{\"@type\":\"ListItem\",\"position\":3,\"name\":\"7 de marzo de 2017 \u2013 Fallece Hans Georg Dehmelt, Premio Nobel por su contribuci\u00f3n al avance de la microf\u00edsica\"}]},{\"@type\":\"WebSite\",\"@id\":\"https:\/\/rinconeducativo.org\/es\/#website\",\"url\":\"https:\/\/rinconeducativo.org\/es\/\",\"name\":\"Rinc\u00f3n educativo\",\"description\":\"Un proyecto del Foro Nuclear\",\"potentialAction\":[{\"@type\":\"SearchAction\",\"target\":{\"@type\":\"EntryPoint\",\"urlTemplate\":\"https:\/\/rinconeducativo.org\/es\/?s={search_term_string}\"},\"query-input\":{\"@type\":\"PropertyValueSpecification\",\"valueRequired\":true,\"valueName\":\"search_term_string\"}}],\"inLanguage\":\"es\"}]}<\/script>\n<!-- \/ Yoast SEO plugin. -->","yoast_head_json":{"title":"7 de marzo de 2017 \u2013 Fallece Hans Georg Dehmelt, Premio Nobel por su contribuci\u00f3n al avance de la microf\u00edsica - Rinc\u00f3n educativo","robots":{"index":"index","follow":"follow","max-snippet":"max-snippet:-1","max-image-preview":"max-image-preview:large","max-video-preview":"max-video-preview:-1"},"canonical":"https:\/\/rinconeducativo.org\/es\/efemerides\/7-marzo-2017-fallece-hans-georg-dehmelt-premio-nobel-contribucion-avance-microfisica\/","og_locale":"es_ES","og_type":"article","og_title":"7 de marzo de 2017 \u2013 Fallece Hans Georg Dehmelt, Premio Nobel por su contribuci\u00f3n al avance de la microf\u00edsica - Rinc\u00f3n educativo","og_description":"7 de marzo de 2017 \u2013 Fallece Hans Georg Dehmelt, Premio Nobel por su contribuci\u00f3n al avance de la microf\u00edsica.","og_url":"https:\/\/rinconeducativo.org\/es\/efemerides\/7-marzo-2017-fallece-hans-georg-dehmelt-premio-nobel-contribucion-avance-microfisica\/","og_site_name":"Rinc\u00f3n educativo","article_modified_time":"2024-12-19T12:02:17+00:00","og_image":[{"width":300,"height":400,"url":"https:\/\/rinconeducativo.org\/wp-content\/uploads\/2020\/09\/dehmelt_hans_firma_y_nobel.jpg","type":"image\/jpeg"}],"twitter_card":"summary_large_image","schema":{"@context":"https:\/\/schema.org","@graph":[{"@type":"WebPage","@id":"https:\/\/rinconeducativo.org\/es\/efemerides\/7-marzo-2017-fallece-hans-georg-dehmelt-premio-nobel-contribucion-avance-microfisica\/","url":"https:\/\/rinconeducativo.org\/es\/efemerides\/7-marzo-2017-fallece-hans-georg-dehmelt-premio-nobel-contribucion-avance-microfisica\/","name":"7 de marzo de 2017 \u2013 Fallece Hans Georg Dehmelt, Premio Nobel por su contribuci\u00f3n al avance de la microf\u00edsica - Rinc\u00f3n educativo","isPartOf":{"@id":"https:\/\/rinconeducativo.org\/es\/#website"},"primaryImageOfPage":{"@id":"https:\/\/rinconeducativo.org\/es\/efemerides\/7-marzo-2017-fallece-hans-georg-dehmelt-premio-nobel-contribucion-avance-microfisica\/#primaryimage"},"image":{"@id":"https:\/\/rinconeducativo.org\/es\/efemerides\/7-marzo-2017-fallece-hans-georg-dehmelt-premio-nobel-contribucion-avance-microfisica\/#primaryimage"},"thumbnailUrl":"https:\/\/rinconeducativo.org\/wp-content\/uploads\/2020\/09\/dehmelt_hans_firma_y_nobel.jpg","datePublished":"2020-03-07T09:12:22+00:00","dateModified":"2024-12-19T12:02:17+00:00","breadcrumb":{"@id":"https:\/\/rinconeducativo.org\/es\/efemerides\/7-marzo-2017-fallece-hans-georg-dehmelt-premio-nobel-contribucion-avance-microfisica\/#breadcrumb"},"inLanguage":"es","potentialAction":[{"@type":"ReadAction","target":["https:\/\/rinconeducativo.org\/es\/efemerides\/7-marzo-2017-fallece-hans-georg-dehmelt-premio-nobel-contribucion-avance-microfisica\/"]}]},{"@type":"ImageObject","inLanguage":"es","@id":"https:\/\/rinconeducativo.org\/es\/efemerides\/7-marzo-2017-fallece-hans-georg-dehmelt-premio-nobel-contribucion-avance-microfisica\/#primaryimage","url":"https:\/\/rinconeducativo.org\/wp-content\/uploads\/2020\/09\/dehmelt_hans_firma_y_nobel.jpg","contentUrl":"https:\/\/rinconeducativo.org\/wp-content\/uploads\/2020\/09\/dehmelt_hans_firma_y_nobel.jpg","width":300,"height":400,"caption":"Hans Georg Dehemelt_Nobel y firma"},{"@type":"BreadcrumbList","@id":"https:\/\/rinconeducativo.org\/es\/efemerides\/7-marzo-2017-fallece-hans-georg-dehmelt-premio-nobel-contribucion-avance-microfisica\/#breadcrumb","itemListElement":[{"@type":"ListItem","position":1,"name":"Portada","item":"https:\/\/rinconeducativo.org\/es\/"},{"@type":"ListItem","position":2,"name":"Efem\u00e9rides","item":"https:\/\/rinconeducativo.org\/es\/efemerides\/"},{"@type":"ListItem","position":3,"name":"7 de marzo de 2017 \u2013 Fallece Hans Georg Dehmelt, Premio Nobel por su contribuci\u00f3n al avance de la microf\u00edsica"}]},{"@type":"WebSite","@id":"https:\/\/rinconeducativo.org\/es\/#website","url":"https:\/\/rinconeducativo.org\/es\/","name":"Rinc\u00f3n educativo","description":"Un proyecto del Foro Nuclear","potentialAction":[{"@type":"SearchAction","target":{"@type":"EntryPoint","urlTemplate":"https:\/\/rinconeducativo.org\/es\/?s={search_term_string}"},"query-input":{"@type":"PropertyValueSpecification","valueRequired":true,"valueName":"search_term_string"}}],"inLanguage":"es"}]}},"_links":{"self":[{"href":"https:\/\/rinconeducativo.org\/es\/wp-json\/wp\/v2\/re_efemeride\/7816","targetHints":{"allow":["GET"]}}],"collection":[{"href":"https:\/\/rinconeducativo.org\/es\/wp-json\/wp\/v2\/re_efemeride"}],"about":[{"href":"https:\/\/rinconeducativo.org\/es\/wp-json\/wp\/v2\/types\/re_efemeride"}],"author":[{"embeddable":true,"href":"https:\/\/rinconeducativo.org\/es\/wp-json\/wp\/v2\/users\/1088"}],"version-history":[{"count":3,"href":"https:\/\/rinconeducativo.org\/es\/wp-json\/wp\/v2\/re_efemeride\/7816\/revisions"}],"predecessor-version":[{"id":35917,"href":"https:\/\/rinconeducativo.org\/es\/wp-json\/wp\/v2\/re_efemeride\/7816\/revisions\/35917"}],"wp:featuredmedia":[{"embeddable":true,"href":"https:\/\/rinconeducativo.org\/es\/wp-json\/wp\/v2\/media\/7113"}],"wp:attachment":[{"href":"https:\/\/rinconeducativo.org\/es\/wp-json\/wp\/v2\/media?parent=7816"}],"wp:term":[{"taxonomy":"post_tag","embeddable":true,"href":"https:\/\/rinconeducativo.org\/es\/wp-json\/wp\/v2\/tags?post=7816"},{"taxonomy":"mes","embeddable":true,"href":"https:\/\/rinconeducativo.org\/es\/wp-json\/wp\/v2\/mes?post=7816"},{"taxonomy":"clasificacion_anterior","embeddable":true,"href":"https:\/\/rinconeducativo.org\/es\/wp-json\/wp\/v2\/clasificacion_anterior?post=7816"}],"curies":[{"name":"wp","href":"https:\/\/api.w.org\/{rel}","templated":true}]}}