{"id":7812,"date":"2020-09-13T11:13:38","date_gmt":"2020-09-13T11:13:38","guid":{"rendered":"https:\/\/wp.rinconeducativo.org\/?event=13-de-septiembre-de-2013-la-sonda-voyager-i-se-convierte-en-el-primer-objeto-en-alcanzar"},"modified":"2024-12-19T11:38:25","modified_gmt":"2024-12-19T10:38:25","slug":"13-septiembre-2013-sonda-voyager-i-se-convierte-primer-objeto-alcanzar-espacio-interestelar","status":"publish","type":"re_efemeride","link":"https:\/\/rinconeducativo.org\/es\/efemerides\/13-septiembre-2013-sonda-voyager-i-se-convierte-primer-objeto-alcanzar-espacio-interestelar\/","title":{"rendered":"13 de septiembre de 2013 - La sonda Voyager I se convierte en el primer objeto en alcanzar el espacio interestelar"},"content":{"rendered":"\n<p>Esta sonda enviada el 5 de septiembre de 1977 al espacio para observar los planetas exteriores, sobrevol\u00f3, el 5 de marzo de 1979, J\u00fapiter y, el 12 de noviembre de 1980, Saturno.<\/p>\n\n\n\n<p>Esta sonda lleva consigo un disco de oro que contiene:<\/p>\n\n\n\n<ul class=\"wp-block-list\">\n<li>90 minutos de una selecci\u00f3n de m\u00fasica proveniente de varias culturas del mundo<\/li>\n\n\n\n<li>Saludos en 55 idiomas<\/li>\n\n\n\n<li>Un saludo del entonces Secretario General de las Naciones Unidas.<img decoding=\"async\" style=\"width: 200px; height: 200px; float: right;\" src=\"http:\/\/rinconeducativo.org\/sites\/default\/files\/voyager_-_disco_de_oro.jpg\" alt=\"Voyager - Disco de Oro\"><\/li>\n\n\n\n<li>El ensayo \u201cSonidos de la Tierra\u201d que es una mezcla de sonidos caracter\u00edsticos del planeta.<\/li>\n\n\n\n<li>115 im\u00e1genes donde se explica en lenguaje cient\u00edfico la localizaci\u00f3n del sistema solar, las unidades de medida que se utilizan, caracter\u00edsticas de la Tierra y caracter\u00edsticas del cuerpo y la sociedad humana.<\/li>\n<\/ul>\n\n\n\n<p>Este disco fue ideado por un comit\u00e9 cient\u00edfico presidido por el astr\u00f3nomo Carl Sagan, quien, refiri\u00e9ndose al mensaje aseguraba que su principal objetivo no es que sea descifrado si no que por el hecho de su simple existencia ya pone de manifiesto la de los humanos, as\u00ed como los esfuerzos por contactar con otras especies inteligentes que pudiesen existir fuera del sistema solar.<\/p>\n\n\n\n<p>La Voyager I estudia el sistema Solar Exterior, ya ha pasado la zona denominada heliopausa y se encuentra en el espacio interestelar. Cruz\u00f3 el 13 de septiembre de 2013, convirti\u00e9ndose en el primer objeto creado por el hombre en alcanzar esta regi\u00f3n.<\/p>\n\n\n\n<p>Existe una segunda sonda, la Voyager II, y ambas se han convertido en los instrumentos artificiales m\u00e1s lejanos jam\u00e1s enviados por el ser humano. Para hacerlo, las naves contienen generadores el\u00e9ctricos nucleares que permitan que sigan funcionando sus instrumentos cient\u00edficos.<\/p>\n\n\n\n<p>La misi\u00f3n, que se proyect\u00f3 para durar cinco a\u00f1os, cumpli\u00f3 su cuadrag\u00e9simo aniversario en 2017. Los cient\u00edficos de la NASA siguen recibiendo datos de las sondas Voyager a trav\u00e9s de la red del espacio profundo DSN (<em>Deep Space Network<\/em>).<\/p>\n\n\n\n<p><img decoding=\"async\" style=\"width: 375px; height: 250px; float: right;\" src=\"http:\/\/rinconeducativo.org\/sites\/default\/files\/voyager-_complejo_comunicaciones_madrid.jpg\" alt=\"Voyager - Complejo Comunicaciones Madrid\">Las se\u00f1ales que se env\u00edan desde MDSCC (<em>Madrid Deep Space Communications Complex<\/em>) a la Voyager 1 tardan a la velocidad de la luz 14 horas y 20 minutos en llegar hasta ella y otro tanto en volver (28 horas 40 minutos en total). Y se sigue alejando.<\/p>\n\n\n\n<p>Actualmente, debido a problemas de presupuesto, el proyecto es controlado por un grupo de tan solo 10 personas pertenecientes al <em>Jet Propulsion Laboratory<\/em>, lo que podr\u00eda provocar que en un futuro pr\u00f3ximo se abandonase la misi\u00f3n dejando a ambas sondas seguir su camino sin que haya nadie que las escuche en la Tierra.<\/p>\n","protected":false},"excerpt":{"rendered":"<p>13 de septiembre de 2013 - La sonda Voyager I se convierte en el primer objeto en alcanzar el espacio interestelar.<\/p>\n","protected":false},"author":1088,"featured_media":7105,"template":"","meta":{"_acf_changed":false,"footnotes":""},"tags":[5732,5684,6315,8183],"mes":[7118],"clasificacion_anterior":[],"class_list":["post-7812","re_efemeride","type-re_efemeride","status-publish","has-post-thumbnail","hentry","tag-aplicaciones-de-la-tecnologia-nuclear","tag-energia-nuclear","tag-fision","tag-radiacion","mes-septiembre"],"acf":{"fecha":"20130913"},"yoast_head":"<!-- This site is optimized with the Yoast SEO plugin v26.8 - https:\/\/yoast.com\/product\/yoast-seo-wordpress\/ -->\n<title>13 de septiembre de 2013 - La sonda Voyager I se convierte en el primer objeto en alcanzar el espacio interestelar - Rinc\u00f3n educativo<\/title>\n<meta name=\"robots\" content=\"index, follow, max-snippet:-1, max-image-preview:large, max-video-preview:-1\" \/>\n<link rel=\"canonical\" href=\"https:\/\/rinconeducativo.org\/es\/efemerides\/13-septiembre-2013-sonda-voyager-i-se-convierte-primer-objeto-alcanzar-espacio-interestelar\/\" \/>\n<meta property=\"og:locale\" content=\"es_ES\" \/>\n<meta property=\"og:type\" content=\"article\" \/>\n<meta property=\"og:title\" content=\"13 de septiembre de 2013 - La sonda Voyager I se convierte en el primer objeto en alcanzar el espacio interestelar - Rinc\u00f3n educativo\" \/>\n<meta property=\"og:description\" content=\"13 de septiembre de 2013 - La sonda Voyager I se convierte en el primer objeto en alcanzar el espacio interestelar.\" \/>\n<meta property=\"og:url\" content=\"https:\/\/rinconeducativo.org\/es\/efemerides\/13-septiembre-2013-sonda-voyager-i-se-convierte-primer-objeto-alcanzar-espacio-interestelar\/\" \/>\n<meta property=\"og:site_name\" content=\"Rinc\u00f3n educativo\" \/>\n<meta property=\"article:modified_time\" content=\"2024-12-19T10:38:25+00:00\" \/>\n<meta property=\"og:image\" content=\"https:\/\/rinconeducativo.org\/wp-content\/uploads\/2020\/09\/voyager-_complejo_comunicaciones_madrid_0.jpg\" \/>\n\t<meta property=\"og:image:width\" content=\"1024\" \/>\n\t<meta property=\"og:image:height\" content=\"683\" \/>\n\t<meta property=\"og:image:type\" content=\"image\/jpeg\" \/>\n<meta name=\"twitter:card\" content=\"summary_large_image\" \/>\n<script type=\"application\/ld+json\" class=\"yoast-schema-graph\">{\"@context\":\"https:\/\/schema.org\",\"@graph\":[{\"@type\":\"WebPage\",\"@id\":\"https:\/\/rinconeducativo.org\/es\/efemerides\/13-septiembre-2013-sonda-voyager-i-se-convierte-primer-objeto-alcanzar-espacio-interestelar\/\",\"url\":\"https:\/\/rinconeducativo.org\/es\/efemerides\/13-septiembre-2013-sonda-voyager-i-se-convierte-primer-objeto-alcanzar-espacio-interestelar\/\",\"name\":\"13 de septiembre de 2013 - La sonda Voyager I se convierte en el primer objeto en alcanzar el espacio interestelar - Rinc\u00f3n educativo\",\"isPartOf\":{\"@id\":\"https:\/\/rinconeducativo.org\/es\/#website\"},\"primaryImageOfPage\":{\"@id\":\"https:\/\/rinconeducativo.org\/es\/efemerides\/13-septiembre-2013-sonda-voyager-i-se-convierte-primer-objeto-alcanzar-espacio-interestelar\/#primaryimage\"},\"image\":{\"@id\":\"https:\/\/rinconeducativo.org\/es\/efemerides\/13-septiembre-2013-sonda-voyager-i-se-convierte-primer-objeto-alcanzar-espacio-interestelar\/#primaryimage\"},\"thumbnailUrl\":\"https:\/\/rinconeducativo.org\/wp-content\/uploads\/2020\/09\/voyager-_complejo_comunicaciones_madrid_0.jpg\",\"datePublished\":\"2020-09-13T11:13:38+00:00\",\"dateModified\":\"2024-12-19T10:38:25+00:00\",\"breadcrumb\":{\"@id\":\"https:\/\/rinconeducativo.org\/es\/efemerides\/13-septiembre-2013-sonda-voyager-i-se-convierte-primer-objeto-alcanzar-espacio-interestelar\/#breadcrumb\"},\"inLanguage\":\"es\",\"potentialAction\":[{\"@type\":\"ReadAction\",\"target\":[\"https:\/\/rinconeducativo.org\/es\/efemerides\/13-septiembre-2013-sonda-voyager-i-se-convierte-primer-objeto-alcanzar-espacio-interestelar\/\"]}]},{\"@type\":\"ImageObject\",\"inLanguage\":\"es\",\"@id\":\"https:\/\/rinconeducativo.org\/es\/efemerides\/13-septiembre-2013-sonda-voyager-i-se-convierte-primer-objeto-alcanzar-espacio-interestelar\/#primaryimage\",\"url\":\"https:\/\/rinconeducativo.org\/wp-content\/uploads\/2020\/09\/voyager-_complejo_comunicaciones_madrid_0.jpg\",\"contentUrl\":\"https:\/\/rinconeducativo.org\/wp-content\/uploads\/2020\/09\/voyager-_complejo_comunicaciones_madrid_0.jpg\",\"width\":1024,\"height\":683,\"caption\":\"Voyager - Complejo Comunicaciones Madrid\"},{\"@type\":\"BreadcrumbList\",\"@id\":\"https:\/\/rinconeducativo.org\/es\/efemerides\/13-septiembre-2013-sonda-voyager-i-se-convierte-primer-objeto-alcanzar-espacio-interestelar\/#breadcrumb\",\"itemListElement\":[{\"@type\":\"ListItem\",\"position\":1,\"name\":\"Portada\",\"item\":\"https:\/\/rinconeducativo.org\/es\/\"},{\"@type\":\"ListItem\",\"position\":2,\"name\":\"Efem\u00e9rides\",\"item\":\"https:\/\/rinconeducativo.org\/es\/efemerides\/\"},{\"@type\":\"ListItem\",\"position\":3,\"name\":\"13 de septiembre de 2013 - La sonda Voyager I se convierte en el primer objeto en alcanzar el espacio interestelar\"}]},{\"@type\":\"WebSite\",\"@id\":\"https:\/\/rinconeducativo.org\/es\/#website\",\"url\":\"https:\/\/rinconeducativo.org\/es\/\",\"name\":\"Rinc\u00f3n educativo\",\"description\":\"Un proyecto del Foro Nuclear\",\"potentialAction\":[{\"@type\":\"SearchAction\",\"target\":{\"@type\":\"EntryPoint\",\"urlTemplate\":\"https:\/\/rinconeducativo.org\/es\/?s={search_term_string}\"},\"query-input\":{\"@type\":\"PropertyValueSpecification\",\"valueRequired\":true,\"valueName\":\"search_term_string\"}}],\"inLanguage\":\"es\"}]}<\/script>\n<!-- \/ Yoast SEO plugin. -->","yoast_head_json":{"title":"13 de septiembre de 2013 - La sonda Voyager I se convierte en el primer objeto en alcanzar el espacio interestelar - Rinc\u00f3n educativo","robots":{"index":"index","follow":"follow","max-snippet":"max-snippet:-1","max-image-preview":"max-image-preview:large","max-video-preview":"max-video-preview:-1"},"canonical":"https:\/\/rinconeducativo.org\/es\/efemerides\/13-septiembre-2013-sonda-voyager-i-se-convierte-primer-objeto-alcanzar-espacio-interestelar\/","og_locale":"es_ES","og_type":"article","og_title":"13 de septiembre de 2013 - La sonda Voyager I se convierte en el primer objeto en alcanzar el espacio interestelar - Rinc\u00f3n educativo","og_description":"13 de septiembre de 2013 - La sonda Voyager I se convierte en el primer objeto en alcanzar el espacio interestelar.","og_url":"https:\/\/rinconeducativo.org\/es\/efemerides\/13-septiembre-2013-sonda-voyager-i-se-convierte-primer-objeto-alcanzar-espacio-interestelar\/","og_site_name":"Rinc\u00f3n educativo","article_modified_time":"2024-12-19T10:38:25+00:00","og_image":[{"width":1024,"height":683,"url":"https:\/\/rinconeducativo.org\/wp-content\/uploads\/2020\/09\/voyager-_complejo_comunicaciones_madrid_0.jpg","type":"image\/jpeg"}],"twitter_card":"summary_large_image","schema":{"@context":"https:\/\/schema.org","@graph":[{"@type":"WebPage","@id":"https:\/\/rinconeducativo.org\/es\/efemerides\/13-septiembre-2013-sonda-voyager-i-se-convierte-primer-objeto-alcanzar-espacio-interestelar\/","url":"https:\/\/rinconeducativo.org\/es\/efemerides\/13-septiembre-2013-sonda-voyager-i-se-convierte-primer-objeto-alcanzar-espacio-interestelar\/","name":"13 de septiembre de 2013 - La sonda Voyager I se convierte en el primer objeto en alcanzar el espacio interestelar - Rinc\u00f3n educativo","isPartOf":{"@id":"https:\/\/rinconeducativo.org\/es\/#website"},"primaryImageOfPage":{"@id":"https:\/\/rinconeducativo.org\/es\/efemerides\/13-septiembre-2013-sonda-voyager-i-se-convierte-primer-objeto-alcanzar-espacio-interestelar\/#primaryimage"},"image":{"@id":"https:\/\/rinconeducativo.org\/es\/efemerides\/13-septiembre-2013-sonda-voyager-i-se-convierte-primer-objeto-alcanzar-espacio-interestelar\/#primaryimage"},"thumbnailUrl":"https:\/\/rinconeducativo.org\/wp-content\/uploads\/2020\/09\/voyager-_complejo_comunicaciones_madrid_0.jpg","datePublished":"2020-09-13T11:13:38+00:00","dateModified":"2024-12-19T10:38:25+00:00","breadcrumb":{"@id":"https:\/\/rinconeducativo.org\/es\/efemerides\/13-septiembre-2013-sonda-voyager-i-se-convierte-primer-objeto-alcanzar-espacio-interestelar\/#breadcrumb"},"inLanguage":"es","potentialAction":[{"@type":"ReadAction","target":["https:\/\/rinconeducativo.org\/es\/efemerides\/13-septiembre-2013-sonda-voyager-i-se-convierte-primer-objeto-alcanzar-espacio-interestelar\/"]}]},{"@type":"ImageObject","inLanguage":"es","@id":"https:\/\/rinconeducativo.org\/es\/efemerides\/13-septiembre-2013-sonda-voyager-i-se-convierte-primer-objeto-alcanzar-espacio-interestelar\/#primaryimage","url":"https:\/\/rinconeducativo.org\/wp-content\/uploads\/2020\/09\/voyager-_complejo_comunicaciones_madrid_0.jpg","contentUrl":"https:\/\/rinconeducativo.org\/wp-content\/uploads\/2020\/09\/voyager-_complejo_comunicaciones_madrid_0.jpg","width":1024,"height":683,"caption":"Voyager - Complejo Comunicaciones Madrid"},{"@type":"BreadcrumbList","@id":"https:\/\/rinconeducativo.org\/es\/efemerides\/13-septiembre-2013-sonda-voyager-i-se-convierte-primer-objeto-alcanzar-espacio-interestelar\/#breadcrumb","itemListElement":[{"@type":"ListItem","position":1,"name":"Portada","item":"https:\/\/rinconeducativo.org\/es\/"},{"@type":"ListItem","position":2,"name":"Efem\u00e9rides","item":"https:\/\/rinconeducativo.org\/es\/efemerides\/"},{"@type":"ListItem","position":3,"name":"13 de septiembre de 2013 - La sonda Voyager I se convierte en el primer objeto en alcanzar el espacio interestelar"}]},{"@type":"WebSite","@id":"https:\/\/rinconeducativo.org\/es\/#website","url":"https:\/\/rinconeducativo.org\/es\/","name":"Rinc\u00f3n educativo","description":"Un proyecto del Foro Nuclear","potentialAction":[{"@type":"SearchAction","target":{"@type":"EntryPoint","urlTemplate":"https:\/\/rinconeducativo.org\/es\/?s={search_term_string}"},"query-input":{"@type":"PropertyValueSpecification","valueRequired":true,"valueName":"search_term_string"}}],"inLanguage":"es"}]}},"_links":{"self":[{"href":"https:\/\/rinconeducativo.org\/es\/wp-json\/wp\/v2\/re_efemeride\/7812","targetHints":{"allow":["GET"]}}],"collection":[{"href":"https:\/\/rinconeducativo.org\/es\/wp-json\/wp\/v2\/re_efemeride"}],"about":[{"href":"https:\/\/rinconeducativo.org\/es\/wp-json\/wp\/v2\/types\/re_efemeride"}],"author":[{"embeddable":true,"href":"https:\/\/rinconeducativo.org\/es\/wp-json\/wp\/v2\/users\/1088"}],"version-history":[{"count":2,"href":"https:\/\/rinconeducativo.org\/es\/wp-json\/wp\/v2\/re_efemeride\/7812\/revisions"}],"predecessor-version":[{"id":36094,"href":"https:\/\/rinconeducativo.org\/es\/wp-json\/wp\/v2\/re_efemeride\/7812\/revisions\/36094"}],"wp:featuredmedia":[{"embeddable":true,"href":"https:\/\/rinconeducativo.org\/es\/wp-json\/wp\/v2\/media\/7105"}],"wp:attachment":[{"href":"https:\/\/rinconeducativo.org\/es\/wp-json\/wp\/v2\/media?parent=7812"}],"wp:term":[{"taxonomy":"post_tag","embeddable":true,"href":"https:\/\/rinconeducativo.org\/es\/wp-json\/wp\/v2\/tags?post=7812"},{"taxonomy":"mes","embeddable":true,"href":"https:\/\/rinconeducativo.org\/es\/wp-json\/wp\/v2\/mes?post=7812"},{"taxonomy":"clasificacion_anterior","embeddable":true,"href":"https:\/\/rinconeducativo.org\/es\/wp-json\/wp\/v2\/clasificacion_anterior?post=7812"}],"curies":[{"name":"wp","href":"https:\/\/api.w.org\/{rel}","templated":true}]}}