{"id":7722,"date":"2020-01-26T10:00:00","date_gmt":"2020-01-26T10:00:00","guid":{"rendered":"https:\/\/wp.rinconeducativo.org\/?event=dia-mundial-de-la-educacion-ambiental"},"modified":"2024-12-19T13:31:19","modified_gmt":"2024-12-19T12:31:19","slug":"26-enero-dia-mundial-educacion-ambiental","status":"publish","type":"re_efemeride","link":"https:\/\/rinconeducativo.org\/es\/efemerides\/26-enero-dia-mundial-educacion-ambiental\/","title":{"rendered":"26 de enero - D\u00eda Mundial de la Educaci\u00f3n Ambiental"},"content":{"rendered":"<figure class=\"wp-block-post-featured-image\"><img loading=\"lazy\" decoding=\"async\" width=\"1080\" height=\"675\" src=\"https:\/\/rinconeducativo.org\/wp-content\/uploads\/2020\/01\/dia_mundial_educacion_ambiental.jpg\" class=\"attachment-post-thumbnail size-post-thumbnail wp-post-image\" alt=\"\" style=\"object-fit:cover;\" srcset=\"https:\/\/rinconeducativo.org\/wp-content\/uploads\/2020\/01\/dia_mundial_educacion_ambiental.jpg 1080w, https:\/\/rinconeducativo.org\/wp-content\/uploads\/2020\/01\/dia_mundial_educacion_ambiental-500x313.jpg 500w, https:\/\/rinconeducativo.org\/wp-content\/uploads\/2020\/01\/dia_mundial_educacion_ambiental-768x480.jpg 768w\" sizes=\"auto, (max-width: 1080px) 100vw, 1080px\" \/><\/figure>\n\n<p>El 26 de Enero celebramos el&nbsp;<strong>\u00abD\u00eda Mundial de la Educaci\u00f3n Ambiental\u00bb<\/strong>, que tiene su origen en 1975, a\u00f1o en que se celebr\u00f3 en Belgrado (capital de la Rep\u00fablica de Serbia), el Seminario Internacional de Educaci\u00f3n Ambiental, donde participaron expertos de m\u00e1s de 70 pa\u00edses. En este evento se establecieron los principios de la Educaci\u00f3n Ambiental en el marco de los programas de las Naciones Unidas. Como resultado se public\u00f3 la Carta de Belgrado, en la cual se plasman las reivindicaciones fundamentales de la Educaci\u00f3n Ambiental.<\/p>\n<p>Desde Rinc\u00f3n Educativo creemos en la importancia de realizar acciones que repercutan en la conciencia medioambiental desde las edades m\u00e1s tempranas, por ello, en nuestra web podr\u00e1s encontrar multitud de recursos sobre energ\u00eda y medio ambiente para todos los niveles educativos.<\/p>\n<p><a class=\"boton\" style=\"line-height: 20.8px;\" href=\"http:\/\/www.rinconeducativo.org\/es\/recursos-educativos?field_tema_tid=447&amp;field_nivel_educativo_tid=All&amp;field_origen_tid=All&amp;field_tipo_tid=All\">Contenidos sobre Medio Ambiente<\/a><\/p>","protected":false},"excerpt":{"rendered":"<p>El 26 de Enero celebramos el&nbsp;\u00abD\u00eda Mundial de la Educaci\u00f3n Ambiental\u00bb, que tiene su origen en 1975, a\u00f1o en que se celebr\u00f3 en Belgrado (capital de la Rep\u00fablica de Serbia), el Seminario Internacional de Educaci\u00f3n Ambiental, donde participaron expertos de m\u00e1s de 70 pa\u00edses. En este evento se establecieron los principios de la Educaci\u00f3n Ambiental [&hellip;]<\/p>\n","protected":false},"author":1088,"featured_media":17846,"template":"","meta":{"_acf_changed":false,"footnotes":""},"tags":[5742],"mes":[7126],"clasificacion_anterior":[],"class_list":["post-7722","re_efemeride","type-re_efemeride","status-publish","has-post-thumbnail","hentry","tag-medio-ambiente","mes-enero"],"acf":{"fecha":"20200126"},"yoast_head":"<!-- This site is optimized with the Yoast SEO plugin v26.8 - https:\/\/yoast.com\/product\/yoast-seo-wordpress\/ -->\n<title>26 de enero - D\u00eda Mundial de la Educaci\u00f3n Ambiental - Rinc\u00f3n educativo<\/title>\n<meta name=\"robots\" content=\"index, follow, max-snippet:-1, max-image-preview:large, max-video-preview:-1\" \/>\n<link rel=\"canonical\" href=\"https:\/\/rinconeducativo.org\/es\/efemerides\/26-enero-dia-mundial-educacion-ambiental\/\" \/>\n<meta property=\"og:locale\" content=\"es_ES\" \/>\n<meta property=\"og:type\" content=\"article\" \/>\n<meta property=\"og:title\" content=\"26 de enero - D\u00eda Mundial de la Educaci\u00f3n Ambiental - Rinc\u00f3n educativo\" \/>\n<meta property=\"og:description\" content=\"El 26 de Enero celebramos el&nbsp;\u00abD\u00eda Mundial de la Educaci\u00f3n Ambiental\u00bb, que tiene su origen en 1975, a\u00f1o en que se celebr\u00f3 en Belgrado (capital de la Rep\u00fablica de Serbia), el Seminario Internacional de Educaci\u00f3n Ambiental, donde participaron expertos de m\u00e1s de 70 pa\u00edses. En este evento se establecieron los principios de la Educaci\u00f3n Ambiental [&hellip;]\" \/>\n<meta property=\"og:url\" content=\"https:\/\/rinconeducativo.org\/es\/efemerides\/26-enero-dia-mundial-educacion-ambiental\/\" \/>\n<meta property=\"og:site_name\" content=\"Rinc\u00f3n educativo\" \/>\n<meta property=\"article:modified_time\" content=\"2024-12-19T12:31:19+00:00\" \/>\n<meta property=\"og:image\" content=\"https:\/\/rinconeducativo.org\/wp-content\/uploads\/2020\/01\/dia_mundial_educacion_ambiental.jpg\" \/>\n\t<meta property=\"og:image:width\" content=\"1080\" \/>\n\t<meta property=\"og:image:height\" content=\"675\" \/>\n\t<meta property=\"og:image:type\" content=\"image\/jpeg\" \/>\n<meta name=\"twitter:card\" content=\"summary_large_image\" \/>\n<script type=\"application\/ld+json\" class=\"yoast-schema-graph\">{\"@context\":\"https:\/\/schema.org\",\"@graph\":[{\"@type\":\"WebPage\",\"@id\":\"https:\/\/rinconeducativo.org\/es\/efemerides\/26-enero-dia-mundial-educacion-ambiental\/\",\"url\":\"https:\/\/rinconeducativo.org\/es\/efemerides\/26-enero-dia-mundial-educacion-ambiental\/\",\"name\":\"26 de enero - D\u00eda Mundial de la Educaci\u00f3n Ambiental - Rinc\u00f3n educativo\",\"isPartOf\":{\"@id\":\"https:\/\/rinconeducativo.org\/es\/#website\"},\"primaryImageOfPage\":{\"@id\":\"https:\/\/rinconeducativo.org\/es\/efemerides\/26-enero-dia-mundial-educacion-ambiental\/#primaryimage\"},\"image\":{\"@id\":\"https:\/\/rinconeducativo.org\/es\/efemerides\/26-enero-dia-mundial-educacion-ambiental\/#primaryimage\"},\"thumbnailUrl\":\"https:\/\/rinconeducativo.org\/wp-content\/uploads\/2020\/01\/dia_mundial_educacion_ambiental.jpg\",\"datePublished\":\"2020-01-26T10:00:00+00:00\",\"dateModified\":\"2024-12-19T12:31:19+00:00\",\"breadcrumb\":{\"@id\":\"https:\/\/rinconeducativo.org\/es\/efemerides\/26-enero-dia-mundial-educacion-ambiental\/#breadcrumb\"},\"inLanguage\":\"es\",\"potentialAction\":[{\"@type\":\"ReadAction\",\"target\":[\"https:\/\/rinconeducativo.org\/es\/efemerides\/26-enero-dia-mundial-educacion-ambiental\/\"]}]},{\"@type\":\"ImageObject\",\"inLanguage\":\"es\",\"@id\":\"https:\/\/rinconeducativo.org\/es\/efemerides\/26-enero-dia-mundial-educacion-ambiental\/#primaryimage\",\"url\":\"https:\/\/rinconeducativo.org\/wp-content\/uploads\/2020\/01\/dia_mundial_educacion_ambiental.jpg\",\"contentUrl\":\"https:\/\/rinconeducativo.org\/wp-content\/uploads\/2020\/01\/dia_mundial_educacion_ambiental.jpg\",\"width\":1080,\"height\":675},{\"@type\":\"BreadcrumbList\",\"@id\":\"https:\/\/rinconeducativo.org\/es\/efemerides\/26-enero-dia-mundial-educacion-ambiental\/#breadcrumb\",\"itemListElement\":[{\"@type\":\"ListItem\",\"position\":1,\"name\":\"Portada\",\"item\":\"https:\/\/rinconeducativo.org\/es\/\"},{\"@type\":\"ListItem\",\"position\":2,\"name\":\"Efem\u00e9rides\",\"item\":\"https:\/\/rinconeducativo.org\/es\/efemerides\/\"},{\"@type\":\"ListItem\",\"position\":3,\"name\":\"26 de enero - D\u00eda Mundial de la Educaci\u00f3n Ambiental\"}]},{\"@type\":\"WebSite\",\"@id\":\"https:\/\/rinconeducativo.org\/es\/#website\",\"url\":\"https:\/\/rinconeducativo.org\/es\/\",\"name\":\"Rinc\u00f3n educativo\",\"description\":\"Un proyecto del Foro Nuclear\",\"potentialAction\":[{\"@type\":\"SearchAction\",\"target\":{\"@type\":\"EntryPoint\",\"urlTemplate\":\"https:\/\/rinconeducativo.org\/es\/?s={search_term_string}\"},\"query-input\":{\"@type\":\"PropertyValueSpecification\",\"valueRequired\":true,\"valueName\":\"search_term_string\"}}],\"inLanguage\":\"es\"}]}<\/script>\n<!-- \/ Yoast SEO plugin. -->","yoast_head_json":{"title":"26 de enero - D\u00eda Mundial de la Educaci\u00f3n Ambiental - Rinc\u00f3n educativo","robots":{"index":"index","follow":"follow","max-snippet":"max-snippet:-1","max-image-preview":"max-image-preview:large","max-video-preview":"max-video-preview:-1"},"canonical":"https:\/\/rinconeducativo.org\/es\/efemerides\/26-enero-dia-mundial-educacion-ambiental\/","og_locale":"es_ES","og_type":"article","og_title":"26 de enero - D\u00eda Mundial de la Educaci\u00f3n Ambiental - Rinc\u00f3n educativo","og_description":"El 26 de Enero celebramos el&nbsp;\u00abD\u00eda Mundial de la Educaci\u00f3n Ambiental\u00bb, que tiene su origen en 1975, a\u00f1o en que se celebr\u00f3 en Belgrado (capital de la Rep\u00fablica de Serbia), el Seminario Internacional de Educaci\u00f3n Ambiental, donde participaron expertos de m\u00e1s de 70 pa\u00edses. En este evento se establecieron los principios de la Educaci\u00f3n Ambiental [&hellip;]","og_url":"https:\/\/rinconeducativo.org\/es\/efemerides\/26-enero-dia-mundial-educacion-ambiental\/","og_site_name":"Rinc\u00f3n educativo","article_modified_time":"2024-12-19T12:31:19+00:00","og_image":[{"width":1080,"height":675,"url":"https:\/\/rinconeducativo.org\/wp-content\/uploads\/2020\/01\/dia_mundial_educacion_ambiental.jpg","type":"image\/jpeg"}],"twitter_card":"summary_large_image","schema":{"@context":"https:\/\/schema.org","@graph":[{"@type":"WebPage","@id":"https:\/\/rinconeducativo.org\/es\/efemerides\/26-enero-dia-mundial-educacion-ambiental\/","url":"https:\/\/rinconeducativo.org\/es\/efemerides\/26-enero-dia-mundial-educacion-ambiental\/","name":"26 de enero - D\u00eda Mundial de la Educaci\u00f3n Ambiental - Rinc\u00f3n educativo","isPartOf":{"@id":"https:\/\/rinconeducativo.org\/es\/#website"},"primaryImageOfPage":{"@id":"https:\/\/rinconeducativo.org\/es\/efemerides\/26-enero-dia-mundial-educacion-ambiental\/#primaryimage"},"image":{"@id":"https:\/\/rinconeducativo.org\/es\/efemerides\/26-enero-dia-mundial-educacion-ambiental\/#primaryimage"},"thumbnailUrl":"https:\/\/rinconeducativo.org\/wp-content\/uploads\/2020\/01\/dia_mundial_educacion_ambiental.jpg","datePublished":"2020-01-26T10:00:00+00:00","dateModified":"2024-12-19T12:31:19+00:00","breadcrumb":{"@id":"https:\/\/rinconeducativo.org\/es\/efemerides\/26-enero-dia-mundial-educacion-ambiental\/#breadcrumb"},"inLanguage":"es","potentialAction":[{"@type":"ReadAction","target":["https:\/\/rinconeducativo.org\/es\/efemerides\/26-enero-dia-mundial-educacion-ambiental\/"]}]},{"@type":"ImageObject","inLanguage":"es","@id":"https:\/\/rinconeducativo.org\/es\/efemerides\/26-enero-dia-mundial-educacion-ambiental\/#primaryimage","url":"https:\/\/rinconeducativo.org\/wp-content\/uploads\/2020\/01\/dia_mundial_educacion_ambiental.jpg","contentUrl":"https:\/\/rinconeducativo.org\/wp-content\/uploads\/2020\/01\/dia_mundial_educacion_ambiental.jpg","width":1080,"height":675},{"@type":"BreadcrumbList","@id":"https:\/\/rinconeducativo.org\/es\/efemerides\/26-enero-dia-mundial-educacion-ambiental\/#breadcrumb","itemListElement":[{"@type":"ListItem","position":1,"name":"Portada","item":"https:\/\/rinconeducativo.org\/es\/"},{"@type":"ListItem","position":2,"name":"Efem\u00e9rides","item":"https:\/\/rinconeducativo.org\/es\/efemerides\/"},{"@type":"ListItem","position":3,"name":"26 de enero - D\u00eda Mundial de la Educaci\u00f3n Ambiental"}]},{"@type":"WebSite","@id":"https:\/\/rinconeducativo.org\/es\/#website","url":"https:\/\/rinconeducativo.org\/es\/","name":"Rinc\u00f3n educativo","description":"Un proyecto del Foro Nuclear","potentialAction":[{"@type":"SearchAction","target":{"@type":"EntryPoint","urlTemplate":"https:\/\/rinconeducativo.org\/es\/?s={search_term_string}"},"query-input":{"@type":"PropertyValueSpecification","valueRequired":true,"valueName":"search_term_string"}}],"inLanguage":"es"}]}},"_links":{"self":[{"href":"https:\/\/rinconeducativo.org\/es\/wp-json\/wp\/v2\/re_efemeride\/7722","targetHints":{"allow":["GET"]}}],"collection":[{"href":"https:\/\/rinconeducativo.org\/es\/wp-json\/wp\/v2\/re_efemeride"}],"about":[{"href":"https:\/\/rinconeducativo.org\/es\/wp-json\/wp\/v2\/types\/re_efemeride"}],"author":[{"embeddable":true,"href":"https:\/\/rinconeducativo.org\/es\/wp-json\/wp\/v2\/users\/1088"}],"version-history":[{"count":1,"href":"https:\/\/rinconeducativo.org\/es\/wp-json\/wp\/v2\/re_efemeride\/7722\/revisions"}],"predecessor-version":[{"id":38685,"href":"https:\/\/rinconeducativo.org\/es\/wp-json\/wp\/v2\/re_efemeride\/7722\/revisions\/38685"}],"wp:featuredmedia":[{"embeddable":true,"href":"https:\/\/rinconeducativo.org\/es\/wp-json\/wp\/v2\/media\/17846"}],"wp:attachment":[{"href":"https:\/\/rinconeducativo.org\/es\/wp-json\/wp\/v2\/media?parent=7722"}],"wp:term":[{"taxonomy":"post_tag","embeddable":true,"href":"https:\/\/rinconeducativo.org\/es\/wp-json\/wp\/v2\/tags?post=7722"},{"taxonomy":"mes","embeddable":true,"href":"https:\/\/rinconeducativo.org\/es\/wp-json\/wp\/v2\/mes?post=7722"},{"taxonomy":"clasificacion_anterior","embeddable":true,"href":"https:\/\/rinconeducativo.org\/es\/wp-json\/wp\/v2\/clasificacion_anterior?post=7722"}],"curies":[{"name":"wp","href":"https:\/\/api.w.org\/{rel}","templated":true}]}}