{"id":7266,"date":"2020-09-29T18:44:00","date_gmt":"2020-09-29T16:44:00","guid":{"rendered":"https:\/\/wp.rinconeducativo.org\/?recursos=29-de-septiembre-de-1954-en-suiza-doce-paises-europeos-fundan-el-cern"},"modified":"2024-12-19T11:33:11","modified_gmt":"2024-12-19T10:33:11","slug":"29-septiembre-1954-en-suiza-doce-paises-europeos-fundan-cern","status":"publish","type":"re_efemeride","link":"https:\/\/rinconeducativo.org\/es\/efemerides\/29-septiembre-1954-en-suiza-doce-paises-europeos-fundan-cern\/","title":{"rendered":"29 de septiembre de 1954 \u2013 En Suiza, doce pa\u00edses europeos fundan el CERN (Organizaci\u00f3n Europea para la Investigaci\u00f3n Nuclear)"},"content":{"rendered":"<div class=\"wp-block-image\">\n<figure class=\"alignleft is-resized\"><img loading=\"lazy\" decoding=\"async\" width=\"400\" height=\"400\" src=\"https:\/\/wp2.rinconeducativo.org\/wp-content\/uploads\/2020\/09\/cern_logo.jpg\" alt=\"Logo CERN\" class=\"wp-image-7263\" style=\"width:233px;height:auto\" title=\"Logo CERN\" srcset=\"https:\/\/rinconeducativo.org\/wp-content\/uploads\/2020\/09\/cern_logo.jpg 400w, https:\/\/rinconeducativo.org\/wp-content\/uploads\/2020\/09\/cern_logo-150x150.jpg 150w\" sizes=\"auto, (max-width: 400px) 100vw, 400px\" \/><\/figure>\n<\/div>\n\n\n<p class=\"rtejustify\">Organizaci\u00f3n Europea para la Investigaci\u00f3n Nuclear es el nombre el espa\u00f1ol del com\u00fanmente conocido CERN, siglas provisionas utilizadas en 1952, correspondientes al nombre en franc\u00e9s <em>Conseil Europ\u00e9en pour la Recherche Nucl\u00e9aire<\/em>, es decir, Consejo Europeo para la Investigaci\u00f3n Nuclear.<\/p>\n\n\n\n<p class=\"rtejustify\">Fue fundado en 1954 por 12 pa\u00edses europeos convirti\u00e9ndose en el laboratorio de f\u00edsica de part\u00edculas m\u00e1s grande y m\u00e1s importante del mundo. Actualmente, participan 22 Estados miembros, 2.500 empleados, bajo la supervisi\u00f3n de las Naciones Unidas. Adem\u00e1s, otros 28 pa\u00edses no miembros participan con cient\u00edficos de 220 institutos y universidades en proyectos en el CERN utilizando sus instalaciones.<\/p>\n\n\n<div class=\"wp-block-image\">\n<figure class=\"alignright is-resized\"><img loading=\"lazy\" decoding=\"async\" width=\"780\" height=\"1300\" src=\"https:\/\/wp2.rinconeducativo.org\/wp-content\/uploads\/2020\/09\/cern_lhc.jpg\" alt=\"LHC CERN\" class=\"wp-image-7264\" style=\"width:197px;height:auto\" title=\"LHC CERN\" srcset=\"https:\/\/rinconeducativo.org\/wp-content\/uploads\/2020\/09\/cern_lhc.jpg 780w, https:\/\/rinconeducativo.org\/wp-content\/uploads\/2020\/09\/cern_lhc-300x500.jpg 300w, https:\/\/rinconeducativo.org\/wp-content\/uploads\/2020\/09\/cern_lhc-720x1200.jpg 720w, https:\/\/rinconeducativo.org\/wp-content\/uploads\/2020\/09\/cern_lhc-768x1280.jpg 768w\" sizes=\"auto, (max-width: 780px) 100vw, 780px\" \/><\/figure>\n<\/div>\n\n\n<p class=\"rtejustify\">Oficialmente se ubica al lado de Ginebra (Suiza) aunque por la cercan\u00eda con la frontera con Francia hay instalaciones en la misma. No obstante, como instalaci\u00f3n internacional, el CERN no est\u00e1 bajo jurisdicci\u00f3n francesa ni suiza.<\/p>\n\n\n\n<p class=\"rtejustify\">Est\u00e1 formado por una serie de aceleradores de part\u00edculas, como el LHC (<em>Large Hadron Collider<\/em>, Gran Colisionador de Hadrones) de 27 km de circunferencia que constituye el acelerador m\u00e1s grande construido hasta la fecha.<\/p>\n\n\n\n<p class=\"rtejustify\">Financiado con la colaboraci\u00f3n de 60 pa\u00edses, a lo largo de su historia, ha tenido grandes \u00e9xitos como el que se produjo en 1984, cuando Carlo Rubbia y Simon van der Meer obtuvieron en Premio Nobel de F\u00edsica por el descubrimiento de los bosones W y Z o cuando, en 1992, Georges Charpak tambi\u00e9n recibi\u00f3 el Premio Nobel por la invenci\u00f3n y desarrollo de los detectores de part\u00edculas, en particular, la c\u00e1mara proporcional multihilos. Adem\u00e1s, hicieron posible la confirmaci\u00f3n de la existencia del bos\u00f3n de Higgs.<\/p>\n\n\n<div class=\"wp-block-image\">\n<figure class=\"alignleft\"><img loading=\"lazy\" decoding=\"async\" width=\"1000\" height=\"600\" src=\"https:\/\/wp2.rinconeducativo.org\/wp-content\/uploads\/2020\/09\/cern_colisionador-de-hadrones.jpg\" alt=\"Colisionador de Hadrones CERN\" class=\"wp-image-7265\" title=\"Colisionador de Hadrones CERN\" srcset=\"https:\/\/rinconeducativo.org\/wp-content\/uploads\/2020\/09\/cern_colisionador-de-hadrones.jpg 1000w, https:\/\/rinconeducativo.org\/wp-content\/uploads\/2020\/09\/cern_colisionador-de-hadrones-500x300.jpg 500w, https:\/\/rinconeducativo.org\/wp-content\/uploads\/2020\/09\/cern_colisionador-de-hadrones-768x461.jpg 768w\" sizes=\"auto, (max-width: 1000px) 100vw, 1000px\" \/><\/figure>\n<\/div>\n\n\n<p class=\"rtejustify\">En 2013 se le concedi\u00f3 el Premio Pr\u00edncipe de Asturias de Investigaci\u00f3n Cient\u00edfica y T\u00e9cnica junto a Peter Higgs y Fran\u00e7ois Englert.<\/p>\n\n\n\n<p class=\"rtejustify\">Si quieres saber m\u00e1s y descubrir muchas cosas interesantes, haz clic en el siguiente enlace: <a href=\"https:\/\/home.cern\/\">CERN<\/a><\/p>\n","protected":false},"excerpt":{"rendered":"<p>29 de septiembre de 1954 \u2013 En Suiza, doce pa\u00edses europeos fundan el CERN (Organizaci\u00f3n Europea para la Investigaci\u00f3n Nuclear)<\/p>\n","protected":false},"author":1088,"featured_media":7263,"template":"","meta":{"_acf_changed":false,"footnotes":""},"tags":[6255,5675,5684,8183],"mes":[7118],"clasificacion_anterior":[7255],"class_list":["post-7266","re_efemeride","type-re_efemeride","status-publish","has-post-thumbnail","hentry","tag-atomos","tag-energia","tag-energia-nuclear","tag-radiacion","mes-septiembre"],"acf":{"fecha":"19540929"},"yoast_head":"<!-- This site is optimized with the Yoast SEO plugin v26.8 - https:\/\/yoast.com\/product\/yoast-seo-wordpress\/ -->\n<title>29 de septiembre de 1954 \u2013 En Suiza, doce pa\u00edses europeos fundan el CERN (Organizaci\u00f3n Europea para la Investigaci\u00f3n Nuclear) - Rinc\u00f3n educativo<\/title>\n<meta name=\"robots\" content=\"index, follow, max-snippet:-1, max-image-preview:large, max-video-preview:-1\" \/>\n<link rel=\"canonical\" href=\"https:\/\/rinconeducativo.org\/es\/efemerides\/29-septiembre-1954-en-suiza-doce-paises-europeos-fundan-cern\/\" \/>\n<meta property=\"og:locale\" content=\"es_ES\" \/>\n<meta property=\"og:type\" content=\"article\" \/>\n<meta property=\"og:title\" content=\"29 de septiembre de 1954 \u2013 En Suiza, doce pa\u00edses europeos fundan el CERN (Organizaci\u00f3n Europea para la Investigaci\u00f3n Nuclear) - Rinc\u00f3n educativo\" \/>\n<meta property=\"og:description\" content=\"29 de septiembre de 1954 \u2013 En Suiza, doce pa\u00edses europeos fundan el CERN (Organizaci\u00f3n Europea para la Investigaci\u00f3n Nuclear)\" \/>\n<meta property=\"og:url\" content=\"https:\/\/rinconeducativo.org\/es\/efemerides\/29-septiembre-1954-en-suiza-doce-paises-europeos-fundan-cern\/\" \/>\n<meta property=\"og:site_name\" content=\"Rinc\u00f3n educativo\" \/>\n<meta property=\"article:modified_time\" content=\"2024-12-19T10:33:11+00:00\" \/>\n<meta property=\"og:image\" content=\"https:\/\/rinconeducativo.org\/wp-content\/uploads\/2020\/09\/cern_logo.jpg\" \/>\n\t<meta property=\"og:image:width\" content=\"400\" \/>\n\t<meta property=\"og:image:height\" content=\"400\" \/>\n\t<meta property=\"og:image:type\" content=\"image\/jpeg\" \/>\n<meta name=\"twitter:card\" content=\"summary_large_image\" \/>\n<script type=\"application\/ld+json\" class=\"yoast-schema-graph\">{\"@context\":\"https:\/\/schema.org\",\"@graph\":[{\"@type\":\"WebPage\",\"@id\":\"https:\/\/rinconeducativo.org\/es\/efemerides\/29-septiembre-1954-en-suiza-doce-paises-europeos-fundan-cern\/\",\"url\":\"https:\/\/rinconeducativo.org\/es\/efemerides\/29-septiembre-1954-en-suiza-doce-paises-europeos-fundan-cern\/\",\"name\":\"29 de septiembre de 1954 \u2013 En Suiza, doce pa\u00edses europeos fundan el CERN (Organizaci\u00f3n Europea para la Investigaci\u00f3n Nuclear) - Rinc\u00f3n educativo\",\"isPartOf\":{\"@id\":\"https:\/\/rinconeducativo.org\/es\/#website\"},\"primaryImageOfPage\":{\"@id\":\"https:\/\/rinconeducativo.org\/es\/efemerides\/29-septiembre-1954-en-suiza-doce-paises-europeos-fundan-cern\/#primaryimage\"},\"image\":{\"@id\":\"https:\/\/rinconeducativo.org\/es\/efemerides\/29-septiembre-1954-en-suiza-doce-paises-europeos-fundan-cern\/#primaryimage\"},\"thumbnailUrl\":\"https:\/\/rinconeducativo.org\/wp-content\/uploads\/2020\/09\/cern_logo.jpg\",\"datePublished\":\"2020-09-29T16:44:00+00:00\",\"dateModified\":\"2024-12-19T10:33:11+00:00\",\"breadcrumb\":{\"@id\":\"https:\/\/rinconeducativo.org\/es\/efemerides\/29-septiembre-1954-en-suiza-doce-paises-europeos-fundan-cern\/#breadcrumb\"},\"inLanguage\":\"es\",\"potentialAction\":[{\"@type\":\"ReadAction\",\"target\":[\"https:\/\/rinconeducativo.org\/es\/efemerides\/29-septiembre-1954-en-suiza-doce-paises-europeos-fundan-cern\/\"]}]},{\"@type\":\"ImageObject\",\"inLanguage\":\"es\",\"@id\":\"https:\/\/rinconeducativo.org\/es\/efemerides\/29-septiembre-1954-en-suiza-doce-paises-europeos-fundan-cern\/#primaryimage\",\"url\":\"https:\/\/rinconeducativo.org\/wp-content\/uploads\/2020\/09\/cern_logo.jpg\",\"contentUrl\":\"https:\/\/rinconeducativo.org\/wp-content\/uploads\/2020\/09\/cern_logo.jpg\",\"width\":400,\"height\":400,\"caption\":\"Logo CERN\"},{\"@type\":\"BreadcrumbList\",\"@id\":\"https:\/\/rinconeducativo.org\/es\/efemerides\/29-septiembre-1954-en-suiza-doce-paises-europeos-fundan-cern\/#breadcrumb\",\"itemListElement\":[{\"@type\":\"ListItem\",\"position\":1,\"name\":\"Portada\",\"item\":\"https:\/\/rinconeducativo.org\/es\/\"},{\"@type\":\"ListItem\",\"position\":2,\"name\":\"Efem\u00e9rides\",\"item\":\"https:\/\/rinconeducativo.org\/es\/efemerides\/\"},{\"@type\":\"ListItem\",\"position\":3,\"name\":\"29 de septiembre de 1954 \u2013 En Suiza, doce pa\u00edses europeos fundan el CERN (Organizaci\u00f3n Europea para la Investigaci\u00f3n Nuclear)\"}]},{\"@type\":\"WebSite\",\"@id\":\"https:\/\/rinconeducativo.org\/es\/#website\",\"url\":\"https:\/\/rinconeducativo.org\/es\/\",\"name\":\"Rinc\u00f3n educativo\",\"description\":\"Un proyecto del Foro Nuclear\",\"potentialAction\":[{\"@type\":\"SearchAction\",\"target\":{\"@type\":\"EntryPoint\",\"urlTemplate\":\"https:\/\/rinconeducativo.org\/es\/?s={search_term_string}\"},\"query-input\":{\"@type\":\"PropertyValueSpecification\",\"valueRequired\":true,\"valueName\":\"search_term_string\"}}],\"inLanguage\":\"es\"}]}<\/script>\n<!-- \/ Yoast SEO plugin. -->","yoast_head_json":{"title":"29 de septiembre de 1954 \u2013 En Suiza, doce pa\u00edses europeos fundan el CERN (Organizaci\u00f3n Europea para la Investigaci\u00f3n Nuclear) - Rinc\u00f3n educativo","robots":{"index":"index","follow":"follow","max-snippet":"max-snippet:-1","max-image-preview":"max-image-preview:large","max-video-preview":"max-video-preview:-1"},"canonical":"https:\/\/rinconeducativo.org\/es\/efemerides\/29-septiembre-1954-en-suiza-doce-paises-europeos-fundan-cern\/","og_locale":"es_ES","og_type":"article","og_title":"29 de septiembre de 1954 \u2013 En Suiza, doce pa\u00edses europeos fundan el CERN (Organizaci\u00f3n Europea para la Investigaci\u00f3n Nuclear) - Rinc\u00f3n educativo","og_description":"29 de septiembre de 1954 \u2013 En Suiza, doce pa\u00edses europeos fundan el CERN (Organizaci\u00f3n Europea para la Investigaci\u00f3n Nuclear)","og_url":"https:\/\/rinconeducativo.org\/es\/efemerides\/29-septiembre-1954-en-suiza-doce-paises-europeos-fundan-cern\/","og_site_name":"Rinc\u00f3n educativo","article_modified_time":"2024-12-19T10:33:11+00:00","og_image":[{"width":400,"height":400,"url":"https:\/\/rinconeducativo.org\/wp-content\/uploads\/2020\/09\/cern_logo.jpg","type":"image\/jpeg"}],"twitter_card":"summary_large_image","schema":{"@context":"https:\/\/schema.org","@graph":[{"@type":"WebPage","@id":"https:\/\/rinconeducativo.org\/es\/efemerides\/29-septiembre-1954-en-suiza-doce-paises-europeos-fundan-cern\/","url":"https:\/\/rinconeducativo.org\/es\/efemerides\/29-septiembre-1954-en-suiza-doce-paises-europeos-fundan-cern\/","name":"29 de septiembre de 1954 \u2013 En Suiza, doce pa\u00edses europeos fundan el CERN (Organizaci\u00f3n Europea para la Investigaci\u00f3n Nuclear) - Rinc\u00f3n educativo","isPartOf":{"@id":"https:\/\/rinconeducativo.org\/es\/#website"},"primaryImageOfPage":{"@id":"https:\/\/rinconeducativo.org\/es\/efemerides\/29-septiembre-1954-en-suiza-doce-paises-europeos-fundan-cern\/#primaryimage"},"image":{"@id":"https:\/\/rinconeducativo.org\/es\/efemerides\/29-septiembre-1954-en-suiza-doce-paises-europeos-fundan-cern\/#primaryimage"},"thumbnailUrl":"https:\/\/rinconeducativo.org\/wp-content\/uploads\/2020\/09\/cern_logo.jpg","datePublished":"2020-09-29T16:44:00+00:00","dateModified":"2024-12-19T10:33:11+00:00","breadcrumb":{"@id":"https:\/\/rinconeducativo.org\/es\/efemerides\/29-septiembre-1954-en-suiza-doce-paises-europeos-fundan-cern\/#breadcrumb"},"inLanguage":"es","potentialAction":[{"@type":"ReadAction","target":["https:\/\/rinconeducativo.org\/es\/efemerides\/29-septiembre-1954-en-suiza-doce-paises-europeos-fundan-cern\/"]}]},{"@type":"ImageObject","inLanguage":"es","@id":"https:\/\/rinconeducativo.org\/es\/efemerides\/29-septiembre-1954-en-suiza-doce-paises-europeos-fundan-cern\/#primaryimage","url":"https:\/\/rinconeducativo.org\/wp-content\/uploads\/2020\/09\/cern_logo.jpg","contentUrl":"https:\/\/rinconeducativo.org\/wp-content\/uploads\/2020\/09\/cern_logo.jpg","width":400,"height":400,"caption":"Logo CERN"},{"@type":"BreadcrumbList","@id":"https:\/\/rinconeducativo.org\/es\/efemerides\/29-septiembre-1954-en-suiza-doce-paises-europeos-fundan-cern\/#breadcrumb","itemListElement":[{"@type":"ListItem","position":1,"name":"Portada","item":"https:\/\/rinconeducativo.org\/es\/"},{"@type":"ListItem","position":2,"name":"Efem\u00e9rides","item":"https:\/\/rinconeducativo.org\/es\/efemerides\/"},{"@type":"ListItem","position":3,"name":"29 de septiembre de 1954 \u2013 En Suiza, doce pa\u00edses europeos fundan el CERN (Organizaci\u00f3n Europea para la Investigaci\u00f3n Nuclear)"}]},{"@type":"WebSite","@id":"https:\/\/rinconeducativo.org\/es\/#website","url":"https:\/\/rinconeducativo.org\/es\/","name":"Rinc\u00f3n educativo","description":"Un proyecto del Foro Nuclear","potentialAction":[{"@type":"SearchAction","target":{"@type":"EntryPoint","urlTemplate":"https:\/\/rinconeducativo.org\/es\/?s={search_term_string}"},"query-input":{"@type":"PropertyValueSpecification","valueRequired":true,"valueName":"search_term_string"}}],"inLanguage":"es"}]}},"_links":{"self":[{"href":"https:\/\/rinconeducativo.org\/es\/wp-json\/wp\/v2\/re_efemeride\/7266","targetHints":{"allow":["GET"]}}],"collection":[{"href":"https:\/\/rinconeducativo.org\/es\/wp-json\/wp\/v2\/re_efemeride"}],"about":[{"href":"https:\/\/rinconeducativo.org\/es\/wp-json\/wp\/v2\/types\/re_efemeride"}],"author":[{"embeddable":true,"href":"https:\/\/rinconeducativo.org\/es\/wp-json\/wp\/v2\/users\/1088"}],"version-history":[{"count":4,"href":"https:\/\/rinconeducativo.org\/es\/wp-json\/wp\/v2\/re_efemeride\/7266\/revisions"}],"predecessor-version":[{"id":37156,"href":"https:\/\/rinconeducativo.org\/es\/wp-json\/wp\/v2\/re_efemeride\/7266\/revisions\/37156"}],"wp:featuredmedia":[{"embeddable":true,"href":"https:\/\/rinconeducativo.org\/es\/wp-json\/wp\/v2\/media\/7263"}],"wp:attachment":[{"href":"https:\/\/rinconeducativo.org\/es\/wp-json\/wp\/v2\/media?parent=7266"}],"wp:term":[{"taxonomy":"post_tag","embeddable":true,"href":"https:\/\/rinconeducativo.org\/es\/wp-json\/wp\/v2\/tags?post=7266"},{"taxonomy":"mes","embeddable":true,"href":"https:\/\/rinconeducativo.org\/es\/wp-json\/wp\/v2\/mes?post=7266"},{"taxonomy":"clasificacion_anterior","embeddable":true,"href":"https:\/\/rinconeducativo.org\/es\/wp-json\/wp\/v2\/clasificacion_anterior?post=7266"}],"curies":[{"name":"wp","href":"https:\/\/api.w.org\/{rel}","templated":true}]}}