{"id":7195,"date":"2020-09-21T07:41:49","date_gmt":"2020-09-21T07:41:49","guid":{"rendered":"https:\/\/wp.rinconeducativo.org\/?recursos=21-de-septiembre-de-1996-fallecia-erika-cremer-incansable-en-sus-investigaciones"},"modified":"2024-12-19T11:36:37","modified_gmt":"2024-12-19T10:36:37","slug":"21-septiembre-1996-fallece-erika-cremer-incansable-investigaciones-cromatografia-gases","status":"publish","type":"re_efemeride","link":"https:\/\/rinconeducativo.org\/es\/efemerides\/21-septiembre-1996-fallece-erika-cremer-incansable-investigaciones-cromatografia-gases\/","title":{"rendered":"21 de septiembre de 1996 - Fallece Erika Cremer, incansable en sus investigaciones sobre la cromatograf\u00eda de gases"},"content":{"rendered":"<div class=\"wp-block-image\">\n<figure class=\"alignright size-full is-resized\"><img loading=\"lazy\" decoding=\"async\" width=\"297\" height=\"352\" src=\"https:\/\/rinconeducativo.org\/wp-content\/uploads\/2020\/09\/Cremer_Erika.png\" alt=\"\" class=\"wp-image-36435\" style=\"width:231px;height:308px\"\/><\/figure>\n<\/div>\n\n\n<p>Se matricul\u00f3 en la Universidad de Berl\u00edn para estudiar qu\u00edmica y pudo asistir a conferencias de Fritz Haber, Walther Nernst, <a href=\"https:\/\/rinconeducativo.org\/es\/recursos-educativos\/max-planck-premio-nobel-servicios-avance-fisica-descubrimientos-cuantos-energia\/\" target=\"_blank\" rel=\"noreferrer noopener\">Max Planck<\/a>, <a href=\"https:\/\/rinconeducativo.org\/es\/recursos-educativos\/max-von-laue-premio-nobel-descubrimientos-difraccion-rayos-x\/\" target=\"_blank\" rel=\"noreferrer noopener\">Max von Laue<\/a> y <a href=\"https:\/\/rinconeducativo.org\/es\/monograficos\/albert-einstein\/\" target=\"_blank\" rel=\"noreferrer noopener\">Albert Einstein<\/a>. Recibi\u00f3 su doctorado <em>magna cum laude<\/em> en 1927, bajo la supervisi\u00f3n de Max Bodenstein (el primero en postular un mecanismo de reacci\u00f3n en cadena).<\/p>\n\n\n\n<p>Durante su carrera profesional:<\/p>\n\n\n\n<ul class=\"wp-block-list\">\n<li>Estudi\u00f3 la cin\u00e9tica de la reacci\u00f3n hidr\u00f3geno-cloro<\/li>\n\n\n\n<li>Analiz\u00f3 los problemas te\u00f3ricos cu\u00e1nticos de la fotoqu\u00edmica.<\/li>\n\n\n\n<li>Investig\u00f3 la conversi\u00f3n del hidr\u00f3geno y orto-hidr\u00f3geno en un estado de esp\u00edn en para-hidr\u00f3geno.<\/li>\n\n\n\n<li>Colabor\u00f3 con <a href=\"https:\/\/rinconeducativo.org\/es\/recursos-educativos\/otto-hahn-descubridor-fision-nuclear-uranio-y-torio\/\" target=\"_blank\" rel=\"noreferrer noopener\">Otto Hahn<\/a> en estudiar trazas de compuestos radiactivos.<\/li>\n\n\n\n<li>Separaci\u00f3n de is\u00f3topos.<\/li>\n\n\n\n<li>Investig\u00f3 la hidrogenaci\u00f3n del acetileno<\/li>\n\n\n\n<li>Desarroll\u00f3 relaciones y ecuaciones matem\u00e1ticas e intrumentaci\u00f3n para el primer cromat\u00f3grafo de gases.<\/li>\n\n\n\n<li>Deasrroll\u00f3 un m\u00e9todo para mediciones y an\u00e1lisis cualitativo y cuantitativo relacionado con el cromat\u00f3grafo de gases<\/li>\n\n\n\n<li>Junto a sus estudiantes: acu\u00f1aron el concepto \"tiempo de retenci\u00f3n relativo\", desarrollaron c\u00f3mo calcular el \u00e1rea del pico multiplicando la altura del pico por el ancho del pico a la mitad de la altura en la cromatograf\u00eda de gases y demostraron la relaci\u00f3n entre la medici\u00f3n y la temperatura de la columna y tambi\u00e9n inventaron el an\u00e1lisis del espacio de cabeza.<\/li>\n<\/ul>\n\n\n\n<p>Si quieres saber m\u00e1s sobre esta cient\u00edfica, haz clic en el siguiente enlace: <a href=\"https:\/\/rinconeducativo.org\/es\/recursos-educativos\/erika-cremer-incansable-investigaciones-cromatografia-gases\/\" target=\"_blank\" rel=\"noreferrer noopener\">Erika Cremer<\/a><\/p>\n","protected":false},"excerpt":{"rendered":"<p>21 de septiembre de 1996 - Fallece Erika Cremer, incansable en sus investigaciones sobre la cromatograf\u00eda de gases.<\/p>\n","protected":false},"author":1088,"featured_media":36435,"template":"","meta":{"_acf_changed":false,"footnotes":""},"tags":[6255,8183,6071],"mes":[7118],"clasificacion_anterior":[7255],"class_list":["post-7195","re_efemeride","type-re_efemeride","status-publish","has-post-thumbnail","hentry","tag-atomos","tag-radiacion","tag-tabla-periodica","mes-septiembre"],"acf":{"fecha":"19960921"},"yoast_head":"<!-- This site is optimized with the Yoast SEO plugin v26.8 - https:\/\/yoast.com\/product\/yoast-seo-wordpress\/ -->\n<title>21 de septiembre de 1996 - Fallece Erika Cremer, incansable en sus investigaciones sobre la cromatograf\u00eda de gases - Rinc\u00f3n educativo<\/title>\n<meta name=\"robots\" content=\"index, follow, max-snippet:-1, max-image-preview:large, max-video-preview:-1\" \/>\n<link rel=\"canonical\" href=\"https:\/\/rinconeducativo.org\/es\/efemerides\/21-septiembre-1996-fallece-erika-cremer-incansable-investigaciones-cromatografia-gases\/\" \/>\n<meta property=\"og:locale\" content=\"es_ES\" \/>\n<meta property=\"og:type\" content=\"article\" \/>\n<meta property=\"og:title\" content=\"21 de septiembre de 1996 - Fallece Erika Cremer, incansable en sus investigaciones sobre la cromatograf\u00eda de gases - Rinc\u00f3n educativo\" \/>\n<meta property=\"og:description\" content=\"21 de septiembre de 1996 - Fallece Erika Cremer, incansable en sus investigaciones sobre la cromatograf\u00eda de gases.\" \/>\n<meta property=\"og:url\" content=\"https:\/\/rinconeducativo.org\/es\/efemerides\/21-septiembre-1996-fallece-erika-cremer-incansable-investigaciones-cromatografia-gases\/\" \/>\n<meta property=\"og:site_name\" content=\"Rinc\u00f3n educativo\" \/>\n<meta property=\"article:modified_time\" content=\"2024-12-19T10:36:37+00:00\" \/>\n<meta property=\"og:image\" content=\"https:\/\/rinconeducativo.org\/wp-content\/uploads\/2020\/09\/Cremer_Erika.png\" \/>\n\t<meta property=\"og:image:width\" content=\"297\" \/>\n\t<meta property=\"og:image:height\" content=\"352\" \/>\n\t<meta property=\"og:image:type\" content=\"image\/png\" \/>\n<meta name=\"twitter:card\" content=\"summary_large_image\" \/>\n<script type=\"application\/ld+json\" class=\"yoast-schema-graph\">{\"@context\":\"https:\/\/schema.org\",\"@graph\":[{\"@type\":\"WebPage\",\"@id\":\"https:\/\/rinconeducativo.org\/es\/efemerides\/21-septiembre-1996-fallece-erika-cremer-incansable-investigaciones-cromatografia-gases\/\",\"url\":\"https:\/\/rinconeducativo.org\/es\/efemerides\/21-septiembre-1996-fallece-erika-cremer-incansable-investigaciones-cromatografia-gases\/\",\"name\":\"21 de septiembre de 1996 - Fallece Erika Cremer, incansable en sus investigaciones sobre la cromatograf\u00eda de gases - Rinc\u00f3n educativo\",\"isPartOf\":{\"@id\":\"https:\/\/rinconeducativo.org\/es\/#website\"},\"primaryImageOfPage\":{\"@id\":\"https:\/\/rinconeducativo.org\/es\/efemerides\/21-septiembre-1996-fallece-erika-cremer-incansable-investigaciones-cromatografia-gases\/#primaryimage\"},\"image\":{\"@id\":\"https:\/\/rinconeducativo.org\/es\/efemerides\/21-septiembre-1996-fallece-erika-cremer-incansable-investigaciones-cromatografia-gases\/#primaryimage\"},\"thumbnailUrl\":\"https:\/\/rinconeducativo.org\/wp-content\/uploads\/2020\/09\/Cremer_Erika.png\",\"datePublished\":\"2020-09-21T07:41:49+00:00\",\"dateModified\":\"2024-12-19T10:36:37+00:00\",\"breadcrumb\":{\"@id\":\"https:\/\/rinconeducativo.org\/es\/efemerides\/21-septiembre-1996-fallece-erika-cremer-incansable-investigaciones-cromatografia-gases\/#breadcrumb\"},\"inLanguage\":\"es\",\"potentialAction\":[{\"@type\":\"ReadAction\",\"target\":[\"https:\/\/rinconeducativo.org\/es\/efemerides\/21-septiembre-1996-fallece-erika-cremer-incansable-investigaciones-cromatografia-gases\/\"]}]},{\"@type\":\"ImageObject\",\"inLanguage\":\"es\",\"@id\":\"https:\/\/rinconeducativo.org\/es\/efemerides\/21-septiembre-1996-fallece-erika-cremer-incansable-investigaciones-cromatografia-gases\/#primaryimage\",\"url\":\"https:\/\/rinconeducativo.org\/wp-content\/uploads\/2020\/09\/Cremer_Erika.png\",\"contentUrl\":\"https:\/\/rinconeducativo.org\/wp-content\/uploads\/2020\/09\/Cremer_Erika.png\",\"width\":297,\"height\":352},{\"@type\":\"BreadcrumbList\",\"@id\":\"https:\/\/rinconeducativo.org\/es\/efemerides\/21-septiembre-1996-fallece-erika-cremer-incansable-investigaciones-cromatografia-gases\/#breadcrumb\",\"itemListElement\":[{\"@type\":\"ListItem\",\"position\":1,\"name\":\"Portada\",\"item\":\"https:\/\/rinconeducativo.org\/es\/\"},{\"@type\":\"ListItem\",\"position\":2,\"name\":\"Efem\u00e9rides\",\"item\":\"https:\/\/rinconeducativo.org\/es\/efemerides\/\"},{\"@type\":\"ListItem\",\"position\":3,\"name\":\"21 de septiembre de 1996 - Fallece Erika Cremer, incansable en sus investigaciones sobre la cromatograf\u00eda de gases\"}]},{\"@type\":\"WebSite\",\"@id\":\"https:\/\/rinconeducativo.org\/es\/#website\",\"url\":\"https:\/\/rinconeducativo.org\/es\/\",\"name\":\"Rinc\u00f3n educativo\",\"description\":\"Un proyecto del Foro Nuclear\",\"potentialAction\":[{\"@type\":\"SearchAction\",\"target\":{\"@type\":\"EntryPoint\",\"urlTemplate\":\"https:\/\/rinconeducativo.org\/es\/?s={search_term_string}\"},\"query-input\":{\"@type\":\"PropertyValueSpecification\",\"valueRequired\":true,\"valueName\":\"search_term_string\"}}],\"inLanguage\":\"es\"}]}<\/script>\n<!-- \/ Yoast SEO plugin. -->","yoast_head_json":{"title":"21 de septiembre de 1996 - Fallece Erika Cremer, incansable en sus investigaciones sobre la cromatograf\u00eda de gases - Rinc\u00f3n educativo","robots":{"index":"index","follow":"follow","max-snippet":"max-snippet:-1","max-image-preview":"max-image-preview:large","max-video-preview":"max-video-preview:-1"},"canonical":"https:\/\/rinconeducativo.org\/es\/efemerides\/21-septiembre-1996-fallece-erika-cremer-incansable-investigaciones-cromatografia-gases\/","og_locale":"es_ES","og_type":"article","og_title":"21 de septiembre de 1996 - Fallece Erika Cremer, incansable en sus investigaciones sobre la cromatograf\u00eda de gases - Rinc\u00f3n educativo","og_description":"21 de septiembre de 1996 - Fallece Erika Cremer, incansable en sus investigaciones sobre la cromatograf\u00eda de gases.","og_url":"https:\/\/rinconeducativo.org\/es\/efemerides\/21-septiembre-1996-fallece-erika-cremer-incansable-investigaciones-cromatografia-gases\/","og_site_name":"Rinc\u00f3n educativo","article_modified_time":"2024-12-19T10:36:37+00:00","og_image":[{"width":297,"height":352,"url":"https:\/\/rinconeducativo.org\/wp-content\/uploads\/2020\/09\/Cremer_Erika.png","type":"image\/png"}],"twitter_card":"summary_large_image","schema":{"@context":"https:\/\/schema.org","@graph":[{"@type":"WebPage","@id":"https:\/\/rinconeducativo.org\/es\/efemerides\/21-septiembre-1996-fallece-erika-cremer-incansable-investigaciones-cromatografia-gases\/","url":"https:\/\/rinconeducativo.org\/es\/efemerides\/21-septiembre-1996-fallece-erika-cremer-incansable-investigaciones-cromatografia-gases\/","name":"21 de septiembre de 1996 - Fallece Erika Cremer, incansable en sus investigaciones sobre la cromatograf\u00eda de gases - Rinc\u00f3n educativo","isPartOf":{"@id":"https:\/\/rinconeducativo.org\/es\/#website"},"primaryImageOfPage":{"@id":"https:\/\/rinconeducativo.org\/es\/efemerides\/21-septiembre-1996-fallece-erika-cremer-incansable-investigaciones-cromatografia-gases\/#primaryimage"},"image":{"@id":"https:\/\/rinconeducativo.org\/es\/efemerides\/21-septiembre-1996-fallece-erika-cremer-incansable-investigaciones-cromatografia-gases\/#primaryimage"},"thumbnailUrl":"https:\/\/rinconeducativo.org\/wp-content\/uploads\/2020\/09\/Cremer_Erika.png","datePublished":"2020-09-21T07:41:49+00:00","dateModified":"2024-12-19T10:36:37+00:00","breadcrumb":{"@id":"https:\/\/rinconeducativo.org\/es\/efemerides\/21-septiembre-1996-fallece-erika-cremer-incansable-investigaciones-cromatografia-gases\/#breadcrumb"},"inLanguage":"es","potentialAction":[{"@type":"ReadAction","target":["https:\/\/rinconeducativo.org\/es\/efemerides\/21-septiembre-1996-fallece-erika-cremer-incansable-investigaciones-cromatografia-gases\/"]}]},{"@type":"ImageObject","inLanguage":"es","@id":"https:\/\/rinconeducativo.org\/es\/efemerides\/21-septiembre-1996-fallece-erika-cremer-incansable-investigaciones-cromatografia-gases\/#primaryimage","url":"https:\/\/rinconeducativo.org\/wp-content\/uploads\/2020\/09\/Cremer_Erika.png","contentUrl":"https:\/\/rinconeducativo.org\/wp-content\/uploads\/2020\/09\/Cremer_Erika.png","width":297,"height":352},{"@type":"BreadcrumbList","@id":"https:\/\/rinconeducativo.org\/es\/efemerides\/21-septiembre-1996-fallece-erika-cremer-incansable-investigaciones-cromatografia-gases\/#breadcrumb","itemListElement":[{"@type":"ListItem","position":1,"name":"Portada","item":"https:\/\/rinconeducativo.org\/es\/"},{"@type":"ListItem","position":2,"name":"Efem\u00e9rides","item":"https:\/\/rinconeducativo.org\/es\/efemerides\/"},{"@type":"ListItem","position":3,"name":"21 de septiembre de 1996 - Fallece Erika Cremer, incansable en sus investigaciones sobre la cromatograf\u00eda de gases"}]},{"@type":"WebSite","@id":"https:\/\/rinconeducativo.org\/es\/#website","url":"https:\/\/rinconeducativo.org\/es\/","name":"Rinc\u00f3n educativo","description":"Un proyecto del Foro Nuclear","potentialAction":[{"@type":"SearchAction","target":{"@type":"EntryPoint","urlTemplate":"https:\/\/rinconeducativo.org\/es\/?s={search_term_string}"},"query-input":{"@type":"PropertyValueSpecification","valueRequired":true,"valueName":"search_term_string"}}],"inLanguage":"es"}]}},"_links":{"self":[{"href":"https:\/\/rinconeducativo.org\/es\/wp-json\/wp\/v2\/re_efemeride\/7195","targetHints":{"allow":["GET"]}}],"collection":[{"href":"https:\/\/rinconeducativo.org\/es\/wp-json\/wp\/v2\/re_efemeride"}],"about":[{"href":"https:\/\/rinconeducativo.org\/es\/wp-json\/wp\/v2\/types\/re_efemeride"}],"author":[{"embeddable":true,"href":"https:\/\/rinconeducativo.org\/es\/wp-json\/wp\/v2\/users\/1088"}],"version-history":[{"count":3,"href":"https:\/\/rinconeducativo.org\/es\/wp-json\/wp\/v2\/re_efemeride\/7195\/revisions"}],"predecessor-version":[{"id":36447,"href":"https:\/\/rinconeducativo.org\/es\/wp-json\/wp\/v2\/re_efemeride\/7195\/revisions\/36447"}],"wp:featuredmedia":[{"embeddable":true,"href":"https:\/\/rinconeducativo.org\/es\/wp-json\/wp\/v2\/media\/36435"}],"wp:attachment":[{"href":"https:\/\/rinconeducativo.org\/es\/wp-json\/wp\/v2\/media?parent=7195"}],"wp:term":[{"taxonomy":"post_tag","embeddable":true,"href":"https:\/\/rinconeducativo.org\/es\/wp-json\/wp\/v2\/tags?post=7195"},{"taxonomy":"mes","embeddable":true,"href":"https:\/\/rinconeducativo.org\/es\/wp-json\/wp\/v2\/mes?post=7195"},{"taxonomy":"clasificacion_anterior","embeddable":true,"href":"https:\/\/rinconeducativo.org\/es\/wp-json\/wp\/v2\/clasificacion_anterior?post=7195"}],"curies":[{"name":"wp","href":"https:\/\/api.w.org\/{rel}","templated":true}]}}