{"id":7183,"date":"2020-09-17T12:18:47","date_gmt":"2020-09-17T12:18:47","guid":{"rendered":"https:\/\/wp.rinconeducativo.org\/?recursos=17-de-septiembre-de-1927-nace-helene-langevin-joliot-fisica-nuclear-de-una-saga"},"modified":"2024-09-16T08:39:47","modified_gmt":"2024-09-16T06:39:47","slug":"17-septiembre-1927-nace-helene-langevin-joliot-fisica-nuclear-perteneciente-saga-dedicada-ciencia","status":"publish","type":"re_efemeride","link":"https:\/\/rinconeducativo.org\/es\/efemerides\/17-septiembre-1927-nace-helene-langevin-joliot-fisica-nuclear-perteneciente-saga-dedicada-ciencia\/","title":{"rendered":"17 de septiembre de 1927 - Nace H\u00e9l\u00e8ne Langevin-Joliot, f\u00edsica nuclear perteneciente a una saga dedicada a la ciencia"},"content":{"rendered":"<div class=\"wp-block-image\">\n<figure class=\"alignleft is-resized\"><img loading=\"lazy\" decoding=\"async\" width=\"602\" height=\"338\" src=\"https:\/\/wp2.rinconeducativo.org\/wp-content\/uploads\/2020\/09\/langevin-joliot_helene_0.jpg\" alt=\"H\u00e9l\u00e8ne Langevin-Joliot\" class=\"wp-image-7182\" style=\"width:369px;height:auto\" title=\"H\u00e9l\u00e8ne Langevin-Joliot\" srcset=\"https:\/\/rinconeducativo.org\/wp-content\/uploads\/2020\/09\/langevin-joliot_helene_0.jpg 602w, https:\/\/rinconeducativo.org\/wp-content\/uploads\/2020\/09\/langevin-joliot_helene_0-500x281.jpg 500w\" sizes=\"auto, (max-width: 602px) 100vw, 602px\" \/><\/figure>\n<\/div>\n\n\n<p class=\"rtejustify\">Como su padre, <a href=\"https:\/\/rinconeducativo.org\/es\/recursos-educativos\/frederic-joliot-curie-codescubridor-radiactividad-inducida-artificialmente\/\" target=\"_blank\" rel=\"noreferrer noopener\">Fr\u00e9deric Joliot-Curie<\/a>, y su marido se gradu\u00f3 en 1949 como ingeniera en el <em>l\u2019\u00c9cole sup\u00e9rieure de physique et de chimie industrielles de la ville de Paris<\/em> (ESPCI Paris Tech). La misma escuela en la que sus abuelos, <a href=\"https:\/\/rinconeducativo.org\/es\/recursos-educativos\/marie-y-pierre-curie-descubridores-radiactividad-y-polonio-radio\/\" target=\"_blank\" rel=\"noreferrer noopener\">Pierre y Marie Curie<\/a>, descubrieron el radio y el polonio.<\/p>\n\n\n\n<p class=\"rtejustify\">H\u00e9l\u00e8ne pertenece a una familia de cient\u00edficos, sus abuelos, sus padres, su marido Michael Langevin que era f\u00edsico nuclear, su hijo es astrof\u00edsico, su hermano Pierre es biof\u00edsico y un largo etc. de familiares f\u00edsicos, educadores, etc.<\/p>\n\n\n\n<p class=\"rtejustify\">Actualmente, es profesora de f\u00edsica nuclear en el Instituto de F\u00edsica Nuclear en la Universidad de Par\u00eds, directora de investigaci\u00f3n en el Centro Nacional para la Investigaci\u00f3n Cient\u00edfica (CNRS) y miembro del comit\u00e9 asesor del gobierno franc\u00e9s. Tambi\u00e9n es conocida por su incansable trabajo para animar a que m\u00e1s mujeres sigan carreras cient\u00edficas.<\/p>\n\n\n\n<p class=\"rtejustify\">Debido a la herencia de su familia, Langevin-Joliot concede con asiduidad entrevistas y da charlas sobre su historia.<\/p>\n\n\n\n<p class=\"rtejustify\">Si quieres saber m\u00e1s sobre esta cient\u00edfica, haz clic en el siguiente enlace: <a href=\"https:\/\/rinconeducativo.org\/es\/recursos-educativos\/helene-langevin-joliot-fisica-nuclear-perteneciente-saga-dedicada-ciencia\/\" target=\"_blank\" rel=\"noreferrer noopener\">H\u00e9l\u00e8ne Langevin-Joliot<\/a><\/p>\n","protected":false},"excerpt":{"rendered":"<p>17 de septiembre de 1927 - Nace H\u00e9l\u00e8ne Langevin-Joliot, f\u00edsica nuclear perteneciente a una saga dedicada a la ciencia.<\/p>\n","protected":false},"author":1088,"featured_media":7182,"template":"","meta":{"_acf_changed":false,"footnotes":""},"tags":[5684,6315,8183],"mes":[7118],"clasificacion_anterior":[7255],"class_list":["post-7183","re_efemeride","type-re_efemeride","status-publish","has-post-thumbnail","hentry","tag-energia-nuclear","tag-fision","tag-radiacion","mes-septiembre"],"acf":{"fecha":"19270917"},"yoast_head":"<!-- This site is optimized with the Yoast SEO plugin v26.8 - https:\/\/yoast.com\/product\/yoast-seo-wordpress\/ -->\n<title>17 de septiembre de 1927 - Nace H\u00e9l\u00e8ne Langevin-Joliot, f\u00edsica nuclear perteneciente a una saga dedicada a la ciencia - Rinc\u00f3n educativo<\/title>\n<meta name=\"robots\" content=\"index, follow, max-snippet:-1, max-image-preview:large, max-video-preview:-1\" \/>\n<link rel=\"canonical\" href=\"https:\/\/rinconeducativo.org\/es\/efemerides\/17-septiembre-1927-nace-helene-langevin-joliot-fisica-nuclear-perteneciente-saga-dedicada-ciencia\/\" \/>\n<meta property=\"og:locale\" content=\"es_ES\" \/>\n<meta property=\"og:type\" content=\"article\" \/>\n<meta property=\"og:title\" content=\"17 de septiembre de 1927 - Nace H\u00e9l\u00e8ne Langevin-Joliot, f\u00edsica nuclear perteneciente a una saga dedicada a la ciencia - Rinc\u00f3n educativo\" \/>\n<meta property=\"og:description\" content=\"17 de septiembre de 1927 - Nace H\u00e9l\u00e8ne Langevin-Joliot, f\u00edsica nuclear perteneciente a una saga dedicada a la ciencia.\" \/>\n<meta property=\"og:url\" content=\"https:\/\/rinconeducativo.org\/es\/efemerides\/17-septiembre-1927-nace-helene-langevin-joliot-fisica-nuclear-perteneciente-saga-dedicada-ciencia\/\" \/>\n<meta property=\"og:site_name\" content=\"Rinc\u00f3n educativo\" \/>\n<meta property=\"article:modified_time\" content=\"2024-09-16T06:39:47+00:00\" \/>\n<meta property=\"og:image\" content=\"https:\/\/rinconeducativo.org\/wp-content\/uploads\/2020\/09\/langevin-joliot_helene_0.jpg\" \/>\n\t<meta property=\"og:image:width\" content=\"602\" \/>\n\t<meta property=\"og:image:height\" content=\"338\" \/>\n\t<meta property=\"og:image:type\" content=\"image\/jpeg\" \/>\n<meta name=\"twitter:card\" content=\"summary_large_image\" \/>\n<script type=\"application\/ld+json\" class=\"yoast-schema-graph\">{\"@context\":\"https:\/\/schema.org\",\"@graph\":[{\"@type\":\"WebPage\",\"@id\":\"https:\/\/rinconeducativo.org\/es\/efemerides\/17-septiembre-1927-nace-helene-langevin-joliot-fisica-nuclear-perteneciente-saga-dedicada-ciencia\/\",\"url\":\"https:\/\/rinconeducativo.org\/es\/efemerides\/17-septiembre-1927-nace-helene-langevin-joliot-fisica-nuclear-perteneciente-saga-dedicada-ciencia\/\",\"name\":\"17 de septiembre de 1927 - Nace H\u00e9l\u00e8ne Langevin-Joliot, f\u00edsica nuclear perteneciente a una saga dedicada a la ciencia - Rinc\u00f3n educativo\",\"isPartOf\":{\"@id\":\"https:\/\/rinconeducativo.org\/es\/#website\"},\"primaryImageOfPage\":{\"@id\":\"https:\/\/rinconeducativo.org\/es\/efemerides\/17-septiembre-1927-nace-helene-langevin-joliot-fisica-nuclear-perteneciente-saga-dedicada-ciencia\/#primaryimage\"},\"image\":{\"@id\":\"https:\/\/rinconeducativo.org\/es\/efemerides\/17-septiembre-1927-nace-helene-langevin-joliot-fisica-nuclear-perteneciente-saga-dedicada-ciencia\/#primaryimage\"},\"thumbnailUrl\":\"https:\/\/rinconeducativo.org\/wp-content\/uploads\/2020\/09\/langevin-joliot_helene_0.jpg\",\"datePublished\":\"2020-09-17T12:18:47+00:00\",\"dateModified\":\"2024-09-16T06:39:47+00:00\",\"breadcrumb\":{\"@id\":\"https:\/\/rinconeducativo.org\/es\/efemerides\/17-septiembre-1927-nace-helene-langevin-joliot-fisica-nuclear-perteneciente-saga-dedicada-ciencia\/#breadcrumb\"},\"inLanguage\":\"es\",\"potentialAction\":[{\"@type\":\"ReadAction\",\"target\":[\"https:\/\/rinconeducativo.org\/es\/efemerides\/17-septiembre-1927-nace-helene-langevin-joliot-fisica-nuclear-perteneciente-saga-dedicada-ciencia\/\"]}]},{\"@type\":\"ImageObject\",\"inLanguage\":\"es\",\"@id\":\"https:\/\/rinconeducativo.org\/es\/efemerides\/17-septiembre-1927-nace-helene-langevin-joliot-fisica-nuclear-perteneciente-saga-dedicada-ciencia\/#primaryimage\",\"url\":\"https:\/\/rinconeducativo.org\/wp-content\/uploads\/2020\/09\/langevin-joliot_helene_0.jpg\",\"contentUrl\":\"https:\/\/rinconeducativo.org\/wp-content\/uploads\/2020\/09\/langevin-joliot_helene_0.jpg\",\"width\":602,\"height\":338,\"caption\":\"H\u00e9l\u00e8ne Langevin-Joliot\"},{\"@type\":\"BreadcrumbList\",\"@id\":\"https:\/\/rinconeducativo.org\/es\/efemerides\/17-septiembre-1927-nace-helene-langevin-joliot-fisica-nuclear-perteneciente-saga-dedicada-ciencia\/#breadcrumb\",\"itemListElement\":[{\"@type\":\"ListItem\",\"position\":1,\"name\":\"Portada\",\"item\":\"https:\/\/rinconeducativo.org\/es\/\"},{\"@type\":\"ListItem\",\"position\":2,\"name\":\"Efem\u00e9rides\",\"item\":\"https:\/\/rinconeducativo.org\/es\/efemerides\/\"},{\"@type\":\"ListItem\",\"position\":3,\"name\":\"17 de septiembre de 1927 - Nace H\u00e9l\u00e8ne Langevin-Joliot, f\u00edsica nuclear perteneciente a una saga dedicada a la ciencia\"}]},{\"@type\":\"WebSite\",\"@id\":\"https:\/\/rinconeducativo.org\/es\/#website\",\"url\":\"https:\/\/rinconeducativo.org\/es\/\",\"name\":\"Rinc\u00f3n educativo\",\"description\":\"Un proyecto del Foro Nuclear\",\"potentialAction\":[{\"@type\":\"SearchAction\",\"target\":{\"@type\":\"EntryPoint\",\"urlTemplate\":\"https:\/\/rinconeducativo.org\/es\/?s={search_term_string}\"},\"query-input\":{\"@type\":\"PropertyValueSpecification\",\"valueRequired\":true,\"valueName\":\"search_term_string\"}}],\"inLanguage\":\"es\"}]}<\/script>\n<!-- \/ Yoast SEO plugin. -->","yoast_head_json":{"title":"17 de septiembre de 1927 - Nace H\u00e9l\u00e8ne Langevin-Joliot, f\u00edsica nuclear perteneciente a una saga dedicada a la ciencia - Rinc\u00f3n educativo","robots":{"index":"index","follow":"follow","max-snippet":"max-snippet:-1","max-image-preview":"max-image-preview:large","max-video-preview":"max-video-preview:-1"},"canonical":"https:\/\/rinconeducativo.org\/es\/efemerides\/17-septiembre-1927-nace-helene-langevin-joliot-fisica-nuclear-perteneciente-saga-dedicada-ciencia\/","og_locale":"es_ES","og_type":"article","og_title":"17 de septiembre de 1927 - Nace H\u00e9l\u00e8ne Langevin-Joliot, f\u00edsica nuclear perteneciente a una saga dedicada a la ciencia - Rinc\u00f3n educativo","og_description":"17 de septiembre de 1927 - Nace H\u00e9l\u00e8ne Langevin-Joliot, f\u00edsica nuclear perteneciente a una saga dedicada a la ciencia.","og_url":"https:\/\/rinconeducativo.org\/es\/efemerides\/17-septiembre-1927-nace-helene-langevin-joliot-fisica-nuclear-perteneciente-saga-dedicada-ciencia\/","og_site_name":"Rinc\u00f3n educativo","article_modified_time":"2024-09-16T06:39:47+00:00","og_image":[{"width":602,"height":338,"url":"https:\/\/rinconeducativo.org\/wp-content\/uploads\/2020\/09\/langevin-joliot_helene_0.jpg","type":"image\/jpeg"}],"twitter_card":"summary_large_image","schema":{"@context":"https:\/\/schema.org","@graph":[{"@type":"WebPage","@id":"https:\/\/rinconeducativo.org\/es\/efemerides\/17-septiembre-1927-nace-helene-langevin-joliot-fisica-nuclear-perteneciente-saga-dedicada-ciencia\/","url":"https:\/\/rinconeducativo.org\/es\/efemerides\/17-septiembre-1927-nace-helene-langevin-joliot-fisica-nuclear-perteneciente-saga-dedicada-ciencia\/","name":"17 de septiembre de 1927 - Nace H\u00e9l\u00e8ne Langevin-Joliot, f\u00edsica nuclear perteneciente a una saga dedicada a la ciencia - Rinc\u00f3n educativo","isPartOf":{"@id":"https:\/\/rinconeducativo.org\/es\/#website"},"primaryImageOfPage":{"@id":"https:\/\/rinconeducativo.org\/es\/efemerides\/17-septiembre-1927-nace-helene-langevin-joliot-fisica-nuclear-perteneciente-saga-dedicada-ciencia\/#primaryimage"},"image":{"@id":"https:\/\/rinconeducativo.org\/es\/efemerides\/17-septiembre-1927-nace-helene-langevin-joliot-fisica-nuclear-perteneciente-saga-dedicada-ciencia\/#primaryimage"},"thumbnailUrl":"https:\/\/rinconeducativo.org\/wp-content\/uploads\/2020\/09\/langevin-joliot_helene_0.jpg","datePublished":"2020-09-17T12:18:47+00:00","dateModified":"2024-09-16T06:39:47+00:00","breadcrumb":{"@id":"https:\/\/rinconeducativo.org\/es\/efemerides\/17-septiembre-1927-nace-helene-langevin-joliot-fisica-nuclear-perteneciente-saga-dedicada-ciencia\/#breadcrumb"},"inLanguage":"es","potentialAction":[{"@type":"ReadAction","target":["https:\/\/rinconeducativo.org\/es\/efemerides\/17-septiembre-1927-nace-helene-langevin-joliot-fisica-nuclear-perteneciente-saga-dedicada-ciencia\/"]}]},{"@type":"ImageObject","inLanguage":"es","@id":"https:\/\/rinconeducativo.org\/es\/efemerides\/17-septiembre-1927-nace-helene-langevin-joliot-fisica-nuclear-perteneciente-saga-dedicada-ciencia\/#primaryimage","url":"https:\/\/rinconeducativo.org\/wp-content\/uploads\/2020\/09\/langevin-joliot_helene_0.jpg","contentUrl":"https:\/\/rinconeducativo.org\/wp-content\/uploads\/2020\/09\/langevin-joliot_helene_0.jpg","width":602,"height":338,"caption":"H\u00e9l\u00e8ne Langevin-Joliot"},{"@type":"BreadcrumbList","@id":"https:\/\/rinconeducativo.org\/es\/efemerides\/17-septiembre-1927-nace-helene-langevin-joliot-fisica-nuclear-perteneciente-saga-dedicada-ciencia\/#breadcrumb","itemListElement":[{"@type":"ListItem","position":1,"name":"Portada","item":"https:\/\/rinconeducativo.org\/es\/"},{"@type":"ListItem","position":2,"name":"Efem\u00e9rides","item":"https:\/\/rinconeducativo.org\/es\/efemerides\/"},{"@type":"ListItem","position":3,"name":"17 de septiembre de 1927 - Nace H\u00e9l\u00e8ne Langevin-Joliot, f\u00edsica nuclear perteneciente a una saga dedicada a la ciencia"}]},{"@type":"WebSite","@id":"https:\/\/rinconeducativo.org\/es\/#website","url":"https:\/\/rinconeducativo.org\/es\/","name":"Rinc\u00f3n educativo","description":"Un proyecto del Foro Nuclear","potentialAction":[{"@type":"SearchAction","target":{"@type":"EntryPoint","urlTemplate":"https:\/\/rinconeducativo.org\/es\/?s={search_term_string}"},"query-input":{"@type":"PropertyValueSpecification","valueRequired":true,"valueName":"search_term_string"}}],"inLanguage":"es"}]}},"_links":{"self":[{"href":"https:\/\/rinconeducativo.org\/es\/wp-json\/wp\/v2\/re_efemeride\/7183","targetHints":{"allow":["GET"]}}],"collection":[{"href":"https:\/\/rinconeducativo.org\/es\/wp-json\/wp\/v2\/re_efemeride"}],"about":[{"href":"https:\/\/rinconeducativo.org\/es\/wp-json\/wp\/v2\/types\/re_efemeride"}],"author":[{"embeddable":true,"href":"https:\/\/rinconeducativo.org\/es\/wp-json\/wp\/v2\/users\/1088"}],"version-history":[{"count":2,"href":"https:\/\/rinconeducativo.org\/es\/wp-json\/wp\/v2\/re_efemeride\/7183\/revisions"}],"predecessor-version":[{"id":36206,"href":"https:\/\/rinconeducativo.org\/es\/wp-json\/wp\/v2\/re_efemeride\/7183\/revisions\/36206"}],"wp:featuredmedia":[{"embeddable":true,"href":"https:\/\/rinconeducativo.org\/es\/wp-json\/wp\/v2\/media\/7182"}],"wp:attachment":[{"href":"https:\/\/rinconeducativo.org\/es\/wp-json\/wp\/v2\/media?parent=7183"}],"wp:term":[{"taxonomy":"post_tag","embeddable":true,"href":"https:\/\/rinconeducativo.org\/es\/wp-json\/wp\/v2\/tags?post=7183"},{"taxonomy":"mes","embeddable":true,"href":"https:\/\/rinconeducativo.org\/es\/wp-json\/wp\/v2\/mes?post=7183"},{"taxonomy":"clasificacion_anterior","embeddable":true,"href":"https:\/\/rinconeducativo.org\/es\/wp-json\/wp\/v2\/clasificacion_anterior?post=7183"}],"curies":[{"name":"wp","href":"https:\/\/api.w.org\/{rel}","templated":true}]}}