{"id":7123,"date":"2020-09-09T07:38:44","date_gmt":"2020-09-09T07:38:44","guid":{"rendered":"https:\/\/wp.rinconeducativo.org\/?recursos=9-de-septiembre-de-1928-nace-vera-kistiakowsky-estudio-quimica-nuclear-fisica"},"modified":"2024-12-19T11:40:15","modified_gmt":"2024-12-19T10:40:15","slug":"9-septiembre-1928-nace-vera-kistiakowsky-experta-quimica-fisica-nuclear-fisica-particulas-astrofisica","status":"publish","type":"re_efemeride","link":"https:\/\/rinconeducativo.org\/es\/efemerides\/9-septiembre-1928-nace-vera-kistiakowsky-experta-quimica-fisica-nuclear-fisica-particulas-astrofisica\/","title":{"rendered":"9 de septiembre de 1928 \u2013 Nace Vera Kistiakowsky, experta en qu\u00edmica y f\u00edsica nuclear, f\u00edsica de part\u00edculas y astrof\u00edsica"},"content":{"rendered":"<div class=\"wp-block-image\">\n<figure class=\"alignleft is-resized\"><img loading=\"lazy\" decoding=\"async\" width=\"675\" height=\"429\" src=\"https:\/\/wp2.rinconeducativo.org\/wp-content\/uploads\/2020\/09\/kistiakowsky_vera_mit_0.jpg\" alt=\"Vera Kistiakowsky en el MIT\" class=\"wp-image-7122\" style=\"width:356px;height:auto\" title=\"Vera Kistiakowsky en el MIT\" srcset=\"https:\/\/rinconeducativo.org\/wp-content\/uploads\/2020\/09\/kistiakowsky_vera_mit_0.jpg 675w, https:\/\/rinconeducativo.org\/wp-content\/uploads\/2020\/09\/kistiakowsky_vera_mit_0-500x318.jpg 500w\" sizes=\"auto, (max-width: 675px) 100vw, 675px\" \/><\/figure>\n<\/div>\n\n\n<p class=\"rtejustify\">Experta en f\u00edsica de part\u00edculas experimental y astrof\u00edsica obseravcional tiene un doctorado en Qu\u00edmica por la Universidad de California, realiz\u00f3 una beca postdoctoral trabajando en f\u00edsica nuclear experimental con <a href=\"http:\/\/rinconeducativo.org\/es\/recursos-educativos\/luis-walter-alvarez-dirigio-la-construccion-del-primer-acelerador-de-particulas\">Luis Walter \u00c1lvarez<\/a> y trabaj\u00f3 como investigadora asociada en el departamento de f\u00edsica ayudando a Chien-Shiung Wu (f\u00edsica estadounidense experta en radiactividad).<\/p>\n\n\n\n<p class=\"rtejustify\">Entre 1963 y 1971, trabaj\u00f3 como profesora e investigadora en el departamento de f\u00edsica y en el Laboratorio de Ciencias Nucleares del Instituto de Tecnolog\u00eda de Massachusetts (MIT), convirti\u00e9ndose as\u00ed la primera mujer en hacerlo.<\/p>\n\n\n\n<p class=\"rtejustify\">Por aquel entonces, tambi\u00e9n comenz\u00f3 por abogar por el avance de la mujer en la ciencia y convertirse en una gran activista de esta causa.<\/p>\n\n\n\n<p class=\"rtejustify\">En 1969, confund\u00f3 Boston Women in Science and Engineering (WISE), precursor de la Association for Women in Science (AWIS) y desempe\u00f1\u00f3 el puesto de presidenta o miembro de numerosos comit\u00e9s y grupos del MIT relacionados con las mujeres del MIT.<\/p>\n\n\n\n<p class=\"rtejustify\">En 1971, fund\u00f3 el Comit\u00e9 de la Sociedad Estadounidense de F\u00edsica (APS) sobre la condici\u00f3n de la mujer en la f\u00edsica obteniendo una subvenci\u00f3n de 10.000 d\u00f3lares de la Fundaci\u00f3n Sloan para elaborar un informe sobre las condiciones del empleo de la mujer. Tambi\u00e9n cre\u00f3 una lista de mujeres f\u00edsicas, \u201cpara contrarrestar las afirmaciones de que no hab\u00eda personas calificadas para contratar\u201d. En 1972, este detallado informe convenci\u00f3 a la APS de establecer permanentemente el Comit\u00e9 sobre la Condici\u00f3n del a Mujer en F\u00edsica que a\u00fan est\u00e1 activo actualmente.<\/p>\n\n\n\n<p class=\"rtejustify\">Si quieres saber m\u00e1s sobre esta cient\u00edfica, haz clic en el siguiente enlace: <a href=\"https:\/\/rinconeducativo.org\/es\/recursos-educativos\/vera-kistiakowsky-experta-quimica-fisica-nuclear-fisica-particulas-astrofisica\/\" target=\"_blank\" rel=\"noreferrer noopener\">Vera Kistiakowsky<\/a><\/p>\n","protected":false},"excerpt":{"rendered":"<p>9 de septiembre de 1928 \u2013 Nace Vera Kistiakowsky, experta en qu\u00edmica y f\u00edsica nuclear, f\u00edsica de part\u00edculas y astrof\u00edsica.<\/p>\n","protected":false},"author":1088,"featured_media":7122,"template":"","meta":{"_acf_changed":false,"footnotes":""},"tags":[6255,5684,8183],"mes":[7118],"clasificacion_anterior":[7255],"class_list":["post-7123","re_efemeride","type-re_efemeride","status-publish","has-post-thumbnail","hentry","tag-atomos","tag-energia-nuclear","tag-radiacion","mes-septiembre"],"acf":{"fecha":"19280909"},"yoast_head":"<!-- This site is optimized with the Yoast SEO plugin v26.8 - https:\/\/yoast.com\/product\/yoast-seo-wordpress\/ -->\n<title>9 de septiembre de 1928 \u2013 Nace Vera Kistiakowsky, experta en qu\u00edmica y f\u00edsica nuclear, f\u00edsica de part\u00edculas y astrof\u00edsica - Rinc\u00f3n educativo<\/title>\n<meta name=\"robots\" content=\"index, follow, max-snippet:-1, max-image-preview:large, max-video-preview:-1\" \/>\n<link rel=\"canonical\" href=\"https:\/\/rinconeducativo.org\/es\/efemerides\/9-septiembre-1928-nace-vera-kistiakowsky-experta-quimica-fisica-nuclear-fisica-particulas-astrofisica\/\" \/>\n<meta property=\"og:locale\" content=\"es_ES\" \/>\n<meta property=\"og:type\" content=\"article\" \/>\n<meta property=\"og:title\" content=\"9 de septiembre de 1928 \u2013 Nace Vera Kistiakowsky, experta en qu\u00edmica y f\u00edsica nuclear, f\u00edsica de part\u00edculas y astrof\u00edsica - Rinc\u00f3n educativo\" \/>\n<meta property=\"og:description\" content=\"9 de septiembre de 1928 \u2013 Nace Vera Kistiakowsky, experta en qu\u00edmica y f\u00edsica nuclear, f\u00edsica de part\u00edculas y astrof\u00edsica.\" \/>\n<meta property=\"og:url\" content=\"https:\/\/rinconeducativo.org\/es\/efemerides\/9-septiembre-1928-nace-vera-kistiakowsky-experta-quimica-fisica-nuclear-fisica-particulas-astrofisica\/\" \/>\n<meta property=\"og:site_name\" content=\"Rinc\u00f3n educativo\" \/>\n<meta property=\"article:modified_time\" content=\"2024-12-19T10:40:15+00:00\" \/>\n<meta property=\"og:image\" content=\"https:\/\/rinconeducativo.org\/wp-content\/uploads\/2020\/09\/kistiakowsky_vera_mit_0.jpg\" \/>\n\t<meta property=\"og:image:width\" content=\"675\" \/>\n\t<meta property=\"og:image:height\" content=\"429\" \/>\n\t<meta property=\"og:image:type\" content=\"image\/jpeg\" \/>\n<meta name=\"twitter:card\" content=\"summary_large_image\" \/>\n<script type=\"application\/ld+json\" class=\"yoast-schema-graph\">{\"@context\":\"https:\/\/schema.org\",\"@graph\":[{\"@type\":\"WebPage\",\"@id\":\"https:\/\/rinconeducativo.org\/es\/efemerides\/9-septiembre-1928-nace-vera-kistiakowsky-experta-quimica-fisica-nuclear-fisica-particulas-astrofisica\/\",\"url\":\"https:\/\/rinconeducativo.org\/es\/efemerides\/9-septiembre-1928-nace-vera-kistiakowsky-experta-quimica-fisica-nuclear-fisica-particulas-astrofisica\/\",\"name\":\"9 de septiembre de 1928 \u2013 Nace Vera Kistiakowsky, experta en qu\u00edmica y f\u00edsica nuclear, f\u00edsica de part\u00edculas y astrof\u00edsica - Rinc\u00f3n educativo\",\"isPartOf\":{\"@id\":\"https:\/\/rinconeducativo.org\/es\/#website\"},\"primaryImageOfPage\":{\"@id\":\"https:\/\/rinconeducativo.org\/es\/efemerides\/9-septiembre-1928-nace-vera-kistiakowsky-experta-quimica-fisica-nuclear-fisica-particulas-astrofisica\/#primaryimage\"},\"image\":{\"@id\":\"https:\/\/rinconeducativo.org\/es\/efemerides\/9-septiembre-1928-nace-vera-kistiakowsky-experta-quimica-fisica-nuclear-fisica-particulas-astrofisica\/#primaryimage\"},\"thumbnailUrl\":\"https:\/\/rinconeducativo.org\/wp-content\/uploads\/2020\/09\/kistiakowsky_vera_mit_0.jpg\",\"datePublished\":\"2020-09-09T07:38:44+00:00\",\"dateModified\":\"2024-12-19T10:40:15+00:00\",\"breadcrumb\":{\"@id\":\"https:\/\/rinconeducativo.org\/es\/efemerides\/9-septiembre-1928-nace-vera-kistiakowsky-experta-quimica-fisica-nuclear-fisica-particulas-astrofisica\/#breadcrumb\"},\"inLanguage\":\"es\",\"potentialAction\":[{\"@type\":\"ReadAction\",\"target\":[\"https:\/\/rinconeducativo.org\/es\/efemerides\/9-septiembre-1928-nace-vera-kistiakowsky-experta-quimica-fisica-nuclear-fisica-particulas-astrofisica\/\"]}]},{\"@type\":\"ImageObject\",\"inLanguage\":\"es\",\"@id\":\"https:\/\/rinconeducativo.org\/es\/efemerides\/9-septiembre-1928-nace-vera-kistiakowsky-experta-quimica-fisica-nuclear-fisica-particulas-astrofisica\/#primaryimage\",\"url\":\"https:\/\/rinconeducativo.org\/wp-content\/uploads\/2020\/09\/kistiakowsky_vera_mit_0.jpg\",\"contentUrl\":\"https:\/\/rinconeducativo.org\/wp-content\/uploads\/2020\/09\/kistiakowsky_vera_mit_0.jpg\",\"width\":675,\"height\":429,\"caption\":\"Vera Kistiakowsky en el MIT\"},{\"@type\":\"BreadcrumbList\",\"@id\":\"https:\/\/rinconeducativo.org\/es\/efemerides\/9-septiembre-1928-nace-vera-kistiakowsky-experta-quimica-fisica-nuclear-fisica-particulas-astrofisica\/#breadcrumb\",\"itemListElement\":[{\"@type\":\"ListItem\",\"position\":1,\"name\":\"Portada\",\"item\":\"https:\/\/rinconeducativo.org\/es\/\"},{\"@type\":\"ListItem\",\"position\":2,\"name\":\"Efem\u00e9rides\",\"item\":\"https:\/\/rinconeducativo.org\/es\/efemerides\/\"},{\"@type\":\"ListItem\",\"position\":3,\"name\":\"9 de septiembre de 1928 \u2013 Nace Vera Kistiakowsky, experta en qu\u00edmica y f\u00edsica nuclear, f\u00edsica de part\u00edculas y astrof\u00edsica\"}]},{\"@type\":\"WebSite\",\"@id\":\"https:\/\/rinconeducativo.org\/es\/#website\",\"url\":\"https:\/\/rinconeducativo.org\/es\/\",\"name\":\"Rinc\u00f3n educativo\",\"description\":\"Un proyecto del Foro Nuclear\",\"potentialAction\":[{\"@type\":\"SearchAction\",\"target\":{\"@type\":\"EntryPoint\",\"urlTemplate\":\"https:\/\/rinconeducativo.org\/es\/?s={search_term_string}\"},\"query-input\":{\"@type\":\"PropertyValueSpecification\",\"valueRequired\":true,\"valueName\":\"search_term_string\"}}],\"inLanguage\":\"es\"}]}<\/script>\n<!-- \/ Yoast SEO plugin. -->","yoast_head_json":{"title":"9 de septiembre de 1928 \u2013 Nace Vera Kistiakowsky, experta en qu\u00edmica y f\u00edsica nuclear, f\u00edsica de part\u00edculas y astrof\u00edsica - Rinc\u00f3n educativo","robots":{"index":"index","follow":"follow","max-snippet":"max-snippet:-1","max-image-preview":"max-image-preview:large","max-video-preview":"max-video-preview:-1"},"canonical":"https:\/\/rinconeducativo.org\/es\/efemerides\/9-septiembre-1928-nace-vera-kistiakowsky-experta-quimica-fisica-nuclear-fisica-particulas-astrofisica\/","og_locale":"es_ES","og_type":"article","og_title":"9 de septiembre de 1928 \u2013 Nace Vera Kistiakowsky, experta en qu\u00edmica y f\u00edsica nuclear, f\u00edsica de part\u00edculas y astrof\u00edsica - Rinc\u00f3n educativo","og_description":"9 de septiembre de 1928 \u2013 Nace Vera Kistiakowsky, experta en qu\u00edmica y f\u00edsica nuclear, f\u00edsica de part\u00edculas y astrof\u00edsica.","og_url":"https:\/\/rinconeducativo.org\/es\/efemerides\/9-septiembre-1928-nace-vera-kistiakowsky-experta-quimica-fisica-nuclear-fisica-particulas-astrofisica\/","og_site_name":"Rinc\u00f3n educativo","article_modified_time":"2024-12-19T10:40:15+00:00","og_image":[{"width":675,"height":429,"url":"https:\/\/rinconeducativo.org\/wp-content\/uploads\/2020\/09\/kistiakowsky_vera_mit_0.jpg","type":"image\/jpeg"}],"twitter_card":"summary_large_image","schema":{"@context":"https:\/\/schema.org","@graph":[{"@type":"WebPage","@id":"https:\/\/rinconeducativo.org\/es\/efemerides\/9-septiembre-1928-nace-vera-kistiakowsky-experta-quimica-fisica-nuclear-fisica-particulas-astrofisica\/","url":"https:\/\/rinconeducativo.org\/es\/efemerides\/9-septiembre-1928-nace-vera-kistiakowsky-experta-quimica-fisica-nuclear-fisica-particulas-astrofisica\/","name":"9 de septiembre de 1928 \u2013 Nace Vera Kistiakowsky, experta en qu\u00edmica y f\u00edsica nuclear, f\u00edsica de part\u00edculas y astrof\u00edsica - Rinc\u00f3n educativo","isPartOf":{"@id":"https:\/\/rinconeducativo.org\/es\/#website"},"primaryImageOfPage":{"@id":"https:\/\/rinconeducativo.org\/es\/efemerides\/9-septiembre-1928-nace-vera-kistiakowsky-experta-quimica-fisica-nuclear-fisica-particulas-astrofisica\/#primaryimage"},"image":{"@id":"https:\/\/rinconeducativo.org\/es\/efemerides\/9-septiembre-1928-nace-vera-kistiakowsky-experta-quimica-fisica-nuclear-fisica-particulas-astrofisica\/#primaryimage"},"thumbnailUrl":"https:\/\/rinconeducativo.org\/wp-content\/uploads\/2020\/09\/kistiakowsky_vera_mit_0.jpg","datePublished":"2020-09-09T07:38:44+00:00","dateModified":"2024-12-19T10:40:15+00:00","breadcrumb":{"@id":"https:\/\/rinconeducativo.org\/es\/efemerides\/9-septiembre-1928-nace-vera-kistiakowsky-experta-quimica-fisica-nuclear-fisica-particulas-astrofisica\/#breadcrumb"},"inLanguage":"es","potentialAction":[{"@type":"ReadAction","target":["https:\/\/rinconeducativo.org\/es\/efemerides\/9-septiembre-1928-nace-vera-kistiakowsky-experta-quimica-fisica-nuclear-fisica-particulas-astrofisica\/"]}]},{"@type":"ImageObject","inLanguage":"es","@id":"https:\/\/rinconeducativo.org\/es\/efemerides\/9-septiembre-1928-nace-vera-kistiakowsky-experta-quimica-fisica-nuclear-fisica-particulas-astrofisica\/#primaryimage","url":"https:\/\/rinconeducativo.org\/wp-content\/uploads\/2020\/09\/kistiakowsky_vera_mit_0.jpg","contentUrl":"https:\/\/rinconeducativo.org\/wp-content\/uploads\/2020\/09\/kistiakowsky_vera_mit_0.jpg","width":675,"height":429,"caption":"Vera Kistiakowsky en el MIT"},{"@type":"BreadcrumbList","@id":"https:\/\/rinconeducativo.org\/es\/efemerides\/9-septiembre-1928-nace-vera-kistiakowsky-experta-quimica-fisica-nuclear-fisica-particulas-astrofisica\/#breadcrumb","itemListElement":[{"@type":"ListItem","position":1,"name":"Portada","item":"https:\/\/rinconeducativo.org\/es\/"},{"@type":"ListItem","position":2,"name":"Efem\u00e9rides","item":"https:\/\/rinconeducativo.org\/es\/efemerides\/"},{"@type":"ListItem","position":3,"name":"9 de septiembre de 1928 \u2013 Nace Vera Kistiakowsky, experta en qu\u00edmica y f\u00edsica nuclear, f\u00edsica de part\u00edculas y astrof\u00edsica"}]},{"@type":"WebSite","@id":"https:\/\/rinconeducativo.org\/es\/#website","url":"https:\/\/rinconeducativo.org\/es\/","name":"Rinc\u00f3n educativo","description":"Un proyecto del Foro Nuclear","potentialAction":[{"@type":"SearchAction","target":{"@type":"EntryPoint","urlTemplate":"https:\/\/rinconeducativo.org\/es\/?s={search_term_string}"},"query-input":{"@type":"PropertyValueSpecification","valueRequired":true,"valueName":"search_term_string"}}],"inLanguage":"es"}]}},"_links":{"self":[{"href":"https:\/\/rinconeducativo.org\/es\/wp-json\/wp\/v2\/re_efemeride\/7123","targetHints":{"allow":["GET"]}}],"collection":[{"href":"https:\/\/rinconeducativo.org\/es\/wp-json\/wp\/v2\/re_efemeride"}],"about":[{"href":"https:\/\/rinconeducativo.org\/es\/wp-json\/wp\/v2\/types\/re_efemeride"}],"author":[{"embeddable":true,"href":"https:\/\/rinconeducativo.org\/es\/wp-json\/wp\/v2\/users\/1088"}],"version-history":[{"count":4,"href":"https:\/\/rinconeducativo.org\/es\/wp-json\/wp\/v2\/re_efemeride\/7123\/revisions"}],"predecessor-version":[{"id":35895,"href":"https:\/\/rinconeducativo.org\/es\/wp-json\/wp\/v2\/re_efemeride\/7123\/revisions\/35895"}],"wp:featuredmedia":[{"embeddable":true,"href":"https:\/\/rinconeducativo.org\/es\/wp-json\/wp\/v2\/media\/7122"}],"wp:attachment":[{"href":"https:\/\/rinconeducativo.org\/es\/wp-json\/wp\/v2\/media?parent=7123"}],"wp:term":[{"taxonomy":"post_tag","embeddable":true,"href":"https:\/\/rinconeducativo.org\/es\/wp-json\/wp\/v2\/tags?post=7123"},{"taxonomy":"mes","embeddable":true,"href":"https:\/\/rinconeducativo.org\/es\/wp-json\/wp\/v2\/mes?post=7123"},{"taxonomy":"clasificacion_anterior","embeddable":true,"href":"https:\/\/rinconeducativo.org\/es\/wp-json\/wp\/v2\/clasificacion_anterior?post=7123"}],"curies":[{"name":"wp","href":"https:\/\/api.w.org\/{rel}","templated":true}]}}