{"id":38492,"date":"2020-01-05T13:42:00","date_gmt":"2020-01-05T12:42:00","guid":{"rendered":"https:\/\/rinconeducativo.org\/?post_type=re_efemeride&#038;p=38492"},"modified":"2024-12-18T10:16:58","modified_gmt":"2024-12-18T09:16:58","slug":"5-enero-1970-fallecia-max-born-hombre-einstein-recurria-cuanto-tenia-dudas-sobre-mecanica-cuantica","status":"publish","type":"re_efemeride","link":"https:\/\/rinconeducativo.org\/es\/efemerides\/5-enero-1970-fallecia-max-born-hombre-einstein-recurria-cuanto-tenia-dudas-sobre-mecanica-cuantica\/","title":{"rendered":"5 de enero de 1970 - Fallec\u00eda Max Born, el hombre al que Einstein recurr\u00eda cuanto ten\u00eda dudas sobre mec\u00e1nica cu\u00e1ntica"},"content":{"rendered":"<div class=\"wp-block-image\">\n<figure class=\"alignleft size-full is-resized\"><img loading=\"lazy\" decoding=\"async\" width=\"200\" height=\"293\" src=\"https:\/\/rinconeducativo.org\/wp-content\/uploads\/2024\/12\/Born_Max_Foto.jpg\" alt=\"\" class=\"wp-image-38494\" style=\"width:279px;height:auto\"\/><\/figure>\n<\/div>\n\n\n<p>Inici\u00f3 sus estudios en la Universidad de Breslavia en 1901 y como el sistema universitario permit\u00eda a los estudiantes el intercambio entre universidades, pas\u00f3 algunos semestres en la Universidad de Heidelberg (1902), en la Universidad de Z\u00farich (1903) y la Universidad de G\u00f6tingen (1904) y se doctor\u00f3 en Matem\u00e1ticas y F\u00edsica.<\/p>\n\n\n\n<p>Tuvo la oportunidad de estudiar,  trabajar y colaborar con grandes cient\u00edficos de la \u00e9poca como <a href=\"https:\/\/rinconeducativo.org\/es\/recursos-educativos\/joseph-j-thomson-premio-nobel-descubridor-electron\/\" target=\"_blank\" rel=\"noreferrer noopener\">Joseph J. Thomson<\/a>&nbsp;(descubridor del electr\u00f3n) o <a href=\"https:\/\/rinconeducativo.org\/es\/recursos-educativos\/albert-einstein-cientifico-mas-reconocido-mundo\/\" target=\"_blank\" rel=\"noreferrer noopener\">Albert Einstein<\/a>.<\/p>\n\n\n\n<p>Posiblemente su contribuci\u00f3n m\u00e1s reconocida da la f\u00edsica cu\u00e1ntica sea su interpresaci\u00f3n probabil\u00edstica de la funci\u00f3n de Onda de Schr\u00f6dinger. Seg\u00fan la misma, el m\u00f3dulo elevado al cuadrado de la amplitud de dicha funci\u00f3n es igual a la densidad de probabilidad del estado. Por ejemplo, en el caso de una funci\u00f3n de onda que describa la posici\u00f3n de un electr\u00f3n, el cuadrado de la amplitud ser\u00e1 igual a la probabilidad de encontrar a dicho electr\u00f3n en una posici\u00f3n determinada.<\/p>\n\n\n\n<p>A finales de 1913, Born ya hab\u00eda publicado 27 art\u00edculos y, en 1914, recibi\u00f3 una carta de&nbsp;<a href=\"https:\/\/rinconeducativo.org\/es\/recursos-educativos\/max-planck-premio-nobel-servicios-avance-fisica-descubrimientos-cuantos-energia\/\" target=\"_blank\" rel=\"noreferrer noopener\">Max Planck<\/a>&nbsp;para ofrecerle una c\u00e1tedra de profesor extraordinario de F\u00edsica te\u00f3rica en la Universidad de Berl\u00edn que&nbsp;<a href=\"https:\/\/rinconeducativo.org\/es\/recursos-educativos\/max-von-laue-premio-nobel-descubrimientos-difraccion-rayos-x\/\" target=\"_blank\" rel=\"noreferrer noopener\">Max Von Laue<\/a>&nbsp;hab\u00eda rechazado.<\/p>\n\n\n\n<p>En 1915 llega a Berl\u00edn en plena Primera Guerra Mundial y se une a la organizaci\u00f3n de investigaci\u00f3n y desarrollo de artiller\u00eda del Ej\u00e9rcito. Es esn esta \u00e9poca en la que establece una rara y cercana amistad con Albert Einstein que dur\u00f3 rante 40 a\u00f1os, aunque sus puntos de vista sobre la ciencia eran totalmetne irreconcidiables. Einstein recurr\u00eda a \u00e9l siempre que ten\u00eda dudas sobre la mec\u00e1nica cu\u00e1tnica y fue a quien dirigi\u00f3 su famosa frase: \u00abT\u00fa crees en un Dios que juega a los dados y yo creo en la ordenaci\u00f3n total\u00bb.<\/p>\n\n\n\n<p>En 1918, Planck consigui\u00f3 liberar a Born del ej\u00e9rcito y ese mismo a\u00f1o, realiza una colaboraci\u00f3n con Fritz Haber que les lleva a una discusi\u00f3n sobre la forma en que se forma un compuesto i\u00f3nico cuando un metal reacciona con un hal\u00f3geno, lo que hoy se conoce como el ciclo de Born-Haber.<\/p>\n\n\n\n<p>Incluso antes de que Born tomara posesi\u00f3n de la c\u00e1tedra en Berl\u00edn, von Laue hab\u00eda cambiado de opini\u00f3n y decidi\u00f3 que, despu\u00e9s de todo, la quer\u00eda.\u200b Concert\u00f3 con Born y las facultades correspondientes el intercambio de puestos de trabajo. En abril de 1919, Born se convirti\u00f3 en profesor ordinario y director del Instituto de F\u00edsica Te\u00f3rica de la Facultad de Ciencias de la Universidad Johann Wolfgang Goethe de Frankfurt.\u200b Mientras estaba all\u00ed, la Universidad de G\u00f6ttingen le dijo que estaba buscando un reemplazo para Peter Debye como director del Instituto de F\u00edsica. En esta ocasi\u00f3n Einstein le aconsej\u00f3: \"La f\u00edsica te\u00f3rica florecer\u00e1 dondequiera que est\u00e9s; no hay otro Born que se pueda encontrar en Alemania hoy en d\u00eda\". \u200b Al negociar para el puesto con el ministerio de educaci\u00f3n, Born consigui\u00f3 otra c\u00e1tedra, de f\u00edsica experimental, en G\u00f6ttingen para su viejo amigo y colega James Franck.<\/p>\n\n\n\n<p>En 1954, comparti\u00f3 el Premio Nobel de F\u00edsica con Walter Bothe por sus trabajos en mec\u00e1nica cu\u00e1ntica.<\/p>\n\n\n\n<p>Si quieres saber m\u00e1s sobre este cient\u00edfico, haz clic en: <a href=\"https:\/\/rinconeducativo.org\/es\/recursos-educativos\/max-born-hombre-einstein-recurria-cuanto-tenia-dudas-sobre-mecanica-cuantica\/\" target=\"_blank\" rel=\"noreferrer noopener\">Max Born<\/a><\/p>\n","protected":false},"excerpt":{"rendered":"<p>5 de enero de 1970 - Fallec\u00eda Max Born, el hombre al que Einstein recurr\u00eda cuanto ten\u00eda dudas sobre mec\u00e1nica cu\u00e1ntica.<\/p>\n","protected":false},"author":1088,"featured_media":38575,"template":"","meta":{"_acf_changed":false,"footnotes":""},"tags":[6255,5675],"mes":[7126],"clasificacion_anterior":[],"class_list":["post-38492","re_efemeride","type-re_efemeride","status-publish","has-post-thumbnail","hentry","tag-atomos","tag-energia","mes-enero"],"acf":{"fecha":"20240105"},"yoast_head":"<!-- This site is optimized with the Yoast SEO plugin v26.8 - https:\/\/yoast.com\/product\/yoast-seo-wordpress\/ -->\n<title>5 de enero de 1970 - Fallec\u00eda Max Born, el hombre al que Einstein recurr\u00eda cuanto ten\u00eda dudas sobre mec\u00e1nica cu\u00e1ntica - Rinc\u00f3n educativo<\/title>\n<meta name=\"robots\" content=\"index, follow, max-snippet:-1, max-image-preview:large, max-video-preview:-1\" \/>\n<link rel=\"canonical\" href=\"https:\/\/rinconeducativo.org\/es\/efemerides\/5-enero-1970-fallecia-max-born-hombre-einstein-recurria-cuanto-tenia-dudas-sobre-mecanica-cuantica\/\" \/>\n<meta property=\"og:locale\" content=\"es_ES\" \/>\n<meta property=\"og:type\" content=\"article\" \/>\n<meta property=\"og:title\" content=\"5 de enero de 1970 - Fallec\u00eda Max Born, el hombre al que Einstein recurr\u00eda cuanto ten\u00eda dudas sobre mec\u00e1nica cu\u00e1ntica - Rinc\u00f3n educativo\" \/>\n<meta property=\"og:description\" content=\"5 de enero de 1970 - Fallec\u00eda Max Born, el hombre al que Einstein recurr\u00eda cuanto ten\u00eda dudas sobre mec\u00e1nica cu\u00e1ntica.\" \/>\n<meta property=\"og:url\" content=\"https:\/\/rinconeducativo.org\/es\/efemerides\/5-enero-1970-fallecia-max-born-hombre-einstein-recurria-cuanto-tenia-dudas-sobre-mecanica-cuantica\/\" \/>\n<meta property=\"og:site_name\" content=\"Rinc\u00f3n educativo\" \/>\n<meta property=\"article:modified_time\" content=\"2024-12-18T09:16:58+00:00\" \/>\n<meta property=\"og:image\" content=\"https:\/\/rinconeducativo.org\/wp-content\/uploads\/2020\/01\/Born_Max_Adulto-1.png\" \/>\n\t<meta property=\"og:image:width\" content=\"350\" \/>\n\t<meta property=\"og:image:height\" content=\"463\" \/>\n\t<meta property=\"og:image:type\" content=\"image\/png\" \/>\n<meta name=\"twitter:card\" content=\"summary_large_image\" \/>\n<script type=\"application\/ld+json\" class=\"yoast-schema-graph\">{\"@context\":\"https:\/\/schema.org\",\"@graph\":[{\"@type\":\"WebPage\",\"@id\":\"https:\/\/rinconeducativo.org\/es\/efemerides\/5-enero-1970-fallecia-max-born-hombre-einstein-recurria-cuanto-tenia-dudas-sobre-mecanica-cuantica\/\",\"url\":\"https:\/\/rinconeducativo.org\/es\/efemerides\/5-enero-1970-fallecia-max-born-hombre-einstein-recurria-cuanto-tenia-dudas-sobre-mecanica-cuantica\/\",\"name\":\"5 de enero de 1970 - Fallec\u00eda Max Born, el hombre al que Einstein recurr\u00eda cuanto ten\u00eda dudas sobre mec\u00e1nica cu\u00e1ntica - Rinc\u00f3n educativo\",\"isPartOf\":{\"@id\":\"https:\/\/rinconeducativo.org\/es\/#website\"},\"primaryImageOfPage\":{\"@id\":\"https:\/\/rinconeducativo.org\/es\/efemerides\/5-enero-1970-fallecia-max-born-hombre-einstein-recurria-cuanto-tenia-dudas-sobre-mecanica-cuantica\/#primaryimage\"},\"image\":{\"@id\":\"https:\/\/rinconeducativo.org\/es\/efemerides\/5-enero-1970-fallecia-max-born-hombre-einstein-recurria-cuanto-tenia-dudas-sobre-mecanica-cuantica\/#primaryimage\"},\"thumbnailUrl\":\"https:\/\/rinconeducativo.org\/wp-content\/uploads\/2020\/01\/Born_Max_Adulto-1.png\",\"datePublished\":\"2020-01-05T12:42:00+00:00\",\"dateModified\":\"2024-12-18T09:16:58+00:00\",\"breadcrumb\":{\"@id\":\"https:\/\/rinconeducativo.org\/es\/efemerides\/5-enero-1970-fallecia-max-born-hombre-einstein-recurria-cuanto-tenia-dudas-sobre-mecanica-cuantica\/#breadcrumb\"},\"inLanguage\":\"es\",\"potentialAction\":[{\"@type\":\"ReadAction\",\"target\":[\"https:\/\/rinconeducativo.org\/es\/efemerides\/5-enero-1970-fallecia-max-born-hombre-einstein-recurria-cuanto-tenia-dudas-sobre-mecanica-cuantica\/\"]}]},{\"@type\":\"ImageObject\",\"inLanguage\":\"es\",\"@id\":\"https:\/\/rinconeducativo.org\/es\/efemerides\/5-enero-1970-fallecia-max-born-hombre-einstein-recurria-cuanto-tenia-dudas-sobre-mecanica-cuantica\/#primaryimage\",\"url\":\"https:\/\/rinconeducativo.org\/wp-content\/uploads\/2020\/01\/Born_Max_Adulto-1.png\",\"contentUrl\":\"https:\/\/rinconeducativo.org\/wp-content\/uploads\/2020\/01\/Born_Max_Adulto-1.png\",\"width\":350,\"height\":463,\"caption\":\"Max Born\"},{\"@type\":\"BreadcrumbList\",\"@id\":\"https:\/\/rinconeducativo.org\/es\/efemerides\/5-enero-1970-fallecia-max-born-hombre-einstein-recurria-cuanto-tenia-dudas-sobre-mecanica-cuantica\/#breadcrumb\",\"itemListElement\":[{\"@type\":\"ListItem\",\"position\":1,\"name\":\"Portada\",\"item\":\"https:\/\/rinconeducativo.org\/es\/\"},{\"@type\":\"ListItem\",\"position\":2,\"name\":\"Efem\u00e9rides\",\"item\":\"https:\/\/rinconeducativo.org\/es\/efemerides\/\"},{\"@type\":\"ListItem\",\"position\":3,\"name\":\"5 de enero de 1970 - Fallec\u00eda Max Born, el hombre al que Einstein recurr\u00eda cuanto ten\u00eda dudas sobre mec\u00e1nica cu\u00e1ntica\"}]},{\"@type\":\"WebSite\",\"@id\":\"https:\/\/rinconeducativo.org\/es\/#website\",\"url\":\"https:\/\/rinconeducativo.org\/es\/\",\"name\":\"Rinc\u00f3n educativo\",\"description\":\"Un proyecto del Foro Nuclear\",\"potentialAction\":[{\"@type\":\"SearchAction\",\"target\":{\"@type\":\"EntryPoint\",\"urlTemplate\":\"https:\/\/rinconeducativo.org\/es\/?s={search_term_string}\"},\"query-input\":{\"@type\":\"PropertyValueSpecification\",\"valueRequired\":true,\"valueName\":\"search_term_string\"}}],\"inLanguage\":\"es\"}]}<\/script>\n<!-- \/ Yoast SEO plugin. -->","yoast_head_json":{"title":"5 de enero de 1970 - Fallec\u00eda Max Born, el hombre al que Einstein recurr\u00eda cuanto ten\u00eda dudas sobre mec\u00e1nica cu\u00e1ntica - Rinc\u00f3n educativo","robots":{"index":"index","follow":"follow","max-snippet":"max-snippet:-1","max-image-preview":"max-image-preview:large","max-video-preview":"max-video-preview:-1"},"canonical":"https:\/\/rinconeducativo.org\/es\/efemerides\/5-enero-1970-fallecia-max-born-hombre-einstein-recurria-cuanto-tenia-dudas-sobre-mecanica-cuantica\/","og_locale":"es_ES","og_type":"article","og_title":"5 de enero de 1970 - Fallec\u00eda Max Born, el hombre al que Einstein recurr\u00eda cuanto ten\u00eda dudas sobre mec\u00e1nica cu\u00e1ntica - Rinc\u00f3n educativo","og_description":"5 de enero de 1970 - Fallec\u00eda Max Born, el hombre al que Einstein recurr\u00eda cuanto ten\u00eda dudas sobre mec\u00e1nica cu\u00e1ntica.","og_url":"https:\/\/rinconeducativo.org\/es\/efemerides\/5-enero-1970-fallecia-max-born-hombre-einstein-recurria-cuanto-tenia-dudas-sobre-mecanica-cuantica\/","og_site_name":"Rinc\u00f3n educativo","article_modified_time":"2024-12-18T09:16:58+00:00","og_image":[{"width":350,"height":463,"url":"https:\/\/rinconeducativo.org\/wp-content\/uploads\/2020\/01\/Born_Max_Adulto-1.png","type":"image\/png"}],"twitter_card":"summary_large_image","schema":{"@context":"https:\/\/schema.org","@graph":[{"@type":"WebPage","@id":"https:\/\/rinconeducativo.org\/es\/efemerides\/5-enero-1970-fallecia-max-born-hombre-einstein-recurria-cuanto-tenia-dudas-sobre-mecanica-cuantica\/","url":"https:\/\/rinconeducativo.org\/es\/efemerides\/5-enero-1970-fallecia-max-born-hombre-einstein-recurria-cuanto-tenia-dudas-sobre-mecanica-cuantica\/","name":"5 de enero de 1970 - Fallec\u00eda Max Born, el hombre al que Einstein recurr\u00eda cuanto ten\u00eda dudas sobre mec\u00e1nica cu\u00e1ntica - Rinc\u00f3n educativo","isPartOf":{"@id":"https:\/\/rinconeducativo.org\/es\/#website"},"primaryImageOfPage":{"@id":"https:\/\/rinconeducativo.org\/es\/efemerides\/5-enero-1970-fallecia-max-born-hombre-einstein-recurria-cuanto-tenia-dudas-sobre-mecanica-cuantica\/#primaryimage"},"image":{"@id":"https:\/\/rinconeducativo.org\/es\/efemerides\/5-enero-1970-fallecia-max-born-hombre-einstein-recurria-cuanto-tenia-dudas-sobre-mecanica-cuantica\/#primaryimage"},"thumbnailUrl":"https:\/\/rinconeducativo.org\/wp-content\/uploads\/2020\/01\/Born_Max_Adulto-1.png","datePublished":"2020-01-05T12:42:00+00:00","dateModified":"2024-12-18T09:16:58+00:00","breadcrumb":{"@id":"https:\/\/rinconeducativo.org\/es\/efemerides\/5-enero-1970-fallecia-max-born-hombre-einstein-recurria-cuanto-tenia-dudas-sobre-mecanica-cuantica\/#breadcrumb"},"inLanguage":"es","potentialAction":[{"@type":"ReadAction","target":["https:\/\/rinconeducativo.org\/es\/efemerides\/5-enero-1970-fallecia-max-born-hombre-einstein-recurria-cuanto-tenia-dudas-sobre-mecanica-cuantica\/"]}]},{"@type":"ImageObject","inLanguage":"es","@id":"https:\/\/rinconeducativo.org\/es\/efemerides\/5-enero-1970-fallecia-max-born-hombre-einstein-recurria-cuanto-tenia-dudas-sobre-mecanica-cuantica\/#primaryimage","url":"https:\/\/rinconeducativo.org\/wp-content\/uploads\/2020\/01\/Born_Max_Adulto-1.png","contentUrl":"https:\/\/rinconeducativo.org\/wp-content\/uploads\/2020\/01\/Born_Max_Adulto-1.png","width":350,"height":463,"caption":"Max Born"},{"@type":"BreadcrumbList","@id":"https:\/\/rinconeducativo.org\/es\/efemerides\/5-enero-1970-fallecia-max-born-hombre-einstein-recurria-cuanto-tenia-dudas-sobre-mecanica-cuantica\/#breadcrumb","itemListElement":[{"@type":"ListItem","position":1,"name":"Portada","item":"https:\/\/rinconeducativo.org\/es\/"},{"@type":"ListItem","position":2,"name":"Efem\u00e9rides","item":"https:\/\/rinconeducativo.org\/es\/efemerides\/"},{"@type":"ListItem","position":3,"name":"5 de enero de 1970 - Fallec\u00eda Max Born, el hombre al que Einstein recurr\u00eda cuanto ten\u00eda dudas sobre mec\u00e1nica cu\u00e1ntica"}]},{"@type":"WebSite","@id":"https:\/\/rinconeducativo.org\/es\/#website","url":"https:\/\/rinconeducativo.org\/es\/","name":"Rinc\u00f3n educativo","description":"Un proyecto del Foro Nuclear","potentialAction":[{"@type":"SearchAction","target":{"@type":"EntryPoint","urlTemplate":"https:\/\/rinconeducativo.org\/es\/?s={search_term_string}"},"query-input":{"@type":"PropertyValueSpecification","valueRequired":true,"valueName":"search_term_string"}}],"inLanguage":"es"}]}},"_links":{"self":[{"href":"https:\/\/rinconeducativo.org\/es\/wp-json\/wp\/v2\/re_efemeride\/38492","targetHints":{"allow":["GET"]}}],"collection":[{"href":"https:\/\/rinconeducativo.org\/es\/wp-json\/wp\/v2\/re_efemeride"}],"about":[{"href":"https:\/\/rinconeducativo.org\/es\/wp-json\/wp\/v2\/types\/re_efemeride"}],"author":[{"embeddable":true,"href":"https:\/\/rinconeducativo.org\/es\/wp-json\/wp\/v2\/users\/1088"}],"version-history":[{"count":1,"href":"https:\/\/rinconeducativo.org\/es\/wp-json\/wp\/v2\/re_efemeride\/38492\/revisions"}],"predecessor-version":[{"id":38496,"href":"https:\/\/rinconeducativo.org\/es\/wp-json\/wp\/v2\/re_efemeride\/38492\/revisions\/38496"}],"wp:featuredmedia":[{"embeddable":true,"href":"https:\/\/rinconeducativo.org\/es\/wp-json\/wp\/v2\/media\/38575"}],"wp:attachment":[{"href":"https:\/\/rinconeducativo.org\/es\/wp-json\/wp\/v2\/media?parent=38492"}],"wp:term":[{"taxonomy":"post_tag","embeddable":true,"href":"https:\/\/rinconeducativo.org\/es\/wp-json\/wp\/v2\/tags?post=38492"},{"taxonomy":"mes","embeddable":true,"href":"https:\/\/rinconeducativo.org\/es\/wp-json\/wp\/v2\/mes?post=38492"},{"taxonomy":"clasificacion_anterior","embeddable":true,"href":"https:\/\/rinconeducativo.org\/es\/wp-json\/wp\/v2\/clasificacion_anterior?post=38492"}],"curies":[{"name":"wp","href":"https:\/\/api.w.org\/{rel}","templated":true}]}}