{"id":33242,"date":"2020-02-26T13:01:00","date_gmt":"2020-02-26T12:01:00","guid":{"rendered":"https:\/\/rinconeducativo.org\/?post_type=re_efemeride&#038;p=33242"},"modified":"2024-12-19T13:07:57","modified_gmt":"2024-12-19T12:07:57","slug":"26-febrero-1974-fallece-hendrika-johanna-van-leeuwen-conocida-contribuciones-teoria-magnestismo","status":"publish","type":"re_efemeride","link":"https:\/\/rinconeducativo.org\/es\/efemerides\/26-febrero-1974-fallece-hendrika-johanna-van-leeuwen-conocida-contribuciones-teoria-magnestismo\/","title":{"rendered":"26 de febrero de 1974 \u2013 Fallece Hendrika Johanna van Leeuwen, conocida por sus contribuciones a la teor\u00eda del magnestismo"},"content":{"rendered":"<div class=\"wp-block-image\">\n<figure class=\"alignleft size-full\"><img loading=\"lazy\" decoding=\"async\" width=\"300\" height=\"168\" src=\"https:\/\/rinconeducativo.org\/wp-content\/uploads\/2024\/06\/Van-Leeuwen_Hendrika-Johanna.jpg\" alt=\"\" class=\"wp-image-33247\"\/><\/figure>\n<\/div>\n\n\n<p>Doctorada en F\u00edsica por la Universidad de Leiden en los Pa\u00edses Bajos, se centr\u00f3 en explicar la raz\u00f3n por la que el magnetismo es esencialmente un efecto mec\u00e1nico cu\u00e1ntico (resultado ahora conocido como el teorema de Bohr-van Leeuwen). En este sentido, Van Leeuwen desconoc\u00eda los resultados presentados 8 a\u00f1os antes por <a href=\"https:\/\/rinconeducativo.org\/es\/recursos-educativos\/niels-bohr-contribuyo-la-compresion-del-atomo-y-la-mecanica-cuantica\/\">Niels Bohr<\/a> tambi\u00e9n en su tesis doctoral.<\/p>\n\n\n\n<p>Hendrika afirmaba que si se utilizan las f\u00f3rmulas de la f\u00edsica cl\u00e1sica y la mec\u00e1nica estad\u00edstica, no se demuestra la existencia del magnetismo y que seg\u00fan ests teor\u00edas, un sistema en un campo magn\u00e9tico que est\u00e1 en equilibrio t\u00e9rminoc no puede tener un momento dipolar magn\u00e9tico neto.<\/p>\n\n\n\n<p>Adem\u00e1s de su investigaci\u00f3n de doctorado, tambi\u00e9n realiz\u00f3 investigaciones sobre las vibraciones naturales de las mol\u00e9culas de hidr\u00f3geno en el mismo periodo.<\/p>\n\n\n\n<p>En 1947 fue nombrada profesora en el Technische Hogeschool de Delft, convirti\u00e9ndose as\u00ed en la primera mujer profesora en esta instituci\u00f3n. <\/p>\n\n\n\n<p>Si quieres saber m\u00e1s sobre esta cient\u00edfica, haz clic en el siguiente enlace: <a href=\"https:\/\/rinconeducativo.org\/es\/recursos-educativos\/hendrika-johanna-van-leeuwen-conocida-contribuciones-teoria-magnestismo\/\" target=\"_blank\" rel=\"noreferrer noopener\">Hendrika Johanna van Leeuwen<\/a><\/p>\n","protected":false},"excerpt":{"rendered":"<p>26 de febrero de 1974 \u2013 Fallece Hendrika Johanna van Leeuwen, conocida por sus contribuciones a la teor\u00eda del magnestismo<\/p>\n","protected":false},"author":1088,"featured_media":33247,"template":"","meta":{"_acf_changed":false,"footnotes":""},"tags":[8346,6071],"mes":[7125],"clasificacion_anterior":[],"class_list":["post-33242","re_efemeride","type-re_efemeride","status-publish","has-post-thumbnail","hentry","tag-magnetismo","tag-tabla-periodica","mes-febrero"],"acf":{"fecha":"19740226"},"yoast_head":"<!-- This site is optimized with the Yoast SEO plugin v26.8 - https:\/\/yoast.com\/product\/yoast-seo-wordpress\/ -->\n<title>26 de febrero de 1974 \u2013 Fallece Hendrika Johanna van Leeuwen, conocida por sus contribuciones a la teor\u00eda del magnestismo - Rinc\u00f3n educativo<\/title>\n<meta name=\"robots\" content=\"index, follow, max-snippet:-1, max-image-preview:large, max-video-preview:-1\" \/>\n<link rel=\"canonical\" href=\"https:\/\/rinconeducativo.org\/es\/efemerides\/26-febrero-1974-fallece-hendrika-johanna-van-leeuwen-conocida-contribuciones-teoria-magnestismo\/\" \/>\n<meta property=\"og:locale\" content=\"es_ES\" \/>\n<meta property=\"og:type\" content=\"article\" \/>\n<meta property=\"og:title\" content=\"26 de febrero de 1974 \u2013 Fallece Hendrika Johanna van Leeuwen, conocida por sus contribuciones a la teor\u00eda del magnestismo - Rinc\u00f3n educativo\" \/>\n<meta property=\"og:description\" content=\"26 de febrero de 1974 \u2013 Fallece Hendrika Johanna van Leeuwen, conocida por sus contribuciones a la teor\u00eda del magnestismo\" \/>\n<meta property=\"og:url\" content=\"https:\/\/rinconeducativo.org\/es\/efemerides\/26-febrero-1974-fallece-hendrika-johanna-van-leeuwen-conocida-contribuciones-teoria-magnestismo\/\" \/>\n<meta property=\"og:site_name\" content=\"Rinc\u00f3n educativo\" \/>\n<meta property=\"article:modified_time\" content=\"2024-12-19T12:07:57+00:00\" \/>\n<meta property=\"og:image\" content=\"https:\/\/rinconeducativo.org\/wp-content\/uploads\/2024\/06\/Van-Leeuwen_Hendrika-Johanna.jpg\" \/>\n\t<meta property=\"og:image:width\" content=\"300\" \/>\n\t<meta property=\"og:image:height\" content=\"168\" \/>\n\t<meta property=\"og:image:type\" content=\"image\/jpeg\" \/>\n<meta name=\"twitter:card\" content=\"summary_large_image\" \/>\n<script type=\"application\/ld+json\" class=\"yoast-schema-graph\">{\"@context\":\"https:\/\/schema.org\",\"@graph\":[{\"@type\":\"WebPage\",\"@id\":\"https:\/\/rinconeducativo.org\/es\/efemerides\/26-febrero-1974-fallece-hendrika-johanna-van-leeuwen-conocida-contribuciones-teoria-magnestismo\/\",\"url\":\"https:\/\/rinconeducativo.org\/es\/efemerides\/26-febrero-1974-fallece-hendrika-johanna-van-leeuwen-conocida-contribuciones-teoria-magnestismo\/\",\"name\":\"26 de febrero de 1974 \u2013 Fallece Hendrika Johanna van Leeuwen, conocida por sus contribuciones a la teor\u00eda del magnestismo - Rinc\u00f3n educativo\",\"isPartOf\":{\"@id\":\"https:\/\/rinconeducativo.org\/es\/#website\"},\"primaryImageOfPage\":{\"@id\":\"https:\/\/rinconeducativo.org\/es\/efemerides\/26-febrero-1974-fallece-hendrika-johanna-van-leeuwen-conocida-contribuciones-teoria-magnestismo\/#primaryimage\"},\"image\":{\"@id\":\"https:\/\/rinconeducativo.org\/es\/efemerides\/26-febrero-1974-fallece-hendrika-johanna-van-leeuwen-conocida-contribuciones-teoria-magnestismo\/#primaryimage\"},\"thumbnailUrl\":\"https:\/\/rinconeducativo.org\/wp-content\/uploads\/2024\/06\/Van-Leeuwen_Hendrika-Johanna.jpg\",\"datePublished\":\"2020-02-26T12:01:00+00:00\",\"dateModified\":\"2024-12-19T12:07:57+00:00\",\"breadcrumb\":{\"@id\":\"https:\/\/rinconeducativo.org\/es\/efemerides\/26-febrero-1974-fallece-hendrika-johanna-van-leeuwen-conocida-contribuciones-teoria-magnestismo\/#breadcrumb\"},\"inLanguage\":\"es\",\"potentialAction\":[{\"@type\":\"ReadAction\",\"target\":[\"https:\/\/rinconeducativo.org\/es\/efemerides\/26-febrero-1974-fallece-hendrika-johanna-van-leeuwen-conocida-contribuciones-teoria-magnestismo\/\"]}]},{\"@type\":\"ImageObject\",\"inLanguage\":\"es\",\"@id\":\"https:\/\/rinconeducativo.org\/es\/efemerides\/26-febrero-1974-fallece-hendrika-johanna-van-leeuwen-conocida-contribuciones-teoria-magnestismo\/#primaryimage\",\"url\":\"https:\/\/rinconeducativo.org\/wp-content\/uploads\/2024\/06\/Van-Leeuwen_Hendrika-Johanna.jpg\",\"contentUrl\":\"https:\/\/rinconeducativo.org\/wp-content\/uploads\/2024\/06\/Van-Leeuwen_Hendrika-Johanna.jpg\",\"width\":300,\"height\":168,\"caption\":\"Hendrika Johanna Van Leeuwen\"},{\"@type\":\"BreadcrumbList\",\"@id\":\"https:\/\/rinconeducativo.org\/es\/efemerides\/26-febrero-1974-fallece-hendrika-johanna-van-leeuwen-conocida-contribuciones-teoria-magnestismo\/#breadcrumb\",\"itemListElement\":[{\"@type\":\"ListItem\",\"position\":1,\"name\":\"Portada\",\"item\":\"https:\/\/rinconeducativo.org\/es\/\"},{\"@type\":\"ListItem\",\"position\":2,\"name\":\"Efem\u00e9rides\",\"item\":\"https:\/\/rinconeducativo.org\/es\/efemerides\/\"},{\"@type\":\"ListItem\",\"position\":3,\"name\":\"26 de febrero de 1974 \u2013 Fallece Hendrika Johanna van Leeuwen, conocida por sus contribuciones a la teor\u00eda del magnestismo\"}]},{\"@type\":\"WebSite\",\"@id\":\"https:\/\/rinconeducativo.org\/es\/#website\",\"url\":\"https:\/\/rinconeducativo.org\/es\/\",\"name\":\"Rinc\u00f3n educativo\",\"description\":\"Un proyecto del Foro Nuclear\",\"potentialAction\":[{\"@type\":\"SearchAction\",\"target\":{\"@type\":\"EntryPoint\",\"urlTemplate\":\"https:\/\/rinconeducativo.org\/es\/?s={search_term_string}\"},\"query-input\":{\"@type\":\"PropertyValueSpecification\",\"valueRequired\":true,\"valueName\":\"search_term_string\"}}],\"inLanguage\":\"es\"}]}<\/script>\n<!-- \/ Yoast SEO plugin. -->","yoast_head_json":{"title":"26 de febrero de 1974 \u2013 Fallece Hendrika Johanna van Leeuwen, conocida por sus contribuciones a la teor\u00eda del magnestismo - Rinc\u00f3n educativo","robots":{"index":"index","follow":"follow","max-snippet":"max-snippet:-1","max-image-preview":"max-image-preview:large","max-video-preview":"max-video-preview:-1"},"canonical":"https:\/\/rinconeducativo.org\/es\/efemerides\/26-febrero-1974-fallece-hendrika-johanna-van-leeuwen-conocida-contribuciones-teoria-magnestismo\/","og_locale":"es_ES","og_type":"article","og_title":"26 de febrero de 1974 \u2013 Fallece Hendrika Johanna van Leeuwen, conocida por sus contribuciones a la teor\u00eda del magnestismo - Rinc\u00f3n educativo","og_description":"26 de febrero de 1974 \u2013 Fallece Hendrika Johanna van Leeuwen, conocida por sus contribuciones a la teor\u00eda del magnestismo","og_url":"https:\/\/rinconeducativo.org\/es\/efemerides\/26-febrero-1974-fallece-hendrika-johanna-van-leeuwen-conocida-contribuciones-teoria-magnestismo\/","og_site_name":"Rinc\u00f3n educativo","article_modified_time":"2024-12-19T12:07:57+00:00","og_image":[{"width":300,"height":168,"url":"https:\/\/rinconeducativo.org\/wp-content\/uploads\/2024\/06\/Van-Leeuwen_Hendrika-Johanna.jpg","type":"image\/jpeg"}],"twitter_card":"summary_large_image","schema":{"@context":"https:\/\/schema.org","@graph":[{"@type":"WebPage","@id":"https:\/\/rinconeducativo.org\/es\/efemerides\/26-febrero-1974-fallece-hendrika-johanna-van-leeuwen-conocida-contribuciones-teoria-magnestismo\/","url":"https:\/\/rinconeducativo.org\/es\/efemerides\/26-febrero-1974-fallece-hendrika-johanna-van-leeuwen-conocida-contribuciones-teoria-magnestismo\/","name":"26 de febrero de 1974 \u2013 Fallece Hendrika Johanna van Leeuwen, conocida por sus contribuciones a la teor\u00eda del magnestismo - Rinc\u00f3n educativo","isPartOf":{"@id":"https:\/\/rinconeducativo.org\/es\/#website"},"primaryImageOfPage":{"@id":"https:\/\/rinconeducativo.org\/es\/efemerides\/26-febrero-1974-fallece-hendrika-johanna-van-leeuwen-conocida-contribuciones-teoria-magnestismo\/#primaryimage"},"image":{"@id":"https:\/\/rinconeducativo.org\/es\/efemerides\/26-febrero-1974-fallece-hendrika-johanna-van-leeuwen-conocida-contribuciones-teoria-magnestismo\/#primaryimage"},"thumbnailUrl":"https:\/\/rinconeducativo.org\/wp-content\/uploads\/2024\/06\/Van-Leeuwen_Hendrika-Johanna.jpg","datePublished":"2020-02-26T12:01:00+00:00","dateModified":"2024-12-19T12:07:57+00:00","breadcrumb":{"@id":"https:\/\/rinconeducativo.org\/es\/efemerides\/26-febrero-1974-fallece-hendrika-johanna-van-leeuwen-conocida-contribuciones-teoria-magnestismo\/#breadcrumb"},"inLanguage":"es","potentialAction":[{"@type":"ReadAction","target":["https:\/\/rinconeducativo.org\/es\/efemerides\/26-febrero-1974-fallece-hendrika-johanna-van-leeuwen-conocida-contribuciones-teoria-magnestismo\/"]}]},{"@type":"ImageObject","inLanguage":"es","@id":"https:\/\/rinconeducativo.org\/es\/efemerides\/26-febrero-1974-fallece-hendrika-johanna-van-leeuwen-conocida-contribuciones-teoria-magnestismo\/#primaryimage","url":"https:\/\/rinconeducativo.org\/wp-content\/uploads\/2024\/06\/Van-Leeuwen_Hendrika-Johanna.jpg","contentUrl":"https:\/\/rinconeducativo.org\/wp-content\/uploads\/2024\/06\/Van-Leeuwen_Hendrika-Johanna.jpg","width":300,"height":168,"caption":"Hendrika Johanna Van Leeuwen"},{"@type":"BreadcrumbList","@id":"https:\/\/rinconeducativo.org\/es\/efemerides\/26-febrero-1974-fallece-hendrika-johanna-van-leeuwen-conocida-contribuciones-teoria-magnestismo\/#breadcrumb","itemListElement":[{"@type":"ListItem","position":1,"name":"Portada","item":"https:\/\/rinconeducativo.org\/es\/"},{"@type":"ListItem","position":2,"name":"Efem\u00e9rides","item":"https:\/\/rinconeducativo.org\/es\/efemerides\/"},{"@type":"ListItem","position":3,"name":"26 de febrero de 1974 \u2013 Fallece Hendrika Johanna van Leeuwen, conocida por sus contribuciones a la teor\u00eda del magnestismo"}]},{"@type":"WebSite","@id":"https:\/\/rinconeducativo.org\/es\/#website","url":"https:\/\/rinconeducativo.org\/es\/","name":"Rinc\u00f3n educativo","description":"Un proyecto del Foro Nuclear","potentialAction":[{"@type":"SearchAction","target":{"@type":"EntryPoint","urlTemplate":"https:\/\/rinconeducativo.org\/es\/?s={search_term_string}"},"query-input":{"@type":"PropertyValueSpecification","valueRequired":true,"valueName":"search_term_string"}}],"inLanguage":"es"}]}},"_links":{"self":[{"href":"https:\/\/rinconeducativo.org\/es\/wp-json\/wp\/v2\/re_efemeride\/33242","targetHints":{"allow":["GET"]}}],"collection":[{"href":"https:\/\/rinconeducativo.org\/es\/wp-json\/wp\/v2\/re_efemeride"}],"about":[{"href":"https:\/\/rinconeducativo.org\/es\/wp-json\/wp\/v2\/types\/re_efemeride"}],"author":[{"embeddable":true,"href":"https:\/\/rinconeducativo.org\/es\/wp-json\/wp\/v2\/users\/1088"}],"version-history":[{"count":2,"href":"https:\/\/rinconeducativo.org\/es\/wp-json\/wp\/v2\/re_efemeride\/33242\/revisions"}],"predecessor-version":[{"id":33250,"href":"https:\/\/rinconeducativo.org\/es\/wp-json\/wp\/v2\/re_efemeride\/33242\/revisions\/33250"}],"wp:featuredmedia":[{"embeddable":true,"href":"https:\/\/rinconeducativo.org\/es\/wp-json\/wp\/v2\/media\/33247"}],"wp:attachment":[{"href":"https:\/\/rinconeducativo.org\/es\/wp-json\/wp\/v2\/media?parent=33242"}],"wp:term":[{"taxonomy":"post_tag","embeddable":true,"href":"https:\/\/rinconeducativo.org\/es\/wp-json\/wp\/v2\/tags?post=33242"},{"taxonomy":"mes","embeddable":true,"href":"https:\/\/rinconeducativo.org\/es\/wp-json\/wp\/v2\/mes?post=33242"},{"taxonomy":"clasificacion_anterior","embeddable":true,"href":"https:\/\/rinconeducativo.org\/es\/wp-json\/wp\/v2\/clasificacion_anterior?post=33242"}],"curies":[{"name":"wp","href":"https:\/\/api.w.org\/{rel}","templated":true}]}}