{"id":25771,"date":"2020-07-19T14:39:48","date_gmt":"2020-07-19T12:39:48","guid":{"rendered":"https:\/\/rinconeducativo.org\/?post_type=re_efemeride&#038;p=25771"},"modified":"2024-12-19T12:02:35","modified_gmt":"2024-12-19T11:02:35","slug":"19-julio-1838-fallece-pierre-louis-dulong-encontro-relacion-calor-especifico-elemento-y-peso-atomico","status":"publish","type":"re_efemeride","link":"https:\/\/rinconeducativo.org\/es\/efemerides\/19-julio-1838-fallece-pierre-louis-dulong-encontro-relacion-calor-especifico-elemento-y-peso-atomico\/","title":{"rendered":"19 de julio de 1838 \u2013 Fallece Pierre Louis Dulong, encontr\u00f3 la relaci\u00f3n entre el calor espec\u00edfico de un elemento y su peso at\u00f3mico"},"content":{"rendered":"<div class=\"wp-block-image\">\n<figure class=\"alignleft size-full is-resized\"><img loading=\"lazy\" decoding=\"async\" src=\"https:\/\/rinconeducativo.org\/wp-content\/uploads\/2020\/07\/Dulong_Pierre_Louis_Retrato.png\" alt=\"Pierre Louis Dulong\" class=\"wp-image-33903\" width=\"295\" height=\"260\"\/><\/figure>\n<\/div>\n\n\n<p>Ingresando, a los 16 a\u00f1os de edad, en la Escuela Polit\u00e9cnica de Par\u00eds (Francia). en donde fue alumno de dos de los qu\u00edmicos m\u00e1s brillantes de su tiempo: <a href=\"https:\/\/rinconeducativo.org\/es\/efemerides\/9-de-diciembre-de-1748-nace-claude-louis-berthollet-su-sistema-de-nomenclatura-quimica-fue\/\">Claude Louis Berthollet<\/a> y Louis Jacques Th\u00e9nard.<\/p>\n\n\n\n<p>Tras finalizar sus estudios superiores obtuvo el t\u00edtulo de m\u00e9dico y comenz\u00f3 a ejercer esta profesi\u00f3n. Sin embargo, su futuro no fue muy prometedor en este campo. Dulong abandon\u00f3 la medicina y comenz\u00f3 a trabajar en el laboratorio de qu\u00edmica que pose\u00eda el ya mencionado Berthollet. Posteriormente, Th\u00e9nard, reparando en la enorme val\u00eda del joven Dulong, le ofreci\u00f3 trabajo en calidad de ayudante en la escuela polit\u00e9cnica donde hab\u00eda cursado sus estudios.<\/p>\n\n\n\n<p>Lo que parec\u00eda un golpe de buena suerte al descubrir de forma fortuita el tricloruro de nitr\u00f3geno (1813), se convirti\u00f3 en una peque\u00f1a tragedia que le cost\u00f3 la visi\u00f3n de un ojo y casi una mano.<\/p>\n\n\n\n<p>Los trabajos m\u00e1s importantes de Dulong en el campo de la f\u00edsica los llev\u00f3 a cabo conjuntamente con Alexis-Th\u00e9r\u00e8se Petit, profesor de f\u00edsica de la Escuela Polit\u00e9cnica. En 1817 ambos mostraron que la ley de Newton de la refrigeraci\u00f3n era verdadera s\u00f3lo para peque\u00f1as diferencias de la temperatura. Su trabajo sobre la medida de temperatura y la transferencia de calor (1818) fue premiado por la Academia francesa.<\/p>\n\n\n\n<p>Un a\u00f1o m\u00e1s tarde, los experimentos que realizaron sobre dilataci\u00f3n y medida de las temperaturas y transferencia del calor y calor espec\u00edfico de los gases, les condujo a establecer la ley emp\u00edrica sobre los calores espec\u00edficos, conocida como la <em>Ley de Dulong y Petit<\/em>. Esta ley ser\u00eda utilizada posteriormente en la determinaci\u00f3n de pesos at\u00f3micos.<\/p>\n\n\n\n<p>En 1829 encontr\u00f3 que, en las mismas condiciones de presi\u00f3n y temperatura, vol\u00famenes iguales de todos los gases desprenden o absorben la misma cantidad de calor cuando se dilatan o comprimen r\u00e1pidamente a la misma fracci\u00f3n de sus vol\u00famenes iniciales. Dedujo tambi\u00e9n que los cambios de temperatura que acompa\u00f1an estos cambios son inversamente proporcionales a las capacidades calor\u00edficas de los gases a volumen constante.<\/p>\n\n\n\n<p>Con Fran\u00e7ois Arago public\u00f3 un estudio de la elasticidad del vapor a altas temperaturas (1830). Su \u00faltimo art\u00edculo (1838) describe los experimentos que realiz\u00f3 para determinar el calor desarrollado en una reacci\u00f3n qu\u00edmica.<\/p>\n\n\n\n<p>Adem\u00e1s del descubrimiento del tricloruro de nitr\u00f3geno (o cloruro de \u00e1zoe), de la Ley de Dulong y Petit, y de sus investigaciones sobre el agua y el vapor en colaboraci\u00f3n con Arago, Dulong tambi\u00e9n consigui\u00f3 sintetizar el \u00e1cido hipofosf\u00f3rico, public\u00f3 un estudio sobre la densidad de diversos fluidos, y midi\u00f3 el \u00edndice de refracci\u00f3n y la velocidad del sonido en diferentes gases.<\/p>\n\n\n\n<p>Si quieres saber m\u00e1s sobre este cient\u00edfico, haz clic en el siguiente enlace: <a href=\"https:\/\/rinconeducativo.org\/es\/recursos-educativos\/pierre-louis-dulong-encontro-relacion-entre-calor-especifico-elemento-y-peso-atomico\/\" target=\"_blank\" rel=\"noreferrer noopener\">Pierre Louis Dulong<\/a><\/p>\n","protected":false},"excerpt":{"rendered":"<p>19 de Julio de 1838 \u2013 Fallece Pierre Louis Dulong, cient\u00edfico que encontr\u00f3 la relaci\u00f3n entre el calor espec\u00edfico de un elemento y su peso at\u00f3mico<\/p>\n","protected":false},"author":1088,"featured_media":33903,"template":"","meta":{"_acf_changed":false,"footnotes":""},"tags":[6255,6071],"mes":[7120],"clasificacion_anterior":[],"class_list":["post-25771","re_efemeride","type-re_efemeride","status-publish","has-post-thumbnail","hentry","tag-atomos","tag-tabla-periodica","mes-julio"],"acf":{"fecha":"18380719"},"yoast_head":"<!-- This site is optimized with the Yoast SEO plugin v26.8 - https:\/\/yoast.com\/product\/yoast-seo-wordpress\/ -->\n<title>19 de julio de 1838 \u2013 Fallece Pierre Louis Dulong, encontr\u00f3 la relaci\u00f3n entre el calor espec\u00edfico de un elemento y su peso at\u00f3mico - Rinc\u00f3n educativo<\/title>\n<meta name=\"robots\" content=\"index, follow, max-snippet:-1, max-image-preview:large, max-video-preview:-1\" \/>\n<link rel=\"canonical\" href=\"https:\/\/rinconeducativo.org\/es\/efemerides\/19-julio-1838-fallece-pierre-louis-dulong-encontro-relacion-calor-especifico-elemento-y-peso-atomico\/\" \/>\n<meta property=\"og:locale\" content=\"es_ES\" \/>\n<meta property=\"og:type\" content=\"article\" \/>\n<meta property=\"og:title\" content=\"19 de julio de 1838 \u2013 Fallece Pierre Louis Dulong, encontr\u00f3 la relaci\u00f3n entre el calor espec\u00edfico de un elemento y su peso at\u00f3mico - Rinc\u00f3n educativo\" \/>\n<meta property=\"og:description\" content=\"19 de Julio de 1838 \u2013 Fallece Pierre Louis Dulong, cient\u00edfico que encontr\u00f3 la relaci\u00f3n entre el calor espec\u00edfico de un elemento y su peso at\u00f3mico\" \/>\n<meta property=\"og:url\" content=\"https:\/\/rinconeducativo.org\/es\/efemerides\/19-julio-1838-fallece-pierre-louis-dulong-encontro-relacion-calor-especifico-elemento-y-peso-atomico\/\" \/>\n<meta property=\"og:site_name\" content=\"Rinc\u00f3n educativo\" \/>\n<meta property=\"article:modified_time\" content=\"2024-12-19T11:02:35+00:00\" \/>\n<meta property=\"og:image\" content=\"https:\/\/rinconeducativo.org\/wp-content\/uploads\/2020\/07\/Dulong_Pierre_Louis_Retrato.png\" \/>\n\t<meta property=\"og:image:width\" content=\"278\" \/>\n\t<meta property=\"og:image:height\" content=\"245\" \/>\n\t<meta property=\"og:image:type\" content=\"image\/png\" \/>\n<meta name=\"twitter:card\" content=\"summary_large_image\" \/>\n<script type=\"application\/ld+json\" class=\"yoast-schema-graph\">{\"@context\":\"https:\/\/schema.org\",\"@graph\":[{\"@type\":\"WebPage\",\"@id\":\"https:\/\/rinconeducativo.org\/es\/efemerides\/19-julio-1838-fallece-pierre-louis-dulong-encontro-relacion-calor-especifico-elemento-y-peso-atomico\/\",\"url\":\"https:\/\/rinconeducativo.org\/es\/efemerides\/19-julio-1838-fallece-pierre-louis-dulong-encontro-relacion-calor-especifico-elemento-y-peso-atomico\/\",\"name\":\"19 de julio de 1838 \u2013 Fallece Pierre Louis Dulong, encontr\u00f3 la relaci\u00f3n entre el calor espec\u00edfico de un elemento y su peso at\u00f3mico - Rinc\u00f3n educativo\",\"isPartOf\":{\"@id\":\"https:\/\/rinconeducativo.org\/es\/#website\"},\"primaryImageOfPage\":{\"@id\":\"https:\/\/rinconeducativo.org\/es\/efemerides\/19-julio-1838-fallece-pierre-louis-dulong-encontro-relacion-calor-especifico-elemento-y-peso-atomico\/#primaryimage\"},\"image\":{\"@id\":\"https:\/\/rinconeducativo.org\/es\/efemerides\/19-julio-1838-fallece-pierre-louis-dulong-encontro-relacion-calor-especifico-elemento-y-peso-atomico\/#primaryimage\"},\"thumbnailUrl\":\"https:\/\/rinconeducativo.org\/wp-content\/uploads\/2020\/07\/Dulong_Pierre_Louis_Retrato.png\",\"datePublished\":\"2020-07-19T12:39:48+00:00\",\"dateModified\":\"2024-12-19T11:02:35+00:00\",\"breadcrumb\":{\"@id\":\"https:\/\/rinconeducativo.org\/es\/efemerides\/19-julio-1838-fallece-pierre-louis-dulong-encontro-relacion-calor-especifico-elemento-y-peso-atomico\/#breadcrumb\"},\"inLanguage\":\"es\",\"potentialAction\":[{\"@type\":\"ReadAction\",\"target\":[\"https:\/\/rinconeducativo.org\/es\/efemerides\/19-julio-1838-fallece-pierre-louis-dulong-encontro-relacion-calor-especifico-elemento-y-peso-atomico\/\"]}]},{\"@type\":\"ImageObject\",\"inLanguage\":\"es\",\"@id\":\"https:\/\/rinconeducativo.org\/es\/efemerides\/19-julio-1838-fallece-pierre-louis-dulong-encontro-relacion-calor-especifico-elemento-y-peso-atomico\/#primaryimage\",\"url\":\"https:\/\/rinconeducativo.org\/wp-content\/uploads\/2020\/07\/Dulong_Pierre_Louis_Retrato.png\",\"contentUrl\":\"https:\/\/rinconeducativo.org\/wp-content\/uploads\/2020\/07\/Dulong_Pierre_Louis_Retrato.png\",\"width\":278,\"height\":245,\"caption\":\"Pierre Louis Dulong\"},{\"@type\":\"BreadcrumbList\",\"@id\":\"https:\/\/rinconeducativo.org\/es\/efemerides\/19-julio-1838-fallece-pierre-louis-dulong-encontro-relacion-calor-especifico-elemento-y-peso-atomico\/#breadcrumb\",\"itemListElement\":[{\"@type\":\"ListItem\",\"position\":1,\"name\":\"Portada\",\"item\":\"https:\/\/rinconeducativo.org\/es\/\"},{\"@type\":\"ListItem\",\"position\":2,\"name\":\"Efem\u00e9rides\",\"item\":\"https:\/\/rinconeducativo.org\/es\/efemerides\/\"},{\"@type\":\"ListItem\",\"position\":3,\"name\":\"19 de julio de 1838 \u2013 Fallece Pierre Louis Dulong, encontr\u00f3 la relaci\u00f3n entre el calor espec\u00edfico de un elemento y su peso at\u00f3mico\"}]},{\"@type\":\"WebSite\",\"@id\":\"https:\/\/rinconeducativo.org\/es\/#website\",\"url\":\"https:\/\/rinconeducativo.org\/es\/\",\"name\":\"Rinc\u00f3n educativo\",\"description\":\"Un proyecto del Foro Nuclear\",\"potentialAction\":[{\"@type\":\"SearchAction\",\"target\":{\"@type\":\"EntryPoint\",\"urlTemplate\":\"https:\/\/rinconeducativo.org\/es\/?s={search_term_string}\"},\"query-input\":{\"@type\":\"PropertyValueSpecification\",\"valueRequired\":true,\"valueName\":\"search_term_string\"}}],\"inLanguage\":\"es\"}]}<\/script>\n<!-- \/ Yoast SEO plugin. -->","yoast_head_json":{"title":"19 de julio de 1838 \u2013 Fallece Pierre Louis Dulong, encontr\u00f3 la relaci\u00f3n entre el calor espec\u00edfico de un elemento y su peso at\u00f3mico - Rinc\u00f3n educativo","robots":{"index":"index","follow":"follow","max-snippet":"max-snippet:-1","max-image-preview":"max-image-preview:large","max-video-preview":"max-video-preview:-1"},"canonical":"https:\/\/rinconeducativo.org\/es\/efemerides\/19-julio-1838-fallece-pierre-louis-dulong-encontro-relacion-calor-especifico-elemento-y-peso-atomico\/","og_locale":"es_ES","og_type":"article","og_title":"19 de julio de 1838 \u2013 Fallece Pierre Louis Dulong, encontr\u00f3 la relaci\u00f3n entre el calor espec\u00edfico de un elemento y su peso at\u00f3mico - Rinc\u00f3n educativo","og_description":"19 de Julio de 1838 \u2013 Fallece Pierre Louis Dulong, cient\u00edfico que encontr\u00f3 la relaci\u00f3n entre el calor espec\u00edfico de un elemento y su peso at\u00f3mico","og_url":"https:\/\/rinconeducativo.org\/es\/efemerides\/19-julio-1838-fallece-pierre-louis-dulong-encontro-relacion-calor-especifico-elemento-y-peso-atomico\/","og_site_name":"Rinc\u00f3n educativo","article_modified_time":"2024-12-19T11:02:35+00:00","og_image":[{"width":278,"height":245,"url":"https:\/\/rinconeducativo.org\/wp-content\/uploads\/2020\/07\/Dulong_Pierre_Louis_Retrato.png","type":"image\/png"}],"twitter_card":"summary_large_image","schema":{"@context":"https:\/\/schema.org","@graph":[{"@type":"WebPage","@id":"https:\/\/rinconeducativo.org\/es\/efemerides\/19-julio-1838-fallece-pierre-louis-dulong-encontro-relacion-calor-especifico-elemento-y-peso-atomico\/","url":"https:\/\/rinconeducativo.org\/es\/efemerides\/19-julio-1838-fallece-pierre-louis-dulong-encontro-relacion-calor-especifico-elemento-y-peso-atomico\/","name":"19 de julio de 1838 \u2013 Fallece Pierre Louis Dulong, encontr\u00f3 la relaci\u00f3n entre el calor espec\u00edfico de un elemento y su peso at\u00f3mico - Rinc\u00f3n educativo","isPartOf":{"@id":"https:\/\/rinconeducativo.org\/es\/#website"},"primaryImageOfPage":{"@id":"https:\/\/rinconeducativo.org\/es\/efemerides\/19-julio-1838-fallece-pierre-louis-dulong-encontro-relacion-calor-especifico-elemento-y-peso-atomico\/#primaryimage"},"image":{"@id":"https:\/\/rinconeducativo.org\/es\/efemerides\/19-julio-1838-fallece-pierre-louis-dulong-encontro-relacion-calor-especifico-elemento-y-peso-atomico\/#primaryimage"},"thumbnailUrl":"https:\/\/rinconeducativo.org\/wp-content\/uploads\/2020\/07\/Dulong_Pierre_Louis_Retrato.png","datePublished":"2020-07-19T12:39:48+00:00","dateModified":"2024-12-19T11:02:35+00:00","breadcrumb":{"@id":"https:\/\/rinconeducativo.org\/es\/efemerides\/19-julio-1838-fallece-pierre-louis-dulong-encontro-relacion-calor-especifico-elemento-y-peso-atomico\/#breadcrumb"},"inLanguage":"es","potentialAction":[{"@type":"ReadAction","target":["https:\/\/rinconeducativo.org\/es\/efemerides\/19-julio-1838-fallece-pierre-louis-dulong-encontro-relacion-calor-especifico-elemento-y-peso-atomico\/"]}]},{"@type":"ImageObject","inLanguage":"es","@id":"https:\/\/rinconeducativo.org\/es\/efemerides\/19-julio-1838-fallece-pierre-louis-dulong-encontro-relacion-calor-especifico-elemento-y-peso-atomico\/#primaryimage","url":"https:\/\/rinconeducativo.org\/wp-content\/uploads\/2020\/07\/Dulong_Pierre_Louis_Retrato.png","contentUrl":"https:\/\/rinconeducativo.org\/wp-content\/uploads\/2020\/07\/Dulong_Pierre_Louis_Retrato.png","width":278,"height":245,"caption":"Pierre Louis Dulong"},{"@type":"BreadcrumbList","@id":"https:\/\/rinconeducativo.org\/es\/efemerides\/19-julio-1838-fallece-pierre-louis-dulong-encontro-relacion-calor-especifico-elemento-y-peso-atomico\/#breadcrumb","itemListElement":[{"@type":"ListItem","position":1,"name":"Portada","item":"https:\/\/rinconeducativo.org\/es\/"},{"@type":"ListItem","position":2,"name":"Efem\u00e9rides","item":"https:\/\/rinconeducativo.org\/es\/efemerides\/"},{"@type":"ListItem","position":3,"name":"19 de julio de 1838 \u2013 Fallece Pierre Louis Dulong, encontr\u00f3 la relaci\u00f3n entre el calor espec\u00edfico de un elemento y su peso at\u00f3mico"}]},{"@type":"WebSite","@id":"https:\/\/rinconeducativo.org\/es\/#website","url":"https:\/\/rinconeducativo.org\/es\/","name":"Rinc\u00f3n educativo","description":"Un proyecto del Foro Nuclear","potentialAction":[{"@type":"SearchAction","target":{"@type":"EntryPoint","urlTemplate":"https:\/\/rinconeducativo.org\/es\/?s={search_term_string}"},"query-input":{"@type":"PropertyValueSpecification","valueRequired":true,"valueName":"search_term_string"}}],"inLanguage":"es"}]}},"_links":{"self":[{"href":"https:\/\/rinconeducativo.org\/es\/wp-json\/wp\/v2\/re_efemeride\/25771","targetHints":{"allow":["GET"]}}],"collection":[{"href":"https:\/\/rinconeducativo.org\/es\/wp-json\/wp\/v2\/re_efemeride"}],"about":[{"href":"https:\/\/rinconeducativo.org\/es\/wp-json\/wp\/v2\/types\/re_efemeride"}],"author":[{"embeddable":true,"href":"https:\/\/rinconeducativo.org\/es\/wp-json\/wp\/v2\/users\/1088"}],"version-history":[{"count":8,"href":"https:\/\/rinconeducativo.org\/es\/wp-json\/wp\/v2\/re_efemeride\/25771\/revisions"}],"predecessor-version":[{"id":33912,"href":"https:\/\/rinconeducativo.org\/es\/wp-json\/wp\/v2\/re_efemeride\/25771\/revisions\/33912"}],"wp:featuredmedia":[{"embeddable":true,"href":"https:\/\/rinconeducativo.org\/es\/wp-json\/wp\/v2\/media\/33903"}],"wp:attachment":[{"href":"https:\/\/rinconeducativo.org\/es\/wp-json\/wp\/v2\/media?parent=25771"}],"wp:term":[{"taxonomy":"post_tag","embeddable":true,"href":"https:\/\/rinconeducativo.org\/es\/wp-json\/wp\/v2\/tags?post=25771"},{"taxonomy":"mes","embeddable":true,"href":"https:\/\/rinconeducativo.org\/es\/wp-json\/wp\/v2\/mes?post=25771"},{"taxonomy":"clasificacion_anterior","embeddable":true,"href":"https:\/\/rinconeducativo.org\/es\/wp-json\/wp\/v2\/clasificacion_anterior?post=25771"}],"curies":[{"name":"wp","href":"https:\/\/api.w.org\/{rel}","templated":true}]}}