{"id":21316,"date":"2020-03-27T13:09:00","date_gmt":"2020-03-27T12:09:00","guid":{"rendered":"https:\/\/rinconeducativo.org\/?post_type=re_efemeride&#038;p=21316"},"modified":"2024-12-19T12:47:35","modified_gmt":"2024-12-19T11:47:35","slug":"27-marzo-1845-nace-wilhem-conrad-rontgen-descubridor-rayosx","status":"publish","type":"re_efemeride","link":"https:\/\/rinconeducativo.org\/es\/efemerides\/27-marzo-1845-nace-wilhem-conrad-rontgen-descubridor-rayosx\/","title":{"rendered":"27 de marzo de 1845 - Nace Wilhem Conrad R\u00f6ntgen, descubridor de los rayos X"},"content":{"rendered":"<div class=\"wp-block-image\">\n<figure class=\"alignleft size-full is-resized\"><img loading=\"lazy\" decoding=\"async\" src=\"https:\/\/wp2.rinconeducativo.org\/wp-content\/uploads\/2016\/03\/roetgen.jpg\" alt=\"roetgen\" class=\"wp-image-6249\" width=\"222\" height=\"353\"\/><\/figure>\n<\/div>\n\n\n<p><strong>El 27 de marzo de 1845 nac\u00eda Wilhem Conrad R\u00f6ntgen <\/strong>(a veces escrito Roentgen). Recibi\u00f3 el primer <strong>Premio Nobel de F\u00edsica (1901) <\/strong>por el <strong>descubrimiento de los rayos X<\/strong> (tambi\u00e9n denominados rayos R\u00f6ntgen), que realiz\u00f3 el 8 de noviembre de 1895. Como ya se ha hecho p\u00fablico, en los primeros a\u00f1os de los premios Nobel hab\u00eda muchos candidatos que lo merec\u00eda y el jurado realmente ten\u00eda que decidir el orden en que se iban a otorgar. El hecho de que el protagonista de nuestra efem\u00e9ride fuese el primero indica el valor que su descubrimiento ten\u00eda en su \u00e9poca, importancia que se ha incrementado en los 120 a\u00f1os transcurridos. Porque es indudable que este ha sido un descubrimiento en investigaci\u00f3n b\u00e1sica con muchas y variadas aplicaciones, desde la medicina, a medidas de seguridad o estudio de la situaci\u00f3n de materiales; sin olvidar las aplicaciones cient\u00edficas, especialmente en el campo de determinaci\u00f3n de la estructura de infinidad de sustancias de inter\u00e9s biol\u00f3gico, qu\u00edmico, f\u00edsico o geol\u00f3gico.<\/p>\n\n\n\n<p>Aunque R\u00f6ntgen naci\u00f3 en Alemania, a los tres a\u00f1os emigr\u00f3 a Holanda (su madre era holandesa), estudiando all\u00ed e ingresando en la Universidad T\u00e9cnica de Utrecht para estudiar ingenier\u00eda mec\u00e1nica; pero fue expulsado por alg\u00fan asunto disciplinario que nunca fue totalmente aclarado. Tras una breve estancia en la Universidad de Utrecht estudiando f\u00edsica, realiz\u00f3 el examen de ingreso en el Polit\u00e9cnico de Z\u00fcrich (ETH) donde se gradu\u00f3 como ingeniero mec\u00e1nico. En su estancia en la ETH, recibi\u00f3 clases de f\u00edsica t\u00e9orica de Clausius y pr\u00e1ctica de Kundt, decidiendo investigar en f\u00edsica y doctor\u00e1ndose en esta \u00e1rea en 1869.<\/p>\n\n\n\n<p>Fue nombrado ayudante de Kundt y acompa\u00f1\u00f3 a \u00e9ste en sus etapas como profesor en W\u00fcrzburg y en Estrasburgo; siendo nombrado profesor (lecturer) en esta \u00faltima universidad (1874). A partir de este momento, comenz\u00f3 un periplo por diversas universidades y centros de investigaci\u00f3n, siempre mejorando profesionalmente.<\/p>\n\n\n\n<p>As\u00ed, en 1875 fue nombrado profesor de la academia de agricultura en W\u00fcrttemberg, y en 1876 regres\u00f3 a Estrasburgo como profesor de f\u00edsica donde permaneci\u00f3 tres a\u00f1os, traslad\u00e1ndose posteriormente a la Universidad de Giessen como catedr\u00e1tico de f\u00edsica. En 1888 es nombrado catedr\u00e1tico en la Universidad de W\u00fcrzburg, donde sucedi\u00f3 a Kohlrausch.<\/p>\n\n\n\n<p>A lo largo de su carrera cient\u00edfica, R\u00f6ntgen trabaj\u00f3 en numerosas \u00e1reas de <strong>f\u00edsica experimental<\/strong>, como termodin\u00e1mica (calor espec\u00edfico de gases), estado s\u00f3lido (conductividad t\u00e9rmica en cristales, propiedades el\u00e9ctricas y otras caracter\u00edsticas del cuarzo), \u00f3ptica (influencia de campos electromagn\u00e9ticos sobre la luz polarizada, \u00edndices de refracci\u00f3n de diversos fluidos), fluidos (influencia de la temperatura sobre la compresibilidad de l\u00edquidos, fen\u00f3menos en la interfase entre dos l\u00edquidos). Sin embargo, su descubrimiento cumbre (y uno de los m\u00e1s importantes de la historia de la ciencia) fue el de los rayos X.<\/p>\n\n\n\n<p>En aquella \u00e9poca, numerosos cient\u00edficos estudiaban el efecto de campos el\u00e9ctricos intensos sobre gases a alto vac\u00edo. Gracias a los avances en tecnolog\u00eda (no hay que olvidar que la ciencia y la tecnolog\u00eda siempre se retroalimentan y es impensable el progreso de una sin el apoyo de la otra) se dispon\u00eda de equipamiento adecuado para hacer experimentos fiables. Con estas investigaciones se descubrieron los rayos cat\u00f3dicos, los rayos canales (an\u00f3dicos) y los rayos X. De hecho, la generaci\u00f3n de rayos X en experimentos con descargas en tubos de vac\u00edo hab\u00eda sido observado por otros cient\u00edficos anteriormente (por ejemplo, Lenard), pero no se dieron cuenta del alcance de sus resultados. Por eso, siempre hay que tener en cuenta&nbsp;que qui\u00e9n descubre un fen\u00f3meno es el primer cient\u00edfico que es consciente del descubrimiento.<\/p>\n\n\n\n<p>R\u00f6ntgen estudi\u00f3 el fen\u00f3meno, se di\u00f3 cuenta que era un <strong>nuevo tipo de radiaci\u00f3n<\/strong>, que aunque no pudo saber si era un <strong>fen\u00f3meno ondulatorio o corpuscular <\/strong>(hoy sabemos que son las dos cosas), s\u00ed fue consciente de que era un nuevo tipo de radiaci\u00f3n con un poder m\u00e1s penetrante que la radiaci\u00f3n ultravioleta y que era capaz de atravesar algunos objetos s\u00f3lidos (una de las primeras im\u00e1genes, es la radiograf\u00eda,<strong> accidental de la mano de su mujer, en la que se ven los huesos y el anillo<\/strong>)<\/p>\n\n\n\n<p>Al principio, el descubrimiento de los rayos X fue tomado con escepticismo por la comunidad cient\u00edfica, pero pronto se confirmaron los resultados en otros laboratorios; y se empezaron a vislumbrar y realizar las numerosas <strong>aplicaciones de esta radiaci\u00f3n<\/strong>; lo que ha sido objeto de trabajo de los cient\u00edficos a lo<strong> largo de 120 a\u00f1os,<\/strong> pero esto es otra historia...<\/p>\n\n\n\n<p><strong>En 1900<\/strong>, R\u00f6ntgen ac<strong>ept\u00f3 la c\u00e1tedra de f\u00edsica en la Universidad de Munich,<\/strong> donde fund\u00f3 el Instituto de F\u00edsica de la Universidad de M\u00fcnich, haci\u00e9ndose cargo de la secci\u00f3n de f\u00edsica experimental (y Sommerfeld del de f\u00edsica te\u00f3rica).<\/p>\n\n\n\n<p>En Munich permaneci\u00f3 el resto de su vida, <strong>falleciendo el 10 de febrero de 1923.<\/strong><\/p>\n\n\n\n<p>R\u00f6ntgen, sin duda, un gigante de la ciencia.<\/p>\n","protected":false},"excerpt":{"rendered":"<p>Wilhem Conrad R\u00f6ntgen (a veces escrito Roentgen) recibi\u00f3, en 1901, el primer Premio Nobel de F\u00edsica por el descubrimiento de los rayos X (tambi\u00e9n denominados rayos R\u00f6ntgen), que realiz\u00f3 el 8 de noviembre de 1895. Fue consciente de este descubrimiento cuando radiografi\u00f3, de manera accidental, la mano de su mujer en la que se ve\u00edan los huesos y el anillo.<\/p>\n","protected":false},"author":1088,"featured_media":21317,"template":"","meta":{"_acf_changed":false,"footnotes":""},"tags":[8183],"mes":[7124],"clasificacion_anterior":[7255],"class_list":["post-21316","re_efemeride","type-re_efemeride","status-publish","has-post-thumbnail","hentry","tag-radiacion","mes-marzo"],"acf":{"fecha":"18450327"},"yoast_head":"<!-- This site is optimized with the Yoast SEO plugin v26.8 - https:\/\/yoast.com\/product\/yoast-seo-wordpress\/ -->\n<title>27 de marzo de 1845 - Nace Wilhem Conrad R\u00f6ntgen, descubridor de los rayos X - Rinc\u00f3n educativo<\/title>\n<meta name=\"robots\" content=\"index, follow, max-snippet:-1, max-image-preview:large, max-video-preview:-1\" \/>\n<link rel=\"canonical\" href=\"https:\/\/rinconeducativo.org\/es\/efemerides\/27-marzo-1845-nace-wilhem-conrad-rontgen-descubridor-rayosx\/\" \/>\n<meta property=\"og:locale\" content=\"es_ES\" \/>\n<meta property=\"og:type\" content=\"article\" \/>\n<meta property=\"og:title\" content=\"27 de marzo de 1845 - Nace Wilhem Conrad R\u00f6ntgen, descubridor de los rayos X - Rinc\u00f3n educativo\" \/>\n<meta property=\"og:description\" content=\"Wilhem Conrad R\u00f6ntgen (a veces escrito Roentgen) recibi\u00f3, en 1901, el primer Premio Nobel de F\u00edsica por el descubrimiento de los rayos X (tambi\u00e9n denominados rayos R\u00f6ntgen), que realiz\u00f3 el 8 de noviembre de 1895. Fue consciente de este descubrimiento cuando radiografi\u00f3, de manera accidental, la mano de su mujer en la que se ve\u00edan los huesos y el anillo.\" \/>\n<meta property=\"og:url\" content=\"https:\/\/rinconeducativo.org\/es\/efemerides\/27-marzo-1845-nace-wilhem-conrad-rontgen-descubridor-rayosx\/\" \/>\n<meta property=\"og:site_name\" content=\"Rinc\u00f3n educativo\" \/>\n<meta property=\"article:modified_time\" content=\"2024-12-19T11:47:35+00:00\" \/>\n<meta property=\"og:image\" content=\"https:\/\/rinconeducativo.org\/wp-content\/uploads\/2022\/10\/Roentgen.jpg\" \/>\n\t<meta property=\"og:image:width\" content=\"854\" \/>\n\t<meta property=\"og:image:height\" content=\"1200\" \/>\n\t<meta property=\"og:image:type\" content=\"image\/jpeg\" \/>\n<meta name=\"twitter:card\" content=\"summary_large_image\" \/>\n<script type=\"application\/ld+json\" class=\"yoast-schema-graph\">{\"@context\":\"https:\/\/schema.org\",\"@graph\":[{\"@type\":\"WebPage\",\"@id\":\"https:\/\/rinconeducativo.org\/es\/efemerides\/27-marzo-1845-nace-wilhem-conrad-rontgen-descubridor-rayosx\/\",\"url\":\"https:\/\/rinconeducativo.org\/es\/efemerides\/27-marzo-1845-nace-wilhem-conrad-rontgen-descubridor-rayosx\/\",\"name\":\"27 de marzo de 1845 - Nace Wilhem Conrad R\u00f6ntgen, descubridor de los rayos X - Rinc\u00f3n educativo\",\"isPartOf\":{\"@id\":\"https:\/\/rinconeducativo.org\/es\/#website\"},\"primaryImageOfPage\":{\"@id\":\"https:\/\/rinconeducativo.org\/es\/efemerides\/27-marzo-1845-nace-wilhem-conrad-rontgen-descubridor-rayosx\/#primaryimage\"},\"image\":{\"@id\":\"https:\/\/rinconeducativo.org\/es\/efemerides\/27-marzo-1845-nace-wilhem-conrad-rontgen-descubridor-rayosx\/#primaryimage\"},\"thumbnailUrl\":\"https:\/\/rinconeducativo.org\/wp-content\/uploads\/2022\/10\/Roentgen.jpg\",\"datePublished\":\"2020-03-27T12:09:00+00:00\",\"dateModified\":\"2024-12-19T11:47:35+00:00\",\"breadcrumb\":{\"@id\":\"https:\/\/rinconeducativo.org\/es\/efemerides\/27-marzo-1845-nace-wilhem-conrad-rontgen-descubridor-rayosx\/#breadcrumb\"},\"inLanguage\":\"es\",\"potentialAction\":[{\"@type\":\"ReadAction\",\"target\":[\"https:\/\/rinconeducativo.org\/es\/efemerides\/27-marzo-1845-nace-wilhem-conrad-rontgen-descubridor-rayosx\/\"]}]},{\"@type\":\"ImageObject\",\"inLanguage\":\"es\",\"@id\":\"https:\/\/rinconeducativo.org\/es\/efemerides\/27-marzo-1845-nace-wilhem-conrad-rontgen-descubridor-rayosx\/#primaryimage\",\"url\":\"https:\/\/rinconeducativo.org\/wp-content\/uploads\/2022\/10\/Roentgen.jpg\",\"contentUrl\":\"https:\/\/rinconeducativo.org\/wp-content\/uploads\/2022\/10\/Roentgen.jpg\",\"width\":854,\"height\":1200},{\"@type\":\"BreadcrumbList\",\"@id\":\"https:\/\/rinconeducativo.org\/es\/efemerides\/27-marzo-1845-nace-wilhem-conrad-rontgen-descubridor-rayosx\/#breadcrumb\",\"itemListElement\":[{\"@type\":\"ListItem\",\"position\":1,\"name\":\"Portada\",\"item\":\"https:\/\/rinconeducativo.org\/es\/\"},{\"@type\":\"ListItem\",\"position\":2,\"name\":\"Efem\u00e9rides\",\"item\":\"https:\/\/rinconeducativo.org\/es\/efemerides\/\"},{\"@type\":\"ListItem\",\"position\":3,\"name\":\"27 de marzo de 1845 - Nace Wilhem Conrad R\u00f6ntgen, descubridor de los rayos X\"}]},{\"@type\":\"WebSite\",\"@id\":\"https:\/\/rinconeducativo.org\/es\/#website\",\"url\":\"https:\/\/rinconeducativo.org\/es\/\",\"name\":\"Rinc\u00f3n educativo\",\"description\":\"Un proyecto del Foro Nuclear\",\"potentialAction\":[{\"@type\":\"SearchAction\",\"target\":{\"@type\":\"EntryPoint\",\"urlTemplate\":\"https:\/\/rinconeducativo.org\/es\/?s={search_term_string}\"},\"query-input\":{\"@type\":\"PropertyValueSpecification\",\"valueRequired\":true,\"valueName\":\"search_term_string\"}}],\"inLanguage\":\"es\"}]}<\/script>\n<!-- \/ Yoast SEO plugin. -->","yoast_head_json":{"title":"27 de marzo de 1845 - Nace Wilhem Conrad R\u00f6ntgen, descubridor de los rayos X - Rinc\u00f3n educativo","robots":{"index":"index","follow":"follow","max-snippet":"max-snippet:-1","max-image-preview":"max-image-preview:large","max-video-preview":"max-video-preview:-1"},"canonical":"https:\/\/rinconeducativo.org\/es\/efemerides\/27-marzo-1845-nace-wilhem-conrad-rontgen-descubridor-rayosx\/","og_locale":"es_ES","og_type":"article","og_title":"27 de marzo de 1845 - Nace Wilhem Conrad R\u00f6ntgen, descubridor de los rayos X - Rinc\u00f3n educativo","og_description":"Wilhem Conrad R\u00f6ntgen (a veces escrito Roentgen) recibi\u00f3, en 1901, el primer Premio Nobel de F\u00edsica por el descubrimiento de los rayos X (tambi\u00e9n denominados rayos R\u00f6ntgen), que realiz\u00f3 el 8 de noviembre de 1895. Fue consciente de este descubrimiento cuando radiografi\u00f3, de manera accidental, la mano de su mujer en la que se ve\u00edan los huesos y el anillo.","og_url":"https:\/\/rinconeducativo.org\/es\/efemerides\/27-marzo-1845-nace-wilhem-conrad-rontgen-descubridor-rayosx\/","og_site_name":"Rinc\u00f3n educativo","article_modified_time":"2024-12-19T11:47:35+00:00","og_image":[{"width":854,"height":1200,"url":"https:\/\/rinconeducativo.org\/wp-content\/uploads\/2022\/10\/Roentgen.jpg","type":"image\/jpeg"}],"twitter_card":"summary_large_image","schema":{"@context":"https:\/\/schema.org","@graph":[{"@type":"WebPage","@id":"https:\/\/rinconeducativo.org\/es\/efemerides\/27-marzo-1845-nace-wilhem-conrad-rontgen-descubridor-rayosx\/","url":"https:\/\/rinconeducativo.org\/es\/efemerides\/27-marzo-1845-nace-wilhem-conrad-rontgen-descubridor-rayosx\/","name":"27 de marzo de 1845 - Nace Wilhem Conrad R\u00f6ntgen, descubridor de los rayos X - Rinc\u00f3n educativo","isPartOf":{"@id":"https:\/\/rinconeducativo.org\/es\/#website"},"primaryImageOfPage":{"@id":"https:\/\/rinconeducativo.org\/es\/efemerides\/27-marzo-1845-nace-wilhem-conrad-rontgen-descubridor-rayosx\/#primaryimage"},"image":{"@id":"https:\/\/rinconeducativo.org\/es\/efemerides\/27-marzo-1845-nace-wilhem-conrad-rontgen-descubridor-rayosx\/#primaryimage"},"thumbnailUrl":"https:\/\/rinconeducativo.org\/wp-content\/uploads\/2022\/10\/Roentgen.jpg","datePublished":"2020-03-27T12:09:00+00:00","dateModified":"2024-12-19T11:47:35+00:00","breadcrumb":{"@id":"https:\/\/rinconeducativo.org\/es\/efemerides\/27-marzo-1845-nace-wilhem-conrad-rontgen-descubridor-rayosx\/#breadcrumb"},"inLanguage":"es","potentialAction":[{"@type":"ReadAction","target":["https:\/\/rinconeducativo.org\/es\/efemerides\/27-marzo-1845-nace-wilhem-conrad-rontgen-descubridor-rayosx\/"]}]},{"@type":"ImageObject","inLanguage":"es","@id":"https:\/\/rinconeducativo.org\/es\/efemerides\/27-marzo-1845-nace-wilhem-conrad-rontgen-descubridor-rayosx\/#primaryimage","url":"https:\/\/rinconeducativo.org\/wp-content\/uploads\/2022\/10\/Roentgen.jpg","contentUrl":"https:\/\/rinconeducativo.org\/wp-content\/uploads\/2022\/10\/Roentgen.jpg","width":854,"height":1200},{"@type":"BreadcrumbList","@id":"https:\/\/rinconeducativo.org\/es\/efemerides\/27-marzo-1845-nace-wilhem-conrad-rontgen-descubridor-rayosx\/#breadcrumb","itemListElement":[{"@type":"ListItem","position":1,"name":"Portada","item":"https:\/\/rinconeducativo.org\/es\/"},{"@type":"ListItem","position":2,"name":"Efem\u00e9rides","item":"https:\/\/rinconeducativo.org\/es\/efemerides\/"},{"@type":"ListItem","position":3,"name":"27 de marzo de 1845 - Nace Wilhem Conrad R\u00f6ntgen, descubridor de los rayos X"}]},{"@type":"WebSite","@id":"https:\/\/rinconeducativo.org\/es\/#website","url":"https:\/\/rinconeducativo.org\/es\/","name":"Rinc\u00f3n educativo","description":"Un proyecto del Foro Nuclear","potentialAction":[{"@type":"SearchAction","target":{"@type":"EntryPoint","urlTemplate":"https:\/\/rinconeducativo.org\/es\/?s={search_term_string}"},"query-input":{"@type":"PropertyValueSpecification","valueRequired":true,"valueName":"search_term_string"}}],"inLanguage":"es"}]}},"_links":{"self":[{"href":"https:\/\/rinconeducativo.org\/es\/wp-json\/wp\/v2\/re_efemeride\/21316","targetHints":{"allow":["GET"]}}],"collection":[{"href":"https:\/\/rinconeducativo.org\/es\/wp-json\/wp\/v2\/re_efemeride"}],"about":[{"href":"https:\/\/rinconeducativo.org\/es\/wp-json\/wp\/v2\/types\/re_efemeride"}],"author":[{"embeddable":true,"href":"https:\/\/rinconeducativo.org\/es\/wp-json\/wp\/v2\/users\/1088"}],"version-history":[{"count":3,"href":"https:\/\/rinconeducativo.org\/es\/wp-json\/wp\/v2\/re_efemeride\/21316\/revisions"}],"predecessor-version":[{"id":21844,"href":"https:\/\/rinconeducativo.org\/es\/wp-json\/wp\/v2\/re_efemeride\/21316\/revisions\/21844"}],"wp:featuredmedia":[{"embeddable":true,"href":"https:\/\/rinconeducativo.org\/es\/wp-json\/wp\/v2\/media\/21317"}],"wp:attachment":[{"href":"https:\/\/rinconeducativo.org\/es\/wp-json\/wp\/v2\/media?parent=21316"}],"wp:term":[{"taxonomy":"post_tag","embeddable":true,"href":"https:\/\/rinconeducativo.org\/es\/wp-json\/wp\/v2\/tags?post=21316"},{"taxonomy":"mes","embeddable":true,"href":"https:\/\/rinconeducativo.org\/es\/wp-json\/wp\/v2\/mes?post=21316"},{"taxonomy":"clasificacion_anterior","embeddable":true,"href":"https:\/\/rinconeducativo.org\/es\/wp-json\/wp\/v2\/clasificacion_anterior?post=21316"}],"curies":[{"name":"wp","href":"https:\/\/api.w.org\/{rel}","templated":true}]}}