{"version":"1.0","provider_name":"Rinc\u00f3n educativo","provider_url":"https:\/\/rinconeducativo.org\/es\/","author_name":"lgala","author_url":"https:\/\/rinconeducativo.org\/es\/author\/lgala\/","title":"26 de enero - D\u00eda Mundial de la Educaci\u00f3n Ambiental - Rinc\u00f3n educativo","type":"rich","width":600,"height":338,"html":"<blockquote class=\"wp-embedded-content\" data-secret=\"s990VRpbQv\"><a href=\"https:\/\/rinconeducativo.org\/es\/efemerides\/26-enero-dia-mundial-educacion-ambiental\/\">26 de enero - D\u00eda Mundial de la Educaci\u00f3n Ambiental<\/a><\/blockquote><iframe sandbox=\"allow-scripts\" security=\"restricted\" src=\"https:\/\/rinconeducativo.org\/es\/efemerides\/26-enero-dia-mundial-educacion-ambiental\/embed\/#?secret=s990VRpbQv\" width=\"600\" height=\"338\" title=\"\u00ab26 de enero - D\u00eda Mundial de la Educaci\u00f3n Ambiental\u00bb \u2014 Rinc\u00f3n educativo\" data-secret=\"s990VRpbQv\" frameborder=\"0\" marginwidth=\"0\" marginheight=\"0\" scrolling=\"no\" class=\"wp-embedded-content\"><\/iframe><script type=\"text\/javascript\">\n\/* <![CDATA[ *\/\n\/*! This file is auto-generated *\/\n!function(d,l){\"use strict\";l.querySelector&&d.addEventListener&&\"undefined\"!=typeof URL&&(d.wp=d.wp||{},d.wp.receiveEmbedMessage||(d.wp.receiveEmbedMessage=function(e){var t=e.data;if((t||t.secret||t.message||t.value)&&!\/[^a-zA-Z0-9]\/.test(t.secret)){for(var s,r,n,a=l.querySelectorAll('iframe[data-secret=\"'+t.secret+'\"]'),o=l.querySelectorAll('blockquote[data-secret=\"'+t.secret+'\"]'),c=new RegExp(\"^https?:$\",\"i\"),i=0;i<o.length;i++)o[i].style.display=\"none\";for(i=0;i<a.length;i++)s=a[i],e.source===s.contentWindow&&(s.removeAttribute(\"style\"),\"height\"===t.message?(1e3<(r=parseInt(t.value,10))?r=1e3:~~r<200&&(r=200),s.height=r):\"link\"===t.message&&(r=new URL(s.getAttribute(\"src\")),n=new URL(t.value),c.test(n.protocol))&&n.host===r.host&&l.activeElement===s&&(d.top.location.href=t.value))}},d.addEventListener(\"message\",d.wp.receiveEmbedMessage,!1),l.addEventListener(\"DOMContentLoaded\",function(){for(var e,t,s=l.querySelectorAll(\"iframe.wp-embedded-content\"),r=0;r<s.length;r++)(t=(e=s[r]).getAttribute(\"data-secret\"))||(t=Math.random().toString(36).substring(2,12),e.src+=\"#?secret=\"+t,e.setAttribute(\"data-secret\",t)),e.contentWindow.postMessage({message:\"ready\",secret:t},\"*\")},!1)))}(window,document);\n\/\/# sourceURL=https:\/\/rinconeducativo.org\/wp-includes\/js\/wp-embed.min.js\n\/* ]]> *\/\n<\/script>\n","thumbnail_url":"https:\/\/rinconeducativo.org\/wp-content\/uploads\/2020\/01\/dia_mundial_educacion_ambiental.jpg","thumbnail_width":1080,"thumbnail_height":675,"description":"El 26 de Enero celebramos el&nbsp;\u00abD\u00eda Mundial de la Educaci\u00f3n Ambiental\u00bb, que tiene su origen en 1975, a\u00f1o en que se celebr\u00f3 en Belgrado (capital de la Rep\u00fablica de Serbia), el Seminario Internacional de Educaci\u00f3n Ambiental, donde participaron expertos de m\u00e1s de 70 pa\u00edses. En este evento se establecieron los principios de la Educaci\u00f3n Ambiental [&hellip;]"}